{"id":29389,"date":"2026-02-19T13:16:36","date_gmt":"2026-02-19T12:16:36","guid":{"rendered":"https:\/\/rad-pal.com.pl\/sklep\/bez-kategorii\/relaxdays-zestaw-2-kolek-do-wozka-transportowego\/"},"modified":"2026-03-25T17:24:07","modified_gmt":"2026-03-25T16:24:07","slug":"relaxdays-zestaw-2-kolek-do-wozka-transportowego","status":"publish","type":"product","link":"https:\/\/rad-pal.com.pl\/en\/sklep\/dom-i-ogrod\/ogrod\/narzedzia-ogrodnicze\/czesci-i-akcesoria\/relaxdays-zestaw-2-kolek-do-wozka-transportowego\/","title":{"rendered":"Relaxdays zestaw 2 k\u00f3\u0142ek do w\u00f3zka transportowego"},"content":{"rendered":"<section class=\"section\">\n<div class=\"item item-6\">\n<section class=\"image-item\"><img decoding=\"async\" src=\"https:\/\/upload.cdn.baselinker.com\/products\/6014502\/16ea7571d4fa02c80e76b2fb6e62ca49.jpg\" \/><\/section>\n<\/p><\/div>\n<div class=\"item item-6\">\n<section class=\"text-item\">\n<h1>Relaxdays, czarno-czerwone ko\u0142o do w\u00f3zka transportowego, 3.00-4, opony pneumatyczne, ko\u0142o zapasowe z felg\u0105 z tworzywa sztucznego, 260 x 85 mm, \u00d8 osi 25 mm<\/h1>\n<h2>Producent: Relaxdays<\/h2>\n<\/section><\/div>\n<\/section>\n<section class=\"section\">\n<div class=\"item item-6\">\n<section class=\"text-item\">\n<ul>\n<li>Zestaw 2-cz\u0119\u015bciowy: 2 ko\u0142a zapasowe do w\u00f3zka transportowego \u2013 r\u00f3wnie\u017c do w\u00f3zk\u00f3w transportowych i wielu innych. Odpowiedni<\/li>\n<li>No\u015bno\u015b\u0107: wytrzyma\u0142y kompletny rower z czerwon\u0105 felg\u0105 z tworzywa sztucznego \u2013 2 opony PR o no\u015bno\u015bci do 80 kg.<\/li>\n<li>Opony pneumatyczne: ko\u0142o do w\u00f3zka transportowego do pompowania do 2,5 bar \u2013 szczelny zaw\u00f3r do pompki lub spr\u0119\u017carki<\/li>\n<li>P\u0142ynny ruch: opony pneumatyczne z profilem zapewniaj\u0105 zwrotne i lekkie toczenie \u2013 \u0142o\u017cysko igie\u0142kowe zapewnia wysok\u0105 wytrzyma\u0142o\u015b\u0107.<\/li>\n<li>Szczeg\u00f3\u0142y: czarne k\u00f3\u0142ko gumowe, wymiary D x szer.: ok. 260 x 85 mm \u2013 o\u015b D: ok. 25 mm. D\u0142ugo\u015b\u0107 piasty: ok. 75 mm.<\/li>\n<\/ul>\n<\/section><\/div>\n<div class=\"item item-6\">\n<section class=\"image-item\"><img decoding=\"async\" src=\"https:\/\/upload.cdn.baselinker.com\/products\/6014502\/9a284b9fed2c8878b27b43d68504090f.jpg\" \/><\/section>\n<\/p><\/div>\n<\/section>\n<section class=\"section\">\n<div class=\"item item-6\">\n<section class=\"image-item\"><img decoding=\"async\" src=\"https:\/\/upload.cdn.baselinker.com\/products\/6014502\/1612ad5092d97495096452f481653928.jpg\" \/><\/section>\n<\/p><\/div>\n<div class=\"item item-6\">\n<section class=\"text-item\">\n<ul>\n<li><b>waga przedmiotu<\/b>: 1 kilograms<\/li>\n<li><b>Nazwa modelu<\/b>: Relaxdays 2er Set Sackkarrenrad, 3.00-4, luftbereift, Ersatzrad mit Kunststofffelge, 260x85mm, \u00d8 Achse 25mm, schwarz-rot<\/li>\n<li><b>punkt znaku wypunktowania<\/b>: Zestaw 2-cz\u0119\u015bciowy: 2 ko\u0142a zapasowe do w\u00f3zka transportowego \u2013 r\u00f3wnie\u017c do w\u00f3zk\u00f3w transportowych i wielu innych. Odpowiedni, No\u015bno\u015b\u0107: wytrzyma\u0142y kompletny rower z czerwon\u0105 felg\u0105 z tworzywa sztucznego \u2013 2 opony PR o no\u015bno\u015bci do 80 kg., Opony pneumatyczne: ko\u0142o do w\u00f3zka transportowego do pompowania do 2,5 bar \u2013 szczelny zaw\u00f3r do pompki lub spr\u0119\u017carki, P\u0142ynny ruch: opony pneumatyczne z profilem zapewniaj\u0105 zwrotne i lekkie toczenie \u2013 \u0142o\u017cysko igie\u0142kowe zapewnia wysok\u0105 wytrzyma\u0142o\u015b\u0107., Szczeg\u00f3\u0142y: czarne k\u00f3\u0142ko gumowe, wymiary D x szer.: ok. 260 x 85 mm \u2013 o\u015b D: ok. 25 mm. D\u0142ugo\u015b\u0107 piasty: ok. 75 mm.<\/li>\n<li><b>ilo\u015b\u0107 sztuk w opakowaniu<\/b>: 1<\/li>\n<li><b>marka<\/b>: Relaxdays<\/li>\n<li><b>poziom opakowania<\/b>: unit<\/li>\n<li><b>Liczba przedmiot\u00f3w<\/b>: 1<\/li>\n<li><b>kolor<\/b>: czarny\/czerwony<\/li>\n<li><b>waga opakowania przedmiotu<\/b>: 2.27 kilograms<\/li>\n<li><b>producent<\/b>: Relaxdays<\/li>\n<li><b>zewn\u0119trznie przypisany identyfikator produktu<\/b>: 4052025932589, 04052025932589<\/li>\n<li><b>zalecane w\u0119z\u0142y przegl\u0105dania<\/b>: 20852583031, 27006529031<\/li>\n<li><b>nazwa przedmiotu<\/b>: Relaxdays, czarno-czerwone ko\u0142o do w\u00f3zka transportowego, 3.00-4, opony pneumatyczne, ko\u0142o zapasowe z felg\u0105 z tworzywa sztucznego, 260 x 85 mm, \u00d8 osi 25 mm<\/li>\n<li><b>data uruchomienia strony produktu<\/b>: 2020-02-28T15:12:38.132Z<\/li>\n<\/ul>\n<\/section><\/div>\n<\/section>\n<section class=\"section\">\n<div class=\"item item-12\">\n<section class=\"image-item\"><img decoding=\"async\" src=\"https:\/\/upload.cdn.baselinker.com\/products\/6014502\/edcf3a7a63e0e70e8156078c1a3ce17c.jpg\" \/><\/section>\n<\/p><\/div>\n<\/section>\n<section class=\"section\">\n<div class=\"item item-6\">\n<section class=\"image-item\"><img decoding=\"async\" src=\"https:\/\/upload.cdn.baselinker.com\/products\/6014502\/a1125432a81c37c3972a4d536b250224.jpg\" \/><\/section>\n<\/p><\/div>\n<div class=\"item item-6\">\n<section class=\"image-item\"><img decoding=\"async\" src=\"https:\/\/upload.cdn.baselinker.com\/products\/6014502\/18719a99b1eb0ad1ba512546c2e9f65a.jpg\" \/><\/section>\n<\/p><\/div>\n<\/section>\n<section class=\"section\">\n<div class=\"item item-12\">\n<section class=\"text-item\">\n<p>1<\/p>\n<\/section><\/div>\n<\/section>","protected":false},"excerpt":{"rendered":"<p>Relaxdays, czarno-czerwone ko\u0142o do w\u00f3zka transportowego, 3.00-4, opony pneumatyczne, ko\u0142o zapasowe z felg\u0105 z tworzywa sztucznego, 260 x 85 mm,<\/p>","protected":false},"featured_media":29382,"template":"","meta":[],"product_brand":[],"product_cat":[121,86,112,111],"product_tag":[],"class_list":{"0":"post-29389","1":"product","2":"type-product","3":"status-publish","4":"has-post-thumbnail","6":"product_cat-czesci-i-akcesoria","7":"product_cat-dom-i-ogrod","8":"product_cat-narzedzia-ogrodnicze","9":"product_cat-ogrod","11":"first","12":"instock","13":"taxable","14":"shipping-taxable","15":"purchasable","16":"product-type-simple"},"yoast_head":"<!-- This site is optimized with the Yoast SEO plugin v25.7 - https:\/\/yoast.com\/wordpress\/plugins\/seo\/ -->\n<title>Relaxdays zestaw 2 k\u00f3\u0142ek do w\u00f3zka transportowego - Rad-Pal<\/title>\n<meta name=\"robots\" content=\"index, follow, max-snippet:-1, max-image-preview:large, max-video-preview:-1\" \/>\n<link rel=\"canonical\" href=\"https:\/\/rad-pal.com.pl\/en\/sklep\/bez-kategorii\/relaxdays-zestaw-2-kolek-do-wozka-transportowego\/\" \/>\n<meta property=\"og:locale\" content=\"en_GB\" \/>\n<meta property=\"og:type\" content=\"article\" \/>\n<meta property=\"og:title\" content=\"Relaxdays zestaw 2 k\u00f3\u0142ek do w\u00f3zka transportowego - Rad-Pal\" \/>\n<meta property=\"og:description\" content=\"Relaxdays, czarno-czerwone ko\u0142o do w\u00f3zka transportowego, 3.00-4, opony pneumatyczne, ko\u0142o zapasowe z felg\u0105 z tworzywa sztucznego, 260 x 85 mm,\" \/>\n<meta property=\"og:url\" content=\"https:\/\/rad-pal.com.pl\/en\/sklep\/bez-kategorii\/relaxdays-zestaw-2-kolek-do-wozka-transportowego\/\" \/>\n<meta property=\"og:site_name\" content=\"Rad-Pal\" \/>\n<meta property=\"article:modified_time\" content=\"2026-03-25T16:24:07+00:00\" \/>\n<meta property=\"og:image\" content=\"https:\/\/upload.cdn.baselinker.com\/products\/6014502\/16ea7571d4fa02c80e76b2fb6e62ca49.jpg\" \/>\n<meta name=\"twitter:card\" content=\"summary_large_image\" \/>\n<meta name=\"twitter:label1\" content=\"Estimated reading time\" \/>\n\t<meta name=\"twitter:data1\" content=\"2 minutes\" \/>\n<script type=\"application\/ld+json\" class=\"yoast-schema-graph\">{\"@context\":\"https:\/\/schema.org\",\"@graph\":[{\"@type\":\"WebPage\",\"@id\":\"https:\/\/rad-pal.com.pl\/sklep\/bez-kategorii\/relaxdays-zestaw-2-kolek-do-wozka-transportowego\/\",\"url\":\"https:\/\/rad-pal.com.pl\/sklep\/bez-kategorii\/relaxdays-zestaw-2-kolek-do-wozka-transportowego\/\",\"name\":\"Relaxdays zestaw 2 k\u00f3\u0142ek do w\u00f3zka transportowego - Rad-Pal\",\"isPartOf\":{\"@id\":\"https:\/\/rad-pal.com.pl\/#website\"},\"primaryImageOfPage\":{\"@id\":\"https:\/\/rad-pal.com.pl\/sklep\/bez-kategorii\/relaxdays-zestaw-2-kolek-do-wozka-transportowego\/#primaryimage\"},\"image\":{\"@id\":\"https:\/\/rad-pal.com.pl\/sklep\/bez-kategorii\/relaxdays-zestaw-2-kolek-do-wozka-transportowego\/#primaryimage\"},\"thumbnailUrl\":\"https:\/\/rad-pal.com.pl\/wp-content\/uploads\/2026\/02\/abd1c7e9b1ba479f9bd0ddb5c8f5695c.jpg\",\"datePublished\":\"2026-02-19T12:16:36+00:00\",\"dateModified\":\"2026-03-25T16:24:07+00:00\",\"breadcrumb\":{\"@id\":\"https:\/\/rad-pal.com.pl\/sklep\/bez-kategorii\/relaxdays-zestaw-2-kolek-do-wozka-transportowego\/#breadcrumb\"},\"inLanguage\":\"en-GB\",\"potentialAction\":[{\"@type\":\"ReadAction\",\"target\":[\"https:\/\/rad-pal.com.pl\/sklep\/bez-kategorii\/relaxdays-zestaw-2-kolek-do-wozka-transportowego\/\"]}]},{\"@type\":\"ImageObject\",\"inLanguage\":\"en-GB\",\"@id\":\"https:\/\/rad-pal.com.pl\/sklep\/bez-kategorii\/relaxdays-zestaw-2-kolek-do-wozka-transportowego\/#primaryimage\",\"url\":\"https:\/\/rad-pal.com.pl\/wp-content\/uploads\/2026\/02\/abd1c7e9b1ba479f9bd0ddb5c8f5695c.jpg\",\"contentUrl\":\"https:\/\/rad-pal.com.pl\/wp-content\/uploads\/2026\/02\/abd1c7e9b1ba479f9bd0ddb5c8f5695c.jpg\",\"width\":2560,\"height\":2560,\"caption\":\"48f7f805ad676e28df9011f963517c41\"},{\"@type\":\"BreadcrumbList\",\"@id\":\"https:\/\/rad-pal.com.pl\/sklep\/bez-kategorii\/relaxdays-zestaw-2-kolek-do-wozka-transportowego\/#breadcrumb\",\"itemListElement\":[{\"@type\":\"ListItem\",\"position\":1,\"name\":\"Strona g\u0142\u00f3wna\",\"item\":\"https:\/\/rad-pal.com.pl\/\"},{\"@type\":\"ListItem\",\"position\":2,\"name\":\"Sklep\",\"item\":\"https:\/\/rad-pal.com.pl\/sklep\/\"},{\"@type\":\"ListItem\",\"position\":3,\"name\":\"Relaxdays zestaw 2 k\u00f3\u0142ek do w\u00f3zka transportowego\"}]},{\"@type\":\"WebSite\",\"@id\":\"https:\/\/rad-pal.com.pl\/#website\",\"url\":\"https:\/\/rad-pal.com.pl\/\",\"name\":\"Rad-Pal\",\"description\":\"\",\"publisher\":{\"@id\":\"https:\/\/rad-pal.com.pl\/#organization\"},\"potentialAction\":[{\"@type\":\"SearchAction\",\"target\":{\"@type\":\"EntryPoint\",\"urlTemplate\":\"https:\/\/rad-pal.com.pl\/?s={search_term_string}\"},\"query-input\":{\"@type\":\"PropertyValueSpecification\",\"valueRequired\":true,\"valueName\":\"search_term_string\"}}],\"inLanguage\":\"en-GB\"},{\"@type\":\"Organization\",\"@id\":\"https:\/\/rad-pal.com.pl\/#organization\",\"name\":\"Rad-Pal\",\"url\":\"https:\/\/rad-pal.com.pl\/\",\"logo\":{\"@type\":\"ImageObject\",\"inLanguage\":\"en-GB\",\"@id\":\"https:\/\/rad-pal.com.pl\/#\/schema\/logo\/image\/\",\"url\":\"https:\/\/rad-pal.com.pl\/wp-content\/uploads\/2026\/03\/Projekt-bez-nazwy-30.webp\",\"contentUrl\":\"https:\/\/rad-pal.com.pl\/wp-content\/uploads\/2026\/03\/Projekt-bez-nazwy-30.webp\",\"width\":600,\"height\":210,\"caption\":\"Rad-Pal\"},\"image\":{\"@id\":\"https:\/\/rad-pal.com.pl\/#\/schema\/logo\/image\/\"}}]}<\/script>\n<!-- \/ Yoast SEO plugin. -->","yoast_head_json":{"title":"Relaxdays zestaw 2 k\u00f3\u0142ek do w\u00f3zka transportowego - Rad-Pal","robots":{"index":"index","follow":"follow","max-snippet":"max-snippet:-1","max-image-preview":"max-image-preview:large","max-video-preview":"max-video-preview:-1"},"canonical":"https:\/\/rad-pal.com.pl\/en\/sklep\/bez-kategorii\/relaxdays-zestaw-2-kolek-do-wozka-transportowego\/","og_locale":"en_GB","og_type":"article","og_title":"Relaxdays zestaw 2 k\u00f3\u0142ek do w\u00f3zka transportowego - Rad-Pal","og_description":"Relaxdays, czarno-czerwone ko\u0142o do w\u00f3zka transportowego, 3.00-4, opony pneumatyczne, ko\u0142o zapasowe z felg\u0105 z tworzywa sztucznego, 260 x 85 mm,","og_url":"https:\/\/rad-pal.com.pl\/en\/sklep\/bez-kategorii\/relaxdays-zestaw-2-kolek-do-wozka-transportowego\/","og_site_name":"Rad-Pal","article_modified_time":"2026-03-25T16:24:07+00:00","og_image":[{"url":"https:\/\/upload.cdn.baselinker.com\/products\/6014502\/16ea7571d4fa02c80e76b2fb6e62ca49.jpg","type":"","width":"","height":""}],"twitter_card":"summary_large_image","twitter_misc":{"Estimated reading time":"2 minutes"},"schema":{"@context":"https:\/\/schema.org","@graph":[{"@type":"WebPage","@id":"https:\/\/rad-pal.com.pl\/sklep\/bez-kategorii\/relaxdays-zestaw-2-kolek-do-wozka-transportowego\/","url":"https:\/\/rad-pal.com.pl\/sklep\/bez-kategorii\/relaxdays-zestaw-2-kolek-do-wozka-transportowego\/","name":"Relaxdays zestaw 2 k\u00f3\u0142ek do w\u00f3zka transportowego - Rad-Pal","isPartOf":{"@id":"https:\/\/rad-pal.com.pl\/#website"},"primaryImageOfPage":{"@id":"https:\/\/rad-pal.com.pl\/sklep\/bez-kategorii\/relaxdays-zestaw-2-kolek-do-wozka-transportowego\/#primaryimage"},"image":{"@id":"https:\/\/rad-pal.com.pl\/sklep\/bez-kategorii\/relaxdays-zestaw-2-kolek-do-wozka-transportowego\/#primaryimage"},"thumbnailUrl":"https:\/\/rad-pal.com.pl\/wp-content\/uploads\/2026\/02\/abd1c7e9b1ba479f9bd0ddb5c8f5695c.jpg","datePublished":"2026-02-19T12:16:36+00:00","dateModified":"2026-03-25T16:24:07+00:00","breadcrumb":{"@id":"https:\/\/rad-pal.com.pl\/sklep\/bez-kategorii\/relaxdays-zestaw-2-kolek-do-wozka-transportowego\/#breadcrumb"},"inLanguage":"en-GB","potentialAction":[{"@type":"ReadAction","target":["https:\/\/rad-pal.com.pl\/sklep\/bez-kategorii\/relaxdays-zestaw-2-kolek-do-wozka-transportowego\/"]}]},{"@type":"ImageObject","inLanguage":"en-GB","@id":"https:\/\/rad-pal.com.pl\/sklep\/bez-kategorii\/relaxdays-zestaw-2-kolek-do-wozka-transportowego\/#primaryimage","url":"https:\/\/rad-pal.com.pl\/wp-content\/uploads\/2026\/02\/abd1c7e9b1ba479f9bd0ddb5c8f5695c.jpg","contentUrl":"https:\/\/rad-pal.com.pl\/wp-content\/uploads\/2026\/02\/abd1c7e9b1ba479f9bd0ddb5c8f5695c.jpg","width":2560,"height":2560,"caption":"48f7f805ad676e28df9011f963517c41"},{"@type":"BreadcrumbList","@id":"https:\/\/rad-pal.com.pl\/sklep\/bez-kategorii\/relaxdays-zestaw-2-kolek-do-wozka-transportowego\/#breadcrumb","itemListElement":[{"@type":"ListItem","position":1,"name":"Strona g\u0142\u00f3wna","item":"https:\/\/rad-pal.com.pl\/"},{"@type":"ListItem","position":2,"name":"Sklep","item":"https:\/\/rad-pal.com.pl\/sklep\/"},{"@type":"ListItem","position":3,"name":"Relaxdays zestaw 2 k\u00f3\u0142ek do w\u00f3zka transportowego"}]},{"@type":"WebSite","@id":"https:\/\/rad-pal.com.pl\/#website","url":"https:\/\/rad-pal.com.pl\/","name":"Rad-Pal","description":"","publisher":{"@id":"https:\/\/rad-pal.com.pl\/#organization"},"potentialAction":[{"@type":"SearchAction","target":{"@type":"EntryPoint","urlTemplate":"https:\/\/rad-pal.com.pl\/?s={search_term_string}"},"query-input":{"@type":"PropertyValueSpecification","valueRequired":true,"valueName":"search_term_string"}}],"inLanguage":"en-GB"},{"@type":"Organization","@id":"https:\/\/rad-pal.com.pl\/#organization","name":"Rad-Pal","url":"https:\/\/rad-pal.com.pl\/","logo":{"@type":"ImageObject","inLanguage":"en-GB","@id":"https:\/\/rad-pal.com.pl\/#\/schema\/logo\/image\/","url":"https:\/\/rad-pal.com.pl\/wp-content\/uploads\/2026\/03\/Projekt-bez-nazwy-30.webp","contentUrl":"https:\/\/rad-pal.com.pl\/wp-content\/uploads\/2026\/03\/Projekt-bez-nazwy-30.webp","width":600,"height":210,"caption":"Rad-Pal"},"image":{"@id":"https:\/\/rad-pal.com.pl\/#\/schema\/logo\/image\/"}}]}},"_links":{"self":[{"href":"https:\/\/rad-pal.com.pl\/en\/wp-json\/wp\/v2\/product\/29389","targetHints":{"allow":["GET"]}}],"collection":[{"href":"https:\/\/rad-pal.com.pl\/en\/wp-json\/wp\/v2\/product"}],"about":[{"href":"https:\/\/rad-pal.com.pl\/en\/wp-json\/wp\/v2\/types\/product"}],"version-history":[{"count":0,"href":"https:\/\/rad-pal.com.pl\/en\/wp-json\/wp\/v2\/product\/29389\/revisions"}],"wp:featuredmedia":[{"embeddable":true,"href":"https:\/\/rad-pal.com.pl\/en\/wp-json\/wp\/v2\/media\/29382"}],"wp:attachment":[{"href":"https:\/\/rad-pal.com.pl\/en\/wp-json\/wp\/v2\/media?parent=29389"}],"wp:term":[{"taxonomy":"product_brand","embeddable":true,"href":"https:\/\/rad-pal.com.pl\/en\/wp-json\/wp\/v2\/product_brand?post=29389"},{"taxonomy":"product_cat","embeddable":true,"href":"https:\/\/rad-pal.com.pl\/en\/wp-json\/wp\/v2\/product_cat?post=29389"},{"taxonomy":"product_tag","embeddable":true,"href":"https:\/\/rad-pal.com.pl\/en\/wp-json\/wp\/v2\/product_tag?post=29389"}],"curies":[{"name":"wp","href":"https:\/\/api.w.org\/{rel}","templated":true}]}}