{"id":29539,"date":"2026-02-19T13:25:12","date_gmt":"2026-02-19T12:25:12","guid":{"rendered":"https:\/\/rad-pal.com.pl\/sklep\/bez-kategorii\/wklad-do-szuflady-na-sztucce-relaxdays-255-x-355-cm-bambusowy\/"},"modified":"2026-03-26T03:24:36","modified_gmt":"2026-03-26T02:24:36","slug":"wklad-do-szuflady-na-sztucce-relaxdays-255-x-355-cm-bambusowy","status":"publish","type":"product","link":"https:\/\/rad-pal.com.pl\/en\/sklep\/dom-i-ogrod\/wyposazenie\/przybory-kuchenne\/wklady-do-szuflad\/wklad-do-szuflady-na-sztucce-relaxdays-255-x-355-cm-bambusowy\/","title":{"rendered":"Wk\u0142ad do szuflady na sztu\u0107ce Relaxdays 25,5 x 35,5 cm bambusowy"},"content":{"rendered":"<section class=\"section\">\n<div class=\"item item-6\">\n<section class=\"image-item\"><img decoding=\"async\" src=\"https:\/\/upload.cdn.baselinker.com\/products\/6014502\/acf42173a3cf2595a1b78ee53d0a88e8.jpg\" \/><\/section>\n<\/p><\/div>\n<div class=\"item item-6\">\n<section class=\"text-item\">\n<h1>Bambusowy wk\u0142ad do szuflady 6 przegr\u00f3dek<\/h1>\n<ul>\n<li>w sam raz na sztu\u0107ce<\/li>\n<li>6 przegr\u00f3dek<\/li>\n<li>zapewnia porz\u0105dek<\/li>\n<li>wykonany z bambusa<\/li>\n<\/ul>\n<\/section><\/div>\n<\/section>\n<section class=\"section\">\n<div class=\"item item-6\">\n<section class=\"image-item\"><img decoding=\"async\" src=\"https:\/\/upload.cdn.baselinker.com\/products\/6014502\/5c135f20ac5a3ef200d49b2751e8b70a.jpg\" \/><\/section>\n<\/p><\/div>\n<div class=\"item item-6\">\n<section class=\"text-item\">\n<h2>Praktyczny wk\u0142ad na sztu\u0107ce<\/h2>\n<p>Nasz wk\u0142ad do szuflady na sztu\u0107ce zadba o dobr\u0105 organizacj\u0119 Twoich no\u017cy, widelc\u00f3w, \u0142y\u017cek i innych przybor\u00f3w kuchennych. Trwa\u0142y organizer na no\u017ce, \u0142y\u017ceczki i widelce posiada 6 osobnych przegr\u00f3dek, dzi\u0119ki kt\u00f3rym posegregujesz Twoje sztu\u0107ce i akcesoria kuchenne wed\u0142ug w\u0142asnych upodoba\u0144. Dzi\u0119ki zgrabnym wymiarom nasz organizer b\u0119dzie idealnie pasowa\u0142 do ma\u0142ych i \u015brednich szuflad. Taca na sztu\u0107ce jest bardzo wytrzyma\u0142a i stabilna, a jednocze\u015bnie wygl\u0105da elegancko dzi\u0119ki pi\u0119knemu naturalnemu us\u0142ojeniu.<\/p>\n<h2>Wielofunkcyjny organizer z przegr\u00f3dkami<\/h2>\n<ul>\n<li>na sztu\u0107ce i inne akcesoria kuchenne<\/li>\n<li>r\u00f3wnie\u017c na przybory biurowe i do szycia<\/li>\n<li>6 przegr\u00f3dek zapewnia porz\u0105dek i przejrzysto\u015b\u0107<\/li>\n<li>w\u0105ski wk\u0142ad pasuj\u0105cy do szuflad o r\u00f3\u017cnych rozmiarach<\/li>\n<li>wykonany z naturalnego bambusa z pi\u0119knym mazerunkiem<\/li>\n<\/ul>\n<\/section><\/div>\n<\/section>\n<section class=\"section\">\n<div class=\"item item-6\">\n<section class=\"image-item\"><img decoding=\"async\" src=\"https:\/\/upload.cdn.baselinker.com\/products\/6014502\/858267634bcde11341ab7cc2f4087bb4.jpg\" \/><\/section>\n<\/p><\/div>\n<div class=\"item item-6\">\n<section class=\"text-item\">\n<h2>Parametry wk\u0142adu do szuflady<\/h2>\n<ul>\n<li>wymiary: ok. 5 x 25,5 x 35,5 cm (wys. x szer. x d\u0142.)<\/li>\n<li>wymiary ma\u0142ych, pod\u0142u\u017cnych przegr\u00f3dek: ok. 4 x 5,5 x 22 cm (wys. x szer. x d\u0142.)<\/li>\n<li>wymiary du\u017cej, pod\u0142u\u017cnej przegr\u00f3dki: ok. 4 x 5,5 x 28 cm (wys. x szer. x d\u0142.)<\/li>\n<li>wymiary ma\u0142ej poprzecznej przegr\u00f3dki: ok. 4 x 18 x 5,5 cm (wys. x szer. x d\u0142.)<\/li>\n<li>wymiary du\u017cej poprzecznej przegr\u00f3dki: ok. 4 x 24 x 5,5 cm (wys. x szer. x d\u0142.)<\/li>\n<li>waga: ok. 0,7 kg<\/li>\n<li>materia\u0142: bambus<\/li>\n<li>kolor: jasnobr\u0105zowy<\/li>\n<\/ul>\n<ul>\n<li>1x organizer na sztu\u0107ce<\/li>\n<li>bez dekoracji<\/li>\n<\/ul>\n<h2>Sk\u0142ad Materia\u0142u<\/h2>\n<ul>\n<li>100% bambus<\/li>\n<\/ul>\n<\/section><\/div>\n<\/section>\n<section class=\"section\">\n<div class=\"item item-6\">\n<section class=\"image-item\"><img decoding=\"async\" src=\"https:\/\/upload.cdn.baselinker.com\/products\/6014502\/aa3107afb704bb2d0287852ceccc1b9b.jpg\" \/><\/section>\n<\/p><\/div>\n<div class=\"item item-6\">\n<section class=\"image-item\"><img decoding=\"async\" src=\"https:\/\/upload.cdn.baselinker.com\/products\/6014502\/cb602b222c88b0cf11ebb00063bc8218.jpg\" \/><\/section>\n<\/p><\/div>\n<\/section>\n<section class=\"section\">\n<div class=\"item item-12\">\n<section class=\"text-item\">\n<p>14<\/p>\n<\/section><\/div>\n<\/section>","protected":false},"excerpt":{"rendered":"<p>Bambusowy wk\u0142ad do szuflady 6 przegr\u00f3dek w sam raz na sztu\u0107ce 6 przegr\u00f3dek zapewnia porz\u0105dek wykonany z bambusa Praktyczny wk\u0142ad<\/p>","protected":false},"featured_media":29557,"template":"","meta":[],"product_brand":[],"product_cat":[86,88,123,87],"product_tag":[],"class_list":{"0":"post-29539","1":"product","2":"type-product","3":"status-publish","4":"has-post-thumbnail","6":"product_cat-dom-i-ogrod","7":"product_cat-przybory-kuchenne","8":"product_cat-wklady-do-szuflad","9":"product_cat-wyposazenie","11":"first","12":"instock","13":"taxable","14":"shipping-taxable","15":"purchasable","16":"product-type-simple"},"yoast_head":"<!-- This site is optimized with the Yoast SEO plugin v25.7 - https:\/\/yoast.com\/wordpress\/plugins\/seo\/ -->\n<title>Wk\u0142ad do szuflady na sztu\u0107ce Relaxdays 25,5 x 35,5 cm bambusowy - Rad-Pal<\/title>\n<meta name=\"robots\" content=\"index, follow, max-snippet:-1, max-image-preview:large, max-video-preview:-1\" \/>\n<link rel=\"canonical\" href=\"https:\/\/rad-pal.com.pl\/en\/sklep\/dom-i-ogrod\/wyposazenie\/przybory-kuchenne\/wklady-do-szuflad\/wklad-do-szuflady-na-sztucce-relaxdays-255-x-355-cm-bambusowy\/\" \/>\n<meta property=\"og:locale\" content=\"en_GB\" \/>\n<meta property=\"og:type\" content=\"article\" \/>\n<meta property=\"og:title\" content=\"Wk\u0142ad do szuflady na sztu\u0107ce Relaxdays 25,5 x 35,5 cm bambusowy - Rad-Pal\" \/>\n<meta property=\"og:description\" content=\"Bambusowy wk\u0142ad do szuflady 6 przegr\u00f3dek w sam raz na sztu\u0107ce 6 przegr\u00f3dek zapewnia porz\u0105dek wykonany z bambusa Praktyczny wk\u0142ad\" \/>\n<meta property=\"og:url\" content=\"https:\/\/rad-pal.com.pl\/en\/sklep\/dom-i-ogrod\/wyposazenie\/przybory-kuchenne\/wklady-do-szuflad\/wklad-do-szuflady-na-sztucce-relaxdays-255-x-355-cm-bambusowy\/\" \/>\n<meta property=\"og:site_name\" content=\"Rad-Pal\" \/>\n<meta property=\"article:modified_time\" content=\"2026-03-26T02:24:36+00:00\" \/>\n<meta property=\"og:image\" content=\"https:\/\/rad-pal.com.pl\/wp-content\/uploads\/2026\/02\/acf42173a3cf2595a1b78ee53d0a88e8-2.jpg\" \/>\n\t<meta property=\"og:image:width\" content=\"2400\" \/>\n\t<meta property=\"og:image:height\" content=\"2400\" \/>\n\t<meta property=\"og:image:type\" content=\"image\/jpeg\" \/>\n<meta name=\"twitter:card\" content=\"summary_large_image\" \/>\n<meta name=\"twitter:label1\" content=\"Estimated reading time\" \/>\n\t<meta name=\"twitter:data1\" content=\"1 minute\" \/>\n<script type=\"application\/ld+json\" class=\"yoast-schema-graph\">{\"@context\":\"https:\/\/schema.org\",\"@graph\":[{\"@type\":\"WebPage\",\"@id\":\"https:\/\/rad-pal.com.pl\/sklep\/dom-i-ogrod\/wyposazenie\/przybory-kuchenne\/wklady-do-szuflad\/wklad-do-szuflady-na-sztucce-relaxdays-255-x-355-cm-bambusowy\/\",\"url\":\"https:\/\/rad-pal.com.pl\/sklep\/dom-i-ogrod\/wyposazenie\/przybory-kuchenne\/wklady-do-szuflad\/wklad-do-szuflady-na-sztucce-relaxdays-255-x-355-cm-bambusowy\/\",\"name\":\"Wk\u0142ad do szuflady na sztu\u0107ce Relaxdays 25,5 x 35,5 cm bambusowy - Rad-Pal\",\"isPartOf\":{\"@id\":\"https:\/\/rad-pal.com.pl\/#website\"},\"primaryImageOfPage\":{\"@id\":\"https:\/\/rad-pal.com.pl\/sklep\/dom-i-ogrod\/wyposazenie\/przybory-kuchenne\/wklady-do-szuflad\/wklad-do-szuflady-na-sztucce-relaxdays-255-x-355-cm-bambusowy\/#primaryimage\"},\"image\":{\"@id\":\"https:\/\/rad-pal.com.pl\/sklep\/dom-i-ogrod\/wyposazenie\/przybory-kuchenne\/wklady-do-szuflad\/wklad-do-szuflady-na-sztucce-relaxdays-255-x-355-cm-bambusowy\/#primaryimage\"},\"thumbnailUrl\":\"https:\/\/rad-pal.com.pl\/wp-content\/uploads\/2026\/02\/acf42173a3cf2595a1b78ee53d0a88e8-1.jpg\",\"datePublished\":\"2026-02-19T12:25:12+00:00\",\"dateModified\":\"2026-03-26T02:24:36+00:00\",\"breadcrumb\":{\"@id\":\"https:\/\/rad-pal.com.pl\/sklep\/dom-i-ogrod\/wyposazenie\/przybory-kuchenne\/wklady-do-szuflad\/wklad-do-szuflady-na-sztucce-relaxdays-255-x-355-cm-bambusowy\/#breadcrumb\"},\"inLanguage\":\"en-GB\",\"potentialAction\":[{\"@type\":\"ReadAction\",\"target\":[\"https:\/\/rad-pal.com.pl\/sklep\/dom-i-ogrod\/wyposazenie\/przybory-kuchenne\/wklady-do-szuflad\/wklad-do-szuflady-na-sztucce-relaxdays-255-x-355-cm-bambusowy\/\"]}]},{\"@type\":\"ImageObject\",\"inLanguage\":\"en-GB\",\"@id\":\"https:\/\/rad-pal.com.pl\/sklep\/dom-i-ogrod\/wyposazenie\/przybory-kuchenne\/wklady-do-szuflad\/wklad-do-szuflady-na-sztucce-relaxdays-255-x-355-cm-bambusowy\/#primaryimage\",\"url\":\"https:\/\/rad-pal.com.pl\/wp-content\/uploads\/2026\/02\/acf42173a3cf2595a1b78ee53d0a88e8-1.jpg\",\"contentUrl\":\"https:\/\/rad-pal.com.pl\/wp-content\/uploads\/2026\/02\/acf42173a3cf2595a1b78ee53d0a88e8-1.jpg\",\"width\":2400,\"height\":2400,\"caption\":\"b68d1a30ff76a833240e951d89c5e7c9\"},{\"@type\":\"BreadcrumbList\",\"@id\":\"https:\/\/rad-pal.com.pl\/sklep\/dom-i-ogrod\/wyposazenie\/przybory-kuchenne\/wklady-do-szuflad\/wklad-do-szuflady-na-sztucce-relaxdays-255-x-355-cm-bambusowy\/#breadcrumb\",\"itemListElement\":[{\"@type\":\"ListItem\",\"position\":1,\"name\":\"Strona g\u0142\u00f3wna\",\"item\":\"https:\/\/rad-pal.com.pl\/\"},{\"@type\":\"ListItem\",\"position\":2,\"name\":\"Sklep\",\"item\":\"https:\/\/rad-pal.com.pl\/sklep\/\"},{\"@type\":\"ListItem\",\"position\":3,\"name\":\"Wk\u0142ad do szuflady na sztu\u0107ce Relaxdays 25,5 x 35,5 cm bambusowy\"}]},{\"@type\":\"WebSite\",\"@id\":\"https:\/\/rad-pal.com.pl\/#website\",\"url\":\"https:\/\/rad-pal.com.pl\/\",\"name\":\"Rad-Pal\",\"description\":\"\",\"publisher\":{\"@id\":\"https:\/\/rad-pal.com.pl\/#organization\"},\"potentialAction\":[{\"@type\":\"SearchAction\",\"target\":{\"@type\":\"EntryPoint\",\"urlTemplate\":\"https:\/\/rad-pal.com.pl\/?s={search_term_string}\"},\"query-input\":{\"@type\":\"PropertyValueSpecification\",\"valueRequired\":true,\"valueName\":\"search_term_string\"}}],\"inLanguage\":\"en-GB\"},{\"@type\":\"Organization\",\"@id\":\"https:\/\/rad-pal.com.pl\/#organization\",\"name\":\"Rad-Pal\",\"url\":\"https:\/\/rad-pal.com.pl\/\",\"logo\":{\"@type\":\"ImageObject\",\"inLanguage\":\"en-GB\",\"@id\":\"https:\/\/rad-pal.com.pl\/#\/schema\/logo\/image\/\",\"url\":\"https:\/\/rad-pal.com.pl\/wp-content\/uploads\/2026\/03\/Projekt-bez-nazwy-30.webp\",\"contentUrl\":\"https:\/\/rad-pal.com.pl\/wp-content\/uploads\/2026\/03\/Projekt-bez-nazwy-30.webp\",\"width\":600,\"height\":210,\"caption\":\"Rad-Pal\"},\"image\":{\"@id\":\"https:\/\/rad-pal.com.pl\/#\/schema\/logo\/image\/\"}}]}<\/script>\n<!-- \/ Yoast SEO plugin. -->","yoast_head_json":{"title":"Wk\u0142ad do szuflady na sztu\u0107ce Relaxdays 25,5 x 35,5 cm bambusowy - Rad-Pal","robots":{"index":"index","follow":"follow","max-snippet":"max-snippet:-1","max-image-preview":"max-image-preview:large","max-video-preview":"max-video-preview:-1"},"canonical":"https:\/\/rad-pal.com.pl\/en\/sklep\/dom-i-ogrod\/wyposazenie\/przybory-kuchenne\/wklady-do-szuflad\/wklad-do-szuflady-na-sztucce-relaxdays-255-x-355-cm-bambusowy\/","og_locale":"en_GB","og_type":"article","og_title":"Wk\u0142ad do szuflady na sztu\u0107ce Relaxdays 25,5 x 35,5 cm bambusowy - Rad-Pal","og_description":"Bambusowy wk\u0142ad do szuflady 6 przegr\u00f3dek w sam raz na sztu\u0107ce 6 przegr\u00f3dek zapewnia porz\u0105dek wykonany z bambusa Praktyczny wk\u0142ad","og_url":"https:\/\/rad-pal.com.pl\/en\/sklep\/dom-i-ogrod\/wyposazenie\/przybory-kuchenne\/wklady-do-szuflad\/wklad-do-szuflady-na-sztucce-relaxdays-255-x-355-cm-bambusowy\/","og_site_name":"Rad-Pal","article_modified_time":"2026-03-26T02:24:36+00:00","og_image":[{"width":2400,"height":2400,"url":"https:\/\/rad-pal.com.pl\/wp-content\/uploads\/2026\/02\/acf42173a3cf2595a1b78ee53d0a88e8-2.jpg","type":"image\/jpeg"}],"twitter_card":"summary_large_image","twitter_misc":{"Estimated reading time":"1 minute"},"schema":{"@context":"https:\/\/schema.org","@graph":[{"@type":"WebPage","@id":"https:\/\/rad-pal.com.pl\/sklep\/dom-i-ogrod\/wyposazenie\/przybory-kuchenne\/wklady-do-szuflad\/wklad-do-szuflady-na-sztucce-relaxdays-255-x-355-cm-bambusowy\/","url":"https:\/\/rad-pal.com.pl\/sklep\/dom-i-ogrod\/wyposazenie\/przybory-kuchenne\/wklady-do-szuflad\/wklad-do-szuflady-na-sztucce-relaxdays-255-x-355-cm-bambusowy\/","name":"Wk\u0142ad do szuflady na sztu\u0107ce Relaxdays 25,5 x 35,5 cm bambusowy - Rad-Pal","isPartOf":{"@id":"https:\/\/rad-pal.com.pl\/#website"},"primaryImageOfPage":{"@id":"https:\/\/rad-pal.com.pl\/sklep\/dom-i-ogrod\/wyposazenie\/przybory-kuchenne\/wklady-do-szuflad\/wklad-do-szuflady-na-sztucce-relaxdays-255-x-355-cm-bambusowy\/#primaryimage"},"image":{"@id":"https:\/\/rad-pal.com.pl\/sklep\/dom-i-ogrod\/wyposazenie\/przybory-kuchenne\/wklady-do-szuflad\/wklad-do-szuflady-na-sztucce-relaxdays-255-x-355-cm-bambusowy\/#primaryimage"},"thumbnailUrl":"https:\/\/rad-pal.com.pl\/wp-content\/uploads\/2026\/02\/acf42173a3cf2595a1b78ee53d0a88e8-1.jpg","datePublished":"2026-02-19T12:25:12+00:00","dateModified":"2026-03-26T02:24:36+00:00","breadcrumb":{"@id":"https:\/\/rad-pal.com.pl\/sklep\/dom-i-ogrod\/wyposazenie\/przybory-kuchenne\/wklady-do-szuflad\/wklad-do-szuflady-na-sztucce-relaxdays-255-x-355-cm-bambusowy\/#breadcrumb"},"inLanguage":"en-GB","potentialAction":[{"@type":"ReadAction","target":["https:\/\/rad-pal.com.pl\/sklep\/dom-i-ogrod\/wyposazenie\/przybory-kuchenne\/wklady-do-szuflad\/wklad-do-szuflady-na-sztucce-relaxdays-255-x-355-cm-bambusowy\/"]}]},{"@type":"ImageObject","inLanguage":"en-GB","@id":"https:\/\/rad-pal.com.pl\/sklep\/dom-i-ogrod\/wyposazenie\/przybory-kuchenne\/wklady-do-szuflad\/wklad-do-szuflady-na-sztucce-relaxdays-255-x-355-cm-bambusowy\/#primaryimage","url":"https:\/\/rad-pal.com.pl\/wp-content\/uploads\/2026\/02\/acf42173a3cf2595a1b78ee53d0a88e8-1.jpg","contentUrl":"https:\/\/rad-pal.com.pl\/wp-content\/uploads\/2026\/02\/acf42173a3cf2595a1b78ee53d0a88e8-1.jpg","width":2400,"height":2400,"caption":"b68d1a30ff76a833240e951d89c5e7c9"},{"@type":"BreadcrumbList","@id":"https:\/\/rad-pal.com.pl\/sklep\/dom-i-ogrod\/wyposazenie\/przybory-kuchenne\/wklady-do-szuflad\/wklad-do-szuflady-na-sztucce-relaxdays-255-x-355-cm-bambusowy\/#breadcrumb","itemListElement":[{"@type":"ListItem","position":1,"name":"Strona g\u0142\u00f3wna","item":"https:\/\/rad-pal.com.pl\/"},{"@type":"ListItem","position":2,"name":"Sklep","item":"https:\/\/rad-pal.com.pl\/sklep\/"},{"@type":"ListItem","position":3,"name":"Wk\u0142ad do szuflady na sztu\u0107ce Relaxdays 25,5 x 35,5 cm bambusowy"}]},{"@type":"WebSite","@id":"https:\/\/rad-pal.com.pl\/#website","url":"https:\/\/rad-pal.com.pl\/","name":"Rad-Pal","description":"","publisher":{"@id":"https:\/\/rad-pal.com.pl\/#organization"},"potentialAction":[{"@type":"SearchAction","target":{"@type":"EntryPoint","urlTemplate":"https:\/\/rad-pal.com.pl\/?s={search_term_string}"},"query-input":{"@type":"PropertyValueSpecification","valueRequired":true,"valueName":"search_term_string"}}],"inLanguage":"en-GB"},{"@type":"Organization","@id":"https:\/\/rad-pal.com.pl\/#organization","name":"Rad-Pal","url":"https:\/\/rad-pal.com.pl\/","logo":{"@type":"ImageObject","inLanguage":"en-GB","@id":"https:\/\/rad-pal.com.pl\/#\/schema\/logo\/image\/","url":"https:\/\/rad-pal.com.pl\/wp-content\/uploads\/2026\/03\/Projekt-bez-nazwy-30.webp","contentUrl":"https:\/\/rad-pal.com.pl\/wp-content\/uploads\/2026\/03\/Projekt-bez-nazwy-30.webp","width":600,"height":210,"caption":"Rad-Pal"},"image":{"@id":"https:\/\/rad-pal.com.pl\/#\/schema\/logo\/image\/"}}]}},"_links":{"self":[{"href":"https:\/\/rad-pal.com.pl\/en\/wp-json\/wp\/v2\/product\/29539","targetHints":{"allow":["GET"]}}],"collection":[{"href":"https:\/\/rad-pal.com.pl\/en\/wp-json\/wp\/v2\/product"}],"about":[{"href":"https:\/\/rad-pal.com.pl\/en\/wp-json\/wp\/v2\/types\/product"}],"version-history":[{"count":0,"href":"https:\/\/rad-pal.com.pl\/en\/wp-json\/wp\/v2\/product\/29539\/revisions"}],"wp:featuredmedia":[{"embeddable":true,"href":"https:\/\/rad-pal.com.pl\/en\/wp-json\/wp\/v2\/media\/29557"}],"wp:attachment":[{"href":"https:\/\/rad-pal.com.pl\/en\/wp-json\/wp\/v2\/media?parent=29539"}],"wp:term":[{"taxonomy":"product_brand","embeddable":true,"href":"https:\/\/rad-pal.com.pl\/en\/wp-json\/wp\/v2\/product_brand?post=29539"},{"taxonomy":"product_cat","embeddable":true,"href":"https:\/\/rad-pal.com.pl\/en\/wp-json\/wp\/v2\/product_cat?post=29539"},{"taxonomy":"product_tag","embeddable":true,"href":"https:\/\/rad-pal.com.pl\/en\/wp-json\/wp\/v2\/product_tag?post=29539"}],"curies":[{"name":"wp","href":"https:\/\/api.w.org\/{rel}","templated":true}]}}