{"id":29588,"date":"2026-02-19T13:27:02","date_gmt":"2026-02-19T12:27:02","guid":{"rendered":"https:\/\/rad-pal.com.pl\/sklep\/bez-kategorii\/szafa-relaxday-1-71-x-1005-x-30-cm-wielokolorowy\/"},"modified":"2026-03-26T03:24:41","modified_gmt":"2026-03-26T02:24:41","slug":"szafa-relaxday-1-71-x-1005-x-30-cm-wielokolorowy","status":"publish","type":"product","link":"https:\/\/rad-pal.com.pl\/en\/sklep\/dziecko\/pokoj-dzieciecy\/meble-pokoj-dzieciecy\/szafy\/szafa-relaxday-1-71-x-1005-x-30-cm-wielokolorowy\/","title":{"rendered":"Szafa Relaxday 1 71 x 100,5 x 30 cm wielokolorowy"},"content":{"rendered":"<section class=\"section\">\n<div class=\"item item-6\">\n<section class=\"text-item\">\n<h1>Relaxdays Wieszak na ubrania dla dzieci, dr\u0105\u017cek na ubrania do pokoju dzieci\u0119cego, 4 haczyki, 2 p\u00f3\u0142ki, wys. x szer. x g\u0142.: 100,5 x 71 x 30 cm, garderoba, kolorowy<\/h1>\n<h2>Producent: relaxdays<\/h2>\n<\/section><\/div>\n<div class=\"item item-6\">\n<section class=\"image-item\"><img decoding=\"async\" src=\"https:\/\/upload.cdn.baselinker.com\/products\/6014502\/77bd173ad547e77db46cfffa42682be2.jpg\" \/><\/section>\n<\/p><\/div>\n<\/section>\n<section class=\"section\">\n<div class=\"item item-12\">\n<section class=\"image-item\"><img decoding=\"async\" src=\"https:\/\/upload.cdn.baselinker.com\/products\/6014502\/4e1441c5d21071c43c060d22df832cb7.jpg\" \/><\/section>\n<\/p><\/div>\n<\/section>\n<section class=\"section\">\n<div class=\"item item-6\">\n<section class=\"text-item\">\n<p>W zestawie znajdziesz wszystkie niezb\u0119dne cz\u0119\u015bci do \u0142atwego monta\u017cu. Wieszak jest lekki, ale solidny, ma mo\u017cliwo\u015b\u0107 zawieszenia r\u00f3\u017cnych rodzaj\u00f3w ubra\u0144 oraz dodatkowe miejsce na przechowywanie. Wzornictwo w pastelowych kolorach dodaje uroku i stylu, idealnie wpasowuj\u0105c si\u0119 w dzieci\u0119c\u0105 przestrze\u0144. Odpowiedni dla dzieci w r\u00f3\u017cnym wieku, ten wieszak na ubrania zapewni porz\u0105dek i organizacj\u0119 w pokojach dzieci\u0119cych.<\/p>\n<\/section><\/div>\n<div class=\"item item-6\">\n<section class=\"image-item\"><img decoding=\"async\" src=\"https:\/\/upload.cdn.baselinker.com\/products\/6014502\/69f944342984b78531f25df30dcb5d3f.jpg\" \/><\/section>\n<\/p><\/div>\n<\/section>\n<section class=\"section\">\n<div class=\"item item-12\">\n<section class=\"text-item\">\n<p>Niech Twoje dziecko cieszy si\u0119 now\u0105 garderob\u0105, kt\u00f3ra pomo\u017ce mu samodzielnie dba\u0107 o swoje ubrania. Ten kolorowy wieszak na ubrania dla dzieci to praktyczne i estetyczne rozwi\u0105zanie do przechowywania ubra\u0144 i akcesori\u00f3w. Zaprojektowany w nowoczesnym stylu, z dba\u0142o\u015bci\u0105 o detale i funkcjonalno\u015b\u0107. Oferuje wygodne rozwi\u0105zanie przechowywania ubra\u0144, gad\u017cet\u00f3w i akcesori\u00f3w dzieci\u0119cych.<\/p>\n<\/section><\/div>\n<\/section>\n<section class=\"section\">\n<div class=\"item item-12\">\n<section class=\"image-item\"><img decoding=\"async\" src=\"https:\/\/upload.cdn.baselinker.com\/products\/6014502\/ca989370a3b107e670890b90057dcfb1.jpg\" \/><\/section>\n<\/p><\/div>\n<\/section>\n<section class=\"section\">\n<div class=\"item item-12\">\n<section class=\"image-item\"><img decoding=\"async\" src=\"https:\/\/upload.cdn.baselinker.com\/products\/6014502\/93660327a1e659dbbf72cc0016e3b680.jpg\" \/><\/section>\n<\/p><\/div>\n<\/section>\n<section class=\"section\">\n<div class=\"item item-12\">\n<section class=\"image-item\"><img decoding=\"async\" src=\"https:\/\/upload.cdn.baselinker.com\/products\/6014502\/f2f0186d12aa6a203257415506fdf82a.jpg\" \/><\/section>\n<\/p><\/div>\n<\/section>\n<section class=\"section\">\n<div class=\"item item-12\">\n<section class=\"text-item\">\n<p>14<\/p>\n<\/section><\/div>\n<\/section>","protected":false},"excerpt":{"rendered":"<p>Relaxdays Wieszak na ubrania dla dzieci, dr\u0105\u017cek na ubrania do pokoju dzieci\u0119cego, 4 haczyki, 2 p\u00f3\u0142ki, wys. x szer. x<\/p>","protected":false},"featured_media":29582,"template":"","meta":[],"product_brand":[],"product_cat":[81,160,159,161],"product_tag":[],"class_list":{"0":"post-29588","1":"product","2":"type-product","3":"status-publish","4":"has-post-thumbnail","6":"product_cat-dziecko","7":"product_cat-meble-pokoj-dzieciecy","8":"product_cat-pokoj-dzieciecy","9":"product_cat-szafy","11":"first","12":"instock","13":"taxable","14":"shipping-taxable","15":"purchasable","16":"product-type-simple"},"yoast_head":"<!-- This site is optimized with the Yoast SEO plugin v25.7 - https:\/\/yoast.com\/wordpress\/plugins\/seo\/ -->\n<title>Szafa Relaxday 1 71 x 100,5 x 30 cm wielokolorowy - Rad-Pal<\/title>\n<meta name=\"robots\" content=\"index, follow, max-snippet:-1, max-image-preview:large, max-video-preview:-1\" \/>\n<link rel=\"canonical\" href=\"https:\/\/rad-pal.com.pl\/en\/sklep\/bez-kategorii\/szafa-relaxday-1-71-x-1005-x-30-cm-wielokolorowy\/\" \/>\n<meta property=\"og:locale\" content=\"en_GB\" \/>\n<meta property=\"og:type\" content=\"article\" \/>\n<meta property=\"og:title\" content=\"Szafa Relaxday 1 71 x 100,5 x 30 cm wielokolorowy - Rad-Pal\" \/>\n<meta property=\"og:description\" content=\"Relaxdays Wieszak na ubrania dla dzieci, dr\u0105\u017cek na ubrania do pokoju dzieci\u0119cego, 4 haczyki, 2 p\u00f3\u0142ki, wys. x szer. x\" \/>\n<meta property=\"og:url\" content=\"https:\/\/rad-pal.com.pl\/en\/sklep\/bez-kategorii\/szafa-relaxday-1-71-x-1005-x-30-cm-wielokolorowy\/\" \/>\n<meta property=\"og:site_name\" content=\"Rad-Pal\" \/>\n<meta property=\"article:modified_time\" content=\"2026-03-26T02:24:41+00:00\" \/>\n<meta property=\"og:image\" content=\"https:\/\/upload.cdn.baselinker.com\/products\/6014502\/77bd173ad547e77db46cfffa42682be2.jpg\" \/>\n<meta name=\"twitter:card\" content=\"summary_large_image\" \/>\n<meta name=\"twitter:label1\" content=\"Estimated reading time\" \/>\n\t<meta name=\"twitter:data1\" content=\"1 minute\" \/>\n<script type=\"application\/ld+json\" class=\"yoast-schema-graph\">{\"@context\":\"https:\/\/schema.org\",\"@graph\":[{\"@type\":\"WebPage\",\"@id\":\"https:\/\/rad-pal.com.pl\/sklep\/bez-kategorii\/szafa-relaxday-1-71-x-1005-x-30-cm-wielokolorowy\/\",\"url\":\"https:\/\/rad-pal.com.pl\/sklep\/bez-kategorii\/szafa-relaxday-1-71-x-1005-x-30-cm-wielokolorowy\/\",\"name\":\"Szafa Relaxday 1 71 x 100,5 x 30 cm wielokolorowy - Rad-Pal\",\"isPartOf\":{\"@id\":\"https:\/\/rad-pal.com.pl\/#website\"},\"primaryImageOfPage\":{\"@id\":\"https:\/\/rad-pal.com.pl\/sklep\/bez-kategorii\/szafa-relaxday-1-71-x-1005-x-30-cm-wielokolorowy\/#primaryimage\"},\"image\":{\"@id\":\"https:\/\/rad-pal.com.pl\/sklep\/bez-kategorii\/szafa-relaxday-1-71-x-1005-x-30-cm-wielokolorowy\/#primaryimage\"},\"thumbnailUrl\":\"https:\/\/rad-pal.com.pl\/wp-content\/uploads\/2026\/02\/77bd173ad547e77db46cfffa42682be2.jpg\",\"datePublished\":\"2026-02-19T12:27:02+00:00\",\"dateModified\":\"2026-03-26T02:24:41+00:00\",\"breadcrumb\":{\"@id\":\"https:\/\/rad-pal.com.pl\/sklep\/bez-kategorii\/szafa-relaxday-1-71-x-1005-x-30-cm-wielokolorowy\/#breadcrumb\"},\"inLanguage\":\"en-GB\",\"potentialAction\":[{\"@type\":\"ReadAction\",\"target\":[\"https:\/\/rad-pal.com.pl\/sklep\/bez-kategorii\/szafa-relaxday-1-71-x-1005-x-30-cm-wielokolorowy\/\"]}]},{\"@type\":\"ImageObject\",\"inLanguage\":\"en-GB\",\"@id\":\"https:\/\/rad-pal.com.pl\/sklep\/bez-kategorii\/szafa-relaxday-1-71-x-1005-x-30-cm-wielokolorowy\/#primaryimage\",\"url\":\"https:\/\/rad-pal.com.pl\/wp-content\/uploads\/2026\/02\/77bd173ad547e77db46cfffa42682be2.jpg\",\"contentUrl\":\"https:\/\/rad-pal.com.pl\/wp-content\/uploads\/2026\/02\/77bd173ad547e77db46cfffa42682be2.jpg\",\"width\":500,\"height\":500,\"caption\":\"a52473323b70caa87abfbcbff80eadca\"},{\"@type\":\"BreadcrumbList\",\"@id\":\"https:\/\/rad-pal.com.pl\/sklep\/bez-kategorii\/szafa-relaxday-1-71-x-1005-x-30-cm-wielokolorowy\/#breadcrumb\",\"itemListElement\":[{\"@type\":\"ListItem\",\"position\":1,\"name\":\"Strona g\u0142\u00f3wna\",\"item\":\"https:\/\/rad-pal.com.pl\/\"},{\"@type\":\"ListItem\",\"position\":2,\"name\":\"Sklep\",\"item\":\"https:\/\/rad-pal.com.pl\/sklep\/\"},{\"@type\":\"ListItem\",\"position\":3,\"name\":\"Szafa Relaxday 1 71 x 100,5 x 30 cm wielokolorowy\"}]},{\"@type\":\"WebSite\",\"@id\":\"https:\/\/rad-pal.com.pl\/#website\",\"url\":\"https:\/\/rad-pal.com.pl\/\",\"name\":\"Rad-Pal\",\"description\":\"\",\"publisher\":{\"@id\":\"https:\/\/rad-pal.com.pl\/#organization\"},\"potentialAction\":[{\"@type\":\"SearchAction\",\"target\":{\"@type\":\"EntryPoint\",\"urlTemplate\":\"https:\/\/rad-pal.com.pl\/?s={search_term_string}\"},\"query-input\":{\"@type\":\"PropertyValueSpecification\",\"valueRequired\":true,\"valueName\":\"search_term_string\"}}],\"inLanguage\":\"en-GB\"},{\"@type\":\"Organization\",\"@id\":\"https:\/\/rad-pal.com.pl\/#organization\",\"name\":\"Rad-Pal\",\"url\":\"https:\/\/rad-pal.com.pl\/\",\"logo\":{\"@type\":\"ImageObject\",\"inLanguage\":\"en-GB\",\"@id\":\"https:\/\/rad-pal.com.pl\/#\/schema\/logo\/image\/\",\"url\":\"https:\/\/rad-pal.com.pl\/wp-content\/uploads\/2026\/03\/Projekt-bez-nazwy-30.webp\",\"contentUrl\":\"https:\/\/rad-pal.com.pl\/wp-content\/uploads\/2026\/03\/Projekt-bez-nazwy-30.webp\",\"width\":600,\"height\":210,\"caption\":\"Rad-Pal\"},\"image\":{\"@id\":\"https:\/\/rad-pal.com.pl\/#\/schema\/logo\/image\/\"}}]}<\/script>\n<!-- \/ Yoast SEO plugin. -->","yoast_head_json":{"title":"Szafa Relaxday 1 71 x 100,5 x 30 cm wielokolorowy - Rad-Pal","robots":{"index":"index","follow":"follow","max-snippet":"max-snippet:-1","max-image-preview":"max-image-preview:large","max-video-preview":"max-video-preview:-1"},"canonical":"https:\/\/rad-pal.com.pl\/en\/sklep\/bez-kategorii\/szafa-relaxday-1-71-x-1005-x-30-cm-wielokolorowy\/","og_locale":"en_GB","og_type":"article","og_title":"Szafa Relaxday 1 71 x 100,5 x 30 cm wielokolorowy - Rad-Pal","og_description":"Relaxdays Wieszak na ubrania dla dzieci, dr\u0105\u017cek na ubrania do pokoju dzieci\u0119cego, 4 haczyki, 2 p\u00f3\u0142ki, wys. x szer. x","og_url":"https:\/\/rad-pal.com.pl\/en\/sklep\/bez-kategorii\/szafa-relaxday-1-71-x-1005-x-30-cm-wielokolorowy\/","og_site_name":"Rad-Pal","article_modified_time":"2026-03-26T02:24:41+00:00","og_image":[{"url":"https:\/\/upload.cdn.baselinker.com\/products\/6014502\/77bd173ad547e77db46cfffa42682be2.jpg","type":"","width":"","height":""}],"twitter_card":"summary_large_image","twitter_misc":{"Estimated reading time":"1 minute"},"schema":{"@context":"https:\/\/schema.org","@graph":[{"@type":"WebPage","@id":"https:\/\/rad-pal.com.pl\/sklep\/bez-kategorii\/szafa-relaxday-1-71-x-1005-x-30-cm-wielokolorowy\/","url":"https:\/\/rad-pal.com.pl\/sklep\/bez-kategorii\/szafa-relaxday-1-71-x-1005-x-30-cm-wielokolorowy\/","name":"Szafa Relaxday 1 71 x 100,5 x 30 cm wielokolorowy - Rad-Pal","isPartOf":{"@id":"https:\/\/rad-pal.com.pl\/#website"},"primaryImageOfPage":{"@id":"https:\/\/rad-pal.com.pl\/sklep\/bez-kategorii\/szafa-relaxday-1-71-x-1005-x-30-cm-wielokolorowy\/#primaryimage"},"image":{"@id":"https:\/\/rad-pal.com.pl\/sklep\/bez-kategorii\/szafa-relaxday-1-71-x-1005-x-30-cm-wielokolorowy\/#primaryimage"},"thumbnailUrl":"https:\/\/rad-pal.com.pl\/wp-content\/uploads\/2026\/02\/77bd173ad547e77db46cfffa42682be2.jpg","datePublished":"2026-02-19T12:27:02+00:00","dateModified":"2026-03-26T02:24:41+00:00","breadcrumb":{"@id":"https:\/\/rad-pal.com.pl\/sklep\/bez-kategorii\/szafa-relaxday-1-71-x-1005-x-30-cm-wielokolorowy\/#breadcrumb"},"inLanguage":"en-GB","potentialAction":[{"@type":"ReadAction","target":["https:\/\/rad-pal.com.pl\/sklep\/bez-kategorii\/szafa-relaxday-1-71-x-1005-x-30-cm-wielokolorowy\/"]}]},{"@type":"ImageObject","inLanguage":"en-GB","@id":"https:\/\/rad-pal.com.pl\/sklep\/bez-kategorii\/szafa-relaxday-1-71-x-1005-x-30-cm-wielokolorowy\/#primaryimage","url":"https:\/\/rad-pal.com.pl\/wp-content\/uploads\/2026\/02\/77bd173ad547e77db46cfffa42682be2.jpg","contentUrl":"https:\/\/rad-pal.com.pl\/wp-content\/uploads\/2026\/02\/77bd173ad547e77db46cfffa42682be2.jpg","width":500,"height":500,"caption":"a52473323b70caa87abfbcbff80eadca"},{"@type":"BreadcrumbList","@id":"https:\/\/rad-pal.com.pl\/sklep\/bez-kategorii\/szafa-relaxday-1-71-x-1005-x-30-cm-wielokolorowy\/#breadcrumb","itemListElement":[{"@type":"ListItem","position":1,"name":"Strona g\u0142\u00f3wna","item":"https:\/\/rad-pal.com.pl\/"},{"@type":"ListItem","position":2,"name":"Sklep","item":"https:\/\/rad-pal.com.pl\/sklep\/"},{"@type":"ListItem","position":3,"name":"Szafa Relaxday 1 71 x 100,5 x 30 cm wielokolorowy"}]},{"@type":"WebSite","@id":"https:\/\/rad-pal.com.pl\/#website","url":"https:\/\/rad-pal.com.pl\/","name":"Rad-Pal","description":"","publisher":{"@id":"https:\/\/rad-pal.com.pl\/#organization"},"potentialAction":[{"@type":"SearchAction","target":{"@type":"EntryPoint","urlTemplate":"https:\/\/rad-pal.com.pl\/?s={search_term_string}"},"query-input":{"@type":"PropertyValueSpecification","valueRequired":true,"valueName":"search_term_string"}}],"inLanguage":"en-GB"},{"@type":"Organization","@id":"https:\/\/rad-pal.com.pl\/#organization","name":"Rad-Pal","url":"https:\/\/rad-pal.com.pl\/","logo":{"@type":"ImageObject","inLanguage":"en-GB","@id":"https:\/\/rad-pal.com.pl\/#\/schema\/logo\/image\/","url":"https:\/\/rad-pal.com.pl\/wp-content\/uploads\/2026\/03\/Projekt-bez-nazwy-30.webp","contentUrl":"https:\/\/rad-pal.com.pl\/wp-content\/uploads\/2026\/03\/Projekt-bez-nazwy-30.webp","width":600,"height":210,"caption":"Rad-Pal"},"image":{"@id":"https:\/\/rad-pal.com.pl\/#\/schema\/logo\/image\/"}}]}},"_links":{"self":[{"href":"https:\/\/rad-pal.com.pl\/en\/wp-json\/wp\/v2\/product\/29588","targetHints":{"allow":["GET"]}}],"collection":[{"href":"https:\/\/rad-pal.com.pl\/en\/wp-json\/wp\/v2\/product"}],"about":[{"href":"https:\/\/rad-pal.com.pl\/en\/wp-json\/wp\/v2\/types\/product"}],"version-history":[{"count":0,"href":"https:\/\/rad-pal.com.pl\/en\/wp-json\/wp\/v2\/product\/29588\/revisions"}],"wp:featuredmedia":[{"embeddable":true,"href":"https:\/\/rad-pal.com.pl\/en\/wp-json\/wp\/v2\/media\/29582"}],"wp:attachment":[{"href":"https:\/\/rad-pal.com.pl\/en\/wp-json\/wp\/v2\/media?parent=29588"}],"wp:term":[{"taxonomy":"product_brand","embeddable":true,"href":"https:\/\/rad-pal.com.pl\/en\/wp-json\/wp\/v2\/product_brand?post=29588"},{"taxonomy":"product_cat","embeddable":true,"href":"https:\/\/rad-pal.com.pl\/en\/wp-json\/wp\/v2\/product_cat?post=29588"},{"taxonomy":"product_tag","embeddable":true,"href":"https:\/\/rad-pal.com.pl\/en\/wp-json\/wp\/v2\/product_tag?post=29588"}],"curies":[{"name":"wp","href":"https:\/\/api.w.org\/{rel}","templated":true}]}}