{"id":29755,"date":"2026-02-19T13:34:43","date_gmt":"2026-02-19T12:34:43","guid":{"rendered":"https:\/\/rad-pal.com.pl\/sklep\/bez-kategorii\/dekoracyjna-fontanna-scienna-rd49718\/"},"modified":"2026-02-19T14:31:05","modified_gmt":"2026-02-19T13:31:05","slug":"dekoracyjna-fontanna-scienna-rd49718","status":"publish","type":"product","link":"https:\/\/rad-pal.com.pl\/en\/sklep\/dom-i-ogrod\/ogrod\/przedmioty-dekoracyjne\/dekoracyjna-fontanna-scienna-rd49718\/","title":{"rendered":"Dekoracyjna fontanna \u015bcienna RD49718"},"content":{"rendered":"<section class=\"section\">\n<div class=\"item item-6\">\n<section class=\"image-item\"><img decoding=\"async\" src=\"https:\/\/upload.cdn.baselinker.com\/products\/6014502\/4244e04a2b62202d92f9faa313a2d671.jpg\" \/><\/section>\n<\/p><\/div>\n<div class=\"item item-6\">\n<section class=\"text-item\">\n<h1>Fontanna \u015bcienna zielona<\/h1>\n<ul>\n<li>Do ogrodu i na taras<\/li>\n<li>Jako kran<\/li>\n<li>Do monta\u017cu na \u015bcianie<\/li>\n<li>Antyczny design<\/li>\n<li>Z kranem<\/li>\n<\/ul>\n<\/section><\/div>\n<\/section>\n<section class=\"section\">\n<div class=\"item item-6\">\n<section class=\"image-item\"><img decoding=\"async\" src=\"https:\/\/upload.cdn.baselinker.com\/products\/6014502\/936977e6764c3002c8a6c74c255d806d.jpg\" \/><\/section>\n<\/p><\/div>\n<div class=\"item item-6\">\n<section class=\"text-item\">\n<h2>Umywalka zewn\u0119trzna w stylu vintage<\/h2>\n<p>Dzi\u0119ki swojemu antycznemu wygl\u0105dowi, zielona fontanna na\u015bcienna stanowi dekoracyjny akcent na patio lub w ogrodzie. Niezale\u017cnie od tego, czy chcesz umy\u0107 brudne r\u0119ce, wyczy\u015bci\u0107 narz\u0119dzia ogrodowe czy nape\u0142ni\u0107 konewk\u0119, umywalka ogrodowa jest praktyczna w wielu zastosowaniach. Dekoracyjna fontanna jest r\u00f3wnie\u017c wyposa\u017cona w kran i tylne przy\u0142\u0105cze do rury wodnej. Montowana na \u015bcianie umywalka jest wykonana z malowanego proszkowo odlewu aluminiowego, dzi\u0119ki czemu doskonale nadaje si\u0119 do u\u017cytku na zewn\u0105trz.<\/p>\n<\/section><\/div>\n<\/section>\n<section class=\"section\">\n<div class=\"item item-12\">\n<section class=\"text-item\">\n<h2>Umywalka ogrodowa na \u015bcian\u0119<\/h2>\n<ul>\n<li>Dekoracyjna umywalka w antycznym stylu<\/li>\n<li>Zielona fontanna ze z\u0142otym kranem<\/li>\n<li>Jako kran do podlewania ogrodu, tarasu itp.<\/li>\n<li>Idealna do mycia r\u0105k, nape\u0142niania konewek itp.<\/li>\n<li>Wykonana z malowanego proszkowo odlewu aluminiowego zapewniaj\u0105cego d\u0142ugotrwa\u0142e u\u017cytkowanie<\/li>\n<\/ul>\n<\/section><\/div>\n<\/section>\n<section class=\"section\">\n<div class=\"item item-6\">\n<section class=\"image-item\"><img decoding=\"async\" src=\"https:\/\/upload.cdn.baselinker.com\/products\/6014502\/7522a39cabf630ee870c2e2e03230346.jpg\" \/><\/section>\n<\/p><\/div>\n<div class=\"item item-6\">\n<section class=\"text-item\">\n<h2>Fontanna \u015bcienna w szczeg\u00f3\u0142ach<\/h2>\n<ul>\n<li>Wymiary ca\u0142kowite wys. x szer. x g\u0142.: ok. 40 x 24,5 x 15 cm<\/li>\n<li>Wymiary wewn\u0119trzne basenu wys. x szer. x g\u0142.: ok. 15 x 19,5 x 10 cm<\/li>\n<li>Waga: ok. 3,8 kg<\/li>\n<li>Materia\u0142: odlew aluminiowy<\/li>\n<li>Kolor: zielony, z\u0142oty<\/li>\n<\/ul>\n<ul>\n<li>1x fontanna \u015bcienna<\/li>\n<li>bez dekoracji<\/li>\n<\/ul>\n<h2>Sk\u0142ad Materia\u0142u<\/h2>\n<ul>\n<li>100% aluminium<\/li>\n<\/ul>\n<\/section><\/div>\n<\/section>\n<section class=\"section\">\n<div class=\"item item-12\">\n<section class=\"image-item\"><img decoding=\"async\" src=\"https:\/\/upload.cdn.baselinker.com\/products\/6014502\/07c85fd596b9b2ba66ff68c3a339ea74.jpg\" \/><\/section>\n<\/p><\/div>\n<\/section>\n<section class=\"section\">\n<div class=\"item item-12\">\n<section class=\"text-item\">\n<p>12<\/p>\n<\/section><\/div>\n<\/section>","protected":false},"excerpt":{"rendered":"<p>Fontanna \u015bcienna zielona Do ogrodu i na taras Jako kran Do monta\u017cu na \u015bcianie Antyczny design Z kranem Umywalka zewn\u0119trzna<\/p>","protected":false},"featured_media":29751,"template":"","meta":[],"product_brand":[],"product_cat":[86,111,158],"product_tag":[],"class_list":{"0":"post-29755","1":"product","2":"type-product","3":"status-publish","4":"has-post-thumbnail","6":"product_cat-dom-i-ogrod","7":"product_cat-ogrod","8":"product_cat-przedmioty-dekoracyjne","10":"first","11":"instock","12":"taxable","13":"shipping-taxable","14":"purchasable","15":"product-type-simple"},"yoast_head":"<!-- This site is optimized with the Yoast SEO plugin v25.7 - https:\/\/yoast.com\/wordpress\/plugins\/seo\/ -->\n<title>Dekoracyjna fontanna \u015bcienna RD49718 - Rad-Pal<\/title>\n<meta name=\"robots\" content=\"index, follow, max-snippet:-1, max-image-preview:large, max-video-preview:-1\" \/>\n<link rel=\"canonical\" href=\"https:\/\/rad-pal.com.pl\/en\/sklep\/bez-kategorii\/dekoracyjna-fontanna-scienna-rd49718\/\" \/>\n<meta property=\"og:locale\" content=\"en_GB\" \/>\n<meta property=\"og:type\" content=\"article\" \/>\n<meta property=\"og:title\" content=\"Dekoracyjna fontanna \u015bcienna RD49718 - Rad-Pal\" \/>\n<meta property=\"og:description\" content=\"Fontanna \u015bcienna zielona Do ogrodu i na taras Jako kran Do monta\u017cu na \u015bcianie Antyczny design Z kranem Umywalka zewn\u0119trzna\" \/>\n<meta property=\"og:url\" content=\"https:\/\/rad-pal.com.pl\/en\/sklep\/bez-kategorii\/dekoracyjna-fontanna-scienna-rd49718\/\" \/>\n<meta property=\"og:site_name\" content=\"Rad-Pal\" \/>\n<meta property=\"article:modified_time\" content=\"2026-02-19T13:31:05+00:00\" \/>\n<meta property=\"og:image\" content=\"https:\/\/upload.cdn.baselinker.com\/products\/6014502\/4244e04a2b62202d92f9faa313a2d671.jpg\" \/>\n<meta name=\"twitter:card\" content=\"summary_large_image\" \/>\n<meta name=\"twitter:label1\" content=\"Estimated reading time\" \/>\n\t<meta name=\"twitter:data1\" content=\"1 minute\" \/>\n<script type=\"application\/ld+json\" class=\"yoast-schema-graph\">{\"@context\":\"https:\/\/schema.org\",\"@graph\":[{\"@type\":\"WebPage\",\"@id\":\"https:\/\/rad-pal.com.pl\/sklep\/bez-kategorii\/dekoracyjna-fontanna-scienna-rd49718\/\",\"url\":\"https:\/\/rad-pal.com.pl\/sklep\/bez-kategorii\/dekoracyjna-fontanna-scienna-rd49718\/\",\"name\":\"Dekoracyjna fontanna \u015bcienna RD49718 - Rad-Pal\",\"isPartOf\":{\"@id\":\"https:\/\/rad-pal.com.pl\/#website\"},\"primaryImageOfPage\":{\"@id\":\"https:\/\/rad-pal.com.pl\/sklep\/bez-kategorii\/dekoracyjna-fontanna-scienna-rd49718\/#primaryimage\"},\"image\":{\"@id\":\"https:\/\/rad-pal.com.pl\/sklep\/bez-kategorii\/dekoracyjna-fontanna-scienna-rd49718\/#primaryimage\"},\"thumbnailUrl\":\"https:\/\/rad-pal.com.pl\/wp-content\/uploads\/2026\/02\/4244e04a2b62202d92f9faa313a2d671.jpg\",\"datePublished\":\"2026-02-19T12:34:43+00:00\",\"dateModified\":\"2026-02-19T13:31:05+00:00\",\"breadcrumb\":{\"@id\":\"https:\/\/rad-pal.com.pl\/sklep\/bez-kategorii\/dekoracyjna-fontanna-scienna-rd49718\/#breadcrumb\"},\"inLanguage\":\"en-GB\",\"potentialAction\":[{\"@type\":\"ReadAction\",\"target\":[\"https:\/\/rad-pal.com.pl\/sklep\/bez-kategorii\/dekoracyjna-fontanna-scienna-rd49718\/\"]}]},{\"@type\":\"ImageObject\",\"inLanguage\":\"en-GB\",\"@id\":\"https:\/\/rad-pal.com.pl\/sklep\/bez-kategorii\/dekoracyjna-fontanna-scienna-rd49718\/#primaryimage\",\"url\":\"https:\/\/rad-pal.com.pl\/wp-content\/uploads\/2026\/02\/4244e04a2b62202d92f9faa313a2d671.jpg\",\"contentUrl\":\"https:\/\/rad-pal.com.pl\/wp-content\/uploads\/2026\/02\/4244e04a2b62202d92f9faa313a2d671.jpg\",\"width\":2048,\"height\":2048,\"caption\":\"ff04c15a979cb94cb818b47d8960b19c\"},{\"@type\":\"BreadcrumbList\",\"@id\":\"https:\/\/rad-pal.com.pl\/sklep\/bez-kategorii\/dekoracyjna-fontanna-scienna-rd49718\/#breadcrumb\",\"itemListElement\":[{\"@type\":\"ListItem\",\"position\":1,\"name\":\"Strona g\u0142\u00f3wna\",\"item\":\"https:\/\/rad-pal.com.pl\/\"},{\"@type\":\"ListItem\",\"position\":2,\"name\":\"Sklep\",\"item\":\"https:\/\/rad-pal.com.pl\/sklep\/\"},{\"@type\":\"ListItem\",\"position\":3,\"name\":\"Dekoracyjna fontanna \u015bcienna RD49718\"}]},{\"@type\":\"WebSite\",\"@id\":\"https:\/\/rad-pal.com.pl\/#website\",\"url\":\"https:\/\/rad-pal.com.pl\/\",\"name\":\"Rad-Pal\",\"description\":\"\",\"publisher\":{\"@id\":\"https:\/\/rad-pal.com.pl\/#organization\"},\"potentialAction\":[{\"@type\":\"SearchAction\",\"target\":{\"@type\":\"EntryPoint\",\"urlTemplate\":\"https:\/\/rad-pal.com.pl\/?s={search_term_string}\"},\"query-input\":{\"@type\":\"PropertyValueSpecification\",\"valueRequired\":true,\"valueName\":\"search_term_string\"}}],\"inLanguage\":\"en-GB\"},{\"@type\":\"Organization\",\"@id\":\"https:\/\/rad-pal.com.pl\/#organization\",\"name\":\"Rad-Pal\",\"url\":\"https:\/\/rad-pal.com.pl\/\",\"logo\":{\"@type\":\"ImageObject\",\"inLanguage\":\"en-GB\",\"@id\":\"https:\/\/rad-pal.com.pl\/#\/schema\/logo\/image\/\",\"url\":\"https:\/\/rad-pal.com.pl\/wp-content\/uploads\/2026\/03\/Projekt-bez-nazwy-30.webp\",\"contentUrl\":\"https:\/\/rad-pal.com.pl\/wp-content\/uploads\/2026\/03\/Projekt-bez-nazwy-30.webp\",\"width\":600,\"height\":210,\"caption\":\"Rad-Pal\"},\"image\":{\"@id\":\"https:\/\/rad-pal.com.pl\/#\/schema\/logo\/image\/\"}}]}<\/script>\n<!-- \/ Yoast SEO plugin. -->","yoast_head_json":{"title":"Dekoracyjna fontanna \u015bcienna RD49718 - Rad-Pal","robots":{"index":"index","follow":"follow","max-snippet":"max-snippet:-1","max-image-preview":"max-image-preview:large","max-video-preview":"max-video-preview:-1"},"canonical":"https:\/\/rad-pal.com.pl\/en\/sklep\/bez-kategorii\/dekoracyjna-fontanna-scienna-rd49718\/","og_locale":"en_GB","og_type":"article","og_title":"Dekoracyjna fontanna \u015bcienna RD49718 - Rad-Pal","og_description":"Fontanna \u015bcienna zielona Do ogrodu i na taras Jako kran Do monta\u017cu na \u015bcianie Antyczny design Z kranem Umywalka zewn\u0119trzna","og_url":"https:\/\/rad-pal.com.pl\/en\/sklep\/bez-kategorii\/dekoracyjna-fontanna-scienna-rd49718\/","og_site_name":"Rad-Pal","article_modified_time":"2026-02-19T13:31:05+00:00","og_image":[{"url":"https:\/\/upload.cdn.baselinker.com\/products\/6014502\/4244e04a2b62202d92f9faa313a2d671.jpg","type":"","width":"","height":""}],"twitter_card":"summary_large_image","twitter_misc":{"Estimated reading time":"1 minute"},"schema":{"@context":"https:\/\/schema.org","@graph":[{"@type":"WebPage","@id":"https:\/\/rad-pal.com.pl\/sklep\/bez-kategorii\/dekoracyjna-fontanna-scienna-rd49718\/","url":"https:\/\/rad-pal.com.pl\/sklep\/bez-kategorii\/dekoracyjna-fontanna-scienna-rd49718\/","name":"Dekoracyjna fontanna \u015bcienna RD49718 - Rad-Pal","isPartOf":{"@id":"https:\/\/rad-pal.com.pl\/#website"},"primaryImageOfPage":{"@id":"https:\/\/rad-pal.com.pl\/sklep\/bez-kategorii\/dekoracyjna-fontanna-scienna-rd49718\/#primaryimage"},"image":{"@id":"https:\/\/rad-pal.com.pl\/sklep\/bez-kategorii\/dekoracyjna-fontanna-scienna-rd49718\/#primaryimage"},"thumbnailUrl":"https:\/\/rad-pal.com.pl\/wp-content\/uploads\/2026\/02\/4244e04a2b62202d92f9faa313a2d671.jpg","datePublished":"2026-02-19T12:34:43+00:00","dateModified":"2026-02-19T13:31:05+00:00","breadcrumb":{"@id":"https:\/\/rad-pal.com.pl\/sklep\/bez-kategorii\/dekoracyjna-fontanna-scienna-rd49718\/#breadcrumb"},"inLanguage":"en-GB","potentialAction":[{"@type":"ReadAction","target":["https:\/\/rad-pal.com.pl\/sklep\/bez-kategorii\/dekoracyjna-fontanna-scienna-rd49718\/"]}]},{"@type":"ImageObject","inLanguage":"en-GB","@id":"https:\/\/rad-pal.com.pl\/sklep\/bez-kategorii\/dekoracyjna-fontanna-scienna-rd49718\/#primaryimage","url":"https:\/\/rad-pal.com.pl\/wp-content\/uploads\/2026\/02\/4244e04a2b62202d92f9faa313a2d671.jpg","contentUrl":"https:\/\/rad-pal.com.pl\/wp-content\/uploads\/2026\/02\/4244e04a2b62202d92f9faa313a2d671.jpg","width":2048,"height":2048,"caption":"ff04c15a979cb94cb818b47d8960b19c"},{"@type":"BreadcrumbList","@id":"https:\/\/rad-pal.com.pl\/sklep\/bez-kategorii\/dekoracyjna-fontanna-scienna-rd49718\/#breadcrumb","itemListElement":[{"@type":"ListItem","position":1,"name":"Strona g\u0142\u00f3wna","item":"https:\/\/rad-pal.com.pl\/"},{"@type":"ListItem","position":2,"name":"Sklep","item":"https:\/\/rad-pal.com.pl\/sklep\/"},{"@type":"ListItem","position":3,"name":"Dekoracyjna fontanna \u015bcienna RD49718"}]},{"@type":"WebSite","@id":"https:\/\/rad-pal.com.pl\/#website","url":"https:\/\/rad-pal.com.pl\/","name":"Rad-Pal","description":"","publisher":{"@id":"https:\/\/rad-pal.com.pl\/#organization"},"potentialAction":[{"@type":"SearchAction","target":{"@type":"EntryPoint","urlTemplate":"https:\/\/rad-pal.com.pl\/?s={search_term_string}"},"query-input":{"@type":"PropertyValueSpecification","valueRequired":true,"valueName":"search_term_string"}}],"inLanguage":"en-GB"},{"@type":"Organization","@id":"https:\/\/rad-pal.com.pl\/#organization","name":"Rad-Pal","url":"https:\/\/rad-pal.com.pl\/","logo":{"@type":"ImageObject","inLanguage":"en-GB","@id":"https:\/\/rad-pal.com.pl\/#\/schema\/logo\/image\/","url":"https:\/\/rad-pal.com.pl\/wp-content\/uploads\/2026\/03\/Projekt-bez-nazwy-30.webp","contentUrl":"https:\/\/rad-pal.com.pl\/wp-content\/uploads\/2026\/03\/Projekt-bez-nazwy-30.webp","width":600,"height":210,"caption":"Rad-Pal"},"image":{"@id":"https:\/\/rad-pal.com.pl\/#\/schema\/logo\/image\/"}}]}},"_links":{"self":[{"href":"https:\/\/rad-pal.com.pl\/en\/wp-json\/wp\/v2\/product\/29755","targetHints":{"allow":["GET"]}}],"collection":[{"href":"https:\/\/rad-pal.com.pl\/en\/wp-json\/wp\/v2\/product"}],"about":[{"href":"https:\/\/rad-pal.com.pl\/en\/wp-json\/wp\/v2\/types\/product"}],"version-history":[{"count":0,"href":"https:\/\/rad-pal.com.pl\/en\/wp-json\/wp\/v2\/product\/29755\/revisions"}],"wp:featuredmedia":[{"embeddable":true,"href":"https:\/\/rad-pal.com.pl\/en\/wp-json\/wp\/v2\/media\/29751"}],"wp:attachment":[{"href":"https:\/\/rad-pal.com.pl\/en\/wp-json\/wp\/v2\/media?parent=29755"}],"wp:term":[{"taxonomy":"product_brand","embeddable":true,"href":"https:\/\/rad-pal.com.pl\/en\/wp-json\/wp\/v2\/product_brand?post=29755"},{"taxonomy":"product_cat","embeddable":true,"href":"https:\/\/rad-pal.com.pl\/en\/wp-json\/wp\/v2\/product_cat?post=29755"},{"taxonomy":"product_tag","embeddable":true,"href":"https:\/\/rad-pal.com.pl\/en\/wp-json\/wp\/v2\/product_tag?post=29755"}],"curies":[{"name":"wp","href":"https:\/\/api.w.org\/{rel}","templated":true}]}}