{"id":29973,"date":"2026-02-19T13:44:33","date_gmt":"2026-02-19T12:44:33","guid":{"rendered":"https:\/\/rad-pal.com.pl\/sklep\/bez-kategorii\/kwietnik-46-x-122-x-122-cm\/"},"modified":"2026-02-19T14:34:15","modified_gmt":"2026-02-19T13:34:15","slug":"kwietnik-46-x-122-x-122-cm","status":"publish","type":"product","link":"https:\/\/rad-pal.com.pl\/en\/sklep\/dom-i-ogrod\/ogrod\/doniczki-i-pojemniki\/kwietniki\/kwietnik-46-x-122-x-122-cm\/","title":{"rendered":"Kwietnik 46 x 122 x 122 cm"},"content":{"rendered":"<section class=\"section\">\n<div class=\"item item-6\">\n<section class=\"image-item\"><img decoding=\"async\" src=\"https:\/\/upload.cdn.baselinker.com\/products\/6014502\/78c4ec463462c835b7597ec4e045227f.jpg\" \/><\/section>\n<\/p><\/div>\n<div class=\"item item-6\">\n<section class=\"text-item\">\n<h1>Podwy\u017cszona rabata kwiatowa<\/h1>\n<p>KWIETNIK Wielopoziomowy REGA\u0141 z doniczkami &#8211; solidna konstrukcja<\/p>\n<h2>Parametry<\/h2>\n<ul>\n<li><b>Typ:<\/b> wolnostoj\u0105cy<\/li>\n<li><b>Materia\u0142 wykonania:<\/b> drewno<\/li>\n<li><b>Wysoko\u015b\u0107 maksymalna:<\/b> 46 cm<\/li>\n<li><b>Maks. szeroko\u015b\u0107:<\/b> 122 cm<\/li>\n<li><b>D\u0142ugo\u015b\u0107 maksymalna:<\/b> 122 cm<\/li>\n<li><b>Kod producenta:<\/b> 10038669<\/li>\n<li><b>EAN (GTIN):<\/b> 4052025386696<\/li>\n<li><b>Marka:<\/b> inna (RelaxD)<\/li>\n<\/ul>\n<h2>Opis<\/h2>\n<h2>Podwy\u017cszona rabata kwiatowa RD8669<\/h2>\n<p>Dla mi\u0142o\u015bnik\u00f3w ro\u015blin ta podwy\u017cszona grz\u0105dka jest idealnym dodatkiem do ogrod\u00f3w, podw\u00f3rek i innych przestrzeni na \u015bwie\u017cym powietrzu. Na 3 pi\u0119trach wielopoziomowy kwietnik oferuje wystarczaj\u0105co du\u017co miejsca dla ro\u015blin o r\u00f3\u017cnych potrzebach. Naprzemienne rozmieszczenie ramek na ro\u015bliny zapewnia dobr\u0105 widoczno\u015b\u0107 warzyw, sa\u0142aty, kwiat\u00f3w i zieleniny na ka\u017cdym kroku. Z \u0142atwo\u015bci\u0105 dotrzesz tak\u017ce do ro\u015blin tylnych. Solidne \u0142\u00f3\u017cko ogrodowe dzi\u0119ki rustykalnemu designowi wykonane z drewna jod\u0142owego z pewno\u015bci\u0105 przyci\u0105gnie uwag\u0119 Wymiary ca\u0142kowite wys. x szer. x g\u0142.: ok. 46 x 122 x 122 cm Wymiary wewn\u0119trzne&nbsp; wys. x szer. x g\u0142.: ok x 114 x 36,5 cm Wewn\u0119trzne wymiary w \u015brodku wys. x szer. x g\u0142.: ok. 28 x 114 x 36,5 cm Wymiary wewn\u0119trzne w g\u00f3rnej cz\u0119\u015bci wys. x szer. x g\u0142.: ok 38 cm Waga: ok. 10,1 kg Materia\u0142: drewno jod\u0142owe Kolor: naturalny10038669<\/p>\n<\/section><\/div>\n<\/section>\n<section class=\"section\">\n<div class=\"item item-12\">\n<section class=\"image-item\"><img decoding=\"async\" src=\"https:\/\/upload.cdn.baselinker.com\/products\/6014502\/488d7533a2cd244dbf8750f3e7627bb6.jpg\" \/><\/section>\n<\/p><\/div>\n<\/section>\n<section class=\"section\">\n<div class=\"item item-6\">\n<section class=\"image-item\"><img decoding=\"async\" src=\"https:\/\/upload.cdn.baselinker.com\/products\/6014502\/a341bbd83c05d1d0d191b24ee79995fc.jpg\" \/><\/section>\n<\/p><\/div>\n<div class=\"item item-6\">\n<section class=\"image-item\"><img decoding=\"async\" src=\"https:\/\/upload.cdn.baselinker.com\/products\/6014502\/b63e396d08f382ca9370ccbb5b6e03fe.jpg\" \/><\/section>\n<\/p><\/div>\n<\/section>\n<section class=\"section\">\n<div class=\"item item-12\">\n<section class=\"image-item\"><img decoding=\"async\" src=\"https:\/\/upload.cdn.baselinker.com\/products\/6014502\/e012f5dbb87317fcb1ece6751683f370.jpg\" \/><\/section>\n<\/p><\/div>\n<\/section>\n<section class=\"section\">\n<div class=\"item item-12\">\n<section class=\"text-item\">\n<p>1<\/p>\n<\/section><\/div>\n<\/section>","protected":false},"excerpt":{"rendered":"<p>Podwy\u017cszona rabata kwiatowa KWIETNIK Wielopoziomowy REGA\u0141 z doniczkami &#8211; solidna konstrukcja Parametry Typ: wolnostoj\u0105cy Materia\u0142 wykonania: drewno Wysoko\u015b\u0107 maksymalna: 46<\/p>","protected":false},"featured_media":29967,"template":"","meta":[],"product_brand":[],"product_cat":[86,216,217,111],"product_tag":[],"class_list":{"0":"post-29973","1":"product","2":"type-product","3":"status-publish","4":"has-post-thumbnail","6":"product_cat-dom-i-ogrod","7":"product_cat-doniczki-i-pojemniki","8":"product_cat-kwietniki","9":"product_cat-ogrod","11":"first","12":"instock","13":"taxable","14":"shipping-taxable","15":"purchasable","16":"product-type-simple"},"yoast_head":"<!-- This site is optimized with the Yoast SEO plugin v25.7 - https:\/\/yoast.com\/wordpress\/plugins\/seo\/ -->\n<title>Kwietnik 46 x 122 x 122 cm - Rad-Pal<\/title>\n<meta name=\"robots\" content=\"index, follow, max-snippet:-1, max-image-preview:large, max-video-preview:-1\" \/>\n<link rel=\"canonical\" href=\"https:\/\/rad-pal.com.pl\/en\/sklep\/bez-kategorii\/kwietnik-46-x-122-x-122-cm\/\" \/>\n<meta property=\"og:locale\" content=\"en_GB\" \/>\n<meta property=\"og:type\" content=\"article\" \/>\n<meta property=\"og:title\" content=\"Kwietnik 46 x 122 x 122 cm - Rad-Pal\" \/>\n<meta property=\"og:description\" content=\"Podwy\u017cszona rabata kwiatowa KWIETNIK Wielopoziomowy REGA\u0141 z doniczkami &#8211; solidna konstrukcja Parametry Typ: wolnostoj\u0105cy Materia\u0142 wykonania: drewno Wysoko\u015b\u0107 maksymalna: 46\" \/>\n<meta property=\"og:url\" content=\"https:\/\/rad-pal.com.pl\/en\/sklep\/bez-kategorii\/kwietnik-46-x-122-x-122-cm\/\" \/>\n<meta property=\"og:site_name\" content=\"Rad-Pal\" \/>\n<meta property=\"article:modified_time\" content=\"2026-02-19T13:34:15+00:00\" \/>\n<meta property=\"og:image\" content=\"https:\/\/upload.cdn.baselinker.com\/products\/6014502\/78c4ec463462c835b7597ec4e045227f.jpg\" \/>\n<meta name=\"twitter:card\" content=\"summary_large_image\" \/>\n<meta name=\"twitter:label1\" content=\"Estimated reading time\" \/>\n\t<meta name=\"twitter:data1\" content=\"1 minute\" \/>\n<script type=\"application\/ld+json\" class=\"yoast-schema-graph\">{\"@context\":\"https:\/\/schema.org\",\"@graph\":[{\"@type\":\"WebPage\",\"@id\":\"https:\/\/rad-pal.com.pl\/sklep\/bez-kategorii\/kwietnik-46-x-122-x-122-cm\/\",\"url\":\"https:\/\/rad-pal.com.pl\/sklep\/bez-kategorii\/kwietnik-46-x-122-x-122-cm\/\",\"name\":\"Kwietnik 46 x 122 x 122 cm - Rad-Pal\",\"isPartOf\":{\"@id\":\"https:\/\/rad-pal.com.pl\/#website\"},\"primaryImageOfPage\":{\"@id\":\"https:\/\/rad-pal.com.pl\/sklep\/bez-kategorii\/kwietnik-46-x-122-x-122-cm\/#primaryimage\"},\"image\":{\"@id\":\"https:\/\/rad-pal.com.pl\/sklep\/bez-kategorii\/kwietnik-46-x-122-x-122-cm\/#primaryimage\"},\"thumbnailUrl\":\"https:\/\/rad-pal.com.pl\/wp-content\/uploads\/2026\/02\/78c4ec463462c835b7597ec4e045227f.jpg\",\"datePublished\":\"2026-02-19T12:44:33+00:00\",\"dateModified\":\"2026-02-19T13:34:15+00:00\",\"breadcrumb\":{\"@id\":\"https:\/\/rad-pal.com.pl\/sklep\/bez-kategorii\/kwietnik-46-x-122-x-122-cm\/#breadcrumb\"},\"inLanguage\":\"en-GB\",\"potentialAction\":[{\"@type\":\"ReadAction\",\"target\":[\"https:\/\/rad-pal.com.pl\/sklep\/bez-kategorii\/kwietnik-46-x-122-x-122-cm\/\"]}]},{\"@type\":\"ImageObject\",\"inLanguage\":\"en-GB\",\"@id\":\"https:\/\/rad-pal.com.pl\/sklep\/bez-kategorii\/kwietnik-46-x-122-x-122-cm\/#primaryimage\",\"url\":\"https:\/\/rad-pal.com.pl\/wp-content\/uploads\/2026\/02\/78c4ec463462c835b7597ec4e045227f.jpg\",\"contentUrl\":\"https:\/\/rad-pal.com.pl\/wp-content\/uploads\/2026\/02\/78c4ec463462c835b7597ec4e045227f.jpg\",\"width\":2048,\"height\":2048,\"caption\":\"20ac45f5abe1d06776f433116ce4879f\"},{\"@type\":\"BreadcrumbList\",\"@id\":\"https:\/\/rad-pal.com.pl\/sklep\/bez-kategorii\/kwietnik-46-x-122-x-122-cm\/#breadcrumb\",\"itemListElement\":[{\"@type\":\"ListItem\",\"position\":1,\"name\":\"Strona g\u0142\u00f3wna\",\"item\":\"https:\/\/rad-pal.com.pl\/\"},{\"@type\":\"ListItem\",\"position\":2,\"name\":\"Sklep\",\"item\":\"https:\/\/rad-pal.com.pl\/sklep\/\"},{\"@type\":\"ListItem\",\"position\":3,\"name\":\"Kwietnik 46 x 122 x 122 cm\"}]},{\"@type\":\"WebSite\",\"@id\":\"https:\/\/rad-pal.com.pl\/#website\",\"url\":\"https:\/\/rad-pal.com.pl\/\",\"name\":\"Rad-Pal\",\"description\":\"\",\"publisher\":{\"@id\":\"https:\/\/rad-pal.com.pl\/#organization\"},\"potentialAction\":[{\"@type\":\"SearchAction\",\"target\":{\"@type\":\"EntryPoint\",\"urlTemplate\":\"https:\/\/rad-pal.com.pl\/?s={search_term_string}\"},\"query-input\":{\"@type\":\"PropertyValueSpecification\",\"valueRequired\":true,\"valueName\":\"search_term_string\"}}],\"inLanguage\":\"en-GB\"},{\"@type\":\"Organization\",\"@id\":\"https:\/\/rad-pal.com.pl\/#organization\",\"name\":\"Rad-Pal\",\"url\":\"https:\/\/rad-pal.com.pl\/\",\"logo\":{\"@type\":\"ImageObject\",\"inLanguage\":\"en-GB\",\"@id\":\"https:\/\/rad-pal.com.pl\/#\/schema\/logo\/image\/\",\"url\":\"https:\/\/rad-pal.com.pl\/wp-content\/uploads\/2026\/03\/Projekt-bez-nazwy-30.webp\",\"contentUrl\":\"https:\/\/rad-pal.com.pl\/wp-content\/uploads\/2026\/03\/Projekt-bez-nazwy-30.webp\",\"width\":600,\"height\":210,\"caption\":\"Rad-Pal\"},\"image\":{\"@id\":\"https:\/\/rad-pal.com.pl\/#\/schema\/logo\/image\/\"}}]}<\/script>\n<!-- \/ Yoast SEO plugin. -->","yoast_head_json":{"title":"Kwietnik 46 x 122 x 122 cm - Rad-Pal","robots":{"index":"index","follow":"follow","max-snippet":"max-snippet:-1","max-image-preview":"max-image-preview:large","max-video-preview":"max-video-preview:-1"},"canonical":"https:\/\/rad-pal.com.pl\/en\/sklep\/bez-kategorii\/kwietnik-46-x-122-x-122-cm\/","og_locale":"en_GB","og_type":"article","og_title":"Kwietnik 46 x 122 x 122 cm - Rad-Pal","og_description":"Podwy\u017cszona rabata kwiatowa KWIETNIK Wielopoziomowy REGA\u0141 z doniczkami &#8211; solidna konstrukcja Parametry Typ: wolnostoj\u0105cy Materia\u0142 wykonania: drewno Wysoko\u015b\u0107 maksymalna: 46","og_url":"https:\/\/rad-pal.com.pl\/en\/sklep\/bez-kategorii\/kwietnik-46-x-122-x-122-cm\/","og_site_name":"Rad-Pal","article_modified_time":"2026-02-19T13:34:15+00:00","og_image":[{"url":"https:\/\/upload.cdn.baselinker.com\/products\/6014502\/78c4ec463462c835b7597ec4e045227f.jpg","type":"","width":"","height":""}],"twitter_card":"summary_large_image","twitter_misc":{"Estimated reading time":"1 minute"},"schema":{"@context":"https:\/\/schema.org","@graph":[{"@type":"WebPage","@id":"https:\/\/rad-pal.com.pl\/sklep\/bez-kategorii\/kwietnik-46-x-122-x-122-cm\/","url":"https:\/\/rad-pal.com.pl\/sklep\/bez-kategorii\/kwietnik-46-x-122-x-122-cm\/","name":"Kwietnik 46 x 122 x 122 cm - Rad-Pal","isPartOf":{"@id":"https:\/\/rad-pal.com.pl\/#website"},"primaryImageOfPage":{"@id":"https:\/\/rad-pal.com.pl\/sklep\/bez-kategorii\/kwietnik-46-x-122-x-122-cm\/#primaryimage"},"image":{"@id":"https:\/\/rad-pal.com.pl\/sklep\/bez-kategorii\/kwietnik-46-x-122-x-122-cm\/#primaryimage"},"thumbnailUrl":"https:\/\/rad-pal.com.pl\/wp-content\/uploads\/2026\/02\/78c4ec463462c835b7597ec4e045227f.jpg","datePublished":"2026-02-19T12:44:33+00:00","dateModified":"2026-02-19T13:34:15+00:00","breadcrumb":{"@id":"https:\/\/rad-pal.com.pl\/sklep\/bez-kategorii\/kwietnik-46-x-122-x-122-cm\/#breadcrumb"},"inLanguage":"en-GB","potentialAction":[{"@type":"ReadAction","target":["https:\/\/rad-pal.com.pl\/sklep\/bez-kategorii\/kwietnik-46-x-122-x-122-cm\/"]}]},{"@type":"ImageObject","inLanguage":"en-GB","@id":"https:\/\/rad-pal.com.pl\/sklep\/bez-kategorii\/kwietnik-46-x-122-x-122-cm\/#primaryimage","url":"https:\/\/rad-pal.com.pl\/wp-content\/uploads\/2026\/02\/78c4ec463462c835b7597ec4e045227f.jpg","contentUrl":"https:\/\/rad-pal.com.pl\/wp-content\/uploads\/2026\/02\/78c4ec463462c835b7597ec4e045227f.jpg","width":2048,"height":2048,"caption":"20ac45f5abe1d06776f433116ce4879f"},{"@type":"BreadcrumbList","@id":"https:\/\/rad-pal.com.pl\/sklep\/bez-kategorii\/kwietnik-46-x-122-x-122-cm\/#breadcrumb","itemListElement":[{"@type":"ListItem","position":1,"name":"Strona g\u0142\u00f3wna","item":"https:\/\/rad-pal.com.pl\/"},{"@type":"ListItem","position":2,"name":"Sklep","item":"https:\/\/rad-pal.com.pl\/sklep\/"},{"@type":"ListItem","position":3,"name":"Kwietnik 46 x 122 x 122 cm"}]},{"@type":"WebSite","@id":"https:\/\/rad-pal.com.pl\/#website","url":"https:\/\/rad-pal.com.pl\/","name":"Rad-Pal","description":"","publisher":{"@id":"https:\/\/rad-pal.com.pl\/#organization"},"potentialAction":[{"@type":"SearchAction","target":{"@type":"EntryPoint","urlTemplate":"https:\/\/rad-pal.com.pl\/?s={search_term_string}"},"query-input":{"@type":"PropertyValueSpecification","valueRequired":true,"valueName":"search_term_string"}}],"inLanguage":"en-GB"},{"@type":"Organization","@id":"https:\/\/rad-pal.com.pl\/#organization","name":"Rad-Pal","url":"https:\/\/rad-pal.com.pl\/","logo":{"@type":"ImageObject","inLanguage":"en-GB","@id":"https:\/\/rad-pal.com.pl\/#\/schema\/logo\/image\/","url":"https:\/\/rad-pal.com.pl\/wp-content\/uploads\/2026\/03\/Projekt-bez-nazwy-30.webp","contentUrl":"https:\/\/rad-pal.com.pl\/wp-content\/uploads\/2026\/03\/Projekt-bez-nazwy-30.webp","width":600,"height":210,"caption":"Rad-Pal"},"image":{"@id":"https:\/\/rad-pal.com.pl\/#\/schema\/logo\/image\/"}}]}},"_links":{"self":[{"href":"https:\/\/rad-pal.com.pl\/en\/wp-json\/wp\/v2\/product\/29973","targetHints":{"allow":["GET"]}}],"collection":[{"href":"https:\/\/rad-pal.com.pl\/en\/wp-json\/wp\/v2\/product"}],"about":[{"href":"https:\/\/rad-pal.com.pl\/en\/wp-json\/wp\/v2\/types\/product"}],"version-history":[{"count":0,"href":"https:\/\/rad-pal.com.pl\/en\/wp-json\/wp\/v2\/product\/29973\/revisions"}],"wp:featuredmedia":[{"embeddable":true,"href":"https:\/\/rad-pal.com.pl\/en\/wp-json\/wp\/v2\/media\/29967"}],"wp:attachment":[{"href":"https:\/\/rad-pal.com.pl\/en\/wp-json\/wp\/v2\/media?parent=29973"}],"wp:term":[{"taxonomy":"product_brand","embeddable":true,"href":"https:\/\/rad-pal.com.pl\/en\/wp-json\/wp\/v2\/product_brand?post=29973"},{"taxonomy":"product_cat","embeddable":true,"href":"https:\/\/rad-pal.com.pl\/en\/wp-json\/wp\/v2\/product_cat?post=29973"},{"taxonomy":"product_tag","embeddable":true,"href":"https:\/\/rad-pal.com.pl\/en\/wp-json\/wp\/v2\/product_tag?post=29973"}],"curies":[{"name":"wp","href":"https:\/\/api.w.org\/{rel}","templated":true}]}}