{"id":30014,"date":"2026-02-19T13:47:03","date_gmt":"2026-02-19T12:47:03","guid":{"rendered":"https:\/\/rad-pal.com.pl\/sklep\/bez-kategorii\/bambusowy-wklad-na-sztucce-organizer-czarny\/"},"modified":"2026-02-19T14:35:10","modified_gmt":"2026-02-19T13:35:10","slug":"bambusowy-wklad-na-sztucce-organizer-czarny","status":"publish","type":"product","link":"https:\/\/rad-pal.com.pl\/en\/sklep\/dom-i-ogrod\/wyposazenie\/przybory-kuchenne\/garnki-i-patelnie\/organizery\/bambusowy-wklad-na-sztucce-organizer-czarny\/","title":{"rendered":"Bambusowy wk\u0142ad na sztu\u0107ce organizer czarny"},"content":{"rendered":"<section class=\"section\">\n<div class=\"item item-6\">\n<section class=\"image-item\"><img decoding=\"async\" src=\"https:\/\/upload.cdn.baselinker.com\/products\/6014502\/6a7702f4bded79311574dd1f96cc8d82.jpg\" \/><\/section>\n<\/p><\/div>\n<div class=\"item item-6\">\n<section class=\"text-item\">\n<p>Bambusowy wk\u0142ad na sztu\u0107ce czarny<\/p>\n<p>Ta taca na sztu\u0107ce z przegr\u00f3dkami tworzy porz\u0105dek i przejrzysto\u015b\u0107 w Twojej szufladzie, dzi\u0119ki czemu nie musisz ju\u017c grzeba\u0107 w poszukiwaniu no\u017cy, widelc\u00f3w, \u0142y\u017cek i innych przybor\u00f3w kuchennych. Dzi\u0119ki zgrabnym wymiarom organizer b\u0119dzie idealnie pasowa\u0142 do r\u00f3znych rozmiar\u00f3w&nbsp; szuflad. Solidna szuflada na sztu\u0107ce jest uniwersalna i mo\u017cesz j\u0105 r\u00f3wnie\u017c wykorzysta\u0107 na przybory na biurko, przybory rzemie\u015blnicze i inne.<\/p>\n<p>&nbsp;Nale\u017cy tak\u017ce dla pewno\u015bci zmierzy\u0107 d\u0142ugo\u015b\u0107 sztu\u0107c\u00f3w.<\/p>\n<h2>Parametry wk\u0142adu do szuflady<\/h2>\n<ul>\n<li>wymiary: ok.&nbsp;5 x 46 x 28 cm&nbsp;(wys. x szer. x g\u0142\u0119b.)<\/li>\n<li>wymiary wewn\u0119trzne du\u017cej przegrody poprzecznej: ok.&nbsp;4 x 44,5 x 7 cm&nbsp;(wys. x szer. x g\u0142\u0119b.)<\/li>\n<li>wymiary wewn\u0119trzne 3 ma\u0142ych przegr\u00f3dek poprzecznych: ok.&nbsp;4 x 29,5 x 6 cm&nbsp;(wys. x szer. x g\u0142\u0119b.)<\/li>\n<li>wymiary wewn\u0119trzne 2 d\u0142ugich przegr\u00f3dek: ok.&nbsp;4 x 7 x 19 cm&nbsp;(wys. x szer. x g\u0142\u0119b.).<\/li>\n<\/ul>\n<p><b><\/b> Niekt\u00f3re produkty mog\u0105 posiada\u0107 delikatne ryski, otarcia, itp., kt\u00f3re s\u0105 uwzgl\u0119dnione w opisie oraz przedstawione na zdj\u0119ciu.<\/p>\n<p>&nbsp;<\/p>\n<\/section><\/div>\n<\/section>\n<section class=\"section\">\n<div class=\"item item-6\">\n<section class=\"image-item\"><img decoding=\"async\" src=\"https:\/\/upload.cdn.baselinker.com\/products\/6014502\/c84c0ac42066c60f60ebdd107092b77d.jpg\" \/><\/section>\n<\/p><\/div>\n<div class=\"item item-6\">\n<section class=\"image-item\"><img decoding=\"async\" src=\"https:\/\/upload.cdn.baselinker.com\/products\/6014502\/3109677fd96c77768bf9b76c4b196ecb.jpg\" \/><\/section>\n<\/p><\/div>\n<\/section>\n<section class=\"section\">\n<div class=\"item item-12\">\n<section class=\"text-item\">\n<p>2<\/p>\n<\/section><\/div>\n<\/section>","protected":false},"excerpt":{"rendered":"<p>Bambusowy wk\u0142ad na sztu\u0107ce czarny Ta taca na sztu\u0107ce z przegr\u00f3dkami tworzy porz\u0105dek i przejrzysto\u015b\u0107 w Twojej szufladzie, dzi\u0119ki czemu<\/p>","protected":false},"featured_media":30007,"template":"","meta":[],"product_brand":[],"product_cat":[86,205,230,88,87],"product_tag":[],"class_list":{"0":"post-30014","1":"product","2":"type-product","3":"status-publish","4":"has-post-thumbnail","6":"product_cat-dom-i-ogrod","7":"product_cat-garnki-i-patelnie","8":"product_cat-organizery","9":"product_cat-przybory-kuchenne","10":"product_cat-wyposazenie","12":"first","13":"instock","14":"taxable","15":"shipping-taxable","16":"purchasable","17":"product-type-simple"},"yoast_head":"<!-- This site is optimized with the Yoast SEO plugin v25.7 - https:\/\/yoast.com\/wordpress\/plugins\/seo\/ -->\n<title>Bambusowy wk\u0142ad na sztu\u0107ce organizer czarny - Rad-Pal<\/title>\n<meta name=\"robots\" content=\"index, follow, max-snippet:-1, max-image-preview:large, max-video-preview:-1\" \/>\n<link rel=\"canonical\" href=\"https:\/\/rad-pal.com.pl\/en\/sklep\/bez-kategorii\/bambusowy-wklad-na-sztucce-organizer-czarny\/\" \/>\n<meta property=\"og:locale\" content=\"en_GB\" \/>\n<meta property=\"og:type\" content=\"article\" \/>\n<meta property=\"og:title\" content=\"Bambusowy wk\u0142ad na sztu\u0107ce organizer czarny - Rad-Pal\" \/>\n<meta property=\"og:description\" content=\"Bambusowy wk\u0142ad na sztu\u0107ce czarny Ta taca na sztu\u0107ce z przegr\u00f3dkami tworzy porz\u0105dek i przejrzysto\u015b\u0107 w Twojej szufladzie, dzi\u0119ki czemu\" \/>\n<meta property=\"og:url\" content=\"https:\/\/rad-pal.com.pl\/en\/sklep\/bez-kategorii\/bambusowy-wklad-na-sztucce-organizer-czarny\/\" \/>\n<meta property=\"og:site_name\" content=\"Rad-Pal\" \/>\n<meta property=\"article:modified_time\" content=\"2026-02-19T13:35:10+00:00\" \/>\n<meta property=\"og:image\" content=\"https:\/\/upload.cdn.baselinker.com\/products\/6014502\/6a7702f4bded79311574dd1f96cc8d82.jpg\" \/>\n<meta name=\"twitter:card\" content=\"summary_large_image\" \/>\n<meta name=\"twitter:label1\" content=\"Estimated reading time\" \/>\n\t<meta name=\"twitter:data1\" content=\"1 minute\" \/>\n<script type=\"application\/ld+json\" class=\"yoast-schema-graph\">{\"@context\":\"https:\/\/schema.org\",\"@graph\":[{\"@type\":\"WebPage\",\"@id\":\"https:\/\/rad-pal.com.pl\/sklep\/bez-kategorii\/bambusowy-wklad-na-sztucce-organizer-czarny\/\",\"url\":\"https:\/\/rad-pal.com.pl\/sklep\/bez-kategorii\/bambusowy-wklad-na-sztucce-organizer-czarny\/\",\"name\":\"Bambusowy wk\u0142ad na sztu\u0107ce organizer czarny - Rad-Pal\",\"isPartOf\":{\"@id\":\"https:\/\/rad-pal.com.pl\/#website\"},\"primaryImageOfPage\":{\"@id\":\"https:\/\/rad-pal.com.pl\/sklep\/bez-kategorii\/bambusowy-wklad-na-sztucce-organizer-czarny\/#primaryimage\"},\"image\":{\"@id\":\"https:\/\/rad-pal.com.pl\/sklep\/bez-kategorii\/bambusowy-wklad-na-sztucce-organizer-czarny\/#primaryimage\"},\"thumbnailUrl\":\"https:\/\/rad-pal.com.pl\/wp-content\/uploads\/2026\/02\/b043c1a8528f144ab5831214ae709c7b.jpg\",\"datePublished\":\"2026-02-19T12:47:03+00:00\",\"dateModified\":\"2026-02-19T13:35:10+00:00\",\"breadcrumb\":{\"@id\":\"https:\/\/rad-pal.com.pl\/sklep\/bez-kategorii\/bambusowy-wklad-na-sztucce-organizer-czarny\/#breadcrumb\"},\"inLanguage\":\"en-GB\",\"potentialAction\":[{\"@type\":\"ReadAction\",\"target\":[\"https:\/\/rad-pal.com.pl\/sklep\/bez-kategorii\/bambusowy-wklad-na-sztucce-organizer-czarny\/\"]}]},{\"@type\":\"ImageObject\",\"inLanguage\":\"en-GB\",\"@id\":\"https:\/\/rad-pal.com.pl\/sklep\/bez-kategorii\/bambusowy-wklad-na-sztucce-organizer-czarny\/#primaryimage\",\"url\":\"https:\/\/rad-pal.com.pl\/wp-content\/uploads\/2026\/02\/b043c1a8528f144ab5831214ae709c7b.jpg\",\"contentUrl\":\"https:\/\/rad-pal.com.pl\/wp-content\/uploads\/2026\/02\/b043c1a8528f144ab5831214ae709c7b.jpg\",\"width\":1931,\"height\":1931,\"caption\":\"9a0dc36b53c236e40e5dc1b40ba53d74\"},{\"@type\":\"BreadcrumbList\",\"@id\":\"https:\/\/rad-pal.com.pl\/sklep\/bez-kategorii\/bambusowy-wklad-na-sztucce-organizer-czarny\/#breadcrumb\",\"itemListElement\":[{\"@type\":\"ListItem\",\"position\":1,\"name\":\"Strona g\u0142\u00f3wna\",\"item\":\"https:\/\/rad-pal.com.pl\/\"},{\"@type\":\"ListItem\",\"position\":2,\"name\":\"Sklep\",\"item\":\"https:\/\/rad-pal.com.pl\/sklep\/\"},{\"@type\":\"ListItem\",\"position\":3,\"name\":\"Bambusowy wk\u0142ad na sztu\u0107ce organizer czarny\"}]},{\"@type\":\"WebSite\",\"@id\":\"https:\/\/rad-pal.com.pl\/#website\",\"url\":\"https:\/\/rad-pal.com.pl\/\",\"name\":\"Rad-Pal\",\"description\":\"\",\"publisher\":{\"@id\":\"https:\/\/rad-pal.com.pl\/#organization\"},\"potentialAction\":[{\"@type\":\"SearchAction\",\"target\":{\"@type\":\"EntryPoint\",\"urlTemplate\":\"https:\/\/rad-pal.com.pl\/?s={search_term_string}\"},\"query-input\":{\"@type\":\"PropertyValueSpecification\",\"valueRequired\":true,\"valueName\":\"search_term_string\"}}],\"inLanguage\":\"en-GB\"},{\"@type\":\"Organization\",\"@id\":\"https:\/\/rad-pal.com.pl\/#organization\",\"name\":\"Rad-Pal\",\"url\":\"https:\/\/rad-pal.com.pl\/\",\"logo\":{\"@type\":\"ImageObject\",\"inLanguage\":\"en-GB\",\"@id\":\"https:\/\/rad-pal.com.pl\/#\/schema\/logo\/image\/\",\"url\":\"https:\/\/rad-pal.com.pl\/wp-content\/uploads\/2026\/03\/Projekt-bez-nazwy-30.webp\",\"contentUrl\":\"https:\/\/rad-pal.com.pl\/wp-content\/uploads\/2026\/03\/Projekt-bez-nazwy-30.webp\",\"width\":600,\"height\":210,\"caption\":\"Rad-Pal\"},\"image\":{\"@id\":\"https:\/\/rad-pal.com.pl\/#\/schema\/logo\/image\/\"}}]}<\/script>\n<!-- \/ Yoast SEO plugin. -->","yoast_head_json":{"title":"Bambusowy wk\u0142ad na sztu\u0107ce organizer czarny - Rad-Pal","robots":{"index":"index","follow":"follow","max-snippet":"max-snippet:-1","max-image-preview":"max-image-preview:large","max-video-preview":"max-video-preview:-1"},"canonical":"https:\/\/rad-pal.com.pl\/en\/sklep\/bez-kategorii\/bambusowy-wklad-na-sztucce-organizer-czarny\/","og_locale":"en_GB","og_type":"article","og_title":"Bambusowy wk\u0142ad na sztu\u0107ce organizer czarny - Rad-Pal","og_description":"Bambusowy wk\u0142ad na sztu\u0107ce czarny Ta taca na sztu\u0107ce z przegr\u00f3dkami tworzy porz\u0105dek i przejrzysto\u015b\u0107 w Twojej szufladzie, dzi\u0119ki czemu","og_url":"https:\/\/rad-pal.com.pl\/en\/sklep\/bez-kategorii\/bambusowy-wklad-na-sztucce-organizer-czarny\/","og_site_name":"Rad-Pal","article_modified_time":"2026-02-19T13:35:10+00:00","og_image":[{"url":"https:\/\/upload.cdn.baselinker.com\/products\/6014502\/6a7702f4bded79311574dd1f96cc8d82.jpg","type":"","width":"","height":""}],"twitter_card":"summary_large_image","twitter_misc":{"Estimated reading time":"1 minute"},"schema":{"@context":"https:\/\/schema.org","@graph":[{"@type":"WebPage","@id":"https:\/\/rad-pal.com.pl\/sklep\/bez-kategorii\/bambusowy-wklad-na-sztucce-organizer-czarny\/","url":"https:\/\/rad-pal.com.pl\/sklep\/bez-kategorii\/bambusowy-wklad-na-sztucce-organizer-czarny\/","name":"Bambusowy wk\u0142ad na sztu\u0107ce organizer czarny - Rad-Pal","isPartOf":{"@id":"https:\/\/rad-pal.com.pl\/#website"},"primaryImageOfPage":{"@id":"https:\/\/rad-pal.com.pl\/sklep\/bez-kategorii\/bambusowy-wklad-na-sztucce-organizer-czarny\/#primaryimage"},"image":{"@id":"https:\/\/rad-pal.com.pl\/sklep\/bez-kategorii\/bambusowy-wklad-na-sztucce-organizer-czarny\/#primaryimage"},"thumbnailUrl":"https:\/\/rad-pal.com.pl\/wp-content\/uploads\/2026\/02\/b043c1a8528f144ab5831214ae709c7b.jpg","datePublished":"2026-02-19T12:47:03+00:00","dateModified":"2026-02-19T13:35:10+00:00","breadcrumb":{"@id":"https:\/\/rad-pal.com.pl\/sklep\/bez-kategorii\/bambusowy-wklad-na-sztucce-organizer-czarny\/#breadcrumb"},"inLanguage":"en-GB","potentialAction":[{"@type":"ReadAction","target":["https:\/\/rad-pal.com.pl\/sklep\/bez-kategorii\/bambusowy-wklad-na-sztucce-organizer-czarny\/"]}]},{"@type":"ImageObject","inLanguage":"en-GB","@id":"https:\/\/rad-pal.com.pl\/sklep\/bez-kategorii\/bambusowy-wklad-na-sztucce-organizer-czarny\/#primaryimage","url":"https:\/\/rad-pal.com.pl\/wp-content\/uploads\/2026\/02\/b043c1a8528f144ab5831214ae709c7b.jpg","contentUrl":"https:\/\/rad-pal.com.pl\/wp-content\/uploads\/2026\/02\/b043c1a8528f144ab5831214ae709c7b.jpg","width":1931,"height":1931,"caption":"9a0dc36b53c236e40e5dc1b40ba53d74"},{"@type":"BreadcrumbList","@id":"https:\/\/rad-pal.com.pl\/sklep\/bez-kategorii\/bambusowy-wklad-na-sztucce-organizer-czarny\/#breadcrumb","itemListElement":[{"@type":"ListItem","position":1,"name":"Strona g\u0142\u00f3wna","item":"https:\/\/rad-pal.com.pl\/"},{"@type":"ListItem","position":2,"name":"Sklep","item":"https:\/\/rad-pal.com.pl\/sklep\/"},{"@type":"ListItem","position":3,"name":"Bambusowy wk\u0142ad na sztu\u0107ce organizer czarny"}]},{"@type":"WebSite","@id":"https:\/\/rad-pal.com.pl\/#website","url":"https:\/\/rad-pal.com.pl\/","name":"Rad-Pal","description":"","publisher":{"@id":"https:\/\/rad-pal.com.pl\/#organization"},"potentialAction":[{"@type":"SearchAction","target":{"@type":"EntryPoint","urlTemplate":"https:\/\/rad-pal.com.pl\/?s={search_term_string}"},"query-input":{"@type":"PropertyValueSpecification","valueRequired":true,"valueName":"search_term_string"}}],"inLanguage":"en-GB"},{"@type":"Organization","@id":"https:\/\/rad-pal.com.pl\/#organization","name":"Rad-Pal","url":"https:\/\/rad-pal.com.pl\/","logo":{"@type":"ImageObject","inLanguage":"en-GB","@id":"https:\/\/rad-pal.com.pl\/#\/schema\/logo\/image\/","url":"https:\/\/rad-pal.com.pl\/wp-content\/uploads\/2026\/03\/Projekt-bez-nazwy-30.webp","contentUrl":"https:\/\/rad-pal.com.pl\/wp-content\/uploads\/2026\/03\/Projekt-bez-nazwy-30.webp","width":600,"height":210,"caption":"Rad-Pal"},"image":{"@id":"https:\/\/rad-pal.com.pl\/#\/schema\/logo\/image\/"}}]}},"_links":{"self":[{"href":"https:\/\/rad-pal.com.pl\/en\/wp-json\/wp\/v2\/product\/30014","targetHints":{"allow":["GET"]}}],"collection":[{"href":"https:\/\/rad-pal.com.pl\/en\/wp-json\/wp\/v2\/product"}],"about":[{"href":"https:\/\/rad-pal.com.pl\/en\/wp-json\/wp\/v2\/types\/product"}],"version-history":[{"count":0,"href":"https:\/\/rad-pal.com.pl\/en\/wp-json\/wp\/v2\/product\/30014\/revisions"}],"wp:featuredmedia":[{"embeddable":true,"href":"https:\/\/rad-pal.com.pl\/en\/wp-json\/wp\/v2\/media\/30007"}],"wp:attachment":[{"href":"https:\/\/rad-pal.com.pl\/en\/wp-json\/wp\/v2\/media?parent=30014"}],"wp:term":[{"taxonomy":"product_brand","embeddable":true,"href":"https:\/\/rad-pal.com.pl\/en\/wp-json\/wp\/v2\/product_brand?post=30014"},{"taxonomy":"product_cat","embeddable":true,"href":"https:\/\/rad-pal.com.pl\/en\/wp-json\/wp\/v2\/product_cat?post=30014"},{"taxonomy":"product_tag","embeddable":true,"href":"https:\/\/rad-pal.com.pl\/en\/wp-json\/wp\/v2\/product_tag?post=30014"}],"curies":[{"name":"wp","href":"https:\/\/api.w.org\/{rel}","templated":true}]}}