{"id":30501,"date":"2026-02-19T14:08:40","date_gmt":"2026-02-19T13:08:40","guid":{"rendered":"https:\/\/rad-pal.com.pl\/sklep\/bez-kategorii\/doniczka-metal-czarny-odcienie-brazu-i-bezu-relaxdays-31-cm-x-31-x-50-cm\/"},"modified":"2026-02-19T14:38:55","modified_gmt":"2026-02-19T13:38:55","slug":"doniczka-metal-czarny-odcienie-brazu-i-bezu-relaxdays-31-cm-x-31-x-50-cm","status":"publish","type":"product","link":"https:\/\/rad-pal.com.pl\/en\/sklep\/dom-i-ogrod\/ogrod\/doniczki-i-pojemniki\/doniczki\/doniczka-metal-czarny-odcienie-brazu-i-bezu-relaxdays-31-cm-x-31-x-50-cm\/","title":{"rendered":"Doniczka metal czarny, odcienie br\u0105zu i be\u017cu Relaxdays 31 cm x 31 x 50 cm"},"content":{"rendered":"<section class=\"section\">\n<div class=\"item item-12\">\n<section class=\"text-item\">\n<h1>Zestaw 3 wisz\u0105cych koszy z wk\u0142adk\u0105 kokosow\u0105<\/h1>\n<p>Zestaw 3 wisz\u0105cych doniczek z wk\u0142adk\u0105 kokosow\u0105.<\/p>\n<p>Do zawieszania ro\u015blin, takich jak bluszcz, magiczne dzwonki lub kwiaty na \u015bwiecznikach.<\/p>\n<p>Solidna \u017celazna rama.<\/p>\n<p>Z wk\u0142adem z w\u0142\u00f3kna kokosowego.<\/p>\n<p>Do salonu, na balkon lub taras.<\/p>\n<p>W praktycznym zestawie 3 sztuk.<\/p>\n<p>Nadaje si\u0119 r\u00f3wnie\u017c do przechowywania drobnych przedmiot\u00f3w.<\/p>\n<\/section><\/div>\n<\/section>\n<section class=\"section\">\n<div class=\"item item-12\">\n<section class=\"image-item\"><img decoding=\"async\" src=\"https:\/\/upload.cdn.baselinker.com\/products\/6014502\/0a76ae5bb2e926b67f1002c2d65a74c5.jpg\" \/><\/section>\n<\/p><\/div>\n<\/section>\n<section class=\"section\">\n<div class=\"item item-12\">\n<section class=\"text-item\">\n<p>Wisz\u0105cy kosz jest idealny dla zwisaj\u0105cych ro\u015blin takich jak bluszcz czy zielona lilia, ale tak\u017ce tworzy zielon\u0105 atmosfer\u0119 z petuni\u0105 czy fuksj\u0105.<\/p>\n<p>Dzi\u0119ki do\u0142\u0105czonemu do zestawu \u0142a\u0144cuszkowi z hakiem mo\u017cna \u0142atwo i szybko zawiesi\u0107 doniczki na kwiaty pod sufitem.<\/p>\n<p>Mieszanka materia\u0142owa czarnego metalu i wk\u0142adki z naturalnych w\u0142\u00f3kien kokosowych sprawia, \u017ce kosz wisz\u0105cy na zio\u0142a przyci\u0105ga wzrok w pomieszczeniach lub w chronionym obszarze zewn\u0119trznym.<\/p>\n<p>Wskaz\u00f3wki: W przypadku stosowania w pomieszczeniach nale\u017cy zastosowa\u0107 foli\u0119 uszczelniaj\u0105c\u0105 pomi\u0119dzy koszem kokosowym a ziemi\u0105 doniczkow\u0105.<\/p>\n<p>Kosz wisz\u0105cy na kwiaty w szczeg\u00f3\u0142ach- wymiary ca\u0142kowite donicy z \u0142a\u0144cuchem: ok. 50 x 31 cm- wysoko\u015b\u0107 bez zawieszenia: ok. 18 cm- waga 1 sztuki: ok.<\/p>\n<\/section><\/div>\n<\/section>\n<section class=\"section\">\n<div class=\"item item-6\">\n<section class=\"text-item\">\n<p>Wisz\u0105cy kosz w szczeg\u00f3\u0142ach:<\/p>\n<p>Wymiary ka\u017cdego wisz\u0105cego kosza wys. x g\u0142.: ok. 50 x 31 cm. Wysoko\u015b\u0107 bez zawieszenia: ok. 18 cm Waga na kosz: ok. 0,4 kg No\u015bno\u015b\u0107 na kosz: maks. 10 kg<\/p>\n<p>Materia\u0142: \u017celazo, w\u0142\u00f3kno kokosowe Kolor: czarny, naturalny<\/p>\n<\/section><\/div>\n<div class=\"item item-6\">\n<section class=\"image-item\"><img decoding=\"async\" src=\"https:\/\/upload.cdn.baselinker.com\/products\/6014502\/6aa26a7392847e1067cbc0e35a8498b7.jpg\" \/><\/section>\n<\/p><\/div>\n<\/section>\n<section class=\"section\">\n<div class=\"item item-6\">\n<section class=\"image-item\"><img decoding=\"async\" src=\"https:\/\/upload.cdn.baselinker.com\/products\/6014502\/254a3a5b3497bb13cfb11492acf3fff5.jpg\" \/><\/section>\n<\/p><\/div>\n<div class=\"item item-6\">\n<section class=\"image-item\"><img decoding=\"async\" src=\"https:\/\/upload.cdn.baselinker.com\/products\/6014502\/4d8515d3a2de540c8d1dd6176a75db30.jpg\" \/><\/section>\n<\/p><\/div>\n<\/section>\n<section class=\"section\">\n<div class=\"item item-12\">\n<section class=\"text-item\">\n<p>12<\/p>\n<\/section><\/div>\n<\/section>","protected":false},"excerpt":{"rendered":"<p>Zestaw 3 wisz\u0105cych koszy z wk\u0142adk\u0105 kokosow\u0105 Zestaw 3 wisz\u0105cych doniczek z wk\u0142adk\u0105 kokosow\u0105. Do zawieszania ro\u015blin, takich jak bluszcz,<\/p>","protected":false},"featured_media":30502,"template":"","meta":[],"product_brand":[],"product_cat":[86,291,216,111],"product_tag":[],"class_list":{"0":"post-30501","1":"product","2":"type-product","3":"status-publish","4":"has-post-thumbnail","6":"product_cat-dom-i-ogrod","7":"product_cat-doniczki","8":"product_cat-doniczki-i-pojemniki","9":"product_cat-ogrod","11":"first","12":"instock","13":"taxable","14":"shipping-taxable","15":"purchasable","16":"product-type-simple"},"yoast_head":"<!-- This site is optimized with the Yoast SEO plugin v25.7 - https:\/\/yoast.com\/wordpress\/plugins\/seo\/ -->\n<title>Doniczka metal czarny, odcienie br\u0105zu i be\u017cu Relaxdays 31 cm x 31 x 50 cm - Rad-Pal<\/title>\n<meta name=\"robots\" content=\"index, follow, max-snippet:-1, max-image-preview:large, max-video-preview:-1\" \/>\n<link rel=\"canonical\" href=\"https:\/\/rad-pal.com.pl\/en\/sklep\/dom-i-ogrod\/ogrod\/doniczki-i-pojemniki\/doniczki\/doniczka-metal-czarny-odcienie-brazu-i-bezu-relaxdays-31-cm-x-31-x-50-cm\/\" \/>\n<meta property=\"og:locale\" content=\"en_GB\" \/>\n<meta property=\"og:type\" content=\"article\" \/>\n<meta property=\"og:title\" content=\"Doniczka metal czarny, odcienie br\u0105zu i be\u017cu Relaxdays 31 cm x 31 x 50 cm - Rad-Pal\" \/>\n<meta property=\"og:description\" content=\"Zestaw 3 wisz\u0105cych koszy z wk\u0142adk\u0105 kokosow\u0105 Zestaw 3 wisz\u0105cych doniczek z wk\u0142adk\u0105 kokosow\u0105. Do zawieszania ro\u015blin, takich jak bluszcz,\" \/>\n<meta property=\"og:url\" content=\"https:\/\/rad-pal.com.pl\/en\/sklep\/dom-i-ogrod\/ogrod\/doniczki-i-pojemniki\/doniczki\/doniczka-metal-czarny-odcienie-brazu-i-bezu-relaxdays-31-cm-x-31-x-50-cm\/\" \/>\n<meta property=\"og:site_name\" content=\"Rad-Pal\" \/>\n<meta property=\"article:modified_time\" content=\"2026-02-19T13:38:55+00:00\" \/>\n<meta property=\"og:image\" content=\"https:\/\/rad-pal.com.pl\/wp-content\/uploads\/2026\/02\/0a76ae5bb2e926b67f1002c2d65a74c5.jpg\" \/>\n\t<meta property=\"og:image:width\" content=\"2048\" \/>\n\t<meta property=\"og:image:height\" content=\"2048\" \/>\n\t<meta property=\"og:image:type\" content=\"image\/jpeg\" \/>\n<meta name=\"twitter:card\" content=\"summary_large_image\" \/>\n<meta name=\"twitter:label1\" content=\"Estimated reading time\" \/>\n\t<meta name=\"twitter:data1\" content=\"1 minute\" \/>\n<script type=\"application\/ld+json\" class=\"yoast-schema-graph\">{\"@context\":\"https:\/\/schema.org\",\"@graph\":[{\"@type\":\"WebPage\",\"@id\":\"https:\/\/rad-pal.com.pl\/sklep\/dom-i-ogrod\/ogrod\/doniczki-i-pojemniki\/doniczki\/doniczka-metal-czarny-odcienie-brazu-i-bezu-relaxdays-31-cm-x-31-x-50-cm\/\",\"url\":\"https:\/\/rad-pal.com.pl\/sklep\/dom-i-ogrod\/ogrod\/doniczki-i-pojemniki\/doniczki\/doniczka-metal-czarny-odcienie-brazu-i-bezu-relaxdays-31-cm-x-31-x-50-cm\/\",\"name\":\"Doniczka metal czarny, odcienie br\u0105zu i be\u017cu Relaxdays 31 cm x 31 x 50 cm - Rad-Pal\",\"isPartOf\":{\"@id\":\"https:\/\/rad-pal.com.pl\/#website\"},\"primaryImageOfPage\":{\"@id\":\"https:\/\/rad-pal.com.pl\/sklep\/dom-i-ogrod\/ogrod\/doniczki-i-pojemniki\/doniczki\/doniczka-metal-czarny-odcienie-brazu-i-bezu-relaxdays-31-cm-x-31-x-50-cm\/#primaryimage\"},\"image\":{\"@id\":\"https:\/\/rad-pal.com.pl\/sklep\/dom-i-ogrod\/ogrod\/doniczki-i-pojemniki\/doniczki\/doniczka-metal-czarny-odcienie-brazu-i-bezu-relaxdays-31-cm-x-31-x-50-cm\/#primaryimage\"},\"thumbnailUrl\":\"https:\/\/rad-pal.com.pl\/wp-content\/uploads\/2026\/02\/0a76ae5bb2e926b67f1002c2d65a74c5-1.jpg\",\"datePublished\":\"2026-02-19T13:08:40+00:00\",\"dateModified\":\"2026-02-19T13:38:55+00:00\",\"breadcrumb\":{\"@id\":\"https:\/\/rad-pal.com.pl\/sklep\/dom-i-ogrod\/ogrod\/doniczki-i-pojemniki\/doniczki\/doniczka-metal-czarny-odcienie-brazu-i-bezu-relaxdays-31-cm-x-31-x-50-cm\/#breadcrumb\"},\"inLanguage\":\"en-GB\",\"potentialAction\":[{\"@type\":\"ReadAction\",\"target\":[\"https:\/\/rad-pal.com.pl\/sklep\/dom-i-ogrod\/ogrod\/doniczki-i-pojemniki\/doniczki\/doniczka-metal-czarny-odcienie-brazu-i-bezu-relaxdays-31-cm-x-31-x-50-cm\/\"]}]},{\"@type\":\"ImageObject\",\"inLanguage\":\"en-GB\",\"@id\":\"https:\/\/rad-pal.com.pl\/sklep\/dom-i-ogrod\/ogrod\/doniczki-i-pojemniki\/doniczki\/doniczka-metal-czarny-odcienie-brazu-i-bezu-relaxdays-31-cm-x-31-x-50-cm\/#primaryimage\",\"url\":\"https:\/\/rad-pal.com.pl\/wp-content\/uploads\/2026\/02\/0a76ae5bb2e926b67f1002c2d65a74c5-1.jpg\",\"contentUrl\":\"https:\/\/rad-pal.com.pl\/wp-content\/uploads\/2026\/02\/0a76ae5bb2e926b67f1002c2d65a74c5-1.jpg\",\"width\":2048,\"height\":2048,\"caption\":\"c3c066b462bc64b8adcf3d125b898548\"},{\"@type\":\"BreadcrumbList\",\"@id\":\"https:\/\/rad-pal.com.pl\/sklep\/dom-i-ogrod\/ogrod\/doniczki-i-pojemniki\/doniczki\/doniczka-metal-czarny-odcienie-brazu-i-bezu-relaxdays-31-cm-x-31-x-50-cm\/#breadcrumb\",\"itemListElement\":[{\"@type\":\"ListItem\",\"position\":1,\"name\":\"Strona g\u0142\u00f3wna\",\"item\":\"https:\/\/rad-pal.com.pl\/\"},{\"@type\":\"ListItem\",\"position\":2,\"name\":\"Sklep\",\"item\":\"https:\/\/rad-pal.com.pl\/sklep\/\"},{\"@type\":\"ListItem\",\"position\":3,\"name\":\"Doniczka metal czarny, odcienie br\u0105zu i be\u017cu Relaxdays 31 cm x 31 x 50 cm\"}]},{\"@type\":\"WebSite\",\"@id\":\"https:\/\/rad-pal.com.pl\/#website\",\"url\":\"https:\/\/rad-pal.com.pl\/\",\"name\":\"Rad-Pal\",\"description\":\"\",\"publisher\":{\"@id\":\"https:\/\/rad-pal.com.pl\/#organization\"},\"potentialAction\":[{\"@type\":\"SearchAction\",\"target\":{\"@type\":\"EntryPoint\",\"urlTemplate\":\"https:\/\/rad-pal.com.pl\/?s={search_term_string}\"},\"query-input\":{\"@type\":\"PropertyValueSpecification\",\"valueRequired\":true,\"valueName\":\"search_term_string\"}}],\"inLanguage\":\"en-GB\"},{\"@type\":\"Organization\",\"@id\":\"https:\/\/rad-pal.com.pl\/#organization\",\"name\":\"Rad-Pal\",\"url\":\"https:\/\/rad-pal.com.pl\/\",\"logo\":{\"@type\":\"ImageObject\",\"inLanguage\":\"en-GB\",\"@id\":\"https:\/\/rad-pal.com.pl\/#\/schema\/logo\/image\/\",\"url\":\"https:\/\/rad-pal.com.pl\/wp-content\/uploads\/2026\/03\/Projekt-bez-nazwy-30.webp\",\"contentUrl\":\"https:\/\/rad-pal.com.pl\/wp-content\/uploads\/2026\/03\/Projekt-bez-nazwy-30.webp\",\"width\":600,\"height\":210,\"caption\":\"Rad-Pal\"},\"image\":{\"@id\":\"https:\/\/rad-pal.com.pl\/#\/schema\/logo\/image\/\"}}]}<\/script>\n<!-- \/ Yoast SEO plugin. -->","yoast_head_json":{"title":"Doniczka metal czarny, odcienie br\u0105zu i be\u017cu Relaxdays 31 cm x 31 x 50 cm - Rad-Pal","robots":{"index":"index","follow":"follow","max-snippet":"max-snippet:-1","max-image-preview":"max-image-preview:large","max-video-preview":"max-video-preview:-1"},"canonical":"https:\/\/rad-pal.com.pl\/en\/sklep\/dom-i-ogrod\/ogrod\/doniczki-i-pojemniki\/doniczki\/doniczka-metal-czarny-odcienie-brazu-i-bezu-relaxdays-31-cm-x-31-x-50-cm\/","og_locale":"en_GB","og_type":"article","og_title":"Doniczka metal czarny, odcienie br\u0105zu i be\u017cu Relaxdays 31 cm x 31 x 50 cm - Rad-Pal","og_description":"Zestaw 3 wisz\u0105cych koszy z wk\u0142adk\u0105 kokosow\u0105 Zestaw 3 wisz\u0105cych doniczek z wk\u0142adk\u0105 kokosow\u0105. Do zawieszania ro\u015blin, takich jak bluszcz,","og_url":"https:\/\/rad-pal.com.pl\/en\/sklep\/dom-i-ogrod\/ogrod\/doniczki-i-pojemniki\/doniczki\/doniczka-metal-czarny-odcienie-brazu-i-bezu-relaxdays-31-cm-x-31-x-50-cm\/","og_site_name":"Rad-Pal","article_modified_time":"2026-02-19T13:38:55+00:00","og_image":[{"width":2048,"height":2048,"url":"https:\/\/rad-pal.com.pl\/wp-content\/uploads\/2026\/02\/0a76ae5bb2e926b67f1002c2d65a74c5.jpg","type":"image\/jpeg"}],"twitter_card":"summary_large_image","twitter_misc":{"Estimated reading time":"1 minute"},"schema":{"@context":"https:\/\/schema.org","@graph":[{"@type":"WebPage","@id":"https:\/\/rad-pal.com.pl\/sklep\/dom-i-ogrod\/ogrod\/doniczki-i-pojemniki\/doniczki\/doniczka-metal-czarny-odcienie-brazu-i-bezu-relaxdays-31-cm-x-31-x-50-cm\/","url":"https:\/\/rad-pal.com.pl\/sklep\/dom-i-ogrod\/ogrod\/doniczki-i-pojemniki\/doniczki\/doniczka-metal-czarny-odcienie-brazu-i-bezu-relaxdays-31-cm-x-31-x-50-cm\/","name":"Doniczka metal czarny, odcienie br\u0105zu i be\u017cu Relaxdays 31 cm x 31 x 50 cm - Rad-Pal","isPartOf":{"@id":"https:\/\/rad-pal.com.pl\/#website"},"primaryImageOfPage":{"@id":"https:\/\/rad-pal.com.pl\/sklep\/dom-i-ogrod\/ogrod\/doniczki-i-pojemniki\/doniczki\/doniczka-metal-czarny-odcienie-brazu-i-bezu-relaxdays-31-cm-x-31-x-50-cm\/#primaryimage"},"image":{"@id":"https:\/\/rad-pal.com.pl\/sklep\/dom-i-ogrod\/ogrod\/doniczki-i-pojemniki\/doniczki\/doniczka-metal-czarny-odcienie-brazu-i-bezu-relaxdays-31-cm-x-31-x-50-cm\/#primaryimage"},"thumbnailUrl":"https:\/\/rad-pal.com.pl\/wp-content\/uploads\/2026\/02\/0a76ae5bb2e926b67f1002c2d65a74c5-1.jpg","datePublished":"2026-02-19T13:08:40+00:00","dateModified":"2026-02-19T13:38:55+00:00","breadcrumb":{"@id":"https:\/\/rad-pal.com.pl\/sklep\/dom-i-ogrod\/ogrod\/doniczki-i-pojemniki\/doniczki\/doniczka-metal-czarny-odcienie-brazu-i-bezu-relaxdays-31-cm-x-31-x-50-cm\/#breadcrumb"},"inLanguage":"en-GB","potentialAction":[{"@type":"ReadAction","target":["https:\/\/rad-pal.com.pl\/sklep\/dom-i-ogrod\/ogrod\/doniczki-i-pojemniki\/doniczki\/doniczka-metal-czarny-odcienie-brazu-i-bezu-relaxdays-31-cm-x-31-x-50-cm\/"]}]},{"@type":"ImageObject","inLanguage":"en-GB","@id":"https:\/\/rad-pal.com.pl\/sklep\/dom-i-ogrod\/ogrod\/doniczki-i-pojemniki\/doniczki\/doniczka-metal-czarny-odcienie-brazu-i-bezu-relaxdays-31-cm-x-31-x-50-cm\/#primaryimage","url":"https:\/\/rad-pal.com.pl\/wp-content\/uploads\/2026\/02\/0a76ae5bb2e926b67f1002c2d65a74c5-1.jpg","contentUrl":"https:\/\/rad-pal.com.pl\/wp-content\/uploads\/2026\/02\/0a76ae5bb2e926b67f1002c2d65a74c5-1.jpg","width":2048,"height":2048,"caption":"c3c066b462bc64b8adcf3d125b898548"},{"@type":"BreadcrumbList","@id":"https:\/\/rad-pal.com.pl\/sklep\/dom-i-ogrod\/ogrod\/doniczki-i-pojemniki\/doniczki\/doniczka-metal-czarny-odcienie-brazu-i-bezu-relaxdays-31-cm-x-31-x-50-cm\/#breadcrumb","itemListElement":[{"@type":"ListItem","position":1,"name":"Strona g\u0142\u00f3wna","item":"https:\/\/rad-pal.com.pl\/"},{"@type":"ListItem","position":2,"name":"Sklep","item":"https:\/\/rad-pal.com.pl\/sklep\/"},{"@type":"ListItem","position":3,"name":"Doniczka metal czarny, odcienie br\u0105zu i be\u017cu Relaxdays 31 cm x 31 x 50 cm"}]},{"@type":"WebSite","@id":"https:\/\/rad-pal.com.pl\/#website","url":"https:\/\/rad-pal.com.pl\/","name":"Rad-Pal","description":"","publisher":{"@id":"https:\/\/rad-pal.com.pl\/#organization"},"potentialAction":[{"@type":"SearchAction","target":{"@type":"EntryPoint","urlTemplate":"https:\/\/rad-pal.com.pl\/?s={search_term_string}"},"query-input":{"@type":"PropertyValueSpecification","valueRequired":true,"valueName":"search_term_string"}}],"inLanguage":"en-GB"},{"@type":"Organization","@id":"https:\/\/rad-pal.com.pl\/#organization","name":"Rad-Pal","url":"https:\/\/rad-pal.com.pl\/","logo":{"@type":"ImageObject","inLanguage":"en-GB","@id":"https:\/\/rad-pal.com.pl\/#\/schema\/logo\/image\/","url":"https:\/\/rad-pal.com.pl\/wp-content\/uploads\/2026\/03\/Projekt-bez-nazwy-30.webp","contentUrl":"https:\/\/rad-pal.com.pl\/wp-content\/uploads\/2026\/03\/Projekt-bez-nazwy-30.webp","width":600,"height":210,"caption":"Rad-Pal"},"image":{"@id":"https:\/\/rad-pal.com.pl\/#\/schema\/logo\/image\/"}}]}},"_links":{"self":[{"href":"https:\/\/rad-pal.com.pl\/en\/wp-json\/wp\/v2\/product\/30501","targetHints":{"allow":["GET"]}}],"collection":[{"href":"https:\/\/rad-pal.com.pl\/en\/wp-json\/wp\/v2\/product"}],"about":[{"href":"https:\/\/rad-pal.com.pl\/en\/wp-json\/wp\/v2\/types\/product"}],"version-history":[{"count":0,"href":"https:\/\/rad-pal.com.pl\/en\/wp-json\/wp\/v2\/product\/30501\/revisions"}],"wp:featuredmedia":[{"embeddable":true,"href":"https:\/\/rad-pal.com.pl\/en\/wp-json\/wp\/v2\/media\/30502"}],"wp:attachment":[{"href":"https:\/\/rad-pal.com.pl\/en\/wp-json\/wp\/v2\/media?parent=30501"}],"wp:term":[{"taxonomy":"product_brand","embeddable":true,"href":"https:\/\/rad-pal.com.pl\/en\/wp-json\/wp\/v2\/product_brand?post=30501"},{"taxonomy":"product_cat","embeddable":true,"href":"https:\/\/rad-pal.com.pl\/en\/wp-json\/wp\/v2\/product_cat?post=30501"},{"taxonomy":"product_tag","embeddable":true,"href":"https:\/\/rad-pal.com.pl\/en\/wp-json\/wp\/v2\/product_tag?post=30501"}],"curies":[{"name":"wp","href":"https:\/\/api.w.org\/{rel}","templated":true}]}}