{"id":30671,"date":"2026-02-19T14:17:09","date_gmt":"2026-02-19T13:17:09","guid":{"rendered":"https:\/\/rad-pal.com.pl\/sklep\/bez-kategorii\/skrzynia-relaxdays-76-x-38-x-34-cm-0l-odcienie-niebieskiego\/"},"modified":"2026-02-19T14:40:01","modified_gmt":"2026-02-19T13:40:01","slug":"skrzynia-relaxdays-76-x-38-x-34-cm-0l-odcienie-niebieskiego","status":"publish","type":"product","link":"https:\/\/rad-pal.com.pl\/en\/sklep\/dom-i-ogrod\/meble\/przedpokoj\/lawki\/skrzynia-relaxdays-76-x-38-x-34-cm-0l-odcienie-niebieskiego\/","title":{"rendered":"Skrzynia Relaxdays 76 x 38 x 34 cm 0l odcienie niebieskiego"},"content":{"rendered":"<section class=\"section\">\n<div class=\"item item-6\">\n<section class=\"image-item\"><img decoding=\"async\" src=\"https:\/\/upload.cdn.baselinker.com\/products\/6014502\/36964ca2d43d784fb9f08c66ce2dc206.jpg\" \/><\/section>\n<\/p><\/div>\n<div class=\"item item-6\">\n<section class=\"text-item\">\n<h2>Sk\u0142adana \u0142awka z drewnianymi nogami<\/h2>\n<p>Dzi\u0119ki tej zach\u0119caj\u0105cej \u0142awce zyskujesz nie tylko przytulne miejsce do siedzenia, ale tak\u017ce dodatkow\u0105 przestrze\u0144 do przechowywania w swoich czterech \u015bcianach. Praktyczne siedzisko pokryte jest mi\u0119kkim aksamitem i stoi stabilnie na 4 solidnych drewnianych n\u00f3\u017ckach. Pod zdejmowan\u0105 pokryw\u0105 znajduje si\u0119 pojemny schowek.<\/p>\n<\/section><\/div>\n<\/section>\n<section class=\"section\">\n<div class=\"item item-6\">\n<section class=\"text-item\">\n<h2>\u0141awka do przedpokoju z miejscem do przechowywania<\/h2>\n<ul>\n<li>Przytulne siedzisko do przedpokoju, pokoju m\u0142odzie\u017cowego itp.<\/li>\n<li>Du\u017ca przestrze\u0144 do przechowywania w sypialni, salonie itp.<\/li>\n<li>Ponadczasowa \u0142awka dzi\u0119ki nietypowej mieszance materia\u0142\u00f3w<\/li>\n<li>Stabilna, tapicerowana \u0142awka zapewniaj\u0105ca najwy\u017cszy komfort siedzenia<\/li>\n<li>Oszcz\u0119dno\u015b\u0107 miejsca na przechowywanie po\u015bcieli, koc\u00f3w lub zabawek<\/li>\n<li>Sk\u0142adan\u0105 \u0142awk\u0119 do szafy mo\u017cna szybko zdemontowa\u0107, gdy nie jest u\u017cywana<\/li>\n<\/ul>\n<\/section><\/div>\n<div class=\"item item-6\">\n<section class=\"image-item\"><img decoding=\"async\" src=\"https:\/\/upload.cdn.baselinker.com\/products\/6014502\/fdd6c98cf717138208626ecbe585fec4.jpg\" \/><\/section>\n<\/p><\/div>\n<\/section>\n<section class=\"section\">\n<div class=\"item item-6\">\n<section class=\"image-item\"><img decoding=\"async\" src=\"https:\/\/upload.cdn.baselinker.com\/products\/6014502\/035dae156d6c001362d441b97640c8d2.jpg\" \/><\/section>\n<\/p><\/div>\n<div class=\"item item-6\">\n<section class=\"text-item\">\n<h2>Komoda do siedzenia w skr\u00f3cie<\/h2>\n<ul>\n<li>Wymiary wys. x szer. x g\u0142.: ok. 34 x 76 x 38 cm<\/li>\n<li>Schowek wys. x szer. x g\u0142.: ok. 25 x 72,5 x 34,5 cm<\/li>\n<li>No\u015bno\u015b\u0107: ok. 120 kg<\/li>\n<li>Masa w\u0142asna: ok. 5,3 kg<\/li>\n<li>Materia\u0142y: aksamit, pianka, drewno, MDF<\/li>\n<\/ul>\n<\/section><\/div>\n<\/section>\n<section class=\"section\">\n<div class=\"item item-12\">\n<section class=\"text-item\">\n<p>15<\/p>\n<\/section><\/div>\n<\/section>","protected":false},"excerpt":{"rendered":"<p>Sk\u0142adana \u0142awka z drewnianymi nogami Dzi\u0119ki tej zach\u0119caj\u0105cej \u0142awce zyskujesz nie tylko przytulne miejsce do siedzenia, ale tak\u017ce dodatkow\u0105 przestrze\u0144<\/p>","protected":false},"featured_media":30664,"template":"","meta":[],"product_brand":[],"product_cat":[86,188,94,150],"product_tag":[],"class_list":{"0":"post-30671","1":"product","2":"type-product","3":"status-publish","4":"has-post-thumbnail","6":"product_cat-dom-i-ogrod","7":"product_cat-lawki","8":"product_cat-meble","9":"product_cat-przedpokoj","11":"first","12":"instock","13":"taxable","14":"shipping-taxable","15":"purchasable","16":"product-type-simple"},"yoast_head":"<!-- This site is optimized with the Yoast SEO plugin v25.7 - https:\/\/yoast.com\/wordpress\/plugins\/seo\/ -->\n<title>Skrzynia Relaxdays 76 x 38 x 34 cm 0l odcienie niebieskiego - Rad-Pal<\/title>\n<meta name=\"robots\" content=\"index, follow, max-snippet:-1, max-image-preview:large, max-video-preview:-1\" \/>\n<link rel=\"canonical\" href=\"https:\/\/rad-pal.com.pl\/en\/sklep\/bez-kategorii\/skrzynia-relaxdays-76-x-38-x-34-cm-0l-odcienie-niebieskiego\/\" \/>\n<meta property=\"og:locale\" content=\"en_GB\" \/>\n<meta property=\"og:type\" content=\"article\" \/>\n<meta property=\"og:title\" content=\"Skrzynia Relaxdays 76 x 38 x 34 cm 0l odcienie niebieskiego - Rad-Pal\" \/>\n<meta property=\"og:description\" content=\"Sk\u0142adana \u0142awka z drewnianymi nogami Dzi\u0119ki tej zach\u0119caj\u0105cej \u0142awce zyskujesz nie tylko przytulne miejsce do siedzenia, ale tak\u017ce dodatkow\u0105 przestrze\u0144\" \/>\n<meta property=\"og:url\" content=\"https:\/\/rad-pal.com.pl\/en\/sklep\/bez-kategorii\/skrzynia-relaxdays-76-x-38-x-34-cm-0l-odcienie-niebieskiego\/\" \/>\n<meta property=\"og:site_name\" content=\"Rad-Pal\" \/>\n<meta property=\"article:modified_time\" content=\"2026-02-19T13:40:01+00:00\" \/>\n<meta property=\"og:image\" content=\"https:\/\/upload.cdn.baselinker.com\/products\/6014502\/36964ca2d43d784fb9f08c66ce2dc206.jpg\" \/>\n<meta name=\"twitter:card\" content=\"summary_large_image\" \/>\n<meta name=\"twitter:label1\" content=\"Estimated reading time\" \/>\n\t<meta name=\"twitter:data1\" content=\"1 minute\" \/>\n<script type=\"application\/ld+json\" class=\"yoast-schema-graph\">{\"@context\":\"https:\/\/schema.org\",\"@graph\":[{\"@type\":\"WebPage\",\"@id\":\"https:\/\/rad-pal.com.pl\/sklep\/bez-kategorii\/skrzynia-relaxdays-76-x-38-x-34-cm-0l-odcienie-niebieskiego\/\",\"url\":\"https:\/\/rad-pal.com.pl\/sklep\/bez-kategorii\/skrzynia-relaxdays-76-x-38-x-34-cm-0l-odcienie-niebieskiego\/\",\"name\":\"Skrzynia Relaxdays 76 x 38 x 34 cm 0l odcienie niebieskiego - Rad-Pal\",\"isPartOf\":{\"@id\":\"https:\/\/rad-pal.com.pl\/#website\"},\"primaryImageOfPage\":{\"@id\":\"https:\/\/rad-pal.com.pl\/sklep\/bez-kategorii\/skrzynia-relaxdays-76-x-38-x-34-cm-0l-odcienie-niebieskiego\/#primaryimage\"},\"image\":{\"@id\":\"https:\/\/rad-pal.com.pl\/sklep\/bez-kategorii\/skrzynia-relaxdays-76-x-38-x-34-cm-0l-odcienie-niebieskiego\/#primaryimage\"},\"thumbnailUrl\":\"https:\/\/rad-pal.com.pl\/wp-content\/uploads\/2026\/02\/36964ca2d43d784fb9f08c66ce2dc206.jpg\",\"datePublished\":\"2026-02-19T13:17:09+00:00\",\"dateModified\":\"2026-02-19T13:40:01+00:00\",\"breadcrumb\":{\"@id\":\"https:\/\/rad-pal.com.pl\/sklep\/bez-kategorii\/skrzynia-relaxdays-76-x-38-x-34-cm-0l-odcienie-niebieskiego\/#breadcrumb\"},\"inLanguage\":\"en-GB\",\"potentialAction\":[{\"@type\":\"ReadAction\",\"target\":[\"https:\/\/rad-pal.com.pl\/sklep\/bez-kategorii\/skrzynia-relaxdays-76-x-38-x-34-cm-0l-odcienie-niebieskiego\/\"]}]},{\"@type\":\"ImageObject\",\"inLanguage\":\"en-GB\",\"@id\":\"https:\/\/rad-pal.com.pl\/sklep\/bez-kategorii\/skrzynia-relaxdays-76-x-38-x-34-cm-0l-odcienie-niebieskiego\/#primaryimage\",\"url\":\"https:\/\/rad-pal.com.pl\/wp-content\/uploads\/2026\/02\/36964ca2d43d784fb9f08c66ce2dc206.jpg\",\"contentUrl\":\"https:\/\/rad-pal.com.pl\/wp-content\/uploads\/2026\/02\/36964ca2d43d784fb9f08c66ce2dc206.jpg\",\"width\":867,\"height\":505,\"caption\":\"e68e453e271b093f7de245cfec552a05\"},{\"@type\":\"BreadcrumbList\",\"@id\":\"https:\/\/rad-pal.com.pl\/sklep\/bez-kategorii\/skrzynia-relaxdays-76-x-38-x-34-cm-0l-odcienie-niebieskiego\/#breadcrumb\",\"itemListElement\":[{\"@type\":\"ListItem\",\"position\":1,\"name\":\"Strona g\u0142\u00f3wna\",\"item\":\"https:\/\/rad-pal.com.pl\/\"},{\"@type\":\"ListItem\",\"position\":2,\"name\":\"Sklep\",\"item\":\"https:\/\/rad-pal.com.pl\/sklep\/\"},{\"@type\":\"ListItem\",\"position\":3,\"name\":\"Skrzynia Relaxdays 76 x 38 x 34 cm 0l odcienie niebieskiego\"}]},{\"@type\":\"WebSite\",\"@id\":\"https:\/\/rad-pal.com.pl\/#website\",\"url\":\"https:\/\/rad-pal.com.pl\/\",\"name\":\"Rad-Pal\",\"description\":\"\",\"publisher\":{\"@id\":\"https:\/\/rad-pal.com.pl\/#organization\"},\"potentialAction\":[{\"@type\":\"SearchAction\",\"target\":{\"@type\":\"EntryPoint\",\"urlTemplate\":\"https:\/\/rad-pal.com.pl\/?s={search_term_string}\"},\"query-input\":{\"@type\":\"PropertyValueSpecification\",\"valueRequired\":true,\"valueName\":\"search_term_string\"}}],\"inLanguage\":\"en-GB\"},{\"@type\":\"Organization\",\"@id\":\"https:\/\/rad-pal.com.pl\/#organization\",\"name\":\"Rad-Pal\",\"url\":\"https:\/\/rad-pal.com.pl\/\",\"logo\":{\"@type\":\"ImageObject\",\"inLanguage\":\"en-GB\",\"@id\":\"https:\/\/rad-pal.com.pl\/#\/schema\/logo\/image\/\",\"url\":\"https:\/\/rad-pal.com.pl\/wp-content\/uploads\/2026\/03\/Projekt-bez-nazwy-30.webp\",\"contentUrl\":\"https:\/\/rad-pal.com.pl\/wp-content\/uploads\/2026\/03\/Projekt-bez-nazwy-30.webp\",\"width\":600,\"height\":210,\"caption\":\"Rad-Pal\"},\"image\":{\"@id\":\"https:\/\/rad-pal.com.pl\/#\/schema\/logo\/image\/\"}}]}<\/script>\n<!-- \/ Yoast SEO plugin. -->","yoast_head_json":{"title":"Skrzynia Relaxdays 76 x 38 x 34 cm 0l odcienie niebieskiego - Rad-Pal","robots":{"index":"index","follow":"follow","max-snippet":"max-snippet:-1","max-image-preview":"max-image-preview:large","max-video-preview":"max-video-preview:-1"},"canonical":"https:\/\/rad-pal.com.pl\/en\/sklep\/bez-kategorii\/skrzynia-relaxdays-76-x-38-x-34-cm-0l-odcienie-niebieskiego\/","og_locale":"en_GB","og_type":"article","og_title":"Skrzynia Relaxdays 76 x 38 x 34 cm 0l odcienie niebieskiego - Rad-Pal","og_description":"Sk\u0142adana \u0142awka z drewnianymi nogami Dzi\u0119ki tej zach\u0119caj\u0105cej \u0142awce zyskujesz nie tylko przytulne miejsce do siedzenia, ale tak\u017ce dodatkow\u0105 przestrze\u0144","og_url":"https:\/\/rad-pal.com.pl\/en\/sklep\/bez-kategorii\/skrzynia-relaxdays-76-x-38-x-34-cm-0l-odcienie-niebieskiego\/","og_site_name":"Rad-Pal","article_modified_time":"2026-02-19T13:40:01+00:00","og_image":[{"url":"https:\/\/upload.cdn.baselinker.com\/products\/6014502\/36964ca2d43d784fb9f08c66ce2dc206.jpg","type":"","width":"","height":""}],"twitter_card":"summary_large_image","twitter_misc":{"Estimated reading time":"1 minute"},"schema":{"@context":"https:\/\/schema.org","@graph":[{"@type":"WebPage","@id":"https:\/\/rad-pal.com.pl\/sklep\/bez-kategorii\/skrzynia-relaxdays-76-x-38-x-34-cm-0l-odcienie-niebieskiego\/","url":"https:\/\/rad-pal.com.pl\/sklep\/bez-kategorii\/skrzynia-relaxdays-76-x-38-x-34-cm-0l-odcienie-niebieskiego\/","name":"Skrzynia Relaxdays 76 x 38 x 34 cm 0l odcienie niebieskiego - Rad-Pal","isPartOf":{"@id":"https:\/\/rad-pal.com.pl\/#website"},"primaryImageOfPage":{"@id":"https:\/\/rad-pal.com.pl\/sklep\/bez-kategorii\/skrzynia-relaxdays-76-x-38-x-34-cm-0l-odcienie-niebieskiego\/#primaryimage"},"image":{"@id":"https:\/\/rad-pal.com.pl\/sklep\/bez-kategorii\/skrzynia-relaxdays-76-x-38-x-34-cm-0l-odcienie-niebieskiego\/#primaryimage"},"thumbnailUrl":"https:\/\/rad-pal.com.pl\/wp-content\/uploads\/2026\/02\/36964ca2d43d784fb9f08c66ce2dc206.jpg","datePublished":"2026-02-19T13:17:09+00:00","dateModified":"2026-02-19T13:40:01+00:00","breadcrumb":{"@id":"https:\/\/rad-pal.com.pl\/sklep\/bez-kategorii\/skrzynia-relaxdays-76-x-38-x-34-cm-0l-odcienie-niebieskiego\/#breadcrumb"},"inLanguage":"en-GB","potentialAction":[{"@type":"ReadAction","target":["https:\/\/rad-pal.com.pl\/sklep\/bez-kategorii\/skrzynia-relaxdays-76-x-38-x-34-cm-0l-odcienie-niebieskiego\/"]}]},{"@type":"ImageObject","inLanguage":"en-GB","@id":"https:\/\/rad-pal.com.pl\/sklep\/bez-kategorii\/skrzynia-relaxdays-76-x-38-x-34-cm-0l-odcienie-niebieskiego\/#primaryimage","url":"https:\/\/rad-pal.com.pl\/wp-content\/uploads\/2026\/02\/36964ca2d43d784fb9f08c66ce2dc206.jpg","contentUrl":"https:\/\/rad-pal.com.pl\/wp-content\/uploads\/2026\/02\/36964ca2d43d784fb9f08c66ce2dc206.jpg","width":867,"height":505,"caption":"e68e453e271b093f7de245cfec552a05"},{"@type":"BreadcrumbList","@id":"https:\/\/rad-pal.com.pl\/sklep\/bez-kategorii\/skrzynia-relaxdays-76-x-38-x-34-cm-0l-odcienie-niebieskiego\/#breadcrumb","itemListElement":[{"@type":"ListItem","position":1,"name":"Strona g\u0142\u00f3wna","item":"https:\/\/rad-pal.com.pl\/"},{"@type":"ListItem","position":2,"name":"Sklep","item":"https:\/\/rad-pal.com.pl\/sklep\/"},{"@type":"ListItem","position":3,"name":"Skrzynia Relaxdays 76 x 38 x 34 cm 0l odcienie niebieskiego"}]},{"@type":"WebSite","@id":"https:\/\/rad-pal.com.pl\/#website","url":"https:\/\/rad-pal.com.pl\/","name":"Rad-Pal","description":"","publisher":{"@id":"https:\/\/rad-pal.com.pl\/#organization"},"potentialAction":[{"@type":"SearchAction","target":{"@type":"EntryPoint","urlTemplate":"https:\/\/rad-pal.com.pl\/?s={search_term_string}"},"query-input":{"@type":"PropertyValueSpecification","valueRequired":true,"valueName":"search_term_string"}}],"inLanguage":"en-GB"},{"@type":"Organization","@id":"https:\/\/rad-pal.com.pl\/#organization","name":"Rad-Pal","url":"https:\/\/rad-pal.com.pl\/","logo":{"@type":"ImageObject","inLanguage":"en-GB","@id":"https:\/\/rad-pal.com.pl\/#\/schema\/logo\/image\/","url":"https:\/\/rad-pal.com.pl\/wp-content\/uploads\/2026\/03\/Projekt-bez-nazwy-30.webp","contentUrl":"https:\/\/rad-pal.com.pl\/wp-content\/uploads\/2026\/03\/Projekt-bez-nazwy-30.webp","width":600,"height":210,"caption":"Rad-Pal"},"image":{"@id":"https:\/\/rad-pal.com.pl\/#\/schema\/logo\/image\/"}}]}},"_links":{"self":[{"href":"https:\/\/rad-pal.com.pl\/en\/wp-json\/wp\/v2\/product\/30671","targetHints":{"allow":["GET"]}}],"collection":[{"href":"https:\/\/rad-pal.com.pl\/en\/wp-json\/wp\/v2\/product"}],"about":[{"href":"https:\/\/rad-pal.com.pl\/en\/wp-json\/wp\/v2\/types\/product"}],"version-history":[{"count":0,"href":"https:\/\/rad-pal.com.pl\/en\/wp-json\/wp\/v2\/product\/30671\/revisions"}],"wp:featuredmedia":[{"embeddable":true,"href":"https:\/\/rad-pal.com.pl\/en\/wp-json\/wp\/v2\/media\/30664"}],"wp:attachment":[{"href":"https:\/\/rad-pal.com.pl\/en\/wp-json\/wp\/v2\/media?parent=30671"}],"wp:term":[{"taxonomy":"product_brand","embeddable":true,"href":"https:\/\/rad-pal.com.pl\/en\/wp-json\/wp\/v2\/product_brand?post=30671"},{"taxonomy":"product_cat","embeddable":true,"href":"https:\/\/rad-pal.com.pl\/en\/wp-json\/wp\/v2\/product_cat?post=30671"},{"taxonomy":"product_tag","embeddable":true,"href":"https:\/\/rad-pal.com.pl\/en\/wp-json\/wp\/v2\/product_tag?post=30671"}],"curies":[{"name":"wp","href":"https:\/\/api.w.org\/{rel}","templated":true}]}}