{"id":30958,"date":"2026-02-19T14:29:47","date_gmt":"2026-02-19T13:29:47","guid":{"rendered":"https:\/\/rad-pal.com.pl\/sklep\/bez-kategorii\/relaxdays-markiza-rozporowa-tarasowa-szara-250x120cm\/"},"modified":"2026-02-19T15:25:10","modified_gmt":"2026-02-19T14:25:10","slug":"relaxdays-markiza-rozporowa-tarasowa-szara-250x120cm","status":"publish","type":"product","link":"https:\/\/rad-pal.com.pl\/en\/sklep\/dom-i-ogrod\/ogrod\/markizy-oslony-maty\/relaxdays-markiza-rozporowa-tarasowa-szara-250x120cm\/","title":{"rendered":"RELAXDAYS &#8211; MARKIZA ROZPOROWA TARASOWA SZARA 250x120CM"},"content":{"rendered":"<section class=\"section\">\n<div class=\"item item-12\">\n<section class=\"text-item\">\n<p>RELAXDAYS &#8211; MARKIZA ROZPOROWA TARASOWA SZARA 250x120CM<\/p>\n<\/section><\/div>\n<\/section>\n<section class=\"section\">\n<div class=\"item item-6\">\n<section class=\"image-item\"><img decoding=\"async\" src=\"https:\/\/upload.cdn.baselinker.com\/products\/6014502\/b28a60a2ad191d5f7f7eb43891d4a08d.jpg\" \/><\/section>\n<\/p><\/div>\n<div class=\"item item-6\">\n<section class=\"text-item\">\n<ul>\n<li>Regulacja wysoko\u015bci<\/li>\n<li>Monta\u017c bez wiercenia<\/li>\n<li>Ochrona przed s\u0142o\u0144cem<\/li>\n<li>Mechanizm korbowy<\/li>\n<\/ul>\n<\/section><\/div>\n<\/section>\n<section class=\"section\">\n<div class=\"item item-12\">\n<section class=\"text-item\">\n<h2>Markiza przeciws\u0142oneczna na Tw\u00f3j balkon<\/h2>\n<p>Uwielbiasz s\u0142oneczne lato, ale nie chcesz bez ko\u0144ca poci\u0107 si\u0119 i mru\u017cy\u0107 oczu podczas jedzenia lub czytania na balkonie? Nasza markiza tarasowa jest w\u0142a\u015bnie dla Ciebie! Dzi\u0119ki jej w\u0142a\u015bciwo\u015bciom przeciws\u0142onecznym mo\u017cesz w pe\u0142ni cieszy\u0107 si\u0119 latem, a przelotny deszcz nie zmusi Ci\u0119 ju\u017c nigdy do chowania si\u0119 w domu. Nasz\u0105 markiz\u0119 rozporow\u0105 montuje si\u0119 z \u0142atwo\u015bci\u0105 &#8211; bez konieczno\u015bci wiercenia. Ta markiza zewn\u0119trzna w kolorze szarym nadaje si\u0119 \u015bwietnie na balkon, taras i do ogrodu.<\/p>\n<\/section><\/div>\n<\/section>\n<section class=\"section\">\n<div class=\"item item-6\">\n<section class=\"image-item\"><img decoding=\"async\" src=\"https:\/\/upload.cdn.baselinker.com\/products\/6014502\/1000f9842cb74200c1b81117be8e121e.jpg\" \/><\/section>\n<\/p><\/div>\n<div class=\"item item-6\">\n<section class=\"text-item\">\n<h2>Markiza tarasowa do samodzielnego monta\u017cu<\/h2>\n<ul>\n<li>Rozporowa, montowana bez konieczno\u015bci wiercenia<\/li>\n<li>Niepowoduj\u0105ca uszkodze\u0144 powierzchni, do kt\u00f3rych jest montowana<\/li>\n<li>Gumowe zabezpieczenia w g\u00f3rnej i dolnej cz\u0119\u015bci ramy<\/li>\n<li>Stopniowa regulacja wysoko\u015bci i k\u0105ta nachylenia<\/li>\n<li>Tkanina odporna na dzia\u0142anie promieniowania UV i czynnik\u00f3w atmosferycznych<\/li>\n<li>Pokrycie wysuwane za pomoc\u0105 korby<\/li>\n<\/ul>\n<\/section><\/div>\n<\/section>\n<section class=\"section\">\n<div class=\"item item-6\">\n<section class=\"image-item\"><img decoding=\"async\" src=\"https:\/\/upload.cdn.baselinker.com\/products\/6014502\/7bc41519d6646bcb7322126f11a3b12f.jpg\" \/><\/section>\n<\/p><\/div>\n<div class=\"item item-6\">\n<section class=\"image-item\"><img decoding=\"async\" src=\"https:\/\/upload.cdn.baselinker.com\/products\/6014502\/a4b03c815b1b724875b5e9301b346d27.jpg\" \/><\/section>\n<\/p><\/div>\n<\/section>\n<section class=\"section\">\n<div class=\"item item-6\">\n<section class=\"text-item\">\n<h2>Szara markiza balkonowa w szczeg\u00f3\u0142ach<\/h2>\n<ul>\n<li>Materia\u0142: poliester (180 g\/m\u00b2) z pow\u0142ok\u0105 poliuretanow\u0105, stal<\/li>\n<li>Wysoko\u015b\u0107: regulowana w zakresie od 2 do 3 m<\/li>\n<li>D\u0142ugo\u015b\u0107 korby: ok. 120 cm<\/li>\n<li>D\u0142ugo\u015b\u0107 opadaj\u0105cego ramienia (pokrycia): ok. 120 cm (180 cm)<\/li>\n<li>Kolor: szary<\/li>\n<\/ul>\n<\/section><\/div>\n<div class=\"item item-6\">\n<section class=\"image-item\"><img decoding=\"async\" src=\"https:\/\/upload.cdn.baselinker.com\/products\/6014502\/dbe4bf1e5a12ae15a6585ddbfd353ec4.jpg\" \/><\/section>\n<\/p><\/div>\n<\/section>\n<section class=\"section\">\n<div class=\"item item-12\">\n<section class=\"text-item\">\n<p>4<\/p>\n<\/section><\/div>\n<\/section>","protected":false},"excerpt":{"rendered":"<p>RELAXDAYS &#8211; MARKIZA ROZPOROWA TARASOWA SZARA 250x120CM Regulacja wysoko\u015bci Monta\u017c bez wiercenia Ochrona przed s\u0142o\u0144cem Mechanizm korbowy Markiza przeciws\u0142oneczna na<\/p>","protected":false},"featured_media":30949,"template":"","meta":[],"product_brand":[],"product_cat":[86,302,111],"product_tag":[],"class_list":{"0":"post-30958","1":"product","2":"type-product","3":"status-publish","4":"has-post-thumbnail","6":"product_cat-dom-i-ogrod","7":"product_cat-markizy-oslony-maty","8":"product_cat-ogrod","10":"first","11":"instock","12":"taxable","13":"shipping-taxable","14":"purchasable","15":"product-type-simple"},"yoast_head":"<!-- This site is optimized with the Yoast SEO plugin v25.7 - https:\/\/yoast.com\/wordpress\/plugins\/seo\/ -->\n<title>RELAXDAYS - MARKIZA ROZPOROWA TARASOWA SZARA 250x120CM - Rad-Pal<\/title>\n<meta name=\"robots\" content=\"index, follow, max-snippet:-1, max-image-preview:large, max-video-preview:-1\" \/>\n<link rel=\"canonical\" href=\"https:\/\/rad-pal.com.pl\/en\/sklep\/bez-kategorii\/relaxdays-markiza-rozporowa-tarasowa-szara-250x120cm\/\" \/>\n<meta property=\"og:locale\" content=\"en_GB\" \/>\n<meta property=\"og:type\" content=\"article\" \/>\n<meta property=\"og:title\" content=\"RELAXDAYS - MARKIZA ROZPOROWA TARASOWA SZARA 250x120CM - Rad-Pal\" \/>\n<meta property=\"og:description\" content=\"RELAXDAYS &#8211; MARKIZA ROZPOROWA TARASOWA SZARA 250x120CM Regulacja wysoko\u015bci Monta\u017c bez wiercenia Ochrona przed s\u0142o\u0144cem Mechanizm korbowy Markiza przeciws\u0142oneczna na\" \/>\n<meta property=\"og:url\" content=\"https:\/\/rad-pal.com.pl\/en\/sklep\/bez-kategorii\/relaxdays-markiza-rozporowa-tarasowa-szara-250x120cm\/\" \/>\n<meta property=\"og:site_name\" content=\"Rad-Pal\" \/>\n<meta property=\"article:modified_time\" content=\"2026-02-19T14:25:10+00:00\" \/>\n<meta property=\"og:image\" content=\"https:\/\/upload.cdn.baselinker.com\/products\/6014502\/b28a60a2ad191d5f7f7eb43891d4a08d.jpg\" \/>\n<meta name=\"twitter:card\" content=\"summary_large_image\" \/>\n<meta name=\"twitter:label1\" content=\"Estimated reading time\" \/>\n\t<meta name=\"twitter:data1\" content=\"1 minute\" \/>\n<script type=\"application\/ld+json\" class=\"yoast-schema-graph\">{\"@context\":\"https:\/\/schema.org\",\"@graph\":[{\"@type\":\"WebPage\",\"@id\":\"https:\/\/rad-pal.com.pl\/sklep\/bez-kategorii\/relaxdays-markiza-rozporowa-tarasowa-szara-250x120cm\/\",\"url\":\"https:\/\/rad-pal.com.pl\/sklep\/bez-kategorii\/relaxdays-markiza-rozporowa-tarasowa-szara-250x120cm\/\",\"name\":\"RELAXDAYS - MARKIZA ROZPOROWA TARASOWA SZARA 250x120CM - Rad-Pal\",\"isPartOf\":{\"@id\":\"https:\/\/rad-pal.com.pl\/#website\"},\"primaryImageOfPage\":{\"@id\":\"https:\/\/rad-pal.com.pl\/sklep\/bez-kategorii\/relaxdays-markiza-rozporowa-tarasowa-szara-250x120cm\/#primaryimage\"},\"image\":{\"@id\":\"https:\/\/rad-pal.com.pl\/sklep\/bez-kategorii\/relaxdays-markiza-rozporowa-tarasowa-szara-250x120cm\/#primaryimage\"},\"thumbnailUrl\":\"https:\/\/rad-pal.com.pl\/wp-content\/uploads\/2026\/02\/b28a60a2ad191d5f7f7eb43891d4a08d.jpg\",\"datePublished\":\"2026-02-19T13:29:47+00:00\",\"dateModified\":\"2026-02-19T14:25:10+00:00\",\"breadcrumb\":{\"@id\":\"https:\/\/rad-pal.com.pl\/sklep\/bez-kategorii\/relaxdays-markiza-rozporowa-tarasowa-szara-250x120cm\/#breadcrumb\"},\"inLanguage\":\"en-GB\",\"potentialAction\":[{\"@type\":\"ReadAction\",\"target\":[\"https:\/\/rad-pal.com.pl\/sklep\/bez-kategorii\/relaxdays-markiza-rozporowa-tarasowa-szara-250x120cm\/\"]}]},{\"@type\":\"ImageObject\",\"inLanguage\":\"en-GB\",\"@id\":\"https:\/\/rad-pal.com.pl\/sklep\/bez-kategorii\/relaxdays-markiza-rozporowa-tarasowa-szara-250x120cm\/#primaryimage\",\"url\":\"https:\/\/rad-pal.com.pl\/wp-content\/uploads\/2026\/02\/b28a60a2ad191d5f7f7eb43891d4a08d.jpg\",\"contentUrl\":\"https:\/\/rad-pal.com.pl\/wp-content\/uploads\/2026\/02\/b28a60a2ad191d5f7f7eb43891d4a08d.jpg\",\"width\":2048,\"height\":2048,\"caption\":\"b7296f06d9d71a80a3c1d36484430cd1\"},{\"@type\":\"BreadcrumbList\",\"@id\":\"https:\/\/rad-pal.com.pl\/sklep\/bez-kategorii\/relaxdays-markiza-rozporowa-tarasowa-szara-250x120cm\/#breadcrumb\",\"itemListElement\":[{\"@type\":\"ListItem\",\"position\":1,\"name\":\"Strona g\u0142\u00f3wna\",\"item\":\"https:\/\/rad-pal.com.pl\/\"},{\"@type\":\"ListItem\",\"position\":2,\"name\":\"Sklep\",\"item\":\"https:\/\/rad-pal.com.pl\/sklep\/\"},{\"@type\":\"ListItem\",\"position\":3,\"name\":\"RELAXDAYS &#8211; MARKIZA ROZPOROWA TARASOWA SZARA 250x120CM\"}]},{\"@type\":\"WebSite\",\"@id\":\"https:\/\/rad-pal.com.pl\/#website\",\"url\":\"https:\/\/rad-pal.com.pl\/\",\"name\":\"Rad-Pal\",\"description\":\"\",\"publisher\":{\"@id\":\"https:\/\/rad-pal.com.pl\/#organization\"},\"potentialAction\":[{\"@type\":\"SearchAction\",\"target\":{\"@type\":\"EntryPoint\",\"urlTemplate\":\"https:\/\/rad-pal.com.pl\/?s={search_term_string}\"},\"query-input\":{\"@type\":\"PropertyValueSpecification\",\"valueRequired\":true,\"valueName\":\"search_term_string\"}}],\"inLanguage\":\"en-GB\"},{\"@type\":\"Organization\",\"@id\":\"https:\/\/rad-pal.com.pl\/#organization\",\"name\":\"Rad-Pal\",\"url\":\"https:\/\/rad-pal.com.pl\/\",\"logo\":{\"@type\":\"ImageObject\",\"inLanguage\":\"en-GB\",\"@id\":\"https:\/\/rad-pal.com.pl\/#\/schema\/logo\/image\/\",\"url\":\"https:\/\/rad-pal.com.pl\/wp-content\/uploads\/2026\/03\/Projekt-bez-nazwy-30.webp\",\"contentUrl\":\"https:\/\/rad-pal.com.pl\/wp-content\/uploads\/2026\/03\/Projekt-bez-nazwy-30.webp\",\"width\":600,\"height\":210,\"caption\":\"Rad-Pal\"},\"image\":{\"@id\":\"https:\/\/rad-pal.com.pl\/#\/schema\/logo\/image\/\"}}]}<\/script>\n<!-- \/ Yoast SEO plugin. -->","yoast_head_json":{"title":"RELAXDAYS - MARKIZA ROZPOROWA TARASOWA SZARA 250x120CM - Rad-Pal","robots":{"index":"index","follow":"follow","max-snippet":"max-snippet:-1","max-image-preview":"max-image-preview:large","max-video-preview":"max-video-preview:-1"},"canonical":"https:\/\/rad-pal.com.pl\/en\/sklep\/bez-kategorii\/relaxdays-markiza-rozporowa-tarasowa-szara-250x120cm\/","og_locale":"en_GB","og_type":"article","og_title":"RELAXDAYS - MARKIZA ROZPOROWA TARASOWA SZARA 250x120CM - Rad-Pal","og_description":"RELAXDAYS &#8211; MARKIZA ROZPOROWA TARASOWA SZARA 250x120CM Regulacja wysoko\u015bci Monta\u017c bez wiercenia Ochrona przed s\u0142o\u0144cem Mechanizm korbowy Markiza przeciws\u0142oneczna na","og_url":"https:\/\/rad-pal.com.pl\/en\/sklep\/bez-kategorii\/relaxdays-markiza-rozporowa-tarasowa-szara-250x120cm\/","og_site_name":"Rad-Pal","article_modified_time":"2026-02-19T14:25:10+00:00","og_image":[{"url":"https:\/\/upload.cdn.baselinker.com\/products\/6014502\/b28a60a2ad191d5f7f7eb43891d4a08d.jpg","type":"","width":"","height":""}],"twitter_card":"summary_large_image","twitter_misc":{"Estimated reading time":"1 minute"},"schema":{"@context":"https:\/\/schema.org","@graph":[{"@type":"WebPage","@id":"https:\/\/rad-pal.com.pl\/sklep\/bez-kategorii\/relaxdays-markiza-rozporowa-tarasowa-szara-250x120cm\/","url":"https:\/\/rad-pal.com.pl\/sklep\/bez-kategorii\/relaxdays-markiza-rozporowa-tarasowa-szara-250x120cm\/","name":"RELAXDAYS - MARKIZA ROZPOROWA TARASOWA SZARA 250x120CM - Rad-Pal","isPartOf":{"@id":"https:\/\/rad-pal.com.pl\/#website"},"primaryImageOfPage":{"@id":"https:\/\/rad-pal.com.pl\/sklep\/bez-kategorii\/relaxdays-markiza-rozporowa-tarasowa-szara-250x120cm\/#primaryimage"},"image":{"@id":"https:\/\/rad-pal.com.pl\/sklep\/bez-kategorii\/relaxdays-markiza-rozporowa-tarasowa-szara-250x120cm\/#primaryimage"},"thumbnailUrl":"https:\/\/rad-pal.com.pl\/wp-content\/uploads\/2026\/02\/b28a60a2ad191d5f7f7eb43891d4a08d.jpg","datePublished":"2026-02-19T13:29:47+00:00","dateModified":"2026-02-19T14:25:10+00:00","breadcrumb":{"@id":"https:\/\/rad-pal.com.pl\/sklep\/bez-kategorii\/relaxdays-markiza-rozporowa-tarasowa-szara-250x120cm\/#breadcrumb"},"inLanguage":"en-GB","potentialAction":[{"@type":"ReadAction","target":["https:\/\/rad-pal.com.pl\/sklep\/bez-kategorii\/relaxdays-markiza-rozporowa-tarasowa-szara-250x120cm\/"]}]},{"@type":"ImageObject","inLanguage":"en-GB","@id":"https:\/\/rad-pal.com.pl\/sklep\/bez-kategorii\/relaxdays-markiza-rozporowa-tarasowa-szara-250x120cm\/#primaryimage","url":"https:\/\/rad-pal.com.pl\/wp-content\/uploads\/2026\/02\/b28a60a2ad191d5f7f7eb43891d4a08d.jpg","contentUrl":"https:\/\/rad-pal.com.pl\/wp-content\/uploads\/2026\/02\/b28a60a2ad191d5f7f7eb43891d4a08d.jpg","width":2048,"height":2048,"caption":"b7296f06d9d71a80a3c1d36484430cd1"},{"@type":"BreadcrumbList","@id":"https:\/\/rad-pal.com.pl\/sklep\/bez-kategorii\/relaxdays-markiza-rozporowa-tarasowa-szara-250x120cm\/#breadcrumb","itemListElement":[{"@type":"ListItem","position":1,"name":"Strona g\u0142\u00f3wna","item":"https:\/\/rad-pal.com.pl\/"},{"@type":"ListItem","position":2,"name":"Sklep","item":"https:\/\/rad-pal.com.pl\/sklep\/"},{"@type":"ListItem","position":3,"name":"RELAXDAYS &#8211; MARKIZA ROZPOROWA TARASOWA SZARA 250x120CM"}]},{"@type":"WebSite","@id":"https:\/\/rad-pal.com.pl\/#website","url":"https:\/\/rad-pal.com.pl\/","name":"Rad-Pal","description":"","publisher":{"@id":"https:\/\/rad-pal.com.pl\/#organization"},"potentialAction":[{"@type":"SearchAction","target":{"@type":"EntryPoint","urlTemplate":"https:\/\/rad-pal.com.pl\/?s={search_term_string}"},"query-input":{"@type":"PropertyValueSpecification","valueRequired":true,"valueName":"search_term_string"}}],"inLanguage":"en-GB"},{"@type":"Organization","@id":"https:\/\/rad-pal.com.pl\/#organization","name":"Rad-Pal","url":"https:\/\/rad-pal.com.pl\/","logo":{"@type":"ImageObject","inLanguage":"en-GB","@id":"https:\/\/rad-pal.com.pl\/#\/schema\/logo\/image\/","url":"https:\/\/rad-pal.com.pl\/wp-content\/uploads\/2026\/03\/Projekt-bez-nazwy-30.webp","contentUrl":"https:\/\/rad-pal.com.pl\/wp-content\/uploads\/2026\/03\/Projekt-bez-nazwy-30.webp","width":600,"height":210,"caption":"Rad-Pal"},"image":{"@id":"https:\/\/rad-pal.com.pl\/#\/schema\/logo\/image\/"}}]}},"_links":{"self":[{"href":"https:\/\/rad-pal.com.pl\/en\/wp-json\/wp\/v2\/product\/30958","targetHints":{"allow":["GET"]}}],"collection":[{"href":"https:\/\/rad-pal.com.pl\/en\/wp-json\/wp\/v2\/product"}],"about":[{"href":"https:\/\/rad-pal.com.pl\/en\/wp-json\/wp\/v2\/types\/product"}],"version-history":[{"count":0,"href":"https:\/\/rad-pal.com.pl\/en\/wp-json\/wp\/v2\/product\/30958\/revisions"}],"wp:featuredmedia":[{"embeddable":true,"href":"https:\/\/rad-pal.com.pl\/en\/wp-json\/wp\/v2\/media\/30949"}],"wp:attachment":[{"href":"https:\/\/rad-pal.com.pl\/en\/wp-json\/wp\/v2\/media?parent=30958"}],"wp:term":[{"taxonomy":"product_brand","embeddable":true,"href":"https:\/\/rad-pal.com.pl\/en\/wp-json\/wp\/v2\/product_brand?post=30958"},{"taxonomy":"product_cat","embeddable":true,"href":"https:\/\/rad-pal.com.pl\/en\/wp-json\/wp\/v2\/product_cat?post=30958"},{"taxonomy":"product_tag","embeddable":true,"href":"https:\/\/rad-pal.com.pl\/en\/wp-json\/wp\/v2\/product_tag?post=30958"}],"curies":[{"name":"wp","href":"https:\/\/api.w.org\/{rel}","templated":true}]}}