{"id":31432,"date":"2026-02-19T14:52:44","date_gmt":"2026-02-19T13:52:44","guid":{"rendered":"https:\/\/rad-pal.com.pl\/sklep\/bez-kategorii\/kinkiet-ogrodowy-eglo-czarny-zintegrowane-zrodlo-led-45-w\/"},"modified":"2026-02-19T15:35:16","modified_gmt":"2026-02-19T14:35:16","slug":"kinkiet-ogrodowy-eglo-czarny-zintegrowane-zrodlo-led-45-w","status":"publish","type":"product","link":"https:\/\/rad-pal.com.pl\/en\/sklep\/dom-i-ogrod\/ogrod\/oswietlenie-ogrod\/kinkiety\/kinkiet-ogrodowy-eglo-czarny-zintegrowane-zrodlo-led-45-w\/","title":{"rendered":"Kinkiet ogrodowy Eglo czarny zintegrowane \u017ar\u00f3d\u0142o LED 4,5 W"},"content":{"rendered":"<section class=\"section\">\n<div class=\"item item-6\">\n<section class=\"image-item\"><img decoding=\"async\" src=\"https:\/\/upload.cdn.baselinker.com\/products\/6014502\/fab4430e05021fb4d2646f17584958de.jpg\" \/><\/section>\n<\/p><\/div>\n<div class=\"item item-6\">\n<section class=\"text-item\">\n<p><b>\u2733\ufe0fProducent: <\/b>Eglo<\/p>\n<p><b>\u2733\ufe0fKod produktu: <\/b>98191<\/p>\n<p><b>\u2733\ufe0fRodzaj produktu: <\/b>Zewn\u0119trzne &#8211; Kinkiety<\/p>\n<p><b>1\u2733\ufe0fWymiary:<\/b><\/p>\n<ul>\n<li>\u27a1\ufe0fWysoko\u015b\u0107 (cm): 12cm<\/li>\n<li>\u27a1\ufe0fSzeroko\u015b\u0107 (cm): 18cm<\/li>\n<li>\u27a1\ufe0fWaga (kg): 0,52kg<\/li>\n<\/ul>\n<p><b>\u2733\ufe0fGwint \u017car\u00f3wki: <\/b>LED zintegrowany<\/p>\n<p><b>\u2733\ufe0f\u0179r\u00f3d\u0142o \u015bwiat\u0142a:<\/b><\/p>\n<ul>\n<li>\u27a1\ufe0fMoc (W): 4,5W<\/li>\n<li>\u27a1\ufe0fBarwa \u015bwiat\u0142a (K): 3000K<\/li>\n<\/ul>\n<p><b>\u2733\ufe0fBarwa \u015bwiat\u0142a: <\/b>Ciep\u0142a<\/p>\n<p><b>\u2733\ufe0fLampa LED: <\/b>TAK<\/p>\n<p><b>\u2733\ufe0fLiczba \u017ar\u00f3de\u0142 \u015bwiat\u0142a: <\/b>1<\/p>\n<p><b>\u2733\ufe0f\u017bar\u00f3wka w zestawie: <\/b>TAK<\/p>\n<p><b>\u2733\ufe0fZasilanie: <\/b>Solarne<\/p>\n<p><b>\u2733\ufe0fKolor aba\u017cura\/klosza: <\/b>Czarny<\/p>\n<p><b>\u2733\ufe0fKolor oprawy\/mocowania: <\/b>Czarny<\/p>\n<p><b>\u2733\ufe0fMateria\u0142: <\/b>Tworzywo sztuczne<\/p>\n<p><b>\u2733\ufe0fInformacje dodatkowe:<\/b><\/p>\n<ul>\n<li>Informacje: Czujnik dzie\u0144\/noc, Czujniki ruchu<\/li>\n<\/ul>\n<p><b>Regulacja wysoko\u015bci\/d\u0142ugo\u015bci: <\/b>NIE<\/p>\n<p><b>Ruchome \u017ar\u00f3d\u0142o \u015bwiat\u0142a: <\/b>NIE<\/p>\n<p><b>Styl: <\/b>Nowoczesny<\/p>\n<p><b>Zastosowanie: <\/b>Na zewn\u0105trz\/ogr\u00f3d<\/p>\n<\/section><\/div>\n<\/section>\n<section class=\"section\">\n<div class=\"item item-12\">\n<section class=\"text-item\">\n<p>Oprawy \u015bcienne s\u0105 najpewniej najbardziej popularnym rodzajem o\u015bwietlenia zewn\u0119trznej elewacji budynku. Okazuj\u0105 si\u0119 niezwykle praktyczne i pi\u0119knie dekoruj\u0105. Artyku\u0142 Eglo PASTION charakteryzuje niezwyk\u0142a odporno\u015b\u0107 na nieodpowiednie dla o\u015bwietlenia okoliczno\u015bci atmosferyczne, jak r\u00f3wnie\u017c niepowtarzalny styl artyku\u0142u. Kolejn\u0105 mocn\u0105 stron\u0105, kt\u00f3r\u0105 ma taka lampa kinkietowa, jest niedu\u017ca ilo\u015b\u0107 wymaganej na ni\u0105 przestrzeni.<\/p>\n<p>Ten model ma \u017car\u00f3wk\u0119 ledow\u0105. Sprawia to, \u017ce lampka jest oszcz\u0119dna. Ponadto model jest sprzyjaj\u0105cy \u015brodowisku.<\/p>\n<\/section><\/div>\n<\/section>\n<section class=\"section\">\n<div class=\"item item-12\">\n<section class=\"image-item\"><img decoding=\"async\" src=\"https:\/\/upload.cdn.baselinker.com\/products\/6014502\/ffcbd8aa9e6610c8feed6f6b114514ab.jpg\" \/><\/section>\n<\/p><\/div>\n<\/section>\n<section class=\"section\">\n<div class=\"item item-12\">\n<section class=\"image-item\"><img decoding=\"async\" src=\"https:\/\/upload.cdn.baselinker.com\/products\/6014502\/e6068b18bff350c9fcbcfbeae5f289a0.jpg\" \/><\/section>\n<\/p><\/div>\n<\/section>\n<section class=\"section\">\n<div class=\"item item-12\">\n<section class=\"image-item\"><img decoding=\"async\" src=\"https:\/\/upload.cdn.baselinker.com\/products\/6014502\/e6068b18bff350c9fcbcfbeae5f289a0.jpg\" \/><\/section>\n<\/p><\/div>\n<\/section>\n<section class=\"section\">\n<div class=\"item item-12\">\n<section class=\"text-item\">\n<p>15<\/p>\n<\/section><\/div>\n<\/section>","protected":false},"excerpt":{"rendered":"<p>\u2733\ufe0fProducent: Eglo \u2733\ufe0fKod produktu: 98191 \u2733\ufe0fRodzaj produktu: Zewn\u0119trzne &#8211; Kinkiety 1\u2733\ufe0fWymiary: \u27a1\ufe0fWysoko\u015b\u0107 (cm): 12cm \u27a1\ufe0fSzeroko\u015b\u0107 (cm): 18cm \u27a1\ufe0fWaga (kg): 0,52kg<\/p>","protected":false},"featured_media":31429,"template":"","meta":[],"product_brand":[],"product_cat":[86,174,111,173],"product_tag":[],"class_list":{"0":"post-31432","1":"product","2":"type-product","3":"status-publish","4":"has-post-thumbnail","6":"product_cat-dom-i-ogrod","7":"product_cat-kinkiety","8":"product_cat-ogrod","9":"product_cat-oswietlenie-ogrod","11":"first","12":"instock","13":"taxable","14":"shipping-taxable","15":"purchasable","16":"product-type-simple"},"yoast_head":"<!-- This site is optimized with the Yoast SEO plugin v25.7 - https:\/\/yoast.com\/wordpress\/plugins\/seo\/ -->\n<title>Kinkiet ogrodowy Eglo czarny zintegrowane \u017ar\u00f3d\u0142o LED 4,5 W - Rad-Pal<\/title>\n<meta name=\"robots\" content=\"index, follow, max-snippet:-1, max-image-preview:large, max-video-preview:-1\" \/>\n<link rel=\"canonical\" href=\"https:\/\/rad-pal.com.pl\/en\/sklep\/bez-kategorii\/kinkiet-ogrodowy-eglo-czarny-zintegrowane-zrodlo-led-45-w\/\" \/>\n<meta property=\"og:locale\" content=\"en_GB\" \/>\n<meta property=\"og:type\" content=\"article\" \/>\n<meta property=\"og:title\" content=\"Kinkiet ogrodowy Eglo czarny zintegrowane \u017ar\u00f3d\u0142o LED 4,5 W - Rad-Pal\" \/>\n<meta property=\"og:description\" content=\"\u2733\ufe0fProducent: Eglo \u2733\ufe0fKod produktu: 98191 \u2733\ufe0fRodzaj produktu: Zewn\u0119trzne &#8211; Kinkiety 1\u2733\ufe0fWymiary: \u27a1\ufe0fWysoko\u015b\u0107 (cm): 12cm \u27a1\ufe0fSzeroko\u015b\u0107 (cm): 18cm \u27a1\ufe0fWaga (kg): 0,52kg\" \/>\n<meta property=\"og:url\" content=\"https:\/\/rad-pal.com.pl\/en\/sklep\/bez-kategorii\/kinkiet-ogrodowy-eglo-czarny-zintegrowane-zrodlo-led-45-w\/\" \/>\n<meta property=\"og:site_name\" content=\"Rad-Pal\" \/>\n<meta property=\"article:modified_time\" content=\"2026-02-19T14:35:16+00:00\" \/>\n<meta property=\"og:image\" content=\"https:\/\/upload.cdn.baselinker.com\/products\/6014502\/fab4430e05021fb4d2646f17584958de.jpg\" \/>\n<meta name=\"twitter:card\" content=\"summary_large_image\" \/>\n<meta name=\"twitter:label1\" content=\"Estimated reading time\" \/>\n\t<meta name=\"twitter:data1\" content=\"1 minute\" \/>\n<script type=\"application\/ld+json\" class=\"yoast-schema-graph\">{\"@context\":\"https:\/\/schema.org\",\"@graph\":[{\"@type\":\"WebPage\",\"@id\":\"https:\/\/rad-pal.com.pl\/sklep\/bez-kategorii\/kinkiet-ogrodowy-eglo-czarny-zintegrowane-zrodlo-led-45-w\/\",\"url\":\"https:\/\/rad-pal.com.pl\/sklep\/bez-kategorii\/kinkiet-ogrodowy-eglo-czarny-zintegrowane-zrodlo-led-45-w\/\",\"name\":\"Kinkiet ogrodowy Eglo czarny zintegrowane \u017ar\u00f3d\u0142o LED 4,5 W - Rad-Pal\",\"isPartOf\":{\"@id\":\"https:\/\/rad-pal.com.pl\/#website\"},\"primaryImageOfPage\":{\"@id\":\"https:\/\/rad-pal.com.pl\/sklep\/bez-kategorii\/kinkiet-ogrodowy-eglo-czarny-zintegrowane-zrodlo-led-45-w\/#primaryimage\"},\"image\":{\"@id\":\"https:\/\/rad-pal.com.pl\/sklep\/bez-kategorii\/kinkiet-ogrodowy-eglo-czarny-zintegrowane-zrodlo-led-45-w\/#primaryimage\"},\"thumbnailUrl\":\"https:\/\/rad-pal.com.pl\/wp-content\/uploads\/2026\/02\/fab4430e05021fb4d2646f17584958de.jpg\",\"datePublished\":\"2026-02-19T13:52:44+00:00\",\"dateModified\":\"2026-02-19T14:35:16+00:00\",\"breadcrumb\":{\"@id\":\"https:\/\/rad-pal.com.pl\/sklep\/bez-kategorii\/kinkiet-ogrodowy-eglo-czarny-zintegrowane-zrodlo-led-45-w\/#breadcrumb\"},\"inLanguage\":\"en-GB\",\"potentialAction\":[{\"@type\":\"ReadAction\",\"target\":[\"https:\/\/rad-pal.com.pl\/sklep\/bez-kategorii\/kinkiet-ogrodowy-eglo-czarny-zintegrowane-zrodlo-led-45-w\/\"]}]},{\"@type\":\"ImageObject\",\"inLanguage\":\"en-GB\",\"@id\":\"https:\/\/rad-pal.com.pl\/sklep\/bez-kategorii\/kinkiet-ogrodowy-eglo-czarny-zintegrowane-zrodlo-led-45-w\/#primaryimage\",\"url\":\"https:\/\/rad-pal.com.pl\/wp-content\/uploads\/2026\/02\/fab4430e05021fb4d2646f17584958de.jpg\",\"contentUrl\":\"https:\/\/rad-pal.com.pl\/wp-content\/uploads\/2026\/02\/fab4430e05021fb4d2646f17584958de.jpg\",\"width\":1000,\"height\":1000,\"caption\":\"fd945eb016fca40b9bf9a04f4b26707d\"},{\"@type\":\"BreadcrumbList\",\"@id\":\"https:\/\/rad-pal.com.pl\/sklep\/bez-kategorii\/kinkiet-ogrodowy-eglo-czarny-zintegrowane-zrodlo-led-45-w\/#breadcrumb\",\"itemListElement\":[{\"@type\":\"ListItem\",\"position\":1,\"name\":\"Strona g\u0142\u00f3wna\",\"item\":\"https:\/\/rad-pal.com.pl\/\"},{\"@type\":\"ListItem\",\"position\":2,\"name\":\"Sklep\",\"item\":\"https:\/\/rad-pal.com.pl\/sklep\/\"},{\"@type\":\"ListItem\",\"position\":3,\"name\":\"Kinkiet ogrodowy Eglo czarny zintegrowane \u017ar\u00f3d\u0142o LED 4,5 W\"}]},{\"@type\":\"WebSite\",\"@id\":\"https:\/\/rad-pal.com.pl\/#website\",\"url\":\"https:\/\/rad-pal.com.pl\/\",\"name\":\"Rad-Pal\",\"description\":\"\",\"publisher\":{\"@id\":\"https:\/\/rad-pal.com.pl\/#organization\"},\"potentialAction\":[{\"@type\":\"SearchAction\",\"target\":{\"@type\":\"EntryPoint\",\"urlTemplate\":\"https:\/\/rad-pal.com.pl\/?s={search_term_string}\"},\"query-input\":{\"@type\":\"PropertyValueSpecification\",\"valueRequired\":true,\"valueName\":\"search_term_string\"}}],\"inLanguage\":\"en-GB\"},{\"@type\":\"Organization\",\"@id\":\"https:\/\/rad-pal.com.pl\/#organization\",\"name\":\"Rad-Pal\",\"url\":\"https:\/\/rad-pal.com.pl\/\",\"logo\":{\"@type\":\"ImageObject\",\"inLanguage\":\"en-GB\",\"@id\":\"https:\/\/rad-pal.com.pl\/#\/schema\/logo\/image\/\",\"url\":\"https:\/\/rad-pal.com.pl\/wp-content\/uploads\/2026\/03\/Projekt-bez-nazwy-30.webp\",\"contentUrl\":\"https:\/\/rad-pal.com.pl\/wp-content\/uploads\/2026\/03\/Projekt-bez-nazwy-30.webp\",\"width\":600,\"height\":210,\"caption\":\"Rad-Pal\"},\"image\":{\"@id\":\"https:\/\/rad-pal.com.pl\/#\/schema\/logo\/image\/\"}}]}<\/script>\n<!-- \/ Yoast SEO plugin. -->","yoast_head_json":{"title":"Kinkiet ogrodowy Eglo czarny zintegrowane \u017ar\u00f3d\u0142o LED 4,5 W - Rad-Pal","robots":{"index":"index","follow":"follow","max-snippet":"max-snippet:-1","max-image-preview":"max-image-preview:large","max-video-preview":"max-video-preview:-1"},"canonical":"https:\/\/rad-pal.com.pl\/en\/sklep\/bez-kategorii\/kinkiet-ogrodowy-eglo-czarny-zintegrowane-zrodlo-led-45-w\/","og_locale":"en_GB","og_type":"article","og_title":"Kinkiet ogrodowy Eglo czarny zintegrowane \u017ar\u00f3d\u0142o LED 4,5 W - Rad-Pal","og_description":"\u2733\ufe0fProducent: Eglo \u2733\ufe0fKod produktu: 98191 \u2733\ufe0fRodzaj produktu: Zewn\u0119trzne &#8211; Kinkiety 1\u2733\ufe0fWymiary: \u27a1\ufe0fWysoko\u015b\u0107 (cm): 12cm \u27a1\ufe0fSzeroko\u015b\u0107 (cm): 18cm \u27a1\ufe0fWaga (kg): 0,52kg","og_url":"https:\/\/rad-pal.com.pl\/en\/sklep\/bez-kategorii\/kinkiet-ogrodowy-eglo-czarny-zintegrowane-zrodlo-led-45-w\/","og_site_name":"Rad-Pal","article_modified_time":"2026-02-19T14:35:16+00:00","og_image":[{"url":"https:\/\/upload.cdn.baselinker.com\/products\/6014502\/fab4430e05021fb4d2646f17584958de.jpg","type":"","width":"","height":""}],"twitter_card":"summary_large_image","twitter_misc":{"Estimated reading time":"1 minute"},"schema":{"@context":"https:\/\/schema.org","@graph":[{"@type":"WebPage","@id":"https:\/\/rad-pal.com.pl\/sklep\/bez-kategorii\/kinkiet-ogrodowy-eglo-czarny-zintegrowane-zrodlo-led-45-w\/","url":"https:\/\/rad-pal.com.pl\/sklep\/bez-kategorii\/kinkiet-ogrodowy-eglo-czarny-zintegrowane-zrodlo-led-45-w\/","name":"Kinkiet ogrodowy Eglo czarny zintegrowane \u017ar\u00f3d\u0142o LED 4,5 W - Rad-Pal","isPartOf":{"@id":"https:\/\/rad-pal.com.pl\/#website"},"primaryImageOfPage":{"@id":"https:\/\/rad-pal.com.pl\/sklep\/bez-kategorii\/kinkiet-ogrodowy-eglo-czarny-zintegrowane-zrodlo-led-45-w\/#primaryimage"},"image":{"@id":"https:\/\/rad-pal.com.pl\/sklep\/bez-kategorii\/kinkiet-ogrodowy-eglo-czarny-zintegrowane-zrodlo-led-45-w\/#primaryimage"},"thumbnailUrl":"https:\/\/rad-pal.com.pl\/wp-content\/uploads\/2026\/02\/fab4430e05021fb4d2646f17584958de.jpg","datePublished":"2026-02-19T13:52:44+00:00","dateModified":"2026-02-19T14:35:16+00:00","breadcrumb":{"@id":"https:\/\/rad-pal.com.pl\/sklep\/bez-kategorii\/kinkiet-ogrodowy-eglo-czarny-zintegrowane-zrodlo-led-45-w\/#breadcrumb"},"inLanguage":"en-GB","potentialAction":[{"@type":"ReadAction","target":["https:\/\/rad-pal.com.pl\/sklep\/bez-kategorii\/kinkiet-ogrodowy-eglo-czarny-zintegrowane-zrodlo-led-45-w\/"]}]},{"@type":"ImageObject","inLanguage":"en-GB","@id":"https:\/\/rad-pal.com.pl\/sklep\/bez-kategorii\/kinkiet-ogrodowy-eglo-czarny-zintegrowane-zrodlo-led-45-w\/#primaryimage","url":"https:\/\/rad-pal.com.pl\/wp-content\/uploads\/2026\/02\/fab4430e05021fb4d2646f17584958de.jpg","contentUrl":"https:\/\/rad-pal.com.pl\/wp-content\/uploads\/2026\/02\/fab4430e05021fb4d2646f17584958de.jpg","width":1000,"height":1000,"caption":"fd945eb016fca40b9bf9a04f4b26707d"},{"@type":"BreadcrumbList","@id":"https:\/\/rad-pal.com.pl\/sklep\/bez-kategorii\/kinkiet-ogrodowy-eglo-czarny-zintegrowane-zrodlo-led-45-w\/#breadcrumb","itemListElement":[{"@type":"ListItem","position":1,"name":"Strona g\u0142\u00f3wna","item":"https:\/\/rad-pal.com.pl\/"},{"@type":"ListItem","position":2,"name":"Sklep","item":"https:\/\/rad-pal.com.pl\/sklep\/"},{"@type":"ListItem","position":3,"name":"Kinkiet ogrodowy Eglo czarny zintegrowane \u017ar\u00f3d\u0142o LED 4,5 W"}]},{"@type":"WebSite","@id":"https:\/\/rad-pal.com.pl\/#website","url":"https:\/\/rad-pal.com.pl\/","name":"Rad-Pal","description":"","publisher":{"@id":"https:\/\/rad-pal.com.pl\/#organization"},"potentialAction":[{"@type":"SearchAction","target":{"@type":"EntryPoint","urlTemplate":"https:\/\/rad-pal.com.pl\/?s={search_term_string}"},"query-input":{"@type":"PropertyValueSpecification","valueRequired":true,"valueName":"search_term_string"}}],"inLanguage":"en-GB"},{"@type":"Organization","@id":"https:\/\/rad-pal.com.pl\/#organization","name":"Rad-Pal","url":"https:\/\/rad-pal.com.pl\/","logo":{"@type":"ImageObject","inLanguage":"en-GB","@id":"https:\/\/rad-pal.com.pl\/#\/schema\/logo\/image\/","url":"https:\/\/rad-pal.com.pl\/wp-content\/uploads\/2026\/03\/Projekt-bez-nazwy-30.webp","contentUrl":"https:\/\/rad-pal.com.pl\/wp-content\/uploads\/2026\/03\/Projekt-bez-nazwy-30.webp","width":600,"height":210,"caption":"Rad-Pal"},"image":{"@id":"https:\/\/rad-pal.com.pl\/#\/schema\/logo\/image\/"}}]}},"_links":{"self":[{"href":"https:\/\/rad-pal.com.pl\/en\/wp-json\/wp\/v2\/product\/31432","targetHints":{"allow":["GET"]}}],"collection":[{"href":"https:\/\/rad-pal.com.pl\/en\/wp-json\/wp\/v2\/product"}],"about":[{"href":"https:\/\/rad-pal.com.pl\/en\/wp-json\/wp\/v2\/types\/product"}],"version-history":[{"count":0,"href":"https:\/\/rad-pal.com.pl\/en\/wp-json\/wp\/v2\/product\/31432\/revisions"}],"wp:featuredmedia":[{"embeddable":true,"href":"https:\/\/rad-pal.com.pl\/en\/wp-json\/wp\/v2\/media\/31429"}],"wp:attachment":[{"href":"https:\/\/rad-pal.com.pl\/en\/wp-json\/wp\/v2\/media?parent=31432"}],"wp:term":[{"taxonomy":"product_brand","embeddable":true,"href":"https:\/\/rad-pal.com.pl\/en\/wp-json\/wp\/v2\/product_brand?post=31432"},{"taxonomy":"product_cat","embeddable":true,"href":"https:\/\/rad-pal.com.pl\/en\/wp-json\/wp\/v2\/product_cat?post=31432"},{"taxonomy":"product_tag","embeddable":true,"href":"https:\/\/rad-pal.com.pl\/en\/wp-json\/wp\/v2\/product_tag?post=31432"}],"curies":[{"name":"wp","href":"https:\/\/api.w.org\/{rel}","templated":true}]}}