{"id":31540,"date":"2026-02-19T14:57:26","date_gmt":"2026-02-19T13:57:26","guid":{"rendered":"https:\/\/rad-pal.com.pl\/sklep\/bez-kategorii\/plafon-okragly-eglo-38-x-38-cm-czarny-43398-lampa-sufitowa\/"},"modified":"2026-02-19T15:36:26","modified_gmt":"2026-02-19T14:36:26","slug":"plafon-okragly-eglo-38-x-38-cm-czarny-43398-lampa-sufitowa","status":"publish","type":"product","link":"https:\/\/rad-pal.com.pl\/en\/sklep\/dom-i-ogrod\/oswietlenie\/oswietlenie-wewnetrzne\/lampy-sufitowe\/plafony\/plafon-okragly-eglo-38-x-38-cm-czarny-43398-lampa-sufitowa\/","title":{"rendered":"Plafon okr\u0105g\u0142y Eglo 38 x 38 cm czarny 43398 lampa sufitowa"},"content":{"rendered":"<section class=\"section\">\n<div class=\"item item-12\">\n<section class=\"text-item\">\n<h1>Eglo ANWICK 43398 lampa sufitowa 1x40W\/E27<\/h1>\n<\/section><\/div>\n<\/section>\n<section class=\"section\">\n<div class=\"item item-6\">\n<section class=\"text-item\">\n<ul>\n<li><b>Base Image:<\/b> \/4\/3\/43398.jpg<\/li>\n<li><b>Magazyn przywr\u00f3cenie:<\/b> producent<\/li>\n<li><b>Cena Euro:<\/b> 74.307606<\/li>\n<li><b>Small Image:<\/b> \/4\/3\/43398.jpg<\/li>\n<li><b>Return Allowed:<\/b> Tak<\/li>\n<li><b>Ceneo dostepno\u015b\u0107:<\/b> dostepny<\/li>\n<li><b>Thumbnail:<\/b> \/4\/3\/43398.jpg<\/li>\n<li><b>Polecane:<\/b> e<\/li>\n<li><b>Image Gallery:<\/b> \/1_43398.jpg,\/2_43398.jpg,\/3_43398.jpg<\/li>\n<li><b>Display Product Options In:<\/b> Block after Info Column<\/li>\n<li><b>Wysoko\u015b\u0107:<\/b> 26,5<\/li>\n<li><b>Cost:<\/b> 146.455000<\/li>\n<li><b>Nazwa rodziny:<\/b> ANWICK<\/li>\n<li><b>Szeroko\u015b\u0107:<\/b> 38<\/li>\n<li><b>Index producenta:<\/b> 43398<\/li>\n<li><b>Polecane przywr\u00f3cenie:<\/b> h<\/li>\n<li><b>Tax Class:<\/b> Taxable Goods<\/li>\n<li><b>last_date_import:<\/b> 2021-06-29 11:44:00<\/li>\n<li><b>Rodzaj:<\/b> Lampy sufitowe<\/li>\n<li><b>Styl:<\/b> Vintage<\/li>\n<li><b>Grupa rabatowa:<\/b> Grupa A<\/li>\n<li><b>Grupa promo:<\/b> grupa_a<\/li>\n<li><b>Przeznaczenie:<\/b> Do wewn\u0105trz<\/li>\n<li><b>G\u0142\u0119boko\u015b\u0107 opakowania:<\/b> 39,2<\/li>\n<li><b>Moc:<\/b> 40W<\/li>\n<li><b>URL Key:<\/b> 166025-eglo-anwick-43398-lampa-sufitowa-1x40w-e27<\/li>\n<li><b>Wsp\u00f3\u0142pracuje z LED:<\/b> Tak<\/li>\n<li><b>Kolor Filtrowalny:<\/b> Odcienie br\u0105zowego, Odcienie czarnego<\/li>\n<li><b>Kolor:<\/b> Br\u0105zowy, Czarny<\/li>\n<li><b>Materia\u0142 wykonania:<\/b> Rattan, Stal<\/li>\n<li><b>Ilo\u015b\u0107 \u017ar\u00f3de\u0142 \u015bwiat\u0142a:<\/b> 1<\/li>\n<li><b>Ilo\u015b\u0107 \u017ar\u00f3de\u0142 \u015bwiat\u0142a filtr:<\/b> 1<\/li>\n<li><b>Trzonek:<\/b> E27<\/li>\n<li><b>Moc tekst:<\/b> 1x40W\/E27<\/li>\n<li><b>\u0179r\u00f3d\u0142o \u015bwiat\u0142a:<\/b> Nie zawiera<\/li>\n<li><b>Czy \u017ar\u00f3d\u0142o \u015bwiat\u0142a jest wymienne?:<\/b> Tak<\/li>\n<li><b>Napi\u0119cie wej\u015bciowe:<\/b> 230V<\/li>\n<\/ul>\n<\/section><\/div>\n<div class=\"item item-6\">\n<section class=\"image-item\"><img decoding=\"async\" src=\"https:\/\/upload.cdn.baselinker.com\/products\/6014502\/55281e6b860de9d0426f62dbd3d4b8bb.jpg\" \/><\/section>\n<\/p><\/div>\n<\/section>\n<section class=\"section\">\n<div class=\"item item-12\">\n<section class=\"text-item\">\n<p>12<\/p>\n<\/section><\/div>\n<\/section>","protected":false},"excerpt":{"rendered":"<p>Eglo ANWICK 43398 lampa sufitowa 1x40W\/E27 Base Image: \/4\/3\/43398.jpg Magazyn przywr\u00f3cenie: producent Cena Euro: 74.307606 Small Image: \/4\/3\/43398.jpg Return Allowed:<\/p>","protected":false},"featured_media":31536,"template":"","meta":[],"product_brand":[],"product_cat":[86,167,165,166,171],"product_tag":[],"class_list":{"0":"post-31540","1":"product","2":"type-product","3":"status-publish","4":"has-post-thumbnail","6":"product_cat-dom-i-ogrod","7":"product_cat-lampy-sufitowe","8":"product_cat-oswietlenie","9":"product_cat-oswietlenie-wewnetrzne","10":"product_cat-plafony","12":"first","13":"instock","14":"taxable","15":"shipping-taxable","16":"purchasable","17":"product-type-simple"},"yoast_head":"<!-- This site is optimized with the Yoast SEO plugin v25.7 - https:\/\/yoast.com\/wordpress\/plugins\/seo\/ -->\n<title>Plafon okr\u0105g\u0142y Eglo 38 x 38 cm czarny 43398 lampa sufitowa - Rad-Pal<\/title>\n<meta name=\"robots\" content=\"index, follow, max-snippet:-1, max-image-preview:large, max-video-preview:-1\" \/>\n<link rel=\"canonical\" href=\"https:\/\/rad-pal.com.pl\/en\/sklep\/bez-kategorii\/plafon-okragly-eglo-38-x-38-cm-czarny-43398-lampa-sufitowa\/\" \/>\n<meta property=\"og:locale\" content=\"en_GB\" \/>\n<meta property=\"og:type\" content=\"article\" \/>\n<meta property=\"og:title\" content=\"Plafon okr\u0105g\u0142y Eglo 38 x 38 cm czarny 43398 lampa sufitowa - Rad-Pal\" \/>\n<meta property=\"og:description\" content=\"Eglo ANWICK 43398 lampa sufitowa 1x40W\/E27 Base Image: \/4\/3\/43398.jpg Magazyn przywr\u00f3cenie: producent Cena Euro: 74.307606 Small Image: \/4\/3\/43398.jpg Return Allowed:\" \/>\n<meta property=\"og:url\" content=\"https:\/\/rad-pal.com.pl\/en\/sklep\/bez-kategorii\/plafon-okragly-eglo-38-x-38-cm-czarny-43398-lampa-sufitowa\/\" \/>\n<meta property=\"og:site_name\" content=\"Rad-Pal\" \/>\n<meta property=\"article:modified_time\" content=\"2026-02-19T14:36:26+00:00\" \/>\n<meta property=\"og:image\" content=\"https:\/\/upload.cdn.baselinker.com\/products\/6014502\/55281e6b860de9d0426f62dbd3d4b8bb.jpg\" \/>\n<meta name=\"twitter:card\" content=\"summary_large_image\" \/>\n<meta name=\"twitter:label1\" content=\"Estimated reading time\" \/>\n\t<meta name=\"twitter:data1\" content=\"1 minute\" \/>\n<script type=\"application\/ld+json\" class=\"yoast-schema-graph\">{\"@context\":\"https:\/\/schema.org\",\"@graph\":[{\"@type\":\"WebPage\",\"@id\":\"https:\/\/rad-pal.com.pl\/sklep\/bez-kategorii\/plafon-okragly-eglo-38-x-38-cm-czarny-43398-lampa-sufitowa\/\",\"url\":\"https:\/\/rad-pal.com.pl\/sklep\/bez-kategorii\/plafon-okragly-eglo-38-x-38-cm-czarny-43398-lampa-sufitowa\/\",\"name\":\"Plafon okr\u0105g\u0142y Eglo 38 x 38 cm czarny 43398 lampa sufitowa - Rad-Pal\",\"isPartOf\":{\"@id\":\"https:\/\/rad-pal.com.pl\/#website\"},\"primaryImageOfPage\":{\"@id\":\"https:\/\/rad-pal.com.pl\/sklep\/bez-kategorii\/plafon-okragly-eglo-38-x-38-cm-czarny-43398-lampa-sufitowa\/#primaryimage\"},\"image\":{\"@id\":\"https:\/\/rad-pal.com.pl\/sklep\/bez-kategorii\/plafon-okragly-eglo-38-x-38-cm-czarny-43398-lampa-sufitowa\/#primaryimage\"},\"thumbnailUrl\":\"https:\/\/rad-pal.com.pl\/wp-content\/uploads\/2026\/02\/55281e6b860de9d0426f62dbd3d4b8bb.jpg\",\"datePublished\":\"2026-02-19T13:57:26+00:00\",\"dateModified\":\"2026-02-19T14:36:26+00:00\",\"breadcrumb\":{\"@id\":\"https:\/\/rad-pal.com.pl\/sklep\/bez-kategorii\/plafon-okragly-eglo-38-x-38-cm-czarny-43398-lampa-sufitowa\/#breadcrumb\"},\"inLanguage\":\"en-GB\",\"potentialAction\":[{\"@type\":\"ReadAction\",\"target\":[\"https:\/\/rad-pal.com.pl\/sklep\/bez-kategorii\/plafon-okragly-eglo-38-x-38-cm-czarny-43398-lampa-sufitowa\/\"]}]},{\"@type\":\"ImageObject\",\"inLanguage\":\"en-GB\",\"@id\":\"https:\/\/rad-pal.com.pl\/sklep\/bez-kategorii\/plafon-okragly-eglo-38-x-38-cm-czarny-43398-lampa-sufitowa\/#primaryimage\",\"url\":\"https:\/\/rad-pal.com.pl\/wp-content\/uploads\/2026\/02\/55281e6b860de9d0426f62dbd3d4b8bb.jpg\",\"contentUrl\":\"https:\/\/rad-pal.com.pl\/wp-content\/uploads\/2026\/02\/55281e6b860de9d0426f62dbd3d4b8bb.jpg\",\"width\":2500,\"height\":2500,\"caption\":\"391f36e4b655f9171a4889509b18add7\"},{\"@type\":\"BreadcrumbList\",\"@id\":\"https:\/\/rad-pal.com.pl\/sklep\/bez-kategorii\/plafon-okragly-eglo-38-x-38-cm-czarny-43398-lampa-sufitowa\/#breadcrumb\",\"itemListElement\":[{\"@type\":\"ListItem\",\"position\":1,\"name\":\"Strona g\u0142\u00f3wna\",\"item\":\"https:\/\/rad-pal.com.pl\/\"},{\"@type\":\"ListItem\",\"position\":2,\"name\":\"Sklep\",\"item\":\"https:\/\/rad-pal.com.pl\/sklep\/\"},{\"@type\":\"ListItem\",\"position\":3,\"name\":\"Plafon okr\u0105g\u0142y Eglo 38 x 38 cm czarny 43398 lampa sufitowa\"}]},{\"@type\":\"WebSite\",\"@id\":\"https:\/\/rad-pal.com.pl\/#website\",\"url\":\"https:\/\/rad-pal.com.pl\/\",\"name\":\"Rad-Pal\",\"description\":\"\",\"publisher\":{\"@id\":\"https:\/\/rad-pal.com.pl\/#organization\"},\"potentialAction\":[{\"@type\":\"SearchAction\",\"target\":{\"@type\":\"EntryPoint\",\"urlTemplate\":\"https:\/\/rad-pal.com.pl\/?s={search_term_string}\"},\"query-input\":{\"@type\":\"PropertyValueSpecification\",\"valueRequired\":true,\"valueName\":\"search_term_string\"}}],\"inLanguage\":\"en-GB\"},{\"@type\":\"Organization\",\"@id\":\"https:\/\/rad-pal.com.pl\/#organization\",\"name\":\"Rad-Pal\",\"url\":\"https:\/\/rad-pal.com.pl\/\",\"logo\":{\"@type\":\"ImageObject\",\"inLanguage\":\"en-GB\",\"@id\":\"https:\/\/rad-pal.com.pl\/#\/schema\/logo\/image\/\",\"url\":\"https:\/\/rad-pal.com.pl\/wp-content\/uploads\/2026\/03\/Projekt-bez-nazwy-30.webp\",\"contentUrl\":\"https:\/\/rad-pal.com.pl\/wp-content\/uploads\/2026\/03\/Projekt-bez-nazwy-30.webp\",\"width\":600,\"height\":210,\"caption\":\"Rad-Pal\"},\"image\":{\"@id\":\"https:\/\/rad-pal.com.pl\/#\/schema\/logo\/image\/\"}}]}<\/script>\n<!-- \/ Yoast SEO plugin. -->","yoast_head_json":{"title":"Plafon okr\u0105g\u0142y Eglo 38 x 38 cm czarny 43398 lampa sufitowa - Rad-Pal","robots":{"index":"index","follow":"follow","max-snippet":"max-snippet:-1","max-image-preview":"max-image-preview:large","max-video-preview":"max-video-preview:-1"},"canonical":"https:\/\/rad-pal.com.pl\/en\/sklep\/bez-kategorii\/plafon-okragly-eglo-38-x-38-cm-czarny-43398-lampa-sufitowa\/","og_locale":"en_GB","og_type":"article","og_title":"Plafon okr\u0105g\u0142y Eglo 38 x 38 cm czarny 43398 lampa sufitowa - Rad-Pal","og_description":"Eglo ANWICK 43398 lampa sufitowa 1x40W\/E27 Base Image: \/4\/3\/43398.jpg Magazyn przywr\u00f3cenie: producent Cena Euro: 74.307606 Small Image: \/4\/3\/43398.jpg Return Allowed:","og_url":"https:\/\/rad-pal.com.pl\/en\/sklep\/bez-kategorii\/plafon-okragly-eglo-38-x-38-cm-czarny-43398-lampa-sufitowa\/","og_site_name":"Rad-Pal","article_modified_time":"2026-02-19T14:36:26+00:00","og_image":[{"url":"https:\/\/upload.cdn.baselinker.com\/products\/6014502\/55281e6b860de9d0426f62dbd3d4b8bb.jpg","type":"","width":"","height":""}],"twitter_card":"summary_large_image","twitter_misc":{"Estimated reading time":"1 minute"},"schema":{"@context":"https:\/\/schema.org","@graph":[{"@type":"WebPage","@id":"https:\/\/rad-pal.com.pl\/sklep\/bez-kategorii\/plafon-okragly-eglo-38-x-38-cm-czarny-43398-lampa-sufitowa\/","url":"https:\/\/rad-pal.com.pl\/sklep\/bez-kategorii\/plafon-okragly-eglo-38-x-38-cm-czarny-43398-lampa-sufitowa\/","name":"Plafon okr\u0105g\u0142y Eglo 38 x 38 cm czarny 43398 lampa sufitowa - Rad-Pal","isPartOf":{"@id":"https:\/\/rad-pal.com.pl\/#website"},"primaryImageOfPage":{"@id":"https:\/\/rad-pal.com.pl\/sklep\/bez-kategorii\/plafon-okragly-eglo-38-x-38-cm-czarny-43398-lampa-sufitowa\/#primaryimage"},"image":{"@id":"https:\/\/rad-pal.com.pl\/sklep\/bez-kategorii\/plafon-okragly-eglo-38-x-38-cm-czarny-43398-lampa-sufitowa\/#primaryimage"},"thumbnailUrl":"https:\/\/rad-pal.com.pl\/wp-content\/uploads\/2026\/02\/55281e6b860de9d0426f62dbd3d4b8bb.jpg","datePublished":"2026-02-19T13:57:26+00:00","dateModified":"2026-02-19T14:36:26+00:00","breadcrumb":{"@id":"https:\/\/rad-pal.com.pl\/sklep\/bez-kategorii\/plafon-okragly-eglo-38-x-38-cm-czarny-43398-lampa-sufitowa\/#breadcrumb"},"inLanguage":"en-GB","potentialAction":[{"@type":"ReadAction","target":["https:\/\/rad-pal.com.pl\/sklep\/bez-kategorii\/plafon-okragly-eglo-38-x-38-cm-czarny-43398-lampa-sufitowa\/"]}]},{"@type":"ImageObject","inLanguage":"en-GB","@id":"https:\/\/rad-pal.com.pl\/sklep\/bez-kategorii\/plafon-okragly-eglo-38-x-38-cm-czarny-43398-lampa-sufitowa\/#primaryimage","url":"https:\/\/rad-pal.com.pl\/wp-content\/uploads\/2026\/02\/55281e6b860de9d0426f62dbd3d4b8bb.jpg","contentUrl":"https:\/\/rad-pal.com.pl\/wp-content\/uploads\/2026\/02\/55281e6b860de9d0426f62dbd3d4b8bb.jpg","width":2500,"height":2500,"caption":"391f36e4b655f9171a4889509b18add7"},{"@type":"BreadcrumbList","@id":"https:\/\/rad-pal.com.pl\/sklep\/bez-kategorii\/plafon-okragly-eglo-38-x-38-cm-czarny-43398-lampa-sufitowa\/#breadcrumb","itemListElement":[{"@type":"ListItem","position":1,"name":"Strona g\u0142\u00f3wna","item":"https:\/\/rad-pal.com.pl\/"},{"@type":"ListItem","position":2,"name":"Sklep","item":"https:\/\/rad-pal.com.pl\/sklep\/"},{"@type":"ListItem","position":3,"name":"Plafon okr\u0105g\u0142y Eglo 38 x 38 cm czarny 43398 lampa sufitowa"}]},{"@type":"WebSite","@id":"https:\/\/rad-pal.com.pl\/#website","url":"https:\/\/rad-pal.com.pl\/","name":"Rad-Pal","description":"","publisher":{"@id":"https:\/\/rad-pal.com.pl\/#organization"},"potentialAction":[{"@type":"SearchAction","target":{"@type":"EntryPoint","urlTemplate":"https:\/\/rad-pal.com.pl\/?s={search_term_string}"},"query-input":{"@type":"PropertyValueSpecification","valueRequired":true,"valueName":"search_term_string"}}],"inLanguage":"en-GB"},{"@type":"Organization","@id":"https:\/\/rad-pal.com.pl\/#organization","name":"Rad-Pal","url":"https:\/\/rad-pal.com.pl\/","logo":{"@type":"ImageObject","inLanguage":"en-GB","@id":"https:\/\/rad-pal.com.pl\/#\/schema\/logo\/image\/","url":"https:\/\/rad-pal.com.pl\/wp-content\/uploads\/2026\/03\/Projekt-bez-nazwy-30.webp","contentUrl":"https:\/\/rad-pal.com.pl\/wp-content\/uploads\/2026\/03\/Projekt-bez-nazwy-30.webp","width":600,"height":210,"caption":"Rad-Pal"},"image":{"@id":"https:\/\/rad-pal.com.pl\/#\/schema\/logo\/image\/"}}]}},"_links":{"self":[{"href":"https:\/\/rad-pal.com.pl\/en\/wp-json\/wp\/v2\/product\/31540","targetHints":{"allow":["GET"]}}],"collection":[{"href":"https:\/\/rad-pal.com.pl\/en\/wp-json\/wp\/v2\/product"}],"about":[{"href":"https:\/\/rad-pal.com.pl\/en\/wp-json\/wp\/v2\/types\/product"}],"version-history":[{"count":0,"href":"https:\/\/rad-pal.com.pl\/en\/wp-json\/wp\/v2\/product\/31540\/revisions"}],"wp:featuredmedia":[{"embeddable":true,"href":"https:\/\/rad-pal.com.pl\/en\/wp-json\/wp\/v2\/media\/31536"}],"wp:attachment":[{"href":"https:\/\/rad-pal.com.pl\/en\/wp-json\/wp\/v2\/media?parent=31540"}],"wp:term":[{"taxonomy":"product_brand","embeddable":true,"href":"https:\/\/rad-pal.com.pl\/en\/wp-json\/wp\/v2\/product_brand?post=31540"},{"taxonomy":"product_cat","embeddable":true,"href":"https:\/\/rad-pal.com.pl\/en\/wp-json\/wp\/v2\/product_cat?post=31540"},{"taxonomy":"product_tag","embeddable":true,"href":"https:\/\/rad-pal.com.pl\/en\/wp-json\/wp\/v2\/product_tag?post=31540"}],"curies":[{"name":"wp","href":"https:\/\/api.w.org\/{rel}","templated":true}]}}