{"id":31782,"date":"2026-02-19T15:09:16","date_gmt":"2026-02-19T14:09:16","guid":{"rendered":"https:\/\/rad-pal.com.pl\/sklep\/bez-kategorii\/podstawa-parasola-do-ogrodu-na-balkon-relaxdays\/"},"modified":"2026-02-19T15:38:15","modified_gmt":"2026-02-19T14:38:15","slug":"podstawa-parasola-do-ogrodu-na-balkon-relaxdays","status":"publish","type":"product","link":"https:\/\/rad-pal.com.pl\/en\/sklep\/dom-i-ogrod\/ogrod\/meble-ogrodowe\/parasole-ogrodowe-i-akcesoria\/podstawy-do-parasoli\/podstawa-parasola-do-ogrodu-na-balkon-relaxdays\/","title":{"rendered":"PODSTAWA PARASOLA DO OGRODU NA BALKON RELAXDAYS"},"content":{"rendered":"<section class=\"section\">\n<div class=\"item item-6\">\n<section class=\"image-item\"><img decoding=\"async\" src=\"https:\/\/upload.cdn.baselinker.com\/products\/6014502\/a862afa77e3dd62532d0895308680bac.jpg\" \/><\/section>\n<\/p><\/div>\n<div class=\"item item-6\">\n<section class=\"text-item\">\n<p><b>\u27a1\ufe0fPodstawa parasola do ogrodu i na balkon<\/b><\/p>\n<p><b>\u27a1\ufe0fDzi\u0119ki eleganckiemu i stabilnemu stojakowi na parasole o wygl\u0105dzie \u017celiwa masz stabilny uchwyt na swoje parasole.<\/b><\/p>\n<p><b>\u27a1\ufe0fDzi\u0119ki mocowaniu do kijk\u00f3w i \u015brubie blokuj\u0105cej mo\u017cna precyzyjnie regulowa\u0107 trzymanie r\u00f3\u017cnych kijk\u00f3w<\/b><b>.<\/b><\/p>\n<p><b>\u27a1\ufe0fDzi\u0119ki ci\u0119\u017ckiej podstawie Tw\u00f3j parasol trzyma si\u0119 prosto i niezawodnie nawet przy niewielkich podmuchach wiatru. Odrapany design i zakrzywione dekoracje przyci\u0105gaj\u0105 wzrok r\u00f3wnie\u017c w ogrodzie, na tarasie lub na balkonie.<\/b><\/p>\n<\/section><\/div>\n<\/section>\n<section class=\"section\">\n<div class=\"item item-12\">\n<section class=\"text-item\">\n<p>\ufffdCi\u0119\u017cki model w shabby \u017celiwnym wygl\u0105dzie<\/p>\n<p>?Odporny na warunki atmosferyczne i trwa\u0142y materia\u0142<\/p>\n<p>?Eleganckie dekoracje w stylu vintage<\/p>\n<p>?Praktyczne i dekoracyjne do ogrodu, tarasu i balkonu<\/p>\n<p>?Nadaje si\u0119 do maszt\u00f3w parasolowych o r\u00f3\u017cnych grubo\u015bciach<\/p>\n<p><b>?bez dekoracji ilustrowane instrukcje<\/b><\/p>\n<\/section><\/div>\n<\/section>\n<section class=\"section\">\n<div class=\"item item-6\">\n<section class=\"text-item\">\n<p>Wymiary ca\u0142kowite wys. x g\u0142.: ok. 34 x 49,5 cm<\/p>\n<p>Do maszt\u00f3w parasolowych o grubo\u015bci ok. 38 &#8211; 50 mm<\/p>\n<p>Elementy wykonane z PE i plastiku<\/p>\n<p>Wa\u017cy oko\u0142o 14,3 kg<\/p>\n<p>Br\u0105zowy wygl\u0105d \u017celiwa<\/p>\n<\/section><\/div>\n<div class=\"item item-6\">\n<section class=\"image-item\"><img decoding=\"async\" src=\"https:\/\/upload.cdn.baselinker.com\/products\/6014502\/f0355590ad815edf57884a167fb654d1.jpg\" \/><\/section>\n<\/p><\/div>\n<\/section>\n<section class=\"section\">\n<div class=\"item item-12\">\n<section class=\"image-item\"><img decoding=\"async\" src=\"https:\/\/upload.cdn.baselinker.com\/products\/6014502\/b19f8b6ff1362438e3dcb23e4e8dcf7f.jpg\" \/><\/section>\n<\/p><\/div>\n<\/section>\n<section class=\"section\">\n<div class=\"item item-12\">\n<section class=\"text-item\">\n<p>12<\/p>\n<\/section><\/div>\n<\/section>","protected":false},"excerpt":{"rendered":"<p>\u27a1\ufe0fPodstawa parasola do ogrodu i na balkon \u27a1\ufe0fDzi\u0119ki eleganckiemu i stabilnemu stojakowi na parasole o wygl\u0105dzie \u017celiwa masz stabilny uchwyt<\/p>","protected":false},"featured_media":31775,"template":"","meta":[],"product_brand":[],"product_cat":[86,214,111,228,229],"product_tag":[],"class_list":{"0":"post-31782","1":"product","2":"type-product","3":"status-publish","4":"has-post-thumbnail","6":"product_cat-dom-i-ogrod","7":"product_cat-meble-ogrodowe","8":"product_cat-ogrod","9":"product_cat-parasole-ogrodowe-i-akcesoria","10":"product_cat-podstawy-do-parasoli","12":"first","13":"instock","14":"taxable","15":"shipping-taxable","16":"purchasable","17":"product-type-simple"},"yoast_head":"<!-- This site is optimized with the Yoast SEO plugin v25.7 - https:\/\/yoast.com\/wordpress\/plugins\/seo\/ -->\n<title>PODSTAWA PARASOLA DO OGRODU NA BALKON RELAXDAYS - Rad-Pal<\/title>\n<meta name=\"robots\" content=\"index, follow, max-snippet:-1, max-image-preview:large, max-video-preview:-1\" \/>\n<link rel=\"canonical\" href=\"https:\/\/rad-pal.com.pl\/en\/sklep\/bez-kategorii\/podstawa-parasola-do-ogrodu-na-balkon-relaxdays\/\" \/>\n<meta property=\"og:locale\" content=\"en_GB\" \/>\n<meta property=\"og:type\" content=\"article\" \/>\n<meta property=\"og:title\" content=\"PODSTAWA PARASOLA DO OGRODU NA BALKON RELAXDAYS - Rad-Pal\" \/>\n<meta property=\"og:description\" content=\"\u27a1\ufe0fPodstawa parasola do ogrodu i na balkon \u27a1\ufe0fDzi\u0119ki eleganckiemu i stabilnemu stojakowi na parasole o wygl\u0105dzie \u017celiwa masz stabilny uchwyt\" \/>\n<meta property=\"og:url\" content=\"https:\/\/rad-pal.com.pl\/en\/sklep\/bez-kategorii\/podstawa-parasola-do-ogrodu-na-balkon-relaxdays\/\" \/>\n<meta property=\"og:site_name\" content=\"Rad-Pal\" \/>\n<meta property=\"article:modified_time\" content=\"2026-02-19T14:38:15+00:00\" \/>\n<meta property=\"og:image\" content=\"https:\/\/upload.cdn.baselinker.com\/products\/6014502\/a862afa77e3dd62532d0895308680bac.jpg\" \/>\n<meta name=\"twitter:card\" content=\"summary_large_image\" \/>\n<meta name=\"twitter:label1\" content=\"Estimated reading time\" \/>\n\t<meta name=\"twitter:data1\" content=\"1 minute\" \/>\n<script type=\"application\/ld+json\" class=\"yoast-schema-graph\">{\"@context\":\"https:\/\/schema.org\",\"@graph\":[{\"@type\":\"WebPage\",\"@id\":\"https:\/\/rad-pal.com.pl\/sklep\/bez-kategorii\/podstawa-parasola-do-ogrodu-na-balkon-relaxdays\/\",\"url\":\"https:\/\/rad-pal.com.pl\/sklep\/bez-kategorii\/podstawa-parasola-do-ogrodu-na-balkon-relaxdays\/\",\"name\":\"PODSTAWA PARASOLA DO OGRODU NA BALKON RELAXDAYS - Rad-Pal\",\"isPartOf\":{\"@id\":\"https:\/\/rad-pal.com.pl\/#website\"},\"primaryImageOfPage\":{\"@id\":\"https:\/\/rad-pal.com.pl\/sklep\/bez-kategorii\/podstawa-parasola-do-ogrodu-na-balkon-relaxdays\/#primaryimage\"},\"image\":{\"@id\":\"https:\/\/rad-pal.com.pl\/sklep\/bez-kategorii\/podstawa-parasola-do-ogrodu-na-balkon-relaxdays\/#primaryimage\"},\"thumbnailUrl\":\"https:\/\/rad-pal.com.pl\/wp-content\/uploads\/2026\/02\/a862afa77e3dd62532d0895308680bac.jpg\",\"datePublished\":\"2026-02-19T14:09:16+00:00\",\"dateModified\":\"2026-02-19T14:38:15+00:00\",\"breadcrumb\":{\"@id\":\"https:\/\/rad-pal.com.pl\/sklep\/bez-kategorii\/podstawa-parasola-do-ogrodu-na-balkon-relaxdays\/#breadcrumb\"},\"inLanguage\":\"en-GB\",\"potentialAction\":[{\"@type\":\"ReadAction\",\"target\":[\"https:\/\/rad-pal.com.pl\/sklep\/bez-kategorii\/podstawa-parasola-do-ogrodu-na-balkon-relaxdays\/\"]}]},{\"@type\":\"ImageObject\",\"inLanguage\":\"en-GB\",\"@id\":\"https:\/\/rad-pal.com.pl\/sklep\/bez-kategorii\/podstawa-parasola-do-ogrodu-na-balkon-relaxdays\/#primaryimage\",\"url\":\"https:\/\/rad-pal.com.pl\/wp-content\/uploads\/2026\/02\/a862afa77e3dd62532d0895308680bac.jpg\",\"contentUrl\":\"https:\/\/rad-pal.com.pl\/wp-content\/uploads\/2026\/02\/a862afa77e3dd62532d0895308680bac.jpg\",\"width\":1500,\"height\":1286,\"caption\":\"caa8650dfaa1110bb8ded20288db2eaf\"},{\"@type\":\"BreadcrumbList\",\"@id\":\"https:\/\/rad-pal.com.pl\/sklep\/bez-kategorii\/podstawa-parasola-do-ogrodu-na-balkon-relaxdays\/#breadcrumb\",\"itemListElement\":[{\"@type\":\"ListItem\",\"position\":1,\"name\":\"Strona g\u0142\u00f3wna\",\"item\":\"https:\/\/rad-pal.com.pl\/\"},{\"@type\":\"ListItem\",\"position\":2,\"name\":\"Sklep\",\"item\":\"https:\/\/rad-pal.com.pl\/sklep\/\"},{\"@type\":\"ListItem\",\"position\":3,\"name\":\"PODSTAWA PARASOLA DO OGRODU NA BALKON RELAXDAYS\"}]},{\"@type\":\"WebSite\",\"@id\":\"https:\/\/rad-pal.com.pl\/#website\",\"url\":\"https:\/\/rad-pal.com.pl\/\",\"name\":\"Rad-Pal\",\"description\":\"\",\"publisher\":{\"@id\":\"https:\/\/rad-pal.com.pl\/#organization\"},\"potentialAction\":[{\"@type\":\"SearchAction\",\"target\":{\"@type\":\"EntryPoint\",\"urlTemplate\":\"https:\/\/rad-pal.com.pl\/?s={search_term_string}\"},\"query-input\":{\"@type\":\"PropertyValueSpecification\",\"valueRequired\":true,\"valueName\":\"search_term_string\"}}],\"inLanguage\":\"en-GB\"},{\"@type\":\"Organization\",\"@id\":\"https:\/\/rad-pal.com.pl\/#organization\",\"name\":\"Rad-Pal\",\"url\":\"https:\/\/rad-pal.com.pl\/\",\"logo\":{\"@type\":\"ImageObject\",\"inLanguage\":\"en-GB\",\"@id\":\"https:\/\/rad-pal.com.pl\/#\/schema\/logo\/image\/\",\"url\":\"https:\/\/rad-pal.com.pl\/wp-content\/uploads\/2026\/03\/Projekt-bez-nazwy-30.webp\",\"contentUrl\":\"https:\/\/rad-pal.com.pl\/wp-content\/uploads\/2026\/03\/Projekt-bez-nazwy-30.webp\",\"width\":600,\"height\":210,\"caption\":\"Rad-Pal\"},\"image\":{\"@id\":\"https:\/\/rad-pal.com.pl\/#\/schema\/logo\/image\/\"}}]}<\/script>\n<!-- \/ Yoast SEO plugin. -->","yoast_head_json":{"title":"PODSTAWA PARASOLA DO OGRODU NA BALKON RELAXDAYS - Rad-Pal","robots":{"index":"index","follow":"follow","max-snippet":"max-snippet:-1","max-image-preview":"max-image-preview:large","max-video-preview":"max-video-preview:-1"},"canonical":"https:\/\/rad-pal.com.pl\/en\/sklep\/bez-kategorii\/podstawa-parasola-do-ogrodu-na-balkon-relaxdays\/","og_locale":"en_GB","og_type":"article","og_title":"PODSTAWA PARASOLA DO OGRODU NA BALKON RELAXDAYS - Rad-Pal","og_description":"\u27a1\ufe0fPodstawa parasola do ogrodu i na balkon \u27a1\ufe0fDzi\u0119ki eleganckiemu i stabilnemu stojakowi na parasole o wygl\u0105dzie \u017celiwa masz stabilny uchwyt","og_url":"https:\/\/rad-pal.com.pl\/en\/sklep\/bez-kategorii\/podstawa-parasola-do-ogrodu-na-balkon-relaxdays\/","og_site_name":"Rad-Pal","article_modified_time":"2026-02-19T14:38:15+00:00","og_image":[{"url":"https:\/\/upload.cdn.baselinker.com\/products\/6014502\/a862afa77e3dd62532d0895308680bac.jpg","type":"","width":"","height":""}],"twitter_card":"summary_large_image","twitter_misc":{"Estimated reading time":"1 minute"},"schema":{"@context":"https:\/\/schema.org","@graph":[{"@type":"WebPage","@id":"https:\/\/rad-pal.com.pl\/sklep\/bez-kategorii\/podstawa-parasola-do-ogrodu-na-balkon-relaxdays\/","url":"https:\/\/rad-pal.com.pl\/sklep\/bez-kategorii\/podstawa-parasola-do-ogrodu-na-balkon-relaxdays\/","name":"PODSTAWA PARASOLA DO OGRODU NA BALKON RELAXDAYS - Rad-Pal","isPartOf":{"@id":"https:\/\/rad-pal.com.pl\/#website"},"primaryImageOfPage":{"@id":"https:\/\/rad-pal.com.pl\/sklep\/bez-kategorii\/podstawa-parasola-do-ogrodu-na-balkon-relaxdays\/#primaryimage"},"image":{"@id":"https:\/\/rad-pal.com.pl\/sklep\/bez-kategorii\/podstawa-parasola-do-ogrodu-na-balkon-relaxdays\/#primaryimage"},"thumbnailUrl":"https:\/\/rad-pal.com.pl\/wp-content\/uploads\/2026\/02\/a862afa77e3dd62532d0895308680bac.jpg","datePublished":"2026-02-19T14:09:16+00:00","dateModified":"2026-02-19T14:38:15+00:00","breadcrumb":{"@id":"https:\/\/rad-pal.com.pl\/sklep\/bez-kategorii\/podstawa-parasola-do-ogrodu-na-balkon-relaxdays\/#breadcrumb"},"inLanguage":"en-GB","potentialAction":[{"@type":"ReadAction","target":["https:\/\/rad-pal.com.pl\/sklep\/bez-kategorii\/podstawa-parasola-do-ogrodu-na-balkon-relaxdays\/"]}]},{"@type":"ImageObject","inLanguage":"en-GB","@id":"https:\/\/rad-pal.com.pl\/sklep\/bez-kategorii\/podstawa-parasola-do-ogrodu-na-balkon-relaxdays\/#primaryimage","url":"https:\/\/rad-pal.com.pl\/wp-content\/uploads\/2026\/02\/a862afa77e3dd62532d0895308680bac.jpg","contentUrl":"https:\/\/rad-pal.com.pl\/wp-content\/uploads\/2026\/02\/a862afa77e3dd62532d0895308680bac.jpg","width":1500,"height":1286,"caption":"caa8650dfaa1110bb8ded20288db2eaf"},{"@type":"BreadcrumbList","@id":"https:\/\/rad-pal.com.pl\/sklep\/bez-kategorii\/podstawa-parasola-do-ogrodu-na-balkon-relaxdays\/#breadcrumb","itemListElement":[{"@type":"ListItem","position":1,"name":"Strona g\u0142\u00f3wna","item":"https:\/\/rad-pal.com.pl\/"},{"@type":"ListItem","position":2,"name":"Sklep","item":"https:\/\/rad-pal.com.pl\/sklep\/"},{"@type":"ListItem","position":3,"name":"PODSTAWA PARASOLA DO OGRODU NA BALKON RELAXDAYS"}]},{"@type":"WebSite","@id":"https:\/\/rad-pal.com.pl\/#website","url":"https:\/\/rad-pal.com.pl\/","name":"Rad-Pal","description":"","publisher":{"@id":"https:\/\/rad-pal.com.pl\/#organization"},"potentialAction":[{"@type":"SearchAction","target":{"@type":"EntryPoint","urlTemplate":"https:\/\/rad-pal.com.pl\/?s={search_term_string}"},"query-input":{"@type":"PropertyValueSpecification","valueRequired":true,"valueName":"search_term_string"}}],"inLanguage":"en-GB"},{"@type":"Organization","@id":"https:\/\/rad-pal.com.pl\/#organization","name":"Rad-Pal","url":"https:\/\/rad-pal.com.pl\/","logo":{"@type":"ImageObject","inLanguage":"en-GB","@id":"https:\/\/rad-pal.com.pl\/#\/schema\/logo\/image\/","url":"https:\/\/rad-pal.com.pl\/wp-content\/uploads\/2026\/03\/Projekt-bez-nazwy-30.webp","contentUrl":"https:\/\/rad-pal.com.pl\/wp-content\/uploads\/2026\/03\/Projekt-bez-nazwy-30.webp","width":600,"height":210,"caption":"Rad-Pal"},"image":{"@id":"https:\/\/rad-pal.com.pl\/#\/schema\/logo\/image\/"}}]}},"_links":{"self":[{"href":"https:\/\/rad-pal.com.pl\/en\/wp-json\/wp\/v2\/product\/31782","targetHints":{"allow":["GET"]}}],"collection":[{"href":"https:\/\/rad-pal.com.pl\/en\/wp-json\/wp\/v2\/product"}],"about":[{"href":"https:\/\/rad-pal.com.pl\/en\/wp-json\/wp\/v2\/types\/product"}],"version-history":[{"count":0,"href":"https:\/\/rad-pal.com.pl\/en\/wp-json\/wp\/v2\/product\/31782\/revisions"}],"wp:featuredmedia":[{"embeddable":true,"href":"https:\/\/rad-pal.com.pl\/en\/wp-json\/wp\/v2\/media\/31775"}],"wp:attachment":[{"href":"https:\/\/rad-pal.com.pl\/en\/wp-json\/wp\/v2\/media?parent=31782"}],"wp:term":[{"taxonomy":"product_brand","embeddable":true,"href":"https:\/\/rad-pal.com.pl\/en\/wp-json\/wp\/v2\/product_brand?post=31782"},{"taxonomy":"product_cat","embeddable":true,"href":"https:\/\/rad-pal.com.pl\/en\/wp-json\/wp\/v2\/product_cat?post=31782"},{"taxonomy":"product_tag","embeddable":true,"href":"https:\/\/rad-pal.com.pl\/en\/wp-json\/wp\/v2\/product_tag?post=31782"}],"curies":[{"name":"wp","href":"https:\/\/api.w.org\/{rel}","templated":true}]}}