{"id":31900,"date":"2026-02-19T15:14:19","date_gmt":"2026-02-19T14:14:19","guid":{"rendered":"https:\/\/rad-pal.com.pl\/sklep\/bez-kategorii\/kosz-na-smieci-relaxdays-30-l\/"},"modified":"2026-02-19T15:38:43","modified_gmt":"2026-02-19T14:38:43","slug":"kosz-na-smieci-relaxdays-30-l","status":"publish","type":"product","link":"https:\/\/rad-pal.com.pl\/en\/sklep\/dom-i-ogrod\/wyposazenie\/przybory-kuchenne\/kosze-na-smieci-i-pojemniki-do-segregacji\/kosz-na-smieci-relaxdays-30-l\/","title":{"rendered":"Kosz na \u015bmieci Relaxdays 30 l"},"content":{"rendered":"<section class=\"section\">\n<div class=\"item item-12\">\n<section class=\"text-item\">\n<p>\u2733\ufe0fJe\u015bli lubisz mie\u0107 uporz\u0105dkowan\u0105 i zorganizowan\u0105 kuchni\u0119, ten wbudowany kosz na \u015bmieci jest w\u0142a\u015bnie dla Ciebie. Kosz na odpady znika w szafce kuchennej i pomaga w \u0142atwym segregowaniu odpad\u00f3w. Kosze na odpady wysuwaj\u0105 si\u0119 p\u0142ynnie i mo\u017cna je \u0142atwo wyj\u0105\u0107 dzi\u0119ki uchwytowi. Pokrywa zatrzymuje zapachy w \u015brodku i oferuje miejsce do przechowywania ma\u0142ych przedmiot\u00f3w, takich jak worki na \u015bmieci, szufelka i szczotka. Praktyczny, higieniczny i idealny do uporz\u0105dkowanej kuchni.<\/p>\n<\/section><\/div>\n<\/section>\n<section class=\"section\">\n<div class=\"item item-12\">\n<section class=\"text-item\">\n<p><b>\u2733\ufe0fInne szczeg\u00f3\u0142y dotycz\u0105ce pojemnika do segregacji odpad\u00f3w<\/b><\/p>\n<p>\u27a1\ufe0f- Do szafki o szeroko\u015bci (wewn\u0105trz): min. 40 cm<\/p>\n<p>\u27a1\ufe0f- Materia\u0142: Plastik, stal<\/p>\n<p>\u27a1\ufe0f- Kolor: Czarny<\/p>\n<p><b>\u2764\ufe0fRozk\u0142adany kosz na \u015bmieci do szafki kuchennej<\/b><\/p>\n<p>-? Por\u0119czny kosz do segregacji odpad\u00f3w opakowaniowych, organicznych i resztkowych<\/p>\n<p>-? Kosz na \u015bmieci do szafki kuchennej &#8211; wszystko poza zasi\u0119giem wzroku<\/p>\n<p>&#8211; ?G\u0142adkie szyny zapewniaj\u0105 \u0142atwe wysuwanie koszy<\/p>\n<p>&#8211; ?W pe\u0142ni rozk\u0142adany &#8211; kosze na \u015bmieci mo\u017cna \u0142atwo nape\u0142nia\u0107 i opr\u00f3\u017cnia\u0107<\/p>\n<p>&#8211; ?Zawiasowa pokrywa zatrzymuje nieprzyjemne zapachy wewn\u0105trz<\/p>\n<p>&#8211; ?Pokrywa zapewnia dodatkowe miejsce na worki na \u015bmieci, szufelk\u0119 i zmiotk\u0119 itp.<\/p>\n<p>&#8211; ?1x Wbudowany kosz na \u015bmieci o wybranym wzorze<\/p>\n<\/section><\/div>\n<\/section>\n<section class=\"section\">\n<div class=\"item item-12\">\n<section class=\"image-item\"><img decoding=\"async\" src=\"https:\/\/upload.cdn.baselinker.com\/products\/6014502\/f24a1d15789d1c7a55c4a435d03845cf.jpg\" \/><\/section>\n<\/p><\/div>\n<\/section>\n<section class=\"section\">\n<div class=\"item item-12\">\n<section class=\"text-item\">\n<p>13<\/p>\n<\/section><\/div>\n<\/section>","protected":false},"excerpt":{"rendered":"<p>\u2733\ufe0fJe\u015bli lubisz mie\u0107 uporz\u0105dkowan\u0105 i zorganizowan\u0105 kuchni\u0119, ten wbudowany kosz na \u015bmieci jest w\u0142a\u015bnie dla Ciebie. Kosz na odpady znika<\/p>","protected":false},"featured_media":31893,"template":"","meta":[],"product_brand":[],"product_cat":[86,360,88,87],"product_tag":[],"class_list":{"0":"post-31900","1":"product","2":"type-product","3":"status-publish","4":"has-post-thumbnail","6":"product_cat-dom-i-ogrod","7":"product_cat-kosze-na-smieci-i-pojemniki-do-segregacji","8":"product_cat-przybory-kuchenne","9":"product_cat-wyposazenie","11":"first","12":"instock","13":"taxable","14":"shipping-taxable","15":"purchasable","16":"product-type-simple"},"yoast_head":"<!-- This site is optimized with the Yoast SEO plugin v25.7 - https:\/\/yoast.com\/wordpress\/plugins\/seo\/ -->\n<title>Kosz na \u015bmieci Relaxdays 30 l - Rad-Pal<\/title>\n<meta name=\"robots\" content=\"index, follow, max-snippet:-1, max-image-preview:large, max-video-preview:-1\" \/>\n<link rel=\"canonical\" href=\"https:\/\/rad-pal.com.pl\/en\/sklep\/bez-kategorii\/kosz-na-smieci-relaxdays-30-l\/\" \/>\n<meta property=\"og:locale\" content=\"en_GB\" \/>\n<meta property=\"og:type\" content=\"article\" \/>\n<meta property=\"og:title\" content=\"Kosz na \u015bmieci Relaxdays 30 l - Rad-Pal\" \/>\n<meta property=\"og:description\" content=\"\u2733\ufe0fJe\u015bli lubisz mie\u0107 uporz\u0105dkowan\u0105 i zorganizowan\u0105 kuchni\u0119, ten wbudowany kosz na \u015bmieci jest w\u0142a\u015bnie dla Ciebie. Kosz na odpady znika\" \/>\n<meta property=\"og:url\" content=\"https:\/\/rad-pal.com.pl\/en\/sklep\/bez-kategorii\/kosz-na-smieci-relaxdays-30-l\/\" \/>\n<meta property=\"og:site_name\" content=\"Rad-Pal\" \/>\n<meta property=\"article:modified_time\" content=\"2026-02-19T14:38:43+00:00\" \/>\n<meta property=\"og:image\" content=\"https:\/\/upload.cdn.baselinker.com\/products\/6014502\/f24a1d15789d1c7a55c4a435d03845cf.jpg\" \/>\n<meta name=\"twitter:card\" content=\"summary_large_image\" \/>\n<meta name=\"twitter:label1\" content=\"Estimated reading time\" \/>\n\t<meta name=\"twitter:data1\" content=\"1 minute\" \/>\n<script type=\"application\/ld+json\" class=\"yoast-schema-graph\">{\"@context\":\"https:\/\/schema.org\",\"@graph\":[{\"@type\":\"WebPage\",\"@id\":\"https:\/\/rad-pal.com.pl\/sklep\/bez-kategorii\/kosz-na-smieci-relaxdays-30-l\/\",\"url\":\"https:\/\/rad-pal.com.pl\/sklep\/bez-kategorii\/kosz-na-smieci-relaxdays-30-l\/\",\"name\":\"Kosz na \u015bmieci Relaxdays 30 l - Rad-Pal\",\"isPartOf\":{\"@id\":\"https:\/\/rad-pal.com.pl\/#website\"},\"primaryImageOfPage\":{\"@id\":\"https:\/\/rad-pal.com.pl\/sklep\/bez-kategorii\/kosz-na-smieci-relaxdays-30-l\/#primaryimage\"},\"image\":{\"@id\":\"https:\/\/rad-pal.com.pl\/sklep\/bez-kategorii\/kosz-na-smieci-relaxdays-30-l\/#primaryimage\"},\"thumbnailUrl\":\"https:\/\/rad-pal.com.pl\/wp-content\/uploads\/2026\/02\/4d3f75d7d19a1acb1fa357a367ce6de0.jpg\",\"datePublished\":\"2026-02-19T14:14:19+00:00\",\"dateModified\":\"2026-02-19T14:38:43+00:00\",\"breadcrumb\":{\"@id\":\"https:\/\/rad-pal.com.pl\/sklep\/bez-kategorii\/kosz-na-smieci-relaxdays-30-l\/#breadcrumb\"},\"inLanguage\":\"en-GB\",\"potentialAction\":[{\"@type\":\"ReadAction\",\"target\":[\"https:\/\/rad-pal.com.pl\/sklep\/bez-kategorii\/kosz-na-smieci-relaxdays-30-l\/\"]}]},{\"@type\":\"ImageObject\",\"inLanguage\":\"en-GB\",\"@id\":\"https:\/\/rad-pal.com.pl\/sklep\/bez-kategorii\/kosz-na-smieci-relaxdays-30-l\/#primaryimage\",\"url\":\"https:\/\/rad-pal.com.pl\/wp-content\/uploads\/2026\/02\/4d3f75d7d19a1acb1fa357a367ce6de0.jpg\",\"contentUrl\":\"https:\/\/rad-pal.com.pl\/wp-content\/uploads\/2026\/02\/4d3f75d7d19a1acb1fa357a367ce6de0.jpg\",\"width\":681,\"height\":681,\"caption\":\"982f63aff4963ed17aa5f8545cd97971\"},{\"@type\":\"BreadcrumbList\",\"@id\":\"https:\/\/rad-pal.com.pl\/sklep\/bez-kategorii\/kosz-na-smieci-relaxdays-30-l\/#breadcrumb\",\"itemListElement\":[{\"@type\":\"ListItem\",\"position\":1,\"name\":\"Strona g\u0142\u00f3wna\",\"item\":\"https:\/\/rad-pal.com.pl\/\"},{\"@type\":\"ListItem\",\"position\":2,\"name\":\"Sklep\",\"item\":\"https:\/\/rad-pal.com.pl\/sklep\/\"},{\"@type\":\"ListItem\",\"position\":3,\"name\":\"Kosz na \u015bmieci Relaxdays 30 l\"}]},{\"@type\":\"WebSite\",\"@id\":\"https:\/\/rad-pal.com.pl\/#website\",\"url\":\"https:\/\/rad-pal.com.pl\/\",\"name\":\"Rad-Pal\",\"description\":\"\",\"publisher\":{\"@id\":\"https:\/\/rad-pal.com.pl\/#organization\"},\"potentialAction\":[{\"@type\":\"SearchAction\",\"target\":{\"@type\":\"EntryPoint\",\"urlTemplate\":\"https:\/\/rad-pal.com.pl\/?s={search_term_string}\"},\"query-input\":{\"@type\":\"PropertyValueSpecification\",\"valueRequired\":true,\"valueName\":\"search_term_string\"}}],\"inLanguage\":\"en-GB\"},{\"@type\":\"Organization\",\"@id\":\"https:\/\/rad-pal.com.pl\/#organization\",\"name\":\"Rad-Pal\",\"url\":\"https:\/\/rad-pal.com.pl\/\",\"logo\":{\"@type\":\"ImageObject\",\"inLanguage\":\"en-GB\",\"@id\":\"https:\/\/rad-pal.com.pl\/#\/schema\/logo\/image\/\",\"url\":\"https:\/\/rad-pal.com.pl\/wp-content\/uploads\/2026\/03\/Projekt-bez-nazwy-30.webp\",\"contentUrl\":\"https:\/\/rad-pal.com.pl\/wp-content\/uploads\/2026\/03\/Projekt-bez-nazwy-30.webp\",\"width\":600,\"height\":210,\"caption\":\"Rad-Pal\"},\"image\":{\"@id\":\"https:\/\/rad-pal.com.pl\/#\/schema\/logo\/image\/\"}}]}<\/script>\n<!-- \/ Yoast SEO plugin. -->","yoast_head_json":{"title":"Kosz na \u015bmieci Relaxdays 30 l - Rad-Pal","robots":{"index":"index","follow":"follow","max-snippet":"max-snippet:-1","max-image-preview":"max-image-preview:large","max-video-preview":"max-video-preview:-1"},"canonical":"https:\/\/rad-pal.com.pl\/en\/sklep\/bez-kategorii\/kosz-na-smieci-relaxdays-30-l\/","og_locale":"en_GB","og_type":"article","og_title":"Kosz na \u015bmieci Relaxdays 30 l - Rad-Pal","og_description":"\u2733\ufe0fJe\u015bli lubisz mie\u0107 uporz\u0105dkowan\u0105 i zorganizowan\u0105 kuchni\u0119, ten wbudowany kosz na \u015bmieci jest w\u0142a\u015bnie dla Ciebie. Kosz na odpady znika","og_url":"https:\/\/rad-pal.com.pl\/en\/sklep\/bez-kategorii\/kosz-na-smieci-relaxdays-30-l\/","og_site_name":"Rad-Pal","article_modified_time":"2026-02-19T14:38:43+00:00","og_image":[{"url":"https:\/\/upload.cdn.baselinker.com\/products\/6014502\/f24a1d15789d1c7a55c4a435d03845cf.jpg","type":"","width":"","height":""}],"twitter_card":"summary_large_image","twitter_misc":{"Estimated reading time":"1 minute"},"schema":{"@context":"https:\/\/schema.org","@graph":[{"@type":"WebPage","@id":"https:\/\/rad-pal.com.pl\/sklep\/bez-kategorii\/kosz-na-smieci-relaxdays-30-l\/","url":"https:\/\/rad-pal.com.pl\/sklep\/bez-kategorii\/kosz-na-smieci-relaxdays-30-l\/","name":"Kosz na \u015bmieci Relaxdays 30 l - Rad-Pal","isPartOf":{"@id":"https:\/\/rad-pal.com.pl\/#website"},"primaryImageOfPage":{"@id":"https:\/\/rad-pal.com.pl\/sklep\/bez-kategorii\/kosz-na-smieci-relaxdays-30-l\/#primaryimage"},"image":{"@id":"https:\/\/rad-pal.com.pl\/sklep\/bez-kategorii\/kosz-na-smieci-relaxdays-30-l\/#primaryimage"},"thumbnailUrl":"https:\/\/rad-pal.com.pl\/wp-content\/uploads\/2026\/02\/4d3f75d7d19a1acb1fa357a367ce6de0.jpg","datePublished":"2026-02-19T14:14:19+00:00","dateModified":"2026-02-19T14:38:43+00:00","breadcrumb":{"@id":"https:\/\/rad-pal.com.pl\/sklep\/bez-kategorii\/kosz-na-smieci-relaxdays-30-l\/#breadcrumb"},"inLanguage":"en-GB","potentialAction":[{"@type":"ReadAction","target":["https:\/\/rad-pal.com.pl\/sklep\/bez-kategorii\/kosz-na-smieci-relaxdays-30-l\/"]}]},{"@type":"ImageObject","inLanguage":"en-GB","@id":"https:\/\/rad-pal.com.pl\/sklep\/bez-kategorii\/kosz-na-smieci-relaxdays-30-l\/#primaryimage","url":"https:\/\/rad-pal.com.pl\/wp-content\/uploads\/2026\/02\/4d3f75d7d19a1acb1fa357a367ce6de0.jpg","contentUrl":"https:\/\/rad-pal.com.pl\/wp-content\/uploads\/2026\/02\/4d3f75d7d19a1acb1fa357a367ce6de0.jpg","width":681,"height":681,"caption":"982f63aff4963ed17aa5f8545cd97971"},{"@type":"BreadcrumbList","@id":"https:\/\/rad-pal.com.pl\/sklep\/bez-kategorii\/kosz-na-smieci-relaxdays-30-l\/#breadcrumb","itemListElement":[{"@type":"ListItem","position":1,"name":"Strona g\u0142\u00f3wna","item":"https:\/\/rad-pal.com.pl\/"},{"@type":"ListItem","position":2,"name":"Sklep","item":"https:\/\/rad-pal.com.pl\/sklep\/"},{"@type":"ListItem","position":3,"name":"Kosz na \u015bmieci Relaxdays 30 l"}]},{"@type":"WebSite","@id":"https:\/\/rad-pal.com.pl\/#website","url":"https:\/\/rad-pal.com.pl\/","name":"Rad-Pal","description":"","publisher":{"@id":"https:\/\/rad-pal.com.pl\/#organization"},"potentialAction":[{"@type":"SearchAction","target":{"@type":"EntryPoint","urlTemplate":"https:\/\/rad-pal.com.pl\/?s={search_term_string}"},"query-input":{"@type":"PropertyValueSpecification","valueRequired":true,"valueName":"search_term_string"}}],"inLanguage":"en-GB"},{"@type":"Organization","@id":"https:\/\/rad-pal.com.pl\/#organization","name":"Rad-Pal","url":"https:\/\/rad-pal.com.pl\/","logo":{"@type":"ImageObject","inLanguage":"en-GB","@id":"https:\/\/rad-pal.com.pl\/#\/schema\/logo\/image\/","url":"https:\/\/rad-pal.com.pl\/wp-content\/uploads\/2026\/03\/Projekt-bez-nazwy-30.webp","contentUrl":"https:\/\/rad-pal.com.pl\/wp-content\/uploads\/2026\/03\/Projekt-bez-nazwy-30.webp","width":600,"height":210,"caption":"Rad-Pal"},"image":{"@id":"https:\/\/rad-pal.com.pl\/#\/schema\/logo\/image\/"}}]}},"_links":{"self":[{"href":"https:\/\/rad-pal.com.pl\/en\/wp-json\/wp\/v2\/product\/31900","targetHints":{"allow":["GET"]}}],"collection":[{"href":"https:\/\/rad-pal.com.pl\/en\/wp-json\/wp\/v2\/product"}],"about":[{"href":"https:\/\/rad-pal.com.pl\/en\/wp-json\/wp\/v2\/types\/product"}],"version-history":[{"count":0,"href":"https:\/\/rad-pal.com.pl\/en\/wp-json\/wp\/v2\/product\/31900\/revisions"}],"wp:featuredmedia":[{"embeddable":true,"href":"https:\/\/rad-pal.com.pl\/en\/wp-json\/wp\/v2\/media\/31893"}],"wp:attachment":[{"href":"https:\/\/rad-pal.com.pl\/en\/wp-json\/wp\/v2\/media?parent=31900"}],"wp:term":[{"taxonomy":"product_brand","embeddable":true,"href":"https:\/\/rad-pal.com.pl\/en\/wp-json\/wp\/v2\/product_brand?post=31900"},{"taxonomy":"product_cat","embeddable":true,"href":"https:\/\/rad-pal.com.pl\/en\/wp-json\/wp\/v2\/product_cat?post=31900"},{"taxonomy":"product_tag","embeddable":true,"href":"https:\/\/rad-pal.com.pl\/en\/wp-json\/wp\/v2\/product_tag?post=31900"}],"curies":[{"name":"wp","href":"https:\/\/api.w.org\/{rel}","templated":true}]}}