{"id":32134,"date":"2026-02-19T15:29:39","date_gmt":"2026-02-19T14:29:39","guid":{"rendered":"https:\/\/rad-pal.com.pl\/sklep\/bez-kategorii\/grill-na-wegiel-drzewny-relaxdays-37-cm\/"},"modified":"2026-02-19T16:31:14","modified_gmt":"2026-02-19T15:31:14","slug":"grill-na-wegiel-drzewny-relaxdays-37-cm","status":"publish","type":"product","link":"https:\/\/rad-pal.com.pl\/en\/sklep\/dom-i-ogrod\/ogrod\/grillowanie\/grille-weglowe\/grill-na-wegiel-drzewny-relaxdays-37-cm\/","title":{"rendered":"Grill na w\u0119giel drzewny Relaxdays 37 cm"},"content":{"rendered":"<section class=\"section\">\n<div class=\"item item-6\">\n<section class=\"image-item\"><img decoding=\"async\" src=\"https:\/\/upload.cdn.baselinker.com\/products\/6014502\/1b8a0438e0a66dadded3dd33deafe2bf.jpg\" \/><\/section>\n<\/p><\/div>\n<div class=\"item item-6\">\n<section class=\"text-item\">\n<h1>\u2733\ufe0fRelaxdays Grill na w\u0119giel drzewny, \u00d8 37 cm, tr\u00f3jno\u017cny, grill piknikowy do ogrodu i parku, grill z ochron\u0105 przed wiatrem, okr\u0105g\u0142y grill, czarny\/czerwony<\/h1>\n<h2>Producent: Relaxdays<\/h2>\n<\/section><\/div>\n<\/section>\n<section class=\"section\">\n<div class=\"item item-6\">\n<section class=\"text-item\">\n<ul>\n<li>\u27a1\ufe0fMobilny: kompaktowy i lekki grill na w\u0119giel drzewny \u2013 idealny do u\u017cytku na zewn\u0105trz \u2013 z tr\u00f3jno\u017cnym stela\u017cem<\/li>\n<li>\u27a1\ufe0fRegulacja wysoko\u015bci: chromowany ruszt do grillowania prostego, okr\u0105g\u0142ego grilla mo\u017cna zawiesi\u0107 na czterech wysoko\u015bciach<\/li>\n<li>\u27a1\ufe0fOchrona przed wiatrem: grill kempingowy wyposa\u017cony w praktyczn\u0105 os\u0142on\u0119 przeciwwiatrow\u0105 \u2013 chroni przed iskrami i popio\u0142em<\/li>\n<li>\u27a1\ufe0fWszechstronny: grill ogrodowy do smacznych potraw grillowanych \u2013 idealny do parku, na \u0142\u0105k\u0119, kemping lub na urlop<\/li>\n<li>\u27a1\ufe0fPodstawy: grill piknikowy ze stali \u2013 wymiary wys. x \u015br.: ok. 53 x 37 cm \u2013 Powierzchnia grillowania D: ok. 30 cm \u2013 bez pokrywki<\/li>\n<\/ul>\n<\/section><\/div>\n<div class=\"item item-6\">\n<section class=\"image-item\"><img decoding=\"async\" src=\"https:\/\/upload.cdn.baselinker.com\/products\/6014502\/8680884c1b8ac8905da8ca35392eb734.jpg\" \/><\/section>\n<\/p><\/div>\n<\/section>\n<section class=\"section\">\n<div class=\"item item-6\">\n<section class=\"image-item\"><img decoding=\"async\" src=\"https:\/\/upload.cdn.baselinker.com\/products\/6014502\/9af6edf06be4e59beb5e014b11226c12.jpg\" \/><\/section>\n<\/p><\/div>\n<div class=\"item item-6\">\n<section class=\"text-item\">\n<ul>\n<li><b>\u27a1\ufe0fwaga przedmiotu<\/b>: 1.2 kilograms<\/li>\n<li><b>\u27a1\ufe0fNazwa modelu<\/b>: Holzkohlegrill \u00d8 37 cm Dreibein<\/li>\n<li><b>\u2764\ufe0fpunkt znaku wypunktowania<\/b>: Mobilny: kompaktowy i lekki grill na w\u0119giel drzewny \u2013 idealny do u\u017cytku na zewn\u0105trz \u2013 z tr\u00f3jno\u017cnym stela\u017cem, Regulacja wysoko\u015bci: chromowany ruszt do grillowania prostego, okr\u0105g\u0142ego grilla mo\u017cna zawiesi\u0107 na czterech wysoko\u015bciach, Ochrona przed wiatrem: grill kempingowy wyposa\u017cony w praktyczn\u0105 os\u0142on\u0119 przeciwwiatrow\u0105 \u2013 chroni przed iskrami i popio\u0142em, Wszechstronny: grill ogrodowy do smacznych potraw grillowanych \u2013 idealny do parku, na \u0142\u0105k\u0119, kemping lub na urlop, Podstawy: grill piknikowy ze stali \u2013 wymiary wys. x \u015br.: ok. 53 x 37 cm \u2013 Powierzchnia grillowania D: ok. 30 cm \u2013 bez pokrywki<\/li>\n<li><b>\u2764\ufe0filo\u015b\u0107 sztuk w opakowaniu<\/b>: 1<\/li>\n<li><b>\u2764\ufe0fmarka<\/b>: Relaxdays<\/li>\n<li><b>\u2764\ufe0fkod unspsc<\/b>: 52151800<\/li>\n<li><b>\u2764\ufe0frodzaj wyga\u015bni\u0119cia produktu<\/b>: Does Not Expire<\/li>\n<li><b>\u2764\ufe0fpoziom opakowania<\/b>: unit<\/li>\n<li><b>\u2764\ufe0fLiczba przedmiot\u00f3w<\/b>: 1<\/li>\n<li><b>\u2764\ufe0frozmiar<\/b>: 37 cm<\/li>\n<li><b>\u2764\ufe0fnumer cz\u0119\u015bci<\/b>: 10050868<\/li>\n<li><b>\u2764\ufe0fkolor<\/b>: czarny\/czerwony<\/li>\n<li><b>\u2764\ufe0fwaga opakowania przedmiotu<\/b>: 1.4 kilograms<\/li>\n<li><b>?producent<\/b>: Relaxdays<\/li>\n<li><b>?liczba pude\u0142ek<\/b>: 1<\/li>\n<li><b>?zewn\u0119trznie przypisany identyfikator produktu<\/b>: 4052025508685<\/li>\n<li><b>?zalecane w\u0119z\u0142y przegl\u0105dania<\/b>: 26956133031<\/li>\n<li><b>?numer modelu<\/b>: 10050868<\/li>\n<li><b>?nazwa przedmiotu<\/b>: Relaxdays Grill na w\u0119giel drzewny, \u00d8 37 cm, tr\u00f3jno\u017cny, grill piknikowy do ogrodu i parku, grill z ochron\u0105 przed wiatrem, okr\u0105g\u0142y grill, czarny\/czerwony<\/li>\n<li><b>?data uruchomienia strony produktu<\/b>: 2025-04-01T00:00:01Z<\/li>\n<li><b>?materia\u0142<\/b>: Stal stopowa<\/li>\n<li><b>?wymagany jest monta\u017c<\/b>: 1<\/li>\n<li><b>?przelicznik jednostek<\/b>: 1<\/li>\n<\/ul>\n<\/section><\/div>\n<\/section>\n<section class=\"section\">\n<div class=\"item item-12\">\n<section class=\"image-item\"><img decoding=\"async\" src=\"https:\/\/upload.cdn.baselinker.com\/products\/6014502\/b47f46d283f4378aa6eee538e037ae16.jpg\" \/><\/section>\n<\/p><\/div>\n<\/section>\n<section class=\"section\">\n<div class=\"item item-12\">\n<section class=\"image-item\"><img decoding=\"async\" src=\"https:\/\/upload.cdn.baselinker.com\/products\/6014502\/348f05290a45e8fc495d35c460ec60e8.jpg\" \/><\/section>\n<\/p><\/div>\n<\/section>\n<section class=\"section\">\n<div class=\"item item-12\">\n<section class=\"image-item\"><img decoding=\"async\" src=\"https:\/\/upload.cdn.baselinker.com\/products\/6014502\/e5f7fd78be6d72a856c20c2dcd39d1a1.jpg\" \/><\/section>\n<\/p><\/div>\n<\/section>\n<section class=\"section\">\n<div class=\"item item-12\">\n<section class=\"text-item\">\n<p>15<\/p>\n<\/section><\/div>\n<\/section>","protected":false},"excerpt":{"rendered":"<p>\u2733\ufe0fRelaxdays Grill na w\u0119giel drzewny, \u00d8 37 cm, tr\u00f3jno\u017cny, grill piknikowy do ogrodu i parku, grill z ochron\u0105 przed wiatrem,<\/p>","protected":false},"featured_media":32128,"template":"","meta":[],"product_brand":[],"product_cat":[86,196,193,111],"product_tag":[],"class_list":{"0":"post-32134","1":"product","2":"type-product","3":"status-publish","4":"has-post-thumbnail","6":"product_cat-dom-i-ogrod","7":"product_cat-grille-weglowe","8":"product_cat-grillowanie","9":"product_cat-ogrod","11":"first","12":"instock","13":"taxable","14":"shipping-taxable","15":"purchasable","16":"product-type-simple"},"yoast_head":"<!-- This site is optimized with the Yoast SEO plugin v25.7 - https:\/\/yoast.com\/wordpress\/plugins\/seo\/ -->\n<title>Grill na w\u0119giel drzewny Relaxdays 37 cm - Rad-Pal<\/title>\n<meta name=\"robots\" content=\"index, follow, max-snippet:-1, max-image-preview:large, max-video-preview:-1\" \/>\n<link rel=\"canonical\" href=\"https:\/\/rad-pal.com.pl\/en\/sklep\/bez-kategorii\/grill-na-wegiel-drzewny-relaxdays-37-cm\/\" \/>\n<meta property=\"og:locale\" content=\"en_GB\" \/>\n<meta property=\"og:type\" content=\"article\" \/>\n<meta property=\"og:title\" content=\"Grill na w\u0119giel drzewny Relaxdays 37 cm - Rad-Pal\" \/>\n<meta property=\"og:description\" content=\"\u2733\ufe0fRelaxdays Grill na w\u0119giel drzewny, \u00d8 37 cm, tr\u00f3jno\u017cny, grill piknikowy do ogrodu i parku, grill z ochron\u0105 przed wiatrem,\" \/>\n<meta property=\"og:url\" content=\"https:\/\/rad-pal.com.pl\/en\/sklep\/bez-kategorii\/grill-na-wegiel-drzewny-relaxdays-37-cm\/\" \/>\n<meta property=\"og:site_name\" content=\"Rad-Pal\" \/>\n<meta property=\"article:modified_time\" content=\"2026-02-19T15:31:14+00:00\" \/>\n<meta property=\"og:image\" content=\"https:\/\/upload.cdn.baselinker.com\/products\/6014502\/1b8a0438e0a66dadded3dd33deafe2bf.jpg\" \/>\n<meta name=\"twitter:card\" content=\"summary_large_image\" \/>\n<meta name=\"twitter:label1\" content=\"Estimated reading time\" \/>\n\t<meta name=\"twitter:data1\" content=\"2 minutes\" \/>\n<script type=\"application\/ld+json\" class=\"yoast-schema-graph\">{\"@context\":\"https:\/\/schema.org\",\"@graph\":[{\"@type\":\"WebPage\",\"@id\":\"https:\/\/rad-pal.com.pl\/sklep\/bez-kategorii\/grill-na-wegiel-drzewny-relaxdays-37-cm\/\",\"url\":\"https:\/\/rad-pal.com.pl\/sklep\/bez-kategorii\/grill-na-wegiel-drzewny-relaxdays-37-cm\/\",\"name\":\"Grill na w\u0119giel drzewny Relaxdays 37 cm - Rad-Pal\",\"isPartOf\":{\"@id\":\"https:\/\/rad-pal.com.pl\/#website\"},\"primaryImageOfPage\":{\"@id\":\"https:\/\/rad-pal.com.pl\/sklep\/bez-kategorii\/grill-na-wegiel-drzewny-relaxdays-37-cm\/#primaryimage\"},\"image\":{\"@id\":\"https:\/\/rad-pal.com.pl\/sklep\/bez-kategorii\/grill-na-wegiel-drzewny-relaxdays-37-cm\/#primaryimage\"},\"thumbnailUrl\":\"https:\/\/rad-pal.com.pl\/wp-content\/uploads\/2026\/02\/1b8a0438e0a66dadded3dd33deafe2bf.jpg\",\"datePublished\":\"2026-02-19T14:29:39+00:00\",\"dateModified\":\"2026-02-19T15:31:14+00:00\",\"breadcrumb\":{\"@id\":\"https:\/\/rad-pal.com.pl\/sklep\/bez-kategorii\/grill-na-wegiel-drzewny-relaxdays-37-cm\/#breadcrumb\"},\"inLanguage\":\"en-GB\",\"potentialAction\":[{\"@type\":\"ReadAction\",\"target\":[\"https:\/\/rad-pal.com.pl\/sklep\/bez-kategorii\/grill-na-wegiel-drzewny-relaxdays-37-cm\/\"]}]},{\"@type\":\"ImageObject\",\"inLanguage\":\"en-GB\",\"@id\":\"https:\/\/rad-pal.com.pl\/sklep\/bez-kategorii\/grill-na-wegiel-drzewny-relaxdays-37-cm\/#primaryimage\",\"url\":\"https:\/\/rad-pal.com.pl\/wp-content\/uploads\/2026\/02\/1b8a0438e0a66dadded3dd33deafe2bf.jpg\",\"contentUrl\":\"https:\/\/rad-pal.com.pl\/wp-content\/uploads\/2026\/02\/1b8a0438e0a66dadded3dd33deafe2bf.jpg\",\"width\":2560,\"height\":2560,\"caption\":\"4fe75c5610a5dac4ccc0335591c96246\"},{\"@type\":\"BreadcrumbList\",\"@id\":\"https:\/\/rad-pal.com.pl\/sklep\/bez-kategorii\/grill-na-wegiel-drzewny-relaxdays-37-cm\/#breadcrumb\",\"itemListElement\":[{\"@type\":\"ListItem\",\"position\":1,\"name\":\"Strona g\u0142\u00f3wna\",\"item\":\"https:\/\/rad-pal.com.pl\/\"},{\"@type\":\"ListItem\",\"position\":2,\"name\":\"Sklep\",\"item\":\"https:\/\/rad-pal.com.pl\/sklep\/\"},{\"@type\":\"ListItem\",\"position\":3,\"name\":\"Grill na w\u0119giel drzewny Relaxdays 37 cm\"}]},{\"@type\":\"WebSite\",\"@id\":\"https:\/\/rad-pal.com.pl\/#website\",\"url\":\"https:\/\/rad-pal.com.pl\/\",\"name\":\"Rad-Pal\",\"description\":\"\",\"publisher\":{\"@id\":\"https:\/\/rad-pal.com.pl\/#organization\"},\"potentialAction\":[{\"@type\":\"SearchAction\",\"target\":{\"@type\":\"EntryPoint\",\"urlTemplate\":\"https:\/\/rad-pal.com.pl\/?s={search_term_string}\"},\"query-input\":{\"@type\":\"PropertyValueSpecification\",\"valueRequired\":true,\"valueName\":\"search_term_string\"}}],\"inLanguage\":\"en-GB\"},{\"@type\":\"Organization\",\"@id\":\"https:\/\/rad-pal.com.pl\/#organization\",\"name\":\"Rad-Pal\",\"url\":\"https:\/\/rad-pal.com.pl\/\",\"logo\":{\"@type\":\"ImageObject\",\"inLanguage\":\"en-GB\",\"@id\":\"https:\/\/rad-pal.com.pl\/#\/schema\/logo\/image\/\",\"url\":\"https:\/\/rad-pal.com.pl\/wp-content\/uploads\/2026\/03\/Projekt-bez-nazwy-30.webp\",\"contentUrl\":\"https:\/\/rad-pal.com.pl\/wp-content\/uploads\/2026\/03\/Projekt-bez-nazwy-30.webp\",\"width\":600,\"height\":210,\"caption\":\"Rad-Pal\"},\"image\":{\"@id\":\"https:\/\/rad-pal.com.pl\/#\/schema\/logo\/image\/\"}}]}<\/script>\n<!-- \/ Yoast SEO plugin. -->","yoast_head_json":{"title":"Grill na w\u0119giel drzewny Relaxdays 37 cm - Rad-Pal","robots":{"index":"index","follow":"follow","max-snippet":"max-snippet:-1","max-image-preview":"max-image-preview:large","max-video-preview":"max-video-preview:-1"},"canonical":"https:\/\/rad-pal.com.pl\/en\/sklep\/bez-kategorii\/grill-na-wegiel-drzewny-relaxdays-37-cm\/","og_locale":"en_GB","og_type":"article","og_title":"Grill na w\u0119giel drzewny Relaxdays 37 cm - Rad-Pal","og_description":"\u2733\ufe0fRelaxdays Grill na w\u0119giel drzewny, \u00d8 37 cm, tr\u00f3jno\u017cny, grill piknikowy do ogrodu i parku, grill z ochron\u0105 przed wiatrem,","og_url":"https:\/\/rad-pal.com.pl\/en\/sklep\/bez-kategorii\/grill-na-wegiel-drzewny-relaxdays-37-cm\/","og_site_name":"Rad-Pal","article_modified_time":"2026-02-19T15:31:14+00:00","og_image":[{"url":"https:\/\/upload.cdn.baselinker.com\/products\/6014502\/1b8a0438e0a66dadded3dd33deafe2bf.jpg","type":"","width":"","height":""}],"twitter_card":"summary_large_image","twitter_misc":{"Estimated reading time":"2 minutes"},"schema":{"@context":"https:\/\/schema.org","@graph":[{"@type":"WebPage","@id":"https:\/\/rad-pal.com.pl\/sklep\/bez-kategorii\/grill-na-wegiel-drzewny-relaxdays-37-cm\/","url":"https:\/\/rad-pal.com.pl\/sklep\/bez-kategorii\/grill-na-wegiel-drzewny-relaxdays-37-cm\/","name":"Grill na w\u0119giel drzewny Relaxdays 37 cm - Rad-Pal","isPartOf":{"@id":"https:\/\/rad-pal.com.pl\/#website"},"primaryImageOfPage":{"@id":"https:\/\/rad-pal.com.pl\/sklep\/bez-kategorii\/grill-na-wegiel-drzewny-relaxdays-37-cm\/#primaryimage"},"image":{"@id":"https:\/\/rad-pal.com.pl\/sklep\/bez-kategorii\/grill-na-wegiel-drzewny-relaxdays-37-cm\/#primaryimage"},"thumbnailUrl":"https:\/\/rad-pal.com.pl\/wp-content\/uploads\/2026\/02\/1b8a0438e0a66dadded3dd33deafe2bf.jpg","datePublished":"2026-02-19T14:29:39+00:00","dateModified":"2026-02-19T15:31:14+00:00","breadcrumb":{"@id":"https:\/\/rad-pal.com.pl\/sklep\/bez-kategorii\/grill-na-wegiel-drzewny-relaxdays-37-cm\/#breadcrumb"},"inLanguage":"en-GB","potentialAction":[{"@type":"ReadAction","target":["https:\/\/rad-pal.com.pl\/sklep\/bez-kategorii\/grill-na-wegiel-drzewny-relaxdays-37-cm\/"]}]},{"@type":"ImageObject","inLanguage":"en-GB","@id":"https:\/\/rad-pal.com.pl\/sklep\/bez-kategorii\/grill-na-wegiel-drzewny-relaxdays-37-cm\/#primaryimage","url":"https:\/\/rad-pal.com.pl\/wp-content\/uploads\/2026\/02\/1b8a0438e0a66dadded3dd33deafe2bf.jpg","contentUrl":"https:\/\/rad-pal.com.pl\/wp-content\/uploads\/2026\/02\/1b8a0438e0a66dadded3dd33deafe2bf.jpg","width":2560,"height":2560,"caption":"4fe75c5610a5dac4ccc0335591c96246"},{"@type":"BreadcrumbList","@id":"https:\/\/rad-pal.com.pl\/sklep\/bez-kategorii\/grill-na-wegiel-drzewny-relaxdays-37-cm\/#breadcrumb","itemListElement":[{"@type":"ListItem","position":1,"name":"Strona g\u0142\u00f3wna","item":"https:\/\/rad-pal.com.pl\/"},{"@type":"ListItem","position":2,"name":"Sklep","item":"https:\/\/rad-pal.com.pl\/sklep\/"},{"@type":"ListItem","position":3,"name":"Grill na w\u0119giel drzewny Relaxdays 37 cm"}]},{"@type":"WebSite","@id":"https:\/\/rad-pal.com.pl\/#website","url":"https:\/\/rad-pal.com.pl\/","name":"Rad-Pal","description":"","publisher":{"@id":"https:\/\/rad-pal.com.pl\/#organization"},"potentialAction":[{"@type":"SearchAction","target":{"@type":"EntryPoint","urlTemplate":"https:\/\/rad-pal.com.pl\/?s={search_term_string}"},"query-input":{"@type":"PropertyValueSpecification","valueRequired":true,"valueName":"search_term_string"}}],"inLanguage":"en-GB"},{"@type":"Organization","@id":"https:\/\/rad-pal.com.pl\/#organization","name":"Rad-Pal","url":"https:\/\/rad-pal.com.pl\/","logo":{"@type":"ImageObject","inLanguage":"en-GB","@id":"https:\/\/rad-pal.com.pl\/#\/schema\/logo\/image\/","url":"https:\/\/rad-pal.com.pl\/wp-content\/uploads\/2026\/03\/Projekt-bez-nazwy-30.webp","contentUrl":"https:\/\/rad-pal.com.pl\/wp-content\/uploads\/2026\/03\/Projekt-bez-nazwy-30.webp","width":600,"height":210,"caption":"Rad-Pal"},"image":{"@id":"https:\/\/rad-pal.com.pl\/#\/schema\/logo\/image\/"}}]}},"_links":{"self":[{"href":"https:\/\/rad-pal.com.pl\/en\/wp-json\/wp\/v2\/product\/32134","targetHints":{"allow":["GET"]}}],"collection":[{"href":"https:\/\/rad-pal.com.pl\/en\/wp-json\/wp\/v2\/product"}],"about":[{"href":"https:\/\/rad-pal.com.pl\/en\/wp-json\/wp\/v2\/types\/product"}],"version-history":[{"count":0,"href":"https:\/\/rad-pal.com.pl\/en\/wp-json\/wp\/v2\/product\/32134\/revisions"}],"wp:featuredmedia":[{"embeddable":true,"href":"https:\/\/rad-pal.com.pl\/en\/wp-json\/wp\/v2\/media\/32128"}],"wp:attachment":[{"href":"https:\/\/rad-pal.com.pl\/en\/wp-json\/wp\/v2\/media?parent=32134"}],"wp:term":[{"taxonomy":"product_brand","embeddable":true,"href":"https:\/\/rad-pal.com.pl\/en\/wp-json\/wp\/v2\/product_brand?post=32134"},{"taxonomy":"product_cat","embeddable":true,"href":"https:\/\/rad-pal.com.pl\/en\/wp-json\/wp\/v2\/product_cat?post=32134"},{"taxonomy":"product_tag","embeddable":true,"href":"https:\/\/rad-pal.com.pl\/en\/wp-json\/wp\/v2\/product_tag?post=32134"}],"curies":[{"name":"wp","href":"https:\/\/api.w.org\/{rel}","templated":true}]}}