{"id":32588,"date":"2026-02-19T15:48:39","date_gmt":"2026-02-19T14:48:39","guid":{"rendered":"https:\/\/rad-pal.com.pl\/sklep\/bez-kategorii\/barierka-na-drzwi-schody-relaxdays-rozporowa-bialy\/"},"modified":"2026-02-19T16:35:00","modified_gmt":"2026-02-19T15:35:00","slug":"barierka-na-drzwi-schody-relaxdays-rozporowa-bialy","status":"publish","type":"product","link":"https:\/\/rad-pal.com.pl\/en\/sklep\/dziecko\/akcesoria-dla-mamy-i-dziecka\/bezpieczenstwo\/bramki-bezpieczenstwo\/barierka-na-drzwi-schody-relaxdays-rozporowa-bialy\/","title":{"rendered":"Barierka na drzwi, schody Relaxdays rozporowa bia\u0142y"},"content":{"rendered":"<section class=\"section\">\n<div class=\"item item-6\">\n<section class=\"image-item\"><img decoding=\"async\" src=\"https:\/\/upload.cdn.baselinker.com\/products\/6014502\/6ba0bdba16677609e4b054a2812be2a2.jpg\" \/><\/section>\n<\/p><\/div>\n<div class=\"item item-6\">\n<section class=\"text-item\">\n<p><b>\u2733\ufe0fSchody i drzwi mog\u0105 szybko stanowi\u0107 zagro\u017cenie dla dzieci i ps\u00f3w. Zapewnij odpowiedni\u0105 ochron\u0119 w swoim domu dzi\u0119ki bramce bezpiecze\u0144stwa. Bramka nadaje si\u0119 do otwor\u00f3w o szeroko\u015bci 70-82 cm i jest montowana mi\u0119dzy \u015bcianami lub w o\u015bcie\u017cnicy drzwi za pomoc\u0105 \u015brub zaciskowych, bez wiercenia. Posiada funkcj\u0119 automatycznego zamykania, a zamek ryglowy zapewnia dodatkowe bezpiecze\u0144stwo. W przypadku szerszych otwor\u00f3w skorzystaj z oddzielnie dost\u0119pnego przed\u0142u\u017cenia.<\/b><\/p>\n<\/section><\/div>\n<\/section>\n<section class=\"section\">\n<div class=\"item item-6\">\n<section class=\"text-item\">\n<h2>\u2733\ufe0fBramka zabezpieczaj\u0105ca drzwi bez wiercenia<\/h2>\n<ul>\n<li>\u27a1\ufe0fWymiary ca\u0142kowite (wys. x szer. x d\u0142.): ok. 78 x 70 x 5 cm<\/li>\n<li>\u27a1\ufe0fDla szeroko\u015bci monta\u017cu ok. 76-82 cm<\/li>\n<li>\u27a1\ufe0fRozstaw pr\u0119t\u00f3w: ok. 5,5-7,5 cm<\/li>\n<li>\u27a1\ufe0fWaga: ok. 3,7 kg<\/li>\n<li>\u27a1\ufe0fMateria\u0142: stal, tworzywo sztuczne<\/li>\n<li>\u27a1\ufe0fKolor: bia\u0142y, szary<\/li>\n<\/ul>\n<\/section><\/div>\n<div class=\"item item-6\">\n<section class=\"image-item\"><img decoding=\"async\" src=\"https:\/\/upload.cdn.baselinker.com\/products\/6014502\/953276c1d37a5bfa4119e2a6ef65e15e.jpg\" \/><\/section>\n<\/p><\/div>\n<\/section>\n<section class=\"section\">\n<div class=\"item item-6\">\n<section class=\"image-item\"><img decoding=\"async\" src=\"https:\/\/upload.cdn.baselinker.com\/products\/6014502\/641979c15843b0f71bdff4d4cc1312c5.jpg\" \/><\/section>\n<\/p><\/div>\n<div class=\"item item-6\">\n<section class=\"image-item\"><img decoding=\"async\" src=\"https:\/\/upload.cdn.baselinker.com\/products\/6014502\/0209bb162fed55f763185d44fb1d4ff9.jpg\" \/><\/section>\n<\/p><\/div>\n<\/section>\n<section class=\"section\">\n<div class=\"item item-6\">\n<section class=\"image-item\"><img decoding=\"async\" src=\"https:\/\/upload.cdn.baselinker.com\/products\/6014502\/95c0f73a5088dfbd00c6b532e2a9783d.jpg\" \/><\/section>\n<\/p><\/div>\n<div class=\"item item-6\">\n<section class=\"image-item\"><img decoding=\"async\" src=\"https:\/\/upload.cdn.baselinker.com\/products\/6014502\/48a374995d311fa2739ab12387f5f127.jpg\" \/><\/section>\n<\/p><\/div>\n<\/section>\n<section class=\"section\">\n<div class=\"item item-12\">\n<section class=\"text-item\">\n<p>6<\/p>\n<\/section><\/div>\n<\/section>","protected":false},"excerpt":{"rendered":"<p>\u2733\ufe0fSchody i drzwi mog\u0105 szybko stanowi\u0107 zagro\u017cenie dla dzieci i ps\u00f3w. Zapewnij odpowiedni\u0105 ochron\u0119 w swoim domu dzi\u0119ki bramce bezpiecze\u0144stwa.<\/p>","protected":false},"featured_media":32581,"template":"","meta":[],"product_brand":[],"product_cat":[296,297,298,81],"product_tag":[],"class_list":{"0":"post-32588","1":"product","2":"type-product","3":"status-publish","4":"has-post-thumbnail","6":"product_cat-akcesoria-dla-mamy-i-dziecka","7":"product_cat-bezpieczenstwo","8":"product_cat-bramki-bezpieczenstwo","9":"product_cat-dziecko","11":"first","12":"instock","13":"taxable","14":"shipping-taxable","15":"purchasable","16":"product-type-simple"},"yoast_head":"<!-- This site is optimized with the Yoast SEO plugin v25.7 - https:\/\/yoast.com\/wordpress\/plugins\/seo\/ -->\n<title>Barierka na drzwi, schody Relaxdays rozporowa bia\u0142y - Rad-Pal<\/title>\n<meta name=\"robots\" content=\"index, follow, max-snippet:-1, max-image-preview:large, max-video-preview:-1\" \/>\n<link rel=\"canonical\" href=\"https:\/\/rad-pal.com.pl\/en\/sklep\/bez-kategorii\/barierka-na-drzwi-schody-relaxdays-rozporowa-bialy\/\" \/>\n<meta property=\"og:locale\" content=\"en_GB\" \/>\n<meta property=\"og:type\" content=\"article\" \/>\n<meta property=\"og:title\" content=\"Barierka na drzwi, schody Relaxdays rozporowa bia\u0142y - Rad-Pal\" \/>\n<meta property=\"og:description\" content=\"\u2733\ufe0fSchody i drzwi mog\u0105 szybko stanowi\u0107 zagro\u017cenie dla dzieci i ps\u00f3w. Zapewnij odpowiedni\u0105 ochron\u0119 w swoim domu dzi\u0119ki bramce bezpiecze\u0144stwa.\" \/>\n<meta property=\"og:url\" content=\"https:\/\/rad-pal.com.pl\/en\/sklep\/bez-kategorii\/barierka-na-drzwi-schody-relaxdays-rozporowa-bialy\/\" \/>\n<meta property=\"og:site_name\" content=\"Rad-Pal\" \/>\n<meta property=\"article:modified_time\" content=\"2026-02-19T15:35:00+00:00\" \/>\n<meta property=\"og:image\" content=\"https:\/\/upload.cdn.baselinker.com\/products\/6014502\/6ba0bdba16677609e4b054a2812be2a2.jpg\" \/>\n<meta name=\"twitter:card\" content=\"summary_large_image\" \/>\n<meta name=\"twitter:label1\" content=\"Estimated reading time\" \/>\n\t<meta name=\"twitter:data1\" content=\"1 minute\" \/>\n<script type=\"application\/ld+json\" class=\"yoast-schema-graph\">{\"@context\":\"https:\/\/schema.org\",\"@graph\":[{\"@type\":\"WebPage\",\"@id\":\"https:\/\/rad-pal.com.pl\/sklep\/bez-kategorii\/barierka-na-drzwi-schody-relaxdays-rozporowa-bialy\/\",\"url\":\"https:\/\/rad-pal.com.pl\/sklep\/bez-kategorii\/barierka-na-drzwi-schody-relaxdays-rozporowa-bialy\/\",\"name\":\"Barierka na drzwi, schody Relaxdays rozporowa bia\u0142y - Rad-Pal\",\"isPartOf\":{\"@id\":\"https:\/\/rad-pal.com.pl\/#website\"},\"primaryImageOfPage\":{\"@id\":\"https:\/\/rad-pal.com.pl\/sklep\/bez-kategorii\/barierka-na-drzwi-schody-relaxdays-rozporowa-bialy\/#primaryimage\"},\"image\":{\"@id\":\"https:\/\/rad-pal.com.pl\/sklep\/bez-kategorii\/barierka-na-drzwi-schody-relaxdays-rozporowa-bialy\/#primaryimage\"},\"thumbnailUrl\":\"https:\/\/rad-pal.com.pl\/wp-content\/uploads\/2026\/02\/6ba0bdba16677609e4b054a2812be2a2.jpg\",\"datePublished\":\"2026-02-19T14:48:39+00:00\",\"dateModified\":\"2026-02-19T15:35:00+00:00\",\"breadcrumb\":{\"@id\":\"https:\/\/rad-pal.com.pl\/sklep\/bez-kategorii\/barierka-na-drzwi-schody-relaxdays-rozporowa-bialy\/#breadcrumb\"},\"inLanguage\":\"en-GB\",\"potentialAction\":[{\"@type\":\"ReadAction\",\"target\":[\"https:\/\/rad-pal.com.pl\/sklep\/bez-kategorii\/barierka-na-drzwi-schody-relaxdays-rozporowa-bialy\/\"]}]},{\"@type\":\"ImageObject\",\"inLanguage\":\"en-GB\",\"@id\":\"https:\/\/rad-pal.com.pl\/sklep\/bez-kategorii\/barierka-na-drzwi-schody-relaxdays-rozporowa-bialy\/#primaryimage\",\"url\":\"https:\/\/rad-pal.com.pl\/wp-content\/uploads\/2026\/02\/6ba0bdba16677609e4b054a2812be2a2.jpg\",\"contentUrl\":\"https:\/\/rad-pal.com.pl\/wp-content\/uploads\/2026\/02\/6ba0bdba16677609e4b054a2812be2a2.jpg\",\"width\":2048,\"height\":2048,\"caption\":\"29fa3c3165606c3cfd6165e3e033d0ea\"},{\"@type\":\"BreadcrumbList\",\"@id\":\"https:\/\/rad-pal.com.pl\/sklep\/bez-kategorii\/barierka-na-drzwi-schody-relaxdays-rozporowa-bialy\/#breadcrumb\",\"itemListElement\":[{\"@type\":\"ListItem\",\"position\":1,\"name\":\"Strona g\u0142\u00f3wna\",\"item\":\"https:\/\/rad-pal.com.pl\/\"},{\"@type\":\"ListItem\",\"position\":2,\"name\":\"Sklep\",\"item\":\"https:\/\/rad-pal.com.pl\/sklep\/\"},{\"@type\":\"ListItem\",\"position\":3,\"name\":\"Barierka na drzwi, schody Relaxdays rozporowa bia\u0142y\"}]},{\"@type\":\"WebSite\",\"@id\":\"https:\/\/rad-pal.com.pl\/#website\",\"url\":\"https:\/\/rad-pal.com.pl\/\",\"name\":\"Rad-Pal\",\"description\":\"\",\"publisher\":{\"@id\":\"https:\/\/rad-pal.com.pl\/#organization\"},\"potentialAction\":[{\"@type\":\"SearchAction\",\"target\":{\"@type\":\"EntryPoint\",\"urlTemplate\":\"https:\/\/rad-pal.com.pl\/?s={search_term_string}\"},\"query-input\":{\"@type\":\"PropertyValueSpecification\",\"valueRequired\":true,\"valueName\":\"search_term_string\"}}],\"inLanguage\":\"en-GB\"},{\"@type\":\"Organization\",\"@id\":\"https:\/\/rad-pal.com.pl\/#organization\",\"name\":\"Rad-Pal\",\"url\":\"https:\/\/rad-pal.com.pl\/\",\"logo\":{\"@type\":\"ImageObject\",\"inLanguage\":\"en-GB\",\"@id\":\"https:\/\/rad-pal.com.pl\/#\/schema\/logo\/image\/\",\"url\":\"https:\/\/rad-pal.com.pl\/wp-content\/uploads\/2026\/03\/Projekt-bez-nazwy-30.webp\",\"contentUrl\":\"https:\/\/rad-pal.com.pl\/wp-content\/uploads\/2026\/03\/Projekt-bez-nazwy-30.webp\",\"width\":600,\"height\":210,\"caption\":\"Rad-Pal\"},\"image\":{\"@id\":\"https:\/\/rad-pal.com.pl\/#\/schema\/logo\/image\/\"}}]}<\/script>\n<!-- \/ Yoast SEO plugin. -->","yoast_head_json":{"title":"Barierka na drzwi, schody Relaxdays rozporowa bia\u0142y - Rad-Pal","robots":{"index":"index","follow":"follow","max-snippet":"max-snippet:-1","max-image-preview":"max-image-preview:large","max-video-preview":"max-video-preview:-1"},"canonical":"https:\/\/rad-pal.com.pl\/en\/sklep\/bez-kategorii\/barierka-na-drzwi-schody-relaxdays-rozporowa-bialy\/","og_locale":"en_GB","og_type":"article","og_title":"Barierka na drzwi, schody Relaxdays rozporowa bia\u0142y - Rad-Pal","og_description":"\u2733\ufe0fSchody i drzwi mog\u0105 szybko stanowi\u0107 zagro\u017cenie dla dzieci i ps\u00f3w. Zapewnij odpowiedni\u0105 ochron\u0119 w swoim domu dzi\u0119ki bramce bezpiecze\u0144stwa.","og_url":"https:\/\/rad-pal.com.pl\/en\/sklep\/bez-kategorii\/barierka-na-drzwi-schody-relaxdays-rozporowa-bialy\/","og_site_name":"Rad-Pal","article_modified_time":"2026-02-19T15:35:00+00:00","og_image":[{"url":"https:\/\/upload.cdn.baselinker.com\/products\/6014502\/6ba0bdba16677609e4b054a2812be2a2.jpg","type":"","width":"","height":""}],"twitter_card":"summary_large_image","twitter_misc":{"Estimated reading time":"1 minute"},"schema":{"@context":"https:\/\/schema.org","@graph":[{"@type":"WebPage","@id":"https:\/\/rad-pal.com.pl\/sklep\/bez-kategorii\/barierka-na-drzwi-schody-relaxdays-rozporowa-bialy\/","url":"https:\/\/rad-pal.com.pl\/sklep\/bez-kategorii\/barierka-na-drzwi-schody-relaxdays-rozporowa-bialy\/","name":"Barierka na drzwi, schody Relaxdays rozporowa bia\u0142y - Rad-Pal","isPartOf":{"@id":"https:\/\/rad-pal.com.pl\/#website"},"primaryImageOfPage":{"@id":"https:\/\/rad-pal.com.pl\/sklep\/bez-kategorii\/barierka-na-drzwi-schody-relaxdays-rozporowa-bialy\/#primaryimage"},"image":{"@id":"https:\/\/rad-pal.com.pl\/sklep\/bez-kategorii\/barierka-na-drzwi-schody-relaxdays-rozporowa-bialy\/#primaryimage"},"thumbnailUrl":"https:\/\/rad-pal.com.pl\/wp-content\/uploads\/2026\/02\/6ba0bdba16677609e4b054a2812be2a2.jpg","datePublished":"2026-02-19T14:48:39+00:00","dateModified":"2026-02-19T15:35:00+00:00","breadcrumb":{"@id":"https:\/\/rad-pal.com.pl\/sklep\/bez-kategorii\/barierka-na-drzwi-schody-relaxdays-rozporowa-bialy\/#breadcrumb"},"inLanguage":"en-GB","potentialAction":[{"@type":"ReadAction","target":["https:\/\/rad-pal.com.pl\/sklep\/bez-kategorii\/barierka-na-drzwi-schody-relaxdays-rozporowa-bialy\/"]}]},{"@type":"ImageObject","inLanguage":"en-GB","@id":"https:\/\/rad-pal.com.pl\/sklep\/bez-kategorii\/barierka-na-drzwi-schody-relaxdays-rozporowa-bialy\/#primaryimage","url":"https:\/\/rad-pal.com.pl\/wp-content\/uploads\/2026\/02\/6ba0bdba16677609e4b054a2812be2a2.jpg","contentUrl":"https:\/\/rad-pal.com.pl\/wp-content\/uploads\/2026\/02\/6ba0bdba16677609e4b054a2812be2a2.jpg","width":2048,"height":2048,"caption":"29fa3c3165606c3cfd6165e3e033d0ea"},{"@type":"BreadcrumbList","@id":"https:\/\/rad-pal.com.pl\/sklep\/bez-kategorii\/barierka-na-drzwi-schody-relaxdays-rozporowa-bialy\/#breadcrumb","itemListElement":[{"@type":"ListItem","position":1,"name":"Strona g\u0142\u00f3wna","item":"https:\/\/rad-pal.com.pl\/"},{"@type":"ListItem","position":2,"name":"Sklep","item":"https:\/\/rad-pal.com.pl\/sklep\/"},{"@type":"ListItem","position":3,"name":"Barierka na drzwi, schody Relaxdays rozporowa bia\u0142y"}]},{"@type":"WebSite","@id":"https:\/\/rad-pal.com.pl\/#website","url":"https:\/\/rad-pal.com.pl\/","name":"Rad-Pal","description":"","publisher":{"@id":"https:\/\/rad-pal.com.pl\/#organization"},"potentialAction":[{"@type":"SearchAction","target":{"@type":"EntryPoint","urlTemplate":"https:\/\/rad-pal.com.pl\/?s={search_term_string}"},"query-input":{"@type":"PropertyValueSpecification","valueRequired":true,"valueName":"search_term_string"}}],"inLanguage":"en-GB"},{"@type":"Organization","@id":"https:\/\/rad-pal.com.pl\/#organization","name":"Rad-Pal","url":"https:\/\/rad-pal.com.pl\/","logo":{"@type":"ImageObject","inLanguage":"en-GB","@id":"https:\/\/rad-pal.com.pl\/#\/schema\/logo\/image\/","url":"https:\/\/rad-pal.com.pl\/wp-content\/uploads\/2026\/03\/Projekt-bez-nazwy-30.webp","contentUrl":"https:\/\/rad-pal.com.pl\/wp-content\/uploads\/2026\/03\/Projekt-bez-nazwy-30.webp","width":600,"height":210,"caption":"Rad-Pal"},"image":{"@id":"https:\/\/rad-pal.com.pl\/#\/schema\/logo\/image\/"}}]}},"_links":{"self":[{"href":"https:\/\/rad-pal.com.pl\/en\/wp-json\/wp\/v2\/product\/32588","targetHints":{"allow":["GET"]}}],"collection":[{"href":"https:\/\/rad-pal.com.pl\/en\/wp-json\/wp\/v2\/product"}],"about":[{"href":"https:\/\/rad-pal.com.pl\/en\/wp-json\/wp\/v2\/types\/product"}],"version-history":[{"count":0,"href":"https:\/\/rad-pal.com.pl\/en\/wp-json\/wp\/v2\/product\/32588\/revisions"}],"wp:featuredmedia":[{"embeddable":true,"href":"https:\/\/rad-pal.com.pl\/en\/wp-json\/wp\/v2\/media\/32581"}],"wp:attachment":[{"href":"https:\/\/rad-pal.com.pl\/en\/wp-json\/wp\/v2\/media?parent=32588"}],"wp:term":[{"taxonomy":"product_brand","embeddable":true,"href":"https:\/\/rad-pal.com.pl\/en\/wp-json\/wp\/v2\/product_brand?post=32588"},{"taxonomy":"product_cat","embeddable":true,"href":"https:\/\/rad-pal.com.pl\/en\/wp-json\/wp\/v2\/product_cat?post=32588"},{"taxonomy":"product_tag","embeddable":true,"href":"https:\/\/rad-pal.com.pl\/en\/wp-json\/wp\/v2\/product_tag?post=32588"}],"curies":[{"name":"wp","href":"https:\/\/api.w.org\/{rel}","templated":true}]}}