{"id":32871,"date":"2026-02-19T16:00:09","date_gmt":"2026-02-19T15:00:09","guid":{"rendered":"https:\/\/rad-pal.com.pl\/sklep\/bez-kategorii\/patera-obrotowa-30cm-relaxdays\/"},"modified":"2026-02-19T16:37:19","modified_gmt":"2026-02-19T15:37:19","slug":"patera-obrotowa-30cm-relaxdays","status":"publish","type":"product","link":"https:\/\/rad-pal.com.pl\/en\/sklep\/dom-i-ogrod\/wyposazenie\/zastawa-stolowa\/naczynia-do-serwowania-posilkow\/patery\/patera-obrotowa-30cm-relaxdays\/","title":{"rendered":"Patera obrotowa 30cm Relaxdays"},"content":{"rendered":"<section class=\"section\">\n<div class=\"item item-12\">\n<section class=\"image-item\"><img decoding=\"async\" src=\"https:\/\/upload.cdn.baselinker.com\/products\/6014502\/64bb32722f01c73e8429cf3aaa2c607c.jpg\" \/><\/section>\n<\/p><\/div>\n<\/section>\n<section class=\"section\">\n<div class=\"item item-12\">\n<section class=\"text-item\">\n<p>Podawaj swoim go\u015bciom pyszne ciasta lub wyszukane torty na tych <b>dekoracyjnych paterach w zestawie 2 sztuk<\/b>. Na okr\u0105g\u0142ym talerzu mo\u017cna atrakcyjnie zaprezentowa\u0107 muffiny, tarteletki lub pikantne przystawki. Nowoczesny design wykonany ze szk\u0142a pasuje na ka\u017cdy stolik kawowy i na wiele okazji, takich jak urodziny, \u015bluby, rocznice i inne. <b>Mo\u017cliwo\u015b\u0107 obracania talerza<\/b> na ciasto u\u0142atwia zar\u00f3wno krojenie, jak i serwowanie kuchennych specja\u0142\u00f3w.<\/p>\n<\/section><\/div>\n<\/section>\n<section class=\"section\">\n<div class=\"item item-6\">\n<section class=\"text-item\">\n<p><b>Parametry 2 szklanych pater<\/b><\/p>\n<p>\u2705\u00a0 wymiary: ok. 2 x 30 cm (wys. x \u015br.)<\/p>\n<p>\u2705 \u015brednica podstawy: ok. 16 cm<\/p>\n<p>\u2705 waga: ok. 0,9 kg<\/p>\n<p>\u2705 materia\u0142: szk\u0142o i stal nierdzewna<\/p>\n<p>\u2705 kolor: przezroczysty, srebrny<\/p>\n<\/section><\/div>\n<div class=\"item item-6\">\n<section class=\"image-item\"><img decoding=\"async\" src=\"https:\/\/upload.cdn.baselinker.com\/products\/6014502\/bd1e37db40645324dcaa54c5b99b0f65.jpg\" \/><\/section>\n<\/p><\/div>\n<\/section>\n<section class=\"section\">\n<div class=\"item item-6\">\n<section class=\"image-item\"><img decoding=\"async\" src=\"https:\/\/upload.cdn.baselinker.com\/products\/6014502\/5009b7637b2de841df7d4157ec2e6979.jpg\" \/><\/section>\n<\/p><\/div>\n<div class=\"item item-6\">\n<section class=\"text-item\">\n<p><b>\u2714\ufe0f 2 obrotowe szklane patery na ciasto<\/b><\/p>\n<p><b>&#8212;&gt;<\/b> w sam raz na muffinki, ciasta, torty i inne wypieki<\/p>\n<p><b>&#8212;&gt;<\/b> mo\u017cliwo\u015b\u0107 obrotu u\u0142atwia przyozdabianie i krojenie<\/p>\n<p><b>&#8212;&gt;<\/b> okr\u0105g\u0142a szklana patera na ciasto o nowoczesnym designie<\/p>\n<p><b>&#8212;&gt;<\/b> elegancka patera na wesela, urodziny i inne imprezy<\/p>\n<p><b>&#8212;&gt;<\/b> antypo\u015blizgowe podk\u0142adki zapewniaj\u0105 stabilno\u015b\u0107 podczas krojenia<\/p>\n<\/section><\/div>\n<\/section>\n<section class=\"section\">\n<div class=\"item item-12\">\n<section class=\"text-item\">\n<p><b>W zestawie<\/b><\/p>\n<ul>\n<li>2x patera na tort<\/li>\n<li>elementy dekoracyjne nie s\u0105 zawarte w zestawie<\/li>\n<\/ul>\n<\/section><\/div>\n<\/section>\n<section class=\"section\">\n<div class=\"item item-12\">\n<section class=\"text-item\">\n<p>6<\/p>\n<\/section><\/div>\n<\/section>","protected":false},"excerpt":{"rendered":"<p>Podawaj swoim go\u015bciom pyszne ciasta lub wyszukane torty na tych dekoracyjnych paterach w zestawie 2 sztuk. Na okr\u0105g\u0142ym talerzu mo\u017cna<\/p>","protected":false},"featured_media":32864,"template":"","meta":[],"product_brand":[],"product_cat":[86,241,242,87,130],"product_tag":[],"class_list":{"0":"post-32871","1":"product","2":"type-product","3":"status-publish","4":"has-post-thumbnail","6":"product_cat-dom-i-ogrod","7":"product_cat-naczynia-do-serwowania-posilkow","8":"product_cat-patery","9":"product_cat-wyposazenie","10":"product_cat-zastawa-stolowa","12":"first","13":"instock","14":"taxable","15":"shipping-taxable","16":"purchasable","17":"product-type-simple"},"yoast_head":"<!-- This site is optimized with the Yoast SEO plugin v25.7 - https:\/\/yoast.com\/wordpress\/plugins\/seo\/ -->\n<title>Patera obrotowa 30cm Relaxdays - Rad-Pal<\/title>\n<meta name=\"robots\" content=\"index, follow, max-snippet:-1, max-image-preview:large, max-video-preview:-1\" \/>\n<link rel=\"canonical\" href=\"https:\/\/rad-pal.com.pl\/en\/sklep\/bez-kategorii\/patera-obrotowa-30cm-relaxdays\/\" \/>\n<meta property=\"og:locale\" content=\"en_GB\" \/>\n<meta property=\"og:type\" content=\"article\" \/>\n<meta property=\"og:title\" content=\"Patera obrotowa 30cm Relaxdays - Rad-Pal\" \/>\n<meta property=\"og:description\" content=\"Podawaj swoim go\u015bciom pyszne ciasta lub wyszukane torty na tych dekoracyjnych paterach w zestawie 2 sztuk. Na okr\u0105g\u0142ym talerzu mo\u017cna\" \/>\n<meta property=\"og:url\" content=\"https:\/\/rad-pal.com.pl\/en\/sklep\/bez-kategorii\/patera-obrotowa-30cm-relaxdays\/\" \/>\n<meta property=\"og:site_name\" content=\"Rad-Pal\" \/>\n<meta property=\"article:modified_time\" content=\"2026-02-19T15:37:19+00:00\" \/>\n<meta property=\"og:image\" content=\"https:\/\/upload.cdn.baselinker.com\/products\/6014502\/64bb32722f01c73e8429cf3aaa2c607c.jpg\" \/>\n<meta name=\"twitter:card\" content=\"summary_large_image\" \/>\n<meta name=\"twitter:label1\" content=\"Estimated reading time\" \/>\n\t<meta name=\"twitter:data1\" content=\"1 minute\" \/>\n<script type=\"application\/ld+json\" class=\"yoast-schema-graph\">{\"@context\":\"https:\/\/schema.org\",\"@graph\":[{\"@type\":\"WebPage\",\"@id\":\"https:\/\/rad-pal.com.pl\/sklep\/bez-kategorii\/patera-obrotowa-30cm-relaxdays\/\",\"url\":\"https:\/\/rad-pal.com.pl\/sklep\/bez-kategorii\/patera-obrotowa-30cm-relaxdays\/\",\"name\":\"Patera obrotowa 30cm Relaxdays - Rad-Pal\",\"isPartOf\":{\"@id\":\"https:\/\/rad-pal.com.pl\/#website\"},\"primaryImageOfPage\":{\"@id\":\"https:\/\/rad-pal.com.pl\/sklep\/bez-kategorii\/patera-obrotowa-30cm-relaxdays\/#primaryimage\"},\"image\":{\"@id\":\"https:\/\/rad-pal.com.pl\/sklep\/bez-kategorii\/patera-obrotowa-30cm-relaxdays\/#primaryimage\"},\"thumbnailUrl\":\"https:\/\/rad-pal.com.pl\/wp-content\/uploads\/2026\/02\/80544b7499e57ebf60e506f20621b8eb.jpg\",\"datePublished\":\"2026-02-19T15:00:09+00:00\",\"dateModified\":\"2026-02-19T15:37:19+00:00\",\"breadcrumb\":{\"@id\":\"https:\/\/rad-pal.com.pl\/sklep\/bez-kategorii\/patera-obrotowa-30cm-relaxdays\/#breadcrumb\"},\"inLanguage\":\"en-GB\",\"potentialAction\":[{\"@type\":\"ReadAction\",\"target\":[\"https:\/\/rad-pal.com.pl\/sklep\/bez-kategorii\/patera-obrotowa-30cm-relaxdays\/\"]}]},{\"@type\":\"ImageObject\",\"inLanguage\":\"en-GB\",\"@id\":\"https:\/\/rad-pal.com.pl\/sklep\/bez-kategorii\/patera-obrotowa-30cm-relaxdays\/#primaryimage\",\"url\":\"https:\/\/rad-pal.com.pl\/wp-content\/uploads\/2026\/02\/80544b7499e57ebf60e506f20621b8eb.jpg\",\"contentUrl\":\"https:\/\/rad-pal.com.pl\/wp-content\/uploads\/2026\/02\/80544b7499e57ebf60e506f20621b8eb.jpg\",\"width\":2048,\"height\":2048,\"caption\":\"8a20f386e772b71fa7c753fcce3847e7\"},{\"@type\":\"BreadcrumbList\",\"@id\":\"https:\/\/rad-pal.com.pl\/sklep\/bez-kategorii\/patera-obrotowa-30cm-relaxdays\/#breadcrumb\",\"itemListElement\":[{\"@type\":\"ListItem\",\"position\":1,\"name\":\"Strona g\u0142\u00f3wna\",\"item\":\"https:\/\/rad-pal.com.pl\/\"},{\"@type\":\"ListItem\",\"position\":2,\"name\":\"Sklep\",\"item\":\"https:\/\/rad-pal.com.pl\/sklep\/\"},{\"@type\":\"ListItem\",\"position\":3,\"name\":\"Patera obrotowa 30cm Relaxdays\"}]},{\"@type\":\"WebSite\",\"@id\":\"https:\/\/rad-pal.com.pl\/#website\",\"url\":\"https:\/\/rad-pal.com.pl\/\",\"name\":\"Rad-Pal\",\"description\":\"\",\"publisher\":{\"@id\":\"https:\/\/rad-pal.com.pl\/#organization\"},\"potentialAction\":[{\"@type\":\"SearchAction\",\"target\":{\"@type\":\"EntryPoint\",\"urlTemplate\":\"https:\/\/rad-pal.com.pl\/?s={search_term_string}\"},\"query-input\":{\"@type\":\"PropertyValueSpecification\",\"valueRequired\":true,\"valueName\":\"search_term_string\"}}],\"inLanguage\":\"en-GB\"},{\"@type\":\"Organization\",\"@id\":\"https:\/\/rad-pal.com.pl\/#organization\",\"name\":\"Rad-Pal\",\"url\":\"https:\/\/rad-pal.com.pl\/\",\"logo\":{\"@type\":\"ImageObject\",\"inLanguage\":\"en-GB\",\"@id\":\"https:\/\/rad-pal.com.pl\/#\/schema\/logo\/image\/\",\"url\":\"https:\/\/rad-pal.com.pl\/wp-content\/uploads\/2026\/03\/Projekt-bez-nazwy-30.webp\",\"contentUrl\":\"https:\/\/rad-pal.com.pl\/wp-content\/uploads\/2026\/03\/Projekt-bez-nazwy-30.webp\",\"width\":600,\"height\":210,\"caption\":\"Rad-Pal\"},\"image\":{\"@id\":\"https:\/\/rad-pal.com.pl\/#\/schema\/logo\/image\/\"}}]}<\/script>\n<!-- \/ Yoast SEO plugin. -->","yoast_head_json":{"title":"Patera obrotowa 30cm Relaxdays - Rad-Pal","robots":{"index":"index","follow":"follow","max-snippet":"max-snippet:-1","max-image-preview":"max-image-preview:large","max-video-preview":"max-video-preview:-1"},"canonical":"https:\/\/rad-pal.com.pl\/en\/sklep\/bez-kategorii\/patera-obrotowa-30cm-relaxdays\/","og_locale":"en_GB","og_type":"article","og_title":"Patera obrotowa 30cm Relaxdays - Rad-Pal","og_description":"Podawaj swoim go\u015bciom pyszne ciasta lub wyszukane torty na tych dekoracyjnych paterach w zestawie 2 sztuk. Na okr\u0105g\u0142ym talerzu mo\u017cna","og_url":"https:\/\/rad-pal.com.pl\/en\/sklep\/bez-kategorii\/patera-obrotowa-30cm-relaxdays\/","og_site_name":"Rad-Pal","article_modified_time":"2026-02-19T15:37:19+00:00","og_image":[{"url":"https:\/\/upload.cdn.baselinker.com\/products\/6014502\/64bb32722f01c73e8429cf3aaa2c607c.jpg","type":"","width":"","height":""}],"twitter_card":"summary_large_image","twitter_misc":{"Estimated reading time":"1 minute"},"schema":{"@context":"https:\/\/schema.org","@graph":[{"@type":"WebPage","@id":"https:\/\/rad-pal.com.pl\/sklep\/bez-kategorii\/patera-obrotowa-30cm-relaxdays\/","url":"https:\/\/rad-pal.com.pl\/sklep\/bez-kategorii\/patera-obrotowa-30cm-relaxdays\/","name":"Patera obrotowa 30cm Relaxdays - Rad-Pal","isPartOf":{"@id":"https:\/\/rad-pal.com.pl\/#website"},"primaryImageOfPage":{"@id":"https:\/\/rad-pal.com.pl\/sklep\/bez-kategorii\/patera-obrotowa-30cm-relaxdays\/#primaryimage"},"image":{"@id":"https:\/\/rad-pal.com.pl\/sklep\/bez-kategorii\/patera-obrotowa-30cm-relaxdays\/#primaryimage"},"thumbnailUrl":"https:\/\/rad-pal.com.pl\/wp-content\/uploads\/2026\/02\/80544b7499e57ebf60e506f20621b8eb.jpg","datePublished":"2026-02-19T15:00:09+00:00","dateModified":"2026-02-19T15:37:19+00:00","breadcrumb":{"@id":"https:\/\/rad-pal.com.pl\/sklep\/bez-kategorii\/patera-obrotowa-30cm-relaxdays\/#breadcrumb"},"inLanguage":"en-GB","potentialAction":[{"@type":"ReadAction","target":["https:\/\/rad-pal.com.pl\/sklep\/bez-kategorii\/patera-obrotowa-30cm-relaxdays\/"]}]},{"@type":"ImageObject","inLanguage":"en-GB","@id":"https:\/\/rad-pal.com.pl\/sklep\/bez-kategorii\/patera-obrotowa-30cm-relaxdays\/#primaryimage","url":"https:\/\/rad-pal.com.pl\/wp-content\/uploads\/2026\/02\/80544b7499e57ebf60e506f20621b8eb.jpg","contentUrl":"https:\/\/rad-pal.com.pl\/wp-content\/uploads\/2026\/02\/80544b7499e57ebf60e506f20621b8eb.jpg","width":2048,"height":2048,"caption":"8a20f386e772b71fa7c753fcce3847e7"},{"@type":"BreadcrumbList","@id":"https:\/\/rad-pal.com.pl\/sklep\/bez-kategorii\/patera-obrotowa-30cm-relaxdays\/#breadcrumb","itemListElement":[{"@type":"ListItem","position":1,"name":"Strona g\u0142\u00f3wna","item":"https:\/\/rad-pal.com.pl\/"},{"@type":"ListItem","position":2,"name":"Sklep","item":"https:\/\/rad-pal.com.pl\/sklep\/"},{"@type":"ListItem","position":3,"name":"Patera obrotowa 30cm Relaxdays"}]},{"@type":"WebSite","@id":"https:\/\/rad-pal.com.pl\/#website","url":"https:\/\/rad-pal.com.pl\/","name":"Rad-Pal","description":"","publisher":{"@id":"https:\/\/rad-pal.com.pl\/#organization"},"potentialAction":[{"@type":"SearchAction","target":{"@type":"EntryPoint","urlTemplate":"https:\/\/rad-pal.com.pl\/?s={search_term_string}"},"query-input":{"@type":"PropertyValueSpecification","valueRequired":true,"valueName":"search_term_string"}}],"inLanguage":"en-GB"},{"@type":"Organization","@id":"https:\/\/rad-pal.com.pl\/#organization","name":"Rad-Pal","url":"https:\/\/rad-pal.com.pl\/","logo":{"@type":"ImageObject","inLanguage":"en-GB","@id":"https:\/\/rad-pal.com.pl\/#\/schema\/logo\/image\/","url":"https:\/\/rad-pal.com.pl\/wp-content\/uploads\/2026\/03\/Projekt-bez-nazwy-30.webp","contentUrl":"https:\/\/rad-pal.com.pl\/wp-content\/uploads\/2026\/03\/Projekt-bez-nazwy-30.webp","width":600,"height":210,"caption":"Rad-Pal"},"image":{"@id":"https:\/\/rad-pal.com.pl\/#\/schema\/logo\/image\/"}}]}},"_links":{"self":[{"href":"https:\/\/rad-pal.com.pl\/en\/wp-json\/wp\/v2\/product\/32871","targetHints":{"allow":["GET"]}}],"collection":[{"href":"https:\/\/rad-pal.com.pl\/en\/wp-json\/wp\/v2\/product"}],"about":[{"href":"https:\/\/rad-pal.com.pl\/en\/wp-json\/wp\/v2\/types\/product"}],"version-history":[{"count":0,"href":"https:\/\/rad-pal.com.pl\/en\/wp-json\/wp\/v2\/product\/32871\/revisions"}],"wp:featuredmedia":[{"embeddable":true,"href":"https:\/\/rad-pal.com.pl\/en\/wp-json\/wp\/v2\/media\/32864"}],"wp:attachment":[{"href":"https:\/\/rad-pal.com.pl\/en\/wp-json\/wp\/v2\/media?parent=32871"}],"wp:term":[{"taxonomy":"product_brand","embeddable":true,"href":"https:\/\/rad-pal.com.pl\/en\/wp-json\/wp\/v2\/product_brand?post=32871"},{"taxonomy":"product_cat","embeddable":true,"href":"https:\/\/rad-pal.com.pl\/en\/wp-json\/wp\/v2\/product_cat?post=32871"},{"taxonomy":"product_tag","embeddable":true,"href":"https:\/\/rad-pal.com.pl\/en\/wp-json\/wp\/v2\/product_tag?post=32871"}],"curies":[{"name":"wp","href":"https:\/\/api.w.org\/{rel}","templated":true}]}}