{"id":33709,"date":"2026-02-19T16:38:49","date_gmt":"2026-02-19T15:38:49","guid":{"rendered":"https:\/\/rad-pal.com.pl\/sklep\/bez-kategorii\/kubek-ze-slomka-szklany-4szt\/"},"modified":"2026-02-19T17:28:10","modified_gmt":"2026-02-19T16:28:10","slug":"kubek-ze-slomka-szklany-4szt","status":"publish","type":"product","link":"https:\/\/rad-pal.com.pl\/en\/sklep\/dziecko\/karmienie-dziecka\/naczynia-i-sztucce\/kubki-i-bidony\/kubek-ze-slomka-szklany-4szt\/","title":{"rendered":"Kubek \u017ce s\u0142omk\u0105 szklany 4szt"},"content":{"rendered":"<section class=\"section\">\n<div class=\"item item-6\">\n<section class=\"image-item\"><img decoding=\"async\" src=\"https:\/\/upload.cdn.baselinker.com\/products\/6014502\/c4baf2a44f922eb14113330600661311.jpg\" \/><\/section>\n<\/p><\/div>\n<div class=\"item item-6\">\n<section class=\"text-item\">\n<h1>\u2733\ufe0fSzklanki do napoj\u00f3w z uchwytem i zdejmowan\u0105 pokrywk\u0105<\/h1>\n<\/section><\/div>\n<\/section>\n<section class=\"section\">\n<div class=\"item item-12\">\n<section class=\"text-item\">\n<p>\u27a1\ufe0fdekoracyjne szklanki w praktycznym zestawie 4 sztuk<\/p>\n<p>\u27a1\ufe0fidealne na wod\u0119, soki, lemoniad\u0119 i koktajle<\/p>\n<p>\u27a1\ufe0fodpowiednie do gor\u0105cych i zimnych napoj\u00f3w dzi\u0119ki uchwytowi<\/p>\n<p>\u27a1\ufe0fpokrywka z otworem na s\u0142omk\u0119 i dodatkowym otworem do picia<\/p>\n<p>\u27a1\ufe0fmog\u0105 by\u0107 r\u00f3wnie\u017c u\u017cywane bez pokrywki jako zwyk\u0142e butelki do napoj\u00f3w<\/p>\n<p>\u27a1\ufe0fmo\u017cna my\u0107 w zmywarce<\/p>\n<\/section><\/div>\n<\/section>\n<section class=\"section\">\n<div class=\"item item-6\">\n<section class=\"image-item\"><img decoding=\"async\" src=\"https:\/\/upload.cdn.baselinker.com\/products\/6014502\/ef5f27fad7da6f65f23e687ad34ce783.jpg\" \/><\/section>\n<\/p><\/div>\n<div class=\"item item-6\">\n<section class=\"text-item\">\n<h1>\u2733\ufe0fSzklane kubki z pokrywk\u0105 i s\u0142omk\u0105<\/h1>\n<\/section><\/div>\n<\/section>\n<section class=\"section\">\n<div class=\"item item-12\">\n<section class=\"text-item\">\n<p>Te szklanki do picia s\u0105 wyposa\u017cone w zdejmowan\u0105 pokrywk\u0119 i s\u0142omk\u0119, dzi\u0119ki czemu s\u0105 szczeg\u00f3lnie przydatne w podr\u00f3\u017cy, na przyj\u0119ciach w ogrodzie lub pikniku. Ci, kt\u00f3rzy nie chc\u0105 pi\u0107 przez s\u0142omk\u0119, mog\u0105 po prostu skorzysta\u0107 z oddzielnego otworu do picia w pokrywce, kt\u00f3ry &#8211; podobnie jak otw\u00f3r na s\u0142omk\u0119 &#8211; mo\u017cna \u0142atwo zamkn\u0105\u0107. Dzi\u0119ki por\u0119cznemu uchwytowi mo\u017cna r\u00f3wnie\u017c bez problemu pi\u0107 gor\u0105ce napoje bez ryzyka przed oparzeniem. Po u\u017cyciu szklane kubki na napoje mo\u017cna my\u0107 w zmywarce.<\/p>\n<\/section><\/div>\n<\/section>\n<section class=\"section\">\n<div class=\"item item-12\">\n<section class=\"text-item\">\n<p>7<\/p>\n<\/section><\/div>\n<\/section>","protected":false},"excerpt":{"rendered":"<p>\u2733\ufe0fSzklanki do napoj\u00f3w z uchwytem i zdejmowan\u0105 pokrywk\u0105 \u27a1\ufe0fdekoracyjne szklanki w praktycznym zestawie 4 sztuk \u27a1\ufe0fidealne na wod\u0119, soki, lemoniad\u0119<\/p>","protected":false},"featured_media":33700,"template":"","meta":[],"product_brand":[],"product_cat":[81,463,465,464],"product_tag":[],"class_list":{"0":"post-33709","1":"product","2":"type-product","3":"status-publish","4":"has-post-thumbnail","6":"product_cat-dziecko","7":"product_cat-karmienie-dziecka","8":"product_cat-kubki-i-bidony","9":"product_cat-naczynia-i-sztucce","11":"first","12":"instock","13":"taxable","14":"shipping-taxable","15":"purchasable","16":"product-type-simple"},"yoast_head":"<!-- This site is optimized with the Yoast SEO plugin v25.7 - https:\/\/yoast.com\/wordpress\/plugins\/seo\/ -->\n<title>Kubek \u017ce s\u0142omk\u0105 szklany 4szt - Rad-Pal<\/title>\n<meta name=\"robots\" content=\"index, follow, max-snippet:-1, max-image-preview:large, max-video-preview:-1\" \/>\n<link rel=\"canonical\" href=\"https:\/\/rad-pal.com.pl\/en\/sklep\/bez-kategorii\/kubek-ze-slomka-szklany-4szt\/\" \/>\n<meta property=\"og:locale\" content=\"en_GB\" \/>\n<meta property=\"og:type\" content=\"article\" \/>\n<meta property=\"og:title\" content=\"Kubek \u017ce s\u0142omk\u0105 szklany 4szt - Rad-Pal\" \/>\n<meta property=\"og:description\" content=\"\u2733\ufe0fSzklanki do napoj\u00f3w z uchwytem i zdejmowan\u0105 pokrywk\u0105 \u27a1\ufe0fdekoracyjne szklanki w praktycznym zestawie 4 sztuk \u27a1\ufe0fidealne na wod\u0119, soki, lemoniad\u0119\" \/>\n<meta property=\"og:url\" content=\"https:\/\/rad-pal.com.pl\/en\/sklep\/bez-kategorii\/kubek-ze-slomka-szklany-4szt\/\" \/>\n<meta property=\"og:site_name\" content=\"Rad-Pal\" \/>\n<meta property=\"article:modified_time\" content=\"2026-02-19T16:28:10+00:00\" \/>\n<meta property=\"og:image\" content=\"https:\/\/upload.cdn.baselinker.com\/products\/6014502\/c4baf2a44f922eb14113330600661311.jpg\" \/>\n<meta name=\"twitter:card\" content=\"summary_large_image\" \/>\n<meta name=\"twitter:label1\" content=\"Estimated reading time\" \/>\n\t<meta name=\"twitter:data1\" content=\"1 minute\" \/>\n<script type=\"application\/ld+json\" class=\"yoast-schema-graph\">{\"@context\":\"https:\/\/schema.org\",\"@graph\":[{\"@type\":\"WebPage\",\"@id\":\"https:\/\/rad-pal.com.pl\/sklep\/bez-kategorii\/kubek-ze-slomka-szklany-4szt\/\",\"url\":\"https:\/\/rad-pal.com.pl\/sklep\/bez-kategorii\/kubek-ze-slomka-szklany-4szt\/\",\"name\":\"Kubek \u017ce s\u0142omk\u0105 szklany 4szt - Rad-Pal\",\"isPartOf\":{\"@id\":\"https:\/\/rad-pal.com.pl\/#website\"},\"primaryImageOfPage\":{\"@id\":\"https:\/\/rad-pal.com.pl\/sklep\/bez-kategorii\/kubek-ze-slomka-szklany-4szt\/#primaryimage\"},\"image\":{\"@id\":\"https:\/\/rad-pal.com.pl\/sklep\/bez-kategorii\/kubek-ze-slomka-szklany-4szt\/#primaryimage\"},\"thumbnailUrl\":\"https:\/\/rad-pal.com.pl\/wp-content\/uploads\/2026\/02\/83ec29668358724e8fcd5027f5c93d1b.jpg\",\"datePublished\":\"2026-02-19T15:38:49+00:00\",\"dateModified\":\"2026-02-19T16:28:10+00:00\",\"breadcrumb\":{\"@id\":\"https:\/\/rad-pal.com.pl\/sklep\/bez-kategorii\/kubek-ze-slomka-szklany-4szt\/#breadcrumb\"},\"inLanguage\":\"en-GB\",\"potentialAction\":[{\"@type\":\"ReadAction\",\"target\":[\"https:\/\/rad-pal.com.pl\/sklep\/bez-kategorii\/kubek-ze-slomka-szklany-4szt\/\"]}]},{\"@type\":\"ImageObject\",\"inLanguage\":\"en-GB\",\"@id\":\"https:\/\/rad-pal.com.pl\/sklep\/bez-kategorii\/kubek-ze-slomka-szklany-4szt\/#primaryimage\",\"url\":\"https:\/\/rad-pal.com.pl\/wp-content\/uploads\/2026\/02\/83ec29668358724e8fcd5027f5c93d1b.jpg\",\"contentUrl\":\"https:\/\/rad-pal.com.pl\/wp-content\/uploads\/2026\/02\/83ec29668358724e8fcd5027f5c93d1b.jpg\",\"width\":681,\"height\":681,\"caption\":\"7ff7abf315f0987f263c70983fcf8c09\"},{\"@type\":\"BreadcrumbList\",\"@id\":\"https:\/\/rad-pal.com.pl\/sklep\/bez-kategorii\/kubek-ze-slomka-szklany-4szt\/#breadcrumb\",\"itemListElement\":[{\"@type\":\"ListItem\",\"position\":1,\"name\":\"Strona g\u0142\u00f3wna\",\"item\":\"https:\/\/rad-pal.com.pl\/\"},{\"@type\":\"ListItem\",\"position\":2,\"name\":\"Sklep\",\"item\":\"https:\/\/rad-pal.com.pl\/sklep\/\"},{\"@type\":\"ListItem\",\"position\":3,\"name\":\"Kubek \u017ce s\u0142omk\u0105 szklany 4szt\"}]},{\"@type\":\"WebSite\",\"@id\":\"https:\/\/rad-pal.com.pl\/#website\",\"url\":\"https:\/\/rad-pal.com.pl\/\",\"name\":\"Rad-Pal\",\"description\":\"\",\"publisher\":{\"@id\":\"https:\/\/rad-pal.com.pl\/#organization\"},\"potentialAction\":[{\"@type\":\"SearchAction\",\"target\":{\"@type\":\"EntryPoint\",\"urlTemplate\":\"https:\/\/rad-pal.com.pl\/?s={search_term_string}\"},\"query-input\":{\"@type\":\"PropertyValueSpecification\",\"valueRequired\":true,\"valueName\":\"search_term_string\"}}],\"inLanguage\":\"en-GB\"},{\"@type\":\"Organization\",\"@id\":\"https:\/\/rad-pal.com.pl\/#organization\",\"name\":\"Rad-Pal\",\"url\":\"https:\/\/rad-pal.com.pl\/\",\"logo\":{\"@type\":\"ImageObject\",\"inLanguage\":\"en-GB\",\"@id\":\"https:\/\/rad-pal.com.pl\/#\/schema\/logo\/image\/\",\"url\":\"https:\/\/rad-pal.com.pl\/wp-content\/uploads\/2026\/03\/Projekt-bez-nazwy-30.webp\",\"contentUrl\":\"https:\/\/rad-pal.com.pl\/wp-content\/uploads\/2026\/03\/Projekt-bez-nazwy-30.webp\",\"width\":600,\"height\":210,\"caption\":\"Rad-Pal\"},\"image\":{\"@id\":\"https:\/\/rad-pal.com.pl\/#\/schema\/logo\/image\/\"}}]}<\/script>\n<!-- \/ Yoast SEO plugin. -->","yoast_head_json":{"title":"Kubek \u017ce s\u0142omk\u0105 szklany 4szt - Rad-Pal","robots":{"index":"index","follow":"follow","max-snippet":"max-snippet:-1","max-image-preview":"max-image-preview:large","max-video-preview":"max-video-preview:-1"},"canonical":"https:\/\/rad-pal.com.pl\/en\/sklep\/bez-kategorii\/kubek-ze-slomka-szklany-4szt\/","og_locale":"en_GB","og_type":"article","og_title":"Kubek \u017ce s\u0142omk\u0105 szklany 4szt - Rad-Pal","og_description":"\u2733\ufe0fSzklanki do napoj\u00f3w z uchwytem i zdejmowan\u0105 pokrywk\u0105 \u27a1\ufe0fdekoracyjne szklanki w praktycznym zestawie 4 sztuk \u27a1\ufe0fidealne na wod\u0119, soki, lemoniad\u0119","og_url":"https:\/\/rad-pal.com.pl\/en\/sklep\/bez-kategorii\/kubek-ze-slomka-szklany-4szt\/","og_site_name":"Rad-Pal","article_modified_time":"2026-02-19T16:28:10+00:00","og_image":[{"url":"https:\/\/upload.cdn.baselinker.com\/products\/6014502\/c4baf2a44f922eb14113330600661311.jpg","type":"","width":"","height":""}],"twitter_card":"summary_large_image","twitter_misc":{"Estimated reading time":"1 minute"},"schema":{"@context":"https:\/\/schema.org","@graph":[{"@type":"WebPage","@id":"https:\/\/rad-pal.com.pl\/sklep\/bez-kategorii\/kubek-ze-slomka-szklany-4szt\/","url":"https:\/\/rad-pal.com.pl\/sklep\/bez-kategorii\/kubek-ze-slomka-szklany-4szt\/","name":"Kubek \u017ce s\u0142omk\u0105 szklany 4szt - Rad-Pal","isPartOf":{"@id":"https:\/\/rad-pal.com.pl\/#website"},"primaryImageOfPage":{"@id":"https:\/\/rad-pal.com.pl\/sklep\/bez-kategorii\/kubek-ze-slomka-szklany-4szt\/#primaryimage"},"image":{"@id":"https:\/\/rad-pal.com.pl\/sklep\/bez-kategorii\/kubek-ze-slomka-szklany-4szt\/#primaryimage"},"thumbnailUrl":"https:\/\/rad-pal.com.pl\/wp-content\/uploads\/2026\/02\/83ec29668358724e8fcd5027f5c93d1b.jpg","datePublished":"2026-02-19T15:38:49+00:00","dateModified":"2026-02-19T16:28:10+00:00","breadcrumb":{"@id":"https:\/\/rad-pal.com.pl\/sklep\/bez-kategorii\/kubek-ze-slomka-szklany-4szt\/#breadcrumb"},"inLanguage":"en-GB","potentialAction":[{"@type":"ReadAction","target":["https:\/\/rad-pal.com.pl\/sklep\/bez-kategorii\/kubek-ze-slomka-szklany-4szt\/"]}]},{"@type":"ImageObject","inLanguage":"en-GB","@id":"https:\/\/rad-pal.com.pl\/sklep\/bez-kategorii\/kubek-ze-slomka-szklany-4szt\/#primaryimage","url":"https:\/\/rad-pal.com.pl\/wp-content\/uploads\/2026\/02\/83ec29668358724e8fcd5027f5c93d1b.jpg","contentUrl":"https:\/\/rad-pal.com.pl\/wp-content\/uploads\/2026\/02\/83ec29668358724e8fcd5027f5c93d1b.jpg","width":681,"height":681,"caption":"7ff7abf315f0987f263c70983fcf8c09"},{"@type":"BreadcrumbList","@id":"https:\/\/rad-pal.com.pl\/sklep\/bez-kategorii\/kubek-ze-slomka-szklany-4szt\/#breadcrumb","itemListElement":[{"@type":"ListItem","position":1,"name":"Strona g\u0142\u00f3wna","item":"https:\/\/rad-pal.com.pl\/"},{"@type":"ListItem","position":2,"name":"Sklep","item":"https:\/\/rad-pal.com.pl\/sklep\/"},{"@type":"ListItem","position":3,"name":"Kubek \u017ce s\u0142omk\u0105 szklany 4szt"}]},{"@type":"WebSite","@id":"https:\/\/rad-pal.com.pl\/#website","url":"https:\/\/rad-pal.com.pl\/","name":"Rad-Pal","description":"","publisher":{"@id":"https:\/\/rad-pal.com.pl\/#organization"},"potentialAction":[{"@type":"SearchAction","target":{"@type":"EntryPoint","urlTemplate":"https:\/\/rad-pal.com.pl\/?s={search_term_string}"},"query-input":{"@type":"PropertyValueSpecification","valueRequired":true,"valueName":"search_term_string"}}],"inLanguage":"en-GB"},{"@type":"Organization","@id":"https:\/\/rad-pal.com.pl\/#organization","name":"Rad-Pal","url":"https:\/\/rad-pal.com.pl\/","logo":{"@type":"ImageObject","inLanguage":"en-GB","@id":"https:\/\/rad-pal.com.pl\/#\/schema\/logo\/image\/","url":"https:\/\/rad-pal.com.pl\/wp-content\/uploads\/2026\/03\/Projekt-bez-nazwy-30.webp","contentUrl":"https:\/\/rad-pal.com.pl\/wp-content\/uploads\/2026\/03\/Projekt-bez-nazwy-30.webp","width":600,"height":210,"caption":"Rad-Pal"},"image":{"@id":"https:\/\/rad-pal.com.pl\/#\/schema\/logo\/image\/"}}]}},"_links":{"self":[{"href":"https:\/\/rad-pal.com.pl\/en\/wp-json\/wp\/v2\/product\/33709","targetHints":{"allow":["GET"]}}],"collection":[{"href":"https:\/\/rad-pal.com.pl\/en\/wp-json\/wp\/v2\/product"}],"about":[{"href":"https:\/\/rad-pal.com.pl\/en\/wp-json\/wp\/v2\/types\/product"}],"version-history":[{"count":0,"href":"https:\/\/rad-pal.com.pl\/en\/wp-json\/wp\/v2\/product\/33709\/revisions"}],"wp:featuredmedia":[{"embeddable":true,"href":"https:\/\/rad-pal.com.pl\/en\/wp-json\/wp\/v2\/media\/33700"}],"wp:attachment":[{"href":"https:\/\/rad-pal.com.pl\/en\/wp-json\/wp\/v2\/media?parent=33709"}],"wp:term":[{"taxonomy":"product_brand","embeddable":true,"href":"https:\/\/rad-pal.com.pl\/en\/wp-json\/wp\/v2\/product_brand?post=33709"},{"taxonomy":"product_cat","embeddable":true,"href":"https:\/\/rad-pal.com.pl\/en\/wp-json\/wp\/v2\/product_cat?post=33709"},{"taxonomy":"product_tag","embeddable":true,"href":"https:\/\/rad-pal.com.pl\/en\/wp-json\/wp\/v2\/product_tag?post=33709"}],"curies":[{"name":"wp","href":"https:\/\/api.w.org\/{rel}","templated":true}]}}