{"id":33817,"date":"2026-02-19T16:43:15","date_gmt":"2026-02-19T15:43:15","guid":{"rendered":"https:\/\/rad-pal.com.pl\/sklep\/bez-kategorii\/polka-dziecieca-z-4-pudelkami-z-tkaniny9\/"},"modified":"2026-02-19T17:29:04","modified_gmt":"2026-02-19T16:29:04","slug":"polka-dziecieca-z-4-pudelkami-z-tkaniny9","status":"publish","type":"product","link":"https:\/\/rad-pal.com.pl\/en\/sklep\/dziecko\/pokoj-dzieciecy\/meble-pokoj-dzieciecy\/polki\/polka-dziecieca-z-4-pudelkami-z-tkaniny9\/","title":{"rendered":"P\u00f3\u0142ka dzieci\u0119ca z 4 pude\u0142kami z tkaniny9"},"content":{"rendered":"<section class=\"section\">\n<div class=\"item item-12\">\n<section class=\"text-item\">\n<h1>\u2733\ufe0fZosta\u0142y ostatnie sztuki, kup, zanim zabraknie!&#8221; \u2733\ufe0f<\/h1>\n<\/section><\/div>\n<\/section>\n<section class=\"section\">\n<div class=\"item item-12\">\n<section class=\"text-item\">\n<h2>\u2733\ufe0fP\u00f3\u0142ka na ksi\u0105\u017cki, pluszaki i inne zabawki<\/h2>\n<p>Du\u017ca p\u00f3\u0142ka na ksi\u0105\u017cki dla dzieci, pluszaki i klocki zachwyca ma\u0142ych i du\u017cych. Dzi\u0119ki uroczym motywom po bokach rega\u0142 do pokoju dzieci\u0119cego przyci\u0105ga wzrok. G\u00f3rne przegr\u00f3dki na ksi\u0105\u017cki s\u0105 u\u0142o\u017cone naprzemiennie, dzi\u0119ki czemu dziecko mo\u017ce szybko dotrze\u0107 do swojej ulubionej ksi\u0105\u017cki. W 2 dolnych przedzia\u0142ach, 4 du\u017ce pude\u0142ka z tkaniny oferuj\u0105 mn\u00f3stwo miejsca na wi\u0119cej zabawek. Du\u017cy organizer na zabawki pozwala r\u00f3wnie\u017c utrzyma\u0107 porz\u0105dek w pokoju dzieci\u0119cym lub poczekalni.<\/p>\n<h2>\u2733\ufe0fP\u00f3\u0142ka na zabawki do pokoju dzieci\u0119cego<\/h2>\n<ul>\n<li>\u27a1\ufe0fSolidna p\u00f3\u0142ka na zabawki z przegr\u00f3dkami na ksi\u0105\u017cki i pude\u0142kami z tkaniny<\/li>\n<li>\u27a1\ufe0fOrganizer do pokoju dzieci\u0119cego na ksi\u0105\u017cki i zabawki wszelkiego rodzaju<\/li>\n<li>\u27a1\ufe0fSk\u0142adane pude\u0142ka na zabawki w 2 kolorach dla \u0142atwego sortowania<\/li>\n<li>\u27a1\ufe0fWyb\u00f3r r\u00f3\u017cnych, przyjaznych dzieciom motyw\u00f3w<\/li>\n<li>\u27a1\ufe0fPrzejrzyste przechowywanie zabawek promuj\u0105ce poczucie porz\u0105dku<\/li>\n<\/ul>\n<h2>\u2733\ufe0fP\u00f3\u0142ka dla dzieci w skr\u00f3cie<\/h2>\n<ul>\n<li>\u27a1\ufe0fCa\u0142kowite wymiary wys. x szer. x g\u0142.: ok. 98 x 82,5 x 30 cm<\/li>\n<li>\u27a1\ufe0fWymiary wewn\u0119trzne pude\u0142ka wys. x szer. x g\u0142.: ok. 21,5 x 37,5 x 27 cm<\/li>\n<li>\u27a1\ufe0fNo\u015bno\u015b\u0107 na komor\u0119: ok. 5 kg<\/li>\n<li>\u27a1\ufe0fMasa w\u0142asna: ok. 15 kg<\/li>\n<li>\u27a1\ufe0fP\u00f3\u0142ka wykonana z p\u0142yty wi\u00f3rowej, pude\u0142ko z tkaniny<\/li>\n<li>\u27a1\ufe0fWz\u00f3r: p\u00f3\u0142ka z motywem, pude\u0142ka w 2 kolorach<\/li>\n<\/ul>\n<h2>\u2733\ufe0fRega\u0142 dzieci\u0119cy z 4 p\u00f3\u0142kami<\/h2>\n<ul>\n<li>\u27a1\ufe0f3x p\u00f3\u0142ka na ksi\u0105\u017cki szer. x g\u0142.: ok. 80 x 6,5 cm<\/li>\n<li>\u27a1\ufe0f3x p\u00f3\u0142ka na ksi\u0105\u017cki wys.: ok. 17 i 13,5 cm<\/li>\n<li>\u27a1\ufe0fKomora na pude\u0142ka na g\u00f3rze wys. x szer. x g\u0142.: ok. 29,5 x 80 x 28 cm<\/li>\n<li>\u27a1\ufe0fPrzegroda na pude\u0142ka na dole wys. x szer. x g\u0142.: ok. 30 x 80 x 28 cm<\/li>\n<\/ul>\n<ul>\n<li>\u27a1\ufe0f1x p\u00f3\u0142ka dla dzieci z wybranym motywem (w pojedynczych cz\u0119\u015bciach)<\/li>\n<li>\u27a1\ufe0fW zestawie 4 sk\u0142adane pude\u0142ka<\/li>\n<li>\u27a1\ufe0filustrowana instrukcja<\/li>\n<li>\u27a1\ufe0fbez dekoracji<\/li>\n<li>\u27a1\ufe0fbez narz\u0119dzia<\/li>\n<\/ul>\n<h2>\u2733\ufe0fSk\u0142ad Materia\u0142u<\/h2>\n<ul>\n<li>\u27a1\ufe0f80% p\u0142yta pil\u015bniowa<\/li>\n<li>\u27a1\ufe0f10% \u017celazo<\/li>\n<li>\u27a1\ufe0f10% tworzywo sztuczne<\/li>\n<\/ul>\n<\/section><\/div>\n<\/section>\n<section class=\"section\">\n<div class=\"item item-12\">\n<section class=\"image-item\"><img decoding=\"async\" src=\"https:\/\/upload.cdn.baselinker.com\/products\/6014502\/bfa2a022ba81feee1c9157441c890acf.jpg\" \/><\/section>\n<\/p><\/div>\n<\/section>\n<section class=\"section\">\n<div class=\"item item-12\">\n<section class=\"text-item\">\n<p>12<\/p>\n<\/section><\/div>\n<\/section>","protected":false},"excerpt":{"rendered":"<p>\u2733\ufe0fZosta\u0142y ostatnie sztuki, kup, zanim zabraknie!&#8221; \u2733\ufe0f \u2733\ufe0fP\u00f3\u0142ka na ksi\u0105\u017cki, pluszaki i inne zabawki Du\u017ca p\u00f3\u0142ka na ksi\u0105\u017cki dla dzieci,<\/p>","protected":false},"featured_media":33810,"template":"","meta":[],"product_brand":[],"product_cat":[81,160,159,256],"product_tag":[],"class_list":{"0":"post-33817","1":"product","2":"type-product","3":"status-publish","4":"has-post-thumbnail","6":"product_cat-dziecko","7":"product_cat-meble-pokoj-dzieciecy","8":"product_cat-pokoj-dzieciecy","9":"product_cat-polki","11":"first","12":"instock","13":"taxable","14":"shipping-taxable","15":"purchasable","16":"product-type-simple"},"yoast_head":"<!-- This site is optimized with the Yoast SEO plugin v25.7 - https:\/\/yoast.com\/wordpress\/plugins\/seo\/ -->\n<title>P\u00f3\u0142ka dzieci\u0119ca z 4 pude\u0142kami z tkaniny9 - Rad-Pal<\/title>\n<meta name=\"robots\" content=\"index, follow, max-snippet:-1, max-image-preview:large, max-video-preview:-1\" \/>\n<link rel=\"canonical\" href=\"https:\/\/rad-pal.com.pl\/en\/sklep\/bez-kategorii\/polka-dziecieca-z-4-pudelkami-z-tkaniny9\/\" \/>\n<meta property=\"og:locale\" content=\"en_GB\" \/>\n<meta property=\"og:type\" content=\"article\" \/>\n<meta property=\"og:title\" content=\"P\u00f3\u0142ka dzieci\u0119ca z 4 pude\u0142kami z tkaniny9 - Rad-Pal\" \/>\n<meta property=\"og:description\" content=\"\u2733\ufe0fZosta\u0142y ostatnie sztuki, kup, zanim zabraknie!&#8221; \u2733\ufe0f \u2733\ufe0fP\u00f3\u0142ka na ksi\u0105\u017cki, pluszaki i inne zabawki Du\u017ca p\u00f3\u0142ka na ksi\u0105\u017cki dla dzieci,\" \/>\n<meta property=\"og:url\" content=\"https:\/\/rad-pal.com.pl\/en\/sklep\/bez-kategorii\/polka-dziecieca-z-4-pudelkami-z-tkaniny9\/\" \/>\n<meta property=\"og:site_name\" content=\"Rad-Pal\" \/>\n<meta property=\"article:modified_time\" content=\"2026-02-19T16:29:04+00:00\" \/>\n<meta property=\"og:image\" content=\"https:\/\/upload.cdn.baselinker.com\/products\/6014502\/bfa2a022ba81feee1c9157441c890acf.jpg\" \/>\n<meta name=\"twitter:card\" content=\"summary_large_image\" \/>\n<meta name=\"twitter:label1\" content=\"Estimated reading time\" \/>\n\t<meta name=\"twitter:data1\" content=\"2 minutes\" \/>\n<script type=\"application\/ld+json\" class=\"yoast-schema-graph\">{\"@context\":\"https:\/\/schema.org\",\"@graph\":[{\"@type\":\"WebPage\",\"@id\":\"https:\/\/rad-pal.com.pl\/sklep\/bez-kategorii\/polka-dziecieca-z-4-pudelkami-z-tkaniny9\/\",\"url\":\"https:\/\/rad-pal.com.pl\/sklep\/bez-kategorii\/polka-dziecieca-z-4-pudelkami-z-tkaniny9\/\",\"name\":\"P\u00f3\u0142ka dzieci\u0119ca z 4 pude\u0142kami z tkaniny9 - Rad-Pal\",\"isPartOf\":{\"@id\":\"https:\/\/rad-pal.com.pl\/#website\"},\"primaryImageOfPage\":{\"@id\":\"https:\/\/rad-pal.com.pl\/sklep\/bez-kategorii\/polka-dziecieca-z-4-pudelkami-z-tkaniny9\/#primaryimage\"},\"image\":{\"@id\":\"https:\/\/rad-pal.com.pl\/sklep\/bez-kategorii\/polka-dziecieca-z-4-pudelkami-z-tkaniny9\/#primaryimage\"},\"thumbnailUrl\":\"https:\/\/rad-pal.com.pl\/wp-content\/uploads\/2026\/02\/bfa2a022ba81feee1c9157441c890acf.jpg\",\"datePublished\":\"2026-02-19T15:43:15+00:00\",\"dateModified\":\"2026-02-19T16:29:04+00:00\",\"breadcrumb\":{\"@id\":\"https:\/\/rad-pal.com.pl\/sklep\/bez-kategorii\/polka-dziecieca-z-4-pudelkami-z-tkaniny9\/#breadcrumb\"},\"inLanguage\":\"en-GB\",\"potentialAction\":[{\"@type\":\"ReadAction\",\"target\":[\"https:\/\/rad-pal.com.pl\/sklep\/bez-kategorii\/polka-dziecieca-z-4-pudelkami-z-tkaniny9\/\"]}]},{\"@type\":\"ImageObject\",\"inLanguage\":\"en-GB\",\"@id\":\"https:\/\/rad-pal.com.pl\/sklep\/bez-kategorii\/polka-dziecieca-z-4-pudelkami-z-tkaniny9\/#primaryimage\",\"url\":\"https:\/\/rad-pal.com.pl\/wp-content\/uploads\/2026\/02\/bfa2a022ba81feee1c9157441c890acf.jpg\",\"contentUrl\":\"https:\/\/rad-pal.com.pl\/wp-content\/uploads\/2026\/02\/bfa2a022ba81feee1c9157441c890acf.jpg\",\"width\":1020,\"height\":980,\"caption\":\"27d342b1fe8ef8846b3c69eb561e7217\"},{\"@type\":\"BreadcrumbList\",\"@id\":\"https:\/\/rad-pal.com.pl\/sklep\/bez-kategorii\/polka-dziecieca-z-4-pudelkami-z-tkaniny9\/#breadcrumb\",\"itemListElement\":[{\"@type\":\"ListItem\",\"position\":1,\"name\":\"Strona g\u0142\u00f3wna\",\"item\":\"https:\/\/rad-pal.com.pl\/\"},{\"@type\":\"ListItem\",\"position\":2,\"name\":\"Sklep\",\"item\":\"https:\/\/rad-pal.com.pl\/sklep\/\"},{\"@type\":\"ListItem\",\"position\":3,\"name\":\"P\u00f3\u0142ka dzieci\u0119ca z 4 pude\u0142kami z tkaniny9\"}]},{\"@type\":\"WebSite\",\"@id\":\"https:\/\/rad-pal.com.pl\/#website\",\"url\":\"https:\/\/rad-pal.com.pl\/\",\"name\":\"Rad-Pal\",\"description\":\"\",\"publisher\":{\"@id\":\"https:\/\/rad-pal.com.pl\/#organization\"},\"potentialAction\":[{\"@type\":\"SearchAction\",\"target\":{\"@type\":\"EntryPoint\",\"urlTemplate\":\"https:\/\/rad-pal.com.pl\/?s={search_term_string}\"},\"query-input\":{\"@type\":\"PropertyValueSpecification\",\"valueRequired\":true,\"valueName\":\"search_term_string\"}}],\"inLanguage\":\"en-GB\"},{\"@type\":\"Organization\",\"@id\":\"https:\/\/rad-pal.com.pl\/#organization\",\"name\":\"Rad-Pal\",\"url\":\"https:\/\/rad-pal.com.pl\/\",\"logo\":{\"@type\":\"ImageObject\",\"inLanguage\":\"en-GB\",\"@id\":\"https:\/\/rad-pal.com.pl\/#\/schema\/logo\/image\/\",\"url\":\"https:\/\/rad-pal.com.pl\/wp-content\/uploads\/2026\/03\/Projekt-bez-nazwy-30.webp\",\"contentUrl\":\"https:\/\/rad-pal.com.pl\/wp-content\/uploads\/2026\/03\/Projekt-bez-nazwy-30.webp\",\"width\":600,\"height\":210,\"caption\":\"Rad-Pal\"},\"image\":{\"@id\":\"https:\/\/rad-pal.com.pl\/#\/schema\/logo\/image\/\"}}]}<\/script>\n<!-- \/ Yoast SEO plugin. -->","yoast_head_json":{"title":"P\u00f3\u0142ka dzieci\u0119ca z 4 pude\u0142kami z tkaniny9 - Rad-Pal","robots":{"index":"index","follow":"follow","max-snippet":"max-snippet:-1","max-image-preview":"max-image-preview:large","max-video-preview":"max-video-preview:-1"},"canonical":"https:\/\/rad-pal.com.pl\/en\/sklep\/bez-kategorii\/polka-dziecieca-z-4-pudelkami-z-tkaniny9\/","og_locale":"en_GB","og_type":"article","og_title":"P\u00f3\u0142ka dzieci\u0119ca z 4 pude\u0142kami z tkaniny9 - Rad-Pal","og_description":"\u2733\ufe0fZosta\u0142y ostatnie sztuki, kup, zanim zabraknie!&#8221; \u2733\ufe0f \u2733\ufe0fP\u00f3\u0142ka na ksi\u0105\u017cki, pluszaki i inne zabawki Du\u017ca p\u00f3\u0142ka na ksi\u0105\u017cki dla dzieci,","og_url":"https:\/\/rad-pal.com.pl\/en\/sklep\/bez-kategorii\/polka-dziecieca-z-4-pudelkami-z-tkaniny9\/","og_site_name":"Rad-Pal","article_modified_time":"2026-02-19T16:29:04+00:00","og_image":[{"url":"https:\/\/upload.cdn.baselinker.com\/products\/6014502\/bfa2a022ba81feee1c9157441c890acf.jpg","type":"","width":"","height":""}],"twitter_card":"summary_large_image","twitter_misc":{"Estimated reading time":"2 minutes"},"schema":{"@context":"https:\/\/schema.org","@graph":[{"@type":"WebPage","@id":"https:\/\/rad-pal.com.pl\/sklep\/bez-kategorii\/polka-dziecieca-z-4-pudelkami-z-tkaniny9\/","url":"https:\/\/rad-pal.com.pl\/sklep\/bez-kategorii\/polka-dziecieca-z-4-pudelkami-z-tkaniny9\/","name":"P\u00f3\u0142ka dzieci\u0119ca z 4 pude\u0142kami z tkaniny9 - Rad-Pal","isPartOf":{"@id":"https:\/\/rad-pal.com.pl\/#website"},"primaryImageOfPage":{"@id":"https:\/\/rad-pal.com.pl\/sklep\/bez-kategorii\/polka-dziecieca-z-4-pudelkami-z-tkaniny9\/#primaryimage"},"image":{"@id":"https:\/\/rad-pal.com.pl\/sklep\/bez-kategorii\/polka-dziecieca-z-4-pudelkami-z-tkaniny9\/#primaryimage"},"thumbnailUrl":"https:\/\/rad-pal.com.pl\/wp-content\/uploads\/2026\/02\/bfa2a022ba81feee1c9157441c890acf.jpg","datePublished":"2026-02-19T15:43:15+00:00","dateModified":"2026-02-19T16:29:04+00:00","breadcrumb":{"@id":"https:\/\/rad-pal.com.pl\/sklep\/bez-kategorii\/polka-dziecieca-z-4-pudelkami-z-tkaniny9\/#breadcrumb"},"inLanguage":"en-GB","potentialAction":[{"@type":"ReadAction","target":["https:\/\/rad-pal.com.pl\/sklep\/bez-kategorii\/polka-dziecieca-z-4-pudelkami-z-tkaniny9\/"]}]},{"@type":"ImageObject","inLanguage":"en-GB","@id":"https:\/\/rad-pal.com.pl\/sklep\/bez-kategorii\/polka-dziecieca-z-4-pudelkami-z-tkaniny9\/#primaryimage","url":"https:\/\/rad-pal.com.pl\/wp-content\/uploads\/2026\/02\/bfa2a022ba81feee1c9157441c890acf.jpg","contentUrl":"https:\/\/rad-pal.com.pl\/wp-content\/uploads\/2026\/02\/bfa2a022ba81feee1c9157441c890acf.jpg","width":1020,"height":980,"caption":"27d342b1fe8ef8846b3c69eb561e7217"},{"@type":"BreadcrumbList","@id":"https:\/\/rad-pal.com.pl\/sklep\/bez-kategorii\/polka-dziecieca-z-4-pudelkami-z-tkaniny9\/#breadcrumb","itemListElement":[{"@type":"ListItem","position":1,"name":"Strona g\u0142\u00f3wna","item":"https:\/\/rad-pal.com.pl\/"},{"@type":"ListItem","position":2,"name":"Sklep","item":"https:\/\/rad-pal.com.pl\/sklep\/"},{"@type":"ListItem","position":3,"name":"P\u00f3\u0142ka dzieci\u0119ca z 4 pude\u0142kami z tkaniny9"}]},{"@type":"WebSite","@id":"https:\/\/rad-pal.com.pl\/#website","url":"https:\/\/rad-pal.com.pl\/","name":"Rad-Pal","description":"","publisher":{"@id":"https:\/\/rad-pal.com.pl\/#organization"},"potentialAction":[{"@type":"SearchAction","target":{"@type":"EntryPoint","urlTemplate":"https:\/\/rad-pal.com.pl\/?s={search_term_string}"},"query-input":{"@type":"PropertyValueSpecification","valueRequired":true,"valueName":"search_term_string"}}],"inLanguage":"en-GB"},{"@type":"Organization","@id":"https:\/\/rad-pal.com.pl\/#organization","name":"Rad-Pal","url":"https:\/\/rad-pal.com.pl\/","logo":{"@type":"ImageObject","inLanguage":"en-GB","@id":"https:\/\/rad-pal.com.pl\/#\/schema\/logo\/image\/","url":"https:\/\/rad-pal.com.pl\/wp-content\/uploads\/2026\/03\/Projekt-bez-nazwy-30.webp","contentUrl":"https:\/\/rad-pal.com.pl\/wp-content\/uploads\/2026\/03\/Projekt-bez-nazwy-30.webp","width":600,"height":210,"caption":"Rad-Pal"},"image":{"@id":"https:\/\/rad-pal.com.pl\/#\/schema\/logo\/image\/"}}]}},"_links":{"self":[{"href":"https:\/\/rad-pal.com.pl\/en\/wp-json\/wp\/v2\/product\/33817","targetHints":{"allow":["GET"]}}],"collection":[{"href":"https:\/\/rad-pal.com.pl\/en\/wp-json\/wp\/v2\/product"}],"about":[{"href":"https:\/\/rad-pal.com.pl\/en\/wp-json\/wp\/v2\/types\/product"}],"version-history":[{"count":0,"href":"https:\/\/rad-pal.com.pl\/en\/wp-json\/wp\/v2\/product\/33817\/revisions"}],"wp:featuredmedia":[{"embeddable":true,"href":"https:\/\/rad-pal.com.pl\/en\/wp-json\/wp\/v2\/media\/33810"}],"wp:attachment":[{"href":"https:\/\/rad-pal.com.pl\/en\/wp-json\/wp\/v2\/media?parent=33817"}],"wp:term":[{"taxonomy":"product_brand","embeddable":true,"href":"https:\/\/rad-pal.com.pl\/en\/wp-json\/wp\/v2\/product_brand?post=33817"},{"taxonomy":"product_cat","embeddable":true,"href":"https:\/\/rad-pal.com.pl\/en\/wp-json\/wp\/v2\/product_cat?post=33817"},{"taxonomy":"product_tag","embeddable":true,"href":"https:\/\/rad-pal.com.pl\/en\/wp-json\/wp\/v2\/product_tag?post=33817"}],"curies":[{"name":"wp","href":"https:\/\/api.w.org\/{rel}","templated":true}]}}