{"id":33841,"date":"2026-02-19T16:44:32","date_gmt":"2026-02-19T15:44:32","guid":{"rendered":"https:\/\/rad-pal.com.pl\/sklep\/bez-kategorii\/ramka-na-zdjecie-relaxdays-22-x-15-cm\/"},"modified":"2026-02-19T17:29:18","modified_gmt":"2026-02-19T16:29:18","slug":"ramka-na-zdjecie-relaxdays-22-x-15-cm","status":"publish","type":"product","link":"https:\/\/rad-pal.com.pl\/en\/sklep\/dom-i-ogrod\/wyposazenie\/dekoracje-scienne\/ramki-do-zdjec\/ramka-na-zdjecie-relaxdays-22-x-15-cm\/","title":{"rendered":"Ramka na zdjecie Relaxdays 22 x 15 cm"},"content":{"rendered":"<section class=\"section\">\n<div class=\"item item-12\">\n<section class=\"text-item\">\n<h1>\u2733\ufe0fZosta\u0142y ostatnie sztuki, kup, zanim zabraknie!&#8221; \u2733\ufe0f<\/h1>\n<\/section><\/div>\n<\/section>\n<section class=\"section\">\n<div class=\"item item-6\">\n<section class=\"text-item\">\n<h2>\u2733\ufe0fDekoracyjne tabliczki na st\u00f3\u0142 w formacie A5<\/h2>\n<p>Zestaw 10 ramek na zdj\u0119cia do postawienia to praktyczne rozwi\u0105zanie do zastosowa\u0144 prywatnych i komercyjnych. Czy to jako stoj\u0105ca ramka na zdj\u0119cia w domu lub na uroczysto\u015bciach, czy te\u017c do prezentacji kart menu i materia\u0142\u00f3w reklamowych. Stojaki na zdj\u0119cia zachwycaj\u0105 dyskretnym designem wykonanym z przezroczystego akrylu. Stojaki na lad\u0119 oferuj\u0105 miejsce na zawarto\u015b\u0107 do formatu A5. Zawarto\u015b\u0107 ekspozytora sto\u0142owego mo\u017cna zmieni\u0107, po prostu wsuwaj\u0105c go z ty\u0142u.<\/p>\n<h2>\u2733\ufe0fWszechstronna ramka na zdj\u0119cia o nowoczesnym wygl\u0105dzie<\/h2>\n<ul>\n<li>\u27a1\ufe0fna zdj\u0119cia, kart\u0119 menu lub materia\u0142y reklamowe<\/li>\n<li>\u27a1\ufe0ftabliczki odpowiednie do u\u017cytku prywatnego i komercyjnego<\/li>\n<li>\u27a1\ufe0fmo\u017cliwo\u015b\u0107 wymiany zawarto\u015bci<\/li>\n<li>\u27a1\ufe0fwykonane z przezroczystego akrylu<\/li>\n<li>\u27a1\ufe0fstojaki ekspozycyjne s\u0105 odpowiednie dla rozmiar\u00f3w do DIN A5<\/li>\n<li>\u27a1\ufe0ffolia ochronna na p\u0142ycie i stojaku zapewnia transport bez zarysowa\u0144<\/li>\n<\/ul>\n<\/section><\/div>\n<div class=\"item item-6\">\n<section class=\"image-item\"><img decoding=\"async\" src=\"https:\/\/upload.cdn.baselinker.com\/products\/6014502\/bd4d0eaa99c766cf5ba967b7589c3283.jpg\" \/><\/section>\n<\/p><\/div>\n<\/section>\n<section class=\"section\">\n<div class=\"item item-12\">\n<section class=\"image-item\"><img decoding=\"async\" src=\"https:\/\/upload.cdn.baselinker.com\/products\/6014502\/deb6e3facf8e1a8fcdd0d76bf6d010ed.jpg\" \/><\/section>\n<\/p><\/div>\n<\/section>\n<section class=\"section\">\n<div class=\"item item-12\">\n<section class=\"text-item\">\n<p>Parametry uchwytu na zdj\u0119cia<\/p>\n<p>wymiary: ok. 22 x 15 x 7 cm (wys. x szer. x d\u0142.)<\/p>\n<p>odpowiedni format: DIN A5<\/p>\n<p>waga: ok. 280 g ka\u017cdy<\/p>\n<p>materia\u0142: akryl<\/p>\n<p>kolor: przezroczysty<\/p>\n<p>10x uchwyt na kart\u0119 menu<\/p>\n<p>bez dekoracji<\/p>\n<p>Sk\u0142ad Materia\u0142u<\/p>\n<p>100% tworzywo sztuczne<\/p>\n<\/section><\/div>\n<\/section>\n<section class=\"section\">\n<div class=\"item item-6\">\n<section class=\"image-item\"><img decoding=\"async\" src=\"https:\/\/upload.cdn.baselinker.com\/products\/6014502\/969bb864cde5bb38ee5006665191051a.jpg\" \/><\/section>\n<\/p><\/div>\n<div class=\"item item-6\">\n<section class=\"image-item\"><img decoding=\"async\" src=\"https:\/\/upload.cdn.baselinker.com\/products\/6014502\/f73861b9c440d2abb85d6590abe952b8.jpg\" \/><\/section>\n<\/p><\/div>\n<\/section>\n<section class=\"section\">\n<div class=\"item item-12\">\n<section class=\"text-item\">\n<p>12<\/p>\n<\/section><\/div>\n<\/section>","protected":false},"excerpt":{"rendered":"<p>\u2733\ufe0fZosta\u0142y ostatnie sztuki, kup, zanim zabraknie!&#8221; \u2733\ufe0f \u2733\ufe0fDekoracyjne tabliczki na st\u00f3\u0142 w formacie A5 Zestaw 10 ramek na zdj\u0119cia do<\/p>","protected":false},"featured_media":33837,"template":"","meta":[],"product_brand":[],"product_cat":[90,86,91,87],"product_tag":[],"class_list":{"0":"post-33841","1":"product","2":"type-product","3":"status-publish","4":"has-post-thumbnail","6":"product_cat-dekoracje-scienne","7":"product_cat-dom-i-ogrod","8":"product_cat-ramki-do-zdjec","9":"product_cat-wyposazenie","11":"first","12":"instock","13":"taxable","14":"shipping-taxable","15":"purchasable","16":"product-type-simple"},"yoast_head":"<!-- This site is optimized with the Yoast SEO plugin v25.7 - https:\/\/yoast.com\/wordpress\/plugins\/seo\/ -->\n<title>Ramka na zdjecie Relaxdays 22 x 15 cm - Rad-Pal<\/title>\n<meta name=\"robots\" content=\"index, follow, max-snippet:-1, max-image-preview:large, max-video-preview:-1\" \/>\n<link rel=\"canonical\" href=\"https:\/\/rad-pal.com.pl\/en\/sklep\/bez-kategorii\/ramka-na-zdjecie-relaxdays-22-x-15-cm\/\" \/>\n<meta property=\"og:locale\" content=\"en_GB\" \/>\n<meta property=\"og:type\" content=\"article\" \/>\n<meta property=\"og:title\" content=\"Ramka na zdjecie Relaxdays 22 x 15 cm - Rad-Pal\" \/>\n<meta property=\"og:description\" content=\"\u2733\ufe0fZosta\u0142y ostatnie sztuki, kup, zanim zabraknie!&#8221; \u2733\ufe0f \u2733\ufe0fDekoracyjne tabliczki na st\u00f3\u0142 w formacie A5 Zestaw 10 ramek na zdj\u0119cia do\" \/>\n<meta property=\"og:url\" content=\"https:\/\/rad-pal.com.pl\/en\/sklep\/bez-kategorii\/ramka-na-zdjecie-relaxdays-22-x-15-cm\/\" \/>\n<meta property=\"og:site_name\" content=\"Rad-Pal\" \/>\n<meta property=\"article:modified_time\" content=\"2026-02-19T16:29:18+00:00\" \/>\n<meta property=\"og:image\" content=\"https:\/\/upload.cdn.baselinker.com\/products\/6014502\/bd4d0eaa99c766cf5ba967b7589c3283.jpg\" \/>\n<meta name=\"twitter:card\" content=\"summary_large_image\" \/>\n<meta name=\"twitter:label1\" content=\"Estimated reading time\" \/>\n\t<meta name=\"twitter:data1\" content=\"1 minute\" \/>\n<script type=\"application\/ld+json\" class=\"yoast-schema-graph\">{\"@context\":\"https:\/\/schema.org\",\"@graph\":[{\"@type\":\"WebPage\",\"@id\":\"https:\/\/rad-pal.com.pl\/sklep\/bez-kategorii\/ramka-na-zdjecie-relaxdays-22-x-15-cm\/\",\"url\":\"https:\/\/rad-pal.com.pl\/sklep\/bez-kategorii\/ramka-na-zdjecie-relaxdays-22-x-15-cm\/\",\"name\":\"Ramka na zdjecie Relaxdays 22 x 15 cm - Rad-Pal\",\"isPartOf\":{\"@id\":\"https:\/\/rad-pal.com.pl\/#website\"},\"primaryImageOfPage\":{\"@id\":\"https:\/\/rad-pal.com.pl\/sklep\/bez-kategorii\/ramka-na-zdjecie-relaxdays-22-x-15-cm\/#primaryimage\"},\"image\":{\"@id\":\"https:\/\/rad-pal.com.pl\/sklep\/bez-kategorii\/ramka-na-zdjecie-relaxdays-22-x-15-cm\/#primaryimage\"},\"thumbnailUrl\":\"https:\/\/rad-pal.com.pl\/wp-content\/uploads\/2026\/02\/deb6e3facf8e1a8fcdd0d76bf6d010ed.jpg\",\"datePublished\":\"2026-02-19T15:44:32+00:00\",\"dateModified\":\"2026-02-19T16:29:18+00:00\",\"breadcrumb\":{\"@id\":\"https:\/\/rad-pal.com.pl\/sklep\/bez-kategorii\/ramka-na-zdjecie-relaxdays-22-x-15-cm\/#breadcrumb\"},\"inLanguage\":\"en-GB\",\"potentialAction\":[{\"@type\":\"ReadAction\",\"target\":[\"https:\/\/rad-pal.com.pl\/sklep\/bez-kategorii\/ramka-na-zdjecie-relaxdays-22-x-15-cm\/\"]}]},{\"@type\":\"ImageObject\",\"inLanguage\":\"en-GB\",\"@id\":\"https:\/\/rad-pal.com.pl\/sklep\/bez-kategorii\/ramka-na-zdjecie-relaxdays-22-x-15-cm\/#primaryimage\",\"url\":\"https:\/\/rad-pal.com.pl\/wp-content\/uploads\/2026\/02\/deb6e3facf8e1a8fcdd0d76bf6d010ed.jpg\",\"contentUrl\":\"https:\/\/rad-pal.com.pl\/wp-content\/uploads\/2026\/02\/deb6e3facf8e1a8fcdd0d76bf6d010ed.jpg\",\"width\":681,\"height\":681,\"caption\":\"12d3d2e88b124d3208dae6bef75ca20e\"},{\"@type\":\"BreadcrumbList\",\"@id\":\"https:\/\/rad-pal.com.pl\/sklep\/bez-kategorii\/ramka-na-zdjecie-relaxdays-22-x-15-cm\/#breadcrumb\",\"itemListElement\":[{\"@type\":\"ListItem\",\"position\":1,\"name\":\"Strona g\u0142\u00f3wna\",\"item\":\"https:\/\/rad-pal.com.pl\/\"},{\"@type\":\"ListItem\",\"position\":2,\"name\":\"Sklep\",\"item\":\"https:\/\/rad-pal.com.pl\/sklep\/\"},{\"@type\":\"ListItem\",\"position\":3,\"name\":\"Ramka na zdjecie Relaxdays 22 x 15 cm\"}]},{\"@type\":\"WebSite\",\"@id\":\"https:\/\/rad-pal.com.pl\/#website\",\"url\":\"https:\/\/rad-pal.com.pl\/\",\"name\":\"Rad-Pal\",\"description\":\"\",\"publisher\":{\"@id\":\"https:\/\/rad-pal.com.pl\/#organization\"},\"potentialAction\":[{\"@type\":\"SearchAction\",\"target\":{\"@type\":\"EntryPoint\",\"urlTemplate\":\"https:\/\/rad-pal.com.pl\/?s={search_term_string}\"},\"query-input\":{\"@type\":\"PropertyValueSpecification\",\"valueRequired\":true,\"valueName\":\"search_term_string\"}}],\"inLanguage\":\"en-GB\"},{\"@type\":\"Organization\",\"@id\":\"https:\/\/rad-pal.com.pl\/#organization\",\"name\":\"Rad-Pal\",\"url\":\"https:\/\/rad-pal.com.pl\/\",\"logo\":{\"@type\":\"ImageObject\",\"inLanguage\":\"en-GB\",\"@id\":\"https:\/\/rad-pal.com.pl\/#\/schema\/logo\/image\/\",\"url\":\"https:\/\/rad-pal.com.pl\/wp-content\/uploads\/2026\/03\/Projekt-bez-nazwy-30.webp\",\"contentUrl\":\"https:\/\/rad-pal.com.pl\/wp-content\/uploads\/2026\/03\/Projekt-bez-nazwy-30.webp\",\"width\":600,\"height\":210,\"caption\":\"Rad-Pal\"},\"image\":{\"@id\":\"https:\/\/rad-pal.com.pl\/#\/schema\/logo\/image\/\"}}]}<\/script>\n<!-- \/ Yoast SEO plugin. -->","yoast_head_json":{"title":"Ramka na zdjecie Relaxdays 22 x 15 cm - Rad-Pal","robots":{"index":"index","follow":"follow","max-snippet":"max-snippet:-1","max-image-preview":"max-image-preview:large","max-video-preview":"max-video-preview:-1"},"canonical":"https:\/\/rad-pal.com.pl\/en\/sklep\/bez-kategorii\/ramka-na-zdjecie-relaxdays-22-x-15-cm\/","og_locale":"en_GB","og_type":"article","og_title":"Ramka na zdjecie Relaxdays 22 x 15 cm - Rad-Pal","og_description":"\u2733\ufe0fZosta\u0142y ostatnie sztuki, kup, zanim zabraknie!&#8221; \u2733\ufe0f \u2733\ufe0fDekoracyjne tabliczki na st\u00f3\u0142 w formacie A5 Zestaw 10 ramek na zdj\u0119cia do","og_url":"https:\/\/rad-pal.com.pl\/en\/sklep\/bez-kategorii\/ramka-na-zdjecie-relaxdays-22-x-15-cm\/","og_site_name":"Rad-Pal","article_modified_time":"2026-02-19T16:29:18+00:00","og_image":[{"url":"https:\/\/upload.cdn.baselinker.com\/products\/6014502\/bd4d0eaa99c766cf5ba967b7589c3283.jpg","type":"","width":"","height":""}],"twitter_card":"summary_large_image","twitter_misc":{"Estimated reading time":"1 minute"},"schema":{"@context":"https:\/\/schema.org","@graph":[{"@type":"WebPage","@id":"https:\/\/rad-pal.com.pl\/sklep\/bez-kategorii\/ramka-na-zdjecie-relaxdays-22-x-15-cm\/","url":"https:\/\/rad-pal.com.pl\/sklep\/bez-kategorii\/ramka-na-zdjecie-relaxdays-22-x-15-cm\/","name":"Ramka na zdjecie Relaxdays 22 x 15 cm - Rad-Pal","isPartOf":{"@id":"https:\/\/rad-pal.com.pl\/#website"},"primaryImageOfPage":{"@id":"https:\/\/rad-pal.com.pl\/sklep\/bez-kategorii\/ramka-na-zdjecie-relaxdays-22-x-15-cm\/#primaryimage"},"image":{"@id":"https:\/\/rad-pal.com.pl\/sklep\/bez-kategorii\/ramka-na-zdjecie-relaxdays-22-x-15-cm\/#primaryimage"},"thumbnailUrl":"https:\/\/rad-pal.com.pl\/wp-content\/uploads\/2026\/02\/deb6e3facf8e1a8fcdd0d76bf6d010ed.jpg","datePublished":"2026-02-19T15:44:32+00:00","dateModified":"2026-02-19T16:29:18+00:00","breadcrumb":{"@id":"https:\/\/rad-pal.com.pl\/sklep\/bez-kategorii\/ramka-na-zdjecie-relaxdays-22-x-15-cm\/#breadcrumb"},"inLanguage":"en-GB","potentialAction":[{"@type":"ReadAction","target":["https:\/\/rad-pal.com.pl\/sklep\/bez-kategorii\/ramka-na-zdjecie-relaxdays-22-x-15-cm\/"]}]},{"@type":"ImageObject","inLanguage":"en-GB","@id":"https:\/\/rad-pal.com.pl\/sklep\/bez-kategorii\/ramka-na-zdjecie-relaxdays-22-x-15-cm\/#primaryimage","url":"https:\/\/rad-pal.com.pl\/wp-content\/uploads\/2026\/02\/deb6e3facf8e1a8fcdd0d76bf6d010ed.jpg","contentUrl":"https:\/\/rad-pal.com.pl\/wp-content\/uploads\/2026\/02\/deb6e3facf8e1a8fcdd0d76bf6d010ed.jpg","width":681,"height":681,"caption":"12d3d2e88b124d3208dae6bef75ca20e"},{"@type":"BreadcrumbList","@id":"https:\/\/rad-pal.com.pl\/sklep\/bez-kategorii\/ramka-na-zdjecie-relaxdays-22-x-15-cm\/#breadcrumb","itemListElement":[{"@type":"ListItem","position":1,"name":"Strona g\u0142\u00f3wna","item":"https:\/\/rad-pal.com.pl\/"},{"@type":"ListItem","position":2,"name":"Sklep","item":"https:\/\/rad-pal.com.pl\/sklep\/"},{"@type":"ListItem","position":3,"name":"Ramka na zdjecie Relaxdays 22 x 15 cm"}]},{"@type":"WebSite","@id":"https:\/\/rad-pal.com.pl\/#website","url":"https:\/\/rad-pal.com.pl\/","name":"Rad-Pal","description":"","publisher":{"@id":"https:\/\/rad-pal.com.pl\/#organization"},"potentialAction":[{"@type":"SearchAction","target":{"@type":"EntryPoint","urlTemplate":"https:\/\/rad-pal.com.pl\/?s={search_term_string}"},"query-input":{"@type":"PropertyValueSpecification","valueRequired":true,"valueName":"search_term_string"}}],"inLanguage":"en-GB"},{"@type":"Organization","@id":"https:\/\/rad-pal.com.pl\/#organization","name":"Rad-Pal","url":"https:\/\/rad-pal.com.pl\/","logo":{"@type":"ImageObject","inLanguage":"en-GB","@id":"https:\/\/rad-pal.com.pl\/#\/schema\/logo\/image\/","url":"https:\/\/rad-pal.com.pl\/wp-content\/uploads\/2026\/03\/Projekt-bez-nazwy-30.webp","contentUrl":"https:\/\/rad-pal.com.pl\/wp-content\/uploads\/2026\/03\/Projekt-bez-nazwy-30.webp","width":600,"height":210,"caption":"Rad-Pal"},"image":{"@id":"https:\/\/rad-pal.com.pl\/#\/schema\/logo\/image\/"}}]}},"_links":{"self":[{"href":"https:\/\/rad-pal.com.pl\/en\/wp-json\/wp\/v2\/product\/33841","targetHints":{"allow":["GET"]}}],"collection":[{"href":"https:\/\/rad-pal.com.pl\/en\/wp-json\/wp\/v2\/product"}],"about":[{"href":"https:\/\/rad-pal.com.pl\/en\/wp-json\/wp\/v2\/types\/product"}],"version-history":[{"count":0,"href":"https:\/\/rad-pal.com.pl\/en\/wp-json\/wp\/v2\/product\/33841\/revisions"}],"wp:featuredmedia":[{"embeddable":true,"href":"https:\/\/rad-pal.com.pl\/en\/wp-json\/wp\/v2\/media\/33837"}],"wp:attachment":[{"href":"https:\/\/rad-pal.com.pl\/en\/wp-json\/wp\/v2\/media?parent=33841"}],"wp:term":[{"taxonomy":"product_brand","embeddable":true,"href":"https:\/\/rad-pal.com.pl\/en\/wp-json\/wp\/v2\/product_brand?post=33841"},{"taxonomy":"product_cat","embeddable":true,"href":"https:\/\/rad-pal.com.pl\/en\/wp-json\/wp\/v2\/product_cat?post=33841"},{"taxonomy":"product_tag","embeddable":true,"href":"https:\/\/rad-pal.com.pl\/en\/wp-json\/wp\/v2\/product_tag?post=33841"}],"curies":[{"name":"wp","href":"https:\/\/api.w.org\/{rel}","templated":true}]}}