{"id":33936,"date":"2026-02-19T16:48:19","date_gmt":"2026-02-19T15:48:19","guid":{"rendered":"https:\/\/rad-pal.com.pl\/sklep\/bez-kategorii\/organizer-na-dokumenty-relaxdays-33-cm-x-6-cm-x-25-cm\/"},"modified":"2026-02-19T17:30:09","modified_gmt":"2026-02-19T16:30:09","slug":"organizer-na-dokumenty-relaxdays-33-cm-x-6-cm-x-25-cm","status":"publish","type":"product","link":"https:\/\/rad-pal.com.pl\/en\/sklep\/firma-i-uslugi\/biuro-i-reklama\/organizacja-dokumentow\/organizery-i-szuflady\/organizer-na-dokumenty-relaxdays-33-cm-x-6-cm-x-25-cm\/","title":{"rendered":"Organizer na dokumenty Relaxdays 33 cm x 6 cm x 25 cm"},"content":{"rendered":"<section class=\"section\">\n<div class=\"item item-12\">\n<section class=\"text-item\">\n<h1>\u2733\ufe0f LICZBA SZTUK OGRANICZONA \u2733\ufe0f<\/h1>\n<\/section><\/div>\n<\/section>\n<section class=\"section\">\n<div class=\"item item-6\">\n<section class=\"image-item\"><img decoding=\"async\" src=\"https:\/\/upload.cdn.baselinker.com\/products\/6014502\/024c21372125ce731c75b7a1718888b2.jpg\" \/><\/section>\n<\/p><\/div>\n<div class=\"item item-6\">\n<section class=\"text-item\">\n<h2>\u2733\ufe0fElegancka p\u00f3\u0142ka na dokumenty z bambusa<\/h2>\n<p>Nasz naturalny organizer sprawi, \u017ce wa\u017cne dokumenty na biurku zawsze b\u0119d\u0105 znajdowa\u0142y si\u0119 na swoim miejscu. Praktyczny stojak idealne nadaje si\u0119 do przechowywania list\u00f3w i notatek w formacie A4. P\u0142askie, bambusowe p\u00f3\u0142ki mo\u017cna bez problemu uk\u0142ada\u0107 jedna na drugiej. Zaokr\u0105glone kanty organizera na listy zdecydowanie zapewniaj\u0105 przejrzysto\u015b\u0107. Stojak na dokumenty \u015bwietnie sprawdzi si\u0119 w zar\u00f3wno w domu, jak i w biurze. Opr\u00f3cz tego mo\u017cna wykorzysta\u0107 go tak\u017ce do posortowania zeszyt\u00f3w szkolnych w pokoju dzieci\u0119cym.<\/p>\n<\/section><\/div>\n<\/section>\n<section class=\"section\">\n<div class=\"item item-6\">\n<section class=\"text-item\">\n<h2>\u2733\ufe0fPraktyczny organizer na biurko<\/h2>\n<ul>\n<li>\u27a1\ufe0fNa dokumenty i notatki w formacie A4<\/li>\n<li>\u27a1\ufe0fPojemnik do gabinetu, biura lub pokoju dla dzieci<\/li>\n<li>\u27a1\ufe0fIdealne rozwi\u0105zanie do sortowania dokument\u00f3w<\/li>\n<li>\u27a1\ufe0fPrzejrzyste przechowywanie wa\u017cnych rachunk\u00f3w<\/li>\n<li>\u27a1\ufe0fNaturalny design z przyjaznego dla \u015brodowiska drewna<\/li>\n<li>\u27a1\ufe0fDelikatnie zaokr\u0105glone kanty<\/li>\n<\/ul>\n<h2>\u2733\ufe0fW zestawie<\/h2>\n<ul>\n<li>\u27a1\ufe0f1 x organizer na dokumenty<\/li>\n<li>\u27a1\ufe0fbez dekoracji<\/li>\n<li>\u27a1\ufe0fzmontowany<\/li>\n<\/ul>\n<h2>\u2733\ufe0fBambusowy stojak na listy w szczeg\u00f3\u0142ach<\/h2>\n<ul>\n<li>\u27a1\ufe0fWymiary: ok. 6 x 25 x 33 cm (wys. x szer. x g\u0142\u0119b.)<\/li>\n<li>\u27a1\ufe0fWymiary wewn\u0119trzne: ok. 4 x 23 x 32 cm (wys. x szer. x g\u0142\u0119b.)<\/li>\n<li>\u27a1\ufe0fMateria\u0142: drewno bambusowe<\/li>\n<li>\u27a1\ufe0fKolor: naturalny<\/li>\n<li>\u27a1\ufe0fWaga: ok. 500 g<\/li>\n<\/ul>\n<\/section><\/div>\n<div class=\"item item-6\">\n<section class=\"image-item\"><img decoding=\"async\" src=\"https:\/\/upload.cdn.baselinker.com\/products\/6014502\/62bd8e9c8bec1a8d07e3d15020bb0be9.jpg\" \/><\/section>\n<\/p><\/div>\n<\/section>\n<section class=\"section\">\n<div class=\"item item-12\">\n<section class=\"text-item\">\n<p>11<\/p>\n<\/section><\/div>\n<\/section>","protected":false},"excerpt":{"rendered":"<p>\u2733\ufe0f LICZBA SZTUK OGRANICZONA \u2733\ufe0f \u2733\ufe0fElegancka p\u00f3\u0142ka na dokumenty z bambusa Nasz naturalny organizer sprawi, \u017ce wa\u017cne dokumenty na biurku<\/p>","protected":false},"featured_media":33928,"template":"","meta":[],"product_brand":[],"product_cat":[127,126,156,157],"product_tag":[],"class_list":{"0":"post-33936","1":"product","2":"type-product","3":"status-publish","4":"has-post-thumbnail","6":"product_cat-biuro-i-reklama","7":"product_cat-firma-i-uslugi","8":"product_cat-organizacja-dokumentow","9":"product_cat-organizery-i-szuflady","11":"first","12":"instock","13":"taxable","14":"shipping-taxable","15":"purchasable","16":"product-type-simple"},"yoast_head":"<!-- This site is optimized with the Yoast SEO plugin v25.7 - https:\/\/yoast.com\/wordpress\/plugins\/seo\/ -->\n<title>Organizer na dokumenty Relaxdays 33 cm x 6 cm x 25 cm - Rad-Pal<\/title>\n<meta name=\"robots\" content=\"index, follow, max-snippet:-1, max-image-preview:large, max-video-preview:-1\" \/>\n<link rel=\"canonical\" href=\"https:\/\/rad-pal.com.pl\/en\/sklep\/bez-kategorii\/organizer-na-dokumenty-relaxdays-33-cm-x-6-cm-x-25-cm\/\" \/>\n<meta property=\"og:locale\" content=\"en_GB\" \/>\n<meta property=\"og:type\" content=\"article\" \/>\n<meta property=\"og:title\" content=\"Organizer na dokumenty Relaxdays 33 cm x 6 cm x 25 cm - Rad-Pal\" \/>\n<meta property=\"og:description\" content=\"\u2733\ufe0f LICZBA SZTUK OGRANICZONA \u2733\ufe0f \u2733\ufe0fElegancka p\u00f3\u0142ka na dokumenty z bambusa Nasz naturalny organizer sprawi, \u017ce wa\u017cne dokumenty na biurku\" \/>\n<meta property=\"og:url\" content=\"https:\/\/rad-pal.com.pl\/en\/sklep\/bez-kategorii\/organizer-na-dokumenty-relaxdays-33-cm-x-6-cm-x-25-cm\/\" \/>\n<meta property=\"og:site_name\" content=\"Rad-Pal\" \/>\n<meta property=\"article:modified_time\" content=\"2026-02-19T16:30:09+00:00\" \/>\n<meta property=\"og:image\" content=\"https:\/\/upload.cdn.baselinker.com\/products\/6014502\/024c21372125ce731c75b7a1718888b2.jpg\" \/>\n<meta name=\"twitter:card\" content=\"summary_large_image\" \/>\n<meta name=\"twitter:label1\" content=\"Estimated reading time\" \/>\n\t<meta name=\"twitter:data1\" content=\"1 minute\" \/>\n<script type=\"application\/ld+json\" class=\"yoast-schema-graph\">{\"@context\":\"https:\/\/schema.org\",\"@graph\":[{\"@type\":\"WebPage\",\"@id\":\"https:\/\/rad-pal.com.pl\/sklep\/bez-kategorii\/organizer-na-dokumenty-relaxdays-33-cm-x-6-cm-x-25-cm\/\",\"url\":\"https:\/\/rad-pal.com.pl\/sklep\/bez-kategorii\/organizer-na-dokumenty-relaxdays-33-cm-x-6-cm-x-25-cm\/\",\"name\":\"Organizer na dokumenty Relaxdays 33 cm x 6 cm x 25 cm - Rad-Pal\",\"isPartOf\":{\"@id\":\"https:\/\/rad-pal.com.pl\/#website\"},\"primaryImageOfPage\":{\"@id\":\"https:\/\/rad-pal.com.pl\/sklep\/bez-kategorii\/organizer-na-dokumenty-relaxdays-33-cm-x-6-cm-x-25-cm\/#primaryimage\"},\"image\":{\"@id\":\"https:\/\/rad-pal.com.pl\/sklep\/bez-kategorii\/organizer-na-dokumenty-relaxdays-33-cm-x-6-cm-x-25-cm\/#primaryimage\"},\"thumbnailUrl\":\"https:\/\/rad-pal.com.pl\/wp-content\/uploads\/2026\/02\/024c21372125ce731c75b7a1718888b2.jpg\",\"datePublished\":\"2026-02-19T15:48:19+00:00\",\"dateModified\":\"2026-02-19T16:30:09+00:00\",\"breadcrumb\":{\"@id\":\"https:\/\/rad-pal.com.pl\/sklep\/bez-kategorii\/organizer-na-dokumenty-relaxdays-33-cm-x-6-cm-x-25-cm\/#breadcrumb\"},\"inLanguage\":\"en-GB\",\"potentialAction\":[{\"@type\":\"ReadAction\",\"target\":[\"https:\/\/rad-pal.com.pl\/sklep\/bez-kategorii\/organizer-na-dokumenty-relaxdays-33-cm-x-6-cm-x-25-cm\/\"]}]},{\"@type\":\"ImageObject\",\"inLanguage\":\"en-GB\",\"@id\":\"https:\/\/rad-pal.com.pl\/sklep\/bez-kategorii\/organizer-na-dokumenty-relaxdays-33-cm-x-6-cm-x-25-cm\/#primaryimage\",\"url\":\"https:\/\/rad-pal.com.pl\/wp-content\/uploads\/2026\/02\/024c21372125ce731c75b7a1718888b2.jpg\",\"contentUrl\":\"https:\/\/rad-pal.com.pl\/wp-content\/uploads\/2026\/02\/024c21372125ce731c75b7a1718888b2.jpg\",\"width\":1500,\"height\":521,\"caption\":\"52fd2929589e0ba16a5a4c41aecc3845\"},{\"@type\":\"BreadcrumbList\",\"@id\":\"https:\/\/rad-pal.com.pl\/sklep\/bez-kategorii\/organizer-na-dokumenty-relaxdays-33-cm-x-6-cm-x-25-cm\/#breadcrumb\",\"itemListElement\":[{\"@type\":\"ListItem\",\"position\":1,\"name\":\"Strona g\u0142\u00f3wna\",\"item\":\"https:\/\/rad-pal.com.pl\/\"},{\"@type\":\"ListItem\",\"position\":2,\"name\":\"Sklep\",\"item\":\"https:\/\/rad-pal.com.pl\/sklep\/\"},{\"@type\":\"ListItem\",\"position\":3,\"name\":\"Organizer na dokumenty Relaxdays 33 cm x 6 cm x 25 cm\"}]},{\"@type\":\"WebSite\",\"@id\":\"https:\/\/rad-pal.com.pl\/#website\",\"url\":\"https:\/\/rad-pal.com.pl\/\",\"name\":\"Rad-Pal\",\"description\":\"\",\"publisher\":{\"@id\":\"https:\/\/rad-pal.com.pl\/#organization\"},\"potentialAction\":[{\"@type\":\"SearchAction\",\"target\":{\"@type\":\"EntryPoint\",\"urlTemplate\":\"https:\/\/rad-pal.com.pl\/?s={search_term_string}\"},\"query-input\":{\"@type\":\"PropertyValueSpecification\",\"valueRequired\":true,\"valueName\":\"search_term_string\"}}],\"inLanguage\":\"en-GB\"},{\"@type\":\"Organization\",\"@id\":\"https:\/\/rad-pal.com.pl\/#organization\",\"name\":\"Rad-Pal\",\"url\":\"https:\/\/rad-pal.com.pl\/\",\"logo\":{\"@type\":\"ImageObject\",\"inLanguage\":\"en-GB\",\"@id\":\"https:\/\/rad-pal.com.pl\/#\/schema\/logo\/image\/\",\"url\":\"https:\/\/rad-pal.com.pl\/wp-content\/uploads\/2026\/03\/Projekt-bez-nazwy-30.webp\",\"contentUrl\":\"https:\/\/rad-pal.com.pl\/wp-content\/uploads\/2026\/03\/Projekt-bez-nazwy-30.webp\",\"width\":600,\"height\":210,\"caption\":\"Rad-Pal\"},\"image\":{\"@id\":\"https:\/\/rad-pal.com.pl\/#\/schema\/logo\/image\/\"}}]}<\/script>\n<!-- \/ Yoast SEO plugin. -->","yoast_head_json":{"title":"Organizer na dokumenty Relaxdays 33 cm x 6 cm x 25 cm - Rad-Pal","robots":{"index":"index","follow":"follow","max-snippet":"max-snippet:-1","max-image-preview":"max-image-preview:large","max-video-preview":"max-video-preview:-1"},"canonical":"https:\/\/rad-pal.com.pl\/en\/sklep\/bez-kategorii\/organizer-na-dokumenty-relaxdays-33-cm-x-6-cm-x-25-cm\/","og_locale":"en_GB","og_type":"article","og_title":"Organizer na dokumenty Relaxdays 33 cm x 6 cm x 25 cm - Rad-Pal","og_description":"\u2733\ufe0f LICZBA SZTUK OGRANICZONA \u2733\ufe0f \u2733\ufe0fElegancka p\u00f3\u0142ka na dokumenty z bambusa Nasz naturalny organizer sprawi, \u017ce wa\u017cne dokumenty na biurku","og_url":"https:\/\/rad-pal.com.pl\/en\/sklep\/bez-kategorii\/organizer-na-dokumenty-relaxdays-33-cm-x-6-cm-x-25-cm\/","og_site_name":"Rad-Pal","article_modified_time":"2026-02-19T16:30:09+00:00","og_image":[{"url":"https:\/\/upload.cdn.baselinker.com\/products\/6014502\/024c21372125ce731c75b7a1718888b2.jpg","type":"","width":"","height":""}],"twitter_card":"summary_large_image","twitter_misc":{"Estimated reading time":"1 minute"},"schema":{"@context":"https:\/\/schema.org","@graph":[{"@type":"WebPage","@id":"https:\/\/rad-pal.com.pl\/sklep\/bez-kategorii\/organizer-na-dokumenty-relaxdays-33-cm-x-6-cm-x-25-cm\/","url":"https:\/\/rad-pal.com.pl\/sklep\/bez-kategorii\/organizer-na-dokumenty-relaxdays-33-cm-x-6-cm-x-25-cm\/","name":"Organizer na dokumenty Relaxdays 33 cm x 6 cm x 25 cm - Rad-Pal","isPartOf":{"@id":"https:\/\/rad-pal.com.pl\/#website"},"primaryImageOfPage":{"@id":"https:\/\/rad-pal.com.pl\/sklep\/bez-kategorii\/organizer-na-dokumenty-relaxdays-33-cm-x-6-cm-x-25-cm\/#primaryimage"},"image":{"@id":"https:\/\/rad-pal.com.pl\/sklep\/bez-kategorii\/organizer-na-dokumenty-relaxdays-33-cm-x-6-cm-x-25-cm\/#primaryimage"},"thumbnailUrl":"https:\/\/rad-pal.com.pl\/wp-content\/uploads\/2026\/02\/024c21372125ce731c75b7a1718888b2.jpg","datePublished":"2026-02-19T15:48:19+00:00","dateModified":"2026-02-19T16:30:09+00:00","breadcrumb":{"@id":"https:\/\/rad-pal.com.pl\/sklep\/bez-kategorii\/organizer-na-dokumenty-relaxdays-33-cm-x-6-cm-x-25-cm\/#breadcrumb"},"inLanguage":"en-GB","potentialAction":[{"@type":"ReadAction","target":["https:\/\/rad-pal.com.pl\/sklep\/bez-kategorii\/organizer-na-dokumenty-relaxdays-33-cm-x-6-cm-x-25-cm\/"]}]},{"@type":"ImageObject","inLanguage":"en-GB","@id":"https:\/\/rad-pal.com.pl\/sklep\/bez-kategorii\/organizer-na-dokumenty-relaxdays-33-cm-x-6-cm-x-25-cm\/#primaryimage","url":"https:\/\/rad-pal.com.pl\/wp-content\/uploads\/2026\/02\/024c21372125ce731c75b7a1718888b2.jpg","contentUrl":"https:\/\/rad-pal.com.pl\/wp-content\/uploads\/2026\/02\/024c21372125ce731c75b7a1718888b2.jpg","width":1500,"height":521,"caption":"52fd2929589e0ba16a5a4c41aecc3845"},{"@type":"BreadcrumbList","@id":"https:\/\/rad-pal.com.pl\/sklep\/bez-kategorii\/organizer-na-dokumenty-relaxdays-33-cm-x-6-cm-x-25-cm\/#breadcrumb","itemListElement":[{"@type":"ListItem","position":1,"name":"Strona g\u0142\u00f3wna","item":"https:\/\/rad-pal.com.pl\/"},{"@type":"ListItem","position":2,"name":"Sklep","item":"https:\/\/rad-pal.com.pl\/sklep\/"},{"@type":"ListItem","position":3,"name":"Organizer na dokumenty Relaxdays 33 cm x 6 cm x 25 cm"}]},{"@type":"WebSite","@id":"https:\/\/rad-pal.com.pl\/#website","url":"https:\/\/rad-pal.com.pl\/","name":"Rad-Pal","description":"","publisher":{"@id":"https:\/\/rad-pal.com.pl\/#organization"},"potentialAction":[{"@type":"SearchAction","target":{"@type":"EntryPoint","urlTemplate":"https:\/\/rad-pal.com.pl\/?s={search_term_string}"},"query-input":{"@type":"PropertyValueSpecification","valueRequired":true,"valueName":"search_term_string"}}],"inLanguage":"en-GB"},{"@type":"Organization","@id":"https:\/\/rad-pal.com.pl\/#organization","name":"Rad-Pal","url":"https:\/\/rad-pal.com.pl\/","logo":{"@type":"ImageObject","inLanguage":"en-GB","@id":"https:\/\/rad-pal.com.pl\/#\/schema\/logo\/image\/","url":"https:\/\/rad-pal.com.pl\/wp-content\/uploads\/2026\/03\/Projekt-bez-nazwy-30.webp","contentUrl":"https:\/\/rad-pal.com.pl\/wp-content\/uploads\/2026\/03\/Projekt-bez-nazwy-30.webp","width":600,"height":210,"caption":"Rad-Pal"},"image":{"@id":"https:\/\/rad-pal.com.pl\/#\/schema\/logo\/image\/"}}]}},"_links":{"self":[{"href":"https:\/\/rad-pal.com.pl\/en\/wp-json\/wp\/v2\/product\/33936","targetHints":{"allow":["GET"]}}],"collection":[{"href":"https:\/\/rad-pal.com.pl\/en\/wp-json\/wp\/v2\/product"}],"about":[{"href":"https:\/\/rad-pal.com.pl\/en\/wp-json\/wp\/v2\/types\/product"}],"version-history":[{"count":0,"href":"https:\/\/rad-pal.com.pl\/en\/wp-json\/wp\/v2\/product\/33936\/revisions"}],"wp:featuredmedia":[{"embeddable":true,"href":"https:\/\/rad-pal.com.pl\/en\/wp-json\/wp\/v2\/media\/33928"}],"wp:attachment":[{"href":"https:\/\/rad-pal.com.pl\/en\/wp-json\/wp\/v2\/media?parent=33936"}],"wp:term":[{"taxonomy":"product_brand","embeddable":true,"href":"https:\/\/rad-pal.com.pl\/en\/wp-json\/wp\/v2\/product_brand?post=33936"},{"taxonomy":"product_cat","embeddable":true,"href":"https:\/\/rad-pal.com.pl\/en\/wp-json\/wp\/v2\/product_cat?post=33936"},{"taxonomy":"product_tag","embeddable":true,"href":"https:\/\/rad-pal.com.pl\/en\/wp-json\/wp\/v2\/product_tag?post=33936"}],"curies":[{"name":"wp","href":"https:\/\/api.w.org\/{rel}","templated":true}]}}