{"id":34093,"date":"2026-02-19T16:54:58","date_gmt":"2026-02-19T15:54:58","guid":{"rendered":"https:\/\/rad-pal.com.pl\/sklep\/bez-kategorii\/peleryna-przeciwdeszczowa-plaszcz-z-kapturem-poncho-uniwersalny-bezbarwny\/"},"modified":"2026-02-19T17:31:24","modified_gmt":"2026-02-19T16:31:24","slug":"peleryna-przeciwdeszczowa-plaszcz-z-kapturem-poncho-uniwersalny-bezbarwny","status":"publish","type":"product","link":"https:\/\/rad-pal.com.pl\/en\/sklep\/sport-i-turystyka\/turystyka\/odziez\/peleryny-poncha\/peleryna-przeciwdeszczowa-plaszcz-z-kapturem-poncho-uniwersalny-bezbarwny\/","title":{"rendered":"Peleryna przeciwdeszczowa P\u0142aszcz z kapturem poncho uniwersalny bezbarwny"},"content":{"rendered":"<section class=\"section\">\n<div class=\"item item-6\">\n<section class=\"image-item\"><img decoding=\"async\" src=\"https:\/\/upload.cdn.baselinker.com\/products\/6014502\/a99e79f1804546a7cc0db5ae950a6155.jpg\" \/><\/section>\n<\/p><\/div>\n<div class=\"item item-6\">\n<section class=\"text-item\">\n<h1>\u2764\ufe0fP\u0141ASZCZ PRZECIWDESZCZOWY<\/h1>\n<h1>\u2764\ufe0fZ KAPTUREM POW\u0141OKA 1szt<\/h1>\n<p>Niezale\u017cnie od tego, czy na kempingu, na festiwalu lub podczas w\u0119dr\u00f3wki:&nbsp;<b>wsz\u0119dzie mo\u017cesz z\u0142apa\u0107 nag\u0142y deszcz<\/b>. W takim przypadku jeste\u015b doskonale wyposa\u017cony w ponczo przeciwdeszczowe <b>w zestawie 10 sztuk<\/b>. W przeciwie\u0144stwie do parasoli lub nawet dodatkowej odzie\u017cy przeciwdeszczowej, <b>czapki przeciwdeszczowe w ma\u0142ych opakowaniach zajmuj\u0105 bardzo ma\u0142o miejsca w torbie<\/b>. Nie zauwa\u017cysz, \u017ce masz je przy sobie. <b>Dzi\u0119ki wbudowanemu kapturowi skutecznie chroni r\u00f3wnie\u017c Twoje w\u0142osy i g\u0142ow\u0119.<\/b><\/p>\n<h2>Ochrona przed deszczem dla m\u0119\u017cczyzn i kobiet.<\/h2>\n<p><b>\u2b50 Transport za pomoc\u0105 work\u00f3w zajmuj\u0105cych niewiele miejsca<\/b><\/p>\n<p><b>\u2b50 Kaptur na such\u0105 g\u0142ow\u0119.<\/b><\/p>\n<p><b>\u2b50 Bardzo niska waga.<\/b><\/p>\n<\/section><\/div>\n<\/section>\n<section class=\"section\">\n<div class=\"item item-6\">\n<section class=\"image-item\"><img decoding=\"async\" src=\"https:\/\/upload.cdn.baselinker.com\/products\/6014502\/99aea6ad06f17c97bec836f19911508a.jpg\" \/><\/section>\n<\/p><\/div>\n<div class=\"item item-6\">\n<section class=\"text-item\">\n<h1>Zalety produktu:<\/h1>\n<p>\u2705 <b>Chroni przed deszczem<\/b> \u2013 idealna na ka\u017cd\u0105 pogodow\u0105 niespodziank\u0119<\/p>\n<p>\u2705 <b>Z kapturem<\/b> \u2013 Twoje w\u0142osy i g\u0142owa pozostan\u0105 suche<\/p>\n<p>\u2705 <b>Lekka i kompaktowa<\/b> \u2013 zajmuje bardzo ma\u0142o miejsca<\/p>\n<p>\u2705 <b>Uniseks<\/b> \u2013 odpowiednia dla kobiet i m\u0119\u017cczyzn<\/p>\n<p>\u2705 <b>Wygodna w u\u017cyciu<\/b> \u2013 szybko si\u0119 zak\u0142ada i zdejmuje<\/p>\n<p><b>\u2705 Szczeg\u00f3\u0142y:<\/b><\/p>\n<p>\u2714\ufe0f Twoje w\u0142osy pozostaj\u0105 suche dzi\u0119ki kapturowi \u2013<\/p>\n<p>\u2714\ufe0f Ochrona przed wilgoci\u0105 z kr\u00f3tkimi r\u0119kawami<\/p>\n<p>\u2714\ufe0f ok.&nbsp;<b>95 cm d\u0142ugo\u015bci<\/b><\/p>\n<\/section><\/div>\n<\/section>\n<section class=\"section\">\n<div class=\"item item-6\">\n<section class=\"image-item\"><img decoding=\"async\" src=\"https:\/\/upload.cdn.baselinker.com\/products\/6014502\/5fd8a0098adcab6ba23480e887791138.jpg\" \/><\/section>\n<\/p><\/div>\n<div class=\"item item-6\">\n<section class=\"text-item\">\n<h1>Ponczo przeciwdeszczowe, zestaw 1 szt.:<\/h1>\n<p><b>\u2b50<\/b>&nbsp;Wymiary (bez kaptura) wys. x szer.: ok. 95 x 120 cm.<\/p>\n<p><b>\u2b50<\/b> Wymiary kaptura: wys. x szer.: ok. 28 x 30 cm.<\/p>\n<p><b>\u2b50<\/b> Materia\u0142: PE (polietylen)<\/p>\n<p>\u2b50 Waga poncza: ok. 20 g.<\/p>\n<p>\u2b50 1szt peleryna przeciwdeszczowa<\/p>\n<\/section><\/div>\n<\/section>","protected":false},"excerpt":{"rendered":"<p>\u2764\ufe0fP\u0141ASZCZ PRZECIWDESZCZOWY \u2764\ufe0fZ KAPTUREM POW\u0141OKA 1szt Niezale\u017cnie od tego, czy na kempingu, na festiwalu lub podczas w\u0119dr\u00f3wki:&nbsp;wsz\u0119dzie mo\u017cesz z\u0142apa\u0107 nag\u0142y<\/p>","protected":false},"featured_media":34085,"template":"","meta":[],"product_brand":[],"product_cat":[475,476,76,77],"product_tag":[],"class_list":{"0":"post-34093","1":"product","2":"type-product","3":"status-publish","4":"has-post-thumbnail","6":"product_cat-odziez","7":"product_cat-peleryny-poncha","8":"product_cat-sport-i-turystyka","9":"product_cat-turystyka","11":"first","12":"instock","13":"taxable","14":"shipping-taxable","15":"purchasable","16":"product-type-simple"},"yoast_head":"<!-- This site is optimized with the Yoast SEO plugin v25.7 - https:\/\/yoast.com\/wordpress\/plugins\/seo\/ -->\n<title>Peleryna przeciwdeszczowa P\u0142aszcz z kapturem poncho uniwersalny bezbarwny - Rad-Pal<\/title>\n<meta name=\"robots\" content=\"index, follow, max-snippet:-1, max-image-preview:large, max-video-preview:-1\" \/>\n<link rel=\"canonical\" href=\"https:\/\/rad-pal.com.pl\/en\/sklep\/bez-kategorii\/peleryna-przeciwdeszczowa-plaszcz-z-kapturem-poncho-uniwersalny-bezbarwny\/\" \/>\n<meta property=\"og:locale\" content=\"en_GB\" \/>\n<meta property=\"og:type\" content=\"article\" \/>\n<meta property=\"og:title\" content=\"Peleryna przeciwdeszczowa P\u0142aszcz z kapturem poncho uniwersalny bezbarwny - Rad-Pal\" \/>\n<meta property=\"og:description\" content=\"\u2764\ufe0fP\u0141ASZCZ PRZECIWDESZCZOWY \u2764\ufe0fZ KAPTUREM POW\u0141OKA 1szt Niezale\u017cnie od tego, czy na kempingu, na festiwalu lub podczas w\u0119dr\u00f3wki:&nbsp;wsz\u0119dzie mo\u017cesz z\u0142apa\u0107 nag\u0142y\" \/>\n<meta property=\"og:url\" content=\"https:\/\/rad-pal.com.pl\/en\/sklep\/bez-kategorii\/peleryna-przeciwdeszczowa-plaszcz-z-kapturem-poncho-uniwersalny-bezbarwny\/\" \/>\n<meta property=\"og:site_name\" content=\"Rad-Pal\" \/>\n<meta property=\"article:modified_time\" content=\"2026-02-19T16:31:24+00:00\" \/>\n<meta property=\"og:image\" content=\"https:\/\/upload.cdn.baselinker.com\/products\/6014502\/a99e79f1804546a7cc0db5ae950a6155.jpg\" \/>\n<meta name=\"twitter:card\" content=\"summary_large_image\" \/>\n<meta name=\"twitter:label1\" content=\"Estimated reading time\" \/>\n\t<meta name=\"twitter:data1\" content=\"1 minute\" \/>\n<script type=\"application\/ld+json\" class=\"yoast-schema-graph\">{\"@context\":\"https:\/\/schema.org\",\"@graph\":[{\"@type\":\"WebPage\",\"@id\":\"https:\/\/rad-pal.com.pl\/sklep\/bez-kategorii\/peleryna-przeciwdeszczowa-plaszcz-z-kapturem-poncho-uniwersalny-bezbarwny\/\",\"url\":\"https:\/\/rad-pal.com.pl\/sklep\/bez-kategorii\/peleryna-przeciwdeszczowa-plaszcz-z-kapturem-poncho-uniwersalny-bezbarwny\/\",\"name\":\"Peleryna przeciwdeszczowa P\u0142aszcz z kapturem poncho uniwersalny bezbarwny - Rad-Pal\",\"isPartOf\":{\"@id\":\"https:\/\/rad-pal.com.pl\/#website\"},\"primaryImageOfPage\":{\"@id\":\"https:\/\/rad-pal.com.pl\/sklep\/bez-kategorii\/peleryna-przeciwdeszczowa-plaszcz-z-kapturem-poncho-uniwersalny-bezbarwny\/#primaryimage\"},\"image\":{\"@id\":\"https:\/\/rad-pal.com.pl\/sklep\/bez-kategorii\/peleryna-przeciwdeszczowa-plaszcz-z-kapturem-poncho-uniwersalny-bezbarwny\/#primaryimage\"},\"thumbnailUrl\":\"https:\/\/rad-pal.com.pl\/wp-content\/uploads\/2026\/02\/9c7a9e0480ae33e9f84c8ca8565a3114.jpg\",\"datePublished\":\"2026-02-19T15:54:58+00:00\",\"dateModified\":\"2026-02-19T16:31:24+00:00\",\"breadcrumb\":{\"@id\":\"https:\/\/rad-pal.com.pl\/sklep\/bez-kategorii\/peleryna-przeciwdeszczowa-plaszcz-z-kapturem-poncho-uniwersalny-bezbarwny\/#breadcrumb\"},\"inLanguage\":\"en-GB\",\"potentialAction\":[{\"@type\":\"ReadAction\",\"target\":[\"https:\/\/rad-pal.com.pl\/sklep\/bez-kategorii\/peleryna-przeciwdeszczowa-plaszcz-z-kapturem-poncho-uniwersalny-bezbarwny\/\"]}]},{\"@type\":\"ImageObject\",\"inLanguage\":\"en-GB\",\"@id\":\"https:\/\/rad-pal.com.pl\/sklep\/bez-kategorii\/peleryna-przeciwdeszczowa-plaszcz-z-kapturem-poncho-uniwersalny-bezbarwny\/#primaryimage\",\"url\":\"https:\/\/rad-pal.com.pl\/wp-content\/uploads\/2026\/02\/9c7a9e0480ae33e9f84c8ca8565a3114.jpg\",\"contentUrl\":\"https:\/\/rad-pal.com.pl\/wp-content\/uploads\/2026\/02\/9c7a9e0480ae33e9f84c8ca8565a3114.jpg\",\"width\":681,\"height\":681,\"caption\":\"b6ccb35b52f8468e9d78f83ce54e5f52\"},{\"@type\":\"BreadcrumbList\",\"@id\":\"https:\/\/rad-pal.com.pl\/sklep\/bez-kategorii\/peleryna-przeciwdeszczowa-plaszcz-z-kapturem-poncho-uniwersalny-bezbarwny\/#breadcrumb\",\"itemListElement\":[{\"@type\":\"ListItem\",\"position\":1,\"name\":\"Strona g\u0142\u00f3wna\",\"item\":\"https:\/\/rad-pal.com.pl\/\"},{\"@type\":\"ListItem\",\"position\":2,\"name\":\"Sklep\",\"item\":\"https:\/\/rad-pal.com.pl\/sklep\/\"},{\"@type\":\"ListItem\",\"position\":3,\"name\":\"Peleryna przeciwdeszczowa P\u0142aszcz z kapturem poncho uniwersalny bezbarwny\"}]},{\"@type\":\"WebSite\",\"@id\":\"https:\/\/rad-pal.com.pl\/#website\",\"url\":\"https:\/\/rad-pal.com.pl\/\",\"name\":\"Rad-Pal\",\"description\":\"\",\"publisher\":{\"@id\":\"https:\/\/rad-pal.com.pl\/#organization\"},\"potentialAction\":[{\"@type\":\"SearchAction\",\"target\":{\"@type\":\"EntryPoint\",\"urlTemplate\":\"https:\/\/rad-pal.com.pl\/?s={search_term_string}\"},\"query-input\":{\"@type\":\"PropertyValueSpecification\",\"valueRequired\":true,\"valueName\":\"search_term_string\"}}],\"inLanguage\":\"en-GB\"},{\"@type\":\"Organization\",\"@id\":\"https:\/\/rad-pal.com.pl\/#organization\",\"name\":\"Rad-Pal\",\"url\":\"https:\/\/rad-pal.com.pl\/\",\"logo\":{\"@type\":\"ImageObject\",\"inLanguage\":\"en-GB\",\"@id\":\"https:\/\/rad-pal.com.pl\/#\/schema\/logo\/image\/\",\"url\":\"https:\/\/rad-pal.com.pl\/wp-content\/uploads\/2026\/03\/Projekt-bez-nazwy-30.webp\",\"contentUrl\":\"https:\/\/rad-pal.com.pl\/wp-content\/uploads\/2026\/03\/Projekt-bez-nazwy-30.webp\",\"width\":600,\"height\":210,\"caption\":\"Rad-Pal\"},\"image\":{\"@id\":\"https:\/\/rad-pal.com.pl\/#\/schema\/logo\/image\/\"}}]}<\/script>\n<!-- \/ Yoast SEO plugin. -->","yoast_head_json":{"title":"Peleryna przeciwdeszczowa P\u0142aszcz z kapturem poncho uniwersalny bezbarwny - Rad-Pal","robots":{"index":"index","follow":"follow","max-snippet":"max-snippet:-1","max-image-preview":"max-image-preview:large","max-video-preview":"max-video-preview:-1"},"canonical":"https:\/\/rad-pal.com.pl\/en\/sklep\/bez-kategorii\/peleryna-przeciwdeszczowa-plaszcz-z-kapturem-poncho-uniwersalny-bezbarwny\/","og_locale":"en_GB","og_type":"article","og_title":"Peleryna przeciwdeszczowa P\u0142aszcz z kapturem poncho uniwersalny bezbarwny - Rad-Pal","og_description":"\u2764\ufe0fP\u0141ASZCZ PRZECIWDESZCZOWY \u2764\ufe0fZ KAPTUREM POW\u0141OKA 1szt Niezale\u017cnie od tego, czy na kempingu, na festiwalu lub podczas w\u0119dr\u00f3wki:&nbsp;wsz\u0119dzie mo\u017cesz z\u0142apa\u0107 nag\u0142y","og_url":"https:\/\/rad-pal.com.pl\/en\/sklep\/bez-kategorii\/peleryna-przeciwdeszczowa-plaszcz-z-kapturem-poncho-uniwersalny-bezbarwny\/","og_site_name":"Rad-Pal","article_modified_time":"2026-02-19T16:31:24+00:00","og_image":[{"url":"https:\/\/upload.cdn.baselinker.com\/products\/6014502\/a99e79f1804546a7cc0db5ae950a6155.jpg","type":"","width":"","height":""}],"twitter_card":"summary_large_image","twitter_misc":{"Estimated reading time":"1 minute"},"schema":{"@context":"https:\/\/schema.org","@graph":[{"@type":"WebPage","@id":"https:\/\/rad-pal.com.pl\/sklep\/bez-kategorii\/peleryna-przeciwdeszczowa-plaszcz-z-kapturem-poncho-uniwersalny-bezbarwny\/","url":"https:\/\/rad-pal.com.pl\/sklep\/bez-kategorii\/peleryna-przeciwdeszczowa-plaszcz-z-kapturem-poncho-uniwersalny-bezbarwny\/","name":"Peleryna przeciwdeszczowa P\u0142aszcz z kapturem poncho uniwersalny bezbarwny - Rad-Pal","isPartOf":{"@id":"https:\/\/rad-pal.com.pl\/#website"},"primaryImageOfPage":{"@id":"https:\/\/rad-pal.com.pl\/sklep\/bez-kategorii\/peleryna-przeciwdeszczowa-plaszcz-z-kapturem-poncho-uniwersalny-bezbarwny\/#primaryimage"},"image":{"@id":"https:\/\/rad-pal.com.pl\/sklep\/bez-kategorii\/peleryna-przeciwdeszczowa-plaszcz-z-kapturem-poncho-uniwersalny-bezbarwny\/#primaryimage"},"thumbnailUrl":"https:\/\/rad-pal.com.pl\/wp-content\/uploads\/2026\/02\/9c7a9e0480ae33e9f84c8ca8565a3114.jpg","datePublished":"2026-02-19T15:54:58+00:00","dateModified":"2026-02-19T16:31:24+00:00","breadcrumb":{"@id":"https:\/\/rad-pal.com.pl\/sklep\/bez-kategorii\/peleryna-przeciwdeszczowa-plaszcz-z-kapturem-poncho-uniwersalny-bezbarwny\/#breadcrumb"},"inLanguage":"en-GB","potentialAction":[{"@type":"ReadAction","target":["https:\/\/rad-pal.com.pl\/sklep\/bez-kategorii\/peleryna-przeciwdeszczowa-plaszcz-z-kapturem-poncho-uniwersalny-bezbarwny\/"]}]},{"@type":"ImageObject","inLanguage":"en-GB","@id":"https:\/\/rad-pal.com.pl\/sklep\/bez-kategorii\/peleryna-przeciwdeszczowa-plaszcz-z-kapturem-poncho-uniwersalny-bezbarwny\/#primaryimage","url":"https:\/\/rad-pal.com.pl\/wp-content\/uploads\/2026\/02\/9c7a9e0480ae33e9f84c8ca8565a3114.jpg","contentUrl":"https:\/\/rad-pal.com.pl\/wp-content\/uploads\/2026\/02\/9c7a9e0480ae33e9f84c8ca8565a3114.jpg","width":681,"height":681,"caption":"b6ccb35b52f8468e9d78f83ce54e5f52"},{"@type":"BreadcrumbList","@id":"https:\/\/rad-pal.com.pl\/sklep\/bez-kategorii\/peleryna-przeciwdeszczowa-plaszcz-z-kapturem-poncho-uniwersalny-bezbarwny\/#breadcrumb","itemListElement":[{"@type":"ListItem","position":1,"name":"Strona g\u0142\u00f3wna","item":"https:\/\/rad-pal.com.pl\/"},{"@type":"ListItem","position":2,"name":"Sklep","item":"https:\/\/rad-pal.com.pl\/sklep\/"},{"@type":"ListItem","position":3,"name":"Peleryna przeciwdeszczowa P\u0142aszcz z kapturem poncho uniwersalny bezbarwny"}]},{"@type":"WebSite","@id":"https:\/\/rad-pal.com.pl\/#website","url":"https:\/\/rad-pal.com.pl\/","name":"Rad-Pal","description":"","publisher":{"@id":"https:\/\/rad-pal.com.pl\/#organization"},"potentialAction":[{"@type":"SearchAction","target":{"@type":"EntryPoint","urlTemplate":"https:\/\/rad-pal.com.pl\/?s={search_term_string}"},"query-input":{"@type":"PropertyValueSpecification","valueRequired":true,"valueName":"search_term_string"}}],"inLanguage":"en-GB"},{"@type":"Organization","@id":"https:\/\/rad-pal.com.pl\/#organization","name":"Rad-Pal","url":"https:\/\/rad-pal.com.pl\/","logo":{"@type":"ImageObject","inLanguage":"en-GB","@id":"https:\/\/rad-pal.com.pl\/#\/schema\/logo\/image\/","url":"https:\/\/rad-pal.com.pl\/wp-content\/uploads\/2026\/03\/Projekt-bez-nazwy-30.webp","contentUrl":"https:\/\/rad-pal.com.pl\/wp-content\/uploads\/2026\/03\/Projekt-bez-nazwy-30.webp","width":600,"height":210,"caption":"Rad-Pal"},"image":{"@id":"https:\/\/rad-pal.com.pl\/#\/schema\/logo\/image\/"}}]}},"_links":{"self":[{"href":"https:\/\/rad-pal.com.pl\/en\/wp-json\/wp\/v2\/product\/34093","targetHints":{"allow":["GET"]}}],"collection":[{"href":"https:\/\/rad-pal.com.pl\/en\/wp-json\/wp\/v2\/product"}],"about":[{"href":"https:\/\/rad-pal.com.pl\/en\/wp-json\/wp\/v2\/types\/product"}],"version-history":[{"count":0,"href":"https:\/\/rad-pal.com.pl\/en\/wp-json\/wp\/v2\/product\/34093\/revisions"}],"wp:featuredmedia":[{"embeddable":true,"href":"https:\/\/rad-pal.com.pl\/en\/wp-json\/wp\/v2\/media\/34085"}],"wp:attachment":[{"href":"https:\/\/rad-pal.com.pl\/en\/wp-json\/wp\/v2\/media?parent=34093"}],"wp:term":[{"taxonomy":"product_brand","embeddable":true,"href":"https:\/\/rad-pal.com.pl\/en\/wp-json\/wp\/v2\/product_brand?post=34093"},{"taxonomy":"product_cat","embeddable":true,"href":"https:\/\/rad-pal.com.pl\/en\/wp-json\/wp\/v2\/product_cat?post=34093"},{"taxonomy":"product_tag","embeddable":true,"href":"https:\/\/rad-pal.com.pl\/en\/wp-json\/wp\/v2\/product_tag?post=34093"}],"curies":[{"name":"wp","href":"https:\/\/api.w.org\/{rel}","templated":true}]}}