{"id":34278,"date":"2026-02-19T17:04:03","date_gmt":"2026-02-19T16:04:03","guid":{"rendered":"https:\/\/rad-pal.com.pl\/sklep\/bez-kategorii\/pufa-tapicerowana-relaxdays-wielokolorowy\/"},"modified":"2026-02-19T17:32:48","modified_gmt":"2026-02-19T16:32:48","slug":"pufa-tapicerowana-relaxdays-wielokolorowy","status":"publish","type":"product","link":"https:\/\/rad-pal.com.pl\/en\/sklep\/dom-i-ogrod\/meble\/salon\/pufy\/pufa-tapicerowana-relaxdays-wielokolorowy\/","title":{"rendered":"Pufa tapicerowana Relaxdays wielokolorowy"},"content":{"rendered":"<section class=\"section\">\n<div class=\"item item-6\">\n<section class=\"image-item\"><img decoding=\"async\" src=\"https:\/\/upload.cdn.baselinker.com\/products\/6014502\/dd1eabadff97013f20292f8d568f8014.jpg\" \/><\/section>\n<\/p><\/div>\n<div class=\"item item-6\">\n<section class=\"text-item\">\n<h1>Relaxdays Aksamitny taboret z miejscem do przechowywania, taca w pokrywie, z drewnianymi nogami, prostok\u0105tny taboret do siedzenia, wys. x szer. x g\u0142. 38 x 38 cm, jasnoszary<\/h1>\n<h2>Producent: relaxdays<\/h2>\n<\/section><\/div>\n<\/section>\n<section class=\"section\">\n<div class=\"item item-6\">\n<section class=\"text-item\">\n<ul>\n<li>Kwadratowy: tapicerowany taboret do siedzenia z mi\u0119kkim aksamitnym obiciem w kolorze jasnoszarym \u2013 wys. x szer. x g\u0142.: ok. 35 x 38 x 38 cm<\/li>\n<li>Z miejscem do przechowywania: Aksamitny taboret ze zdejmowan\u0105 pokryw\u0105 \u2013 wewn\u0105trz koce, czasopisma i wiele innych. Przechowywanie<\/li>\n<li>Z tac\u0105: Wielofunkcyjna kostka do siedzenia &#8211; dwustronna pokrywa z wbudowan\u0105 tac\u0105 o wygl\u0105dzie drewna<\/li>\n<li>Wszechstronno\u015b\u0107: Niezale\u017cnie od tego, czy jako taboret do siedzenia, taboret dostawiany lub podn\u00f3\u017cek \u2013 tapicerowany taboret jest wszechstronnym<\/li>\n<li>Nowoczesny: Taboret tapicerowany nadaje stylowy akcent w korytarzu, salonie, sypialni i innych pomieszczeniach<\/li>\n<\/ul>\n<\/section><\/div>\n<div class=\"item item-6\">\n<section class=\"image-item\"><img decoding=\"async\" src=\"https:\/\/upload.cdn.baselinker.com\/products\/6014502\/94027852e316035b7d8210b01ee72eb1.jpg\" \/><\/section>\n<\/p><\/div>\n<\/section>\n<section class=\"section\">\n<div class=\"item item-12\">\n<section class=\"text-item\">\n<ul>\n<li><b>zawarte komponenty<\/b>: 1 x taboret w wybranym kolorze<\/li>\n<li><b>waga przedmiotu<\/b>: 2.88 kilograms<\/li>\n<li><b>punkt znaku wypunktowania<\/b>: Kwadratowy: tapicerowany taboret do siedzenia z mi\u0119kkim aksamitnym obiciem w kolorze jasnoszarym \u2013 wys. x szer. x g\u0142.: ok. 35 x 38 x 38 cm, Z miejscem do przechowywania: Aksamitny taboret ze zdejmowan\u0105 pokryw\u0105 \u2013 wewn\u0105trz koce, czasopisma i wiele innych. Przechowywanie, Z tac\u0105: Wielofunkcyjna kostka do siedzenia &#8211; dwustronna pokrywa z wbudowan\u0105 tac\u0105 o wygl\u0105dzie drewna, Wszechstronno\u015b\u0107: Niezale\u017cnie od tego, czy jako taboret do siedzenia, taboret dostawiany lub podn\u00f3\u017cek \u2013 tapicerowany taboret jest wszechstronnym, Nowoczesny: Taboret tapicerowany nadaje stylowy akcent w korytarzu, salonie, sypialni i innych pomieszczeniach<\/li>\n<li><b>ilo\u015b\u0107 sztuk w opakowaniu<\/b>: 1<\/li>\n<li><b>marka<\/b>: Relaxdays<\/li>\n<li><b>zalecane maksymalne obci\u0105\u017cenie<\/b>: 80 kilograms<\/li>\n<li><b>poziom opakowania<\/b>: unit<\/li>\n<li><b>rodzaj tkaniny<\/b>: Samt<\/li>\n<li><b>Liczba przedmiot\u00f3w<\/b>: 1<\/li>\n<li><b>rozmiar<\/b>: 35 x 38 x 38 cm<\/li>\n<li><b>kolor<\/b>: jasnoszary<\/li>\n<li><b>nazwa typu elementu<\/b>: Relaxdays Taboret aksamitny z miejscem do przechowywania, taca w pokrywie, z drewnianymi nogami, prostok\u0105tny taboret, wys. x szer. x g\u0142. 35 x 38 cm, jasnoszary<\/li>\n<li><b>waga opakowania przedmiotu<\/b>: 3.16 kilograms<\/li>\n<li><b>producent<\/b>: relaxdays<\/li>\n<li><b>typ bazowy<\/b>: Nogi<\/li>\n<li><b>zewn\u0119trznie przypisany identyfikator produktu<\/b>: 4052025887391<\/li>\n<li><b>kszta\u0142t przedmiotu<\/b>: Kwadrat<\/li>\n<li><b>zalecane w\u0119z\u0142y przegl\u0105dania<\/b>: 26969024031, 20853025031<\/li>\n<li><b>nazwa przedmiotu<\/b>: Relaxdays Aksamitny taboret z miejscem do przechowywania, taca w pokrywie, z drewnianymi nogami, prostok\u0105tny taboret do siedzenia, wys. x szer. x g\u0142. 38 x 38 cm, jasnoszary<\/li>\n<li><b>data uruchomienia strony produktu<\/b>: 2021-11-11T09:34:15.439Z<\/li>\n<li><b>wymagany jest monta\u017c<\/b>: 1<\/li>\n<\/ul>\n<\/section><\/div>\n<\/section>\n<section class=\"section\">\n<div class=\"item item-6\">\n<section class=\"image-item\"><img decoding=\"async\" src=\"https:\/\/upload.cdn.baselinker.com\/products\/6014502\/c54c1437bfa669e6dc91b7423bf91b23.jpg\" \/><\/section>\n<\/p><\/div>\n<div class=\"item item-6\">\n<section class=\"image-item\"><img decoding=\"async\" src=\"https:\/\/upload.cdn.baselinker.com\/products\/6014502\/7a48b330847702370d492d3aaf4eb168.jpg\" \/><\/section>\n<\/p><\/div>\n<\/section>\n<section class=\"section\">\n<div class=\"item item-6\">\n<section class=\"image-item\"><img decoding=\"async\" src=\"https:\/\/upload.cdn.baselinker.com\/products\/6014502\/c299095182ca3b49a1c2bea5bd24f527.jpg\" \/><\/section>\n<\/p><\/div>\n<div class=\"item item-6\">\n<section class=\"image-item\"><img decoding=\"async\" src=\"https:\/\/upload.cdn.baselinker.com\/products\/6014502\/bc3dbb4d725491805aa4018184f5f5ed.jpg\" \/><\/section>\n<\/p><\/div>\n<\/section>\n<section class=\"section\">\n<div class=\"item item-6\">\n<section class=\"image-item\"><img decoding=\"async\" src=\"https:\/\/upload.cdn.baselinker.com\/products\/6014502\/915aa1799c76203cbf1f7a50f08e2723.jpg\" \/><\/section>\n<\/p><\/div>\n<div class=\"item item-6\">\n<section class=\"image-item\"><img decoding=\"async\" src=\"https:\/\/upload.cdn.baselinker.com\/products\/6014502\/91145d7b00ed5863344e8803625eca26.jpg\" \/><\/section>\n<\/p><\/div>\n<\/section>\n<section class=\"section\">\n<div class=\"item item-12\">\n<section class=\"text-item\">\n<p>9<\/p>\n<\/section><\/div>\n<\/section>","protected":false},"excerpt":{"rendered":"<p>Relaxdays Aksamitny taboret z miejscem do przechowywania, taca w pokrywie, z drewnianymi nogami, prostok\u0105tny taboret do siedzenia, wys. x szer.<\/p>","protected":false},"featured_media":34269,"template":"","meta":[],"product_brand":[],"product_cat":[86,94,416,95],"product_tag":[],"class_list":{"0":"post-34278","1":"product","2":"type-product","3":"status-publish","4":"has-post-thumbnail","6":"product_cat-dom-i-ogrod","7":"product_cat-meble","8":"product_cat-pufy","9":"product_cat-salon","11":"first","12":"instock","13":"taxable","14":"shipping-taxable","15":"purchasable","16":"product-type-simple"},"yoast_head":"<!-- This site is optimized with the Yoast SEO plugin v25.7 - https:\/\/yoast.com\/wordpress\/plugins\/seo\/ -->\n<title>Pufa tapicerowana Relaxdays wielokolorowy - Rad-Pal<\/title>\n<meta name=\"robots\" content=\"index, follow, max-snippet:-1, max-image-preview:large, max-video-preview:-1\" \/>\n<link rel=\"canonical\" href=\"https:\/\/rad-pal.com.pl\/en\/sklep\/bez-kategorii\/pufa-tapicerowana-relaxdays-wielokolorowy\/\" \/>\n<meta property=\"og:locale\" content=\"en_GB\" \/>\n<meta property=\"og:type\" content=\"article\" \/>\n<meta property=\"og:title\" content=\"Pufa tapicerowana Relaxdays wielokolorowy - Rad-Pal\" \/>\n<meta property=\"og:description\" content=\"Relaxdays Aksamitny taboret z miejscem do przechowywania, taca w pokrywie, z drewnianymi nogami, prostok\u0105tny taboret do siedzenia, wys. x szer.\" \/>\n<meta property=\"og:url\" content=\"https:\/\/rad-pal.com.pl\/en\/sklep\/bez-kategorii\/pufa-tapicerowana-relaxdays-wielokolorowy\/\" \/>\n<meta property=\"og:site_name\" content=\"Rad-Pal\" \/>\n<meta property=\"article:modified_time\" content=\"2026-02-19T16:32:48+00:00\" \/>\n<meta property=\"og:image\" content=\"https:\/\/upload.cdn.baselinker.com\/products\/6014502\/dd1eabadff97013f20292f8d568f8014.jpg\" \/>\n<meta name=\"twitter:card\" content=\"summary_large_image\" \/>\n<meta name=\"twitter:label1\" content=\"Estimated reading time\" \/>\n\t<meta name=\"twitter:data1\" content=\"2 minutes\" \/>\n<script type=\"application\/ld+json\" class=\"yoast-schema-graph\">{\"@context\":\"https:\/\/schema.org\",\"@graph\":[{\"@type\":\"WebPage\",\"@id\":\"https:\/\/rad-pal.com.pl\/sklep\/bez-kategorii\/pufa-tapicerowana-relaxdays-wielokolorowy\/\",\"url\":\"https:\/\/rad-pal.com.pl\/sklep\/bez-kategorii\/pufa-tapicerowana-relaxdays-wielokolorowy\/\",\"name\":\"Pufa tapicerowana Relaxdays wielokolorowy - Rad-Pal\",\"isPartOf\":{\"@id\":\"https:\/\/rad-pal.com.pl\/#website\"},\"primaryImageOfPage\":{\"@id\":\"https:\/\/rad-pal.com.pl\/sklep\/bez-kategorii\/pufa-tapicerowana-relaxdays-wielokolorowy\/#primaryimage\"},\"image\":{\"@id\":\"https:\/\/rad-pal.com.pl\/sklep\/bez-kategorii\/pufa-tapicerowana-relaxdays-wielokolorowy\/#primaryimage\"},\"thumbnailUrl\":\"https:\/\/rad-pal.com.pl\/wp-content\/uploads\/2026\/02\/dd1eabadff97013f20292f8d568f8014.jpg\",\"datePublished\":\"2026-02-19T16:04:03+00:00\",\"dateModified\":\"2026-02-19T16:32:48+00:00\",\"breadcrumb\":{\"@id\":\"https:\/\/rad-pal.com.pl\/sklep\/bez-kategorii\/pufa-tapicerowana-relaxdays-wielokolorowy\/#breadcrumb\"},\"inLanguage\":\"en-GB\",\"potentialAction\":[{\"@type\":\"ReadAction\",\"target\":[\"https:\/\/rad-pal.com.pl\/sklep\/bez-kategorii\/pufa-tapicerowana-relaxdays-wielokolorowy\/\"]}]},{\"@type\":\"ImageObject\",\"inLanguage\":\"en-GB\",\"@id\":\"https:\/\/rad-pal.com.pl\/sklep\/bez-kategorii\/pufa-tapicerowana-relaxdays-wielokolorowy\/#primaryimage\",\"url\":\"https:\/\/rad-pal.com.pl\/wp-content\/uploads\/2026\/02\/dd1eabadff97013f20292f8d568f8014.jpg\",\"contentUrl\":\"https:\/\/rad-pal.com.pl\/wp-content\/uploads\/2026\/02\/dd1eabadff97013f20292f8d568f8014.jpg\",\"width\":2525,\"height\":2525,\"caption\":\"2d3609a87767c5c182bfbf5c19431346\"},{\"@type\":\"BreadcrumbList\",\"@id\":\"https:\/\/rad-pal.com.pl\/sklep\/bez-kategorii\/pufa-tapicerowana-relaxdays-wielokolorowy\/#breadcrumb\",\"itemListElement\":[{\"@type\":\"ListItem\",\"position\":1,\"name\":\"Strona g\u0142\u00f3wna\",\"item\":\"https:\/\/rad-pal.com.pl\/\"},{\"@type\":\"ListItem\",\"position\":2,\"name\":\"Sklep\",\"item\":\"https:\/\/rad-pal.com.pl\/sklep\/\"},{\"@type\":\"ListItem\",\"position\":3,\"name\":\"Pufa tapicerowana Relaxdays wielokolorowy\"}]},{\"@type\":\"WebSite\",\"@id\":\"https:\/\/rad-pal.com.pl\/#website\",\"url\":\"https:\/\/rad-pal.com.pl\/\",\"name\":\"Rad-Pal\",\"description\":\"\",\"publisher\":{\"@id\":\"https:\/\/rad-pal.com.pl\/#organization\"},\"potentialAction\":[{\"@type\":\"SearchAction\",\"target\":{\"@type\":\"EntryPoint\",\"urlTemplate\":\"https:\/\/rad-pal.com.pl\/?s={search_term_string}\"},\"query-input\":{\"@type\":\"PropertyValueSpecification\",\"valueRequired\":true,\"valueName\":\"search_term_string\"}}],\"inLanguage\":\"en-GB\"},{\"@type\":\"Organization\",\"@id\":\"https:\/\/rad-pal.com.pl\/#organization\",\"name\":\"Rad-Pal\",\"url\":\"https:\/\/rad-pal.com.pl\/\",\"logo\":{\"@type\":\"ImageObject\",\"inLanguage\":\"en-GB\",\"@id\":\"https:\/\/rad-pal.com.pl\/#\/schema\/logo\/image\/\",\"url\":\"https:\/\/rad-pal.com.pl\/wp-content\/uploads\/2026\/03\/Projekt-bez-nazwy-30.webp\",\"contentUrl\":\"https:\/\/rad-pal.com.pl\/wp-content\/uploads\/2026\/03\/Projekt-bez-nazwy-30.webp\",\"width\":600,\"height\":210,\"caption\":\"Rad-Pal\"},\"image\":{\"@id\":\"https:\/\/rad-pal.com.pl\/#\/schema\/logo\/image\/\"}}]}<\/script>\n<!-- \/ Yoast SEO plugin. -->","yoast_head_json":{"title":"Pufa tapicerowana Relaxdays wielokolorowy - Rad-Pal","robots":{"index":"index","follow":"follow","max-snippet":"max-snippet:-1","max-image-preview":"max-image-preview:large","max-video-preview":"max-video-preview:-1"},"canonical":"https:\/\/rad-pal.com.pl\/en\/sklep\/bez-kategorii\/pufa-tapicerowana-relaxdays-wielokolorowy\/","og_locale":"en_GB","og_type":"article","og_title":"Pufa tapicerowana Relaxdays wielokolorowy - Rad-Pal","og_description":"Relaxdays Aksamitny taboret z miejscem do przechowywania, taca w pokrywie, z drewnianymi nogami, prostok\u0105tny taboret do siedzenia, wys. x szer.","og_url":"https:\/\/rad-pal.com.pl\/en\/sklep\/bez-kategorii\/pufa-tapicerowana-relaxdays-wielokolorowy\/","og_site_name":"Rad-Pal","article_modified_time":"2026-02-19T16:32:48+00:00","og_image":[{"url":"https:\/\/upload.cdn.baselinker.com\/products\/6014502\/dd1eabadff97013f20292f8d568f8014.jpg","type":"","width":"","height":""}],"twitter_card":"summary_large_image","twitter_misc":{"Estimated reading time":"2 minutes"},"schema":{"@context":"https:\/\/schema.org","@graph":[{"@type":"WebPage","@id":"https:\/\/rad-pal.com.pl\/sklep\/bez-kategorii\/pufa-tapicerowana-relaxdays-wielokolorowy\/","url":"https:\/\/rad-pal.com.pl\/sklep\/bez-kategorii\/pufa-tapicerowana-relaxdays-wielokolorowy\/","name":"Pufa tapicerowana Relaxdays wielokolorowy - Rad-Pal","isPartOf":{"@id":"https:\/\/rad-pal.com.pl\/#website"},"primaryImageOfPage":{"@id":"https:\/\/rad-pal.com.pl\/sklep\/bez-kategorii\/pufa-tapicerowana-relaxdays-wielokolorowy\/#primaryimage"},"image":{"@id":"https:\/\/rad-pal.com.pl\/sklep\/bez-kategorii\/pufa-tapicerowana-relaxdays-wielokolorowy\/#primaryimage"},"thumbnailUrl":"https:\/\/rad-pal.com.pl\/wp-content\/uploads\/2026\/02\/dd1eabadff97013f20292f8d568f8014.jpg","datePublished":"2026-02-19T16:04:03+00:00","dateModified":"2026-02-19T16:32:48+00:00","breadcrumb":{"@id":"https:\/\/rad-pal.com.pl\/sklep\/bez-kategorii\/pufa-tapicerowana-relaxdays-wielokolorowy\/#breadcrumb"},"inLanguage":"en-GB","potentialAction":[{"@type":"ReadAction","target":["https:\/\/rad-pal.com.pl\/sklep\/bez-kategorii\/pufa-tapicerowana-relaxdays-wielokolorowy\/"]}]},{"@type":"ImageObject","inLanguage":"en-GB","@id":"https:\/\/rad-pal.com.pl\/sklep\/bez-kategorii\/pufa-tapicerowana-relaxdays-wielokolorowy\/#primaryimage","url":"https:\/\/rad-pal.com.pl\/wp-content\/uploads\/2026\/02\/dd1eabadff97013f20292f8d568f8014.jpg","contentUrl":"https:\/\/rad-pal.com.pl\/wp-content\/uploads\/2026\/02\/dd1eabadff97013f20292f8d568f8014.jpg","width":2525,"height":2525,"caption":"2d3609a87767c5c182bfbf5c19431346"},{"@type":"BreadcrumbList","@id":"https:\/\/rad-pal.com.pl\/sklep\/bez-kategorii\/pufa-tapicerowana-relaxdays-wielokolorowy\/#breadcrumb","itemListElement":[{"@type":"ListItem","position":1,"name":"Strona g\u0142\u00f3wna","item":"https:\/\/rad-pal.com.pl\/"},{"@type":"ListItem","position":2,"name":"Sklep","item":"https:\/\/rad-pal.com.pl\/sklep\/"},{"@type":"ListItem","position":3,"name":"Pufa tapicerowana Relaxdays wielokolorowy"}]},{"@type":"WebSite","@id":"https:\/\/rad-pal.com.pl\/#website","url":"https:\/\/rad-pal.com.pl\/","name":"Rad-Pal","description":"","publisher":{"@id":"https:\/\/rad-pal.com.pl\/#organization"},"potentialAction":[{"@type":"SearchAction","target":{"@type":"EntryPoint","urlTemplate":"https:\/\/rad-pal.com.pl\/?s={search_term_string}"},"query-input":{"@type":"PropertyValueSpecification","valueRequired":true,"valueName":"search_term_string"}}],"inLanguage":"en-GB"},{"@type":"Organization","@id":"https:\/\/rad-pal.com.pl\/#organization","name":"Rad-Pal","url":"https:\/\/rad-pal.com.pl\/","logo":{"@type":"ImageObject","inLanguage":"en-GB","@id":"https:\/\/rad-pal.com.pl\/#\/schema\/logo\/image\/","url":"https:\/\/rad-pal.com.pl\/wp-content\/uploads\/2026\/03\/Projekt-bez-nazwy-30.webp","contentUrl":"https:\/\/rad-pal.com.pl\/wp-content\/uploads\/2026\/03\/Projekt-bez-nazwy-30.webp","width":600,"height":210,"caption":"Rad-Pal"},"image":{"@id":"https:\/\/rad-pal.com.pl\/#\/schema\/logo\/image\/"}}]}},"_links":{"self":[{"href":"https:\/\/rad-pal.com.pl\/en\/wp-json\/wp\/v2\/product\/34278","targetHints":{"allow":["GET"]}}],"collection":[{"href":"https:\/\/rad-pal.com.pl\/en\/wp-json\/wp\/v2\/product"}],"about":[{"href":"https:\/\/rad-pal.com.pl\/en\/wp-json\/wp\/v2\/types\/product"}],"version-history":[{"count":0,"href":"https:\/\/rad-pal.com.pl\/en\/wp-json\/wp\/v2\/product\/34278\/revisions"}],"wp:featuredmedia":[{"embeddable":true,"href":"https:\/\/rad-pal.com.pl\/en\/wp-json\/wp\/v2\/media\/34269"}],"wp:attachment":[{"href":"https:\/\/rad-pal.com.pl\/en\/wp-json\/wp\/v2\/media?parent=34278"}],"wp:term":[{"taxonomy":"product_brand","embeddable":true,"href":"https:\/\/rad-pal.com.pl\/en\/wp-json\/wp\/v2\/product_brand?post=34278"},{"taxonomy":"product_cat","embeddable":true,"href":"https:\/\/rad-pal.com.pl\/en\/wp-json\/wp\/v2\/product_cat?post=34278"},{"taxonomy":"product_tag","embeddable":true,"href":"https:\/\/rad-pal.com.pl\/en\/wp-json\/wp\/v2\/product_tag?post=34278"}],"curies":[{"name":"wp","href":"https:\/\/api.w.org\/{rel}","templated":true}]}}