{"id":34293,"date":"2026-02-19T17:04:37","date_gmt":"2026-02-19T16:04:37","guid":{"rendered":"https:\/\/rad-pal.com.pl\/sklep\/bez-kategorii\/koc-relaxdays-piknik-prostokatny-200-x-200-cm\/"},"modified":"2026-02-19T17:32:54","modified_gmt":"2026-02-19T16:32:54","slug":"koc-relaxdays-piknik-prostokatny-200-x-200-cm","status":"publish","type":"product","link":"https:\/\/rad-pal.com.pl\/en\/sklep\/sport-i-turystyka\/turystyka\/na-plaze\/na-piknik\/koce-piknikowe-maty\/koc-relaxdays-piknik-prostokatny-200-x-200-cm\/","title":{"rendered":"Koc Relaxdays Piknik prostok\u0105tny 200 x 200 cm"},"content":{"rendered":"<section class=\"section\">\n<div class=\"item item-6\">\n<section class=\"image-item\"><img decoding=\"async\" src=\"https:\/\/upload.cdn.baselinker.com\/products\/6014502\/96cae58d83bf1dc188de197e10791ad4.jpg\" \/><\/section>\n<\/p><\/div>\n<div class=\"item item-6\">\n<section class=\"text-item\">\n<h2>Sk\u0142adany koc w rozmiarze XXL na kemping lub piknik<\/h2>\n<p>Nasza mata z izolowanym spodem to idealne rozwi\u0105zanie na romantyczny piknik, biwak w lesie lub grilla w parku. Koc pla\u017cowy z mi\u0119ciutk\u0105 w dotyku powierzchni\u0105 z flauszu ochroni Ci\u0119 przed wilgoci\u0105 i zimnem. Aluminiowy sp\u00f3d maty w rozmiarze XXL sprawia, ze jest ona wodoodporna i zatrzymuje w sobie ciep\u0142o. Najwi\u0119kszym atutem koca piknikowego jest mo\u017cliwo\u015b\u0107 z\u0142o\u017cenia go na kszta\u0142t praktycznej torby z uchwytem.<\/p>\n<\/section><\/div>\n<\/section>\n<section class=\"section\">\n<div class=\"item item-6\">\n<section class=\"text-item\">\n<h2>Wodoodporny koc biwakowy z uchwytem<\/h2>\n<ul>\n<li>Mi\u0119ciutki flausz w bia\u0142o-szare paski<\/li>\n<li>Izolowany sp\u00f3d chroni przed zimnem i wilgoci\u0105<\/li>\n<li>Miejsce do siedzenia dla 6 os\u00f3b<\/li>\n<li>Mo\u017cliwo\u015b\u0107 z\u0142o\u017cenia<\/li>\n<li>W sam raz do parku i na pla\u017c\u0119<\/li>\n<\/ul>\n<h2>W zestawie<\/h2>\n<ul>\n<li>1x koc piknikowy<\/li>\n<li>bez dekoracji<\/li>\n<\/ul>\n<h2>Du\u017ca mata pla\u017cowa w szczeg\u00f3\u0142ach<\/h2>\n<ul>\n<li>Wymiary po roz\u0142o\u017ceniu: ok. 200 x 200 cm (szer. x g\u0142\u0119b.)<\/li>\n<li>Wymiary po z\u0142o\u017ceniu: ok. 15 x 40 x 25 cm (wys. x szer. x g\u0142\u0119b.)<\/li>\n<li>Grubo\u015b\u0107 materia\u0142u: ok. 0,5 cm<\/li>\n<li>Waga: ok 1 kg<\/li>\n<li>Materia\u0142y: poliester i aluminium<\/li>\n<li>Kolor i wz\u00f3r: bia\u0142o-szare paski<\/li>\n<\/ul>\n<\/section><\/div>\n<div class=\"item item-6\">\n<section class=\"image-item\"><img decoding=\"async\" src=\"https:\/\/upload.cdn.baselinker.com\/products\/6014502\/b570bb747cb830ad2de5d669579a27e1.jpg\" \/><\/section>\n<\/p><\/div>\n<\/section>\n<section class=\"section\">\n<div class=\"item item-12\">\n<section class=\"image-item\"><img decoding=\"async\" src=\"https:\/\/upload.cdn.baselinker.com\/products\/6014502\/6784f993b6787b1914abef7d635ad9d1.jpg\" \/><\/section>\n<\/p><\/div>\n<\/section>\n<section class=\"section\">\n<div class=\"item item-12\">\n<section class=\"image-item\"><img decoding=\"async\" src=\"https:\/\/upload.cdn.baselinker.com\/products\/6014502\/1ad2c897a3aa1e59806deef40af70b9c.jpg\" \/><\/section>\n<\/p><\/div>\n<\/section>\n<section class=\"section\">\n<div class=\"item item-12\">\n<section class=\"text-item\">\n<p>7<\/p>\n<\/section><\/div>\n<\/section>","protected":false},"excerpt":{"rendered":"<p>Sk\u0142adany koc w rozmiarze XXL na kemping lub piknik Nasza mata z izolowanym spodem to idealne rozwi\u0105zanie na romantyczny piknik,<\/p>","protected":false},"featured_media":34288,"template":"","meta":[],"product_brand":[],"product_cat":[366,365,364,76,77],"product_tag":[],"class_list":{"0":"post-34293","1":"product","2":"type-product","3":"status-publish","4":"has-post-thumbnail","6":"product_cat-koce-piknikowe-maty","7":"product_cat-na-piknik","8":"product_cat-na-plaze","9":"product_cat-sport-i-turystyka","10":"product_cat-turystyka","12":"first","13":"instock","14":"taxable","15":"shipping-taxable","16":"purchasable","17":"product-type-simple"},"yoast_head":"<!-- This site is optimized with the Yoast SEO plugin v25.7 - https:\/\/yoast.com\/wordpress\/plugins\/seo\/ -->\n<title>Koc Relaxdays Piknik prostok\u0105tny 200 x 200 cm - Rad-Pal<\/title>\n<meta name=\"robots\" content=\"index, follow, max-snippet:-1, max-image-preview:large, max-video-preview:-1\" \/>\n<link rel=\"canonical\" href=\"https:\/\/rad-pal.com.pl\/en\/sklep\/bez-kategorii\/koc-relaxdays-piknik-prostokatny-200-x-200-cm\/\" \/>\n<meta property=\"og:locale\" content=\"en_GB\" \/>\n<meta property=\"og:type\" content=\"article\" \/>\n<meta property=\"og:title\" content=\"Koc Relaxdays Piknik prostok\u0105tny 200 x 200 cm - Rad-Pal\" \/>\n<meta property=\"og:description\" content=\"Sk\u0142adany koc w rozmiarze XXL na kemping lub piknik Nasza mata z izolowanym spodem to idealne rozwi\u0105zanie na romantyczny piknik,\" \/>\n<meta property=\"og:url\" content=\"https:\/\/rad-pal.com.pl\/en\/sklep\/bez-kategorii\/koc-relaxdays-piknik-prostokatny-200-x-200-cm\/\" \/>\n<meta property=\"og:site_name\" content=\"Rad-Pal\" \/>\n<meta property=\"article:modified_time\" content=\"2026-02-19T16:32:54+00:00\" \/>\n<meta property=\"og:image\" content=\"https:\/\/upload.cdn.baselinker.com\/products\/6014502\/96cae58d83bf1dc188de197e10791ad4.jpg\" \/>\n<meta name=\"twitter:card\" content=\"summary_large_image\" \/>\n<meta name=\"twitter:label1\" content=\"Estimated reading time\" \/>\n\t<meta name=\"twitter:data1\" content=\"1 minute\" \/>\n<script type=\"application\/ld+json\" class=\"yoast-schema-graph\">{\"@context\":\"https:\/\/schema.org\",\"@graph\":[{\"@type\":\"WebPage\",\"@id\":\"https:\/\/rad-pal.com.pl\/sklep\/bez-kategorii\/koc-relaxdays-piknik-prostokatny-200-x-200-cm\/\",\"url\":\"https:\/\/rad-pal.com.pl\/sklep\/bez-kategorii\/koc-relaxdays-piknik-prostokatny-200-x-200-cm\/\",\"name\":\"Koc Relaxdays Piknik prostok\u0105tny 200 x 200 cm - Rad-Pal\",\"isPartOf\":{\"@id\":\"https:\/\/rad-pal.com.pl\/#website\"},\"primaryImageOfPage\":{\"@id\":\"https:\/\/rad-pal.com.pl\/sklep\/bez-kategorii\/koc-relaxdays-piknik-prostokatny-200-x-200-cm\/#primaryimage\"},\"image\":{\"@id\":\"https:\/\/rad-pal.com.pl\/sklep\/bez-kategorii\/koc-relaxdays-piknik-prostokatny-200-x-200-cm\/#primaryimage\"},\"thumbnailUrl\":\"https:\/\/rad-pal.com.pl\/wp-content\/uploads\/2026\/02\/96cae58d83bf1dc188de197e10791ad4.jpg\",\"datePublished\":\"2026-02-19T16:04:37+00:00\",\"dateModified\":\"2026-02-19T16:32:54+00:00\",\"breadcrumb\":{\"@id\":\"https:\/\/rad-pal.com.pl\/sklep\/bez-kategorii\/koc-relaxdays-piknik-prostokatny-200-x-200-cm\/#breadcrumb\"},\"inLanguage\":\"en-GB\",\"potentialAction\":[{\"@type\":\"ReadAction\",\"target\":[\"https:\/\/rad-pal.com.pl\/sklep\/bez-kategorii\/koc-relaxdays-piknik-prostokatny-200-x-200-cm\/\"]}]},{\"@type\":\"ImageObject\",\"inLanguage\":\"en-GB\",\"@id\":\"https:\/\/rad-pal.com.pl\/sklep\/bez-kategorii\/koc-relaxdays-piknik-prostokatny-200-x-200-cm\/#primaryimage\",\"url\":\"https:\/\/rad-pal.com.pl\/wp-content\/uploads\/2026\/02\/96cae58d83bf1dc188de197e10791ad4.jpg\",\"contentUrl\":\"https:\/\/rad-pal.com.pl\/wp-content\/uploads\/2026\/02\/96cae58d83bf1dc188de197e10791ad4.jpg\",\"width\":2048,\"height\":2048,\"caption\":\"09a81ba7f8a4aa149a82f6befa978aee\"},{\"@type\":\"BreadcrumbList\",\"@id\":\"https:\/\/rad-pal.com.pl\/sklep\/bez-kategorii\/koc-relaxdays-piknik-prostokatny-200-x-200-cm\/#breadcrumb\",\"itemListElement\":[{\"@type\":\"ListItem\",\"position\":1,\"name\":\"Strona g\u0142\u00f3wna\",\"item\":\"https:\/\/rad-pal.com.pl\/\"},{\"@type\":\"ListItem\",\"position\":2,\"name\":\"Sklep\",\"item\":\"https:\/\/rad-pal.com.pl\/sklep\/\"},{\"@type\":\"ListItem\",\"position\":3,\"name\":\"Koc Relaxdays Piknik prostok\u0105tny 200 x 200 cm\"}]},{\"@type\":\"WebSite\",\"@id\":\"https:\/\/rad-pal.com.pl\/#website\",\"url\":\"https:\/\/rad-pal.com.pl\/\",\"name\":\"Rad-Pal\",\"description\":\"\",\"publisher\":{\"@id\":\"https:\/\/rad-pal.com.pl\/#organization\"},\"potentialAction\":[{\"@type\":\"SearchAction\",\"target\":{\"@type\":\"EntryPoint\",\"urlTemplate\":\"https:\/\/rad-pal.com.pl\/?s={search_term_string}\"},\"query-input\":{\"@type\":\"PropertyValueSpecification\",\"valueRequired\":true,\"valueName\":\"search_term_string\"}}],\"inLanguage\":\"en-GB\"},{\"@type\":\"Organization\",\"@id\":\"https:\/\/rad-pal.com.pl\/#organization\",\"name\":\"Rad-Pal\",\"url\":\"https:\/\/rad-pal.com.pl\/\",\"logo\":{\"@type\":\"ImageObject\",\"inLanguage\":\"en-GB\",\"@id\":\"https:\/\/rad-pal.com.pl\/#\/schema\/logo\/image\/\",\"url\":\"https:\/\/rad-pal.com.pl\/wp-content\/uploads\/2026\/03\/Projekt-bez-nazwy-30.webp\",\"contentUrl\":\"https:\/\/rad-pal.com.pl\/wp-content\/uploads\/2026\/03\/Projekt-bez-nazwy-30.webp\",\"width\":600,\"height\":210,\"caption\":\"Rad-Pal\"},\"image\":{\"@id\":\"https:\/\/rad-pal.com.pl\/#\/schema\/logo\/image\/\"}}]}<\/script>\n<!-- \/ Yoast SEO plugin. -->","yoast_head_json":{"title":"Koc Relaxdays Piknik prostok\u0105tny 200 x 200 cm - Rad-Pal","robots":{"index":"index","follow":"follow","max-snippet":"max-snippet:-1","max-image-preview":"max-image-preview:large","max-video-preview":"max-video-preview:-1"},"canonical":"https:\/\/rad-pal.com.pl\/en\/sklep\/bez-kategorii\/koc-relaxdays-piknik-prostokatny-200-x-200-cm\/","og_locale":"en_GB","og_type":"article","og_title":"Koc Relaxdays Piknik prostok\u0105tny 200 x 200 cm - Rad-Pal","og_description":"Sk\u0142adany koc w rozmiarze XXL na kemping lub piknik Nasza mata z izolowanym spodem to idealne rozwi\u0105zanie na romantyczny piknik,","og_url":"https:\/\/rad-pal.com.pl\/en\/sklep\/bez-kategorii\/koc-relaxdays-piknik-prostokatny-200-x-200-cm\/","og_site_name":"Rad-Pal","article_modified_time":"2026-02-19T16:32:54+00:00","og_image":[{"url":"https:\/\/upload.cdn.baselinker.com\/products\/6014502\/96cae58d83bf1dc188de197e10791ad4.jpg","type":"","width":"","height":""}],"twitter_card":"summary_large_image","twitter_misc":{"Estimated reading time":"1 minute"},"schema":{"@context":"https:\/\/schema.org","@graph":[{"@type":"WebPage","@id":"https:\/\/rad-pal.com.pl\/sklep\/bez-kategorii\/koc-relaxdays-piknik-prostokatny-200-x-200-cm\/","url":"https:\/\/rad-pal.com.pl\/sklep\/bez-kategorii\/koc-relaxdays-piknik-prostokatny-200-x-200-cm\/","name":"Koc Relaxdays Piknik prostok\u0105tny 200 x 200 cm - Rad-Pal","isPartOf":{"@id":"https:\/\/rad-pal.com.pl\/#website"},"primaryImageOfPage":{"@id":"https:\/\/rad-pal.com.pl\/sklep\/bez-kategorii\/koc-relaxdays-piknik-prostokatny-200-x-200-cm\/#primaryimage"},"image":{"@id":"https:\/\/rad-pal.com.pl\/sklep\/bez-kategorii\/koc-relaxdays-piknik-prostokatny-200-x-200-cm\/#primaryimage"},"thumbnailUrl":"https:\/\/rad-pal.com.pl\/wp-content\/uploads\/2026\/02\/96cae58d83bf1dc188de197e10791ad4.jpg","datePublished":"2026-02-19T16:04:37+00:00","dateModified":"2026-02-19T16:32:54+00:00","breadcrumb":{"@id":"https:\/\/rad-pal.com.pl\/sklep\/bez-kategorii\/koc-relaxdays-piknik-prostokatny-200-x-200-cm\/#breadcrumb"},"inLanguage":"en-GB","potentialAction":[{"@type":"ReadAction","target":["https:\/\/rad-pal.com.pl\/sklep\/bez-kategorii\/koc-relaxdays-piknik-prostokatny-200-x-200-cm\/"]}]},{"@type":"ImageObject","inLanguage":"en-GB","@id":"https:\/\/rad-pal.com.pl\/sklep\/bez-kategorii\/koc-relaxdays-piknik-prostokatny-200-x-200-cm\/#primaryimage","url":"https:\/\/rad-pal.com.pl\/wp-content\/uploads\/2026\/02\/96cae58d83bf1dc188de197e10791ad4.jpg","contentUrl":"https:\/\/rad-pal.com.pl\/wp-content\/uploads\/2026\/02\/96cae58d83bf1dc188de197e10791ad4.jpg","width":2048,"height":2048,"caption":"09a81ba7f8a4aa149a82f6befa978aee"},{"@type":"BreadcrumbList","@id":"https:\/\/rad-pal.com.pl\/sklep\/bez-kategorii\/koc-relaxdays-piknik-prostokatny-200-x-200-cm\/#breadcrumb","itemListElement":[{"@type":"ListItem","position":1,"name":"Strona g\u0142\u00f3wna","item":"https:\/\/rad-pal.com.pl\/"},{"@type":"ListItem","position":2,"name":"Sklep","item":"https:\/\/rad-pal.com.pl\/sklep\/"},{"@type":"ListItem","position":3,"name":"Koc Relaxdays Piknik prostok\u0105tny 200 x 200 cm"}]},{"@type":"WebSite","@id":"https:\/\/rad-pal.com.pl\/#website","url":"https:\/\/rad-pal.com.pl\/","name":"Rad-Pal","description":"","publisher":{"@id":"https:\/\/rad-pal.com.pl\/#organization"},"potentialAction":[{"@type":"SearchAction","target":{"@type":"EntryPoint","urlTemplate":"https:\/\/rad-pal.com.pl\/?s={search_term_string}"},"query-input":{"@type":"PropertyValueSpecification","valueRequired":true,"valueName":"search_term_string"}}],"inLanguage":"en-GB"},{"@type":"Organization","@id":"https:\/\/rad-pal.com.pl\/#organization","name":"Rad-Pal","url":"https:\/\/rad-pal.com.pl\/","logo":{"@type":"ImageObject","inLanguage":"en-GB","@id":"https:\/\/rad-pal.com.pl\/#\/schema\/logo\/image\/","url":"https:\/\/rad-pal.com.pl\/wp-content\/uploads\/2026\/03\/Projekt-bez-nazwy-30.webp","contentUrl":"https:\/\/rad-pal.com.pl\/wp-content\/uploads\/2026\/03\/Projekt-bez-nazwy-30.webp","width":600,"height":210,"caption":"Rad-Pal"},"image":{"@id":"https:\/\/rad-pal.com.pl\/#\/schema\/logo\/image\/"}}]}},"_links":{"self":[{"href":"https:\/\/rad-pal.com.pl\/en\/wp-json\/wp\/v2\/product\/34293","targetHints":{"allow":["GET"]}}],"collection":[{"href":"https:\/\/rad-pal.com.pl\/en\/wp-json\/wp\/v2\/product"}],"about":[{"href":"https:\/\/rad-pal.com.pl\/en\/wp-json\/wp\/v2\/types\/product"}],"version-history":[{"count":0,"href":"https:\/\/rad-pal.com.pl\/en\/wp-json\/wp\/v2\/product\/34293\/revisions"}],"wp:featuredmedia":[{"embeddable":true,"href":"https:\/\/rad-pal.com.pl\/en\/wp-json\/wp\/v2\/media\/34288"}],"wp:attachment":[{"href":"https:\/\/rad-pal.com.pl\/en\/wp-json\/wp\/v2\/media?parent=34293"}],"wp:term":[{"taxonomy":"product_brand","embeddable":true,"href":"https:\/\/rad-pal.com.pl\/en\/wp-json\/wp\/v2\/product_brand?post=34293"},{"taxonomy":"product_cat","embeddable":true,"href":"https:\/\/rad-pal.com.pl\/en\/wp-json\/wp\/v2\/product_cat?post=34293"},{"taxonomy":"product_tag","embeddable":true,"href":"https:\/\/rad-pal.com.pl\/en\/wp-json\/wp\/v2\/product_tag?post=34293"}],"curies":[{"name":"wp","href":"https:\/\/api.w.org\/{rel}","templated":true}]}}