{"id":34374,"date":"2026-02-19T17:07:32","date_gmt":"2026-02-19T16:07:32","guid":{"rendered":"https:\/\/rad-pal.com.pl\/sklep\/bez-kategorii\/koc-relaxdays-10041293-prostokatny-300-x-200-cm\/"},"modified":"2026-02-19T17:07:32","modified_gmt":"2026-02-19T16:07:32","slug":"koc-relaxdays-10041293-prostokatny-300-x-200-cm","status":"publish","type":"product","link":"https:\/\/rad-pal.com.pl\/en\/sklep\/sport-i-turystyka\/turystyka\/na-plaze\/na-piknik\/koce-piknikowe-maty\/koc-relaxdays-10041293-prostokatny-300-x-200-cm\/","title":{"rendered":"Koc Relaxdays 10041293 prostok\u0105tny 300 x 200 cm"},"content":{"rendered":"<section class=\"section\">\n<div class=\"item item-6\">\n<section class=\"image-item\"><img decoding=\"async\" src=\"https:\/\/upload.cdn.baselinker.com\/products\/6014502\/1d992a950fe8896042d70258b7c83eec.jpg\" \/><\/section>\n<\/p><\/div>\n<div class=\"item item-6\">\n<section class=\"text-item\">\n<h1>Relaxdays Koc piknikowy XXL, 200 x 300 cm, wodoszczelny, izolowany, uchwyt do noszenia, koc pla\u017cowy w kratk\u0119, mi\u0119kki, szary<\/h1>\n<h2>Producent: Relaxdays<\/h2>\n<\/section><\/div>\n<\/section>\n<section class=\"section\">\n<div class=\"item item-6\">\n<section class=\"text-item\">\n<ul>\n<li>XXL: Przytulny koc pla\u017cowy z du\u017c\u0105 powierzchni\u0105 do le\u017cenia \u2013 szer. x g\u0142.: ok. 200 x 300 cm \u2013 dla 6 do 9 os\u00f3b<\/li>\n<li>Pow\u0142oka: Koc z wodoodpornym aluminiowym spodem &#8211; ochrona przed wilgoci\u0105 i zimnem<\/li>\n<li>W podr\u00f3\u017cy: koc parkingowy z praktycznym uchwytem do noszenia &#8211; po z\u0142o\u017ceniu wys. x szer. x g\u0142.: ok. 30 x 40 x 20 cm<\/li>\n<li>Wszechstronno\u015b\u0107: przyjemnie mi\u0119kki koc piknikowy dla ca\u0142ej rodziny &#8211; dekoracyjny, szary wz\u00f3r w kratk\u0119<\/li>\n<li>Outdoor: Koc izolacyjny do aktywno\u015bci rekreacyjnych \u2013 na piknik, imprez\u0119 grillow\u0105, kemping, pla\u017c\u0119 i do ogrodu<\/li>\n<\/ul>\n<\/section><\/div>\n<div class=\"item item-6\">\n<section class=\"image-item\"><img decoding=\"async\" src=\"https:\/\/upload.cdn.baselinker.com\/products\/6014502\/5aa9b7c30e3db7c7af8404b8d3f1b654.jpg\" \/><\/section>\n<\/p><\/div>\n<\/section>\n<section class=\"section\">\n<div class=\"item item-6\">\n<section class=\"image-item\"><img decoding=\"async\" src=\"https:\/\/upload.cdn.baselinker.com\/products\/6014502\/3d5c3ca26864464d674e171908c2405f.jpg\" \/><\/section>\n<\/p><\/div>\n<div class=\"item item-6\">\n<section class=\"text-item\">\n<ul>\n<li><b>zawarte komponenty<\/b>: 1 x koc piknikowy<\/li>\n<li><b>waga przedmiotu<\/b>: 1.37 kilograms<\/li>\n<li><b>Nazwa modelu<\/b>: koc piknikowy<\/li>\n<li><b>punkt znaku wypunktowania<\/b>: XXL: Przytulny koc pla\u017cowy z du\u017c\u0105 powierzchni\u0105 do le\u017cenia \u2013 szer. x g\u0142.: ok. 200 x 300 cm \u2013 dla 6 do 9 os\u00f3b, Pow\u0142oka: Koc z wodoodpornym aluminiowym spodem &#8211; ochrona przed wilgoci\u0105 i zimnem, W podr\u00f3\u017cy: koc parkingowy z praktycznym uchwytem do noszenia &#8211; po z\u0142o\u017ceniu wys. x szer. x g\u0142.: ok. 30 x 40 x 20 cm, Wszechstronno\u015b\u0107: przyjemnie mi\u0119kki koc piknikowy dla ca\u0142ej rodziny &#8211; dekoracyjny, szary wz\u00f3r w kratk\u0119, Outdoor: Koc izolacyjny do aktywno\u015bci rekreacyjnych \u2013 na piknik, imprez\u0119 grillow\u0105, kemping, pla\u017c\u0119 i do ogrodu<\/li>\n<li><b>ilo\u015b\u0107 sztuk w opakowaniu<\/b>: 1<\/li>\n<li><b>marka<\/b>: Relaxdays<\/li>\n<li><b>poziom opakowania<\/b>: unit<\/li>\n<li><b>Liczba przedmiot\u00f3w<\/b>: 1<\/li>\n<li><b>rozmiar<\/b>: 200&#215;300 cm<\/li>\n<li><b>numer cz\u0119\u015bci<\/b>: 10041293<\/li>\n<li><b>styl<\/b>: Nowoczesny<\/li>\n<li><b>kolor<\/b>: Szary<\/li>\n<li><b>nazwa typu elementu<\/b>: Relaxdays Koc piknikowy XXL, 200 x 300 cm, wodoszczelny, izolowany, uchwyt do noszenia, koc polarowy, mi\u0119kki, szary<\/li>\n<li><b>wz\u00f3r<\/b>: Gingham<\/li>\n<li><b>waga opakowania przedmiotu<\/b>: 1.67 kilograms<\/li>\n<li><b>producent<\/b>: Relaxdays<\/li>\n<li><b>zewn\u0119trznie przypisany identyfikator produktu<\/b>: 4052025412937<\/li>\n<li><b>zalecane w\u0119z\u0142y przegl\u0105dania<\/b>: 26141312031<\/li>\n<li><b>temat<\/b>: Pla\u017cowy<\/li>\n<li><b>numer modelu<\/b>: 10041293<\/li>\n<li><b>specjalna funkcja<\/b>: Wodoszczelny, Mi\u0119kkie, Wodoszczelna, Wygodna<\/li>\n<li><b>typ sportowy<\/b>: Hiking, Camping<\/li>\n<li><b>nazwa przedmiotu<\/b>: Relaxdays Koc piknikowy XXL, 200 x 300 cm, wodoszczelny, izolowany, uchwyt do noszenia, koc pla\u017cowy w kratk\u0119, mi\u0119kki, szary<\/li>\n<li><b>data uruchomienia strony produktu<\/b>: 2022-06-17T09:47:57.705Z<\/li>\n<li><b>materia\u0142<\/b>: 80% poliester 10% aluminium 10% pianka<\/li>\n<li><b>instrukcje opieki<\/b>: Pra\u0107 w pralce<\/li>\n<\/ul>\n<\/section><\/div>\n<\/section>\n<section class=\"section\">\n<div class=\"item item-6\">\n<section class=\"image-item\"><img decoding=\"async\" src=\"https:\/\/upload.cdn.baselinker.com\/products\/6014502\/e5c1b69d32408892bb2780daeaa3fdc2.jpg\" \/><\/section>\n<\/p><\/div>\n<div class=\"item item-6\">\n<section class=\"image-item\"><img decoding=\"async\" src=\"https:\/\/upload.cdn.baselinker.com\/products\/6014502\/1b40604bb4c13bb39fa4d5622e9a762c.jpg\" \/><\/section>\n<\/p><\/div>\n<\/section>\n<section class=\"section\">\n<div class=\"item item-12\">\n<section class=\"image-item\"><img decoding=\"async\" src=\"https:\/\/upload.cdn.baselinker.com\/products\/6014502\/8eca1d078439a9eb14fd5bd0a606a3ff.jpg\" \/><\/section>\n<\/p><\/div>\n<\/section>\n<section class=\"section\">\n<div class=\"item item-12\">\n<section class=\"text-item\">\n<p>8<\/p>\n<\/section><\/div>\n<\/section>","protected":false},"excerpt":{"rendered":"<p>Relaxdays Koc piknikowy XXL, 200 x 300 cm, wodoszczelny, izolowany, uchwyt do noszenia, koc pla\u017cowy w kratk\u0119, mi\u0119kki, szary Producent:<\/p>","protected":false},"featured_media":34357,"template":"","meta":[],"product_brand":[],"product_cat":[366,365,364,76,77],"product_tag":[],"class_list":{"0":"post-34374","1":"product","2":"type-product","3":"status-publish","4":"has-post-thumbnail","6":"product_cat-koce-piknikowe-maty","7":"product_cat-na-piknik","8":"product_cat-na-plaze","9":"product_cat-sport-i-turystyka","10":"product_cat-turystyka","12":"first","13":"instock","14":"taxable","15":"shipping-taxable","16":"purchasable","17":"product-type-simple"},"yoast_head":"<!-- This site is optimized with the Yoast SEO plugin v25.7 - https:\/\/yoast.com\/wordpress\/plugins\/seo\/ -->\n<title>Koc Relaxdays 10041293 prostok\u0105tny 300 x 200 cm - Rad-Pal<\/title>\n<meta name=\"robots\" content=\"index, follow, max-snippet:-1, max-image-preview:large, max-video-preview:-1\" \/>\n<link rel=\"canonical\" href=\"https:\/\/rad-pal.com.pl\/en\/sklep\/bez-kategorii\/koc-relaxdays-10041293-prostokatny-300-x-200-cm\/\" \/>\n<meta property=\"og:locale\" content=\"en_GB\" \/>\n<meta property=\"og:type\" content=\"article\" \/>\n<meta property=\"og:title\" content=\"Koc Relaxdays 10041293 prostok\u0105tny 300 x 200 cm - Rad-Pal\" \/>\n<meta property=\"og:description\" content=\"Relaxdays Koc piknikowy XXL, 200 x 300 cm, wodoszczelny, izolowany, uchwyt do noszenia, koc pla\u017cowy w kratk\u0119, mi\u0119kki, szary Producent:\" \/>\n<meta property=\"og:url\" content=\"https:\/\/rad-pal.com.pl\/en\/sklep\/bez-kategorii\/koc-relaxdays-10041293-prostokatny-300-x-200-cm\/\" \/>\n<meta property=\"og:site_name\" content=\"Rad-Pal\" \/>\n<meta property=\"og:image\" content=\"https:\/\/upload.cdn.baselinker.com\/products\/6014502\/1d992a950fe8896042d70258b7c83eec.jpg\" \/>\n<meta name=\"twitter:card\" content=\"summary_large_image\" \/>\n<meta name=\"twitter:label1\" content=\"Estimated reading time\" \/>\n\t<meta name=\"twitter:data1\" content=\"2 minutes\" \/>\n<script type=\"application\/ld+json\" class=\"yoast-schema-graph\">{\"@context\":\"https:\/\/schema.org\",\"@graph\":[{\"@type\":\"WebPage\",\"@id\":\"https:\/\/rad-pal.com.pl\/sklep\/bez-kategorii\/koc-relaxdays-10041293-prostokatny-300-x-200-cm\/\",\"url\":\"https:\/\/rad-pal.com.pl\/sklep\/bez-kategorii\/koc-relaxdays-10041293-prostokatny-300-x-200-cm\/\",\"name\":\"Koc Relaxdays 10041293 prostok\u0105tny 300 x 200 cm - Rad-Pal\",\"isPartOf\":{\"@id\":\"https:\/\/rad-pal.com.pl\/#website\"},\"primaryImageOfPage\":{\"@id\":\"https:\/\/rad-pal.com.pl\/sklep\/bez-kategorii\/koc-relaxdays-10041293-prostokatny-300-x-200-cm\/#primaryimage\"},\"image\":{\"@id\":\"https:\/\/rad-pal.com.pl\/sklep\/bez-kategorii\/koc-relaxdays-10041293-prostokatny-300-x-200-cm\/#primaryimage\"},\"thumbnailUrl\":\"https:\/\/rad-pal.com.pl\/wp-content\/uploads\/2026\/02\/1d992a950fe8896042d70258b7c83eec.jpg\",\"datePublished\":\"2026-02-19T16:07:32+00:00\",\"breadcrumb\":{\"@id\":\"https:\/\/rad-pal.com.pl\/sklep\/bez-kategorii\/koc-relaxdays-10041293-prostokatny-300-x-200-cm\/#breadcrumb\"},\"inLanguage\":\"en-GB\",\"potentialAction\":[{\"@type\":\"ReadAction\",\"target\":[\"https:\/\/rad-pal.com.pl\/sklep\/bez-kategorii\/koc-relaxdays-10041293-prostokatny-300-x-200-cm\/\"]}]},{\"@type\":\"ImageObject\",\"inLanguage\":\"en-GB\",\"@id\":\"https:\/\/rad-pal.com.pl\/sklep\/bez-kategorii\/koc-relaxdays-10041293-prostokatny-300-x-200-cm\/#primaryimage\",\"url\":\"https:\/\/rad-pal.com.pl\/wp-content\/uploads\/2026\/02\/1d992a950fe8896042d70258b7c83eec.jpg\",\"contentUrl\":\"https:\/\/rad-pal.com.pl\/wp-content\/uploads\/2026\/02\/1d992a950fe8896042d70258b7c83eec.jpg\",\"width\":2560,\"height\":2560,\"caption\":\"2e3b20b7faa6e9d0cb274e2942ef06db\"},{\"@type\":\"BreadcrumbList\",\"@id\":\"https:\/\/rad-pal.com.pl\/sklep\/bez-kategorii\/koc-relaxdays-10041293-prostokatny-300-x-200-cm\/#breadcrumb\",\"itemListElement\":[{\"@type\":\"ListItem\",\"position\":1,\"name\":\"Strona g\u0142\u00f3wna\",\"item\":\"https:\/\/rad-pal.com.pl\/\"},{\"@type\":\"ListItem\",\"position\":2,\"name\":\"Sklep\",\"item\":\"https:\/\/rad-pal.com.pl\/sklep\/\"},{\"@type\":\"ListItem\",\"position\":3,\"name\":\"Koc Relaxdays 10041293 prostok\u0105tny 300 x 200 cm\"}]},{\"@type\":\"WebSite\",\"@id\":\"https:\/\/rad-pal.com.pl\/#website\",\"url\":\"https:\/\/rad-pal.com.pl\/\",\"name\":\"Rad-Pal\",\"description\":\"\",\"publisher\":{\"@id\":\"https:\/\/rad-pal.com.pl\/#organization\"},\"potentialAction\":[{\"@type\":\"SearchAction\",\"target\":{\"@type\":\"EntryPoint\",\"urlTemplate\":\"https:\/\/rad-pal.com.pl\/?s={search_term_string}\"},\"query-input\":{\"@type\":\"PropertyValueSpecification\",\"valueRequired\":true,\"valueName\":\"search_term_string\"}}],\"inLanguage\":\"en-GB\"},{\"@type\":\"Organization\",\"@id\":\"https:\/\/rad-pal.com.pl\/#organization\",\"name\":\"Rad-Pal\",\"url\":\"https:\/\/rad-pal.com.pl\/\",\"logo\":{\"@type\":\"ImageObject\",\"inLanguage\":\"en-GB\",\"@id\":\"https:\/\/rad-pal.com.pl\/#\/schema\/logo\/image\/\",\"url\":\"https:\/\/rad-pal.com.pl\/wp-content\/uploads\/2026\/03\/Projekt-bez-nazwy-30.webp\",\"contentUrl\":\"https:\/\/rad-pal.com.pl\/wp-content\/uploads\/2026\/03\/Projekt-bez-nazwy-30.webp\",\"width\":600,\"height\":210,\"caption\":\"Rad-Pal\"},\"image\":{\"@id\":\"https:\/\/rad-pal.com.pl\/#\/schema\/logo\/image\/\"}}]}<\/script>\n<!-- \/ Yoast SEO plugin. -->","yoast_head_json":{"title":"Koc Relaxdays 10041293 prostok\u0105tny 300 x 200 cm - Rad-Pal","robots":{"index":"index","follow":"follow","max-snippet":"max-snippet:-1","max-image-preview":"max-image-preview:large","max-video-preview":"max-video-preview:-1"},"canonical":"https:\/\/rad-pal.com.pl\/en\/sklep\/bez-kategorii\/koc-relaxdays-10041293-prostokatny-300-x-200-cm\/","og_locale":"en_GB","og_type":"article","og_title":"Koc Relaxdays 10041293 prostok\u0105tny 300 x 200 cm - Rad-Pal","og_description":"Relaxdays Koc piknikowy XXL, 200 x 300 cm, wodoszczelny, izolowany, uchwyt do noszenia, koc pla\u017cowy w kratk\u0119, mi\u0119kki, szary Producent:","og_url":"https:\/\/rad-pal.com.pl\/en\/sklep\/bez-kategorii\/koc-relaxdays-10041293-prostokatny-300-x-200-cm\/","og_site_name":"Rad-Pal","og_image":[{"url":"https:\/\/upload.cdn.baselinker.com\/products\/6014502\/1d992a950fe8896042d70258b7c83eec.jpg","type":"","width":"","height":""}],"twitter_card":"summary_large_image","twitter_misc":{"Estimated reading time":"2 minutes"},"schema":{"@context":"https:\/\/schema.org","@graph":[{"@type":"WebPage","@id":"https:\/\/rad-pal.com.pl\/sklep\/bez-kategorii\/koc-relaxdays-10041293-prostokatny-300-x-200-cm\/","url":"https:\/\/rad-pal.com.pl\/sklep\/bez-kategorii\/koc-relaxdays-10041293-prostokatny-300-x-200-cm\/","name":"Koc Relaxdays 10041293 prostok\u0105tny 300 x 200 cm - Rad-Pal","isPartOf":{"@id":"https:\/\/rad-pal.com.pl\/#website"},"primaryImageOfPage":{"@id":"https:\/\/rad-pal.com.pl\/sklep\/bez-kategorii\/koc-relaxdays-10041293-prostokatny-300-x-200-cm\/#primaryimage"},"image":{"@id":"https:\/\/rad-pal.com.pl\/sklep\/bez-kategorii\/koc-relaxdays-10041293-prostokatny-300-x-200-cm\/#primaryimage"},"thumbnailUrl":"https:\/\/rad-pal.com.pl\/wp-content\/uploads\/2026\/02\/1d992a950fe8896042d70258b7c83eec.jpg","datePublished":"2026-02-19T16:07:32+00:00","breadcrumb":{"@id":"https:\/\/rad-pal.com.pl\/sklep\/bez-kategorii\/koc-relaxdays-10041293-prostokatny-300-x-200-cm\/#breadcrumb"},"inLanguage":"en-GB","potentialAction":[{"@type":"ReadAction","target":["https:\/\/rad-pal.com.pl\/sklep\/bez-kategorii\/koc-relaxdays-10041293-prostokatny-300-x-200-cm\/"]}]},{"@type":"ImageObject","inLanguage":"en-GB","@id":"https:\/\/rad-pal.com.pl\/sklep\/bez-kategorii\/koc-relaxdays-10041293-prostokatny-300-x-200-cm\/#primaryimage","url":"https:\/\/rad-pal.com.pl\/wp-content\/uploads\/2026\/02\/1d992a950fe8896042d70258b7c83eec.jpg","contentUrl":"https:\/\/rad-pal.com.pl\/wp-content\/uploads\/2026\/02\/1d992a950fe8896042d70258b7c83eec.jpg","width":2560,"height":2560,"caption":"2e3b20b7faa6e9d0cb274e2942ef06db"},{"@type":"BreadcrumbList","@id":"https:\/\/rad-pal.com.pl\/sklep\/bez-kategorii\/koc-relaxdays-10041293-prostokatny-300-x-200-cm\/#breadcrumb","itemListElement":[{"@type":"ListItem","position":1,"name":"Strona g\u0142\u00f3wna","item":"https:\/\/rad-pal.com.pl\/"},{"@type":"ListItem","position":2,"name":"Sklep","item":"https:\/\/rad-pal.com.pl\/sklep\/"},{"@type":"ListItem","position":3,"name":"Koc Relaxdays 10041293 prostok\u0105tny 300 x 200 cm"}]},{"@type":"WebSite","@id":"https:\/\/rad-pal.com.pl\/#website","url":"https:\/\/rad-pal.com.pl\/","name":"Rad-Pal","description":"","publisher":{"@id":"https:\/\/rad-pal.com.pl\/#organization"},"potentialAction":[{"@type":"SearchAction","target":{"@type":"EntryPoint","urlTemplate":"https:\/\/rad-pal.com.pl\/?s={search_term_string}"},"query-input":{"@type":"PropertyValueSpecification","valueRequired":true,"valueName":"search_term_string"}}],"inLanguage":"en-GB"},{"@type":"Organization","@id":"https:\/\/rad-pal.com.pl\/#organization","name":"Rad-Pal","url":"https:\/\/rad-pal.com.pl\/","logo":{"@type":"ImageObject","inLanguage":"en-GB","@id":"https:\/\/rad-pal.com.pl\/#\/schema\/logo\/image\/","url":"https:\/\/rad-pal.com.pl\/wp-content\/uploads\/2026\/03\/Projekt-bez-nazwy-30.webp","contentUrl":"https:\/\/rad-pal.com.pl\/wp-content\/uploads\/2026\/03\/Projekt-bez-nazwy-30.webp","width":600,"height":210,"caption":"Rad-Pal"},"image":{"@id":"https:\/\/rad-pal.com.pl\/#\/schema\/logo\/image\/"}}]}},"_links":{"self":[{"href":"https:\/\/rad-pal.com.pl\/en\/wp-json\/wp\/v2\/product\/34374","targetHints":{"allow":["GET"]}}],"collection":[{"href":"https:\/\/rad-pal.com.pl\/en\/wp-json\/wp\/v2\/product"}],"about":[{"href":"https:\/\/rad-pal.com.pl\/en\/wp-json\/wp\/v2\/types\/product"}],"version-history":[{"count":0,"href":"https:\/\/rad-pal.com.pl\/en\/wp-json\/wp\/v2\/product\/34374\/revisions"}],"wp:featuredmedia":[{"embeddable":true,"href":"https:\/\/rad-pal.com.pl\/en\/wp-json\/wp\/v2\/media\/34357"}],"wp:attachment":[{"href":"https:\/\/rad-pal.com.pl\/en\/wp-json\/wp\/v2\/media?parent=34374"}],"wp:term":[{"taxonomy":"product_brand","embeddable":true,"href":"https:\/\/rad-pal.com.pl\/en\/wp-json\/wp\/v2\/product_brand?post=34374"},{"taxonomy":"product_cat","embeddable":true,"href":"https:\/\/rad-pal.com.pl\/en\/wp-json\/wp\/v2\/product_cat?post=34374"},{"taxonomy":"product_tag","embeddable":true,"href":"https:\/\/rad-pal.com.pl\/en\/wp-json\/wp\/v2\/product_tag?post=34374"}],"curies":[{"name":"wp","href":"https:\/\/api.w.org\/{rel}","templated":true}]}}