{"id":34398,"date":"2026-02-19T17:08:04","date_gmt":"2026-02-19T16:08:04","guid":{"rendered":"https:\/\/rad-pal.com.pl\/sklep\/bez-kategorii\/relaxdays-kosz-na-smieci-5-l\/"},"modified":"2026-02-19T17:33:26","modified_gmt":"2026-02-19T16:33:26","slug":"relaxdays-kosz-na-smieci-5-l","status":"publish","type":"product","link":"https:\/\/rad-pal.com.pl\/en\/sklep\/supermarket\/utrzymanie-czystosci\/akcesoria-do-prania-i-sprzatania\/kosze-na-smieci-akcesoria-do-prania-i-sprzatania\/relaxdays-kosz-na-smieci-5-l\/","title":{"rendered":"Relaxdays Kosz na \u015bmieci, 5 l"},"content":{"rendered":"<section class=\"section\">\n<div class=\"item item-12\">\n<section class=\"text-item\">\n<h1>pojemno\u015b\u0107 5 litr\u00f3w<\/h1>\n<\/section><\/div>\n<\/section>\n<section class=\"section\">\n<div class=\"item item-6\">\n<section class=\"image-item\"><img decoding=\"async\" src=\"https:\/\/upload.cdn.baselinker.com\/products\/6014502\/82d1c53a545aaaf6fc8510fa09f44957.jpg\" \/><\/section>\n<\/p><\/div>\n<div class=\"item item-6\">\n<section class=\"image-item\"><img decoding=\"async\" src=\"https:\/\/upload.cdn.baselinker.com\/products\/6014502\/3a26b877001fd5084bc58a9aa7d43d93.jpg\" \/><\/section>\n<\/p><\/div>\n<\/section>\n<section class=\"section\">\n<div class=\"item item-12\">\n<section class=\"image-item\"><img decoding=\"async\" src=\"https:\/\/upload.cdn.baselinker.com\/products\/6014502\/50061d1ae4d7b24b5ca59b3ad60aa6be.jpg\" \/><\/section>\n<\/p><\/div>\n<\/section>\n<section class=\"section\">\n<div class=\"item item-6\">\n<section class=\"text-item\">\n<p>Kompaktowy: Ma\u0142y wisz\u0105cy kosz na \u015bmieci w kolorze czarnym do uporz\u0105dkowanego usuwania odpad\u00f3w w kuchni lub biurze.<\/p>\n<p>Uniwersalny: Okr\u0105g\u0142y kosz na \u015bmieci o pojemno\u015bci 5 litr\u00f3w mo\u017cna r\u00f3wnie\u017c stosowa\u0107 w \u0142azienkach, \u0142azienkach go\u015bcinnych i innych miejscach.<\/p>\n<p>Praktyczny: Pionowy kosz na \u015bmieci do \u0142azienki mo\u017cna r\u00f3wnie\u017c \u0142atwo zawiesi\u0107 na drzwiach szafki &#8211; oszcz\u0119dzaj\u0105c miejsce.<\/p>\n<p>Konstrukcja: Kosz kuchenny ze zdejmowan\u0105 pokryw\u0105 &#8211; mocowany do uchwytu lub wiadra jako otwarty pojemnik na odpady.<\/p>\n<p>Warto wiedzie\u0107: Wymiary kosza na kosmetyki (wys. x szer. x g\u0142.): ok. 23 x 25 x 16 cm &#8211; Praktyczny uchwyt do przenoszenia.<\/p>\n<\/section><\/div>\n<div class=\"item item-6\">\n<section class=\"image-item\"><img decoding=\"async\" src=\"https:\/\/upload.cdn.baselinker.com\/products\/6014502\/1369d0f20e437801bbb9275065f3d36a.jpg\" \/><\/section>\n<\/p><\/div>\n<\/section>\n<section class=\"section\">\n<div class=\"item item-12\">\n<section class=\"text-item\">\n<p>8<\/p>\n<\/section><\/div>\n<\/section>","protected":false},"excerpt":{"rendered":"<p>pojemno\u015b\u0107 5 litr\u00f3w Kompaktowy: Ma\u0142y wisz\u0105cy kosz na \u015bmieci w kolorze czarnym do uporz\u0105dkowanego usuwania odpad\u00f3w w kuchni lub biurze.<\/p>","protected":false},"featured_media":34388,"template":"","meta":[],"product_brand":[],"product_cat":[226,445,97,225],"product_tag":[],"class_list":{"0":"post-34398","1":"product","2":"type-product","3":"status-publish","4":"has-post-thumbnail","6":"product_cat-akcesoria-do-prania-i-sprzatania","7":"product_cat-kosze-na-smieci-akcesoria-do-prania-i-sprzatania","8":"product_cat-supermarket","9":"product_cat-utrzymanie-czystosci","11":"first","12":"instock","13":"taxable","14":"shipping-taxable","15":"purchasable","16":"product-type-simple"},"yoast_head":"<!-- This site is optimized with the Yoast SEO plugin v25.7 - https:\/\/yoast.com\/wordpress\/plugins\/seo\/ -->\n<title>Relaxdays Kosz na \u015bmieci, 5 l - Rad-Pal<\/title>\n<meta name=\"robots\" content=\"index, follow, max-snippet:-1, max-image-preview:large, max-video-preview:-1\" \/>\n<link rel=\"canonical\" href=\"https:\/\/rad-pal.com.pl\/en\/sklep\/bez-kategorii\/relaxdays-kosz-na-smieci-5-l\/\" \/>\n<meta property=\"og:locale\" content=\"en_GB\" \/>\n<meta property=\"og:type\" content=\"article\" \/>\n<meta property=\"og:title\" content=\"Relaxdays Kosz na \u015bmieci, 5 l - Rad-Pal\" \/>\n<meta property=\"og:description\" content=\"pojemno\u015b\u0107 5 litr\u00f3w Kompaktowy: Ma\u0142y wisz\u0105cy kosz na \u015bmieci w kolorze czarnym do uporz\u0105dkowanego usuwania odpad\u00f3w w kuchni lub biurze.\" \/>\n<meta property=\"og:url\" content=\"https:\/\/rad-pal.com.pl\/en\/sklep\/bez-kategorii\/relaxdays-kosz-na-smieci-5-l\/\" \/>\n<meta property=\"og:site_name\" content=\"Rad-Pal\" \/>\n<meta property=\"article:modified_time\" content=\"2026-02-19T16:33:26+00:00\" \/>\n<meta property=\"og:image\" content=\"https:\/\/upload.cdn.baselinker.com\/products\/6014502\/82d1c53a545aaaf6fc8510fa09f44957.jpg\" \/>\n<meta name=\"twitter:card\" content=\"summary_large_image\" \/>\n<meta name=\"twitter:label1\" content=\"Estimated reading time\" \/>\n\t<meta name=\"twitter:data1\" content=\"1 minute\" \/>\n<script type=\"application\/ld+json\" class=\"yoast-schema-graph\">{\"@context\":\"https:\/\/schema.org\",\"@graph\":[{\"@type\":\"WebPage\",\"@id\":\"https:\/\/rad-pal.com.pl\/sklep\/bez-kategorii\/relaxdays-kosz-na-smieci-5-l\/\",\"url\":\"https:\/\/rad-pal.com.pl\/sklep\/bez-kategorii\/relaxdays-kosz-na-smieci-5-l\/\",\"name\":\"Relaxdays Kosz na \u015bmieci, 5 l - Rad-Pal\",\"isPartOf\":{\"@id\":\"https:\/\/rad-pal.com.pl\/#website\"},\"primaryImageOfPage\":{\"@id\":\"https:\/\/rad-pal.com.pl\/sklep\/bez-kategorii\/relaxdays-kosz-na-smieci-5-l\/#primaryimage\"},\"image\":{\"@id\":\"https:\/\/rad-pal.com.pl\/sklep\/bez-kategorii\/relaxdays-kosz-na-smieci-5-l\/#primaryimage\"},\"thumbnailUrl\":\"https:\/\/rad-pal.com.pl\/wp-content\/uploads\/2026\/02\/1369d0f20e437801bbb9275065f3d36a.jpg\",\"datePublished\":\"2026-02-19T16:08:04+00:00\",\"dateModified\":\"2026-02-19T16:33:26+00:00\",\"breadcrumb\":{\"@id\":\"https:\/\/rad-pal.com.pl\/sklep\/bez-kategorii\/relaxdays-kosz-na-smieci-5-l\/#breadcrumb\"},\"inLanguage\":\"en-GB\",\"potentialAction\":[{\"@type\":\"ReadAction\",\"target\":[\"https:\/\/rad-pal.com.pl\/sklep\/bez-kategorii\/relaxdays-kosz-na-smieci-5-l\/\"]}]},{\"@type\":\"ImageObject\",\"inLanguage\":\"en-GB\",\"@id\":\"https:\/\/rad-pal.com.pl\/sklep\/bez-kategorii\/relaxdays-kosz-na-smieci-5-l\/#primaryimage\",\"url\":\"https:\/\/rad-pal.com.pl\/wp-content\/uploads\/2026\/02\/1369d0f20e437801bbb9275065f3d36a.jpg\",\"contentUrl\":\"https:\/\/rad-pal.com.pl\/wp-content\/uploads\/2026\/02\/1369d0f20e437801bbb9275065f3d36a.jpg\",\"width\":1500,\"height\":1500,\"caption\":\"d7f03c6a9413b3f219e68b3dae10e124\"},{\"@type\":\"BreadcrumbList\",\"@id\":\"https:\/\/rad-pal.com.pl\/sklep\/bez-kategorii\/relaxdays-kosz-na-smieci-5-l\/#breadcrumb\",\"itemListElement\":[{\"@type\":\"ListItem\",\"position\":1,\"name\":\"Strona g\u0142\u00f3wna\",\"item\":\"https:\/\/rad-pal.com.pl\/\"},{\"@type\":\"ListItem\",\"position\":2,\"name\":\"Sklep\",\"item\":\"https:\/\/rad-pal.com.pl\/sklep\/\"},{\"@type\":\"ListItem\",\"position\":3,\"name\":\"Relaxdays Kosz na \u015bmieci, 5 l\"}]},{\"@type\":\"WebSite\",\"@id\":\"https:\/\/rad-pal.com.pl\/#website\",\"url\":\"https:\/\/rad-pal.com.pl\/\",\"name\":\"Rad-Pal\",\"description\":\"\",\"publisher\":{\"@id\":\"https:\/\/rad-pal.com.pl\/#organization\"},\"potentialAction\":[{\"@type\":\"SearchAction\",\"target\":{\"@type\":\"EntryPoint\",\"urlTemplate\":\"https:\/\/rad-pal.com.pl\/?s={search_term_string}\"},\"query-input\":{\"@type\":\"PropertyValueSpecification\",\"valueRequired\":true,\"valueName\":\"search_term_string\"}}],\"inLanguage\":\"en-GB\"},{\"@type\":\"Organization\",\"@id\":\"https:\/\/rad-pal.com.pl\/#organization\",\"name\":\"Rad-Pal\",\"url\":\"https:\/\/rad-pal.com.pl\/\",\"logo\":{\"@type\":\"ImageObject\",\"inLanguage\":\"en-GB\",\"@id\":\"https:\/\/rad-pal.com.pl\/#\/schema\/logo\/image\/\",\"url\":\"https:\/\/rad-pal.com.pl\/wp-content\/uploads\/2026\/03\/Projekt-bez-nazwy-30.webp\",\"contentUrl\":\"https:\/\/rad-pal.com.pl\/wp-content\/uploads\/2026\/03\/Projekt-bez-nazwy-30.webp\",\"width\":600,\"height\":210,\"caption\":\"Rad-Pal\"},\"image\":{\"@id\":\"https:\/\/rad-pal.com.pl\/#\/schema\/logo\/image\/\"}}]}<\/script>\n<!-- \/ Yoast SEO plugin. -->","yoast_head_json":{"title":"Relaxdays Kosz na \u015bmieci, 5 l - Rad-Pal","robots":{"index":"index","follow":"follow","max-snippet":"max-snippet:-1","max-image-preview":"max-image-preview:large","max-video-preview":"max-video-preview:-1"},"canonical":"https:\/\/rad-pal.com.pl\/en\/sklep\/bez-kategorii\/relaxdays-kosz-na-smieci-5-l\/","og_locale":"en_GB","og_type":"article","og_title":"Relaxdays Kosz na \u015bmieci, 5 l - Rad-Pal","og_description":"pojemno\u015b\u0107 5 litr\u00f3w Kompaktowy: Ma\u0142y wisz\u0105cy kosz na \u015bmieci w kolorze czarnym do uporz\u0105dkowanego usuwania odpad\u00f3w w kuchni lub biurze.","og_url":"https:\/\/rad-pal.com.pl\/en\/sklep\/bez-kategorii\/relaxdays-kosz-na-smieci-5-l\/","og_site_name":"Rad-Pal","article_modified_time":"2026-02-19T16:33:26+00:00","og_image":[{"url":"https:\/\/upload.cdn.baselinker.com\/products\/6014502\/82d1c53a545aaaf6fc8510fa09f44957.jpg","type":"","width":"","height":""}],"twitter_card":"summary_large_image","twitter_misc":{"Estimated reading time":"1 minute"},"schema":{"@context":"https:\/\/schema.org","@graph":[{"@type":"WebPage","@id":"https:\/\/rad-pal.com.pl\/sklep\/bez-kategorii\/relaxdays-kosz-na-smieci-5-l\/","url":"https:\/\/rad-pal.com.pl\/sklep\/bez-kategorii\/relaxdays-kosz-na-smieci-5-l\/","name":"Relaxdays Kosz na \u015bmieci, 5 l - Rad-Pal","isPartOf":{"@id":"https:\/\/rad-pal.com.pl\/#website"},"primaryImageOfPage":{"@id":"https:\/\/rad-pal.com.pl\/sklep\/bez-kategorii\/relaxdays-kosz-na-smieci-5-l\/#primaryimage"},"image":{"@id":"https:\/\/rad-pal.com.pl\/sklep\/bez-kategorii\/relaxdays-kosz-na-smieci-5-l\/#primaryimage"},"thumbnailUrl":"https:\/\/rad-pal.com.pl\/wp-content\/uploads\/2026\/02\/1369d0f20e437801bbb9275065f3d36a.jpg","datePublished":"2026-02-19T16:08:04+00:00","dateModified":"2026-02-19T16:33:26+00:00","breadcrumb":{"@id":"https:\/\/rad-pal.com.pl\/sklep\/bez-kategorii\/relaxdays-kosz-na-smieci-5-l\/#breadcrumb"},"inLanguage":"en-GB","potentialAction":[{"@type":"ReadAction","target":["https:\/\/rad-pal.com.pl\/sklep\/bez-kategorii\/relaxdays-kosz-na-smieci-5-l\/"]}]},{"@type":"ImageObject","inLanguage":"en-GB","@id":"https:\/\/rad-pal.com.pl\/sklep\/bez-kategorii\/relaxdays-kosz-na-smieci-5-l\/#primaryimage","url":"https:\/\/rad-pal.com.pl\/wp-content\/uploads\/2026\/02\/1369d0f20e437801bbb9275065f3d36a.jpg","contentUrl":"https:\/\/rad-pal.com.pl\/wp-content\/uploads\/2026\/02\/1369d0f20e437801bbb9275065f3d36a.jpg","width":1500,"height":1500,"caption":"d7f03c6a9413b3f219e68b3dae10e124"},{"@type":"BreadcrumbList","@id":"https:\/\/rad-pal.com.pl\/sklep\/bez-kategorii\/relaxdays-kosz-na-smieci-5-l\/#breadcrumb","itemListElement":[{"@type":"ListItem","position":1,"name":"Strona g\u0142\u00f3wna","item":"https:\/\/rad-pal.com.pl\/"},{"@type":"ListItem","position":2,"name":"Sklep","item":"https:\/\/rad-pal.com.pl\/sklep\/"},{"@type":"ListItem","position":3,"name":"Relaxdays Kosz na \u015bmieci, 5 l"}]},{"@type":"WebSite","@id":"https:\/\/rad-pal.com.pl\/#website","url":"https:\/\/rad-pal.com.pl\/","name":"Rad-Pal","description":"","publisher":{"@id":"https:\/\/rad-pal.com.pl\/#organization"},"potentialAction":[{"@type":"SearchAction","target":{"@type":"EntryPoint","urlTemplate":"https:\/\/rad-pal.com.pl\/?s={search_term_string}"},"query-input":{"@type":"PropertyValueSpecification","valueRequired":true,"valueName":"search_term_string"}}],"inLanguage":"en-GB"},{"@type":"Organization","@id":"https:\/\/rad-pal.com.pl\/#organization","name":"Rad-Pal","url":"https:\/\/rad-pal.com.pl\/","logo":{"@type":"ImageObject","inLanguage":"en-GB","@id":"https:\/\/rad-pal.com.pl\/#\/schema\/logo\/image\/","url":"https:\/\/rad-pal.com.pl\/wp-content\/uploads\/2026\/03\/Projekt-bez-nazwy-30.webp","contentUrl":"https:\/\/rad-pal.com.pl\/wp-content\/uploads\/2026\/03\/Projekt-bez-nazwy-30.webp","width":600,"height":210,"caption":"Rad-Pal"},"image":{"@id":"https:\/\/rad-pal.com.pl\/#\/schema\/logo\/image\/"}}]}},"_links":{"self":[{"href":"https:\/\/rad-pal.com.pl\/en\/wp-json\/wp\/v2\/product\/34398","targetHints":{"allow":["GET"]}}],"collection":[{"href":"https:\/\/rad-pal.com.pl\/en\/wp-json\/wp\/v2\/product"}],"about":[{"href":"https:\/\/rad-pal.com.pl\/en\/wp-json\/wp\/v2\/types\/product"}],"version-history":[{"count":0,"href":"https:\/\/rad-pal.com.pl\/en\/wp-json\/wp\/v2\/product\/34398\/revisions"}],"wp:featuredmedia":[{"embeddable":true,"href":"https:\/\/rad-pal.com.pl\/en\/wp-json\/wp\/v2\/media\/34388"}],"wp:attachment":[{"href":"https:\/\/rad-pal.com.pl\/en\/wp-json\/wp\/v2\/media?parent=34398"}],"wp:term":[{"taxonomy":"product_brand","embeddable":true,"href":"https:\/\/rad-pal.com.pl\/en\/wp-json\/wp\/v2\/product_brand?post=34398"},{"taxonomy":"product_cat","embeddable":true,"href":"https:\/\/rad-pal.com.pl\/en\/wp-json\/wp\/v2\/product_cat?post=34398"},{"taxonomy":"product_tag","embeddable":true,"href":"https:\/\/rad-pal.com.pl\/en\/wp-json\/wp\/v2\/product_tag?post=34398"}],"curies":[{"name":"wp","href":"https:\/\/api.w.org\/{rel}","templated":true}]}}