{"id":34832,"date":"2026-02-19T17:26:35","date_gmt":"2026-02-19T16:26:35","guid":{"rendered":"https:\/\/rad-pal.com.pl\/sklep\/bez-kategorii\/relaxdays-lampa-do-pokoju-dzieciecego-gwiazdy\/"},"modified":"2026-02-19T18:24:21","modified_gmt":"2026-02-19T17:24:21","slug":"relaxdays-lampa-do-pokoju-dzieciecego-gwiazdy","status":"publish","type":"product","link":"https:\/\/rad-pal.com.pl\/en\/sklep\/dziecko\/pokoj-dzieciecy\/lampy-pokoj-dzieciecy\/lampy-sufitowe-lampy-pokoj-dzieciecy\/relaxdays-lampa-do-pokoju-dzieciecego-gwiazdy\/","title":{"rendered":"Relaxdays Lampa do pokoju dzieci\u0119cego, gwiazdy,"},"content":{"rendered":"<section class=\"section\">\n<div class=\"item item-6\">\n<section class=\"image-item\"><img decoding=\"async\" src=\"https:\/\/upload.cdn.baselinker.com\/products\/6014502\/a1c72f55380cfd9936a211e24b4bb086.jpg\" \/><\/section>\n<\/p><\/div>\n<div class=\"item item-6\">\n<section class=\"text-item\">\n<h1>Relaxdays Lampa do pokoju dzieci\u0119cego, gwiazdy, wisz\u0105ca lampa aba\u017curowa, ch\u0142opcy i dziewczynki, gwia\u017adziste niebo, E27, okr\u0105g\u0142y aba\u017cur z materia\u0142u, mi\u0119towa<\/h1>\n<h2>Producent: Relaxdays<\/h2>\n<\/section><\/div>\n<\/section>\n<section class=\"section\">\n<div class=\"item item-6\">\n<section class=\"text-item\">\n<ul>\n<li>Dla dzieci: mi\u0119towo-zielona lampa wisz\u0105ca z motywem gwia\u017adzistego nieba \u2013 idealna do pokoju dzieci\u0119cego ma\u0142ych marzycieli<\/li>\n<li>Wzornictwo: okr\u0105g\u0142y klosz lampy z materia\u0142u jest wyposa\u017cony w przezroczyste gwiazdki &#8211; z oprawk\u0105 E27<\/li>\n<li>Podstawa: \u015bliczna lampa do pokoju dzieci\u0119cego, wys. x \u015br.: ok. 122 x 27 cm, d\u0142ugo\u015b\u0107 kabla: ok. 98 cm, baldachim ok. \u00d8 10 cm<\/li>\n<li>Pok\u00f3j dzieci\u0119cy: delikatnie obudzi maluchy lub po\u017cegnaj si\u0119 z dobr\u0105 noc\u0105<\/li>\n<li>Monta\u017c: Lampk\u0119 mo\u017cna w mgnieniu oka przymocowa\u0107 do sufitu \u2013 w zestawie \u015bruby i ko\u0142ki<\/li>\n<\/ul>\n<\/section><\/div>\n<div class=\"item item-6\">\n<section class=\"image-item\"><img decoding=\"async\" src=\"https:\/\/upload.cdn.baselinker.com\/products\/6014502\/8d457a287d68c8d2b8009c708900e3ac.jpg\" \/><\/section>\n<\/p><\/div>\n<\/section>\n<section class=\"section\">\n<div class=\"item item-6\">\n<section class=\"image-item\"><img decoding=\"async\" src=\"https:\/\/upload.cdn.baselinker.com\/products\/6014502\/3d49f98ca480dc6a83ca2db72022a3d0.jpg\" \/><\/section>\n<\/p><\/div>\n<div class=\"item item-6\">\n<section class=\"text-item\">\n<ul>\n<li><b>waga przedmiotu<\/b>: 500 grams<\/li>\n<li><b>punkt znaku wypunktowania<\/b>: Dla dzieci: mi\u0119towo-zielona lampa wisz\u0105ca z motywem gwia\u017adzistego nieba \u2013 idealna do pokoju dzieci\u0119cego ma\u0142ych marzycieli, Wzornictwo: okr\u0105g\u0142y klosz lampy z materia\u0142u jest wyposa\u017cony w przezroczyste gwiazdki &#8211; z oprawk\u0105 E27, Podstawa: \u015bliczna lampa do pokoju dzieci\u0119cego, wys. x \u015br.: ok. 122 x 27 cm, d\u0142ugo\u015b\u0107 kabla: ok. 98 cm, baldachim ok. \u00d8 10 cm, Pok\u00f3j dzieci\u0119cy: delikatnie obudzi maluchy lub po\u017cegnaj si\u0119 z dobr\u0105 noc\u0105, Monta\u017c: Lampk\u0119 mo\u017cna w mgnieniu oka przymocowa\u0107 do sufitu \u2013 w zestawie \u015bruby i ko\u0142ki<\/li>\n<li><b>ilo\u015b\u0107 sztuk w opakowaniu<\/b>: 1<\/li>\n<li><b>marka<\/b>: Relaxdays<\/li>\n<li><b>efektywno\u015b\u0107<\/b>: A++<\/li>\n<li><b>poziom opakowania<\/b>: unit<\/li>\n<li><b>Liczba przedmiot\u00f3w<\/b>: 1<\/li>\n<li><b>rozmiar<\/b>: Mint<\/li>\n<li><b>kolor<\/b>: mi\u0119towy<\/li>\n<li><b>nazwa typu elementu<\/b>: Relaxdays Lampa do pokoju dzieci\u0119cego, gwiazdy, wisz\u0105ca lampa aba\u017curowa, ch\u0142opcy i dziewcz\u0119ta, gwia\u017adziste niebo, E27, okr\u0105g\u0142y aba\u017cur z materia\u0142u, mi\u0119towa<\/li>\n<li><b>waga opakowania przedmiotu<\/b>: 0.81 kilograms<\/li>\n<li><b>rodzaj pakietu klienta<\/b>: opakowanie standardowe<\/li>\n<li><b>producent<\/b>: Relaxdays<\/li>\n<li><b>moc<\/b>: 60 watts<\/li>\n<li><b>zewn\u0119trznie przypisany identyfikator produktu<\/b>: 4052025904944<\/li>\n<li><b>kszta\u0142t przedmiotu<\/b>: Okr\u0105g<\/li>\n<li><b>zalecane w\u0119z\u0142y przegl\u0105dania<\/b>: 20784924031, 20785965031<\/li>\n<li><b>nazwa przedmiotu<\/b>: Relaxdays Lampa do pokoju dzieci\u0119cego, gwiazdy, wisz\u0105ca lampa aba\u017curowa, ch\u0142opcy i dziewczynki, gwia\u017adziste niebo, E27, okr\u0105g\u0142y aba\u017cur z materia\u0142u, mi\u0119towa<\/li>\n<li><b>rodzaj \u017ar\u00f3d\u0142a zasilania<\/b>: pr\u0105d zmienny<\/li>\n<li><b>Napi\u0119cie<\/b>: 230 volts<\/li>\n<li><b>data uruchomienia strony produktu<\/b>: 2021-01-23T14:08:21.536Z<\/li>\n<\/ul>\n<\/section><\/div>\n<\/section>\n<section class=\"section\">\n<div class=\"item item-12\">\n<section class=\"image-item\"><img decoding=\"async\" src=\"https:\/\/upload.cdn.baselinker.com\/products\/6014502\/9bc110ebd1a9090cb5d899579cff3404.jpg\" \/><\/section>\n<\/p><\/div>\n<\/section>\n<section class=\"section\">\n<div class=\"item item-12\">\n<section class=\"image-item\"><img decoding=\"async\" src=\"https:\/\/upload.cdn.baselinker.com\/products\/6014502\/8d457a287d68c8d2b8009c708900e3ac.jpg\" \/><\/section>\n<\/p><\/div>\n<\/section>\n<section class=\"section\">\n<div class=\"item item-12\">\n<section class=\"image-item\"><img decoding=\"async\" src=\"https:\/\/upload.cdn.baselinker.com\/products\/6014502\/a1c72f55380cfd9936a211e24b4bb086.jpg\" \/><\/section>\n<\/p><\/div>\n<\/section>\n<section class=\"section\">\n<div class=\"item item-12\">\n<section class=\"text-item\">\n<p>3<\/p>\n<\/section><\/div>\n<\/section>","protected":false},"excerpt":{"rendered":"<p>Relaxdays Lampa do pokoju dzieci\u0119cego, gwiazdy, wisz\u0105ca lampa aba\u017curowa, ch\u0142opcy i dziewczynki, gwia\u017adziste niebo, E27, okr\u0105g\u0142y aba\u017cur z materia\u0142u, mi\u0119towa<\/p>","protected":false},"featured_media":34826,"template":"","meta":[],"product_brand":[],"product_cat":[81,513,514,159],"product_tag":[],"class_list":{"0":"post-34832","1":"product","2":"type-product","3":"status-publish","4":"has-post-thumbnail","6":"product_cat-dziecko","7":"product_cat-lampy-pokoj-dzieciecy","8":"product_cat-lampy-sufitowe-lampy-pokoj-dzieciecy","9":"product_cat-pokoj-dzieciecy","11":"first","12":"instock","13":"taxable","14":"shipping-taxable","15":"purchasable","16":"product-type-simple"},"yoast_head":"<!-- This site is optimized with the Yoast SEO plugin v25.7 - https:\/\/yoast.com\/wordpress\/plugins\/seo\/ -->\n<title>Relaxdays Lampa do pokoju dzieci\u0119cego, gwiazdy, - Rad-Pal<\/title>\n<meta name=\"robots\" content=\"index, follow, max-snippet:-1, max-image-preview:large, max-video-preview:-1\" \/>\n<link rel=\"canonical\" href=\"https:\/\/rad-pal.com.pl\/en\/sklep\/bez-kategorii\/relaxdays-lampa-do-pokoju-dzieciecego-gwiazdy\/\" \/>\n<meta property=\"og:locale\" content=\"en_GB\" \/>\n<meta property=\"og:type\" content=\"article\" \/>\n<meta property=\"og:title\" content=\"Relaxdays Lampa do pokoju dzieci\u0119cego, gwiazdy, - Rad-Pal\" \/>\n<meta property=\"og:description\" content=\"Relaxdays Lampa do pokoju dzieci\u0119cego, gwiazdy, wisz\u0105ca lampa aba\u017curowa, ch\u0142opcy i dziewczynki, gwia\u017adziste niebo, E27, okr\u0105g\u0142y aba\u017cur z materia\u0142u, mi\u0119towa\" \/>\n<meta property=\"og:url\" content=\"https:\/\/rad-pal.com.pl\/en\/sklep\/bez-kategorii\/relaxdays-lampa-do-pokoju-dzieciecego-gwiazdy\/\" \/>\n<meta property=\"og:site_name\" content=\"Rad-Pal\" \/>\n<meta property=\"article:modified_time\" content=\"2026-02-19T17:24:21+00:00\" \/>\n<meta property=\"og:image\" content=\"https:\/\/upload.cdn.baselinker.com\/products\/6014502\/a1c72f55380cfd9936a211e24b4bb086.jpg\" \/>\n<meta name=\"twitter:card\" content=\"summary_large_image\" \/>\n<meta name=\"twitter:label1\" content=\"Estimated reading time\" \/>\n\t<meta name=\"twitter:data1\" content=\"2 minutes\" \/>\n<script type=\"application\/ld+json\" class=\"yoast-schema-graph\">{\"@context\":\"https:\/\/schema.org\",\"@graph\":[{\"@type\":\"WebPage\",\"@id\":\"https:\/\/rad-pal.com.pl\/sklep\/bez-kategorii\/relaxdays-lampa-do-pokoju-dzieciecego-gwiazdy\/\",\"url\":\"https:\/\/rad-pal.com.pl\/sklep\/bez-kategorii\/relaxdays-lampa-do-pokoju-dzieciecego-gwiazdy\/\",\"name\":\"Relaxdays Lampa do pokoju dzieci\u0119cego, gwiazdy, - Rad-Pal\",\"isPartOf\":{\"@id\":\"https:\/\/rad-pal.com.pl\/#website\"},\"primaryImageOfPage\":{\"@id\":\"https:\/\/rad-pal.com.pl\/sklep\/bez-kategorii\/relaxdays-lampa-do-pokoju-dzieciecego-gwiazdy\/#primaryimage\"},\"image\":{\"@id\":\"https:\/\/rad-pal.com.pl\/sklep\/bez-kategorii\/relaxdays-lampa-do-pokoju-dzieciecego-gwiazdy\/#primaryimage\"},\"thumbnailUrl\":\"https:\/\/rad-pal.com.pl\/wp-content\/uploads\/2026\/02\/9bc110ebd1a9090cb5d899579cff3404.jpg\",\"datePublished\":\"2026-02-19T16:26:35+00:00\",\"dateModified\":\"2026-02-19T17:24:21+00:00\",\"breadcrumb\":{\"@id\":\"https:\/\/rad-pal.com.pl\/sklep\/bez-kategorii\/relaxdays-lampa-do-pokoju-dzieciecego-gwiazdy\/#breadcrumb\"},\"inLanguage\":\"en-GB\",\"potentialAction\":[{\"@type\":\"ReadAction\",\"target\":[\"https:\/\/rad-pal.com.pl\/sklep\/bez-kategorii\/relaxdays-lampa-do-pokoju-dzieciecego-gwiazdy\/\"]}]},{\"@type\":\"ImageObject\",\"inLanguage\":\"en-GB\",\"@id\":\"https:\/\/rad-pal.com.pl\/sklep\/bez-kategorii\/relaxdays-lampa-do-pokoju-dzieciecego-gwiazdy\/#primaryimage\",\"url\":\"https:\/\/rad-pal.com.pl\/wp-content\/uploads\/2026\/02\/9bc110ebd1a9090cb5d899579cff3404.jpg\",\"contentUrl\":\"https:\/\/rad-pal.com.pl\/wp-content\/uploads\/2026\/02\/9bc110ebd1a9090cb5d899579cff3404.jpg\",\"width\":2560,\"height\":2560,\"caption\":\"58c035062a8461250de21b304f2c93d8\"},{\"@type\":\"BreadcrumbList\",\"@id\":\"https:\/\/rad-pal.com.pl\/sklep\/bez-kategorii\/relaxdays-lampa-do-pokoju-dzieciecego-gwiazdy\/#breadcrumb\",\"itemListElement\":[{\"@type\":\"ListItem\",\"position\":1,\"name\":\"Strona g\u0142\u00f3wna\",\"item\":\"https:\/\/rad-pal.com.pl\/\"},{\"@type\":\"ListItem\",\"position\":2,\"name\":\"Sklep\",\"item\":\"https:\/\/rad-pal.com.pl\/sklep\/\"},{\"@type\":\"ListItem\",\"position\":3,\"name\":\"Relaxdays Lampa do pokoju dzieci\u0119cego, gwiazdy,\"}]},{\"@type\":\"WebSite\",\"@id\":\"https:\/\/rad-pal.com.pl\/#website\",\"url\":\"https:\/\/rad-pal.com.pl\/\",\"name\":\"Rad-Pal\",\"description\":\"\",\"publisher\":{\"@id\":\"https:\/\/rad-pal.com.pl\/#organization\"},\"potentialAction\":[{\"@type\":\"SearchAction\",\"target\":{\"@type\":\"EntryPoint\",\"urlTemplate\":\"https:\/\/rad-pal.com.pl\/?s={search_term_string}\"},\"query-input\":{\"@type\":\"PropertyValueSpecification\",\"valueRequired\":true,\"valueName\":\"search_term_string\"}}],\"inLanguage\":\"en-GB\"},{\"@type\":\"Organization\",\"@id\":\"https:\/\/rad-pal.com.pl\/#organization\",\"name\":\"Rad-Pal\",\"url\":\"https:\/\/rad-pal.com.pl\/\",\"logo\":{\"@type\":\"ImageObject\",\"inLanguage\":\"en-GB\",\"@id\":\"https:\/\/rad-pal.com.pl\/#\/schema\/logo\/image\/\",\"url\":\"https:\/\/rad-pal.com.pl\/wp-content\/uploads\/2026\/03\/Projekt-bez-nazwy-30.webp\",\"contentUrl\":\"https:\/\/rad-pal.com.pl\/wp-content\/uploads\/2026\/03\/Projekt-bez-nazwy-30.webp\",\"width\":600,\"height\":210,\"caption\":\"Rad-Pal\"},\"image\":{\"@id\":\"https:\/\/rad-pal.com.pl\/#\/schema\/logo\/image\/\"}}]}<\/script>\n<!-- \/ Yoast SEO plugin. -->","yoast_head_json":{"title":"Relaxdays Lampa do pokoju dzieci\u0119cego, gwiazdy, - Rad-Pal","robots":{"index":"index","follow":"follow","max-snippet":"max-snippet:-1","max-image-preview":"max-image-preview:large","max-video-preview":"max-video-preview:-1"},"canonical":"https:\/\/rad-pal.com.pl\/en\/sklep\/bez-kategorii\/relaxdays-lampa-do-pokoju-dzieciecego-gwiazdy\/","og_locale":"en_GB","og_type":"article","og_title":"Relaxdays Lampa do pokoju dzieci\u0119cego, gwiazdy, - Rad-Pal","og_description":"Relaxdays Lampa do pokoju dzieci\u0119cego, gwiazdy, wisz\u0105ca lampa aba\u017curowa, ch\u0142opcy i dziewczynki, gwia\u017adziste niebo, E27, okr\u0105g\u0142y aba\u017cur z materia\u0142u, mi\u0119towa","og_url":"https:\/\/rad-pal.com.pl\/en\/sklep\/bez-kategorii\/relaxdays-lampa-do-pokoju-dzieciecego-gwiazdy\/","og_site_name":"Rad-Pal","article_modified_time":"2026-02-19T17:24:21+00:00","og_image":[{"url":"https:\/\/upload.cdn.baselinker.com\/products\/6014502\/a1c72f55380cfd9936a211e24b4bb086.jpg","type":"","width":"","height":""}],"twitter_card":"summary_large_image","twitter_misc":{"Estimated reading time":"2 minutes"},"schema":{"@context":"https:\/\/schema.org","@graph":[{"@type":"WebPage","@id":"https:\/\/rad-pal.com.pl\/sklep\/bez-kategorii\/relaxdays-lampa-do-pokoju-dzieciecego-gwiazdy\/","url":"https:\/\/rad-pal.com.pl\/sklep\/bez-kategorii\/relaxdays-lampa-do-pokoju-dzieciecego-gwiazdy\/","name":"Relaxdays Lampa do pokoju dzieci\u0119cego, gwiazdy, - Rad-Pal","isPartOf":{"@id":"https:\/\/rad-pal.com.pl\/#website"},"primaryImageOfPage":{"@id":"https:\/\/rad-pal.com.pl\/sklep\/bez-kategorii\/relaxdays-lampa-do-pokoju-dzieciecego-gwiazdy\/#primaryimage"},"image":{"@id":"https:\/\/rad-pal.com.pl\/sklep\/bez-kategorii\/relaxdays-lampa-do-pokoju-dzieciecego-gwiazdy\/#primaryimage"},"thumbnailUrl":"https:\/\/rad-pal.com.pl\/wp-content\/uploads\/2026\/02\/9bc110ebd1a9090cb5d899579cff3404.jpg","datePublished":"2026-02-19T16:26:35+00:00","dateModified":"2026-02-19T17:24:21+00:00","breadcrumb":{"@id":"https:\/\/rad-pal.com.pl\/sklep\/bez-kategorii\/relaxdays-lampa-do-pokoju-dzieciecego-gwiazdy\/#breadcrumb"},"inLanguage":"en-GB","potentialAction":[{"@type":"ReadAction","target":["https:\/\/rad-pal.com.pl\/sklep\/bez-kategorii\/relaxdays-lampa-do-pokoju-dzieciecego-gwiazdy\/"]}]},{"@type":"ImageObject","inLanguage":"en-GB","@id":"https:\/\/rad-pal.com.pl\/sklep\/bez-kategorii\/relaxdays-lampa-do-pokoju-dzieciecego-gwiazdy\/#primaryimage","url":"https:\/\/rad-pal.com.pl\/wp-content\/uploads\/2026\/02\/9bc110ebd1a9090cb5d899579cff3404.jpg","contentUrl":"https:\/\/rad-pal.com.pl\/wp-content\/uploads\/2026\/02\/9bc110ebd1a9090cb5d899579cff3404.jpg","width":2560,"height":2560,"caption":"58c035062a8461250de21b304f2c93d8"},{"@type":"BreadcrumbList","@id":"https:\/\/rad-pal.com.pl\/sklep\/bez-kategorii\/relaxdays-lampa-do-pokoju-dzieciecego-gwiazdy\/#breadcrumb","itemListElement":[{"@type":"ListItem","position":1,"name":"Strona g\u0142\u00f3wna","item":"https:\/\/rad-pal.com.pl\/"},{"@type":"ListItem","position":2,"name":"Sklep","item":"https:\/\/rad-pal.com.pl\/sklep\/"},{"@type":"ListItem","position":3,"name":"Relaxdays Lampa do pokoju dzieci\u0119cego, gwiazdy,"}]},{"@type":"WebSite","@id":"https:\/\/rad-pal.com.pl\/#website","url":"https:\/\/rad-pal.com.pl\/","name":"Rad-Pal","description":"","publisher":{"@id":"https:\/\/rad-pal.com.pl\/#organization"},"potentialAction":[{"@type":"SearchAction","target":{"@type":"EntryPoint","urlTemplate":"https:\/\/rad-pal.com.pl\/?s={search_term_string}"},"query-input":{"@type":"PropertyValueSpecification","valueRequired":true,"valueName":"search_term_string"}}],"inLanguage":"en-GB"},{"@type":"Organization","@id":"https:\/\/rad-pal.com.pl\/#organization","name":"Rad-Pal","url":"https:\/\/rad-pal.com.pl\/","logo":{"@type":"ImageObject","inLanguage":"en-GB","@id":"https:\/\/rad-pal.com.pl\/#\/schema\/logo\/image\/","url":"https:\/\/rad-pal.com.pl\/wp-content\/uploads\/2026\/03\/Projekt-bez-nazwy-30.webp","contentUrl":"https:\/\/rad-pal.com.pl\/wp-content\/uploads\/2026\/03\/Projekt-bez-nazwy-30.webp","width":600,"height":210,"caption":"Rad-Pal"},"image":{"@id":"https:\/\/rad-pal.com.pl\/#\/schema\/logo\/image\/"}}]}},"_links":{"self":[{"href":"https:\/\/rad-pal.com.pl\/en\/wp-json\/wp\/v2\/product\/34832","targetHints":{"allow":["GET"]}}],"collection":[{"href":"https:\/\/rad-pal.com.pl\/en\/wp-json\/wp\/v2\/product"}],"about":[{"href":"https:\/\/rad-pal.com.pl\/en\/wp-json\/wp\/v2\/types\/product"}],"version-history":[{"count":0,"href":"https:\/\/rad-pal.com.pl\/en\/wp-json\/wp\/v2\/product\/34832\/revisions"}],"wp:featuredmedia":[{"embeddable":true,"href":"https:\/\/rad-pal.com.pl\/en\/wp-json\/wp\/v2\/media\/34826"}],"wp:attachment":[{"href":"https:\/\/rad-pal.com.pl\/en\/wp-json\/wp\/v2\/media?parent=34832"}],"wp:term":[{"taxonomy":"product_brand","embeddable":true,"href":"https:\/\/rad-pal.com.pl\/en\/wp-json\/wp\/v2\/product_brand?post=34832"},{"taxonomy":"product_cat","embeddable":true,"href":"https:\/\/rad-pal.com.pl\/en\/wp-json\/wp\/v2\/product_cat?post=34832"},{"taxonomy":"product_tag","embeddable":true,"href":"https:\/\/rad-pal.com.pl\/en\/wp-json\/wp\/v2\/product_tag?post=34832"}],"curies":[{"name":"wp","href":"https:\/\/api.w.org\/{rel}","templated":true}]}}