{"id":35016,"date":"2026-02-19T17:34:36","date_gmt":"2026-02-19T16:34:36","guid":{"rendered":"https:\/\/rad-pal.com.pl\/sklep\/bez-kategorii\/zagiel-ogrodowy-na-balkon-relaxdays-2-x-3-m-bezowy\/"},"modified":"2026-02-19T18:27:06","modified_gmt":"2026-02-19T17:27:06","slug":"zagiel-ogrodowy-na-balkon-relaxdays-2-x-3-m-bezowy","status":"publish","type":"product","link":"https:\/\/rad-pal.com.pl\/en\/sklep\/dom-i-ogrod\/ogrod\/markizy-oslony-maty\/zagiel-ogrodowy-na-balkon-relaxdays-2-x-3-m-bezowy\/","title":{"rendered":"\u017bagiel ogrodowy na balkon Relaxdays 2 x 3 m be\u017cowy"},"content":{"rendered":"<section class=\"section\">\n<div class=\"item item-6\">\n<section class=\"image-item\"><img decoding=\"async\" src=\"https:\/\/upload.cdn.baselinker.com\/products\/6014502\/b57af1b9d77998de9fbfaf5ac0577ee6.jpg\" \/><\/section>\n<\/p><\/div>\n<div class=\"item item-6\">\n<section class=\"text-item\">\n<h1>Relaxdays \u017bagiel przeciws\u0142oneczny, prostok\u0105tny, 2,5 x 3,5 m, wodoodporny, odporny na dzia\u0142anie promieni UV, z linkami napinaj\u0105cymi, na taras, balkon, be\u017cowy<\/h1>\n<h2>Producent: Relaxdays<\/h2>\n<\/section><\/div>\n<\/section>\n<section class=\"section\">\n<div class=\"item item-12\">\n<section class=\"text-item\">\n<ul>\n<li>Ochrona przed promieniowaniem UV: prostok\u0105tny \u017cagiel przeciws\u0142oneczny jako os\u0142ona przed promieniowaniem s\u0142onecznym \u2013 wymiary szer. x g\u0142.: ok. 2,5 x 3,5 m<\/li>\n<li>Na zewn\u0105trz: be\u017cowa os\u0142ona przeciws\u0142oneczna z wytrzyma\u0142ej tkaniny poliestrowej \u2013 odporna na warunki atmosferyczne i dzia\u0142anie wody<\/li>\n<li>Lato: \u017cagiel przeciws\u0142oneczny jako ochrona przed wzrokiem i zapewnia cie\u0144 na balkonie, tarasie, basenie, piaskownicy<\/li>\n<li>Mocowanie: du\u017cy \u017cagiel zacieniaj\u0105cy jest mocowany za pomoc\u0105 4 linek napinaj\u0105cych za pomoc\u0105 haczyk\u00f3w i oczek w materiale<\/li>\n<li>Sk\u0142adane: p\u0142\u00f3tno \u017caglowe mo\u017cna z\u0142o\u017cy\u0107 w mgnieniu oka do torby \u2013 sezonowe na kemping i do ogrodu<\/li>\n<\/ul>\n<\/section><\/div>\n<\/section>\n<section class=\"section\">\n<div class=\"item item-6\">\n<section class=\"image-item\"><img decoding=\"async\" src=\"https:\/\/upload.cdn.baselinker.com\/products\/6014502\/f49280cd12112922f8822487ec2978c4.jpg\" \/><\/section>\n<\/p><\/div>\n<div class=\"item item-6\">\n<section class=\"text-item\">\n<ul>\n<li><b>waga przedmiotu<\/b>: 1.46 kilograms<\/li>\n<li><b>Nazwa modelu<\/b>: \u017cagiel przeciws\u0142oneczny<\/li>\n<li><b>punkt znaku wypunktowania<\/b>: Ochrona przed promieniowaniem UV: prostok\u0105tny \u017cagiel przeciws\u0142oneczny jako os\u0142ona przed promieniowaniem s\u0142onecznym \u2013 wymiary szer. x g\u0142.: ok. 2,5 x 3,5 m, Na zewn\u0105trz: be\u017cowa os\u0142ona przeciws\u0142oneczna z wytrzyma\u0142ej tkaniny poliestrowej \u2013 odporna na warunki atmosferyczne i dzia\u0142anie wody, Lato: \u017cagiel przeciws\u0142oneczny jako ochrona przed wzrokiem i zapewnia cie\u0144 na balkonie, tarasie, basenie, piaskownicy, Mocowanie: du\u017cy \u017cagiel zacieniaj\u0105cy jest mocowany za pomoc\u0105 4 linek napinaj\u0105cych za pomoc\u0105 haczyk\u00f3w i oczek w materiale, Sk\u0142adane: p\u0142\u00f3tno \u017caglowe mo\u017cna z\u0142o\u017cy\u0107 w mgnieniu oka do torby \u2013 sezonowe na kemping i do ogrodu<\/li>\n<li><b>ilo\u015b\u0107 sztuk w opakowaniu<\/b>: 1<\/li>\n<li><b>marka<\/b>: Relaxdays<\/li>\n<li><b>poziom opakowania<\/b>: unit<\/li>\n<li><b>Liczba przedmiot\u00f3w<\/b>: 1<\/li>\n<li><b>kolor<\/b>: be\u017cowy<\/li>\n<li><b>nazwa typu elementu<\/b>: Relaxdays \u017bagiel przeciws\u0142oneczny, prostok\u0105tny, 2,5 x 3,5 m, wodoodporny, odporny na dzia\u0142anie promieni UV, z linkami napinaj\u0105cymi, na taras, balkon, be\u017cowy<\/li>\n<li><b>waga opakowania przedmiotu<\/b>: 1.687 kilograms<\/li>\n<li><b>producent<\/b>: Relaxdays<\/li>\n<li><b>zewn\u0119trznie przypisany identyfikator produktu<\/b>: 4052025894849<\/li>\n<li><b>zalecane w\u0119z\u0142y przegl\u0105dania<\/b>: 20855292031<\/li>\n<li><b>specjalna funkcja<\/b>: Wodoodporna<\/li>\n<li><b>nazwa przedmiotu<\/b>: Relaxdays \u017bagiel przeciws\u0142oneczny, prostok\u0105tny, 2,5 x 3,5 m, wodoodporny, odporny na dzia\u0142anie promieni UV, z linkami napinaj\u0105cymi, na taras, balkon, be\u017cowy<\/li>\n<li><b>rodzaj \u017ar\u00f3d\u0142a zasilania<\/b>: Obs\u0142uga r\u0119czna<\/li>\n<li><b>materia\u0142<\/b>: 90% poliester 10% stal nierdzewna<\/li>\n<\/ul>\n<\/section><\/div>\n<\/section>\n<section class=\"section\">\n<div class=\"item item-6\">\n<section class=\"image-item\"><img decoding=\"async\" src=\"https:\/\/upload.cdn.baselinker.com\/products\/6014502\/7815a5592a06bbdcb0c29864d78b9810.jpg\" \/><\/section>\n<\/p><\/div>\n<div class=\"item item-6\">\n<section class=\"image-item\"><img decoding=\"async\" src=\"https:\/\/upload.cdn.baselinker.com\/products\/6014502\/48697b6f845a215756a53cc60478f999.jpg\" \/><\/section>\n<\/p><\/div>\n<\/section>\n<section class=\"section\">\n<div class=\"item item-6\">\n<section class=\"image-item\"><img decoding=\"async\" src=\"https:\/\/upload.cdn.baselinker.com\/products\/6014502\/8b6af0e9afc2d9a54db3878e57ef0deb.jpg\" \/><\/section>\n<\/p><\/div>\n<div class=\"item item-6\">\n<section class=\"image-item\"><img decoding=\"async\" src=\"https:\/\/upload.cdn.baselinker.com\/products\/6014502\/f49a7399dc8cea851a23c6f6b5de0963.jpg\" \/><\/section>\n<\/p><\/div>\n<\/section>\n<section class=\"section\">\n<div class=\"item item-6\">\n<section class=\"image-item\"><img decoding=\"async\" src=\"https:\/\/upload.cdn.baselinker.com\/products\/6014502\/114ff16ab7790cf60cfb88e44ea3104c.jpg\" \/><\/section>\n<\/p><\/div>\n<div class=\"item item-6\">\n<section class=\"image-item\"><img decoding=\"async\" src=\"https:\/\/upload.cdn.baselinker.com\/products\/6014502\/4886466dd22203910cfb14f9f29b9c48.jpg\" \/><\/section>\n<\/p><\/div>\n<\/section>\n<section class=\"section\">\n<div class=\"item item-12\">\n<section class=\"text-item\">\n<p>5<\/p>\n<\/section><\/div>\n<\/section>","protected":false},"excerpt":{"rendered":"<p>Relaxdays \u017bagiel przeciws\u0142oneczny, prostok\u0105tny, 2,5 x 3,5 m, wodoodporny, odporny na dzia\u0142anie promieni UV, z linkami napinaj\u0105cymi, na taras, balkon,<\/p>","protected":false},"featured_media":35026,"template":"","meta":[],"product_brand":[],"product_cat":[86,302,111],"product_tag":[],"class_list":{"0":"post-35016","1":"product","2":"type-product","3":"status-publish","4":"has-post-thumbnail","6":"product_cat-dom-i-ogrod","7":"product_cat-markizy-oslony-maty","8":"product_cat-ogrod","10":"first","11":"instock","12":"taxable","13":"shipping-taxable","14":"purchasable","15":"product-type-simple"},"yoast_head":"<!-- This site is optimized with the Yoast SEO plugin v25.7 - https:\/\/yoast.com\/wordpress\/plugins\/seo\/ -->\n<title>\u017bagiel ogrodowy na balkon Relaxdays 2 x 3 m be\u017cowy - Rad-Pal<\/title>\n<meta name=\"robots\" content=\"index, follow, max-snippet:-1, max-image-preview:large, max-video-preview:-1\" \/>\n<link rel=\"canonical\" href=\"https:\/\/rad-pal.com.pl\/en\/sklep\/dom-i-ogrod\/ogrod\/markizy-oslony-maty\/zagiel-ogrodowy-na-balkon-relaxdays-2-x-3-m-bezowy\/\" \/>\n<meta property=\"og:locale\" content=\"en_GB\" \/>\n<meta property=\"og:type\" content=\"article\" \/>\n<meta property=\"og:title\" content=\"\u017bagiel ogrodowy na balkon Relaxdays 2 x 3 m be\u017cowy - Rad-Pal\" \/>\n<meta property=\"og:description\" content=\"Relaxdays \u017bagiel przeciws\u0142oneczny, prostok\u0105tny, 2,5 x 3,5 m, wodoodporny, odporny na dzia\u0142anie promieni UV, z linkami napinaj\u0105cymi, na taras, balkon,\" \/>\n<meta property=\"og:url\" content=\"https:\/\/rad-pal.com.pl\/en\/sklep\/dom-i-ogrod\/ogrod\/markizy-oslony-maty\/zagiel-ogrodowy-na-balkon-relaxdays-2-x-3-m-bezowy\/\" \/>\n<meta property=\"og:site_name\" content=\"Rad-Pal\" \/>\n<meta property=\"article:modified_time\" content=\"2026-02-19T17:27:06+00:00\" \/>\n<meta property=\"og:image\" content=\"https:\/\/rad-pal.com.pl\/wp-content\/uploads\/2026\/02\/c17fa2aa4f15dc8163df8dcc3e90ec14.jpg\" \/>\n\t<meta property=\"og:image:width\" content=\"1500\" \/>\n\t<meta property=\"og:image:height\" content=\"1316\" \/>\n\t<meta property=\"og:image:type\" content=\"image\/jpeg\" \/>\n<meta name=\"twitter:card\" content=\"summary_large_image\" \/>\n<meta name=\"twitter:label1\" content=\"Estimated reading time\" \/>\n\t<meta name=\"twitter:data1\" content=\"2 minutes\" \/>\n<script type=\"application\/ld+json\" class=\"yoast-schema-graph\">{\"@context\":\"https:\/\/schema.org\",\"@graph\":[{\"@type\":\"WebPage\",\"@id\":\"https:\/\/rad-pal.com.pl\/sklep\/dom-i-ogrod\/ogrod\/markizy-oslony-maty\/zagiel-ogrodowy-na-balkon-relaxdays-2-x-3-m-bezowy\/\",\"url\":\"https:\/\/rad-pal.com.pl\/sklep\/dom-i-ogrod\/ogrod\/markizy-oslony-maty\/zagiel-ogrodowy-na-balkon-relaxdays-2-x-3-m-bezowy\/\",\"name\":\"\u017bagiel ogrodowy na balkon Relaxdays 2 x 3 m be\u017cowy - Rad-Pal\",\"isPartOf\":{\"@id\":\"https:\/\/rad-pal.com.pl\/#website\"},\"primaryImageOfPage\":{\"@id\":\"https:\/\/rad-pal.com.pl\/sklep\/dom-i-ogrod\/ogrod\/markizy-oslony-maty\/zagiel-ogrodowy-na-balkon-relaxdays-2-x-3-m-bezowy\/#primaryimage\"},\"image\":{\"@id\":\"https:\/\/rad-pal.com.pl\/sklep\/dom-i-ogrod\/ogrod\/markizy-oslony-maty\/zagiel-ogrodowy-na-balkon-relaxdays-2-x-3-m-bezowy\/#primaryimage\"},\"thumbnailUrl\":\"https:\/\/rad-pal.com.pl\/wp-content\/uploads\/2026\/02\/c17fa2aa4f15dc8163df8dcc3e90ec14-2.jpg\",\"datePublished\":\"2026-02-19T16:34:36+00:00\",\"dateModified\":\"2026-02-19T17:27:06+00:00\",\"breadcrumb\":{\"@id\":\"https:\/\/rad-pal.com.pl\/sklep\/dom-i-ogrod\/ogrod\/markizy-oslony-maty\/zagiel-ogrodowy-na-balkon-relaxdays-2-x-3-m-bezowy\/#breadcrumb\"},\"inLanguage\":\"en-GB\",\"potentialAction\":[{\"@type\":\"ReadAction\",\"target\":[\"https:\/\/rad-pal.com.pl\/sklep\/dom-i-ogrod\/ogrod\/markizy-oslony-maty\/zagiel-ogrodowy-na-balkon-relaxdays-2-x-3-m-bezowy\/\"]}]},{\"@type\":\"ImageObject\",\"inLanguage\":\"en-GB\",\"@id\":\"https:\/\/rad-pal.com.pl\/sklep\/dom-i-ogrod\/ogrod\/markizy-oslony-maty\/zagiel-ogrodowy-na-balkon-relaxdays-2-x-3-m-bezowy\/#primaryimage\",\"url\":\"https:\/\/rad-pal.com.pl\/wp-content\/uploads\/2026\/02\/c17fa2aa4f15dc8163df8dcc3e90ec14-2.jpg\",\"contentUrl\":\"https:\/\/rad-pal.com.pl\/wp-content\/uploads\/2026\/02\/c17fa2aa4f15dc8163df8dcc3e90ec14-2.jpg\",\"width\":1500,\"height\":1316,\"caption\":\"a6dd1cd1003920d5977a72bfef8a529d\"},{\"@type\":\"BreadcrumbList\",\"@id\":\"https:\/\/rad-pal.com.pl\/sklep\/dom-i-ogrod\/ogrod\/markizy-oslony-maty\/zagiel-ogrodowy-na-balkon-relaxdays-2-x-3-m-bezowy\/#breadcrumb\",\"itemListElement\":[{\"@type\":\"ListItem\",\"position\":1,\"name\":\"Strona g\u0142\u00f3wna\",\"item\":\"https:\/\/rad-pal.com.pl\/\"},{\"@type\":\"ListItem\",\"position\":2,\"name\":\"Sklep\",\"item\":\"https:\/\/rad-pal.com.pl\/sklep\/\"},{\"@type\":\"ListItem\",\"position\":3,\"name\":\"\u017bagiel ogrodowy na balkon Relaxdays 2 x 3 m be\u017cowy\"}]},{\"@type\":\"WebSite\",\"@id\":\"https:\/\/rad-pal.com.pl\/#website\",\"url\":\"https:\/\/rad-pal.com.pl\/\",\"name\":\"Rad-Pal\",\"description\":\"\",\"publisher\":{\"@id\":\"https:\/\/rad-pal.com.pl\/#organization\"},\"potentialAction\":[{\"@type\":\"SearchAction\",\"target\":{\"@type\":\"EntryPoint\",\"urlTemplate\":\"https:\/\/rad-pal.com.pl\/?s={search_term_string}\"},\"query-input\":{\"@type\":\"PropertyValueSpecification\",\"valueRequired\":true,\"valueName\":\"search_term_string\"}}],\"inLanguage\":\"en-GB\"},{\"@type\":\"Organization\",\"@id\":\"https:\/\/rad-pal.com.pl\/#organization\",\"name\":\"Rad-Pal\",\"url\":\"https:\/\/rad-pal.com.pl\/\",\"logo\":{\"@type\":\"ImageObject\",\"inLanguage\":\"en-GB\",\"@id\":\"https:\/\/rad-pal.com.pl\/#\/schema\/logo\/image\/\",\"url\":\"https:\/\/rad-pal.com.pl\/wp-content\/uploads\/2026\/03\/Projekt-bez-nazwy-30.webp\",\"contentUrl\":\"https:\/\/rad-pal.com.pl\/wp-content\/uploads\/2026\/03\/Projekt-bez-nazwy-30.webp\",\"width\":600,\"height\":210,\"caption\":\"Rad-Pal\"},\"image\":{\"@id\":\"https:\/\/rad-pal.com.pl\/#\/schema\/logo\/image\/\"}}]}<\/script>\n<!-- \/ Yoast SEO plugin. -->","yoast_head_json":{"title":"\u017bagiel ogrodowy na balkon Relaxdays 2 x 3 m be\u017cowy - Rad-Pal","robots":{"index":"index","follow":"follow","max-snippet":"max-snippet:-1","max-image-preview":"max-image-preview:large","max-video-preview":"max-video-preview:-1"},"canonical":"https:\/\/rad-pal.com.pl\/en\/sklep\/dom-i-ogrod\/ogrod\/markizy-oslony-maty\/zagiel-ogrodowy-na-balkon-relaxdays-2-x-3-m-bezowy\/","og_locale":"en_GB","og_type":"article","og_title":"\u017bagiel ogrodowy na balkon Relaxdays 2 x 3 m be\u017cowy - Rad-Pal","og_description":"Relaxdays \u017bagiel przeciws\u0142oneczny, prostok\u0105tny, 2,5 x 3,5 m, wodoodporny, odporny na dzia\u0142anie promieni UV, z linkami napinaj\u0105cymi, na taras, balkon,","og_url":"https:\/\/rad-pal.com.pl\/en\/sklep\/dom-i-ogrod\/ogrod\/markizy-oslony-maty\/zagiel-ogrodowy-na-balkon-relaxdays-2-x-3-m-bezowy\/","og_site_name":"Rad-Pal","article_modified_time":"2026-02-19T17:27:06+00:00","og_image":[{"width":1500,"height":1316,"url":"https:\/\/rad-pal.com.pl\/wp-content\/uploads\/2026\/02\/c17fa2aa4f15dc8163df8dcc3e90ec14.jpg","type":"image\/jpeg"}],"twitter_card":"summary_large_image","twitter_misc":{"Estimated reading time":"2 minutes"},"schema":{"@context":"https:\/\/schema.org","@graph":[{"@type":"WebPage","@id":"https:\/\/rad-pal.com.pl\/sklep\/dom-i-ogrod\/ogrod\/markizy-oslony-maty\/zagiel-ogrodowy-na-balkon-relaxdays-2-x-3-m-bezowy\/","url":"https:\/\/rad-pal.com.pl\/sklep\/dom-i-ogrod\/ogrod\/markizy-oslony-maty\/zagiel-ogrodowy-na-balkon-relaxdays-2-x-3-m-bezowy\/","name":"\u017bagiel ogrodowy na balkon Relaxdays 2 x 3 m be\u017cowy - Rad-Pal","isPartOf":{"@id":"https:\/\/rad-pal.com.pl\/#website"},"primaryImageOfPage":{"@id":"https:\/\/rad-pal.com.pl\/sklep\/dom-i-ogrod\/ogrod\/markizy-oslony-maty\/zagiel-ogrodowy-na-balkon-relaxdays-2-x-3-m-bezowy\/#primaryimage"},"image":{"@id":"https:\/\/rad-pal.com.pl\/sklep\/dom-i-ogrod\/ogrod\/markizy-oslony-maty\/zagiel-ogrodowy-na-balkon-relaxdays-2-x-3-m-bezowy\/#primaryimage"},"thumbnailUrl":"https:\/\/rad-pal.com.pl\/wp-content\/uploads\/2026\/02\/c17fa2aa4f15dc8163df8dcc3e90ec14-2.jpg","datePublished":"2026-02-19T16:34:36+00:00","dateModified":"2026-02-19T17:27:06+00:00","breadcrumb":{"@id":"https:\/\/rad-pal.com.pl\/sklep\/dom-i-ogrod\/ogrod\/markizy-oslony-maty\/zagiel-ogrodowy-na-balkon-relaxdays-2-x-3-m-bezowy\/#breadcrumb"},"inLanguage":"en-GB","potentialAction":[{"@type":"ReadAction","target":["https:\/\/rad-pal.com.pl\/sklep\/dom-i-ogrod\/ogrod\/markizy-oslony-maty\/zagiel-ogrodowy-na-balkon-relaxdays-2-x-3-m-bezowy\/"]}]},{"@type":"ImageObject","inLanguage":"en-GB","@id":"https:\/\/rad-pal.com.pl\/sklep\/dom-i-ogrod\/ogrod\/markizy-oslony-maty\/zagiel-ogrodowy-na-balkon-relaxdays-2-x-3-m-bezowy\/#primaryimage","url":"https:\/\/rad-pal.com.pl\/wp-content\/uploads\/2026\/02\/c17fa2aa4f15dc8163df8dcc3e90ec14-2.jpg","contentUrl":"https:\/\/rad-pal.com.pl\/wp-content\/uploads\/2026\/02\/c17fa2aa4f15dc8163df8dcc3e90ec14-2.jpg","width":1500,"height":1316,"caption":"a6dd1cd1003920d5977a72bfef8a529d"},{"@type":"BreadcrumbList","@id":"https:\/\/rad-pal.com.pl\/sklep\/dom-i-ogrod\/ogrod\/markizy-oslony-maty\/zagiel-ogrodowy-na-balkon-relaxdays-2-x-3-m-bezowy\/#breadcrumb","itemListElement":[{"@type":"ListItem","position":1,"name":"Strona g\u0142\u00f3wna","item":"https:\/\/rad-pal.com.pl\/"},{"@type":"ListItem","position":2,"name":"Sklep","item":"https:\/\/rad-pal.com.pl\/sklep\/"},{"@type":"ListItem","position":3,"name":"\u017bagiel ogrodowy na balkon Relaxdays 2 x 3 m be\u017cowy"}]},{"@type":"WebSite","@id":"https:\/\/rad-pal.com.pl\/#website","url":"https:\/\/rad-pal.com.pl\/","name":"Rad-Pal","description":"","publisher":{"@id":"https:\/\/rad-pal.com.pl\/#organization"},"potentialAction":[{"@type":"SearchAction","target":{"@type":"EntryPoint","urlTemplate":"https:\/\/rad-pal.com.pl\/?s={search_term_string}"},"query-input":{"@type":"PropertyValueSpecification","valueRequired":true,"valueName":"search_term_string"}}],"inLanguage":"en-GB"},{"@type":"Organization","@id":"https:\/\/rad-pal.com.pl\/#organization","name":"Rad-Pal","url":"https:\/\/rad-pal.com.pl\/","logo":{"@type":"ImageObject","inLanguage":"en-GB","@id":"https:\/\/rad-pal.com.pl\/#\/schema\/logo\/image\/","url":"https:\/\/rad-pal.com.pl\/wp-content\/uploads\/2026\/03\/Projekt-bez-nazwy-30.webp","contentUrl":"https:\/\/rad-pal.com.pl\/wp-content\/uploads\/2026\/03\/Projekt-bez-nazwy-30.webp","width":600,"height":210,"caption":"Rad-Pal"},"image":{"@id":"https:\/\/rad-pal.com.pl\/#\/schema\/logo\/image\/"}}]}},"_links":{"self":[{"href":"https:\/\/rad-pal.com.pl\/en\/wp-json\/wp\/v2\/product\/35016","targetHints":{"allow":["GET"]}}],"collection":[{"href":"https:\/\/rad-pal.com.pl\/en\/wp-json\/wp\/v2\/product"}],"about":[{"href":"https:\/\/rad-pal.com.pl\/en\/wp-json\/wp\/v2\/types\/product"}],"version-history":[{"count":0,"href":"https:\/\/rad-pal.com.pl\/en\/wp-json\/wp\/v2\/product\/35016\/revisions"}],"wp:featuredmedia":[{"embeddable":true,"href":"https:\/\/rad-pal.com.pl\/en\/wp-json\/wp\/v2\/media\/35026"}],"wp:attachment":[{"href":"https:\/\/rad-pal.com.pl\/en\/wp-json\/wp\/v2\/media?parent=35016"}],"wp:term":[{"taxonomy":"product_brand","embeddable":true,"href":"https:\/\/rad-pal.com.pl\/en\/wp-json\/wp\/v2\/product_brand?post=35016"},{"taxonomy":"product_cat","embeddable":true,"href":"https:\/\/rad-pal.com.pl\/en\/wp-json\/wp\/v2\/product_cat?post=35016"},{"taxonomy":"product_tag","embeddable":true,"href":"https:\/\/rad-pal.com.pl\/en\/wp-json\/wp\/v2\/product_tag?post=35016"}],"curies":[{"name":"wp","href":"https:\/\/api.w.org\/{rel}","templated":true}]}}