{"id":35212,"date":"2026-02-19T17:41:49","date_gmt":"2026-02-19T16:41:49","guid":{"rendered":"https:\/\/rad-pal.com.pl\/sklep\/bez-kategorii\/relaxdays-kratka-do-roslin-pnacych\/"},"modified":"2026-02-19T18:28:12","modified_gmt":"2026-02-19T17:28:12","slug":"relaxdays-kratka-do-roslin-pnacych","status":"publish","type":"product","link":"https:\/\/rad-pal.com.pl\/en\/sklep\/dom-i-ogrod\/ogrod\/rosliny\/akcesoria-rosliny\/podporki\/relaxdays-kratka-do-roslin-pnacych\/","title":{"rendered":"Relaxdays Kratka do ro\u015blin pn\u0105cych"},"content":{"rendered":"<section class=\"section\">\n<div class=\"item item-6\">\n<section class=\"image-item\"><img decoding=\"async\" src=\"https:\/\/upload.cdn.baselinker.com\/products\/6014502\/ed2b02ce8a2f449ef51c974fff60c34a.jpg\" \/><\/section>\n<\/p><\/div>\n<div class=\"item item-6\">\n<section class=\"text-item\">\n<p><b>Relaxdays Zestaw wspornik\u00f3w do ro\u015blin 2 szt, metal i plastik, 120 cm.<\/b><\/p>\n<p>Producent: Relaxdays<\/p>\n<p>Produkt z rynku Zachodniej Europy<\/p>\n<p><b>Produkt wizualnie w bardzo dobrym stanie.&nbsp;<\/b><\/p>\n<\/section><\/div>\n<\/section>\n<section class=\"section\">\n<div class=\"item item-12\">\n<section class=\"text-item\">\n<p><b>Cechy produktu<\/b><\/p>\n<h1>O tym przedmiocie<\/h1>\n<ul>\n<li>Ro\u015bliny pn\u0105ce: Wspornik&nbsp;pomaga ro\u015blinom w procesie wzrostu &#8211; dla wi\u0119kszej stabilno\u015bci.<\/li>\n<li>Szczeg\u00f3\u0142y: Okr\u0105g\u0142e wsporniki, w zestawie 2 szt. &#8211; Wymiary wys. x g\u0142.: ok. 120 x 28 cm &#8211; Maksymalne obci\u0105\u017cenie: 5 kg<\/li>\n<li>Elastyczno\u015b\u0107: Podpory pn\u0105czy z 3 regulowanymi na wysoko\u015b\u0107 pier\u015bcieniami.<\/li>\n<li>Stabilny: \u017belazny wspornik na ro\u015bliny z zielon\u0105 pow\u0142ok\u0105 plastikow\u0105 &#8211; wystarczy w\u0142o\u017cy\u0107 do ziemi i gotowe.<\/li>\n<li>Uniwersalne: Podpory do papryki, pomidor\u00f3w, kwiat\u00f3w m\u0119czennicy itp. &#8211; idealne na balkon i do ogrodu.<\/li>\n<\/ul>\n<\/section><\/div>\n<\/section>\n<section class=\"section\">\n<div class=\"item item-12\">\n<section class=\"text-item\">\n<p><b>Informacje dodatkowe<\/b><\/p>\n<\/section><\/div>\n<\/section>\n<section class=\"section\">\n<div class=\"item item-6\">\n<section class=\"image-item\"><img decoding=\"async\" src=\"https:\/\/upload.cdn.baselinker.com\/products\/6014502\/25e78d1d04cc54d65815a1e802f18508.jpg\" \/><\/section>\n<\/p><\/div>\n<div class=\"item item-6\">\n<section class=\"image-item\"><img decoding=\"async\" src=\"https:\/\/upload.cdn.baselinker.com\/products\/6014502\/2f725dda1a4b6fc248807c22639ecc4f.jpg\" \/><\/section>\n<\/p><\/div>\n<\/section>\n<section class=\"section\">\n<div class=\"item item-12\">\n<section class=\"image-item\"><img decoding=\"async\" src=\"https:\/\/upload.cdn.baselinker.com\/products\/6014502\/b2632458aab887e0202b1a4283d369eb.jpg\" \/><\/section>\n<\/p><\/div>\n<\/section>\n<section class=\"section\">\n<div class=\"item item-12\">\n<section class=\"text-item\">\n<p>5<\/p>\n<\/section><\/div>\n<\/section>","protected":false},"excerpt":{"rendered":"<p>Relaxdays Zestaw wspornik\u00f3w do ro\u015blin 2 szt, metal i plastik, 120 cm. Producent: Relaxdays Produkt z rynku Zachodniej Europy Produkt<\/p>","protected":false},"featured_media":35206,"template":"","meta":[],"product_brand":[],"product_cat":[261,86,111,262,260],"product_tag":[],"class_list":{"0":"post-35212","1":"product","2":"type-product","3":"status-publish","4":"has-post-thumbnail","6":"product_cat-akcesoria-rosliny","7":"product_cat-dom-i-ogrod","8":"product_cat-ogrod","9":"product_cat-podporki","10":"product_cat-rosliny","12":"first","13":"instock","14":"taxable","15":"shipping-taxable","16":"purchasable","17":"product-type-simple"},"yoast_head":"<!-- This site is optimized with the Yoast SEO plugin v25.7 - https:\/\/yoast.com\/wordpress\/plugins\/seo\/ -->\n<title>Relaxdays Kratka do ro\u015blin pn\u0105cych - Rad-Pal<\/title>\n<meta name=\"robots\" content=\"index, follow, max-snippet:-1, max-image-preview:large, max-video-preview:-1\" \/>\n<link rel=\"canonical\" href=\"https:\/\/rad-pal.com.pl\/en\/sklep\/bez-kategorii\/relaxdays-kratka-do-roslin-pnacych\/\" \/>\n<meta property=\"og:locale\" content=\"en_GB\" \/>\n<meta property=\"og:type\" content=\"article\" \/>\n<meta property=\"og:title\" content=\"Relaxdays Kratka do ro\u015blin pn\u0105cych - Rad-Pal\" \/>\n<meta property=\"og:description\" content=\"Relaxdays Zestaw wspornik\u00f3w do ro\u015blin 2 szt, metal i plastik, 120 cm. Producent: Relaxdays Produkt z rynku Zachodniej Europy Produkt\" \/>\n<meta property=\"og:url\" content=\"https:\/\/rad-pal.com.pl\/en\/sklep\/bez-kategorii\/relaxdays-kratka-do-roslin-pnacych\/\" \/>\n<meta property=\"og:site_name\" content=\"Rad-Pal\" \/>\n<meta property=\"article:modified_time\" content=\"2026-02-19T17:28:12+00:00\" \/>\n<meta property=\"og:image\" content=\"https:\/\/upload.cdn.baselinker.com\/products\/6014502\/ed2b02ce8a2f449ef51c974fff60c34a.jpg\" \/>\n<meta name=\"twitter:card\" content=\"summary_large_image\" \/>\n<meta name=\"twitter:label1\" content=\"Estimated reading time\" \/>\n\t<meta name=\"twitter:data1\" content=\"1 minute\" \/>\n<script type=\"application\/ld+json\" class=\"yoast-schema-graph\">{\"@context\":\"https:\/\/schema.org\",\"@graph\":[{\"@type\":\"WebPage\",\"@id\":\"https:\/\/rad-pal.com.pl\/sklep\/bez-kategorii\/relaxdays-kratka-do-roslin-pnacych\/\",\"url\":\"https:\/\/rad-pal.com.pl\/sklep\/bez-kategorii\/relaxdays-kratka-do-roslin-pnacych\/\",\"name\":\"Relaxdays Kratka do ro\u015blin pn\u0105cych - Rad-Pal\",\"isPartOf\":{\"@id\":\"https:\/\/rad-pal.com.pl\/#website\"},\"primaryImageOfPage\":{\"@id\":\"https:\/\/rad-pal.com.pl\/sklep\/bez-kategorii\/relaxdays-kratka-do-roslin-pnacych\/#primaryimage\"},\"image\":{\"@id\":\"https:\/\/rad-pal.com.pl\/sklep\/bez-kategorii\/relaxdays-kratka-do-roslin-pnacych\/#primaryimage\"},\"thumbnailUrl\":\"https:\/\/rad-pal.com.pl\/wp-content\/uploads\/2026\/02\/1f759ab3e9cda5d1992d7f5ad780e218.jpg\",\"datePublished\":\"2026-02-19T16:41:49+00:00\",\"dateModified\":\"2026-02-19T17:28:12+00:00\",\"breadcrumb\":{\"@id\":\"https:\/\/rad-pal.com.pl\/sklep\/bez-kategorii\/relaxdays-kratka-do-roslin-pnacych\/#breadcrumb\"},\"inLanguage\":\"en-GB\",\"potentialAction\":[{\"@type\":\"ReadAction\",\"target\":[\"https:\/\/rad-pal.com.pl\/sklep\/bez-kategorii\/relaxdays-kratka-do-roslin-pnacych\/\"]}]},{\"@type\":\"ImageObject\",\"inLanguage\":\"en-GB\",\"@id\":\"https:\/\/rad-pal.com.pl\/sklep\/bez-kategorii\/relaxdays-kratka-do-roslin-pnacych\/#primaryimage\",\"url\":\"https:\/\/rad-pal.com.pl\/wp-content\/uploads\/2026\/02\/1f759ab3e9cda5d1992d7f5ad780e218.jpg\",\"contentUrl\":\"https:\/\/rad-pal.com.pl\/wp-content\/uploads\/2026\/02\/1f759ab3e9cda5d1992d7f5ad780e218.jpg\",\"width\":679,\"height\":956,\"caption\":\"49b70dc031a2240af31c55d7989f8e46\"},{\"@type\":\"BreadcrumbList\",\"@id\":\"https:\/\/rad-pal.com.pl\/sklep\/bez-kategorii\/relaxdays-kratka-do-roslin-pnacych\/#breadcrumb\",\"itemListElement\":[{\"@type\":\"ListItem\",\"position\":1,\"name\":\"Strona g\u0142\u00f3wna\",\"item\":\"https:\/\/rad-pal.com.pl\/\"},{\"@type\":\"ListItem\",\"position\":2,\"name\":\"Sklep\",\"item\":\"https:\/\/rad-pal.com.pl\/sklep\/\"},{\"@type\":\"ListItem\",\"position\":3,\"name\":\"Relaxdays Kratka do ro\u015blin pn\u0105cych\"}]},{\"@type\":\"WebSite\",\"@id\":\"https:\/\/rad-pal.com.pl\/#website\",\"url\":\"https:\/\/rad-pal.com.pl\/\",\"name\":\"Rad-Pal\",\"description\":\"\",\"publisher\":{\"@id\":\"https:\/\/rad-pal.com.pl\/#organization\"},\"potentialAction\":[{\"@type\":\"SearchAction\",\"target\":{\"@type\":\"EntryPoint\",\"urlTemplate\":\"https:\/\/rad-pal.com.pl\/?s={search_term_string}\"},\"query-input\":{\"@type\":\"PropertyValueSpecification\",\"valueRequired\":true,\"valueName\":\"search_term_string\"}}],\"inLanguage\":\"en-GB\"},{\"@type\":\"Organization\",\"@id\":\"https:\/\/rad-pal.com.pl\/#organization\",\"name\":\"Rad-Pal\",\"url\":\"https:\/\/rad-pal.com.pl\/\",\"logo\":{\"@type\":\"ImageObject\",\"inLanguage\":\"en-GB\",\"@id\":\"https:\/\/rad-pal.com.pl\/#\/schema\/logo\/image\/\",\"url\":\"https:\/\/rad-pal.com.pl\/wp-content\/uploads\/2026\/03\/Projekt-bez-nazwy-30.webp\",\"contentUrl\":\"https:\/\/rad-pal.com.pl\/wp-content\/uploads\/2026\/03\/Projekt-bez-nazwy-30.webp\",\"width\":600,\"height\":210,\"caption\":\"Rad-Pal\"},\"image\":{\"@id\":\"https:\/\/rad-pal.com.pl\/#\/schema\/logo\/image\/\"}}]}<\/script>\n<!-- \/ Yoast SEO plugin. -->","yoast_head_json":{"title":"Relaxdays Kratka do ro\u015blin pn\u0105cych - Rad-Pal","robots":{"index":"index","follow":"follow","max-snippet":"max-snippet:-1","max-image-preview":"max-image-preview:large","max-video-preview":"max-video-preview:-1"},"canonical":"https:\/\/rad-pal.com.pl\/en\/sklep\/bez-kategorii\/relaxdays-kratka-do-roslin-pnacych\/","og_locale":"en_GB","og_type":"article","og_title":"Relaxdays Kratka do ro\u015blin pn\u0105cych - Rad-Pal","og_description":"Relaxdays Zestaw wspornik\u00f3w do ro\u015blin 2 szt, metal i plastik, 120 cm. Producent: Relaxdays Produkt z rynku Zachodniej Europy Produkt","og_url":"https:\/\/rad-pal.com.pl\/en\/sklep\/bez-kategorii\/relaxdays-kratka-do-roslin-pnacych\/","og_site_name":"Rad-Pal","article_modified_time":"2026-02-19T17:28:12+00:00","og_image":[{"url":"https:\/\/upload.cdn.baselinker.com\/products\/6014502\/ed2b02ce8a2f449ef51c974fff60c34a.jpg","type":"","width":"","height":""}],"twitter_card":"summary_large_image","twitter_misc":{"Estimated reading time":"1 minute"},"schema":{"@context":"https:\/\/schema.org","@graph":[{"@type":"WebPage","@id":"https:\/\/rad-pal.com.pl\/sklep\/bez-kategorii\/relaxdays-kratka-do-roslin-pnacych\/","url":"https:\/\/rad-pal.com.pl\/sklep\/bez-kategorii\/relaxdays-kratka-do-roslin-pnacych\/","name":"Relaxdays Kratka do ro\u015blin pn\u0105cych - Rad-Pal","isPartOf":{"@id":"https:\/\/rad-pal.com.pl\/#website"},"primaryImageOfPage":{"@id":"https:\/\/rad-pal.com.pl\/sklep\/bez-kategorii\/relaxdays-kratka-do-roslin-pnacych\/#primaryimage"},"image":{"@id":"https:\/\/rad-pal.com.pl\/sklep\/bez-kategorii\/relaxdays-kratka-do-roslin-pnacych\/#primaryimage"},"thumbnailUrl":"https:\/\/rad-pal.com.pl\/wp-content\/uploads\/2026\/02\/1f759ab3e9cda5d1992d7f5ad780e218.jpg","datePublished":"2026-02-19T16:41:49+00:00","dateModified":"2026-02-19T17:28:12+00:00","breadcrumb":{"@id":"https:\/\/rad-pal.com.pl\/sklep\/bez-kategorii\/relaxdays-kratka-do-roslin-pnacych\/#breadcrumb"},"inLanguage":"en-GB","potentialAction":[{"@type":"ReadAction","target":["https:\/\/rad-pal.com.pl\/sklep\/bez-kategorii\/relaxdays-kratka-do-roslin-pnacych\/"]}]},{"@type":"ImageObject","inLanguage":"en-GB","@id":"https:\/\/rad-pal.com.pl\/sklep\/bez-kategorii\/relaxdays-kratka-do-roslin-pnacych\/#primaryimage","url":"https:\/\/rad-pal.com.pl\/wp-content\/uploads\/2026\/02\/1f759ab3e9cda5d1992d7f5ad780e218.jpg","contentUrl":"https:\/\/rad-pal.com.pl\/wp-content\/uploads\/2026\/02\/1f759ab3e9cda5d1992d7f5ad780e218.jpg","width":679,"height":956,"caption":"49b70dc031a2240af31c55d7989f8e46"},{"@type":"BreadcrumbList","@id":"https:\/\/rad-pal.com.pl\/sklep\/bez-kategorii\/relaxdays-kratka-do-roslin-pnacych\/#breadcrumb","itemListElement":[{"@type":"ListItem","position":1,"name":"Strona g\u0142\u00f3wna","item":"https:\/\/rad-pal.com.pl\/"},{"@type":"ListItem","position":2,"name":"Sklep","item":"https:\/\/rad-pal.com.pl\/sklep\/"},{"@type":"ListItem","position":3,"name":"Relaxdays Kratka do ro\u015blin pn\u0105cych"}]},{"@type":"WebSite","@id":"https:\/\/rad-pal.com.pl\/#website","url":"https:\/\/rad-pal.com.pl\/","name":"Rad-Pal","description":"","publisher":{"@id":"https:\/\/rad-pal.com.pl\/#organization"},"potentialAction":[{"@type":"SearchAction","target":{"@type":"EntryPoint","urlTemplate":"https:\/\/rad-pal.com.pl\/?s={search_term_string}"},"query-input":{"@type":"PropertyValueSpecification","valueRequired":true,"valueName":"search_term_string"}}],"inLanguage":"en-GB"},{"@type":"Organization","@id":"https:\/\/rad-pal.com.pl\/#organization","name":"Rad-Pal","url":"https:\/\/rad-pal.com.pl\/","logo":{"@type":"ImageObject","inLanguage":"en-GB","@id":"https:\/\/rad-pal.com.pl\/#\/schema\/logo\/image\/","url":"https:\/\/rad-pal.com.pl\/wp-content\/uploads\/2026\/03\/Projekt-bez-nazwy-30.webp","contentUrl":"https:\/\/rad-pal.com.pl\/wp-content\/uploads\/2026\/03\/Projekt-bez-nazwy-30.webp","width":600,"height":210,"caption":"Rad-Pal"},"image":{"@id":"https:\/\/rad-pal.com.pl\/#\/schema\/logo\/image\/"}}]}},"_links":{"self":[{"href":"https:\/\/rad-pal.com.pl\/en\/wp-json\/wp\/v2\/product\/35212","targetHints":{"allow":["GET"]}}],"collection":[{"href":"https:\/\/rad-pal.com.pl\/en\/wp-json\/wp\/v2\/product"}],"about":[{"href":"https:\/\/rad-pal.com.pl\/en\/wp-json\/wp\/v2\/types\/product"}],"version-history":[{"count":0,"href":"https:\/\/rad-pal.com.pl\/en\/wp-json\/wp\/v2\/product\/35212\/revisions"}],"wp:featuredmedia":[{"embeddable":true,"href":"https:\/\/rad-pal.com.pl\/en\/wp-json\/wp\/v2\/media\/35206"}],"wp:attachment":[{"href":"https:\/\/rad-pal.com.pl\/en\/wp-json\/wp\/v2\/media?parent=35212"}],"wp:term":[{"taxonomy":"product_brand","embeddable":true,"href":"https:\/\/rad-pal.com.pl\/en\/wp-json\/wp\/v2\/product_brand?post=35212"},{"taxonomy":"product_cat","embeddable":true,"href":"https:\/\/rad-pal.com.pl\/en\/wp-json\/wp\/v2\/product_cat?post=35212"},{"taxonomy":"product_tag","embeddable":true,"href":"https:\/\/rad-pal.com.pl\/en\/wp-json\/wp\/v2\/product_tag?post=35212"}],"curies":[{"name":"wp","href":"https:\/\/api.w.org\/{rel}","templated":true}]}}