{"id":35439,"date":"2026-02-19T17:50:30","date_gmt":"2026-02-19T16:50:30","guid":{"rendered":"https:\/\/rad-pal.com.pl\/sklep\/bez-kategorii\/kuweta-na-dokumenty-relaxdays-a4-czarny\/"},"modified":"2026-02-19T18:30:11","modified_gmt":"2026-02-19T17:30:11","slug":"kuweta-na-dokumenty-relaxdays-a4-czarny","status":"publish","type":"product","link":"https:\/\/rad-pal.com.pl\/en\/sklep\/firma-i-uslugi\/biuro-i-reklama\/organizacja-dokumentow\/kuwety-na-dokumenty\/kuweta-na-dokumenty-relaxdays-a4-czarny\/","title":{"rendered":"Kuweta na dokumenty Relaxdays A4 czarny"},"content":{"rendered":"<section class=\"section\">\n<div class=\"item item-12\">\n<section class=\"text-item\">\n<h1>KUWETA NA DOKUMENTY RELAXDAYS ORGANIZER A4 CZARNA<\/h1>\n<h2>Realne zdj\u0119cia dodane w opisie.<\/h2>\n<h2>Zawarto\u015b\u0107: 1 tylna p\u0142yta, 2 boczne p\u0142yty, 4 p\u00f3\u0142ki, 31 kr\u0105\u017ck\u00f3w, instrukcja w formie obrazkowej.<\/h2>\n<\/section><\/div>\n<\/section>\n<section class=\"section\">\n<div class=\"item item-6\">\n<section class=\"text-item\">\n<ul>\n<li>Produkt:<b> Kuweta na dokumenty Relaxdays organizer A4 czarna<\/b><\/li>\n<li>Kod producenta:<b> 10042750_46<\/b><\/li>\n<li>Kolor:<b> czarny<\/b><\/li>\n<li>Format:<b> A4<\/b><\/li>\n<\/ul>\n<p>Tekst zosta\u0142 przet\u0142umaczony automatycznie, mo\u017cliwe b\u0142\u0119dy gramatyczne i stylistyczne.<\/p>\n<ul>\n<li>Porz\u0105dek Uchwyt na dokumenty do biura lub biura domowego &#8211; Na listy, karteczki, dokumenty i czasopisma<\/li>\n<li>Praktyczny czarny kosz na listy pasuje do ka\u017cdego biurka &#8211; p\u00f3\u0142ka zapewnia miejsce do pracy<\/li>\n<li>Du\u017co miejsca organizer biurowy z 3 przegr\u00f3dkami i dodatkow\u0105 p\u00f3\u0142k\u0105 \u2013 wystarczaj\u0105co du\u017cy na format A4<\/li>\n<li>\u0141atwe szybki monta\u017c p\u00f3\u0142ki bez dodatkowych narz\u0119dzi \u2013 czyszczenie wilgotn\u0105 k\u0105<\/li>\n<li>Podstawa p\u00f3\u0142ka na listy wys. x szer. x g\u0142.:<b> ok. 27 x 32,5 x 25 cm \u2013 wyci\u0119cia z boku zapewniaj\u0105 \u0142atwy transport<\/b><\/li>\n<li>Marka:<b> Relaxdays<\/b><\/li>\n<li>Model:<b> 10042750_46<\/b><\/li>\n<li>Kolor:<b> Czarny<\/b><\/li>\n<li>Wymiary produktu:<b> 25 x 32.5 x 27 cm; 1.19 kg<\/b><\/li>\n<li>Materia\u0142:<b> 100% p\u0142yta pil\u015bniowa<\/b><\/li>\n<li>Producent:<b> Relaxdays<\/b><\/li>\n<li>Numer modelu:<b> 10042750_46<\/b><\/li>\n<\/ul>\n<\/section><\/div>\n<div class=\"item item-6\">\n<section class=\"image-item\"><img decoding=\"async\" src=\"https:\/\/upload.cdn.baselinker.com\/products\/6014502\/f0baaffa5678028f3761f8f9a22f787f.jpg\" \/><\/section>\n<\/p><\/div>\n<\/section>\n<section class=\"section\">\n<div class=\"item item-6\">\n<section class=\"image-item\"><img decoding=\"async\" src=\"https:\/\/upload.cdn.baselinker.com\/products\/6014502\/f0d77958734bc1aaf14f5a839dcc2c28.jpg\" \/><\/section>\n<\/p><\/div>\n<div class=\"item item-6\">\n<section class=\"image-item\"><img decoding=\"async\" src=\"https:\/\/upload.cdn.baselinker.com\/products\/6014502\/f23f076112a5b5ee7465078c253ebb15.jpg\" \/><\/section>\n<\/p><\/div>\n<\/section>\n<section class=\"section\">\n<div class=\"item item-6\">\n<section class=\"image-item\"><img decoding=\"async\" src=\"https:\/\/upload.cdn.baselinker.com\/products\/6014502\/f33344b6cea4b38d793c83225ada4a99.jpg\" \/><\/section>\n<\/p><\/div>\n<div class=\"item item-6\">\n<section class=\"image-item\"><img decoding=\"async\" src=\"https:\/\/upload.cdn.baselinker.com\/products\/6014502\/165b373bd3353788b30ea9c246ec145e.jpg\" \/><\/section>\n<\/p><\/div>\n<\/section>\n<section class=\"section\">\n<div class=\"item item-12\">\n<section class=\"image-item\"><img decoding=\"async\" src=\"https:\/\/upload.cdn.baselinker.com\/products\/6014502\/7223d5e771f6ce8edbd369b9bc1cab62.jpg\" \/><\/section>\n<\/p><\/div>\n<\/section>\n<section class=\"section\">\n<div class=\"item item-6\">\n<section class=\"image-item\"><img decoding=\"async\" src=\"https:\/\/upload.cdn.baselinker.com\/products\/6014502\/7c4779f2fa97b19dc3e4b48d44e87d6d.jpg\" \/><\/section>\n<\/p><\/div>\n<div class=\"item item-6\">\n<section class=\"image-item\"><img decoding=\"async\" src=\"https:\/\/upload.cdn.baselinker.com\/products\/6014502\/4adcf0be7612e99fe558921417b4240f.jpg\" \/><\/section>\n<\/p><\/div>\n<\/section>\n<section class=\"section\">\n<div class=\"item item-6\">\n<section class=\"image-item\"><img decoding=\"async\" src=\"https:\/\/upload.cdn.baselinker.com\/products\/6014502\/949afa773f5f5fce8bb58656818c5772.jpg\" \/><\/section>\n<\/p><\/div>\n<div class=\"item item-6\">\n<section class=\"image-item\"><img decoding=\"async\" src=\"https:\/\/upload.cdn.baselinker.com\/products\/6014502\/44b624befae105fb20e83d245b3864f8.jpg\" \/><\/section>\n<\/p><\/div>\n<\/section>\n<section class=\"section\">\n<div class=\"item item-12\">\n<section class=\"image-item\"><img decoding=\"async\" src=\"https:\/\/upload.cdn.baselinker.com\/products\/6014502\/5c0c70970b27851e38850abf4c813313.jpg\" \/><\/section>\n<\/p><\/div>\n<\/section>\n<section class=\"section\">\n<div class=\"item item-12\">\n<section class=\"text-item\">\n<p>4<\/p>\n<\/section><\/div>\n<\/section>","protected":false},"excerpt":{"rendered":"<p>KUWETA NA DOKUMENTY RELAXDAYS ORGANIZER A4 CZARNA Realne zdj\u0119cia dodane w opisie. Zawarto\u015b\u0107: 1 tylna p\u0142yta, 2 boczne p\u0142yty, 4<\/p>","protected":false},"featured_media":35428,"template":"","meta":[],"product_brand":[],"product_cat":[127,126,472,156],"product_tag":[],"class_list":{"0":"post-35439","1":"product","2":"type-product","3":"status-publish","4":"has-post-thumbnail","6":"product_cat-biuro-i-reklama","7":"product_cat-firma-i-uslugi","8":"product_cat-kuwety-na-dokumenty","9":"product_cat-organizacja-dokumentow","11":"first","12":"instock","13":"taxable","14":"shipping-taxable","15":"purchasable","16":"product-type-simple"},"yoast_head":"<!-- This site is optimized with the Yoast SEO plugin v25.7 - https:\/\/yoast.com\/wordpress\/plugins\/seo\/ -->\n<title>Kuweta na dokumenty Relaxdays A4 czarny - Rad-Pal<\/title>\n<meta name=\"robots\" content=\"index, follow, max-snippet:-1, max-image-preview:large, max-video-preview:-1\" \/>\n<link rel=\"canonical\" href=\"https:\/\/rad-pal.com.pl\/en\/sklep\/bez-kategorii\/kuweta-na-dokumenty-relaxdays-a4-czarny\/\" \/>\n<meta property=\"og:locale\" content=\"en_GB\" \/>\n<meta property=\"og:type\" content=\"article\" \/>\n<meta property=\"og:title\" content=\"Kuweta na dokumenty Relaxdays A4 czarny - Rad-Pal\" \/>\n<meta property=\"og:description\" content=\"KUWETA NA DOKUMENTY RELAXDAYS ORGANIZER A4 CZARNA Realne zdj\u0119cia dodane w opisie. Zawarto\u015b\u0107: 1 tylna p\u0142yta, 2 boczne p\u0142yty, 4\" \/>\n<meta property=\"og:url\" content=\"https:\/\/rad-pal.com.pl\/en\/sklep\/bez-kategorii\/kuweta-na-dokumenty-relaxdays-a4-czarny\/\" \/>\n<meta property=\"og:site_name\" content=\"Rad-Pal\" \/>\n<meta property=\"article:modified_time\" content=\"2026-02-19T17:30:11+00:00\" \/>\n<meta property=\"og:image\" content=\"https:\/\/upload.cdn.baselinker.com\/products\/6014502\/f0baaffa5678028f3761f8f9a22f787f.jpg\" \/>\n<meta name=\"twitter:card\" content=\"summary_large_image\" \/>\n<meta name=\"twitter:label1\" content=\"Estimated reading time\" \/>\n\t<meta name=\"twitter:data1\" content=\"1 minute\" \/>\n<script type=\"application\/ld+json\" class=\"yoast-schema-graph\">{\"@context\":\"https:\/\/schema.org\",\"@graph\":[{\"@type\":\"WebPage\",\"@id\":\"https:\/\/rad-pal.com.pl\/sklep\/bez-kategorii\/kuweta-na-dokumenty-relaxdays-a4-czarny\/\",\"url\":\"https:\/\/rad-pal.com.pl\/sklep\/bez-kategorii\/kuweta-na-dokumenty-relaxdays-a4-czarny\/\",\"name\":\"Kuweta na dokumenty Relaxdays A4 czarny - Rad-Pal\",\"isPartOf\":{\"@id\":\"https:\/\/rad-pal.com.pl\/#website\"},\"primaryImageOfPage\":{\"@id\":\"https:\/\/rad-pal.com.pl\/sklep\/bez-kategorii\/kuweta-na-dokumenty-relaxdays-a4-czarny\/#primaryimage\"},\"image\":{\"@id\":\"https:\/\/rad-pal.com.pl\/sklep\/bez-kategorii\/kuweta-na-dokumenty-relaxdays-a4-czarny\/#primaryimage\"},\"thumbnailUrl\":\"https:\/\/rad-pal.com.pl\/wp-content\/uploads\/2026\/02\/f0baaffa5678028f3761f8f9a22f787f.jpg\",\"datePublished\":\"2026-02-19T16:50:30+00:00\",\"dateModified\":\"2026-02-19T17:30:11+00:00\",\"breadcrumb\":{\"@id\":\"https:\/\/rad-pal.com.pl\/sklep\/bez-kategorii\/kuweta-na-dokumenty-relaxdays-a4-czarny\/#breadcrumb\"},\"inLanguage\":\"en-GB\",\"potentialAction\":[{\"@type\":\"ReadAction\",\"target\":[\"https:\/\/rad-pal.com.pl\/sklep\/bez-kategorii\/kuweta-na-dokumenty-relaxdays-a4-czarny\/\"]}]},{\"@type\":\"ImageObject\",\"inLanguage\":\"en-GB\",\"@id\":\"https:\/\/rad-pal.com.pl\/sklep\/bez-kategorii\/kuweta-na-dokumenty-relaxdays-a4-czarny\/#primaryimage\",\"url\":\"https:\/\/rad-pal.com.pl\/wp-content\/uploads\/2026\/02\/f0baaffa5678028f3761f8f9a22f787f.jpg\",\"contentUrl\":\"https:\/\/rad-pal.com.pl\/wp-content\/uploads\/2026\/02\/f0baaffa5678028f3761f8f9a22f787f.jpg\",\"width\":500,\"height\":500,\"caption\":\"e205bb5649ea9e09b0896ad48bb12cd7\"},{\"@type\":\"BreadcrumbList\",\"@id\":\"https:\/\/rad-pal.com.pl\/sklep\/bez-kategorii\/kuweta-na-dokumenty-relaxdays-a4-czarny\/#breadcrumb\",\"itemListElement\":[{\"@type\":\"ListItem\",\"position\":1,\"name\":\"Strona g\u0142\u00f3wna\",\"item\":\"https:\/\/rad-pal.com.pl\/\"},{\"@type\":\"ListItem\",\"position\":2,\"name\":\"Sklep\",\"item\":\"https:\/\/rad-pal.com.pl\/sklep\/\"},{\"@type\":\"ListItem\",\"position\":3,\"name\":\"Kuweta na dokumenty Relaxdays A4 czarny\"}]},{\"@type\":\"WebSite\",\"@id\":\"https:\/\/rad-pal.com.pl\/#website\",\"url\":\"https:\/\/rad-pal.com.pl\/\",\"name\":\"Rad-Pal\",\"description\":\"\",\"publisher\":{\"@id\":\"https:\/\/rad-pal.com.pl\/#organization\"},\"potentialAction\":[{\"@type\":\"SearchAction\",\"target\":{\"@type\":\"EntryPoint\",\"urlTemplate\":\"https:\/\/rad-pal.com.pl\/?s={search_term_string}\"},\"query-input\":{\"@type\":\"PropertyValueSpecification\",\"valueRequired\":true,\"valueName\":\"search_term_string\"}}],\"inLanguage\":\"en-GB\"},{\"@type\":\"Organization\",\"@id\":\"https:\/\/rad-pal.com.pl\/#organization\",\"name\":\"Rad-Pal\",\"url\":\"https:\/\/rad-pal.com.pl\/\",\"logo\":{\"@type\":\"ImageObject\",\"inLanguage\":\"en-GB\",\"@id\":\"https:\/\/rad-pal.com.pl\/#\/schema\/logo\/image\/\",\"url\":\"https:\/\/rad-pal.com.pl\/wp-content\/uploads\/2026\/03\/Projekt-bez-nazwy-30.webp\",\"contentUrl\":\"https:\/\/rad-pal.com.pl\/wp-content\/uploads\/2026\/03\/Projekt-bez-nazwy-30.webp\",\"width\":600,\"height\":210,\"caption\":\"Rad-Pal\"},\"image\":{\"@id\":\"https:\/\/rad-pal.com.pl\/#\/schema\/logo\/image\/\"}}]}<\/script>\n<!-- \/ Yoast SEO plugin. -->","yoast_head_json":{"title":"Kuweta na dokumenty Relaxdays A4 czarny - Rad-Pal","robots":{"index":"index","follow":"follow","max-snippet":"max-snippet:-1","max-image-preview":"max-image-preview:large","max-video-preview":"max-video-preview:-1"},"canonical":"https:\/\/rad-pal.com.pl\/en\/sklep\/bez-kategorii\/kuweta-na-dokumenty-relaxdays-a4-czarny\/","og_locale":"en_GB","og_type":"article","og_title":"Kuweta na dokumenty Relaxdays A4 czarny - Rad-Pal","og_description":"KUWETA NA DOKUMENTY RELAXDAYS ORGANIZER A4 CZARNA Realne zdj\u0119cia dodane w opisie. Zawarto\u015b\u0107: 1 tylna p\u0142yta, 2 boczne p\u0142yty, 4","og_url":"https:\/\/rad-pal.com.pl\/en\/sklep\/bez-kategorii\/kuweta-na-dokumenty-relaxdays-a4-czarny\/","og_site_name":"Rad-Pal","article_modified_time":"2026-02-19T17:30:11+00:00","og_image":[{"url":"https:\/\/upload.cdn.baselinker.com\/products\/6014502\/f0baaffa5678028f3761f8f9a22f787f.jpg","type":"","width":"","height":""}],"twitter_card":"summary_large_image","twitter_misc":{"Estimated reading time":"1 minute"},"schema":{"@context":"https:\/\/schema.org","@graph":[{"@type":"WebPage","@id":"https:\/\/rad-pal.com.pl\/sklep\/bez-kategorii\/kuweta-na-dokumenty-relaxdays-a4-czarny\/","url":"https:\/\/rad-pal.com.pl\/sklep\/bez-kategorii\/kuweta-na-dokumenty-relaxdays-a4-czarny\/","name":"Kuweta na dokumenty Relaxdays A4 czarny - Rad-Pal","isPartOf":{"@id":"https:\/\/rad-pal.com.pl\/#website"},"primaryImageOfPage":{"@id":"https:\/\/rad-pal.com.pl\/sklep\/bez-kategorii\/kuweta-na-dokumenty-relaxdays-a4-czarny\/#primaryimage"},"image":{"@id":"https:\/\/rad-pal.com.pl\/sklep\/bez-kategorii\/kuweta-na-dokumenty-relaxdays-a4-czarny\/#primaryimage"},"thumbnailUrl":"https:\/\/rad-pal.com.pl\/wp-content\/uploads\/2026\/02\/f0baaffa5678028f3761f8f9a22f787f.jpg","datePublished":"2026-02-19T16:50:30+00:00","dateModified":"2026-02-19T17:30:11+00:00","breadcrumb":{"@id":"https:\/\/rad-pal.com.pl\/sklep\/bez-kategorii\/kuweta-na-dokumenty-relaxdays-a4-czarny\/#breadcrumb"},"inLanguage":"en-GB","potentialAction":[{"@type":"ReadAction","target":["https:\/\/rad-pal.com.pl\/sklep\/bez-kategorii\/kuweta-na-dokumenty-relaxdays-a4-czarny\/"]}]},{"@type":"ImageObject","inLanguage":"en-GB","@id":"https:\/\/rad-pal.com.pl\/sklep\/bez-kategorii\/kuweta-na-dokumenty-relaxdays-a4-czarny\/#primaryimage","url":"https:\/\/rad-pal.com.pl\/wp-content\/uploads\/2026\/02\/f0baaffa5678028f3761f8f9a22f787f.jpg","contentUrl":"https:\/\/rad-pal.com.pl\/wp-content\/uploads\/2026\/02\/f0baaffa5678028f3761f8f9a22f787f.jpg","width":500,"height":500,"caption":"e205bb5649ea9e09b0896ad48bb12cd7"},{"@type":"BreadcrumbList","@id":"https:\/\/rad-pal.com.pl\/sklep\/bez-kategorii\/kuweta-na-dokumenty-relaxdays-a4-czarny\/#breadcrumb","itemListElement":[{"@type":"ListItem","position":1,"name":"Strona g\u0142\u00f3wna","item":"https:\/\/rad-pal.com.pl\/"},{"@type":"ListItem","position":2,"name":"Sklep","item":"https:\/\/rad-pal.com.pl\/sklep\/"},{"@type":"ListItem","position":3,"name":"Kuweta na dokumenty Relaxdays A4 czarny"}]},{"@type":"WebSite","@id":"https:\/\/rad-pal.com.pl\/#website","url":"https:\/\/rad-pal.com.pl\/","name":"Rad-Pal","description":"","publisher":{"@id":"https:\/\/rad-pal.com.pl\/#organization"},"potentialAction":[{"@type":"SearchAction","target":{"@type":"EntryPoint","urlTemplate":"https:\/\/rad-pal.com.pl\/?s={search_term_string}"},"query-input":{"@type":"PropertyValueSpecification","valueRequired":true,"valueName":"search_term_string"}}],"inLanguage":"en-GB"},{"@type":"Organization","@id":"https:\/\/rad-pal.com.pl\/#organization","name":"Rad-Pal","url":"https:\/\/rad-pal.com.pl\/","logo":{"@type":"ImageObject","inLanguage":"en-GB","@id":"https:\/\/rad-pal.com.pl\/#\/schema\/logo\/image\/","url":"https:\/\/rad-pal.com.pl\/wp-content\/uploads\/2026\/03\/Projekt-bez-nazwy-30.webp","contentUrl":"https:\/\/rad-pal.com.pl\/wp-content\/uploads\/2026\/03\/Projekt-bez-nazwy-30.webp","width":600,"height":210,"caption":"Rad-Pal"},"image":{"@id":"https:\/\/rad-pal.com.pl\/#\/schema\/logo\/image\/"}}]}},"_links":{"self":[{"href":"https:\/\/rad-pal.com.pl\/en\/wp-json\/wp\/v2\/product\/35439","targetHints":{"allow":["GET"]}}],"collection":[{"href":"https:\/\/rad-pal.com.pl\/en\/wp-json\/wp\/v2\/product"}],"about":[{"href":"https:\/\/rad-pal.com.pl\/en\/wp-json\/wp\/v2\/types\/product"}],"version-history":[{"count":0,"href":"https:\/\/rad-pal.com.pl\/en\/wp-json\/wp\/v2\/product\/35439\/revisions"}],"wp:featuredmedia":[{"embeddable":true,"href":"https:\/\/rad-pal.com.pl\/en\/wp-json\/wp\/v2\/media\/35428"}],"wp:attachment":[{"href":"https:\/\/rad-pal.com.pl\/en\/wp-json\/wp\/v2\/media?parent=35439"}],"wp:term":[{"taxonomy":"product_brand","embeddable":true,"href":"https:\/\/rad-pal.com.pl\/en\/wp-json\/wp\/v2\/product_brand?post=35439"},{"taxonomy":"product_cat","embeddable":true,"href":"https:\/\/rad-pal.com.pl\/en\/wp-json\/wp\/v2\/product_cat?post=35439"},{"taxonomy":"product_tag","embeddable":true,"href":"https:\/\/rad-pal.com.pl\/en\/wp-json\/wp\/v2\/product_tag?post=35439"}],"curies":[{"name":"wp","href":"https:\/\/api.w.org\/{rel}","templated":true}]}}