{"id":35488,"date":"2026-02-19T17:53:20","date_gmt":"2026-02-19T16:53:20","guid":{"rendered":"https:\/\/rad-pal.com.pl\/sklep\/bez-kategorii\/relaxdays-pokrowiec-na-krzeslo-szary-4szt\/"},"modified":"2026-02-19T18:30:38","modified_gmt":"2026-02-19T17:30:38","slug":"relaxdays-pokrowiec-na-krzeslo-szary-4szt","status":"publish","type":"product","link":"https:\/\/rad-pal.com.pl\/en\/sklep\/moda\/odziez-obuwie-dodatki\/slub-i-wesele\/dekoracje-slubne\/pokrowce-na-krzesla\/relaxdays-pokrowiec-na-krzeslo-szary-4szt\/","title":{"rendered":"Relaxdays pokrowiec na krzes\u0142o szary 4szt"},"content":{"rendered":"<section class=\"section\">\n<div class=\"item item-6\">\n<section class=\"image-item\"><img decoding=\"async\" src=\"https:\/\/upload.cdn.baselinker.com\/products\/6014502\/1a84254bece815e646dff26d7ba5889d.jpg\" \/><\/section>\n<\/p><\/div>\n<div class=\"item item-6\">\n<section class=\"text-item\">\n<h2>Zestaw pokrowc\u00f3w na krzes\u0142a na \u015blub, urodziny i nie tylko<\/h2>\n<p>Niezale\u017cnie od tego, czy chodzi o dzie\u0144 \u015blubu, prze\u0142omowe urodziny, czy szczeg\u00f3\u0142ow\u0105 kolacj\u0119, te pokrowce na krzes\u0142a dodadz\u0105 Twojej uroczysto\u015bci ostatniego szlifu. Upi\u0119ksz szybko i \u0142atwo zwyk\u0142e krzes\u0142a za pomoc\u0105 elastycznego pokrowca na krzes\u0142o. Pokrowce na krzes\u0142a wykonane z poliestru i spandexu dzi\u0119ki swojej du\u017cej rozci\u0105gliwo\u015bci nadaj\u0105 si\u0119 do krzese\u0142 o r\u00f3\u017cnych rozmiarach.<\/p>\n<\/section><\/div>\n<\/section>\n<section class=\"section\">\n<div class=\"item item-6\">\n<section class=\"text-item\">\n<h2>Elastyczne pokrowce pokrowce<\/h2>\n<ul>\n<li>Zestaw 4 pokrowc\u00f3w na krzes\u0142a z poliestru i spandexu<\/li>\n<li>Pokrowiec na krzes\u0142o ze wzmocnionymi kieszeniami na stopy do mocowania<\/li>\n<li>Elastyczna tkanina na czworono\u017cne krzes\u0142a bez pod\u0142okietnik\u00f3w<\/li>\n<li>Do krzese\u0142 o r\u00f3\u017cnych rozmiarach z okr\u0105g\u0142ym lub prostym oparciem<\/li>\n<li>Pokrowce ochronne do dekoracji domu lub krzese\u0142 dla gastronomii i handlu<\/li>\n<\/ul>\n<\/section><\/div>\n<div class=\"item item-6\">\n<section class=\"image-item\"><img decoding=\"async\" src=\"https:\/\/upload.cdn.baselinker.com\/products\/6014502\/c52aebe1f2e02383730015ce5b8d3443.jpg\" \/><\/section>\n<\/p><\/div>\n<\/section>\n<section class=\"section\">\n<div class=\"item item-6\">\n<section class=\"image-item\"><img decoding=\"async\" src=\"https:\/\/upload.cdn.baselinker.com\/products\/6014502\/1c63b1a5d82a9ed6db6959524383dfbd.jpg\" \/><\/section>\n<\/p><\/div>\n<div class=\"item item-6\">\n<section class=\"text-item\">\n<h2>Elastyczne pokrowce na krzes\u0142a w skr\u00f3cie<\/h2>\n<ul>\n<li>Do oparcia krzes\u0142a wys. x szer.: ok. 50 x 40 do 60 x 50 cm<\/li>\n<li>Do siedziska szer. x g\u0142\u0119b.: ok. 40 x 45 do 55 x 55 cm<\/li>\n<li>Wysoko\u015b\u0107 siedziska: ok. 40 do 60 cm<\/li>\n<li>Waga jednej ok\u0142adki: ok. 200 g<\/li>\n<li>Materia\u0142y: 90% Poliester, 10% Elastan<\/li>\n<li>Piel\u0119gnacja: pranie w pralce 30\u00b0C<\/li>\n<li>kolor: antracyt<\/li>\n<\/ul>\n<\/section><\/div>\n<\/section>\n<section class=\"section\">\n<div class=\"item item-12\">\n<section class=\"image-item\"><img decoding=\"async\" src=\"https:\/\/upload.cdn.baselinker.com\/products\/6014502\/4759d2611b610e97e3d7108a355cd28b.jpg\" \/><\/section>\n<\/p><\/div>\n<\/section>\n<section class=\"section\">\n<div class=\"item item-12\">\n<section class=\"image-item\"><img decoding=\"async\" src=\"https:\/\/upload.cdn.baselinker.com\/products\/6014502\/1a84254bece815e646dff26d7ba5889d.jpg\" \/><\/section>\n<\/p><\/div>\n<\/section>\n<section class=\"section\">\n<div class=\"item item-12\">\n<section class=\"text-item\">\n<p>4<\/p>\n<\/section><\/div>\n<\/section>","protected":false},"excerpt":{"rendered":"<p>Zestaw pokrowc\u00f3w na krzes\u0142a na \u015blub, urodziny i nie tylko Niezale\u017cnie od tego, czy chodzi o dzie\u0144 \u015blubu, prze\u0142omowe urodziny,<\/p>","protected":false},"featured_media":35481,"template":"","meta":[],"product_brand":[],"product_cat":[529,369,527,530,528],"product_tag":[],"class_list":{"0":"post-35488","1":"product","2":"type-product","3":"status-publish","4":"has-post-thumbnail","6":"product_cat-dekoracje-slubne","7":"product_cat-moda","8":"product_cat-odziez-obuwie-dodatki","9":"product_cat-pokrowce-na-krzesla","10":"product_cat-slub-i-wesele","12":"first","13":"instock","14":"taxable","15":"shipping-taxable","16":"purchasable","17":"product-type-simple"},"yoast_head":"<!-- This site is optimized with the Yoast SEO plugin v25.7 - https:\/\/yoast.com\/wordpress\/plugins\/seo\/ -->\n<title>Relaxdays pokrowiec na krzes\u0142o szary 4szt - Rad-Pal<\/title>\n<meta name=\"robots\" content=\"index, follow, max-snippet:-1, max-image-preview:large, max-video-preview:-1\" \/>\n<link rel=\"canonical\" href=\"https:\/\/rad-pal.com.pl\/en\/sklep\/bez-kategorii\/relaxdays-pokrowiec-na-krzeslo-szary-4szt\/\" \/>\n<meta property=\"og:locale\" content=\"en_GB\" \/>\n<meta property=\"og:type\" content=\"article\" \/>\n<meta property=\"og:title\" content=\"Relaxdays pokrowiec na krzes\u0142o szary 4szt - Rad-Pal\" \/>\n<meta property=\"og:description\" content=\"Zestaw pokrowc\u00f3w na krzes\u0142a na \u015blub, urodziny i nie tylko Niezale\u017cnie od tego, czy chodzi o dzie\u0144 \u015blubu, prze\u0142omowe urodziny,\" \/>\n<meta property=\"og:url\" content=\"https:\/\/rad-pal.com.pl\/en\/sklep\/bez-kategorii\/relaxdays-pokrowiec-na-krzeslo-szary-4szt\/\" \/>\n<meta property=\"og:site_name\" content=\"Rad-Pal\" \/>\n<meta property=\"article:modified_time\" content=\"2026-02-19T17:30:38+00:00\" \/>\n<meta property=\"og:image\" content=\"https:\/\/upload.cdn.baselinker.com\/products\/6014502\/1a84254bece815e646dff26d7ba5889d.jpg\" \/>\n<meta name=\"twitter:card\" content=\"summary_large_image\" \/>\n<meta name=\"twitter:label1\" content=\"Estimated reading time\" \/>\n\t<meta name=\"twitter:data1\" content=\"1 minute\" \/>\n<script type=\"application\/ld+json\" class=\"yoast-schema-graph\">{\"@context\":\"https:\/\/schema.org\",\"@graph\":[{\"@type\":\"WebPage\",\"@id\":\"https:\/\/rad-pal.com.pl\/sklep\/bez-kategorii\/relaxdays-pokrowiec-na-krzeslo-szary-4szt\/\",\"url\":\"https:\/\/rad-pal.com.pl\/sklep\/bez-kategorii\/relaxdays-pokrowiec-na-krzeslo-szary-4szt\/\",\"name\":\"Relaxdays pokrowiec na krzes\u0142o szary 4szt - Rad-Pal\",\"isPartOf\":{\"@id\":\"https:\/\/rad-pal.com.pl\/#website\"},\"primaryImageOfPage\":{\"@id\":\"https:\/\/rad-pal.com.pl\/sklep\/bez-kategorii\/relaxdays-pokrowiec-na-krzeslo-szary-4szt\/#primaryimage\"},\"image\":{\"@id\":\"https:\/\/rad-pal.com.pl\/sklep\/bez-kategorii\/relaxdays-pokrowiec-na-krzeslo-szary-4szt\/#primaryimage\"},\"thumbnailUrl\":\"https:\/\/rad-pal.com.pl\/wp-content\/uploads\/2026\/02\/1a84254bece815e646dff26d7ba5889d.jpg\",\"datePublished\":\"2026-02-19T16:53:20+00:00\",\"dateModified\":\"2026-02-19T17:30:38+00:00\",\"breadcrumb\":{\"@id\":\"https:\/\/rad-pal.com.pl\/sklep\/bez-kategorii\/relaxdays-pokrowiec-na-krzeslo-szary-4szt\/#breadcrumb\"},\"inLanguage\":\"en-GB\",\"potentialAction\":[{\"@type\":\"ReadAction\",\"target\":[\"https:\/\/rad-pal.com.pl\/sklep\/bez-kategorii\/relaxdays-pokrowiec-na-krzeslo-szary-4szt\/\"]}]},{\"@type\":\"ImageObject\",\"inLanguage\":\"en-GB\",\"@id\":\"https:\/\/rad-pal.com.pl\/sklep\/bez-kategorii\/relaxdays-pokrowiec-na-krzeslo-szary-4szt\/#primaryimage\",\"url\":\"https:\/\/rad-pal.com.pl\/wp-content\/uploads\/2026\/02\/1a84254bece815e646dff26d7ba5889d.jpg\",\"contentUrl\":\"https:\/\/rad-pal.com.pl\/wp-content\/uploads\/2026\/02\/1a84254bece815e646dff26d7ba5889d.jpg\",\"width\":512,\"height\":527,\"caption\":\"d813c66f263e1dd8f2b4681ea833d065\"},{\"@type\":\"BreadcrumbList\",\"@id\":\"https:\/\/rad-pal.com.pl\/sklep\/bez-kategorii\/relaxdays-pokrowiec-na-krzeslo-szary-4szt\/#breadcrumb\",\"itemListElement\":[{\"@type\":\"ListItem\",\"position\":1,\"name\":\"Strona g\u0142\u00f3wna\",\"item\":\"https:\/\/rad-pal.com.pl\/\"},{\"@type\":\"ListItem\",\"position\":2,\"name\":\"Sklep\",\"item\":\"https:\/\/rad-pal.com.pl\/sklep\/\"},{\"@type\":\"ListItem\",\"position\":3,\"name\":\"Relaxdays pokrowiec na krzes\u0142o szary 4szt\"}]},{\"@type\":\"WebSite\",\"@id\":\"https:\/\/rad-pal.com.pl\/#website\",\"url\":\"https:\/\/rad-pal.com.pl\/\",\"name\":\"Rad-Pal\",\"description\":\"\",\"publisher\":{\"@id\":\"https:\/\/rad-pal.com.pl\/#organization\"},\"potentialAction\":[{\"@type\":\"SearchAction\",\"target\":{\"@type\":\"EntryPoint\",\"urlTemplate\":\"https:\/\/rad-pal.com.pl\/?s={search_term_string}\"},\"query-input\":{\"@type\":\"PropertyValueSpecification\",\"valueRequired\":true,\"valueName\":\"search_term_string\"}}],\"inLanguage\":\"en-GB\"},{\"@type\":\"Organization\",\"@id\":\"https:\/\/rad-pal.com.pl\/#organization\",\"name\":\"Rad-Pal\",\"url\":\"https:\/\/rad-pal.com.pl\/\",\"logo\":{\"@type\":\"ImageObject\",\"inLanguage\":\"en-GB\",\"@id\":\"https:\/\/rad-pal.com.pl\/#\/schema\/logo\/image\/\",\"url\":\"https:\/\/rad-pal.com.pl\/wp-content\/uploads\/2026\/03\/Projekt-bez-nazwy-30.webp\",\"contentUrl\":\"https:\/\/rad-pal.com.pl\/wp-content\/uploads\/2026\/03\/Projekt-bez-nazwy-30.webp\",\"width\":600,\"height\":210,\"caption\":\"Rad-Pal\"},\"image\":{\"@id\":\"https:\/\/rad-pal.com.pl\/#\/schema\/logo\/image\/\"}}]}<\/script>\n<!-- \/ Yoast SEO plugin. -->","yoast_head_json":{"title":"Relaxdays pokrowiec na krzes\u0142o szary 4szt - Rad-Pal","robots":{"index":"index","follow":"follow","max-snippet":"max-snippet:-1","max-image-preview":"max-image-preview:large","max-video-preview":"max-video-preview:-1"},"canonical":"https:\/\/rad-pal.com.pl\/en\/sklep\/bez-kategorii\/relaxdays-pokrowiec-na-krzeslo-szary-4szt\/","og_locale":"en_GB","og_type":"article","og_title":"Relaxdays pokrowiec na krzes\u0142o szary 4szt - Rad-Pal","og_description":"Zestaw pokrowc\u00f3w na krzes\u0142a na \u015blub, urodziny i nie tylko Niezale\u017cnie od tego, czy chodzi o dzie\u0144 \u015blubu, prze\u0142omowe urodziny,","og_url":"https:\/\/rad-pal.com.pl\/en\/sklep\/bez-kategorii\/relaxdays-pokrowiec-na-krzeslo-szary-4szt\/","og_site_name":"Rad-Pal","article_modified_time":"2026-02-19T17:30:38+00:00","og_image":[{"url":"https:\/\/upload.cdn.baselinker.com\/products\/6014502\/1a84254bece815e646dff26d7ba5889d.jpg","type":"","width":"","height":""}],"twitter_card":"summary_large_image","twitter_misc":{"Estimated reading time":"1 minute"},"schema":{"@context":"https:\/\/schema.org","@graph":[{"@type":"WebPage","@id":"https:\/\/rad-pal.com.pl\/sklep\/bez-kategorii\/relaxdays-pokrowiec-na-krzeslo-szary-4szt\/","url":"https:\/\/rad-pal.com.pl\/sklep\/bez-kategorii\/relaxdays-pokrowiec-na-krzeslo-szary-4szt\/","name":"Relaxdays pokrowiec na krzes\u0142o szary 4szt - Rad-Pal","isPartOf":{"@id":"https:\/\/rad-pal.com.pl\/#website"},"primaryImageOfPage":{"@id":"https:\/\/rad-pal.com.pl\/sklep\/bez-kategorii\/relaxdays-pokrowiec-na-krzeslo-szary-4szt\/#primaryimage"},"image":{"@id":"https:\/\/rad-pal.com.pl\/sklep\/bez-kategorii\/relaxdays-pokrowiec-na-krzeslo-szary-4szt\/#primaryimage"},"thumbnailUrl":"https:\/\/rad-pal.com.pl\/wp-content\/uploads\/2026\/02\/1a84254bece815e646dff26d7ba5889d.jpg","datePublished":"2026-02-19T16:53:20+00:00","dateModified":"2026-02-19T17:30:38+00:00","breadcrumb":{"@id":"https:\/\/rad-pal.com.pl\/sklep\/bez-kategorii\/relaxdays-pokrowiec-na-krzeslo-szary-4szt\/#breadcrumb"},"inLanguage":"en-GB","potentialAction":[{"@type":"ReadAction","target":["https:\/\/rad-pal.com.pl\/sklep\/bez-kategorii\/relaxdays-pokrowiec-na-krzeslo-szary-4szt\/"]}]},{"@type":"ImageObject","inLanguage":"en-GB","@id":"https:\/\/rad-pal.com.pl\/sklep\/bez-kategorii\/relaxdays-pokrowiec-na-krzeslo-szary-4szt\/#primaryimage","url":"https:\/\/rad-pal.com.pl\/wp-content\/uploads\/2026\/02\/1a84254bece815e646dff26d7ba5889d.jpg","contentUrl":"https:\/\/rad-pal.com.pl\/wp-content\/uploads\/2026\/02\/1a84254bece815e646dff26d7ba5889d.jpg","width":512,"height":527,"caption":"d813c66f263e1dd8f2b4681ea833d065"},{"@type":"BreadcrumbList","@id":"https:\/\/rad-pal.com.pl\/sklep\/bez-kategorii\/relaxdays-pokrowiec-na-krzeslo-szary-4szt\/#breadcrumb","itemListElement":[{"@type":"ListItem","position":1,"name":"Strona g\u0142\u00f3wna","item":"https:\/\/rad-pal.com.pl\/"},{"@type":"ListItem","position":2,"name":"Sklep","item":"https:\/\/rad-pal.com.pl\/sklep\/"},{"@type":"ListItem","position":3,"name":"Relaxdays pokrowiec na krzes\u0142o szary 4szt"}]},{"@type":"WebSite","@id":"https:\/\/rad-pal.com.pl\/#website","url":"https:\/\/rad-pal.com.pl\/","name":"Rad-Pal","description":"","publisher":{"@id":"https:\/\/rad-pal.com.pl\/#organization"},"potentialAction":[{"@type":"SearchAction","target":{"@type":"EntryPoint","urlTemplate":"https:\/\/rad-pal.com.pl\/?s={search_term_string}"},"query-input":{"@type":"PropertyValueSpecification","valueRequired":true,"valueName":"search_term_string"}}],"inLanguage":"en-GB"},{"@type":"Organization","@id":"https:\/\/rad-pal.com.pl\/#organization","name":"Rad-Pal","url":"https:\/\/rad-pal.com.pl\/","logo":{"@type":"ImageObject","inLanguage":"en-GB","@id":"https:\/\/rad-pal.com.pl\/#\/schema\/logo\/image\/","url":"https:\/\/rad-pal.com.pl\/wp-content\/uploads\/2026\/03\/Projekt-bez-nazwy-30.webp","contentUrl":"https:\/\/rad-pal.com.pl\/wp-content\/uploads\/2026\/03\/Projekt-bez-nazwy-30.webp","width":600,"height":210,"caption":"Rad-Pal"},"image":{"@id":"https:\/\/rad-pal.com.pl\/#\/schema\/logo\/image\/"}}]}},"_links":{"self":[{"href":"https:\/\/rad-pal.com.pl\/en\/wp-json\/wp\/v2\/product\/35488","targetHints":{"allow":["GET"]}}],"collection":[{"href":"https:\/\/rad-pal.com.pl\/en\/wp-json\/wp\/v2\/product"}],"about":[{"href":"https:\/\/rad-pal.com.pl\/en\/wp-json\/wp\/v2\/types\/product"}],"version-history":[{"count":0,"href":"https:\/\/rad-pal.com.pl\/en\/wp-json\/wp\/v2\/product\/35488\/revisions"}],"wp:featuredmedia":[{"embeddable":true,"href":"https:\/\/rad-pal.com.pl\/en\/wp-json\/wp\/v2\/media\/35481"}],"wp:attachment":[{"href":"https:\/\/rad-pal.com.pl\/en\/wp-json\/wp\/v2\/media?parent=35488"}],"wp:term":[{"taxonomy":"product_brand","embeddable":true,"href":"https:\/\/rad-pal.com.pl\/en\/wp-json\/wp\/v2\/product_brand?post=35488"},{"taxonomy":"product_cat","embeddable":true,"href":"https:\/\/rad-pal.com.pl\/en\/wp-json\/wp\/v2\/product_cat?post=35488"},{"taxonomy":"product_tag","embeddable":true,"href":"https:\/\/rad-pal.com.pl\/en\/wp-json\/wp\/v2\/product_tag?post=35488"}],"curies":[{"name":"wp","href":"https:\/\/api.w.org\/{rel}","templated":true}]}}