{"id":35568,"date":"2026-02-19T17:56:53","date_gmt":"2026-02-19T16:56:53","guid":{"rendered":"https:\/\/rad-pal.com.pl\/sklep\/bez-kategorii\/organizer-biurowy-na-segregatory-i-teczki-a4\/"},"modified":"2026-02-19T18:31:18","modified_gmt":"2026-02-19T17:31:18","slug":"organizer-biurowy-na-segregatory-i-teczki-a4","status":"publish","type":"product","link":"https:\/\/rad-pal.com.pl\/en\/sklep\/firma-i-uslugi\/biuro-i-reklama\/organizacja-dokumentow\/segregatory\/organizer-biurowy-na-segregatory-i-teczki-a4\/","title":{"rendered":"Organizer biurowy na segregatory i teczki A4"},"content":{"rendered":"<section class=\"section\">\n<div class=\"item item-6\">\n<section class=\"image-item\"><img decoding=\"async\" src=\"https:\/\/upload.cdn.baselinker.com\/products\/6014502\/85c402165cb8e58849d19d3c268067fe.jpg\" \/><\/section>\n<\/p><\/div>\n<div class=\"item item-6\">\n<section class=\"text-item\">\n<p>Organizer biurowy na segregatory i teczki A4<\/p>\n<p>Dzi\u0119ki organizerowi na akta DIY mo\u017cesz walczy\u0107 z papierowym chaosem w miejscu pracy. Pomimo lekkiej konstrukcji, pojemnik na akta ma odpowiedni\u0105 wag\u0119, aby zapewni\u0107 stabiln\u0105 i niezawodn\u0105 podstaw\u0119. W 2 przegrodach mo\u017cna sortowa\u0107 i przechowywa\u0107 dokumenty, czasopisma, podk\u0142adki lub segregatory w formacie A4 w spos\u00f3b przejrzysty i zawsze pod r\u0119k\u0105. Pojemnik na dokumenty jest dost\u0119pny w r\u00f3\u017cnych kolorach, dzi\u0119ki czemu mo\u017cna go dopasowa\u0107 do ka\u017cdego miejsca pracy &#8211; zar\u00f3wno w biurze, jak i w domu.<\/p>\n<\/section><\/div>\n<\/section>\n<section class=\"section\">\n<div class=\"item item-6\">\n<section class=\"image-item\"><img decoding=\"async\" src=\"https:\/\/upload.cdn.baselinker.com\/products\/6014502\/5e891c907fd08e9cbb705c603f33bb67.jpg\" \/><\/section>\n<\/p><\/div>\n<div class=\"item item-6\">\n<section class=\"text-item\">\n<p>Organizer na biurko<\/p>\n<p>Teczka stoj\u0105ca o kompaktowej konstrukcji na dokumenty i materia\u0142y pi\u015bmienne<\/p>\n<p>Filigranowy organizer na dokumenty ze stabilnym stojakiem<\/p>\n<p>Stojak na teczki formatu A4 do biura i szko\u0142y<\/p>\n<p>Wszechstronny stojak na czasopisma<\/p>\n<p>\u0141atwy monta\u017c z funkcj\u0105 &#8222;zr\u00f3b to sam<\/p>\n<\/section><\/div>\n<\/section>\n<section class=\"section\">\n<div class=\"item item-6\">\n<section class=\"image-item\"><img decoding=\"async\" src=\"https:\/\/upload.cdn.baselinker.com\/products\/6014502\/15d317d37221955ef20f7c49b6ae050a.jpg\" \/><\/section>\n<\/p><\/div>\n<div class=\"item item-6\">\n<section class=\"text-item\">\n<ul>\n<li>Wymiary ca\u0142kowite wys. x szer. x g\u0142.: ok. 32 x 18,5 x 24 cm<\/li>\n<li>Wymiary wewn\u0119trzne walizki: wys. x szer. x g\u0142.: ok. 31 x 8 x 23,5 cm ka\u017cda<\/li>\n<li>Waga: ok. 0,7 kg<\/li>\n<li>Materia\u0142: MDF<\/li>\n<\/ul>\n<\/section><\/div>\n<\/section>\n<section class=\"section\">\n<div class=\"item item-12\">\n<section class=\"text-item\">\n<p>4<\/p>\n<\/section><\/div>\n<\/section>","protected":false},"excerpt":{"rendered":"<p>Organizer biurowy na segregatory i teczki A4 Dzi\u0119ki organizerowi na akta DIY mo\u017cesz walczy\u0107 z papierowym chaosem w miejscu pracy.<\/p>","protected":false},"featured_media":35563,"template":"","meta":[],"product_brand":[],"product_cat":[127,126,156,533],"product_tag":[],"class_list":{"0":"post-35568","1":"product","2":"type-product","3":"status-publish","4":"has-post-thumbnail","6":"product_cat-biuro-i-reklama","7":"product_cat-firma-i-uslugi","8":"product_cat-organizacja-dokumentow","9":"product_cat-segregatory","11":"first","12":"instock","13":"taxable","14":"shipping-taxable","15":"purchasable","16":"product-type-simple"},"yoast_head":"<!-- This site is optimized with the Yoast SEO plugin v25.7 - https:\/\/yoast.com\/wordpress\/plugins\/seo\/ -->\n<title>Organizer biurowy na segregatory i teczki A4 - Rad-Pal<\/title>\n<meta name=\"robots\" content=\"index, follow, max-snippet:-1, max-image-preview:large, max-video-preview:-1\" \/>\n<link rel=\"canonical\" href=\"https:\/\/rad-pal.com.pl\/en\/sklep\/bez-kategorii\/organizer-biurowy-na-segregatory-i-teczki-a4\/\" \/>\n<meta property=\"og:locale\" content=\"en_GB\" \/>\n<meta property=\"og:type\" content=\"article\" \/>\n<meta property=\"og:title\" content=\"Organizer biurowy na segregatory i teczki A4 - Rad-Pal\" \/>\n<meta property=\"og:description\" content=\"Organizer biurowy na segregatory i teczki A4 Dzi\u0119ki organizerowi na akta DIY mo\u017cesz walczy\u0107 z papierowym chaosem w miejscu pracy.\" \/>\n<meta property=\"og:url\" content=\"https:\/\/rad-pal.com.pl\/en\/sklep\/bez-kategorii\/organizer-biurowy-na-segregatory-i-teczki-a4\/\" \/>\n<meta property=\"og:site_name\" content=\"Rad-Pal\" \/>\n<meta property=\"article:modified_time\" content=\"2026-02-19T17:31:18+00:00\" \/>\n<meta property=\"og:image\" content=\"https:\/\/upload.cdn.baselinker.com\/products\/6014502\/85c402165cb8e58849d19d3c268067fe.jpg\" \/>\n<meta name=\"twitter:card\" content=\"summary_large_image\" \/>\n<meta name=\"twitter:label1\" content=\"Estimated reading time\" \/>\n\t<meta name=\"twitter:data1\" content=\"1 minute\" \/>\n<script type=\"application\/ld+json\" class=\"yoast-schema-graph\">{\"@context\":\"https:\/\/schema.org\",\"@graph\":[{\"@type\":\"WebPage\",\"@id\":\"https:\/\/rad-pal.com.pl\/sklep\/bez-kategorii\/organizer-biurowy-na-segregatory-i-teczki-a4\/\",\"url\":\"https:\/\/rad-pal.com.pl\/sklep\/bez-kategorii\/organizer-biurowy-na-segregatory-i-teczki-a4\/\",\"name\":\"Organizer biurowy na segregatory i teczki A4 - Rad-Pal\",\"isPartOf\":{\"@id\":\"https:\/\/rad-pal.com.pl\/#website\"},\"primaryImageOfPage\":{\"@id\":\"https:\/\/rad-pal.com.pl\/sklep\/bez-kategorii\/organizer-biurowy-na-segregatory-i-teczki-a4\/#primaryimage\"},\"image\":{\"@id\":\"https:\/\/rad-pal.com.pl\/sklep\/bez-kategorii\/organizer-biurowy-na-segregatory-i-teczki-a4\/#primaryimage\"},\"thumbnailUrl\":\"https:\/\/rad-pal.com.pl\/wp-content\/uploads\/2026\/02\/85c402165cb8e58849d19d3c268067fe.jpg\",\"datePublished\":\"2026-02-19T16:56:53+00:00\",\"dateModified\":\"2026-02-19T17:31:18+00:00\",\"breadcrumb\":{\"@id\":\"https:\/\/rad-pal.com.pl\/sklep\/bez-kategorii\/organizer-biurowy-na-segregatory-i-teczki-a4\/#breadcrumb\"},\"inLanguage\":\"en-GB\",\"potentialAction\":[{\"@type\":\"ReadAction\",\"target\":[\"https:\/\/rad-pal.com.pl\/sklep\/bez-kategorii\/organizer-biurowy-na-segregatory-i-teczki-a4\/\"]}]},{\"@type\":\"ImageObject\",\"inLanguage\":\"en-GB\",\"@id\":\"https:\/\/rad-pal.com.pl\/sklep\/bez-kategorii\/organizer-biurowy-na-segregatory-i-teczki-a4\/#primaryimage\",\"url\":\"https:\/\/rad-pal.com.pl\/wp-content\/uploads\/2026\/02\/85c402165cb8e58849d19d3c268067fe.jpg\",\"contentUrl\":\"https:\/\/rad-pal.com.pl\/wp-content\/uploads\/2026\/02\/85c402165cb8e58849d19d3c268067fe.jpg\",\"width\":681,\"height\":681,\"caption\":\"09fd61c3818d23465a687b9edea80a8a\"},{\"@type\":\"BreadcrumbList\",\"@id\":\"https:\/\/rad-pal.com.pl\/sklep\/bez-kategorii\/organizer-biurowy-na-segregatory-i-teczki-a4\/#breadcrumb\",\"itemListElement\":[{\"@type\":\"ListItem\",\"position\":1,\"name\":\"Strona g\u0142\u00f3wna\",\"item\":\"https:\/\/rad-pal.com.pl\/\"},{\"@type\":\"ListItem\",\"position\":2,\"name\":\"Sklep\",\"item\":\"https:\/\/rad-pal.com.pl\/sklep\/\"},{\"@type\":\"ListItem\",\"position\":3,\"name\":\"Organizer biurowy na segregatory i teczki A4\"}]},{\"@type\":\"WebSite\",\"@id\":\"https:\/\/rad-pal.com.pl\/#website\",\"url\":\"https:\/\/rad-pal.com.pl\/\",\"name\":\"Rad-Pal\",\"description\":\"\",\"publisher\":{\"@id\":\"https:\/\/rad-pal.com.pl\/#organization\"},\"potentialAction\":[{\"@type\":\"SearchAction\",\"target\":{\"@type\":\"EntryPoint\",\"urlTemplate\":\"https:\/\/rad-pal.com.pl\/?s={search_term_string}\"},\"query-input\":{\"@type\":\"PropertyValueSpecification\",\"valueRequired\":true,\"valueName\":\"search_term_string\"}}],\"inLanguage\":\"en-GB\"},{\"@type\":\"Organization\",\"@id\":\"https:\/\/rad-pal.com.pl\/#organization\",\"name\":\"Rad-Pal\",\"url\":\"https:\/\/rad-pal.com.pl\/\",\"logo\":{\"@type\":\"ImageObject\",\"inLanguage\":\"en-GB\",\"@id\":\"https:\/\/rad-pal.com.pl\/#\/schema\/logo\/image\/\",\"url\":\"https:\/\/rad-pal.com.pl\/wp-content\/uploads\/2026\/03\/Projekt-bez-nazwy-30.webp\",\"contentUrl\":\"https:\/\/rad-pal.com.pl\/wp-content\/uploads\/2026\/03\/Projekt-bez-nazwy-30.webp\",\"width\":600,\"height\":210,\"caption\":\"Rad-Pal\"},\"image\":{\"@id\":\"https:\/\/rad-pal.com.pl\/#\/schema\/logo\/image\/\"}}]}<\/script>\n<!-- \/ Yoast SEO plugin. -->","yoast_head_json":{"title":"Organizer biurowy na segregatory i teczki A4 - Rad-Pal","robots":{"index":"index","follow":"follow","max-snippet":"max-snippet:-1","max-image-preview":"max-image-preview:large","max-video-preview":"max-video-preview:-1"},"canonical":"https:\/\/rad-pal.com.pl\/en\/sklep\/bez-kategorii\/organizer-biurowy-na-segregatory-i-teczki-a4\/","og_locale":"en_GB","og_type":"article","og_title":"Organizer biurowy na segregatory i teczki A4 - Rad-Pal","og_description":"Organizer biurowy na segregatory i teczki A4 Dzi\u0119ki organizerowi na akta DIY mo\u017cesz walczy\u0107 z papierowym chaosem w miejscu pracy.","og_url":"https:\/\/rad-pal.com.pl\/en\/sklep\/bez-kategorii\/organizer-biurowy-na-segregatory-i-teczki-a4\/","og_site_name":"Rad-Pal","article_modified_time":"2026-02-19T17:31:18+00:00","og_image":[{"url":"https:\/\/upload.cdn.baselinker.com\/products\/6014502\/85c402165cb8e58849d19d3c268067fe.jpg","type":"","width":"","height":""}],"twitter_card":"summary_large_image","twitter_misc":{"Estimated reading time":"1 minute"},"schema":{"@context":"https:\/\/schema.org","@graph":[{"@type":"WebPage","@id":"https:\/\/rad-pal.com.pl\/sklep\/bez-kategorii\/organizer-biurowy-na-segregatory-i-teczki-a4\/","url":"https:\/\/rad-pal.com.pl\/sklep\/bez-kategorii\/organizer-biurowy-na-segregatory-i-teczki-a4\/","name":"Organizer biurowy na segregatory i teczki A4 - Rad-Pal","isPartOf":{"@id":"https:\/\/rad-pal.com.pl\/#website"},"primaryImageOfPage":{"@id":"https:\/\/rad-pal.com.pl\/sklep\/bez-kategorii\/organizer-biurowy-na-segregatory-i-teczki-a4\/#primaryimage"},"image":{"@id":"https:\/\/rad-pal.com.pl\/sklep\/bez-kategorii\/organizer-biurowy-na-segregatory-i-teczki-a4\/#primaryimage"},"thumbnailUrl":"https:\/\/rad-pal.com.pl\/wp-content\/uploads\/2026\/02\/85c402165cb8e58849d19d3c268067fe.jpg","datePublished":"2026-02-19T16:56:53+00:00","dateModified":"2026-02-19T17:31:18+00:00","breadcrumb":{"@id":"https:\/\/rad-pal.com.pl\/sklep\/bez-kategorii\/organizer-biurowy-na-segregatory-i-teczki-a4\/#breadcrumb"},"inLanguage":"en-GB","potentialAction":[{"@type":"ReadAction","target":["https:\/\/rad-pal.com.pl\/sklep\/bez-kategorii\/organizer-biurowy-na-segregatory-i-teczki-a4\/"]}]},{"@type":"ImageObject","inLanguage":"en-GB","@id":"https:\/\/rad-pal.com.pl\/sklep\/bez-kategorii\/organizer-biurowy-na-segregatory-i-teczki-a4\/#primaryimage","url":"https:\/\/rad-pal.com.pl\/wp-content\/uploads\/2026\/02\/85c402165cb8e58849d19d3c268067fe.jpg","contentUrl":"https:\/\/rad-pal.com.pl\/wp-content\/uploads\/2026\/02\/85c402165cb8e58849d19d3c268067fe.jpg","width":681,"height":681,"caption":"09fd61c3818d23465a687b9edea80a8a"},{"@type":"BreadcrumbList","@id":"https:\/\/rad-pal.com.pl\/sklep\/bez-kategorii\/organizer-biurowy-na-segregatory-i-teczki-a4\/#breadcrumb","itemListElement":[{"@type":"ListItem","position":1,"name":"Strona g\u0142\u00f3wna","item":"https:\/\/rad-pal.com.pl\/"},{"@type":"ListItem","position":2,"name":"Sklep","item":"https:\/\/rad-pal.com.pl\/sklep\/"},{"@type":"ListItem","position":3,"name":"Organizer biurowy na segregatory i teczki A4"}]},{"@type":"WebSite","@id":"https:\/\/rad-pal.com.pl\/#website","url":"https:\/\/rad-pal.com.pl\/","name":"Rad-Pal","description":"","publisher":{"@id":"https:\/\/rad-pal.com.pl\/#organization"},"potentialAction":[{"@type":"SearchAction","target":{"@type":"EntryPoint","urlTemplate":"https:\/\/rad-pal.com.pl\/?s={search_term_string}"},"query-input":{"@type":"PropertyValueSpecification","valueRequired":true,"valueName":"search_term_string"}}],"inLanguage":"en-GB"},{"@type":"Organization","@id":"https:\/\/rad-pal.com.pl\/#organization","name":"Rad-Pal","url":"https:\/\/rad-pal.com.pl\/","logo":{"@type":"ImageObject","inLanguage":"en-GB","@id":"https:\/\/rad-pal.com.pl\/#\/schema\/logo\/image\/","url":"https:\/\/rad-pal.com.pl\/wp-content\/uploads\/2026\/03\/Projekt-bez-nazwy-30.webp","contentUrl":"https:\/\/rad-pal.com.pl\/wp-content\/uploads\/2026\/03\/Projekt-bez-nazwy-30.webp","width":600,"height":210,"caption":"Rad-Pal"},"image":{"@id":"https:\/\/rad-pal.com.pl\/#\/schema\/logo\/image\/"}}]}},"_links":{"self":[{"href":"https:\/\/rad-pal.com.pl\/en\/wp-json\/wp\/v2\/product\/35568","targetHints":{"allow":["GET"]}}],"collection":[{"href":"https:\/\/rad-pal.com.pl\/en\/wp-json\/wp\/v2\/product"}],"about":[{"href":"https:\/\/rad-pal.com.pl\/en\/wp-json\/wp\/v2\/types\/product"}],"version-history":[{"count":0,"href":"https:\/\/rad-pal.com.pl\/en\/wp-json\/wp\/v2\/product\/35568\/revisions"}],"wp:featuredmedia":[{"embeddable":true,"href":"https:\/\/rad-pal.com.pl\/en\/wp-json\/wp\/v2\/media\/35563"}],"wp:attachment":[{"href":"https:\/\/rad-pal.com.pl\/en\/wp-json\/wp\/v2\/media?parent=35568"}],"wp:term":[{"taxonomy":"product_brand","embeddable":true,"href":"https:\/\/rad-pal.com.pl\/en\/wp-json\/wp\/v2\/product_brand?post=35568"},{"taxonomy":"product_cat","embeddable":true,"href":"https:\/\/rad-pal.com.pl\/en\/wp-json\/wp\/v2\/product_cat?post=35568"},{"taxonomy":"product_tag","embeddable":true,"href":"https:\/\/rad-pal.com.pl\/en\/wp-json\/wp\/v2\/product_tag?post=35568"}],"curies":[{"name":"wp","href":"https:\/\/api.w.org\/{rel}","templated":true}]}}