{"id":36135,"date":"2026-02-19T18:18:16","date_gmt":"2026-02-19T17:18:16","guid":{"rendered":"https:\/\/rad-pal.com.pl\/sklep\/bez-kategorii\/18-wieszak-na-reczniki-bambus-relaxdays-82x54x24\/"},"modified":"2026-02-19T18:34:27","modified_gmt":"2026-02-19T17:34:27","slug":"18-wieszak-na-reczniki-bambus-relaxdays-82x54x24","status":"publish","type":"product","link":"https:\/\/rad-pal.com.pl\/en\/sklep\/dom-i-ogrod\/wyposazenie\/akcesoria-lazienkowe\/wieszaki-akcesoria-lazienkowe\/18-wieszak-na-reczniki-bambus-relaxdays-82x54x24\/","title":{"rendered":"#18 Wieszak na r\u0119czniki bambus Relaxdays 82x54x24"},"content":{"rendered":"<section class=\"section\">\n<div class=\"item item-6\">\n<section class=\"image-item\"><img decoding=\"async\" src=\"https:\/\/upload.cdn.baselinker.com\/products\/6014502\/20040566dc31c4b6b5894a0b35ca709f.jpg\" \/><\/section>\n<\/p><\/div>\n<div class=\"item item-6\">\n<section class=\"text-item\">\n<h1>Bambusowy stojak na r\u0119czniki<\/h1>\n<p>Koniec z suszeniem mokrych r\u0119cznik\u00f3w na kaloryferze! Nasz wolnostoj\u0105cy wieszak z naturalnego bambusa to idealne miejsce na rozwieszenie \u015bcierek, szmatek i r\u0119cznik\u00f3w. Drewno bambusowe jest odporne na wilgo\u0107, dzi\u0119ki czemu \u015bwietnie sprawdzi si\u0119 w \u0142azience. Wieszak z pewno\u015bci\u0105 doda Twojemu wn\u0119trzu naturalnego, prowansalskiego uroku. Delikatne kolory sprawiaj\u0105, \u017ce stojak na r\u0119czniki wpasuje si\u0119 niemal\u017ce do ka\u017cdego wystroju. Elegancki wieszak mo\u017cna wykorzysta\u0107 tak\u017ce jako kamerdyner na ubrania w sypialni lub stojak na \u015bcierki w kuchni.<\/p>\n<h2>Prowansalski stojak \u0142azienkowy<\/h2>\n<ul>\n<li>Bambusowy wieszak<\/li>\n<li>3 dr\u0105\u017cki formuj\u0105ce schodki<\/li>\n<li>Do suszenia r\u0119cznik\u00f3w<\/li>\n<li>Nowoczesny, naturalny design<\/li>\n<li>\u0141atwy monta\u017c bez wiercenia<\/li>\n<\/ul>\n<\/section><\/div>\n<\/section>\n<section class=\"section\">\n<div class=\"item item-6\">\n<section class=\"image-item\"><img decoding=\"async\" src=\"https:\/\/upload.cdn.baselinker.com\/products\/6014502\/0912afefdfe4d515142b7d184fe99d78.jpg\" \/><\/section>\n<\/p><\/div>\n<div class=\"item item-6\">\n<section class=\"text-item\">\n<p>BARDZO SOLIDNE WYKONANIE<\/p>\n<\/section><\/div>\n<\/section>\n<section class=\"section\">\n<div class=\"item item-6\">\n<section class=\"image-item\"><img decoding=\"async\" src=\"https:\/\/upload.cdn.baselinker.com\/products\/6014502\/cab39d8c55d6d2bdedf530210e93283f.jpg\" \/><\/section>\n<\/p><\/div>\n<div class=\"item item-6\">\n<section class=\"text-item\">\n<h2>Wolnostoj\u0105cy wieszak z 3 dr\u0105\u017ckami<\/h2>\n<ul>\n<li>Wymiary: ok. 82,5 x 54 x 24 cm (wys. x szer. x g\u0142\u0119b.)<\/li>\n<li>Wymiary podstawy: ok. 2 x 54 x 24 cm (wys. x szer. x g\u0142\u0119b.)<\/li>\n<li>Wysoko\u015b\u0107 dr\u0105\u017ck\u00f3w: ok. 82, 72 i 62 cm<\/li>\n<li>Odst\u0119p mi\u0119dzy dr\u0105\u017ckami: ok. 5 cm<\/li>\n<li>Waga: ok. 2,5 kg<\/li>\n<li>Materia\u0142: bambus<\/li>\n<\/ul>\n<ul>\n<li>1x bambusowy stojak na r\u0119czniki<\/li>\n<\/ul>\n<\/section><\/div>\n<\/section>\n<section class=\"section\">\n<div class=\"item item-6\">\n<section class=\"image-item\"><img decoding=\"async\" src=\"https:\/\/upload.cdn.baselinker.com\/products\/6014502\/dc04c23dba54aca7f3cbfb1e7878eeab.jpg\" \/><\/section>\n<\/p><\/div>\n<div class=\"item item-6\">\n<section class=\"image-item\"><img decoding=\"async\" src=\"https:\/\/upload.cdn.baselinker.com\/products\/6014502\/20040566dc31c4b6b5894a0b35ca709f.jpg\" \/><\/section>\n<\/p><\/div>\n<\/section>\n<section class=\"section\">\n<div class=\"item item-12\">\n<section class=\"text-item\">\n<p>1<\/p>\n<\/section><\/div>\n<\/section>","protected":false},"excerpt":{"rendered":"<p>Bambusowy stojak na r\u0119czniki Koniec z suszeniem mokrych r\u0119cznik\u00f3w na kaloryferze! Nasz wolnostoj\u0105cy wieszak z naturalnego bambusa to idealne miejsce<\/p>","protected":false},"featured_media":36128,"template":"","meta":[],"product_brand":[],"product_cat":[117,86,375,87],"product_tag":[],"class_list":{"0":"post-36135","1":"product","2":"type-product","3":"status-publish","4":"has-post-thumbnail","6":"product_cat-akcesoria-lazienkowe","7":"product_cat-dom-i-ogrod","8":"product_cat-wieszaki-akcesoria-lazienkowe","9":"product_cat-wyposazenie","11":"first","12":"instock","13":"taxable","14":"shipping-taxable","15":"purchasable","16":"product-type-simple"},"yoast_head":"<!-- This site is optimized with the Yoast SEO plugin v25.7 - https:\/\/yoast.com\/wordpress\/plugins\/seo\/ -->\n<title>#18 Wieszak na r\u0119czniki bambus Relaxdays 82x54x24 - Rad-Pal<\/title>\n<meta name=\"robots\" content=\"index, follow, max-snippet:-1, max-image-preview:large, max-video-preview:-1\" \/>\n<link rel=\"canonical\" href=\"https:\/\/rad-pal.com.pl\/en\/sklep\/bez-kategorii\/18-wieszak-na-reczniki-bambus-relaxdays-82x54x24\/\" \/>\n<meta property=\"og:locale\" content=\"en_GB\" \/>\n<meta property=\"og:type\" content=\"article\" \/>\n<meta property=\"og:title\" content=\"#18 Wieszak na r\u0119czniki bambus Relaxdays 82x54x24 - Rad-Pal\" \/>\n<meta property=\"og:description\" content=\"Bambusowy stojak na r\u0119czniki Koniec z suszeniem mokrych r\u0119cznik\u00f3w na kaloryferze! Nasz wolnostoj\u0105cy wieszak z naturalnego bambusa to idealne miejsce\" \/>\n<meta property=\"og:url\" content=\"https:\/\/rad-pal.com.pl\/en\/sklep\/bez-kategorii\/18-wieszak-na-reczniki-bambus-relaxdays-82x54x24\/\" \/>\n<meta property=\"og:site_name\" content=\"Rad-Pal\" \/>\n<meta property=\"article:modified_time\" content=\"2026-02-19T17:34:27+00:00\" \/>\n<meta property=\"og:image\" content=\"https:\/\/upload.cdn.baselinker.com\/products\/6014502\/20040566dc31c4b6b5894a0b35ca709f.jpg\" \/>\n<meta name=\"twitter:card\" content=\"summary_large_image\" \/>\n<meta name=\"twitter:label1\" content=\"Estimated reading time\" \/>\n\t<meta name=\"twitter:data1\" content=\"1 minute\" \/>\n<script type=\"application\/ld+json\" class=\"yoast-schema-graph\">{\"@context\":\"https:\/\/schema.org\",\"@graph\":[{\"@type\":\"WebPage\",\"@id\":\"https:\/\/rad-pal.com.pl\/sklep\/bez-kategorii\/18-wieszak-na-reczniki-bambus-relaxdays-82x54x24\/\",\"url\":\"https:\/\/rad-pal.com.pl\/sklep\/bez-kategorii\/18-wieszak-na-reczniki-bambus-relaxdays-82x54x24\/\",\"name\":\"#18 Wieszak na r\u0119czniki bambus Relaxdays 82x54x24 - Rad-Pal\",\"isPartOf\":{\"@id\":\"https:\/\/rad-pal.com.pl\/#website\"},\"primaryImageOfPage\":{\"@id\":\"https:\/\/rad-pal.com.pl\/sklep\/bez-kategorii\/18-wieszak-na-reczniki-bambus-relaxdays-82x54x24\/#primaryimage\"},\"image\":{\"@id\":\"https:\/\/rad-pal.com.pl\/sklep\/bez-kategorii\/18-wieszak-na-reczniki-bambus-relaxdays-82x54x24\/#primaryimage\"},\"thumbnailUrl\":\"https:\/\/rad-pal.com.pl\/wp-content\/uploads\/2026\/02\/20040566dc31c4b6b5894a0b35ca709f.jpg\",\"datePublished\":\"2026-02-19T17:18:16+00:00\",\"dateModified\":\"2026-02-19T17:34:27+00:00\",\"breadcrumb\":{\"@id\":\"https:\/\/rad-pal.com.pl\/sklep\/bez-kategorii\/18-wieszak-na-reczniki-bambus-relaxdays-82x54x24\/#breadcrumb\"},\"inLanguage\":\"en-GB\",\"potentialAction\":[{\"@type\":\"ReadAction\",\"target\":[\"https:\/\/rad-pal.com.pl\/sklep\/bez-kategorii\/18-wieszak-na-reczniki-bambus-relaxdays-82x54x24\/\"]}]},{\"@type\":\"ImageObject\",\"inLanguage\":\"en-GB\",\"@id\":\"https:\/\/rad-pal.com.pl\/sklep\/bez-kategorii\/18-wieszak-na-reczniki-bambus-relaxdays-82x54x24\/#primaryimage\",\"url\":\"https:\/\/rad-pal.com.pl\/wp-content\/uploads\/2026\/02\/20040566dc31c4b6b5894a0b35ca709f.jpg\",\"contentUrl\":\"https:\/\/rad-pal.com.pl\/wp-content\/uploads\/2026\/02\/20040566dc31c4b6b5894a0b35ca709f.jpg\",\"width\":986,\"height\":1500,\"caption\":\"3ec2717ce0d8ef68cb7e207e2f7b7ce8\"},{\"@type\":\"BreadcrumbList\",\"@id\":\"https:\/\/rad-pal.com.pl\/sklep\/bez-kategorii\/18-wieszak-na-reczniki-bambus-relaxdays-82x54x24\/#breadcrumb\",\"itemListElement\":[{\"@type\":\"ListItem\",\"position\":1,\"name\":\"Strona g\u0142\u00f3wna\",\"item\":\"https:\/\/rad-pal.com.pl\/\"},{\"@type\":\"ListItem\",\"position\":2,\"name\":\"Sklep\",\"item\":\"https:\/\/rad-pal.com.pl\/sklep\/\"},{\"@type\":\"ListItem\",\"position\":3,\"name\":\"#18 Wieszak na r\u0119czniki bambus Relaxdays 82x54x24\"}]},{\"@type\":\"WebSite\",\"@id\":\"https:\/\/rad-pal.com.pl\/#website\",\"url\":\"https:\/\/rad-pal.com.pl\/\",\"name\":\"Rad-Pal\",\"description\":\"\",\"publisher\":{\"@id\":\"https:\/\/rad-pal.com.pl\/#organization\"},\"potentialAction\":[{\"@type\":\"SearchAction\",\"target\":{\"@type\":\"EntryPoint\",\"urlTemplate\":\"https:\/\/rad-pal.com.pl\/?s={search_term_string}\"},\"query-input\":{\"@type\":\"PropertyValueSpecification\",\"valueRequired\":true,\"valueName\":\"search_term_string\"}}],\"inLanguage\":\"en-GB\"},{\"@type\":\"Organization\",\"@id\":\"https:\/\/rad-pal.com.pl\/#organization\",\"name\":\"Rad-Pal\",\"url\":\"https:\/\/rad-pal.com.pl\/\",\"logo\":{\"@type\":\"ImageObject\",\"inLanguage\":\"en-GB\",\"@id\":\"https:\/\/rad-pal.com.pl\/#\/schema\/logo\/image\/\",\"url\":\"https:\/\/rad-pal.com.pl\/wp-content\/uploads\/2026\/03\/Projekt-bez-nazwy-30.webp\",\"contentUrl\":\"https:\/\/rad-pal.com.pl\/wp-content\/uploads\/2026\/03\/Projekt-bez-nazwy-30.webp\",\"width\":600,\"height\":210,\"caption\":\"Rad-Pal\"},\"image\":{\"@id\":\"https:\/\/rad-pal.com.pl\/#\/schema\/logo\/image\/\"}}]}<\/script>\n<!-- \/ Yoast SEO plugin. -->","yoast_head_json":{"title":"#18 Wieszak na r\u0119czniki bambus Relaxdays 82x54x24 - Rad-Pal","robots":{"index":"index","follow":"follow","max-snippet":"max-snippet:-1","max-image-preview":"max-image-preview:large","max-video-preview":"max-video-preview:-1"},"canonical":"https:\/\/rad-pal.com.pl\/en\/sklep\/bez-kategorii\/18-wieszak-na-reczniki-bambus-relaxdays-82x54x24\/","og_locale":"en_GB","og_type":"article","og_title":"#18 Wieszak na r\u0119czniki bambus Relaxdays 82x54x24 - Rad-Pal","og_description":"Bambusowy stojak na r\u0119czniki Koniec z suszeniem mokrych r\u0119cznik\u00f3w na kaloryferze! Nasz wolnostoj\u0105cy wieszak z naturalnego bambusa to idealne miejsce","og_url":"https:\/\/rad-pal.com.pl\/en\/sklep\/bez-kategorii\/18-wieszak-na-reczniki-bambus-relaxdays-82x54x24\/","og_site_name":"Rad-Pal","article_modified_time":"2026-02-19T17:34:27+00:00","og_image":[{"url":"https:\/\/upload.cdn.baselinker.com\/products\/6014502\/20040566dc31c4b6b5894a0b35ca709f.jpg","type":"","width":"","height":""}],"twitter_card":"summary_large_image","twitter_misc":{"Estimated reading time":"1 minute"},"schema":{"@context":"https:\/\/schema.org","@graph":[{"@type":"WebPage","@id":"https:\/\/rad-pal.com.pl\/sklep\/bez-kategorii\/18-wieszak-na-reczniki-bambus-relaxdays-82x54x24\/","url":"https:\/\/rad-pal.com.pl\/sklep\/bez-kategorii\/18-wieszak-na-reczniki-bambus-relaxdays-82x54x24\/","name":"#18 Wieszak na r\u0119czniki bambus Relaxdays 82x54x24 - Rad-Pal","isPartOf":{"@id":"https:\/\/rad-pal.com.pl\/#website"},"primaryImageOfPage":{"@id":"https:\/\/rad-pal.com.pl\/sklep\/bez-kategorii\/18-wieszak-na-reczniki-bambus-relaxdays-82x54x24\/#primaryimage"},"image":{"@id":"https:\/\/rad-pal.com.pl\/sklep\/bez-kategorii\/18-wieszak-na-reczniki-bambus-relaxdays-82x54x24\/#primaryimage"},"thumbnailUrl":"https:\/\/rad-pal.com.pl\/wp-content\/uploads\/2026\/02\/20040566dc31c4b6b5894a0b35ca709f.jpg","datePublished":"2026-02-19T17:18:16+00:00","dateModified":"2026-02-19T17:34:27+00:00","breadcrumb":{"@id":"https:\/\/rad-pal.com.pl\/sklep\/bez-kategorii\/18-wieszak-na-reczniki-bambus-relaxdays-82x54x24\/#breadcrumb"},"inLanguage":"en-GB","potentialAction":[{"@type":"ReadAction","target":["https:\/\/rad-pal.com.pl\/sklep\/bez-kategorii\/18-wieszak-na-reczniki-bambus-relaxdays-82x54x24\/"]}]},{"@type":"ImageObject","inLanguage":"en-GB","@id":"https:\/\/rad-pal.com.pl\/sklep\/bez-kategorii\/18-wieszak-na-reczniki-bambus-relaxdays-82x54x24\/#primaryimage","url":"https:\/\/rad-pal.com.pl\/wp-content\/uploads\/2026\/02\/20040566dc31c4b6b5894a0b35ca709f.jpg","contentUrl":"https:\/\/rad-pal.com.pl\/wp-content\/uploads\/2026\/02\/20040566dc31c4b6b5894a0b35ca709f.jpg","width":986,"height":1500,"caption":"3ec2717ce0d8ef68cb7e207e2f7b7ce8"},{"@type":"BreadcrumbList","@id":"https:\/\/rad-pal.com.pl\/sklep\/bez-kategorii\/18-wieszak-na-reczniki-bambus-relaxdays-82x54x24\/#breadcrumb","itemListElement":[{"@type":"ListItem","position":1,"name":"Strona g\u0142\u00f3wna","item":"https:\/\/rad-pal.com.pl\/"},{"@type":"ListItem","position":2,"name":"Sklep","item":"https:\/\/rad-pal.com.pl\/sklep\/"},{"@type":"ListItem","position":3,"name":"#18 Wieszak na r\u0119czniki bambus Relaxdays 82x54x24"}]},{"@type":"WebSite","@id":"https:\/\/rad-pal.com.pl\/#website","url":"https:\/\/rad-pal.com.pl\/","name":"Rad-Pal","description":"","publisher":{"@id":"https:\/\/rad-pal.com.pl\/#organization"},"potentialAction":[{"@type":"SearchAction","target":{"@type":"EntryPoint","urlTemplate":"https:\/\/rad-pal.com.pl\/?s={search_term_string}"},"query-input":{"@type":"PropertyValueSpecification","valueRequired":true,"valueName":"search_term_string"}}],"inLanguage":"en-GB"},{"@type":"Organization","@id":"https:\/\/rad-pal.com.pl\/#organization","name":"Rad-Pal","url":"https:\/\/rad-pal.com.pl\/","logo":{"@type":"ImageObject","inLanguage":"en-GB","@id":"https:\/\/rad-pal.com.pl\/#\/schema\/logo\/image\/","url":"https:\/\/rad-pal.com.pl\/wp-content\/uploads\/2026\/03\/Projekt-bez-nazwy-30.webp","contentUrl":"https:\/\/rad-pal.com.pl\/wp-content\/uploads\/2026\/03\/Projekt-bez-nazwy-30.webp","width":600,"height":210,"caption":"Rad-Pal"},"image":{"@id":"https:\/\/rad-pal.com.pl\/#\/schema\/logo\/image\/"}}]}},"_links":{"self":[{"href":"https:\/\/rad-pal.com.pl\/en\/wp-json\/wp\/v2\/product\/36135","targetHints":{"allow":["GET"]}}],"collection":[{"href":"https:\/\/rad-pal.com.pl\/en\/wp-json\/wp\/v2\/product"}],"about":[{"href":"https:\/\/rad-pal.com.pl\/en\/wp-json\/wp\/v2\/types\/product"}],"version-history":[{"count":0,"href":"https:\/\/rad-pal.com.pl\/en\/wp-json\/wp\/v2\/product\/36135\/revisions"}],"wp:featuredmedia":[{"embeddable":true,"href":"https:\/\/rad-pal.com.pl\/en\/wp-json\/wp\/v2\/media\/36128"}],"wp:attachment":[{"href":"https:\/\/rad-pal.com.pl\/en\/wp-json\/wp\/v2\/media?parent=36135"}],"wp:term":[{"taxonomy":"product_brand","embeddable":true,"href":"https:\/\/rad-pal.com.pl\/en\/wp-json\/wp\/v2\/product_brand?post=36135"},{"taxonomy":"product_cat","embeddable":true,"href":"https:\/\/rad-pal.com.pl\/en\/wp-json\/wp\/v2\/product_cat?post=36135"},{"taxonomy":"product_tag","embeddable":true,"href":"https:\/\/rad-pal.com.pl\/en\/wp-json\/wp\/v2\/product_tag?post=36135"}],"curies":[{"name":"wp","href":"https:\/\/api.w.org\/{rel}","templated":true}]}}