{"id":36470,"date":"2026-02-19T18:34:48","date_gmt":"2026-02-19T17:34:48","guid":{"rendered":"https:\/\/rad-pal.com.pl\/sklep\/bez-kategorii\/relaxdays-stolik-nocny-industrialny-szafka-nocna\/"},"modified":"2026-02-19T19:28:10","modified_gmt":"2026-02-19T18:28:10","slug":"relaxdays-stolik-nocny-industrialny-szafka-nocna","status":"publish","type":"product","link":"https:\/\/rad-pal.com.pl\/en\/sklep\/dom-i-ogrod\/meble\/sypialnia\/szafki-nocne\/relaxdays-stolik-nocny-industrialny-szafka-nocna\/","title":{"rendered":"Relaxdays Stolik nocny industrialny, szafka nocna"},"content":{"rendered":"<section class=\"section\">\n<div class=\"item item-6\">\n<section class=\"image-item\"><img decoding=\"async\" src=\"https:\/\/upload.cdn.baselinker.com\/products\/6014502\/f5850e6091d2f0b3413d81ddc08383a5.jpg\" \/><\/section>\n<\/p><\/div>\n<div class=\"item item-6\">\n<section class=\"text-item\">\n<h2>Nowoczesny i praktyczny stolik nocny<\/h2>\n<p>Szafka nocna b\u0119dzie przyci\u0105ga\u0107 wzrok w niemal ka\u017cdym wn\u0119trzu.&nbsp;G\u00f3rn\u0105 p\u00f3\u0142k\u0119 uzupe\u0142nia szuflada, w kt\u00f3rej mo\u017cesz przechowywa\u0107 czasopisma, ksi\u0105\u017cki lub inne drobne przedmioty.&nbsp;&nbsp;Szafka nocna to idealne rozwi\u0105zanie, dzi\u0119ki kt\u00f3remu wszystkie Twoje rzeczy w sypialni b\u0119d\u0105 w zasi\u0119gu r\u0119ki i na wygodnej wysoko\u015bci.&nbsp;Elegancka forma i design tego stolika nocnego pasuje do niemal ka\u017cdego wn\u0119trza.<\/p>\n<h2>Nowoczesny i praktyczny stolik nocny<\/h2>\n<ul>\n<li>Umie\u015b\u0107 swoje rzeczy w sypialni na wygodnej wysoko\u015bci<\/li>\n<li>Przestronna szuflada na ksi\u0105\u017cki, kabel do \u0142adowania itp.<\/li>\n<li>P\u00f3\u0142ki zapewniaj\u0105 dodatkow\u0105 przestrze\u0144 do przechowywania<\/li>\n<li>Elegancka forma i design uzupe\u0142niaj\u0105 niemal ka\u017cde wn\u0119trze<\/li>\n<li>\u015awietnie sprawdzi si\u0119 r\u00f3wnie\u017c jako stolik boczny w przedpokoju, salonie itp.<\/li>\n<\/ul>\n<\/section><\/div>\n<\/section>\n<section class=\"section\">\n<div class=\"item item-6\">\n<section class=\"text-item\">\n<h2>Stolik nocny w szczeg\u00f3\u0142ach<\/h2>\n<ul>\n<li>Rozmiar wys. x szer. x g\u0142.: ok.&nbsp;50 x 45 x 40 cm<\/li>\n<li>G\u00f3rna p\u00f3\u0142ka szer. x g\u0142.: ok.&nbsp;45 x 40 cm<\/li>\n<li>Dolna p\u00f3\u0142ka szer. x g\u0142.: ok.&nbsp;41x39cm<\/li>\n<li>Rozstaw p\u00f3\u0142ek: ok.&nbsp;19cm<\/li>\n<li>Wymiary wewn\u0119trzne szuflady wys. x szer. x g\u0142.: ok.&nbsp;18 x 39,5 x 37 cm<\/li>\n<li>No\u015bno\u015b\u0107: ok.&nbsp;15 kg<\/li>\n<li>Waga: ok.&nbsp;5,6 kg<\/li>\n<li>Materia\u0142: p\u0142yta MDF, metal, polar<\/li>\n<li>Kolor: czarny, br\u0105zowy<\/li>\n<\/ul>\n<h2>Zawarte w dostawie<\/h2>\n<ul>\n<li>1x stolik nocny<\/li>\n<li>Bez dekoracji<\/li>\n<li>Ilustrowane instrukcje<\/li>\n<\/ul>\n<h2>Sk\u0142ad materia\u0142u<\/h2>\n<ul>\n<li>60% P\u0142yta pil\u015bniowa<\/li>\n<li>30% \u017celaza<\/li>\n<li>10% drewna<\/li>\n<\/ul>\n<\/section><\/div>\n<div class=\"item item-6\">\n<section class=\"image-item\"><img decoding=\"async\" src=\"https:\/\/upload.cdn.baselinker.com\/products\/6014502\/322c6406d1e3528642e72297cdf5d2a3.jpg\" \/><\/section>\n<\/p><\/div>\n<\/section>\n<section class=\"section\">\n<div class=\"item item-6\">\n<section class=\"image-item\"><img decoding=\"async\" src=\"https:\/\/upload.cdn.baselinker.com\/products\/6014502\/ad9eab79d687ea43d03eaa1ba2089283.jpg\" \/><\/section>\n<\/p><\/div>\n<div class=\"item item-6\">\n<section class=\"text-item\">\n<p>TOWAR CERTYFIKOWANY I PRZYGOTOWANY NA RYNEK NIEMIECKI &#8211; NAJWY\u017bSZA GWARANTOWANA JAKO\u015a\u0106 WYKONANIA<\/p>\n<p>Posiada oryginalne lekko uszkodzone&nbsp; &nbsp;otworzone do sprawdzenia opakowanie i wszystkie zabezpieczenia. Towar bardzo dok\u0142adnie sprawdzony ze strony wizualnej i technicznej .<\/p>\n<p><b>Serdecznie polecam .<\/b><\/p>\n<p>Je\u015bli masz jakie\u015b w\u0105tpliwo\u015bci czy napotkasz problem postaram si\u0119 rozwi\u0105za\u0107 sytuacj\u0119<\/p>\n<\/section><\/div>\n<\/section>","protected":false},"excerpt":{"rendered":"<p>Nowoczesny i praktyczny stolik nocny Szafka nocna b\u0119dzie przyci\u0105ga\u0107 wzrok w niemal ka\u017cdym wn\u0119trzu.&nbsp;G\u00f3rn\u0105 p\u00f3\u0142k\u0119 uzupe\u0142nia szuflada, w kt\u00f3rej mo\u017cesz<\/p>","protected":false},"featured_media":36461,"template":"","meta":[],"product_brand":[],"product_cat":[86,94,353,570],"product_tag":[],"class_list":{"0":"post-36470","1":"product","2":"type-product","3":"status-publish","4":"has-post-thumbnail","6":"product_cat-dom-i-ogrod","7":"product_cat-meble","8":"product_cat-sypialnia","9":"product_cat-szafki-nocne","11":"first","12":"instock","13":"taxable","14":"shipping-taxable","15":"purchasable","16":"product-type-simple"},"yoast_head":"<!-- This site is optimized with the Yoast SEO plugin v25.7 - https:\/\/yoast.com\/wordpress\/plugins\/seo\/ -->\n<title>Relaxdays Stolik nocny industrialny, szafka nocna - Rad-Pal<\/title>\n<meta name=\"robots\" content=\"index, follow, max-snippet:-1, max-image-preview:large, max-video-preview:-1\" \/>\n<link rel=\"canonical\" href=\"https:\/\/rad-pal.com.pl\/en\/sklep\/bez-kategorii\/relaxdays-stolik-nocny-industrialny-szafka-nocna\/\" \/>\n<meta property=\"og:locale\" content=\"en_GB\" \/>\n<meta property=\"og:type\" content=\"article\" \/>\n<meta property=\"og:title\" content=\"Relaxdays Stolik nocny industrialny, szafka nocna - Rad-Pal\" \/>\n<meta property=\"og:description\" content=\"Nowoczesny i praktyczny stolik nocny Szafka nocna b\u0119dzie przyci\u0105ga\u0107 wzrok w niemal ka\u017cdym wn\u0119trzu.&nbsp;G\u00f3rn\u0105 p\u00f3\u0142k\u0119 uzupe\u0142nia szuflada, w kt\u00f3rej mo\u017cesz\" \/>\n<meta property=\"og:url\" content=\"https:\/\/rad-pal.com.pl\/en\/sklep\/bez-kategorii\/relaxdays-stolik-nocny-industrialny-szafka-nocna\/\" \/>\n<meta property=\"og:site_name\" content=\"Rad-Pal\" \/>\n<meta property=\"article:modified_time\" content=\"2026-02-19T18:28:10+00:00\" \/>\n<meta property=\"og:image\" content=\"https:\/\/upload.cdn.baselinker.com\/products\/6014502\/f5850e6091d2f0b3413d81ddc08383a5.jpg\" \/>\n<meta name=\"twitter:card\" content=\"summary_large_image\" \/>\n<meta name=\"twitter:label1\" content=\"Estimated reading time\" \/>\n\t<meta name=\"twitter:data1\" content=\"1 minute\" \/>\n<script type=\"application\/ld+json\" class=\"yoast-schema-graph\">{\"@context\":\"https:\/\/schema.org\",\"@graph\":[{\"@type\":\"WebPage\",\"@id\":\"https:\/\/rad-pal.com.pl\/sklep\/bez-kategorii\/relaxdays-stolik-nocny-industrialny-szafka-nocna\/\",\"url\":\"https:\/\/rad-pal.com.pl\/sklep\/bez-kategorii\/relaxdays-stolik-nocny-industrialny-szafka-nocna\/\",\"name\":\"Relaxdays Stolik nocny industrialny, szafka nocna - Rad-Pal\",\"isPartOf\":{\"@id\":\"https:\/\/rad-pal.com.pl\/#website\"},\"primaryImageOfPage\":{\"@id\":\"https:\/\/rad-pal.com.pl\/sklep\/bez-kategorii\/relaxdays-stolik-nocny-industrialny-szafka-nocna\/#primaryimage\"},\"image\":{\"@id\":\"https:\/\/rad-pal.com.pl\/sklep\/bez-kategorii\/relaxdays-stolik-nocny-industrialny-szafka-nocna\/#primaryimage\"},\"thumbnailUrl\":\"https:\/\/rad-pal.com.pl\/wp-content\/uploads\/2026\/02\/f5850e6091d2f0b3413d81ddc08383a5.jpg\",\"datePublished\":\"2026-02-19T17:34:48+00:00\",\"dateModified\":\"2026-02-19T18:28:10+00:00\",\"breadcrumb\":{\"@id\":\"https:\/\/rad-pal.com.pl\/sklep\/bez-kategorii\/relaxdays-stolik-nocny-industrialny-szafka-nocna\/#breadcrumb\"},\"inLanguage\":\"en-GB\",\"potentialAction\":[{\"@type\":\"ReadAction\",\"target\":[\"https:\/\/rad-pal.com.pl\/sklep\/bez-kategorii\/relaxdays-stolik-nocny-industrialny-szafka-nocna\/\"]}]},{\"@type\":\"ImageObject\",\"inLanguage\":\"en-GB\",\"@id\":\"https:\/\/rad-pal.com.pl\/sklep\/bez-kategorii\/relaxdays-stolik-nocny-industrialny-szafka-nocna\/#primaryimage\",\"url\":\"https:\/\/rad-pal.com.pl\/wp-content\/uploads\/2026\/02\/f5850e6091d2f0b3413d81ddc08383a5.jpg\",\"contentUrl\":\"https:\/\/rad-pal.com.pl\/wp-content\/uploads\/2026\/02\/f5850e6091d2f0b3413d81ddc08383a5.jpg\",\"width\":93,\"height\":128,\"caption\":\"e22afb8233e22464a747cbfb85c52a5d\"},{\"@type\":\"BreadcrumbList\",\"@id\":\"https:\/\/rad-pal.com.pl\/sklep\/bez-kategorii\/relaxdays-stolik-nocny-industrialny-szafka-nocna\/#breadcrumb\",\"itemListElement\":[{\"@type\":\"ListItem\",\"position\":1,\"name\":\"Strona g\u0142\u00f3wna\",\"item\":\"https:\/\/rad-pal.com.pl\/\"},{\"@type\":\"ListItem\",\"position\":2,\"name\":\"Sklep\",\"item\":\"https:\/\/rad-pal.com.pl\/sklep\/\"},{\"@type\":\"ListItem\",\"position\":3,\"name\":\"Relaxdays Stolik nocny industrialny, szafka nocna\"}]},{\"@type\":\"WebSite\",\"@id\":\"https:\/\/rad-pal.com.pl\/#website\",\"url\":\"https:\/\/rad-pal.com.pl\/\",\"name\":\"Rad-Pal\",\"description\":\"\",\"publisher\":{\"@id\":\"https:\/\/rad-pal.com.pl\/#organization\"},\"potentialAction\":[{\"@type\":\"SearchAction\",\"target\":{\"@type\":\"EntryPoint\",\"urlTemplate\":\"https:\/\/rad-pal.com.pl\/?s={search_term_string}\"},\"query-input\":{\"@type\":\"PropertyValueSpecification\",\"valueRequired\":true,\"valueName\":\"search_term_string\"}}],\"inLanguage\":\"en-GB\"},{\"@type\":\"Organization\",\"@id\":\"https:\/\/rad-pal.com.pl\/#organization\",\"name\":\"Rad-Pal\",\"url\":\"https:\/\/rad-pal.com.pl\/\",\"logo\":{\"@type\":\"ImageObject\",\"inLanguage\":\"en-GB\",\"@id\":\"https:\/\/rad-pal.com.pl\/#\/schema\/logo\/image\/\",\"url\":\"https:\/\/rad-pal.com.pl\/wp-content\/uploads\/2026\/03\/Projekt-bez-nazwy-30.webp\",\"contentUrl\":\"https:\/\/rad-pal.com.pl\/wp-content\/uploads\/2026\/03\/Projekt-bez-nazwy-30.webp\",\"width\":600,\"height\":210,\"caption\":\"Rad-Pal\"},\"image\":{\"@id\":\"https:\/\/rad-pal.com.pl\/#\/schema\/logo\/image\/\"}}]}<\/script>\n<!-- \/ Yoast SEO plugin. -->","yoast_head_json":{"title":"Relaxdays Stolik nocny industrialny, szafka nocna - Rad-Pal","robots":{"index":"index","follow":"follow","max-snippet":"max-snippet:-1","max-image-preview":"max-image-preview:large","max-video-preview":"max-video-preview:-1"},"canonical":"https:\/\/rad-pal.com.pl\/en\/sklep\/bez-kategorii\/relaxdays-stolik-nocny-industrialny-szafka-nocna\/","og_locale":"en_GB","og_type":"article","og_title":"Relaxdays Stolik nocny industrialny, szafka nocna - Rad-Pal","og_description":"Nowoczesny i praktyczny stolik nocny Szafka nocna b\u0119dzie przyci\u0105ga\u0107 wzrok w niemal ka\u017cdym wn\u0119trzu.&nbsp;G\u00f3rn\u0105 p\u00f3\u0142k\u0119 uzupe\u0142nia szuflada, w kt\u00f3rej mo\u017cesz","og_url":"https:\/\/rad-pal.com.pl\/en\/sklep\/bez-kategorii\/relaxdays-stolik-nocny-industrialny-szafka-nocna\/","og_site_name":"Rad-Pal","article_modified_time":"2026-02-19T18:28:10+00:00","og_image":[{"url":"https:\/\/upload.cdn.baselinker.com\/products\/6014502\/f5850e6091d2f0b3413d81ddc08383a5.jpg","type":"","width":"","height":""}],"twitter_card":"summary_large_image","twitter_misc":{"Estimated reading time":"1 minute"},"schema":{"@context":"https:\/\/schema.org","@graph":[{"@type":"WebPage","@id":"https:\/\/rad-pal.com.pl\/sklep\/bez-kategorii\/relaxdays-stolik-nocny-industrialny-szafka-nocna\/","url":"https:\/\/rad-pal.com.pl\/sklep\/bez-kategorii\/relaxdays-stolik-nocny-industrialny-szafka-nocna\/","name":"Relaxdays Stolik nocny industrialny, szafka nocna - Rad-Pal","isPartOf":{"@id":"https:\/\/rad-pal.com.pl\/#website"},"primaryImageOfPage":{"@id":"https:\/\/rad-pal.com.pl\/sklep\/bez-kategorii\/relaxdays-stolik-nocny-industrialny-szafka-nocna\/#primaryimage"},"image":{"@id":"https:\/\/rad-pal.com.pl\/sklep\/bez-kategorii\/relaxdays-stolik-nocny-industrialny-szafka-nocna\/#primaryimage"},"thumbnailUrl":"https:\/\/rad-pal.com.pl\/wp-content\/uploads\/2026\/02\/f5850e6091d2f0b3413d81ddc08383a5.jpg","datePublished":"2026-02-19T17:34:48+00:00","dateModified":"2026-02-19T18:28:10+00:00","breadcrumb":{"@id":"https:\/\/rad-pal.com.pl\/sklep\/bez-kategorii\/relaxdays-stolik-nocny-industrialny-szafka-nocna\/#breadcrumb"},"inLanguage":"en-GB","potentialAction":[{"@type":"ReadAction","target":["https:\/\/rad-pal.com.pl\/sklep\/bez-kategorii\/relaxdays-stolik-nocny-industrialny-szafka-nocna\/"]}]},{"@type":"ImageObject","inLanguage":"en-GB","@id":"https:\/\/rad-pal.com.pl\/sklep\/bez-kategorii\/relaxdays-stolik-nocny-industrialny-szafka-nocna\/#primaryimage","url":"https:\/\/rad-pal.com.pl\/wp-content\/uploads\/2026\/02\/f5850e6091d2f0b3413d81ddc08383a5.jpg","contentUrl":"https:\/\/rad-pal.com.pl\/wp-content\/uploads\/2026\/02\/f5850e6091d2f0b3413d81ddc08383a5.jpg","width":93,"height":128,"caption":"e22afb8233e22464a747cbfb85c52a5d"},{"@type":"BreadcrumbList","@id":"https:\/\/rad-pal.com.pl\/sklep\/bez-kategorii\/relaxdays-stolik-nocny-industrialny-szafka-nocna\/#breadcrumb","itemListElement":[{"@type":"ListItem","position":1,"name":"Strona g\u0142\u00f3wna","item":"https:\/\/rad-pal.com.pl\/"},{"@type":"ListItem","position":2,"name":"Sklep","item":"https:\/\/rad-pal.com.pl\/sklep\/"},{"@type":"ListItem","position":3,"name":"Relaxdays Stolik nocny industrialny, szafka nocna"}]},{"@type":"WebSite","@id":"https:\/\/rad-pal.com.pl\/#website","url":"https:\/\/rad-pal.com.pl\/","name":"Rad-Pal","description":"","publisher":{"@id":"https:\/\/rad-pal.com.pl\/#organization"},"potentialAction":[{"@type":"SearchAction","target":{"@type":"EntryPoint","urlTemplate":"https:\/\/rad-pal.com.pl\/?s={search_term_string}"},"query-input":{"@type":"PropertyValueSpecification","valueRequired":true,"valueName":"search_term_string"}}],"inLanguage":"en-GB"},{"@type":"Organization","@id":"https:\/\/rad-pal.com.pl\/#organization","name":"Rad-Pal","url":"https:\/\/rad-pal.com.pl\/","logo":{"@type":"ImageObject","inLanguage":"en-GB","@id":"https:\/\/rad-pal.com.pl\/#\/schema\/logo\/image\/","url":"https:\/\/rad-pal.com.pl\/wp-content\/uploads\/2026\/03\/Projekt-bez-nazwy-30.webp","contentUrl":"https:\/\/rad-pal.com.pl\/wp-content\/uploads\/2026\/03\/Projekt-bez-nazwy-30.webp","width":600,"height":210,"caption":"Rad-Pal"},"image":{"@id":"https:\/\/rad-pal.com.pl\/#\/schema\/logo\/image\/"}}]}},"_links":{"self":[{"href":"https:\/\/rad-pal.com.pl\/en\/wp-json\/wp\/v2\/product\/36470","targetHints":{"allow":["GET"]}}],"collection":[{"href":"https:\/\/rad-pal.com.pl\/en\/wp-json\/wp\/v2\/product"}],"about":[{"href":"https:\/\/rad-pal.com.pl\/en\/wp-json\/wp\/v2\/types\/product"}],"version-history":[{"count":0,"href":"https:\/\/rad-pal.com.pl\/en\/wp-json\/wp\/v2\/product\/36470\/revisions"}],"wp:featuredmedia":[{"embeddable":true,"href":"https:\/\/rad-pal.com.pl\/en\/wp-json\/wp\/v2\/media\/36461"}],"wp:attachment":[{"href":"https:\/\/rad-pal.com.pl\/en\/wp-json\/wp\/v2\/media?parent=36470"}],"wp:term":[{"taxonomy":"product_brand","embeddable":true,"href":"https:\/\/rad-pal.com.pl\/en\/wp-json\/wp\/v2\/product_brand?post=36470"},{"taxonomy":"product_cat","embeddable":true,"href":"https:\/\/rad-pal.com.pl\/en\/wp-json\/wp\/v2\/product_cat?post=36470"},{"taxonomy":"product_tag","embeddable":true,"href":"https:\/\/rad-pal.com.pl\/en\/wp-json\/wp\/v2\/product_tag?post=36470"}],"curies":[{"name":"wp","href":"https:\/\/api.w.org\/{rel}","templated":true}]}}