{"id":36577,"date":"2026-02-19T18:39:55","date_gmt":"2026-02-19T17:39:55","guid":{"rendered":"https:\/\/rad-pal.com.pl\/sklep\/bez-kategorii\/szczotka-do-rozczesywania-relaxdays\/"},"modified":"2026-02-19T19:29:01","modified_gmt":"2026-02-19T18:29:01","slug":"szczotka-do-rozczesywania-relaxdays","status":"publish","type":"product","link":"https:\/\/rad-pal.com.pl\/en\/sklep\/uroda\/pielegnacja\/wlosy\/szczotki-i-grzebienie\/szczotka-do-rozczesywania-relaxdays\/","title":{"rendered":"Szczotka do rozczesywania Relaxdays"},"content":{"rendered":"<section class=\"section\">\n<div class=\"item item-12\">\n<section class=\"text-item\">\n<p>Je\u015bli pude\u0142ko nie jest oryginalnie zamkni\u0119te zawsze sprawdzamy zawarto\u015b\u0107.<\/p>\n<p>Je\u015bli jest mo\u017cliwo\u015b\u0107 to sprawdzamy sprawno\u015b\u0107 produktu.<\/p>\n<p>Staramy si\u0119 sprawdzi\u0107 mo\u017cliwie wszystko, opisa\u0107 i pokaza\u0107 dany produkt najlepiej jak potrafimy.<\/p>\n<p>(Instrukcja obs\u0142ugi mo\u017ce nie by\u0107 dost\u0119pna w j\u0119zyku polsku)<\/p>\n<p>&nbsp;<\/p>\n<h2>Zestaw szczotek do rozczesywania w\u0142os\u00f3w<\/h2>\n<p>Twoje w\u0142osy s\u0105 delikatne, cienkie, a mo\u017ce trudne do u\u0142o\u017cenia?<\/p>\n<p>4 szczotki do modelowania nadaj\u0105 si\u0119 do najr\u00f3\u017cniejszych typ\u00f3w i d\u0142ugo\u015bci w\u0142os\u00f3w!<\/p>\n<p>Zestaw sk\u0142ada si\u0119 z owalnej szczotki uniwersalnej, okr\u0105g\u0142ej szczotki zwi\u0119kszaj\u0105cej obj\u0119to\u015b\u0107 w\u0142os\u00f3w, p\u0142askiej szczotki do d\u0142ugich i mocnych w\u0142os\u00f3w oraz w\u0105skiej szczotki do cienkich w\u0142os\u00f3w.<\/p>\n<p>Dzi\u0119ki przezroczystej torebce zamykanej na zamek b\u0142yskawiczny te szczotki do uk\u0142adania w\u0142os\u00f3w mo\u017cna wsz\u0119dzie ze sob\u0105 zabra\u0107.<\/p>\n<p>Trzonki z otworami umo\u017cliwiaj\u0105 wieszanie szczotek.<\/p>\n<ul>\n<li>Do ka\u017cdego rodzaju i ka\u017cdej d\u0142ugo\u015bci w\u0142os\u00f3w<\/li>\n<li>Kolce z tworzywa sztucznego o zaokr\u0105glonych ko\u0144cach<\/li>\n<li>Torba z zamkiem b\u0142yskawicznym &#8211; idealna na wyjazdy<\/li>\n<li>Trzonki z otworami do zawieszania<\/li>\n<\/ul>\n<h2>Szczotka do w\u0142os\u00f3w 4 szt.<\/h2>\n<ul>\n<li>Wymiary torby ze szczotkami: ok. 4,5 x 28 x 24 cm (wys. x szer. x d\u0142.)<\/li>\n<li>P\u0142aska szczotka: ok. 24,5 x 9 x 4 cm (wys. x szer. x d\u0142.)<\/li>\n<li>Okr\u0105g\u0142a szczotka: ok. 22 x 4,5 cm (wys. x \u015br.)<\/li>\n<li>Owalna szczotka: ok. 23,5 x 7,5 x 3,5 cm (wys. x szer. x d\u0142.)<\/li>\n<li>W\u0105ska szczotka: ok. 22,5 x 5 x 3,5 cm (wys. x szer. x d\u0142.)<\/li>\n<li>Polipropylen<\/li>\n<li>Zestaw wa\u017cy ok. 0,44 kg<\/li>\n<\/ul>\n<\/section><\/div>\n<\/section>\n<section class=\"section\">\n<div class=\"item item-6\">\n<section class=\"image-item\"><img decoding=\"async\" src=\"https:\/\/upload.cdn.baselinker.com\/products\/6014502\/938805859eb6685c14ba06d133e13ad3.jpg\" \/><\/section>\n<\/p><\/div>\n<div class=\"item item-6\">\n<section class=\"image-item\"><img decoding=\"async\" src=\"https:\/\/upload.cdn.baselinker.com\/products\/6014502\/26b7b7f755c192caf76cf282aaeb6c0d.jpg\" \/><\/section>\n<\/p><\/div>\n<\/section>\n<section class=\"section\">\n<div class=\"item item-6\">\n<section class=\"image-item\"><img decoding=\"async\" src=\"https:\/\/upload.cdn.baselinker.com\/products\/6014502\/9d85d2e5f5a3eef7f454fa710dce34bb.jpg\" \/><\/section>\n<\/p><\/div>\n<div class=\"item item-6\">\n<section class=\"image-item\"><img decoding=\"async\" src=\"https:\/\/upload.cdn.baselinker.com\/products\/6014502\/a7d5eb04ccfbbce89ec273b83b24149f.jpg\" \/><\/section>\n<\/p><\/div>\n<\/section>\n<section class=\"section\">\n<div class=\"item item-12\">\n<section class=\"image-item\"><img decoding=\"async\" src=\"https:\/\/upload.cdn.baselinker.com\/products\/6014502\/0cdd971bcc05368f1221b00a0f3a4cb4.jpg\" \/><\/section>\n<\/p><\/div>\n<\/section>","protected":false},"excerpt":{"rendered":"<p>Je\u015bli pude\u0142ko nie jest oryginalnie zamkni\u0119te zawsze sprawdzamy zawarto\u015b\u0107. Je\u015bli jest mo\u017cliwo\u015b\u0107 to sprawdzamy sprawno\u015b\u0107 produktu. Staramy si\u0119 sprawdzi\u0107 mo\u017cliwie<\/p>","protected":false},"featured_media":36569,"template":"","meta":[],"product_brand":[],"product_cat":[582,584,515,583],"product_tag":[],"class_list":{"0":"post-36577","1":"product","2":"type-product","3":"status-publish","4":"has-post-thumbnail","6":"product_cat-pielegnacja","7":"product_cat-szczotki-i-grzebienie","8":"product_cat-uroda","9":"product_cat-wlosy","11":"first","12":"instock","13":"taxable","14":"shipping-taxable","15":"purchasable","16":"product-type-simple"},"yoast_head":"<!-- This site is optimized with the Yoast SEO plugin v25.7 - https:\/\/yoast.com\/wordpress\/plugins\/seo\/ -->\n<title>Szczotka do rozczesywania Relaxdays - Rad-Pal<\/title>\n<meta name=\"robots\" content=\"index, follow, max-snippet:-1, max-image-preview:large, max-video-preview:-1\" \/>\n<link rel=\"canonical\" href=\"https:\/\/rad-pal.com.pl\/en\/sklep\/bez-kategorii\/szczotka-do-rozczesywania-relaxdays\/\" \/>\n<meta property=\"og:locale\" content=\"en_GB\" \/>\n<meta property=\"og:type\" content=\"article\" \/>\n<meta property=\"og:title\" content=\"Szczotka do rozczesywania Relaxdays - Rad-Pal\" \/>\n<meta property=\"og:description\" content=\"Je\u015bli pude\u0142ko nie jest oryginalnie zamkni\u0119te zawsze sprawdzamy zawarto\u015b\u0107. Je\u015bli jest mo\u017cliwo\u015b\u0107 to sprawdzamy sprawno\u015b\u0107 produktu. Staramy si\u0119 sprawdzi\u0107 mo\u017cliwie\" \/>\n<meta property=\"og:url\" content=\"https:\/\/rad-pal.com.pl\/en\/sklep\/bez-kategorii\/szczotka-do-rozczesywania-relaxdays\/\" \/>\n<meta property=\"og:site_name\" content=\"Rad-Pal\" \/>\n<meta property=\"article:modified_time\" content=\"2026-02-19T18:29:01+00:00\" \/>\n<meta property=\"og:image\" content=\"https:\/\/upload.cdn.baselinker.com\/products\/6014502\/938805859eb6685c14ba06d133e13ad3.jpg\" \/>\n<meta name=\"twitter:card\" content=\"summary_large_image\" \/>\n<meta name=\"twitter:label1\" content=\"Estimated reading time\" \/>\n\t<meta name=\"twitter:data1\" content=\"1 minute\" \/>\n<script type=\"application\/ld+json\" class=\"yoast-schema-graph\">{\"@context\":\"https:\/\/schema.org\",\"@graph\":[{\"@type\":\"WebPage\",\"@id\":\"https:\/\/rad-pal.com.pl\/sklep\/bez-kategorii\/szczotka-do-rozczesywania-relaxdays\/\",\"url\":\"https:\/\/rad-pal.com.pl\/sklep\/bez-kategorii\/szczotka-do-rozczesywania-relaxdays\/\",\"name\":\"Szczotka do rozczesywania Relaxdays - Rad-Pal\",\"isPartOf\":{\"@id\":\"https:\/\/rad-pal.com.pl\/#website\"},\"primaryImageOfPage\":{\"@id\":\"https:\/\/rad-pal.com.pl\/sklep\/bez-kategorii\/szczotka-do-rozczesywania-relaxdays\/#primaryimage\"},\"image\":{\"@id\":\"https:\/\/rad-pal.com.pl\/sklep\/bez-kategorii\/szczotka-do-rozczesywania-relaxdays\/#primaryimage\"},\"thumbnailUrl\":\"https:\/\/rad-pal.com.pl\/wp-content\/uploads\/2026\/02\/938805859eb6685c14ba06d133e13ad3.jpg\",\"datePublished\":\"2026-02-19T17:39:55+00:00\",\"dateModified\":\"2026-02-19T18:29:01+00:00\",\"breadcrumb\":{\"@id\":\"https:\/\/rad-pal.com.pl\/sklep\/bez-kategorii\/szczotka-do-rozczesywania-relaxdays\/#breadcrumb\"},\"inLanguage\":\"en-GB\",\"potentialAction\":[{\"@type\":\"ReadAction\",\"target\":[\"https:\/\/rad-pal.com.pl\/sklep\/bez-kategorii\/szczotka-do-rozczesywania-relaxdays\/\"]}]},{\"@type\":\"ImageObject\",\"inLanguage\":\"en-GB\",\"@id\":\"https:\/\/rad-pal.com.pl\/sklep\/bez-kategorii\/szczotka-do-rozczesywania-relaxdays\/#primaryimage\",\"url\":\"https:\/\/rad-pal.com.pl\/wp-content\/uploads\/2026\/02\/938805859eb6685c14ba06d133e13ad3.jpg\",\"contentUrl\":\"https:\/\/rad-pal.com.pl\/wp-content\/uploads\/2026\/02\/938805859eb6685c14ba06d133e13ad3.jpg\",\"width\":500,\"height\":500,\"caption\":\"b17794d83ad508552115ec611b628079\"},{\"@type\":\"BreadcrumbList\",\"@id\":\"https:\/\/rad-pal.com.pl\/sklep\/bez-kategorii\/szczotka-do-rozczesywania-relaxdays\/#breadcrumb\",\"itemListElement\":[{\"@type\":\"ListItem\",\"position\":1,\"name\":\"Strona g\u0142\u00f3wna\",\"item\":\"https:\/\/rad-pal.com.pl\/\"},{\"@type\":\"ListItem\",\"position\":2,\"name\":\"Sklep\",\"item\":\"https:\/\/rad-pal.com.pl\/sklep\/\"},{\"@type\":\"ListItem\",\"position\":3,\"name\":\"Szczotka do rozczesywania Relaxdays\"}]},{\"@type\":\"WebSite\",\"@id\":\"https:\/\/rad-pal.com.pl\/#website\",\"url\":\"https:\/\/rad-pal.com.pl\/\",\"name\":\"Rad-Pal\",\"description\":\"\",\"publisher\":{\"@id\":\"https:\/\/rad-pal.com.pl\/#organization\"},\"potentialAction\":[{\"@type\":\"SearchAction\",\"target\":{\"@type\":\"EntryPoint\",\"urlTemplate\":\"https:\/\/rad-pal.com.pl\/?s={search_term_string}\"},\"query-input\":{\"@type\":\"PropertyValueSpecification\",\"valueRequired\":true,\"valueName\":\"search_term_string\"}}],\"inLanguage\":\"en-GB\"},{\"@type\":\"Organization\",\"@id\":\"https:\/\/rad-pal.com.pl\/#organization\",\"name\":\"Rad-Pal\",\"url\":\"https:\/\/rad-pal.com.pl\/\",\"logo\":{\"@type\":\"ImageObject\",\"inLanguage\":\"en-GB\",\"@id\":\"https:\/\/rad-pal.com.pl\/#\/schema\/logo\/image\/\",\"url\":\"https:\/\/rad-pal.com.pl\/wp-content\/uploads\/2026\/03\/Projekt-bez-nazwy-30.webp\",\"contentUrl\":\"https:\/\/rad-pal.com.pl\/wp-content\/uploads\/2026\/03\/Projekt-bez-nazwy-30.webp\",\"width\":600,\"height\":210,\"caption\":\"Rad-Pal\"},\"image\":{\"@id\":\"https:\/\/rad-pal.com.pl\/#\/schema\/logo\/image\/\"}}]}<\/script>\n<!-- \/ Yoast SEO plugin. -->","yoast_head_json":{"title":"Szczotka do rozczesywania Relaxdays - Rad-Pal","robots":{"index":"index","follow":"follow","max-snippet":"max-snippet:-1","max-image-preview":"max-image-preview:large","max-video-preview":"max-video-preview:-1"},"canonical":"https:\/\/rad-pal.com.pl\/en\/sklep\/bez-kategorii\/szczotka-do-rozczesywania-relaxdays\/","og_locale":"en_GB","og_type":"article","og_title":"Szczotka do rozczesywania Relaxdays - Rad-Pal","og_description":"Je\u015bli pude\u0142ko nie jest oryginalnie zamkni\u0119te zawsze sprawdzamy zawarto\u015b\u0107. Je\u015bli jest mo\u017cliwo\u015b\u0107 to sprawdzamy sprawno\u015b\u0107 produktu. Staramy si\u0119 sprawdzi\u0107 mo\u017cliwie","og_url":"https:\/\/rad-pal.com.pl\/en\/sklep\/bez-kategorii\/szczotka-do-rozczesywania-relaxdays\/","og_site_name":"Rad-Pal","article_modified_time":"2026-02-19T18:29:01+00:00","og_image":[{"url":"https:\/\/upload.cdn.baselinker.com\/products\/6014502\/938805859eb6685c14ba06d133e13ad3.jpg","type":"","width":"","height":""}],"twitter_card":"summary_large_image","twitter_misc":{"Estimated reading time":"1 minute"},"schema":{"@context":"https:\/\/schema.org","@graph":[{"@type":"WebPage","@id":"https:\/\/rad-pal.com.pl\/sklep\/bez-kategorii\/szczotka-do-rozczesywania-relaxdays\/","url":"https:\/\/rad-pal.com.pl\/sklep\/bez-kategorii\/szczotka-do-rozczesywania-relaxdays\/","name":"Szczotka do rozczesywania Relaxdays - Rad-Pal","isPartOf":{"@id":"https:\/\/rad-pal.com.pl\/#website"},"primaryImageOfPage":{"@id":"https:\/\/rad-pal.com.pl\/sklep\/bez-kategorii\/szczotka-do-rozczesywania-relaxdays\/#primaryimage"},"image":{"@id":"https:\/\/rad-pal.com.pl\/sklep\/bez-kategorii\/szczotka-do-rozczesywania-relaxdays\/#primaryimage"},"thumbnailUrl":"https:\/\/rad-pal.com.pl\/wp-content\/uploads\/2026\/02\/938805859eb6685c14ba06d133e13ad3.jpg","datePublished":"2026-02-19T17:39:55+00:00","dateModified":"2026-02-19T18:29:01+00:00","breadcrumb":{"@id":"https:\/\/rad-pal.com.pl\/sklep\/bez-kategorii\/szczotka-do-rozczesywania-relaxdays\/#breadcrumb"},"inLanguage":"en-GB","potentialAction":[{"@type":"ReadAction","target":["https:\/\/rad-pal.com.pl\/sklep\/bez-kategorii\/szczotka-do-rozczesywania-relaxdays\/"]}]},{"@type":"ImageObject","inLanguage":"en-GB","@id":"https:\/\/rad-pal.com.pl\/sklep\/bez-kategorii\/szczotka-do-rozczesywania-relaxdays\/#primaryimage","url":"https:\/\/rad-pal.com.pl\/wp-content\/uploads\/2026\/02\/938805859eb6685c14ba06d133e13ad3.jpg","contentUrl":"https:\/\/rad-pal.com.pl\/wp-content\/uploads\/2026\/02\/938805859eb6685c14ba06d133e13ad3.jpg","width":500,"height":500,"caption":"b17794d83ad508552115ec611b628079"},{"@type":"BreadcrumbList","@id":"https:\/\/rad-pal.com.pl\/sklep\/bez-kategorii\/szczotka-do-rozczesywania-relaxdays\/#breadcrumb","itemListElement":[{"@type":"ListItem","position":1,"name":"Strona g\u0142\u00f3wna","item":"https:\/\/rad-pal.com.pl\/"},{"@type":"ListItem","position":2,"name":"Sklep","item":"https:\/\/rad-pal.com.pl\/sklep\/"},{"@type":"ListItem","position":3,"name":"Szczotka do rozczesywania Relaxdays"}]},{"@type":"WebSite","@id":"https:\/\/rad-pal.com.pl\/#website","url":"https:\/\/rad-pal.com.pl\/","name":"Rad-Pal","description":"","publisher":{"@id":"https:\/\/rad-pal.com.pl\/#organization"},"potentialAction":[{"@type":"SearchAction","target":{"@type":"EntryPoint","urlTemplate":"https:\/\/rad-pal.com.pl\/?s={search_term_string}"},"query-input":{"@type":"PropertyValueSpecification","valueRequired":true,"valueName":"search_term_string"}}],"inLanguage":"en-GB"},{"@type":"Organization","@id":"https:\/\/rad-pal.com.pl\/#organization","name":"Rad-Pal","url":"https:\/\/rad-pal.com.pl\/","logo":{"@type":"ImageObject","inLanguage":"en-GB","@id":"https:\/\/rad-pal.com.pl\/#\/schema\/logo\/image\/","url":"https:\/\/rad-pal.com.pl\/wp-content\/uploads\/2026\/03\/Projekt-bez-nazwy-30.webp","contentUrl":"https:\/\/rad-pal.com.pl\/wp-content\/uploads\/2026\/03\/Projekt-bez-nazwy-30.webp","width":600,"height":210,"caption":"Rad-Pal"},"image":{"@id":"https:\/\/rad-pal.com.pl\/#\/schema\/logo\/image\/"}}]}},"_links":{"self":[{"href":"https:\/\/rad-pal.com.pl\/en\/wp-json\/wp\/v2\/product\/36577","targetHints":{"allow":["GET"]}}],"collection":[{"href":"https:\/\/rad-pal.com.pl\/en\/wp-json\/wp\/v2\/product"}],"about":[{"href":"https:\/\/rad-pal.com.pl\/en\/wp-json\/wp\/v2\/types\/product"}],"version-history":[{"count":0,"href":"https:\/\/rad-pal.com.pl\/en\/wp-json\/wp\/v2\/product\/36577\/revisions"}],"wp:featuredmedia":[{"embeddable":true,"href":"https:\/\/rad-pal.com.pl\/en\/wp-json\/wp\/v2\/media\/36569"}],"wp:attachment":[{"href":"https:\/\/rad-pal.com.pl\/en\/wp-json\/wp\/v2\/media?parent=36577"}],"wp:term":[{"taxonomy":"product_brand","embeddable":true,"href":"https:\/\/rad-pal.com.pl\/en\/wp-json\/wp\/v2\/product_brand?post=36577"},{"taxonomy":"product_cat","embeddable":true,"href":"https:\/\/rad-pal.com.pl\/en\/wp-json\/wp\/v2\/product_cat?post=36577"},{"taxonomy":"product_tag","embeddable":true,"href":"https:\/\/rad-pal.com.pl\/en\/wp-json\/wp\/v2\/product_tag?post=36577"}],"curies":[{"name":"wp","href":"https:\/\/api.w.org\/{rel}","templated":true}]}}