{"id":36605,"date":"2026-02-19T18:41:25","date_gmt":"2026-02-19T17:41:25","guid":{"rendered":"https:\/\/rad-pal.com.pl\/sklep\/bez-kategorii\/komoda-relaxdays-aaa-45-x-30-x-92cm-dab-antyczny\/"},"modified":"2026-02-19T19:29:13","modified_gmt":"2026-02-19T18:29:13","slug":"komoda-relaxdays-aaa-45-x-30-x-92cm-dab-antyczny","status":"publish","type":"product","link":"https:\/\/rad-pal.com.pl\/en\/sklep\/dom-i-ogrod\/meble\/salon\/komody-salon\/komoda-relaxdays-aaa-45-x-30-x-92cm-dab-antyczny\/","title":{"rendered":"Komoda Relaxdays aaa 45 x 30 x 92cm d\u0105b antyczny"},"content":{"rendered":"<section class=\"section\">\n<div class=\"item item-12\">\n<section class=\"text-item\">\n<p>Rega\u0142 stoj\u0105cy zapewnia porz\u0105dek dzi\u0119ki 3 szufladom i 2 p\u00f3\u0142kom. Na g\u00f3rze mo\u017cna umie\u015bci\u0107 dekoracje lub ro\u015bliny, a w szufladach przechowywa\u0107 przedmioty codziennego u\u017cytku, p\u0142yty CD i ksi\u0105\u017cki w spos\u00f3b uporz\u0105dkowany i zabezpieczony przed wzrokiem. Modne przemys\u0142owe wzornictwo komody rega\u0142owej z mieszanki materia\u0142\u00f3w z czarnego metalu, materia\u0142u i p\u0142yty MDF w kolorze ciemnobr\u0105zowego drewna natychmiast rzuca si\u0119 w oczy. Wszechstronny rega\u0142 w stylu retro zawsze dobrze prezentuje si\u0119 w kuchni, \u0142azience, korytarzu, sypialni lub salonie.<\/p>\n<p>Specyfikacja:<\/p>\n<ul>\n<li>Wymiary (wys. x szer. x g\u0142.): ok. 92 x 45 x 30 cm<\/li>\n<li>Maks. No\u015bno\u015b\u0107 ka\u017cdej p\u00f3\u0142ki: ok. 15 kg<\/li>\n<li>Maks. No\u015bno\u015b\u0107 ka\u017cdej szuflady: ok. 5 kg<\/li>\n<li>Waga: ok. 7 kg<\/li>\n<li>Materia\u0142: stal, p\u0142yta MDF, w\u0142\u00f3knina<\/li>\n<li>Kolor: czarny, ciemnobr\u0105zowy<\/li>\n<\/ul>\n<\/section><\/div>\n<\/section>\n<section class=\"section\">\n<div class=\"item item-12\">\n<section class=\"image-item\"><img decoding=\"async\" src=\"https:\/\/upload.cdn.baselinker.com\/products\/6014502\/44b39d6647a1455918f2aeb42875deac.jpg\" \/><\/section>\n<\/p><\/div>\n<\/section>","protected":false},"excerpt":{"rendered":"<p>Rega\u0142 stoj\u0105cy zapewnia porz\u0105dek dzi\u0119ki 3 szufladom i 2 p\u00f3\u0142kom. Na g\u00f3rze mo\u017cna umie\u015bci\u0107 dekoracje lub ro\u015bliny, a w szufladach<\/p>","protected":false},"featured_media":36596,"template":"","meta":[],"product_brand":[],"product_cat":[86,421,94,95],"product_tag":[],"class_list":{"0":"post-36605","1":"product","2":"type-product","3":"status-publish","4":"has-post-thumbnail","6":"product_cat-dom-i-ogrod","7":"product_cat-komody-salon","8":"product_cat-meble","9":"product_cat-salon","11":"first","12":"instock","13":"taxable","14":"shipping-taxable","15":"purchasable","16":"product-type-simple"},"yoast_head":"<!-- This site is optimized with the Yoast SEO plugin v25.7 - https:\/\/yoast.com\/wordpress\/plugins\/seo\/ -->\n<title>Komoda Relaxdays aaa 45 x 30 x 92cm d\u0105b antyczny - Rad-Pal<\/title>\n<meta name=\"robots\" content=\"index, follow, max-snippet:-1, max-image-preview:large, max-video-preview:-1\" \/>\n<link rel=\"canonical\" href=\"https:\/\/rad-pal.com.pl\/en\/sklep\/bez-kategorii\/komoda-relaxdays-aaa-45-x-30-x-92cm-dab-antyczny\/\" \/>\n<meta property=\"og:locale\" content=\"en_GB\" \/>\n<meta property=\"og:type\" content=\"article\" \/>\n<meta property=\"og:title\" content=\"Komoda Relaxdays aaa 45 x 30 x 92cm d\u0105b antyczny - Rad-Pal\" \/>\n<meta property=\"og:description\" content=\"Rega\u0142 stoj\u0105cy zapewnia porz\u0105dek dzi\u0119ki 3 szufladom i 2 p\u00f3\u0142kom. Na g\u00f3rze mo\u017cna umie\u015bci\u0107 dekoracje lub ro\u015bliny, a w szufladach\" \/>\n<meta property=\"og:url\" content=\"https:\/\/rad-pal.com.pl\/en\/sklep\/bez-kategorii\/komoda-relaxdays-aaa-45-x-30-x-92cm-dab-antyczny\/\" \/>\n<meta property=\"og:site_name\" content=\"Rad-Pal\" \/>\n<meta property=\"article:modified_time\" content=\"2026-02-19T18:29:13+00:00\" \/>\n<meta property=\"og:image\" content=\"https:\/\/upload.cdn.baselinker.com\/products\/6014502\/44b39d6647a1455918f2aeb42875deac.jpg\" \/>\n<meta name=\"twitter:card\" content=\"summary_large_image\" \/>\n<meta name=\"twitter:label1\" content=\"Estimated reading time\" \/>\n\t<meta name=\"twitter:data1\" content=\"1 minute\" \/>\n<script type=\"application\/ld+json\" class=\"yoast-schema-graph\">{\"@context\":\"https:\/\/schema.org\",\"@graph\":[{\"@type\":\"WebPage\",\"@id\":\"https:\/\/rad-pal.com.pl\/sklep\/bez-kategorii\/komoda-relaxdays-aaa-45-x-30-x-92cm-dab-antyczny\/\",\"url\":\"https:\/\/rad-pal.com.pl\/sklep\/bez-kategorii\/komoda-relaxdays-aaa-45-x-30-x-92cm-dab-antyczny\/\",\"name\":\"Komoda Relaxdays aaa 45 x 30 x 92cm d\u0105b antyczny - Rad-Pal\",\"isPartOf\":{\"@id\":\"https:\/\/rad-pal.com.pl\/#website\"},\"primaryImageOfPage\":{\"@id\":\"https:\/\/rad-pal.com.pl\/sklep\/bez-kategorii\/komoda-relaxdays-aaa-45-x-30-x-92cm-dab-antyczny\/#primaryimage\"},\"image\":{\"@id\":\"https:\/\/rad-pal.com.pl\/sklep\/bez-kategorii\/komoda-relaxdays-aaa-45-x-30-x-92cm-dab-antyczny\/#primaryimage\"},\"thumbnailUrl\":\"https:\/\/rad-pal.com.pl\/wp-content\/uploads\/2026\/02\/44b39d6647a1455918f2aeb42875deac.jpg\",\"datePublished\":\"2026-02-19T17:41:25+00:00\",\"dateModified\":\"2026-02-19T18:29:13+00:00\",\"breadcrumb\":{\"@id\":\"https:\/\/rad-pal.com.pl\/sklep\/bez-kategorii\/komoda-relaxdays-aaa-45-x-30-x-92cm-dab-antyczny\/#breadcrumb\"},\"inLanguage\":\"en-GB\",\"potentialAction\":[{\"@type\":\"ReadAction\",\"target\":[\"https:\/\/rad-pal.com.pl\/sklep\/bez-kategorii\/komoda-relaxdays-aaa-45-x-30-x-92cm-dab-antyczny\/\"]}]},{\"@type\":\"ImageObject\",\"inLanguage\":\"en-GB\",\"@id\":\"https:\/\/rad-pal.com.pl\/sklep\/bez-kategorii\/komoda-relaxdays-aaa-45-x-30-x-92cm-dab-antyczny\/#primaryimage\",\"url\":\"https:\/\/rad-pal.com.pl\/wp-content\/uploads\/2026\/02\/44b39d6647a1455918f2aeb42875deac.jpg\",\"contentUrl\":\"https:\/\/rad-pal.com.pl\/wp-content\/uploads\/2026\/02\/44b39d6647a1455918f2aeb42875deac.jpg\",\"width\":585,\"height\":1200,\"caption\":\"fe713a6ca9d7a90c29fcf42a90957ca6\"},{\"@type\":\"BreadcrumbList\",\"@id\":\"https:\/\/rad-pal.com.pl\/sklep\/bez-kategorii\/komoda-relaxdays-aaa-45-x-30-x-92cm-dab-antyczny\/#breadcrumb\",\"itemListElement\":[{\"@type\":\"ListItem\",\"position\":1,\"name\":\"Strona g\u0142\u00f3wna\",\"item\":\"https:\/\/rad-pal.com.pl\/\"},{\"@type\":\"ListItem\",\"position\":2,\"name\":\"Sklep\",\"item\":\"https:\/\/rad-pal.com.pl\/sklep\/\"},{\"@type\":\"ListItem\",\"position\":3,\"name\":\"Komoda Relaxdays aaa 45 x 30 x 92cm d\u0105b antyczny\"}]},{\"@type\":\"WebSite\",\"@id\":\"https:\/\/rad-pal.com.pl\/#website\",\"url\":\"https:\/\/rad-pal.com.pl\/\",\"name\":\"Rad-Pal\",\"description\":\"\",\"publisher\":{\"@id\":\"https:\/\/rad-pal.com.pl\/#organization\"},\"potentialAction\":[{\"@type\":\"SearchAction\",\"target\":{\"@type\":\"EntryPoint\",\"urlTemplate\":\"https:\/\/rad-pal.com.pl\/?s={search_term_string}\"},\"query-input\":{\"@type\":\"PropertyValueSpecification\",\"valueRequired\":true,\"valueName\":\"search_term_string\"}}],\"inLanguage\":\"en-GB\"},{\"@type\":\"Organization\",\"@id\":\"https:\/\/rad-pal.com.pl\/#organization\",\"name\":\"Rad-Pal\",\"url\":\"https:\/\/rad-pal.com.pl\/\",\"logo\":{\"@type\":\"ImageObject\",\"inLanguage\":\"en-GB\",\"@id\":\"https:\/\/rad-pal.com.pl\/#\/schema\/logo\/image\/\",\"url\":\"https:\/\/rad-pal.com.pl\/wp-content\/uploads\/2026\/03\/Projekt-bez-nazwy-30.webp\",\"contentUrl\":\"https:\/\/rad-pal.com.pl\/wp-content\/uploads\/2026\/03\/Projekt-bez-nazwy-30.webp\",\"width\":600,\"height\":210,\"caption\":\"Rad-Pal\"},\"image\":{\"@id\":\"https:\/\/rad-pal.com.pl\/#\/schema\/logo\/image\/\"}}]}<\/script>\n<!-- \/ Yoast SEO plugin. -->","yoast_head_json":{"title":"Komoda Relaxdays aaa 45 x 30 x 92cm d\u0105b antyczny - Rad-Pal","robots":{"index":"index","follow":"follow","max-snippet":"max-snippet:-1","max-image-preview":"max-image-preview:large","max-video-preview":"max-video-preview:-1"},"canonical":"https:\/\/rad-pal.com.pl\/en\/sklep\/bez-kategorii\/komoda-relaxdays-aaa-45-x-30-x-92cm-dab-antyczny\/","og_locale":"en_GB","og_type":"article","og_title":"Komoda Relaxdays aaa 45 x 30 x 92cm d\u0105b antyczny - Rad-Pal","og_description":"Rega\u0142 stoj\u0105cy zapewnia porz\u0105dek dzi\u0119ki 3 szufladom i 2 p\u00f3\u0142kom. Na g\u00f3rze mo\u017cna umie\u015bci\u0107 dekoracje lub ro\u015bliny, a w szufladach","og_url":"https:\/\/rad-pal.com.pl\/en\/sklep\/bez-kategorii\/komoda-relaxdays-aaa-45-x-30-x-92cm-dab-antyczny\/","og_site_name":"Rad-Pal","article_modified_time":"2026-02-19T18:29:13+00:00","og_image":[{"url":"https:\/\/upload.cdn.baselinker.com\/products\/6014502\/44b39d6647a1455918f2aeb42875deac.jpg","type":"","width":"","height":""}],"twitter_card":"summary_large_image","twitter_misc":{"Estimated reading time":"1 minute"},"schema":{"@context":"https:\/\/schema.org","@graph":[{"@type":"WebPage","@id":"https:\/\/rad-pal.com.pl\/sklep\/bez-kategorii\/komoda-relaxdays-aaa-45-x-30-x-92cm-dab-antyczny\/","url":"https:\/\/rad-pal.com.pl\/sklep\/bez-kategorii\/komoda-relaxdays-aaa-45-x-30-x-92cm-dab-antyczny\/","name":"Komoda Relaxdays aaa 45 x 30 x 92cm d\u0105b antyczny - Rad-Pal","isPartOf":{"@id":"https:\/\/rad-pal.com.pl\/#website"},"primaryImageOfPage":{"@id":"https:\/\/rad-pal.com.pl\/sklep\/bez-kategorii\/komoda-relaxdays-aaa-45-x-30-x-92cm-dab-antyczny\/#primaryimage"},"image":{"@id":"https:\/\/rad-pal.com.pl\/sklep\/bez-kategorii\/komoda-relaxdays-aaa-45-x-30-x-92cm-dab-antyczny\/#primaryimage"},"thumbnailUrl":"https:\/\/rad-pal.com.pl\/wp-content\/uploads\/2026\/02\/44b39d6647a1455918f2aeb42875deac.jpg","datePublished":"2026-02-19T17:41:25+00:00","dateModified":"2026-02-19T18:29:13+00:00","breadcrumb":{"@id":"https:\/\/rad-pal.com.pl\/sklep\/bez-kategorii\/komoda-relaxdays-aaa-45-x-30-x-92cm-dab-antyczny\/#breadcrumb"},"inLanguage":"en-GB","potentialAction":[{"@type":"ReadAction","target":["https:\/\/rad-pal.com.pl\/sklep\/bez-kategorii\/komoda-relaxdays-aaa-45-x-30-x-92cm-dab-antyczny\/"]}]},{"@type":"ImageObject","inLanguage":"en-GB","@id":"https:\/\/rad-pal.com.pl\/sklep\/bez-kategorii\/komoda-relaxdays-aaa-45-x-30-x-92cm-dab-antyczny\/#primaryimage","url":"https:\/\/rad-pal.com.pl\/wp-content\/uploads\/2026\/02\/44b39d6647a1455918f2aeb42875deac.jpg","contentUrl":"https:\/\/rad-pal.com.pl\/wp-content\/uploads\/2026\/02\/44b39d6647a1455918f2aeb42875deac.jpg","width":585,"height":1200,"caption":"fe713a6ca9d7a90c29fcf42a90957ca6"},{"@type":"BreadcrumbList","@id":"https:\/\/rad-pal.com.pl\/sklep\/bez-kategorii\/komoda-relaxdays-aaa-45-x-30-x-92cm-dab-antyczny\/#breadcrumb","itemListElement":[{"@type":"ListItem","position":1,"name":"Strona g\u0142\u00f3wna","item":"https:\/\/rad-pal.com.pl\/"},{"@type":"ListItem","position":2,"name":"Sklep","item":"https:\/\/rad-pal.com.pl\/sklep\/"},{"@type":"ListItem","position":3,"name":"Komoda Relaxdays aaa 45 x 30 x 92cm d\u0105b antyczny"}]},{"@type":"WebSite","@id":"https:\/\/rad-pal.com.pl\/#website","url":"https:\/\/rad-pal.com.pl\/","name":"Rad-Pal","description":"","publisher":{"@id":"https:\/\/rad-pal.com.pl\/#organization"},"potentialAction":[{"@type":"SearchAction","target":{"@type":"EntryPoint","urlTemplate":"https:\/\/rad-pal.com.pl\/?s={search_term_string}"},"query-input":{"@type":"PropertyValueSpecification","valueRequired":true,"valueName":"search_term_string"}}],"inLanguage":"en-GB"},{"@type":"Organization","@id":"https:\/\/rad-pal.com.pl\/#organization","name":"Rad-Pal","url":"https:\/\/rad-pal.com.pl\/","logo":{"@type":"ImageObject","inLanguage":"en-GB","@id":"https:\/\/rad-pal.com.pl\/#\/schema\/logo\/image\/","url":"https:\/\/rad-pal.com.pl\/wp-content\/uploads\/2026\/03\/Projekt-bez-nazwy-30.webp","contentUrl":"https:\/\/rad-pal.com.pl\/wp-content\/uploads\/2026\/03\/Projekt-bez-nazwy-30.webp","width":600,"height":210,"caption":"Rad-Pal"},"image":{"@id":"https:\/\/rad-pal.com.pl\/#\/schema\/logo\/image\/"}}]}},"_links":{"self":[{"href":"https:\/\/rad-pal.com.pl\/en\/wp-json\/wp\/v2\/product\/36605","targetHints":{"allow":["GET"]}}],"collection":[{"href":"https:\/\/rad-pal.com.pl\/en\/wp-json\/wp\/v2\/product"}],"about":[{"href":"https:\/\/rad-pal.com.pl\/en\/wp-json\/wp\/v2\/types\/product"}],"version-history":[{"count":0,"href":"https:\/\/rad-pal.com.pl\/en\/wp-json\/wp\/v2\/product\/36605\/revisions"}],"wp:featuredmedia":[{"embeddable":true,"href":"https:\/\/rad-pal.com.pl\/en\/wp-json\/wp\/v2\/media\/36596"}],"wp:attachment":[{"href":"https:\/\/rad-pal.com.pl\/en\/wp-json\/wp\/v2\/media?parent=36605"}],"wp:term":[{"taxonomy":"product_brand","embeddable":true,"href":"https:\/\/rad-pal.com.pl\/en\/wp-json\/wp\/v2\/product_brand?post=36605"},{"taxonomy":"product_cat","embeddable":true,"href":"https:\/\/rad-pal.com.pl\/en\/wp-json\/wp\/v2\/product_cat?post=36605"},{"taxonomy":"product_tag","embeddable":true,"href":"https:\/\/rad-pal.com.pl\/en\/wp-json\/wp\/v2\/product_tag?post=36605"}],"curies":[{"name":"wp","href":"https:\/\/api.w.org\/{rel}","templated":true}]}}