{"id":36652,"date":"2026-02-19T18:42:47","date_gmt":"2026-02-19T17:42:47","guid":{"rendered":"https:\/\/rad-pal.com.pl\/sklep\/bez-kategorii\/organizer-na-dokumenty-relaxdays\/"},"modified":"2026-02-19T19:29:33","modified_gmt":"2026-02-19T18:29:33","slug":"organizer-na-dokumenty-relaxdays","status":"publish","type":"product","link":"https:\/\/rad-pal.com.pl\/en\/sklep\/firma-i-uslugi\/biuro-i-reklama\/organizacja-dokumentow\/organizery-i-szuflady\/organizer-na-dokumenty-relaxdays\/","title":{"rendered":"Organizer na dokumenty Relaxdays"},"content":{"rendered":"<section class=\"section\">\n<div class=\"item item-6\">\n<section class=\"text-item\">\n<h1>Bambusowy organizer \u015bcienny do biura i przedpokoju 3 przegr\u00f3dki z juty, 58x34x15cm<\/h1>\n<p><b>Kolor<\/b>: szary,<b> naturalny bambus<\/b>, opakowanie foliowe, zapakowane w karton zast\u0119pczy.<\/p>\n<ul>\n<li><b>Solidny bambus<\/b><\/li>\n<li>\u0141atwa instalacja<\/li>\n<li>Oszcz\u0119dzanie przestrzeni<\/li>\n<li><b>Idealny jako gazetownik<\/b><\/li>\n<\/ul>\n<h2>Bambusowy organizer \u015bcienny &#8211; po prostu utrzymuj porz\u0105dek!<\/h2>\n<p><b>Niezale\u017cnie od tego, czy dokumenty w biurze, czy kosmetyki w \u0142azience, w bambusowym organizerze na \u015bcian\u0119 wszystko ma swoje miejsce.<\/b><\/p>\n<p>Monta\u017c jest szybki i \u0142atwy dzi\u0119ki dw\u00f3m oczkom.&nbsp;<b>Wisz\u0105cy schowek o szeroko\u015bci 34 cm zmie\u015bci si\u0119 na ka\u017cdych drzwiach.<\/b><\/p>\n<ul>\n<li>W gabinecie tworzysz miejsce na listy, gazety i dokumenty.<\/li>\n<li><b>Organizer \u015bcienny wykonany z bambusa i poliestru toleruje wilgo\u0107<\/b> i dlatego <b>nadaje si\u0119 r\u00f3wnie\u017c do \u0142azienki.<\/b><\/li>\n<li>W przedpokoju powi\u0119ksza twoj\u0105 garderob\u0119.<\/li>\n<li><b>Po\u0142\u0105czenie szarej tkaniny i naturalnego bambusa pasuje do ka\u017cdego pomieszczenia.<\/b><\/li>\n<\/ul>\n<\/section><\/div>\n<div class=\"item item-6\">\n<section class=\"image-item\"><img decoding=\"async\" src=\"https:\/\/upload.cdn.baselinker.com\/products\/6014502\/ff6b2858e64490ae38a906ca2f784b32.jpg\" \/><\/section>\n<\/p><\/div>\n<\/section>\n<section class=\"section\">\n<div class=\"item item-6\">\n<section class=\"image-item\"><img decoding=\"async\" src=\"https:\/\/upload.cdn.baselinker.com\/products\/6014502\/86ebab9733a870daed8e042ca03d41b7.jpg\" \/><\/section>\n<\/p><\/div>\n<div class=\"item item-6\">\n<section class=\"text-item\">\n<h2>Bambusowy organizer \u015bcienny do ka\u017cdego pomieszczenia:<\/h2>\n<ul>\n<li><b>2 ucha do monta\u017cu na \u015bcianie i drzwiach<\/b><\/li>\n<li>Solidny bambus i spr\u0119\u017cysty poliester<\/li>\n<li><b>Idealny do przedpokoju, biura i \u0142azienki<\/b><\/li>\n<li>Nadaje si\u0119 r\u00f3wnie\u017c do pokoi dzieci\u0119cych i sypialni<\/li>\n<li><b>Prosty design dla ka\u017cdego pomieszczenia<\/b><\/li>\n<\/ul>\n<ul>\n<li><b>1 x bambusowy organizer \u015bcienny<\/b><\/li>\n<li><b>bez dekoracji<\/b><\/li>\n<\/ul>\n<\/section><\/div>\n<\/section>\n<section class=\"section\">\n<div class=\"item item-12\">\n<section class=\"text-item\">\n<h2>Organizer \u015bcienny bambusowy rozmiar M w szczeg\u00f3\u0142ach:<\/h2>\n<ul>\n<li><b>Wymiary: 58 x 34 x 15 cm (wys. x szer. x g\u0142.)<\/b><\/li>\n<li>Waga: 0,5 kg<\/li>\n<li>Przegr\u00f3dki:&nbsp;<b> 3<\/b><\/li>\n<li>Wymiary przegr\u00f3dki: 14 x 32 x 15 cm (wys. x szer. x g\u0142.)<\/li>\n<li><b>Otwory: 1 cm<\/b><\/li>\n<\/ul>\n<\/section><\/div>\n<\/section>\n<section class=\"section\">\n<div class=\"item item-6\">\n<section class=\"image-item\"><img decoding=\"async\" src=\"https:\/\/upload.cdn.baselinker.com\/products\/6014502\/bf205bd3a727209470af827b4ae30dd6.jpg\" \/><\/section>\n<\/p><\/div>\n<div class=\"item item-6\">\n<section class=\"image-item\"><img decoding=\"async\" src=\"https:\/\/upload.cdn.baselinker.com\/products\/6014502\/bd56ddf48a7ff5c06eabc782a6a7b318.jpg\" \/><\/section>\n<\/p><\/div>\n<\/section>\n<section class=\"section\">\n<div class=\"item item-6\">\n<section class=\"image-item\"><img decoding=\"async\" src=\"https:\/\/upload.cdn.baselinker.com\/products\/6014502\/8b6f02275386f3c4e7f589c622b0d197.jpg\" \/><\/section>\n<\/p><\/div>\n<div class=\"item item-6\">\n<section class=\"image-item\"><img decoding=\"async\" src=\"https:\/\/upload.cdn.baselinker.com\/products\/6014502\/e073a77e8e3780820f47be6218114de2.jpg\" \/><\/section>\n<\/p><\/div>\n<\/section>","protected":false},"excerpt":{"rendered":"<p>Bambusowy organizer \u015bcienny do biura i przedpokoju 3 przegr\u00f3dki z juty, 58x34x15cm Kolor: szary, naturalny bambus, opakowanie foliowe, zapakowane w<\/p>","protected":false},"featured_media":36644,"template":"","meta":[],"product_brand":[],"product_cat":[127,126,156,157],"product_tag":[],"class_list":{"0":"post-36652","1":"product","2":"type-product","3":"status-publish","4":"has-post-thumbnail","6":"product_cat-biuro-i-reklama","7":"product_cat-firma-i-uslugi","8":"product_cat-organizacja-dokumentow","9":"product_cat-organizery-i-szuflady","11":"first","12":"instock","13":"taxable","14":"shipping-taxable","15":"purchasable","16":"product-type-simple"},"yoast_head":"<!-- This site is optimized with the Yoast SEO plugin v25.7 - https:\/\/yoast.com\/wordpress\/plugins\/seo\/ -->\n<title>Organizer na dokumenty Relaxdays - Rad-Pal<\/title>\n<meta name=\"robots\" content=\"index, follow, max-snippet:-1, max-image-preview:large, max-video-preview:-1\" \/>\n<link rel=\"canonical\" href=\"https:\/\/rad-pal.com.pl\/en\/sklep\/bez-kategorii\/organizer-na-dokumenty-relaxdays\/\" \/>\n<meta property=\"og:locale\" content=\"en_GB\" \/>\n<meta property=\"og:type\" content=\"article\" \/>\n<meta property=\"og:title\" content=\"Organizer na dokumenty Relaxdays - Rad-Pal\" \/>\n<meta property=\"og:description\" content=\"Bambusowy organizer \u015bcienny do biura i przedpokoju 3 przegr\u00f3dki z juty, 58x34x15cm Kolor: szary, naturalny bambus, opakowanie foliowe, zapakowane w\" \/>\n<meta property=\"og:url\" content=\"https:\/\/rad-pal.com.pl\/en\/sklep\/bez-kategorii\/organizer-na-dokumenty-relaxdays\/\" \/>\n<meta property=\"og:site_name\" content=\"Rad-Pal\" \/>\n<meta property=\"article:modified_time\" content=\"2026-02-19T18:29:33+00:00\" \/>\n<meta property=\"og:image\" content=\"https:\/\/upload.cdn.baselinker.com\/products\/6014502\/ff6b2858e64490ae38a906ca2f784b32.jpg\" \/>\n<meta name=\"twitter:card\" content=\"summary_large_image\" \/>\n<meta name=\"twitter:label1\" content=\"Estimated reading time\" \/>\n\t<meta name=\"twitter:data1\" content=\"1 minute\" \/>\n<script type=\"application\/ld+json\" class=\"yoast-schema-graph\">{\"@context\":\"https:\/\/schema.org\",\"@graph\":[{\"@type\":\"WebPage\",\"@id\":\"https:\/\/rad-pal.com.pl\/sklep\/bez-kategorii\/organizer-na-dokumenty-relaxdays\/\",\"url\":\"https:\/\/rad-pal.com.pl\/sklep\/bez-kategorii\/organizer-na-dokumenty-relaxdays\/\",\"name\":\"Organizer na dokumenty Relaxdays - Rad-Pal\",\"isPartOf\":{\"@id\":\"https:\/\/rad-pal.com.pl\/#website\"},\"primaryImageOfPage\":{\"@id\":\"https:\/\/rad-pal.com.pl\/sklep\/bez-kategorii\/organizer-na-dokumenty-relaxdays\/#primaryimage\"},\"image\":{\"@id\":\"https:\/\/rad-pal.com.pl\/sklep\/bez-kategorii\/organizer-na-dokumenty-relaxdays\/#primaryimage\"},\"thumbnailUrl\":\"https:\/\/rad-pal.com.pl\/wp-content\/uploads\/2026\/02\/ff6b2858e64490ae38a906ca2f784b32.jpg\",\"datePublished\":\"2026-02-19T17:42:47+00:00\",\"dateModified\":\"2026-02-19T18:29:33+00:00\",\"breadcrumb\":{\"@id\":\"https:\/\/rad-pal.com.pl\/sklep\/bez-kategorii\/organizer-na-dokumenty-relaxdays\/#breadcrumb\"},\"inLanguage\":\"en-GB\",\"potentialAction\":[{\"@type\":\"ReadAction\",\"target\":[\"https:\/\/rad-pal.com.pl\/sklep\/bez-kategorii\/organizer-na-dokumenty-relaxdays\/\"]}]},{\"@type\":\"ImageObject\",\"inLanguage\":\"en-GB\",\"@id\":\"https:\/\/rad-pal.com.pl\/sklep\/bez-kategorii\/organizer-na-dokumenty-relaxdays\/#primaryimage\",\"url\":\"https:\/\/rad-pal.com.pl\/wp-content\/uploads\/2026\/02\/ff6b2858e64490ae38a906ca2f784b32.jpg\",\"contentUrl\":\"https:\/\/rad-pal.com.pl\/wp-content\/uploads\/2026\/02\/ff6b2858e64490ae38a906ca2f784b32.jpg\",\"width\":896,\"height\":1500,\"caption\":\"1491b02c2cab13679ed0671f01fd30fe\"},{\"@type\":\"BreadcrumbList\",\"@id\":\"https:\/\/rad-pal.com.pl\/sklep\/bez-kategorii\/organizer-na-dokumenty-relaxdays\/#breadcrumb\",\"itemListElement\":[{\"@type\":\"ListItem\",\"position\":1,\"name\":\"Strona g\u0142\u00f3wna\",\"item\":\"https:\/\/rad-pal.com.pl\/\"},{\"@type\":\"ListItem\",\"position\":2,\"name\":\"Sklep\",\"item\":\"https:\/\/rad-pal.com.pl\/sklep\/\"},{\"@type\":\"ListItem\",\"position\":3,\"name\":\"Organizer na dokumenty Relaxdays\"}]},{\"@type\":\"WebSite\",\"@id\":\"https:\/\/rad-pal.com.pl\/#website\",\"url\":\"https:\/\/rad-pal.com.pl\/\",\"name\":\"Rad-Pal\",\"description\":\"\",\"publisher\":{\"@id\":\"https:\/\/rad-pal.com.pl\/#organization\"},\"potentialAction\":[{\"@type\":\"SearchAction\",\"target\":{\"@type\":\"EntryPoint\",\"urlTemplate\":\"https:\/\/rad-pal.com.pl\/?s={search_term_string}\"},\"query-input\":{\"@type\":\"PropertyValueSpecification\",\"valueRequired\":true,\"valueName\":\"search_term_string\"}}],\"inLanguage\":\"en-GB\"},{\"@type\":\"Organization\",\"@id\":\"https:\/\/rad-pal.com.pl\/#organization\",\"name\":\"Rad-Pal\",\"url\":\"https:\/\/rad-pal.com.pl\/\",\"logo\":{\"@type\":\"ImageObject\",\"inLanguage\":\"en-GB\",\"@id\":\"https:\/\/rad-pal.com.pl\/#\/schema\/logo\/image\/\",\"url\":\"https:\/\/rad-pal.com.pl\/wp-content\/uploads\/2026\/03\/Projekt-bez-nazwy-30.webp\",\"contentUrl\":\"https:\/\/rad-pal.com.pl\/wp-content\/uploads\/2026\/03\/Projekt-bez-nazwy-30.webp\",\"width\":600,\"height\":210,\"caption\":\"Rad-Pal\"},\"image\":{\"@id\":\"https:\/\/rad-pal.com.pl\/#\/schema\/logo\/image\/\"}}]}<\/script>\n<!-- \/ Yoast SEO plugin. -->","yoast_head_json":{"title":"Organizer na dokumenty Relaxdays - Rad-Pal","robots":{"index":"index","follow":"follow","max-snippet":"max-snippet:-1","max-image-preview":"max-image-preview:large","max-video-preview":"max-video-preview:-1"},"canonical":"https:\/\/rad-pal.com.pl\/en\/sklep\/bez-kategorii\/organizer-na-dokumenty-relaxdays\/","og_locale":"en_GB","og_type":"article","og_title":"Organizer na dokumenty Relaxdays - Rad-Pal","og_description":"Bambusowy organizer \u015bcienny do biura i przedpokoju 3 przegr\u00f3dki z juty, 58x34x15cm Kolor: szary, naturalny bambus, opakowanie foliowe, zapakowane w","og_url":"https:\/\/rad-pal.com.pl\/en\/sklep\/bez-kategorii\/organizer-na-dokumenty-relaxdays\/","og_site_name":"Rad-Pal","article_modified_time":"2026-02-19T18:29:33+00:00","og_image":[{"url":"https:\/\/upload.cdn.baselinker.com\/products\/6014502\/ff6b2858e64490ae38a906ca2f784b32.jpg","type":"","width":"","height":""}],"twitter_card":"summary_large_image","twitter_misc":{"Estimated reading time":"1 minute"},"schema":{"@context":"https:\/\/schema.org","@graph":[{"@type":"WebPage","@id":"https:\/\/rad-pal.com.pl\/sklep\/bez-kategorii\/organizer-na-dokumenty-relaxdays\/","url":"https:\/\/rad-pal.com.pl\/sklep\/bez-kategorii\/organizer-na-dokumenty-relaxdays\/","name":"Organizer na dokumenty Relaxdays - Rad-Pal","isPartOf":{"@id":"https:\/\/rad-pal.com.pl\/#website"},"primaryImageOfPage":{"@id":"https:\/\/rad-pal.com.pl\/sklep\/bez-kategorii\/organizer-na-dokumenty-relaxdays\/#primaryimage"},"image":{"@id":"https:\/\/rad-pal.com.pl\/sklep\/bez-kategorii\/organizer-na-dokumenty-relaxdays\/#primaryimage"},"thumbnailUrl":"https:\/\/rad-pal.com.pl\/wp-content\/uploads\/2026\/02\/ff6b2858e64490ae38a906ca2f784b32.jpg","datePublished":"2026-02-19T17:42:47+00:00","dateModified":"2026-02-19T18:29:33+00:00","breadcrumb":{"@id":"https:\/\/rad-pal.com.pl\/sklep\/bez-kategorii\/organizer-na-dokumenty-relaxdays\/#breadcrumb"},"inLanguage":"en-GB","potentialAction":[{"@type":"ReadAction","target":["https:\/\/rad-pal.com.pl\/sklep\/bez-kategorii\/organizer-na-dokumenty-relaxdays\/"]}]},{"@type":"ImageObject","inLanguage":"en-GB","@id":"https:\/\/rad-pal.com.pl\/sklep\/bez-kategorii\/organizer-na-dokumenty-relaxdays\/#primaryimage","url":"https:\/\/rad-pal.com.pl\/wp-content\/uploads\/2026\/02\/ff6b2858e64490ae38a906ca2f784b32.jpg","contentUrl":"https:\/\/rad-pal.com.pl\/wp-content\/uploads\/2026\/02\/ff6b2858e64490ae38a906ca2f784b32.jpg","width":896,"height":1500,"caption":"1491b02c2cab13679ed0671f01fd30fe"},{"@type":"BreadcrumbList","@id":"https:\/\/rad-pal.com.pl\/sklep\/bez-kategorii\/organizer-na-dokumenty-relaxdays\/#breadcrumb","itemListElement":[{"@type":"ListItem","position":1,"name":"Strona g\u0142\u00f3wna","item":"https:\/\/rad-pal.com.pl\/"},{"@type":"ListItem","position":2,"name":"Sklep","item":"https:\/\/rad-pal.com.pl\/sklep\/"},{"@type":"ListItem","position":3,"name":"Organizer na dokumenty Relaxdays"}]},{"@type":"WebSite","@id":"https:\/\/rad-pal.com.pl\/#website","url":"https:\/\/rad-pal.com.pl\/","name":"Rad-Pal","description":"","publisher":{"@id":"https:\/\/rad-pal.com.pl\/#organization"},"potentialAction":[{"@type":"SearchAction","target":{"@type":"EntryPoint","urlTemplate":"https:\/\/rad-pal.com.pl\/?s={search_term_string}"},"query-input":{"@type":"PropertyValueSpecification","valueRequired":true,"valueName":"search_term_string"}}],"inLanguage":"en-GB"},{"@type":"Organization","@id":"https:\/\/rad-pal.com.pl\/#organization","name":"Rad-Pal","url":"https:\/\/rad-pal.com.pl\/","logo":{"@type":"ImageObject","inLanguage":"en-GB","@id":"https:\/\/rad-pal.com.pl\/#\/schema\/logo\/image\/","url":"https:\/\/rad-pal.com.pl\/wp-content\/uploads\/2026\/03\/Projekt-bez-nazwy-30.webp","contentUrl":"https:\/\/rad-pal.com.pl\/wp-content\/uploads\/2026\/03\/Projekt-bez-nazwy-30.webp","width":600,"height":210,"caption":"Rad-Pal"},"image":{"@id":"https:\/\/rad-pal.com.pl\/#\/schema\/logo\/image\/"}}]}},"_links":{"self":[{"href":"https:\/\/rad-pal.com.pl\/en\/wp-json\/wp\/v2\/product\/36652","targetHints":{"allow":["GET"]}}],"collection":[{"href":"https:\/\/rad-pal.com.pl\/en\/wp-json\/wp\/v2\/product"}],"about":[{"href":"https:\/\/rad-pal.com.pl\/en\/wp-json\/wp\/v2\/types\/product"}],"version-history":[{"count":0,"href":"https:\/\/rad-pal.com.pl\/en\/wp-json\/wp\/v2\/product\/36652\/revisions"}],"wp:featuredmedia":[{"embeddable":true,"href":"https:\/\/rad-pal.com.pl\/en\/wp-json\/wp\/v2\/media\/36644"}],"wp:attachment":[{"href":"https:\/\/rad-pal.com.pl\/en\/wp-json\/wp\/v2\/media?parent=36652"}],"wp:term":[{"taxonomy":"product_brand","embeddable":true,"href":"https:\/\/rad-pal.com.pl\/en\/wp-json\/wp\/v2\/product_brand?post=36652"},{"taxonomy":"product_cat","embeddable":true,"href":"https:\/\/rad-pal.com.pl\/en\/wp-json\/wp\/v2\/product_cat?post=36652"},{"taxonomy":"product_tag","embeddable":true,"href":"https:\/\/rad-pal.com.pl\/en\/wp-json\/wp\/v2\/product_tag?post=36652"}],"curies":[{"name":"wp","href":"https:\/\/api.w.org\/{rel}","templated":true}]}}