{"id":36901,"date":"2026-02-19T18:53:52","date_gmt":"2026-02-19T17:53:52","guid":{"rendered":"https:\/\/rad-pal.com.pl\/sklep\/bez-kategorii\/komoda-design-31-x-315-x-995cm-odcienie-bezu-odcienie-brazu\/"},"modified":"2026-02-19T18:53:52","modified_gmt":"2026-02-19T17:53:52","slug":"komoda-design-31-x-315-x-995cm-odcienie-bezu-odcienie-brazu","status":"publish","type":"product","link":"https:\/\/rad-pal.com.pl\/en\/sklep\/dom-i-ogrod\/meble\/salon\/komody-salon\/komoda-design-31-x-315-x-995cm-odcienie-bezu-odcienie-brazu\/","title":{"rendered":"Komoda design 31 x 31,5 x 99,5cm odcienie be\u017cu, odcienie br\u0105zu,"},"content":{"rendered":"<section class=\"section\">\n<div class=\"item item-6\">\n<section class=\"image-item\"><img decoding=\"async\" src=\"https:\/\/upload.cdn.baselinker.com\/products\/6014502\/c0a6020d0c50b5391e997e12e863b161.jpg\" \/><\/section>\n<\/p><\/div>\n<div class=\"item item-6\">\n<section class=\"text-item\">\n<h1>Komoda rega\u0142 z tekstylnymi szufladami<\/h1>\n<ul>\n<li>Oszcz\u0119dno\u015b\u0107 miejsca<\/li>\n<li>Ciekawy design<\/li>\n<li>R\u00f3\u017cne rozmiary<\/li>\n<li>W sam raz na ubrania<\/li>\n<li>Do ka\u017cdego pokoju<\/li>\n<\/ul>\n<\/section><\/div>\n<\/section>\n<section class=\"section\">\n<div class=\"item item-6\">\n<section class=\"text-item\">\n<h2>Tekstylna szafa w r\u00f3\u017cnych rozmiarach<\/h2>\n<p>Nasza nowoczesna komoda w r\u00f3\u017cnych rozmiarach i kszta\u0142tach stanowi idealne rozwi\u0105zanie zar\u00f3wno do pustego k\u0105ta w salonie, jak i do przechowywania ubra\u0144 w sypialni. Ju\u017c teraz wybierz rega\u0142 z odpowiedni\u0105 dla Ciebie liczb\u0105 tekstylnych szuflad. Sk\u0142adane szuflady z materia\u0142u w r\u00f3\u017cnych odcieniach br\u0105zu i be\u017cu opatrzone s\u0105 praktycznym, zaokr\u0105glonym uchwytem z imitacji drewna. W\u0105ska lub szeroka szafka pomo\u017ce Ci zaprowadzi\u0107 porz\u0105dek z ubraniami! Opr\u00f3cz tego mo\u017cesz wykorzysta\u0107 j\u0105 tak\u017ce jako praktyczny rega\u0142 w przedpokoju.<\/p>\n<\/section><\/div>\n<div class=\"item item-6\">\n<section class=\"image-item\"><img decoding=\"async\" src=\"https:\/\/upload.cdn.baselinker.com\/products\/6014502\/f3ac7bfe74393198c15dbae81eed07ca.jpg\" \/><\/section>\n<\/p><\/div>\n<\/section>\n<section class=\"section\">\n<div class=\"item item-6\">\n<section class=\"image-item\"><img decoding=\"async\" src=\"https:\/\/upload.cdn.baselinker.com\/products\/6014502\/3ce2db24f36dbd3c68b99b612296b42c.jpg\" \/><\/section>\n<\/p><\/div>\n<div class=\"item item-6\">\n<section class=\"text-item\">\n<h2>Wymiary wewn\u0119trzne i obci\u0105\u017cenie szuflad<\/h2>\n<ul>\n<li>KA\u017bDA szuflada o wymiarach ok. 18,5 x 27 x 27 cm i obci\u0105\u017ceniu 4 kg<\/li>\n<\/ul>\n<\/section><\/div>\n<\/section>","protected":false},"excerpt":{"rendered":"<p>Komoda rega\u0142 z tekstylnymi szufladami Oszcz\u0119dno\u015b\u0107 miejsca Ciekawy design R\u00f3\u017cne rozmiary W sam raz na ubrania Do ka\u017cdego pokoju Tekstylna<\/p>","protected":false},"featured_media":36881,"template":"","meta":[],"product_brand":[],"product_cat":[86,421,94,95],"product_tag":[],"class_list":{"0":"post-36901","1":"product","2":"type-product","3":"status-publish","4":"has-post-thumbnail","6":"product_cat-dom-i-ogrod","7":"product_cat-komody-salon","8":"product_cat-meble","9":"product_cat-salon","11":"first","12":"instock","13":"taxable","14":"shipping-taxable","15":"purchasable","16":"product-type-simple"},"yoast_head":"<!-- This site is optimized with the Yoast SEO plugin v25.7 - https:\/\/yoast.com\/wordpress\/plugins\/seo\/ -->\n<title>Komoda design 31 x 31,5 x 99,5cm odcienie be\u017cu, odcienie br\u0105zu, - Rad-Pal<\/title>\n<meta name=\"robots\" content=\"index, follow, max-snippet:-1, max-image-preview:large, max-video-preview:-1\" \/>\n<link rel=\"canonical\" href=\"https:\/\/rad-pal.com.pl\/en\/sklep\/bez-kategorii\/komoda-design-31-x-315-x-995cm-odcienie-bezu-odcienie-brazu\/\" \/>\n<meta property=\"og:locale\" content=\"en_GB\" \/>\n<meta property=\"og:type\" content=\"article\" \/>\n<meta property=\"og:title\" content=\"Komoda design 31 x 31,5 x 99,5cm odcienie be\u017cu, odcienie br\u0105zu, - Rad-Pal\" \/>\n<meta property=\"og:description\" content=\"Komoda rega\u0142 z tekstylnymi szufladami Oszcz\u0119dno\u015b\u0107 miejsca Ciekawy design R\u00f3\u017cne rozmiary W sam raz na ubrania Do ka\u017cdego pokoju Tekstylna\" \/>\n<meta property=\"og:url\" content=\"https:\/\/rad-pal.com.pl\/en\/sklep\/bez-kategorii\/komoda-design-31-x-315-x-995cm-odcienie-bezu-odcienie-brazu\/\" \/>\n<meta property=\"og:site_name\" content=\"Rad-Pal\" \/>\n<meta property=\"og:image\" content=\"https:\/\/upload.cdn.baselinker.com\/products\/6014502\/c0a6020d0c50b5391e997e12e863b161.jpg\" \/>\n<meta name=\"twitter:card\" content=\"summary_large_image\" \/>\n<meta name=\"twitter:label1\" content=\"Estimated reading time\" \/>\n\t<meta name=\"twitter:data1\" content=\"1 minute\" \/>\n<script type=\"application\/ld+json\" class=\"yoast-schema-graph\">{\"@context\":\"https:\/\/schema.org\",\"@graph\":[{\"@type\":\"WebPage\",\"@id\":\"https:\/\/rad-pal.com.pl\/sklep\/bez-kategorii\/komoda-design-31-x-315-x-995cm-odcienie-bezu-odcienie-brazu\/\",\"url\":\"https:\/\/rad-pal.com.pl\/sklep\/bez-kategorii\/komoda-design-31-x-315-x-995cm-odcienie-bezu-odcienie-brazu\/\",\"name\":\"Komoda design 31 x 31,5 x 99,5cm odcienie be\u017cu, odcienie br\u0105zu, - Rad-Pal\",\"isPartOf\":{\"@id\":\"https:\/\/rad-pal.com.pl\/#website\"},\"primaryImageOfPage\":{\"@id\":\"https:\/\/rad-pal.com.pl\/sklep\/bez-kategorii\/komoda-design-31-x-315-x-995cm-odcienie-bezu-odcienie-brazu\/#primaryimage\"},\"image\":{\"@id\":\"https:\/\/rad-pal.com.pl\/sklep\/bez-kategorii\/komoda-design-31-x-315-x-995cm-odcienie-bezu-odcienie-brazu\/#primaryimage\"},\"thumbnailUrl\":\"https:\/\/rad-pal.com.pl\/wp-content\/uploads\/2026\/02\/c0a6020d0c50b5391e997e12e863b161.jpg\",\"datePublished\":\"2026-02-19T17:53:52+00:00\",\"breadcrumb\":{\"@id\":\"https:\/\/rad-pal.com.pl\/sklep\/bez-kategorii\/komoda-design-31-x-315-x-995cm-odcienie-bezu-odcienie-brazu\/#breadcrumb\"},\"inLanguage\":\"en-GB\",\"potentialAction\":[{\"@type\":\"ReadAction\",\"target\":[\"https:\/\/rad-pal.com.pl\/sklep\/bez-kategorii\/komoda-design-31-x-315-x-995cm-odcienie-bezu-odcienie-brazu\/\"]}]},{\"@type\":\"ImageObject\",\"inLanguage\":\"en-GB\",\"@id\":\"https:\/\/rad-pal.com.pl\/sklep\/bez-kategorii\/komoda-design-31-x-315-x-995cm-odcienie-bezu-odcienie-brazu\/#primaryimage\",\"url\":\"https:\/\/rad-pal.com.pl\/wp-content\/uploads\/2026\/02\/c0a6020d0c50b5391e997e12e863b161.jpg\",\"contentUrl\":\"https:\/\/rad-pal.com.pl\/wp-content\/uploads\/2026\/02\/c0a6020d0c50b5391e997e12e863b161.jpg\",\"width\":1493,\"height\":2048,\"caption\":\"66ab14cac7547202bf3834c022d4c23a\"},{\"@type\":\"BreadcrumbList\",\"@id\":\"https:\/\/rad-pal.com.pl\/sklep\/bez-kategorii\/komoda-design-31-x-315-x-995cm-odcienie-bezu-odcienie-brazu\/#breadcrumb\",\"itemListElement\":[{\"@type\":\"ListItem\",\"position\":1,\"name\":\"Strona g\u0142\u00f3wna\",\"item\":\"https:\/\/rad-pal.com.pl\/\"},{\"@type\":\"ListItem\",\"position\":2,\"name\":\"Sklep\",\"item\":\"https:\/\/rad-pal.com.pl\/sklep\/\"},{\"@type\":\"ListItem\",\"position\":3,\"name\":\"Komoda design 31 x 31,5 x 99,5cm odcienie be\u017cu, odcienie br\u0105zu,\"}]},{\"@type\":\"WebSite\",\"@id\":\"https:\/\/rad-pal.com.pl\/#website\",\"url\":\"https:\/\/rad-pal.com.pl\/\",\"name\":\"Rad-Pal\",\"description\":\"\",\"publisher\":{\"@id\":\"https:\/\/rad-pal.com.pl\/#organization\"},\"potentialAction\":[{\"@type\":\"SearchAction\",\"target\":{\"@type\":\"EntryPoint\",\"urlTemplate\":\"https:\/\/rad-pal.com.pl\/?s={search_term_string}\"},\"query-input\":{\"@type\":\"PropertyValueSpecification\",\"valueRequired\":true,\"valueName\":\"search_term_string\"}}],\"inLanguage\":\"en-GB\"},{\"@type\":\"Organization\",\"@id\":\"https:\/\/rad-pal.com.pl\/#organization\",\"name\":\"Rad-Pal\",\"url\":\"https:\/\/rad-pal.com.pl\/\",\"logo\":{\"@type\":\"ImageObject\",\"inLanguage\":\"en-GB\",\"@id\":\"https:\/\/rad-pal.com.pl\/#\/schema\/logo\/image\/\",\"url\":\"https:\/\/rad-pal.com.pl\/wp-content\/uploads\/2026\/03\/Projekt-bez-nazwy-30.webp\",\"contentUrl\":\"https:\/\/rad-pal.com.pl\/wp-content\/uploads\/2026\/03\/Projekt-bez-nazwy-30.webp\",\"width\":600,\"height\":210,\"caption\":\"Rad-Pal\"},\"image\":{\"@id\":\"https:\/\/rad-pal.com.pl\/#\/schema\/logo\/image\/\"}}]}<\/script>\n<!-- \/ Yoast SEO plugin. -->","yoast_head_json":{"title":"Komoda design 31 x 31,5 x 99,5cm odcienie be\u017cu, odcienie br\u0105zu, - Rad-Pal","robots":{"index":"index","follow":"follow","max-snippet":"max-snippet:-1","max-image-preview":"max-image-preview:large","max-video-preview":"max-video-preview:-1"},"canonical":"https:\/\/rad-pal.com.pl\/en\/sklep\/bez-kategorii\/komoda-design-31-x-315-x-995cm-odcienie-bezu-odcienie-brazu\/","og_locale":"en_GB","og_type":"article","og_title":"Komoda design 31 x 31,5 x 99,5cm odcienie be\u017cu, odcienie br\u0105zu, - Rad-Pal","og_description":"Komoda rega\u0142 z tekstylnymi szufladami Oszcz\u0119dno\u015b\u0107 miejsca Ciekawy design R\u00f3\u017cne rozmiary W sam raz na ubrania Do ka\u017cdego pokoju Tekstylna","og_url":"https:\/\/rad-pal.com.pl\/en\/sklep\/bez-kategorii\/komoda-design-31-x-315-x-995cm-odcienie-bezu-odcienie-brazu\/","og_site_name":"Rad-Pal","og_image":[{"url":"https:\/\/upload.cdn.baselinker.com\/products\/6014502\/c0a6020d0c50b5391e997e12e863b161.jpg","type":"","width":"","height":""}],"twitter_card":"summary_large_image","twitter_misc":{"Estimated reading time":"1 minute"},"schema":{"@context":"https:\/\/schema.org","@graph":[{"@type":"WebPage","@id":"https:\/\/rad-pal.com.pl\/sklep\/bez-kategorii\/komoda-design-31-x-315-x-995cm-odcienie-bezu-odcienie-brazu\/","url":"https:\/\/rad-pal.com.pl\/sklep\/bez-kategorii\/komoda-design-31-x-315-x-995cm-odcienie-bezu-odcienie-brazu\/","name":"Komoda design 31 x 31,5 x 99,5cm odcienie be\u017cu, odcienie br\u0105zu, - Rad-Pal","isPartOf":{"@id":"https:\/\/rad-pal.com.pl\/#website"},"primaryImageOfPage":{"@id":"https:\/\/rad-pal.com.pl\/sklep\/bez-kategorii\/komoda-design-31-x-315-x-995cm-odcienie-bezu-odcienie-brazu\/#primaryimage"},"image":{"@id":"https:\/\/rad-pal.com.pl\/sklep\/bez-kategorii\/komoda-design-31-x-315-x-995cm-odcienie-bezu-odcienie-brazu\/#primaryimage"},"thumbnailUrl":"https:\/\/rad-pal.com.pl\/wp-content\/uploads\/2026\/02\/c0a6020d0c50b5391e997e12e863b161.jpg","datePublished":"2026-02-19T17:53:52+00:00","breadcrumb":{"@id":"https:\/\/rad-pal.com.pl\/sklep\/bez-kategorii\/komoda-design-31-x-315-x-995cm-odcienie-bezu-odcienie-brazu\/#breadcrumb"},"inLanguage":"en-GB","potentialAction":[{"@type":"ReadAction","target":["https:\/\/rad-pal.com.pl\/sklep\/bez-kategorii\/komoda-design-31-x-315-x-995cm-odcienie-bezu-odcienie-brazu\/"]}]},{"@type":"ImageObject","inLanguage":"en-GB","@id":"https:\/\/rad-pal.com.pl\/sklep\/bez-kategorii\/komoda-design-31-x-315-x-995cm-odcienie-bezu-odcienie-brazu\/#primaryimage","url":"https:\/\/rad-pal.com.pl\/wp-content\/uploads\/2026\/02\/c0a6020d0c50b5391e997e12e863b161.jpg","contentUrl":"https:\/\/rad-pal.com.pl\/wp-content\/uploads\/2026\/02\/c0a6020d0c50b5391e997e12e863b161.jpg","width":1493,"height":2048,"caption":"66ab14cac7547202bf3834c022d4c23a"},{"@type":"BreadcrumbList","@id":"https:\/\/rad-pal.com.pl\/sklep\/bez-kategorii\/komoda-design-31-x-315-x-995cm-odcienie-bezu-odcienie-brazu\/#breadcrumb","itemListElement":[{"@type":"ListItem","position":1,"name":"Strona g\u0142\u00f3wna","item":"https:\/\/rad-pal.com.pl\/"},{"@type":"ListItem","position":2,"name":"Sklep","item":"https:\/\/rad-pal.com.pl\/sklep\/"},{"@type":"ListItem","position":3,"name":"Komoda design 31 x 31,5 x 99,5cm odcienie be\u017cu, odcienie br\u0105zu,"}]},{"@type":"WebSite","@id":"https:\/\/rad-pal.com.pl\/#website","url":"https:\/\/rad-pal.com.pl\/","name":"Rad-Pal","description":"","publisher":{"@id":"https:\/\/rad-pal.com.pl\/#organization"},"potentialAction":[{"@type":"SearchAction","target":{"@type":"EntryPoint","urlTemplate":"https:\/\/rad-pal.com.pl\/?s={search_term_string}"},"query-input":{"@type":"PropertyValueSpecification","valueRequired":true,"valueName":"search_term_string"}}],"inLanguage":"en-GB"},{"@type":"Organization","@id":"https:\/\/rad-pal.com.pl\/#organization","name":"Rad-Pal","url":"https:\/\/rad-pal.com.pl\/","logo":{"@type":"ImageObject","inLanguage":"en-GB","@id":"https:\/\/rad-pal.com.pl\/#\/schema\/logo\/image\/","url":"https:\/\/rad-pal.com.pl\/wp-content\/uploads\/2026\/03\/Projekt-bez-nazwy-30.webp","contentUrl":"https:\/\/rad-pal.com.pl\/wp-content\/uploads\/2026\/03\/Projekt-bez-nazwy-30.webp","width":600,"height":210,"caption":"Rad-Pal"},"image":{"@id":"https:\/\/rad-pal.com.pl\/#\/schema\/logo\/image\/"}}]}},"_links":{"self":[{"href":"https:\/\/rad-pal.com.pl\/en\/wp-json\/wp\/v2\/product\/36901","targetHints":{"allow":["GET"]}}],"collection":[{"href":"https:\/\/rad-pal.com.pl\/en\/wp-json\/wp\/v2\/product"}],"about":[{"href":"https:\/\/rad-pal.com.pl\/en\/wp-json\/wp\/v2\/types\/product"}],"version-history":[{"count":0,"href":"https:\/\/rad-pal.com.pl\/en\/wp-json\/wp\/v2\/product\/36901\/revisions"}],"wp:featuredmedia":[{"embeddable":true,"href":"https:\/\/rad-pal.com.pl\/en\/wp-json\/wp\/v2\/media\/36881"}],"wp:attachment":[{"href":"https:\/\/rad-pal.com.pl\/en\/wp-json\/wp\/v2\/media?parent=36901"}],"wp:term":[{"taxonomy":"product_brand","embeddable":true,"href":"https:\/\/rad-pal.com.pl\/en\/wp-json\/wp\/v2\/product_brand?post=36901"},{"taxonomy":"product_cat","embeddable":true,"href":"https:\/\/rad-pal.com.pl\/en\/wp-json\/wp\/v2\/product_cat?post=36901"},{"taxonomy":"product_tag","embeddable":true,"href":"https:\/\/rad-pal.com.pl\/en\/wp-json\/wp\/v2\/product_tag?post=36901"}],"curies":[{"name":"wp","href":"https:\/\/api.w.org\/{rel}","templated":true}]}}