{"id":36954,"date":"2026-02-19T18:55:50","date_gmt":"2026-02-19T17:55:50","guid":{"rendered":"https:\/\/rad-pal.com.pl\/sklep\/bez-kategorii\/chusta-kolyszaca-relaxdays-dla-dzieci-w-kolorach-teczy\/"},"modified":"2026-02-19T19:31:33","modified_gmt":"2026-02-19T18:31:33","slug":"chusta-kolyszaca-relaxdays-dla-dzieci-w-kolorach-teczy","status":"publish","type":"product","link":"https:\/\/rad-pal.com.pl\/en\/sklep\/dziecko\/zabawki\/zabawki-zrecznosciowe\/gry-zrecznosciowe\/chusta-kolyszaca-relaxdays-dla-dzieci-w-kolorach-teczy\/","title":{"rendered":"Chusta Ko\u0142ysz\u0105ca Relaxdays dla Dzieci w Kolorach T\u0119czy"},"content":{"rendered":"<section class=\"section\">\n<div class=\"item item-6\">\n<section class=\"image-item\"><img decoding=\"async\" src=\"https:\/\/upload.cdn.baselinker.com\/products\/6014502\/ef84238ef0e400be8de5616a8343b7bc.jpg\" \/><\/section>\n<\/p><\/div>\n<div class=\"item item-6\">\n<section class=\"text-item\">\n<p>Kolorowa hu\u015btawka dla dzieci<\/p>\n<p>Zbierzcie przyjaci\u00f3\u0142 i zabierzcie ze sob\u0105 t\u0119 \u017cyw\u0105 hu\u015btawk\u0119 na zewn\u0105trz. Jest idealna na przyj\u0119cie urodzinowe dla dzieci w ogrodzie, do tworzenia fal w parku lub do gimnastyki w przedszkolu. T\u0119czowa tkanina to doskona\u0142y spos\u00f3b na cieszenie si\u0119 zabawnym ruchem na \u015bwie\u017cym powietrzu. Ponadto hu\u015btawka promuje wsp\u00f3ln\u0105 zabaw\u0119 nawet w\u015br\u00f3d najm\u0142odszych dzieci. Gra spadochronowa XXL pomie\u015bci do 12 graczy, zapewniaj\u0105c zabaw\u0119 i przyjemno\u015b\u0107 zar\u00f3wno dzieciom, jak i doros\u0142ym.<\/p>\n<p>Uwaga: Nie nadaje si\u0119 dla dzieci poni\u017cej 36 miesi\u0119cy.<\/p>\n<p>Kolorowy spadochron do zabawy na zewn\u0105trz<\/p>\n<p>Gra kooperacyjna i ruchowa dla dzieci w rozmiarze XXL<\/p>\n<p>Idealne na przyj\u0119cia urodzinowe dla dzieci, do park\u00f3w, ogrod\u00f3w lub na zaj\u0119cia w przedszkolu<\/p>\n<p>Mo\u017ce by\u0107 u\u017cywany przez maksymalnie 12 dzieci jednocze\u015bnie<\/p>\n<p>Radosny, t\u0119czowy wz\u00f3r w 4 \u017cywych kolorach &#8211; Zawiera torb\u0119 transportow\u0105<\/p>\n<p>Lekki i kompaktowy, \u0142atwy w transporcie<\/p>\n<\/section><\/div>\n<\/section>","protected":false},"excerpt":{"rendered":"<p>Kolorowa hu\u015btawka dla dzieci Zbierzcie przyjaci\u00f3\u0142 i zabierzcie ze sob\u0105 t\u0119 \u017cyw\u0105 hu\u015btawk\u0119 na zewn\u0105trz. Jest idealna na przyj\u0119cie urodzinowe<\/p>","protected":false},"featured_media":36949,"template":"","meta":[],"product_brand":[],"product_cat":[81,164,82,163],"product_tag":[],"class_list":{"0":"post-36954","1":"product","2":"type-product","3":"status-publish","4":"has-post-thumbnail","6":"product_cat-dziecko","7":"product_cat-gry-zrecznosciowe","8":"product_cat-zabawki","9":"product_cat-zabawki-zrecznosciowe","11":"first","12":"instock","13":"taxable","14":"shipping-taxable","15":"purchasable","16":"product-type-simple"},"yoast_head":"<!-- This site is optimized with the Yoast SEO plugin v25.7 - https:\/\/yoast.com\/wordpress\/plugins\/seo\/ -->\n<title>Chusta Ko\u0142ysz\u0105ca Relaxdays dla Dzieci w Kolorach T\u0119czy - Rad-Pal<\/title>\n<meta name=\"robots\" content=\"index, follow, max-snippet:-1, max-image-preview:large, max-video-preview:-1\" \/>\n<link rel=\"canonical\" href=\"https:\/\/rad-pal.com.pl\/en\/sklep\/bez-kategorii\/chusta-kolyszaca-relaxdays-dla-dzieci-w-kolorach-teczy\/\" \/>\n<meta property=\"og:locale\" content=\"en_GB\" \/>\n<meta property=\"og:type\" content=\"article\" \/>\n<meta property=\"og:title\" content=\"Chusta Ko\u0142ysz\u0105ca Relaxdays dla Dzieci w Kolorach T\u0119czy - Rad-Pal\" \/>\n<meta property=\"og:description\" content=\"Kolorowa hu\u015btawka dla dzieci Zbierzcie przyjaci\u00f3\u0142 i zabierzcie ze sob\u0105 t\u0119 \u017cyw\u0105 hu\u015btawk\u0119 na zewn\u0105trz. Jest idealna na przyj\u0119cie urodzinowe\" \/>\n<meta property=\"og:url\" content=\"https:\/\/rad-pal.com.pl\/en\/sklep\/bez-kategorii\/chusta-kolyszaca-relaxdays-dla-dzieci-w-kolorach-teczy\/\" \/>\n<meta property=\"og:site_name\" content=\"Rad-Pal\" \/>\n<meta property=\"article:modified_time\" content=\"2026-02-19T18:31:33+00:00\" \/>\n<meta property=\"og:image\" content=\"https:\/\/upload.cdn.baselinker.com\/products\/6014502\/ef84238ef0e400be8de5616a8343b7bc.jpg\" \/>\n<meta name=\"twitter:card\" content=\"summary_large_image\" \/>\n<meta name=\"twitter:label1\" content=\"Estimated reading time\" \/>\n\t<meta name=\"twitter:data1\" content=\"1 minute\" \/>\n<script type=\"application\/ld+json\" class=\"yoast-schema-graph\">{\"@context\":\"https:\/\/schema.org\",\"@graph\":[{\"@type\":\"WebPage\",\"@id\":\"https:\/\/rad-pal.com.pl\/sklep\/bez-kategorii\/chusta-kolyszaca-relaxdays-dla-dzieci-w-kolorach-teczy\/\",\"url\":\"https:\/\/rad-pal.com.pl\/sklep\/bez-kategorii\/chusta-kolyszaca-relaxdays-dla-dzieci-w-kolorach-teczy\/\",\"name\":\"Chusta Ko\u0142ysz\u0105ca Relaxdays dla Dzieci w Kolorach T\u0119czy - Rad-Pal\",\"isPartOf\":{\"@id\":\"https:\/\/rad-pal.com.pl\/#website\"},\"primaryImageOfPage\":{\"@id\":\"https:\/\/rad-pal.com.pl\/sklep\/bez-kategorii\/chusta-kolyszaca-relaxdays-dla-dzieci-w-kolorach-teczy\/#primaryimage\"},\"image\":{\"@id\":\"https:\/\/rad-pal.com.pl\/sklep\/bez-kategorii\/chusta-kolyszaca-relaxdays-dla-dzieci-w-kolorach-teczy\/#primaryimage\"},\"thumbnailUrl\":\"https:\/\/rad-pal.com.pl\/wp-content\/uploads\/2026\/02\/ef84238ef0e400be8de5616a8343b7bc.jpg\",\"datePublished\":\"2026-02-19T17:55:50+00:00\",\"dateModified\":\"2026-02-19T18:31:33+00:00\",\"breadcrumb\":{\"@id\":\"https:\/\/rad-pal.com.pl\/sklep\/bez-kategorii\/chusta-kolyszaca-relaxdays-dla-dzieci-w-kolorach-teczy\/#breadcrumb\"},\"inLanguage\":\"en-GB\",\"potentialAction\":[{\"@type\":\"ReadAction\",\"target\":[\"https:\/\/rad-pal.com.pl\/sklep\/bez-kategorii\/chusta-kolyszaca-relaxdays-dla-dzieci-w-kolorach-teczy\/\"]}]},{\"@type\":\"ImageObject\",\"inLanguage\":\"en-GB\",\"@id\":\"https:\/\/rad-pal.com.pl\/sklep\/bez-kategorii\/chusta-kolyszaca-relaxdays-dla-dzieci-w-kolorach-teczy\/#primaryimage\",\"url\":\"https:\/\/rad-pal.com.pl\/wp-content\/uploads\/2026\/02\/ef84238ef0e400be8de5616a8343b7bc.jpg\",\"contentUrl\":\"https:\/\/rad-pal.com.pl\/wp-content\/uploads\/2026\/02\/ef84238ef0e400be8de5616a8343b7bc.jpg\",\"width\":681,\"height\":681,\"caption\":\"7319daf306c449fb9c74d3671f4cfc2a\"},{\"@type\":\"BreadcrumbList\",\"@id\":\"https:\/\/rad-pal.com.pl\/sklep\/bez-kategorii\/chusta-kolyszaca-relaxdays-dla-dzieci-w-kolorach-teczy\/#breadcrumb\",\"itemListElement\":[{\"@type\":\"ListItem\",\"position\":1,\"name\":\"Strona g\u0142\u00f3wna\",\"item\":\"https:\/\/rad-pal.com.pl\/\"},{\"@type\":\"ListItem\",\"position\":2,\"name\":\"Sklep\",\"item\":\"https:\/\/rad-pal.com.pl\/sklep\/\"},{\"@type\":\"ListItem\",\"position\":3,\"name\":\"Chusta Ko\u0142ysz\u0105ca Relaxdays dla Dzieci w Kolorach T\u0119czy\"}]},{\"@type\":\"WebSite\",\"@id\":\"https:\/\/rad-pal.com.pl\/#website\",\"url\":\"https:\/\/rad-pal.com.pl\/\",\"name\":\"Rad-Pal\",\"description\":\"\",\"publisher\":{\"@id\":\"https:\/\/rad-pal.com.pl\/#organization\"},\"potentialAction\":[{\"@type\":\"SearchAction\",\"target\":{\"@type\":\"EntryPoint\",\"urlTemplate\":\"https:\/\/rad-pal.com.pl\/?s={search_term_string}\"},\"query-input\":{\"@type\":\"PropertyValueSpecification\",\"valueRequired\":true,\"valueName\":\"search_term_string\"}}],\"inLanguage\":\"en-GB\"},{\"@type\":\"Organization\",\"@id\":\"https:\/\/rad-pal.com.pl\/#organization\",\"name\":\"Rad-Pal\",\"url\":\"https:\/\/rad-pal.com.pl\/\",\"logo\":{\"@type\":\"ImageObject\",\"inLanguage\":\"en-GB\",\"@id\":\"https:\/\/rad-pal.com.pl\/#\/schema\/logo\/image\/\",\"url\":\"https:\/\/rad-pal.com.pl\/wp-content\/uploads\/2026\/03\/Projekt-bez-nazwy-30.webp\",\"contentUrl\":\"https:\/\/rad-pal.com.pl\/wp-content\/uploads\/2026\/03\/Projekt-bez-nazwy-30.webp\",\"width\":600,\"height\":210,\"caption\":\"Rad-Pal\"},\"image\":{\"@id\":\"https:\/\/rad-pal.com.pl\/#\/schema\/logo\/image\/\"}}]}<\/script>\n<!-- \/ Yoast SEO plugin. -->","yoast_head_json":{"title":"Chusta Ko\u0142ysz\u0105ca Relaxdays dla Dzieci w Kolorach T\u0119czy - Rad-Pal","robots":{"index":"index","follow":"follow","max-snippet":"max-snippet:-1","max-image-preview":"max-image-preview:large","max-video-preview":"max-video-preview:-1"},"canonical":"https:\/\/rad-pal.com.pl\/en\/sklep\/bez-kategorii\/chusta-kolyszaca-relaxdays-dla-dzieci-w-kolorach-teczy\/","og_locale":"en_GB","og_type":"article","og_title":"Chusta Ko\u0142ysz\u0105ca Relaxdays dla Dzieci w Kolorach T\u0119czy - Rad-Pal","og_description":"Kolorowa hu\u015btawka dla dzieci Zbierzcie przyjaci\u00f3\u0142 i zabierzcie ze sob\u0105 t\u0119 \u017cyw\u0105 hu\u015btawk\u0119 na zewn\u0105trz. Jest idealna na przyj\u0119cie urodzinowe","og_url":"https:\/\/rad-pal.com.pl\/en\/sklep\/bez-kategorii\/chusta-kolyszaca-relaxdays-dla-dzieci-w-kolorach-teczy\/","og_site_name":"Rad-Pal","article_modified_time":"2026-02-19T18:31:33+00:00","og_image":[{"url":"https:\/\/upload.cdn.baselinker.com\/products\/6014502\/ef84238ef0e400be8de5616a8343b7bc.jpg","type":"","width":"","height":""}],"twitter_card":"summary_large_image","twitter_misc":{"Estimated reading time":"1 minute"},"schema":{"@context":"https:\/\/schema.org","@graph":[{"@type":"WebPage","@id":"https:\/\/rad-pal.com.pl\/sklep\/bez-kategorii\/chusta-kolyszaca-relaxdays-dla-dzieci-w-kolorach-teczy\/","url":"https:\/\/rad-pal.com.pl\/sklep\/bez-kategorii\/chusta-kolyszaca-relaxdays-dla-dzieci-w-kolorach-teczy\/","name":"Chusta Ko\u0142ysz\u0105ca Relaxdays dla Dzieci w Kolorach T\u0119czy - Rad-Pal","isPartOf":{"@id":"https:\/\/rad-pal.com.pl\/#website"},"primaryImageOfPage":{"@id":"https:\/\/rad-pal.com.pl\/sklep\/bez-kategorii\/chusta-kolyszaca-relaxdays-dla-dzieci-w-kolorach-teczy\/#primaryimage"},"image":{"@id":"https:\/\/rad-pal.com.pl\/sklep\/bez-kategorii\/chusta-kolyszaca-relaxdays-dla-dzieci-w-kolorach-teczy\/#primaryimage"},"thumbnailUrl":"https:\/\/rad-pal.com.pl\/wp-content\/uploads\/2026\/02\/ef84238ef0e400be8de5616a8343b7bc.jpg","datePublished":"2026-02-19T17:55:50+00:00","dateModified":"2026-02-19T18:31:33+00:00","breadcrumb":{"@id":"https:\/\/rad-pal.com.pl\/sklep\/bez-kategorii\/chusta-kolyszaca-relaxdays-dla-dzieci-w-kolorach-teczy\/#breadcrumb"},"inLanguage":"en-GB","potentialAction":[{"@type":"ReadAction","target":["https:\/\/rad-pal.com.pl\/sklep\/bez-kategorii\/chusta-kolyszaca-relaxdays-dla-dzieci-w-kolorach-teczy\/"]}]},{"@type":"ImageObject","inLanguage":"en-GB","@id":"https:\/\/rad-pal.com.pl\/sklep\/bez-kategorii\/chusta-kolyszaca-relaxdays-dla-dzieci-w-kolorach-teczy\/#primaryimage","url":"https:\/\/rad-pal.com.pl\/wp-content\/uploads\/2026\/02\/ef84238ef0e400be8de5616a8343b7bc.jpg","contentUrl":"https:\/\/rad-pal.com.pl\/wp-content\/uploads\/2026\/02\/ef84238ef0e400be8de5616a8343b7bc.jpg","width":681,"height":681,"caption":"7319daf306c449fb9c74d3671f4cfc2a"},{"@type":"BreadcrumbList","@id":"https:\/\/rad-pal.com.pl\/sklep\/bez-kategorii\/chusta-kolyszaca-relaxdays-dla-dzieci-w-kolorach-teczy\/#breadcrumb","itemListElement":[{"@type":"ListItem","position":1,"name":"Strona g\u0142\u00f3wna","item":"https:\/\/rad-pal.com.pl\/"},{"@type":"ListItem","position":2,"name":"Sklep","item":"https:\/\/rad-pal.com.pl\/sklep\/"},{"@type":"ListItem","position":3,"name":"Chusta Ko\u0142ysz\u0105ca Relaxdays dla Dzieci w Kolorach T\u0119czy"}]},{"@type":"WebSite","@id":"https:\/\/rad-pal.com.pl\/#website","url":"https:\/\/rad-pal.com.pl\/","name":"Rad-Pal","description":"","publisher":{"@id":"https:\/\/rad-pal.com.pl\/#organization"},"potentialAction":[{"@type":"SearchAction","target":{"@type":"EntryPoint","urlTemplate":"https:\/\/rad-pal.com.pl\/?s={search_term_string}"},"query-input":{"@type":"PropertyValueSpecification","valueRequired":true,"valueName":"search_term_string"}}],"inLanguage":"en-GB"},{"@type":"Organization","@id":"https:\/\/rad-pal.com.pl\/#organization","name":"Rad-Pal","url":"https:\/\/rad-pal.com.pl\/","logo":{"@type":"ImageObject","inLanguage":"en-GB","@id":"https:\/\/rad-pal.com.pl\/#\/schema\/logo\/image\/","url":"https:\/\/rad-pal.com.pl\/wp-content\/uploads\/2026\/03\/Projekt-bez-nazwy-30.webp","contentUrl":"https:\/\/rad-pal.com.pl\/wp-content\/uploads\/2026\/03\/Projekt-bez-nazwy-30.webp","width":600,"height":210,"caption":"Rad-Pal"},"image":{"@id":"https:\/\/rad-pal.com.pl\/#\/schema\/logo\/image\/"}}]}},"_links":{"self":[{"href":"https:\/\/rad-pal.com.pl\/en\/wp-json\/wp\/v2\/product\/36954","targetHints":{"allow":["GET"]}}],"collection":[{"href":"https:\/\/rad-pal.com.pl\/en\/wp-json\/wp\/v2\/product"}],"about":[{"href":"https:\/\/rad-pal.com.pl\/en\/wp-json\/wp\/v2\/types\/product"}],"version-history":[{"count":0,"href":"https:\/\/rad-pal.com.pl\/en\/wp-json\/wp\/v2\/product\/36954\/revisions"}],"wp:featuredmedia":[{"embeddable":true,"href":"https:\/\/rad-pal.com.pl\/en\/wp-json\/wp\/v2\/media\/36949"}],"wp:attachment":[{"href":"https:\/\/rad-pal.com.pl\/en\/wp-json\/wp\/v2\/media?parent=36954"}],"wp:term":[{"taxonomy":"product_brand","embeddable":true,"href":"https:\/\/rad-pal.com.pl\/en\/wp-json\/wp\/v2\/product_brand?post=36954"},{"taxonomy":"product_cat","embeddable":true,"href":"https:\/\/rad-pal.com.pl\/en\/wp-json\/wp\/v2\/product_cat?post=36954"},{"taxonomy":"product_tag","embeddable":true,"href":"https:\/\/rad-pal.com.pl\/en\/wp-json\/wp\/v2\/product_tag?post=36954"}],"curies":[{"name":"wp","href":"https:\/\/api.w.org\/{rel}","templated":true}]}}