{"id":37021,"date":"2026-02-19T18:58:12","date_gmt":"2026-02-19T17:58:12","guid":{"rendered":"https:\/\/rad-pal.com.pl\/sklep\/bez-kategorii\/krzeslo-turystyczne-bez-oparcia-relaxdays-krzeslo-kampingowe-czarny\/"},"modified":"2026-02-19T19:32:00","modified_gmt":"2026-02-19T18:32:00","slug":"krzeslo-turystyczne-bez-oparcia-relaxdays-krzeslo-kampingowe-czarny","status":"publish","type":"product","link":"https:\/\/rad-pal.com.pl\/en\/sklep\/sport-i-turystyka\/turystyka\/meble-turystyczne\/krzesla\/krzeslo-turystyczne-bez-oparcia-relaxdays-krzeslo-kampingowe-czarny\/","title":{"rendered":"Krzes\u0142o turystyczne bez oparcia Relaxdays krzes\u0142o kampingowe czarny"},"content":{"rendered":"<section class=\"section\">\n<div class=\"item item-6\">\n<section class=\"image-item\"><img decoding=\"async\" src=\"https:\/\/upload.cdn.baselinker.com\/products\/6014502\/51d9d0c95c460633f6b8cae65bb24c80.jpg\" \/><\/section>\n<\/p><\/div>\n<div class=\"item item-6\">\n<section class=\"text-item\">\n<h1>Czarny sto\u0142ek turystyczny do 120 kg<\/h1>\n<ul>\n<li>sk\u0142adany sto\u0142ek kempingowy<\/li>\n<li>kiesze\u0144 z siatki jako schowek<\/li>\n<li>obci\u0105\u017cenie max.: 120 kg<\/li>\n<li>oszcz\u0119dno\u015b\u0107 miejsca<\/li>\n<li>na wycieczki, festiwale itp.<\/li>\n<li>Lekki sk\u0142adany sto\u0142ek z kieszonk\u0105<\/li>\n<li>wymiary po roz\u0142o\u017ceniu: ok. 39 x 29 x 35 cm (wys. x szer. x d\u0142.)<\/li>\n<li>wymiary po z\u0142o\u017ceniu: ok. 47,5 x 35 x 4,5 cm (wys. x szer. x d\u0142.)<\/li>\n<li>obci\u0105\u017cenie max.: ok. 120 kg<\/li>\n<li>waga: ok. 800 kg<\/li>\n<li>z poliestru i metalu<\/li>\n<li>kolor: czarny<\/li>\n<li>1x sto\u0142ek turystyczny<\/li>\n<li>bez dekoracji<\/li>\n<li>zmontowany<\/li>\n<li>sk\u0142adany sto\u0142ek w\u0119dkarski na wszelkiego rodzaju wyprawy<\/li>\n<li>oszcz\u0119dno\u015b\u0107 miejsca<\/li>\n<li>krzese\u0142ko kempingowe o du\u017cej wytrzyma\u0142o\u015bci<\/li>\n<li>dodatkowy schowek pod siedziskiem<\/li>\n<li>wszechstronny dzi\u0119ki wytrzyma\u0142emu poliestrowi<\/li>\n<li>Praktyczny sk\u0142adany sto\u0142ek, kt\u00f3ry zapewni wygod\u0119 po d\u0142ugiej w\u0119dr\u00f3wce. Sk\u0142adany taboret kempingowy jest nie tylko lekki i por\u0119czny, ale r\u00f3wnie\u017c bardzo wytrzyma\u0142y do ok. 120 kg. Pokrowiec z czarnego poliestru jest r\u00f3wnie\u017c idealny do wszelkiego rodzaju aktywno\u015bci na \u015bwie\u017cym powietrzu. U\u017cyj sk\u0142adanego sto\u0142ka jako krzes\u0142a turystycznego, siedziska pla\u017cowego lub sto\u0142ka ogrodowego. Pod siedziskiem sto\u0142ka w\u0119dkarskiego znajduje si\u0119 siatkowa kiesze\u0144, w kt\u00f3rej mo\u017cna przechowywa\u0107 np. akcesoria w\u0119dkarskie.<\/li>\n<\/ul>\n<\/section><\/div>\n<\/section>\n<section class=\"section\">\n<div class=\"item item-6\">\n<section class=\"image-item\"><img decoding=\"async\" src=\"https:\/\/upload.cdn.baselinker.com\/products\/6014502\/fb7e051af2dfd0e1d4c948d3e4ccba55.jpg\" \/><\/section>\n<\/p><\/div>\n<div class=\"item item-6\">\n<section class=\"image-item\"><img decoding=\"async\" src=\"https:\/\/upload.cdn.baselinker.com\/products\/6014502\/f5d69d1217de634890456cc74cf85aa0.jpg\" \/><\/section>\n<\/p><\/div>\n<\/section>\n<section class=\"section\">\n<div class=\"item item-6\">\n<section class=\"image-item\"><img decoding=\"async\" src=\"https:\/\/upload.cdn.baselinker.com\/products\/6014502\/aecb4e1156d7363fe95d3a9e07b63f76.jpg\" \/><\/section>\n<\/p><\/div>\n<div class=\"item item-6\">\n<section class=\"image-item\"><img decoding=\"async\" src=\"https:\/\/upload.cdn.baselinker.com\/products\/6014502\/240d7bfc20e1475b71d7bd8480a177af.jpg\" \/><\/section>\n<\/p><\/div>\n<\/section>","protected":false},"excerpt":{"rendered":"<p>Czarny sto\u0142ek turystyczny do 120 kg sk\u0142adany sto\u0142ek kempingowy kiesze\u0144 z siatki jako schowek obci\u0105\u017cenie max.: 120 kg oszcz\u0119dno\u015b\u0107 miejsca<\/p>","protected":false},"featured_media":37016,"template":"","meta":[],"product_brand":[],"product_cat":[276,78,76,77],"product_tag":[],"class_list":{"0":"post-37021","1":"product","2":"type-product","3":"status-publish","4":"has-post-thumbnail","6":"product_cat-krzesla","7":"product_cat-meble-turystyczne","8":"product_cat-sport-i-turystyka","9":"product_cat-turystyka","11":"first","12":"instock","13":"taxable","14":"shipping-taxable","15":"purchasable","16":"product-type-simple"},"yoast_head":"<!-- This site is optimized with the Yoast SEO plugin v25.7 - https:\/\/yoast.com\/wordpress\/plugins\/seo\/ -->\n<title>Krzes\u0142o turystyczne bez oparcia Relaxdays krzes\u0142o kampingowe czarny - Rad-Pal<\/title>\n<meta name=\"robots\" content=\"index, follow, max-snippet:-1, max-image-preview:large, max-video-preview:-1\" \/>\n<link rel=\"canonical\" href=\"https:\/\/rad-pal.com.pl\/en\/sklep\/bez-kategorii\/krzeslo-turystyczne-bez-oparcia-relaxdays-krzeslo-kampingowe-czarny\/\" \/>\n<meta property=\"og:locale\" content=\"en_GB\" \/>\n<meta property=\"og:type\" content=\"article\" \/>\n<meta property=\"og:title\" content=\"Krzes\u0142o turystyczne bez oparcia Relaxdays krzes\u0142o kampingowe czarny - Rad-Pal\" \/>\n<meta property=\"og:description\" content=\"Czarny sto\u0142ek turystyczny do 120 kg sk\u0142adany sto\u0142ek kempingowy kiesze\u0144 z siatki jako schowek obci\u0105\u017cenie max.: 120 kg oszcz\u0119dno\u015b\u0107 miejsca\" \/>\n<meta property=\"og:url\" content=\"https:\/\/rad-pal.com.pl\/en\/sklep\/bez-kategorii\/krzeslo-turystyczne-bez-oparcia-relaxdays-krzeslo-kampingowe-czarny\/\" \/>\n<meta property=\"og:site_name\" content=\"Rad-Pal\" \/>\n<meta property=\"article:modified_time\" content=\"2026-02-19T18:32:00+00:00\" \/>\n<meta property=\"og:image\" content=\"https:\/\/upload.cdn.baselinker.com\/products\/6014502\/51d9d0c95c460633f6b8cae65bb24c80.jpg\" \/>\n<meta name=\"twitter:card\" content=\"summary_large_image\" \/>\n<meta name=\"twitter:label1\" content=\"Estimated reading time\" \/>\n\t<meta name=\"twitter:data1\" content=\"1 minute\" \/>\n<script type=\"application\/ld+json\" class=\"yoast-schema-graph\">{\"@context\":\"https:\/\/schema.org\",\"@graph\":[{\"@type\":\"WebPage\",\"@id\":\"https:\/\/rad-pal.com.pl\/sklep\/bez-kategorii\/krzeslo-turystyczne-bez-oparcia-relaxdays-krzeslo-kampingowe-czarny\/\",\"url\":\"https:\/\/rad-pal.com.pl\/sklep\/bez-kategorii\/krzeslo-turystyczne-bez-oparcia-relaxdays-krzeslo-kampingowe-czarny\/\",\"name\":\"Krzes\u0142o turystyczne bez oparcia Relaxdays krzes\u0142o kampingowe czarny - Rad-Pal\",\"isPartOf\":{\"@id\":\"https:\/\/rad-pal.com.pl\/#website\"},\"primaryImageOfPage\":{\"@id\":\"https:\/\/rad-pal.com.pl\/sklep\/bez-kategorii\/krzeslo-turystyczne-bez-oparcia-relaxdays-krzeslo-kampingowe-czarny\/#primaryimage\"},\"image\":{\"@id\":\"https:\/\/rad-pal.com.pl\/sklep\/bez-kategorii\/krzeslo-turystyczne-bez-oparcia-relaxdays-krzeslo-kampingowe-czarny\/#primaryimage\"},\"thumbnailUrl\":\"https:\/\/rad-pal.com.pl\/wp-content\/uploads\/2026\/02\/51d9d0c95c460633f6b8cae65bb24c80.jpg\",\"datePublished\":\"2026-02-19T17:58:12+00:00\",\"dateModified\":\"2026-02-19T18:32:00+00:00\",\"breadcrumb\":{\"@id\":\"https:\/\/rad-pal.com.pl\/sklep\/bez-kategorii\/krzeslo-turystyczne-bez-oparcia-relaxdays-krzeslo-kampingowe-czarny\/#breadcrumb\"},\"inLanguage\":\"en-GB\",\"potentialAction\":[{\"@type\":\"ReadAction\",\"target\":[\"https:\/\/rad-pal.com.pl\/sklep\/bez-kategorii\/krzeslo-turystyczne-bez-oparcia-relaxdays-krzeslo-kampingowe-czarny\/\"]}]},{\"@type\":\"ImageObject\",\"inLanguage\":\"en-GB\",\"@id\":\"https:\/\/rad-pal.com.pl\/sklep\/bez-kategorii\/krzeslo-turystyczne-bez-oparcia-relaxdays-krzeslo-kampingowe-czarny\/#primaryimage\",\"url\":\"https:\/\/rad-pal.com.pl\/wp-content\/uploads\/2026\/02\/51d9d0c95c460633f6b8cae65bb24c80.jpg\",\"contentUrl\":\"https:\/\/rad-pal.com.pl\/wp-content\/uploads\/2026\/02\/51d9d0c95c460633f6b8cae65bb24c80.jpg\",\"width\":2048,\"height\":2048,\"caption\":\"83515da9a886af5a4f25cd64f7dd48f8\"},{\"@type\":\"BreadcrumbList\",\"@id\":\"https:\/\/rad-pal.com.pl\/sklep\/bez-kategorii\/krzeslo-turystyczne-bez-oparcia-relaxdays-krzeslo-kampingowe-czarny\/#breadcrumb\",\"itemListElement\":[{\"@type\":\"ListItem\",\"position\":1,\"name\":\"Strona g\u0142\u00f3wna\",\"item\":\"https:\/\/rad-pal.com.pl\/\"},{\"@type\":\"ListItem\",\"position\":2,\"name\":\"Sklep\",\"item\":\"https:\/\/rad-pal.com.pl\/sklep\/\"},{\"@type\":\"ListItem\",\"position\":3,\"name\":\"Krzes\u0142o turystyczne bez oparcia Relaxdays krzes\u0142o kampingowe czarny\"}]},{\"@type\":\"WebSite\",\"@id\":\"https:\/\/rad-pal.com.pl\/#website\",\"url\":\"https:\/\/rad-pal.com.pl\/\",\"name\":\"Rad-Pal\",\"description\":\"\",\"publisher\":{\"@id\":\"https:\/\/rad-pal.com.pl\/#organization\"},\"potentialAction\":[{\"@type\":\"SearchAction\",\"target\":{\"@type\":\"EntryPoint\",\"urlTemplate\":\"https:\/\/rad-pal.com.pl\/?s={search_term_string}\"},\"query-input\":{\"@type\":\"PropertyValueSpecification\",\"valueRequired\":true,\"valueName\":\"search_term_string\"}}],\"inLanguage\":\"en-GB\"},{\"@type\":\"Organization\",\"@id\":\"https:\/\/rad-pal.com.pl\/#organization\",\"name\":\"Rad-Pal\",\"url\":\"https:\/\/rad-pal.com.pl\/\",\"logo\":{\"@type\":\"ImageObject\",\"inLanguage\":\"en-GB\",\"@id\":\"https:\/\/rad-pal.com.pl\/#\/schema\/logo\/image\/\",\"url\":\"https:\/\/rad-pal.com.pl\/wp-content\/uploads\/2026\/03\/Projekt-bez-nazwy-30.webp\",\"contentUrl\":\"https:\/\/rad-pal.com.pl\/wp-content\/uploads\/2026\/03\/Projekt-bez-nazwy-30.webp\",\"width\":600,\"height\":210,\"caption\":\"Rad-Pal\"},\"image\":{\"@id\":\"https:\/\/rad-pal.com.pl\/#\/schema\/logo\/image\/\"}}]}<\/script>\n<!-- \/ Yoast SEO plugin. -->","yoast_head_json":{"title":"Krzes\u0142o turystyczne bez oparcia Relaxdays krzes\u0142o kampingowe czarny - Rad-Pal","robots":{"index":"index","follow":"follow","max-snippet":"max-snippet:-1","max-image-preview":"max-image-preview:large","max-video-preview":"max-video-preview:-1"},"canonical":"https:\/\/rad-pal.com.pl\/en\/sklep\/bez-kategorii\/krzeslo-turystyczne-bez-oparcia-relaxdays-krzeslo-kampingowe-czarny\/","og_locale":"en_GB","og_type":"article","og_title":"Krzes\u0142o turystyczne bez oparcia Relaxdays krzes\u0142o kampingowe czarny - Rad-Pal","og_description":"Czarny sto\u0142ek turystyczny do 120 kg sk\u0142adany sto\u0142ek kempingowy kiesze\u0144 z siatki jako schowek obci\u0105\u017cenie max.: 120 kg oszcz\u0119dno\u015b\u0107 miejsca","og_url":"https:\/\/rad-pal.com.pl\/en\/sklep\/bez-kategorii\/krzeslo-turystyczne-bez-oparcia-relaxdays-krzeslo-kampingowe-czarny\/","og_site_name":"Rad-Pal","article_modified_time":"2026-02-19T18:32:00+00:00","og_image":[{"url":"https:\/\/upload.cdn.baselinker.com\/products\/6014502\/51d9d0c95c460633f6b8cae65bb24c80.jpg","type":"","width":"","height":""}],"twitter_card":"summary_large_image","twitter_misc":{"Estimated reading time":"1 minute"},"schema":{"@context":"https:\/\/schema.org","@graph":[{"@type":"WebPage","@id":"https:\/\/rad-pal.com.pl\/sklep\/bez-kategorii\/krzeslo-turystyczne-bez-oparcia-relaxdays-krzeslo-kampingowe-czarny\/","url":"https:\/\/rad-pal.com.pl\/sklep\/bez-kategorii\/krzeslo-turystyczne-bez-oparcia-relaxdays-krzeslo-kampingowe-czarny\/","name":"Krzes\u0142o turystyczne bez oparcia Relaxdays krzes\u0142o kampingowe czarny - Rad-Pal","isPartOf":{"@id":"https:\/\/rad-pal.com.pl\/#website"},"primaryImageOfPage":{"@id":"https:\/\/rad-pal.com.pl\/sklep\/bez-kategorii\/krzeslo-turystyczne-bez-oparcia-relaxdays-krzeslo-kampingowe-czarny\/#primaryimage"},"image":{"@id":"https:\/\/rad-pal.com.pl\/sklep\/bez-kategorii\/krzeslo-turystyczne-bez-oparcia-relaxdays-krzeslo-kampingowe-czarny\/#primaryimage"},"thumbnailUrl":"https:\/\/rad-pal.com.pl\/wp-content\/uploads\/2026\/02\/51d9d0c95c460633f6b8cae65bb24c80.jpg","datePublished":"2026-02-19T17:58:12+00:00","dateModified":"2026-02-19T18:32:00+00:00","breadcrumb":{"@id":"https:\/\/rad-pal.com.pl\/sklep\/bez-kategorii\/krzeslo-turystyczne-bez-oparcia-relaxdays-krzeslo-kampingowe-czarny\/#breadcrumb"},"inLanguage":"en-GB","potentialAction":[{"@type":"ReadAction","target":["https:\/\/rad-pal.com.pl\/sklep\/bez-kategorii\/krzeslo-turystyczne-bez-oparcia-relaxdays-krzeslo-kampingowe-czarny\/"]}]},{"@type":"ImageObject","inLanguage":"en-GB","@id":"https:\/\/rad-pal.com.pl\/sklep\/bez-kategorii\/krzeslo-turystyczne-bez-oparcia-relaxdays-krzeslo-kampingowe-czarny\/#primaryimage","url":"https:\/\/rad-pal.com.pl\/wp-content\/uploads\/2026\/02\/51d9d0c95c460633f6b8cae65bb24c80.jpg","contentUrl":"https:\/\/rad-pal.com.pl\/wp-content\/uploads\/2026\/02\/51d9d0c95c460633f6b8cae65bb24c80.jpg","width":2048,"height":2048,"caption":"83515da9a886af5a4f25cd64f7dd48f8"},{"@type":"BreadcrumbList","@id":"https:\/\/rad-pal.com.pl\/sklep\/bez-kategorii\/krzeslo-turystyczne-bez-oparcia-relaxdays-krzeslo-kampingowe-czarny\/#breadcrumb","itemListElement":[{"@type":"ListItem","position":1,"name":"Strona g\u0142\u00f3wna","item":"https:\/\/rad-pal.com.pl\/"},{"@type":"ListItem","position":2,"name":"Sklep","item":"https:\/\/rad-pal.com.pl\/sklep\/"},{"@type":"ListItem","position":3,"name":"Krzes\u0142o turystyczne bez oparcia Relaxdays krzes\u0142o kampingowe czarny"}]},{"@type":"WebSite","@id":"https:\/\/rad-pal.com.pl\/#website","url":"https:\/\/rad-pal.com.pl\/","name":"Rad-Pal","description":"","publisher":{"@id":"https:\/\/rad-pal.com.pl\/#organization"},"potentialAction":[{"@type":"SearchAction","target":{"@type":"EntryPoint","urlTemplate":"https:\/\/rad-pal.com.pl\/?s={search_term_string}"},"query-input":{"@type":"PropertyValueSpecification","valueRequired":true,"valueName":"search_term_string"}}],"inLanguage":"en-GB"},{"@type":"Organization","@id":"https:\/\/rad-pal.com.pl\/#organization","name":"Rad-Pal","url":"https:\/\/rad-pal.com.pl\/","logo":{"@type":"ImageObject","inLanguage":"en-GB","@id":"https:\/\/rad-pal.com.pl\/#\/schema\/logo\/image\/","url":"https:\/\/rad-pal.com.pl\/wp-content\/uploads\/2026\/03\/Projekt-bez-nazwy-30.webp","contentUrl":"https:\/\/rad-pal.com.pl\/wp-content\/uploads\/2026\/03\/Projekt-bez-nazwy-30.webp","width":600,"height":210,"caption":"Rad-Pal"},"image":{"@id":"https:\/\/rad-pal.com.pl\/#\/schema\/logo\/image\/"}}]}},"_links":{"self":[{"href":"https:\/\/rad-pal.com.pl\/en\/wp-json\/wp\/v2\/product\/37021","targetHints":{"allow":["GET"]}}],"collection":[{"href":"https:\/\/rad-pal.com.pl\/en\/wp-json\/wp\/v2\/product"}],"about":[{"href":"https:\/\/rad-pal.com.pl\/en\/wp-json\/wp\/v2\/types\/product"}],"version-history":[{"count":0,"href":"https:\/\/rad-pal.com.pl\/en\/wp-json\/wp\/v2\/product\/37021\/revisions"}],"wp:featuredmedia":[{"embeddable":true,"href":"https:\/\/rad-pal.com.pl\/en\/wp-json\/wp\/v2\/media\/37016"}],"wp:attachment":[{"href":"https:\/\/rad-pal.com.pl\/en\/wp-json\/wp\/v2\/media?parent=37021"}],"wp:term":[{"taxonomy":"product_brand","embeddable":true,"href":"https:\/\/rad-pal.com.pl\/en\/wp-json\/wp\/v2\/product_brand?post=37021"},{"taxonomy":"product_cat","embeddable":true,"href":"https:\/\/rad-pal.com.pl\/en\/wp-json\/wp\/v2\/product_cat?post=37021"},{"taxonomy":"product_tag","embeddable":true,"href":"https:\/\/rad-pal.com.pl\/en\/wp-json\/wp\/v2\/product_tag?post=37021"}],"curies":[{"name":"wp","href":"https:\/\/api.w.org\/{rel}","templated":true}]}}