{"id":37043,"date":"2026-02-19T18:59:11","date_gmt":"2026-02-19T17:59:11","guid":{"rendered":"https:\/\/rad-pal.com.pl\/sklep\/bez-kategorii\/kosz-termiczny-relaxdays-10032548_111-srebrny-27-l\/"},"modified":"2026-02-19T19:32:06","modified_gmt":"2026-02-19T18:32:06","slug":"kosz-termiczny-relaxdays-10032548_111-srebrny-27-l","status":"publish","type":"product","link":"https:\/\/rad-pal.com.pl\/en\/sklep\/sport-i-turystyka\/turystyka\/kuchnia-turystyczna\/lodowki-torby\/torby-termiczne\/kosz-termiczny-relaxdays-10032548_111-srebrny-27-l\/","title":{"rendered":"Kosz termiczny Relaxdays 10032548_111 srebrny 27 l"},"content":{"rendered":"<section class=\"section\">\n<div class=\"item item-6\">\n<section class=\"text-item\">\n<h1>Kosz na zakupy z funkcj\u0105 ch\u0142odzenia<\/h1>\n<ul>\n<li>Wszechstronny<\/li>\n<li>Izolacyjny<\/li>\n<li>Sk\u0142adany<\/li>\n<li>Z os\u0142on\u0105<\/li>\n<li>Wytrzyma\u0142y materia\u0142 poliestrowy<\/li>\n<\/ul>\n<\/section><\/div>\n<div class=\"item item-6\">\n<section class=\"image-item\"><img decoding=\"async\" src=\"https:\/\/upload.cdn.baselinker.com\/products\/6014502\/df9db40f515f6d232f4bf380c8199054.jpg\" \/><\/section>\n<\/p><\/div>\n<\/section>\n<section class=\"section\">\n<div class=\"item item-6\">\n<section class=\"text-item\">\n<h2>Du\u017cy kosz piknikowy z pokrywk\u0105<\/h2>\n<p>Idealny piknik nie jest kompletny bez odpowiedniego kosza.&nbsp;Ten kosz piknikowy pomo\u017ce Ci przenie\u015b\u0107 koc i wszystko, czego potrzebujesz, aby mi\u0142o sp\u0119dzi\u0107 czas na \u015bwie\u017cym powietrzu.&nbsp;Kosz mo\u017cna jednak wykorzysta\u0107 tak\u017ce do innych cel\u00f3w.&nbsp;Co powiecie na przyk\u0142ad na wycieczk\u0119 na lokalny targ?&nbsp;Mo\u017cesz wybiera\u0107 pomi\u0119dzy trzema r\u00f3\u017cnymi kolorami i ol\u015bni\u0107 wszystkich tym pi\u0119knym koszem piknikowym!<\/p>\n<\/section><\/div>\n<div class=\"item item-6\">\n<section class=\"image-item\"><img decoding=\"async\" src=\"https:\/\/upload.cdn.baselinker.com\/products\/6014502\/950c0b5589ade568d0d02bd49116c65f.jpg\" \/><\/section>\n<\/p><\/div>\n<\/section>\n<section class=\"section\">\n<div class=\"item item-6\">\n<section class=\"image-item\"><img decoding=\"async\" src=\"https:\/\/upload.cdn.baselinker.com\/products\/6014502\/013b79fcba21f5a887f3e0c82a70aa2b.jpg\" \/><\/section>\n<\/p><\/div>\n<div class=\"item item-6\">\n<section class=\"text-item\">\n<h2>Wielofunkcyjny pleciony kosz<\/h2>\n<ul>\n<li>Idealny na zakupy, jednodniowe wycieczki, pikniki i nie tylko<\/li>\n<li>Wy\u0142o\u017cone foli\u0105 aluminiow\u0105 i izolacj\u0105 piankow\u0105<\/li>\n<li>Utrzymuje napoje i przek\u0105ski zimne lub ciep\u0142e<\/li>\n<li>Sk\u0142ada si\u0119 kompaktowo, co u\u0142atwia przechowywanie<\/li>\n<li>Wygodny transport dzi\u0119ki pokrywie i uchwytowi<\/li>\n<li>Wykonane z wytrzyma\u0142ego poliestru<\/li>\n<\/ul>\n<\/section><\/div>\n<\/section>\n<section class=\"section\">\n<div class=\"item item-6\">\n<section class=\"text-item\">\n<h2>Praktyczny kosz na zakupy w skr\u00f3cie<\/h2>\n<ul>\n<li>Rozmiar z uchwytem wys. x szer. x g\u0142.: ok.&nbsp;40x40x31cm<\/li>\n<li>Wymiary torby wys. x szer. x g\u0142.: ok.&nbsp;27x38x29 cm<\/li>\n<li>Rozmiar po z\u0142o\u017ceniu wys. x szer. x g\u0142.: ok.&nbsp;13x32x27cm<\/li>\n<li>Pojemno\u015b\u0107: ok.&nbsp;27 litr\u00f3w Mo\u017ce pomie\u015bci\u0107 maks.&nbsp;5 kg<\/li>\n<li>Wa\u017cy tylko oko\u0142o 570 g<\/li>\n<li>Wykonane z poliestru, aluminium, izolacji piankowej, tworzywa sztucznego<\/li>\n<\/ul>\n<h2>Zawarte w dostawie<\/h2>\n<ul>\n<li>1x kosz piknikowy<\/li>\n<li>Bez dekoracji<\/li>\n<\/ul>\n<h2>Sk\u0142ad materia\u0142u<\/h2>\n<ul>\n<li>60% poliester<\/li>\n<li>30% aluminium<\/li>\n<li>10% Plastik<\/li>\n<\/ul>\n<\/section><\/div>\n<div class=\"item item-6\">\n<section class=\"image-item\"><img decoding=\"async\" src=\"https:\/\/upload.cdn.baselinker.com\/products\/6014502\/5a66cb934dfe4d10bdc73906ce1c0193.jpg\" \/><\/section>\n<\/p><\/div>\n<\/section>\n<section class=\"section\">\n<div class=\"item item-12\">\n<section class=\"image-item\"><img decoding=\"async\" src=\"https:\/\/upload.cdn.baselinker.com\/products\/6014502\/4bbd990a7149fc336b0f21f6e24d29ea.jpg\" \/><\/section>\n<\/p><\/div>\n<\/section>\n<section class=\"section\">\n<div class=\"item item-6\">\n<section class=\"image-item\"><img decoding=\"async\" src=\"https:\/\/upload.cdn.baselinker.com\/products\/6014502\/287638109aa27dee90f7d8c4be969f44.jpg\" \/><\/section>\n<\/p><\/div>\n<div class=\"item item-6\">\n<section class=\"image-item\"><img decoding=\"async\" src=\"https:\/\/upload.cdn.baselinker.com\/products\/6014502\/652c94571d7ac03b40929e2d438129fc.jpg\" \/><\/section>\n<\/p><\/div>\n<\/section>\n<section class=\"section\">\n<div class=\"item item-12\">\n<section class=\"image-item\"><img decoding=\"async\" src=\"https:\/\/upload.cdn.baselinker.com\/products\/6014502\/df9db40f515f6d232f4bf380c8199054.jpg\" \/><\/section>\n<\/p><\/div>\n<\/section>","protected":false},"excerpt":{"rendered":"<p>Kosz na zakupy z funkcj\u0105 ch\u0142odzenia Wszechstronny Izolacyjny Sk\u0142adany Z os\u0142on\u0105 Wytrzyma\u0142y materia\u0142 poliestrowy Du\u017cy kosz piknikowy z pokrywk\u0105 Idealny<\/p>","protected":false},"featured_media":37055,"template":"","meta":[],"product_brand":[],"product_cat":[560,561,76,562,77],"product_tag":[],"class_list":{"0":"post-37043","1":"product","2":"type-product","3":"status-publish","4":"has-post-thumbnail","6":"product_cat-kuchnia-turystyczna","7":"product_cat-lodowki-torby","8":"product_cat-sport-i-turystyka","9":"product_cat-torby-termiczne","10":"product_cat-turystyka","12":"first","13":"instock","14":"taxable","15":"shipping-taxable","16":"purchasable","17":"product-type-simple"},"yoast_head":"<!-- This site is optimized with the Yoast SEO plugin v25.7 - https:\/\/yoast.com\/wordpress\/plugins\/seo\/ -->\n<title>Kosz termiczny Relaxdays 10032548_111 srebrny 27 l - Rad-Pal<\/title>\n<meta name=\"robots\" content=\"index, follow, max-snippet:-1, max-image-preview:large, max-video-preview:-1\" \/>\n<link rel=\"canonical\" href=\"https:\/\/rad-pal.com.pl\/en\/sklep\/sport-i-turystyka\/turystyka\/kuchnia-turystyczna\/lodowki-torby\/torby-termiczne\/kosz-termiczny-relaxdays-10032548_111-srebrny-27-l\/\" \/>\n<meta property=\"og:locale\" content=\"en_GB\" \/>\n<meta property=\"og:type\" content=\"article\" \/>\n<meta property=\"og:title\" content=\"Kosz termiczny Relaxdays 10032548_111 srebrny 27 l - Rad-Pal\" \/>\n<meta property=\"og:description\" content=\"Kosz na zakupy z funkcj\u0105 ch\u0142odzenia Wszechstronny Izolacyjny Sk\u0142adany Z os\u0142on\u0105 Wytrzyma\u0142y materia\u0142 poliestrowy Du\u017cy kosz piknikowy z pokrywk\u0105 Idealny\" \/>\n<meta property=\"og:url\" content=\"https:\/\/rad-pal.com.pl\/en\/sklep\/sport-i-turystyka\/turystyka\/kuchnia-turystyczna\/lodowki-torby\/torby-termiczne\/kosz-termiczny-relaxdays-10032548_111-srebrny-27-l\/\" \/>\n<meta property=\"og:site_name\" content=\"Rad-Pal\" \/>\n<meta property=\"article:modified_time\" content=\"2026-02-19T18:32:06+00:00\" \/>\n<meta property=\"og:image\" content=\"https:\/\/rad-pal.com.pl\/wp-content\/uploads\/2026\/02\/df9db40f515f6d232f4bf380c8199054.jpg\" \/>\n\t<meta property=\"og:image:width\" content=\"1409\" \/>\n\t<meta property=\"og:image:height\" content=\"1500\" \/>\n\t<meta property=\"og:image:type\" content=\"image\/jpeg\" \/>\n<meta name=\"twitter:card\" content=\"summary_large_image\" \/>\n<meta name=\"twitter:label1\" content=\"Estimated reading time\" \/>\n\t<meta name=\"twitter:data1\" content=\"1 minute\" \/>\n<script type=\"application\/ld+json\" class=\"yoast-schema-graph\">{\"@context\":\"https:\/\/schema.org\",\"@graph\":[{\"@type\":\"WebPage\",\"@id\":\"https:\/\/rad-pal.com.pl\/sklep\/sport-i-turystyka\/turystyka\/kuchnia-turystyczna\/lodowki-torby\/torby-termiczne\/kosz-termiczny-relaxdays-10032548_111-srebrny-27-l\/\",\"url\":\"https:\/\/rad-pal.com.pl\/sklep\/sport-i-turystyka\/turystyka\/kuchnia-turystyczna\/lodowki-torby\/torby-termiczne\/kosz-termiczny-relaxdays-10032548_111-srebrny-27-l\/\",\"name\":\"Kosz termiczny Relaxdays 10032548_111 srebrny 27 l - Rad-Pal\",\"isPartOf\":{\"@id\":\"https:\/\/rad-pal.com.pl\/#website\"},\"primaryImageOfPage\":{\"@id\":\"https:\/\/rad-pal.com.pl\/sklep\/sport-i-turystyka\/turystyka\/kuchnia-turystyczna\/lodowki-torby\/torby-termiczne\/kosz-termiczny-relaxdays-10032548_111-srebrny-27-l\/#primaryimage\"},\"image\":{\"@id\":\"https:\/\/rad-pal.com.pl\/sklep\/sport-i-turystyka\/turystyka\/kuchnia-turystyczna\/lodowki-torby\/torby-termiczne\/kosz-termiczny-relaxdays-10032548_111-srebrny-27-l\/#primaryimage\"},\"thumbnailUrl\":\"https:\/\/rad-pal.com.pl\/wp-content\/uploads\/2026\/02\/df9db40f515f6d232f4bf380c8199054-2.jpg\",\"datePublished\":\"2026-02-19T17:59:11+00:00\",\"dateModified\":\"2026-02-19T18:32:06+00:00\",\"breadcrumb\":{\"@id\":\"https:\/\/rad-pal.com.pl\/sklep\/sport-i-turystyka\/turystyka\/kuchnia-turystyczna\/lodowki-torby\/torby-termiczne\/kosz-termiczny-relaxdays-10032548_111-srebrny-27-l\/#breadcrumb\"},\"inLanguage\":\"en-GB\",\"potentialAction\":[{\"@type\":\"ReadAction\",\"target\":[\"https:\/\/rad-pal.com.pl\/sklep\/sport-i-turystyka\/turystyka\/kuchnia-turystyczna\/lodowki-torby\/torby-termiczne\/kosz-termiczny-relaxdays-10032548_111-srebrny-27-l\/\"]}]},{\"@type\":\"ImageObject\",\"inLanguage\":\"en-GB\",\"@id\":\"https:\/\/rad-pal.com.pl\/sklep\/sport-i-turystyka\/turystyka\/kuchnia-turystyczna\/lodowki-torby\/torby-termiczne\/kosz-termiczny-relaxdays-10032548_111-srebrny-27-l\/#primaryimage\",\"url\":\"https:\/\/rad-pal.com.pl\/wp-content\/uploads\/2026\/02\/df9db40f515f6d232f4bf380c8199054-2.jpg\",\"contentUrl\":\"https:\/\/rad-pal.com.pl\/wp-content\/uploads\/2026\/02\/df9db40f515f6d232f4bf380c8199054-2.jpg\",\"width\":1409,\"height\":1500,\"caption\":\"6ea612aa5ef18788b1189997bcfb824b\"},{\"@type\":\"BreadcrumbList\",\"@id\":\"https:\/\/rad-pal.com.pl\/sklep\/sport-i-turystyka\/turystyka\/kuchnia-turystyczna\/lodowki-torby\/torby-termiczne\/kosz-termiczny-relaxdays-10032548_111-srebrny-27-l\/#breadcrumb\",\"itemListElement\":[{\"@type\":\"ListItem\",\"position\":1,\"name\":\"Strona g\u0142\u00f3wna\",\"item\":\"https:\/\/rad-pal.com.pl\/\"},{\"@type\":\"ListItem\",\"position\":2,\"name\":\"Sklep\",\"item\":\"https:\/\/rad-pal.com.pl\/sklep\/\"},{\"@type\":\"ListItem\",\"position\":3,\"name\":\"Kosz termiczny Relaxdays 10032548_111 srebrny 27 l\"}]},{\"@type\":\"WebSite\",\"@id\":\"https:\/\/rad-pal.com.pl\/#website\",\"url\":\"https:\/\/rad-pal.com.pl\/\",\"name\":\"Rad-Pal\",\"description\":\"\",\"publisher\":{\"@id\":\"https:\/\/rad-pal.com.pl\/#organization\"},\"potentialAction\":[{\"@type\":\"SearchAction\",\"target\":{\"@type\":\"EntryPoint\",\"urlTemplate\":\"https:\/\/rad-pal.com.pl\/?s={search_term_string}\"},\"query-input\":{\"@type\":\"PropertyValueSpecification\",\"valueRequired\":true,\"valueName\":\"search_term_string\"}}],\"inLanguage\":\"en-GB\"},{\"@type\":\"Organization\",\"@id\":\"https:\/\/rad-pal.com.pl\/#organization\",\"name\":\"Rad-Pal\",\"url\":\"https:\/\/rad-pal.com.pl\/\",\"logo\":{\"@type\":\"ImageObject\",\"inLanguage\":\"en-GB\",\"@id\":\"https:\/\/rad-pal.com.pl\/#\/schema\/logo\/image\/\",\"url\":\"https:\/\/rad-pal.com.pl\/wp-content\/uploads\/2026\/03\/Projekt-bez-nazwy-30.webp\",\"contentUrl\":\"https:\/\/rad-pal.com.pl\/wp-content\/uploads\/2026\/03\/Projekt-bez-nazwy-30.webp\",\"width\":600,\"height\":210,\"caption\":\"Rad-Pal\"},\"image\":{\"@id\":\"https:\/\/rad-pal.com.pl\/#\/schema\/logo\/image\/\"}}]}<\/script>\n<!-- \/ Yoast SEO plugin. -->","yoast_head_json":{"title":"Kosz termiczny Relaxdays 10032548_111 srebrny 27 l - Rad-Pal","robots":{"index":"index","follow":"follow","max-snippet":"max-snippet:-1","max-image-preview":"max-image-preview:large","max-video-preview":"max-video-preview:-1"},"canonical":"https:\/\/rad-pal.com.pl\/en\/sklep\/sport-i-turystyka\/turystyka\/kuchnia-turystyczna\/lodowki-torby\/torby-termiczne\/kosz-termiczny-relaxdays-10032548_111-srebrny-27-l\/","og_locale":"en_GB","og_type":"article","og_title":"Kosz termiczny Relaxdays 10032548_111 srebrny 27 l - Rad-Pal","og_description":"Kosz na zakupy z funkcj\u0105 ch\u0142odzenia Wszechstronny Izolacyjny Sk\u0142adany Z os\u0142on\u0105 Wytrzyma\u0142y materia\u0142 poliestrowy Du\u017cy kosz piknikowy z pokrywk\u0105 Idealny","og_url":"https:\/\/rad-pal.com.pl\/en\/sklep\/sport-i-turystyka\/turystyka\/kuchnia-turystyczna\/lodowki-torby\/torby-termiczne\/kosz-termiczny-relaxdays-10032548_111-srebrny-27-l\/","og_site_name":"Rad-Pal","article_modified_time":"2026-02-19T18:32:06+00:00","og_image":[{"width":1409,"height":1500,"url":"https:\/\/rad-pal.com.pl\/wp-content\/uploads\/2026\/02\/df9db40f515f6d232f4bf380c8199054.jpg","type":"image\/jpeg"}],"twitter_card":"summary_large_image","twitter_misc":{"Estimated reading time":"1 minute"},"schema":{"@context":"https:\/\/schema.org","@graph":[{"@type":"WebPage","@id":"https:\/\/rad-pal.com.pl\/sklep\/sport-i-turystyka\/turystyka\/kuchnia-turystyczna\/lodowki-torby\/torby-termiczne\/kosz-termiczny-relaxdays-10032548_111-srebrny-27-l\/","url":"https:\/\/rad-pal.com.pl\/sklep\/sport-i-turystyka\/turystyka\/kuchnia-turystyczna\/lodowki-torby\/torby-termiczne\/kosz-termiczny-relaxdays-10032548_111-srebrny-27-l\/","name":"Kosz termiczny Relaxdays 10032548_111 srebrny 27 l - Rad-Pal","isPartOf":{"@id":"https:\/\/rad-pal.com.pl\/#website"},"primaryImageOfPage":{"@id":"https:\/\/rad-pal.com.pl\/sklep\/sport-i-turystyka\/turystyka\/kuchnia-turystyczna\/lodowki-torby\/torby-termiczne\/kosz-termiczny-relaxdays-10032548_111-srebrny-27-l\/#primaryimage"},"image":{"@id":"https:\/\/rad-pal.com.pl\/sklep\/sport-i-turystyka\/turystyka\/kuchnia-turystyczna\/lodowki-torby\/torby-termiczne\/kosz-termiczny-relaxdays-10032548_111-srebrny-27-l\/#primaryimage"},"thumbnailUrl":"https:\/\/rad-pal.com.pl\/wp-content\/uploads\/2026\/02\/df9db40f515f6d232f4bf380c8199054-2.jpg","datePublished":"2026-02-19T17:59:11+00:00","dateModified":"2026-02-19T18:32:06+00:00","breadcrumb":{"@id":"https:\/\/rad-pal.com.pl\/sklep\/sport-i-turystyka\/turystyka\/kuchnia-turystyczna\/lodowki-torby\/torby-termiczne\/kosz-termiczny-relaxdays-10032548_111-srebrny-27-l\/#breadcrumb"},"inLanguage":"en-GB","potentialAction":[{"@type":"ReadAction","target":["https:\/\/rad-pal.com.pl\/sklep\/sport-i-turystyka\/turystyka\/kuchnia-turystyczna\/lodowki-torby\/torby-termiczne\/kosz-termiczny-relaxdays-10032548_111-srebrny-27-l\/"]}]},{"@type":"ImageObject","inLanguage":"en-GB","@id":"https:\/\/rad-pal.com.pl\/sklep\/sport-i-turystyka\/turystyka\/kuchnia-turystyczna\/lodowki-torby\/torby-termiczne\/kosz-termiczny-relaxdays-10032548_111-srebrny-27-l\/#primaryimage","url":"https:\/\/rad-pal.com.pl\/wp-content\/uploads\/2026\/02\/df9db40f515f6d232f4bf380c8199054-2.jpg","contentUrl":"https:\/\/rad-pal.com.pl\/wp-content\/uploads\/2026\/02\/df9db40f515f6d232f4bf380c8199054-2.jpg","width":1409,"height":1500,"caption":"6ea612aa5ef18788b1189997bcfb824b"},{"@type":"BreadcrumbList","@id":"https:\/\/rad-pal.com.pl\/sklep\/sport-i-turystyka\/turystyka\/kuchnia-turystyczna\/lodowki-torby\/torby-termiczne\/kosz-termiczny-relaxdays-10032548_111-srebrny-27-l\/#breadcrumb","itemListElement":[{"@type":"ListItem","position":1,"name":"Strona g\u0142\u00f3wna","item":"https:\/\/rad-pal.com.pl\/"},{"@type":"ListItem","position":2,"name":"Sklep","item":"https:\/\/rad-pal.com.pl\/sklep\/"},{"@type":"ListItem","position":3,"name":"Kosz termiczny Relaxdays 10032548_111 srebrny 27 l"}]},{"@type":"WebSite","@id":"https:\/\/rad-pal.com.pl\/#website","url":"https:\/\/rad-pal.com.pl\/","name":"Rad-Pal","description":"","publisher":{"@id":"https:\/\/rad-pal.com.pl\/#organization"},"potentialAction":[{"@type":"SearchAction","target":{"@type":"EntryPoint","urlTemplate":"https:\/\/rad-pal.com.pl\/?s={search_term_string}"},"query-input":{"@type":"PropertyValueSpecification","valueRequired":true,"valueName":"search_term_string"}}],"inLanguage":"en-GB"},{"@type":"Organization","@id":"https:\/\/rad-pal.com.pl\/#organization","name":"Rad-Pal","url":"https:\/\/rad-pal.com.pl\/","logo":{"@type":"ImageObject","inLanguage":"en-GB","@id":"https:\/\/rad-pal.com.pl\/#\/schema\/logo\/image\/","url":"https:\/\/rad-pal.com.pl\/wp-content\/uploads\/2026\/03\/Projekt-bez-nazwy-30.webp","contentUrl":"https:\/\/rad-pal.com.pl\/wp-content\/uploads\/2026\/03\/Projekt-bez-nazwy-30.webp","width":600,"height":210,"caption":"Rad-Pal"},"image":{"@id":"https:\/\/rad-pal.com.pl\/#\/schema\/logo\/image\/"}}]}},"_links":{"self":[{"href":"https:\/\/rad-pal.com.pl\/en\/wp-json\/wp\/v2\/product\/37043","targetHints":{"allow":["GET"]}}],"collection":[{"href":"https:\/\/rad-pal.com.pl\/en\/wp-json\/wp\/v2\/product"}],"about":[{"href":"https:\/\/rad-pal.com.pl\/en\/wp-json\/wp\/v2\/types\/product"}],"version-history":[{"count":0,"href":"https:\/\/rad-pal.com.pl\/en\/wp-json\/wp\/v2\/product\/37043\/revisions"}],"wp:featuredmedia":[{"embeddable":true,"href":"https:\/\/rad-pal.com.pl\/en\/wp-json\/wp\/v2\/media\/37055"}],"wp:attachment":[{"href":"https:\/\/rad-pal.com.pl\/en\/wp-json\/wp\/v2\/media?parent=37043"}],"wp:term":[{"taxonomy":"product_brand","embeddable":true,"href":"https:\/\/rad-pal.com.pl\/en\/wp-json\/wp\/v2\/product_brand?post=37043"},{"taxonomy":"product_cat","embeddable":true,"href":"https:\/\/rad-pal.com.pl\/en\/wp-json\/wp\/v2\/product_cat?post=37043"},{"taxonomy":"product_tag","embeddable":true,"href":"https:\/\/rad-pal.com.pl\/en\/wp-json\/wp\/v2\/product_tag?post=37043"}],"curies":[{"name":"wp","href":"https:\/\/api.w.org\/{rel}","templated":true}]}}