{"id":37133,"date":"2026-02-19T19:02:23","date_gmt":"2026-02-19T18:02:23","guid":{"rendered":"https:\/\/rad-pal.com.pl\/sklep\/bez-kategorii\/stolik-nocny-do-lozka-akcesoria-do-sypialni\/"},"modified":"2026-02-19T19:02:23","modified_gmt":"2026-02-19T18:02:23","slug":"stolik-nocny-do-lozka-akcesoria-do-sypialni","status":"publish","type":"product","link":"https:\/\/rad-pal.com.pl\/en\/sklep\/dom-i-ogrod\/meble\/sypialnia\/szafki-nocne\/stolik-nocny-do-lozka-akcesoria-do-sypialni\/","title":{"rendered":"Stolik nocny do \u0142\u00f3\u017cka, akcesoria do sypialni"},"content":{"rendered":"<section class=\"section\">\n<div class=\"item item-12\">\n<section class=\"image-item\"><img decoding=\"async\" src=\"https:\/\/upload.cdn.baselinker.com\/products\/6014502\/934bb0f9e66b5fe4a535f8a538e08bfc.jpg\" \/><\/section>\n<\/p><\/div>\n<\/section>\n<section class=\"section\">\n<div class=\"item item-12\">\n<section class=\"text-item\">\n<p>Wysuwana <b>p\u00f3\u0142ka nocna<\/b> to dodatkowa opcja posiadania wszystkiego pod r\u0119k\u0105. Budziki, okulary, ksi\u0105\u017cki, a nawet kubki &#8211; akcesoria znajd\u0105 swoje miejsce na plastikowej p\u00f3\u0142ce nocnej. Dzi\u0119ki do\u0142\u0105czonej folii samoprzylepnej mo\u017cna szybko i elastycznie przymocowa\u0107 p\u00f3\u0142k\u0119 nie tylko do kraw\u0119dzi \u0142\u00f3\u017cka, ale tak\u017ce do p\u0142ytek w \u0142azience i kuchni. Dzi\u0119ki temu idealnie nadaje si\u0119 <b>do ma\u0142ych pomieszcze\u0144 <\/b>lub jako<b> p\u00f3\u0142ka na \u0142\u00f3\u017cko pi\u0119trowe<\/b>. 5 haczyk\u00f3w zapewnia dodatkowe miejsce do przechowywania drobnych przedmiot\u00f3w.<\/p>\n<\/section><\/div>\n<\/section>\n<section class=\"section\">\n<div class=\"item item-6\">\n<section class=\"text-item\">\n<p><b>Parametry dodatkowej p\u00f3\u0142ki do \u0142\u00f3\u017cka<\/b><\/p>\n<p>\u2705 wymiary ca\u0142kowite: ok. 8,5 x 30 x 15,5 cm (wys. x szer. x d\u0142.)<\/p>\n<p>\u2705 powierzchnia do przechowywania: 28,5 x 13,5 cm (szer. x d\u0142.)<\/p>\n<p>\u2705 folia samoprzylepna: ok. 6,5 x 29 cm (szer. x d\u0142.)<\/p>\n<p>\u2705 max. ud\u017awig: ok. 2 kg<\/p>\n<p>\u2705 waga: ok. 250 g<\/p>\n<p>\u2705 materia\u0142: termoplast (tworzywo sztuczne)<\/p>\n<p>\u2705 kolor: bia\u0142y<\/p>\n<\/section><\/div>\n<div class=\"item item-6\">\n<section class=\"image-item\"><img decoding=\"async\" src=\"https:\/\/upload.cdn.baselinker.com\/products\/6014502\/b7588a608b2b0ee2dee9998c5ef17ddb.jpg\" \/><\/section>\n<\/p><\/div>\n<\/section>\n<section class=\"section\">\n<div class=\"item item-6\">\n<section class=\"image-item\"><img decoding=\"async\" src=\"https:\/\/upload.cdn.baselinker.com\/products\/6014502\/feab85c014da8e20494acd9532732a51.jpg\" \/><\/section>\n<\/p><\/div>\n<div class=\"item item-6\">\n<section class=\"image-item\"><img decoding=\"async\" src=\"https:\/\/upload.cdn.baselinker.com\/products\/6014502\/d789309c802031dd25fa799ca91010c0.jpg\" \/><\/section>\n<\/p><\/div>\n<\/section>\n<section class=\"section\">\n<div class=\"item item-6\">\n<section class=\"image-item\"><img decoding=\"async\" src=\"https:\/\/upload.cdn.baselinker.com\/products\/6014502\/b9c814695bf81a577ff243333d59c80d.jpg\" \/><\/section>\n<\/p><\/div>\n<div class=\"item item-6\">\n<section class=\"text-item\">\n<p><b>\u2714\ufe0f Plastikowa taca do \u0142\u00f3\u017cka<\/b><\/p>\n<p><b>&#8212;&gt; <\/b>miejsce do przechowywania ksi\u0105\u017cek, budzik\u00f3w, okular\u00f3w itp.<\/p>\n<p><b>&#8212;&gt; <\/b>wysuwana p\u00f3\u0142ka do \u0142\u00f3\u017cka zapewnia wi\u0119cej miejsca do przechowywania<\/p>\n<p><b>&#8212;&gt; <\/b>do przyklejenia do kraw\u0119dzi \u0142\u00f3\u017cka<\/p>\n<p><b>&#8212;&gt;<\/b> p\u00f3\u0142ka mo\u017ce by\u0107 r\u00f3wnie\u017c przymocowana do p\u0142ytek w kuchni lub \u0142azience<\/p>\n<p><b>&#8212;&gt; <\/b>w zestawie 5 haczyk\u00f3w<\/p>\n<p><b>&#8212;&gt;<\/b> idealne akcesorium dla \u0142\u00f3\u017cek pi\u0119trowych i ma\u0142ych pomieszcze\u0144<\/p>\n<\/section><\/div>\n<\/section>\n<section class=\"section\">\n<div class=\"item item-12\">\n<section class=\"text-item\">\n<ul>\n<li>1x p\u00f3\u0142ka boczna na \u0142\u00f3\u017cko<\/li>\n<li>5x haczyk<\/li>\n<\/ul>\n<\/section><\/div>\n<\/section>","protected":false},"excerpt":{"rendered":"<p>Wysuwana p\u00f3\u0142ka nocna to dodatkowa opcja posiadania wszystkiego pod r\u0119k\u0105. Budziki, okulary, ksi\u0105\u017cki, a nawet kubki &#8211; akcesoria znajd\u0105 swoje<\/p>","protected":false},"featured_media":37120,"template":"","meta":[],"product_brand":[],"product_cat":[86,94,353,570],"product_tag":[],"class_list":{"0":"post-37133","1":"product","2":"type-product","3":"status-publish","4":"has-post-thumbnail","6":"product_cat-dom-i-ogrod","7":"product_cat-meble","8":"product_cat-sypialnia","9":"product_cat-szafki-nocne","11":"first","12":"instock","13":"taxable","14":"shipping-taxable","15":"purchasable","16":"product-type-simple"},"yoast_head":"<!-- This site is optimized with the Yoast SEO plugin v25.7 - https:\/\/yoast.com\/wordpress\/plugins\/seo\/ -->\n<title>Stolik nocny do \u0142\u00f3\u017cka, akcesoria do sypialni - Rad-Pal<\/title>\n<meta name=\"robots\" content=\"index, follow, max-snippet:-1, max-image-preview:large, max-video-preview:-1\" \/>\n<link rel=\"canonical\" href=\"https:\/\/rad-pal.com.pl\/en\/sklep\/bez-kategorii\/stolik-nocny-do-lozka-akcesoria-do-sypialni\/\" \/>\n<meta property=\"og:locale\" content=\"en_GB\" \/>\n<meta property=\"og:type\" content=\"article\" \/>\n<meta property=\"og:title\" content=\"Stolik nocny do \u0142\u00f3\u017cka, akcesoria do sypialni - Rad-Pal\" \/>\n<meta property=\"og:description\" content=\"Wysuwana p\u00f3\u0142ka nocna to dodatkowa opcja posiadania wszystkiego pod r\u0119k\u0105. Budziki, okulary, ksi\u0105\u017cki, a nawet kubki &#8211; akcesoria znajd\u0105 swoje\" \/>\n<meta property=\"og:url\" content=\"https:\/\/rad-pal.com.pl\/en\/sklep\/bez-kategorii\/stolik-nocny-do-lozka-akcesoria-do-sypialni\/\" \/>\n<meta property=\"og:site_name\" content=\"Rad-Pal\" \/>\n<meta property=\"og:image\" content=\"https:\/\/upload.cdn.baselinker.com\/products\/6014502\/934bb0f9e66b5fe4a535f8a538e08bfc.jpg\" \/>\n<meta name=\"twitter:card\" content=\"summary_large_image\" \/>\n<meta name=\"twitter:label1\" content=\"Estimated reading time\" \/>\n\t<meta name=\"twitter:data1\" content=\"1 minute\" \/>\n<script type=\"application\/ld+json\" class=\"yoast-schema-graph\">{\"@context\":\"https:\/\/schema.org\",\"@graph\":[{\"@type\":\"WebPage\",\"@id\":\"https:\/\/rad-pal.com.pl\/sklep\/bez-kategorii\/stolik-nocny-do-lozka-akcesoria-do-sypialni\/\",\"url\":\"https:\/\/rad-pal.com.pl\/sklep\/bez-kategorii\/stolik-nocny-do-lozka-akcesoria-do-sypialni\/\",\"name\":\"Stolik nocny do \u0142\u00f3\u017cka, akcesoria do sypialni - Rad-Pal\",\"isPartOf\":{\"@id\":\"https:\/\/rad-pal.com.pl\/#website\"},\"primaryImageOfPage\":{\"@id\":\"https:\/\/rad-pal.com.pl\/sklep\/bez-kategorii\/stolik-nocny-do-lozka-akcesoria-do-sypialni\/#primaryimage\"},\"image\":{\"@id\":\"https:\/\/rad-pal.com.pl\/sklep\/bez-kategorii\/stolik-nocny-do-lozka-akcesoria-do-sypialni\/#primaryimage\"},\"thumbnailUrl\":\"https:\/\/rad-pal.com.pl\/wp-content\/uploads\/2026\/02\/1372db9c7a82d5dca7d483fae6b088a6.jpg\",\"datePublished\":\"2026-02-19T18:02:23+00:00\",\"breadcrumb\":{\"@id\":\"https:\/\/rad-pal.com.pl\/sklep\/bez-kategorii\/stolik-nocny-do-lozka-akcesoria-do-sypialni\/#breadcrumb\"},\"inLanguage\":\"en-GB\",\"potentialAction\":[{\"@type\":\"ReadAction\",\"target\":[\"https:\/\/rad-pal.com.pl\/sklep\/bez-kategorii\/stolik-nocny-do-lozka-akcesoria-do-sypialni\/\"]}]},{\"@type\":\"ImageObject\",\"inLanguage\":\"en-GB\",\"@id\":\"https:\/\/rad-pal.com.pl\/sklep\/bez-kategorii\/stolik-nocny-do-lozka-akcesoria-do-sypialni\/#primaryimage\",\"url\":\"https:\/\/rad-pal.com.pl\/wp-content\/uploads\/2026\/02\/1372db9c7a82d5dca7d483fae6b088a6.jpg\",\"contentUrl\":\"https:\/\/rad-pal.com.pl\/wp-content\/uploads\/2026\/02\/1372db9c7a82d5dca7d483fae6b088a6.jpg\",\"width\":2560,\"height\":2560,\"caption\":\"775b88454d18b9bd14f7cdfa0adde2c6\"},{\"@type\":\"BreadcrumbList\",\"@id\":\"https:\/\/rad-pal.com.pl\/sklep\/bez-kategorii\/stolik-nocny-do-lozka-akcesoria-do-sypialni\/#breadcrumb\",\"itemListElement\":[{\"@type\":\"ListItem\",\"position\":1,\"name\":\"Strona g\u0142\u00f3wna\",\"item\":\"https:\/\/rad-pal.com.pl\/\"},{\"@type\":\"ListItem\",\"position\":2,\"name\":\"Sklep\",\"item\":\"https:\/\/rad-pal.com.pl\/sklep\/\"},{\"@type\":\"ListItem\",\"position\":3,\"name\":\"Stolik nocny do \u0142\u00f3\u017cka, akcesoria do sypialni\"}]},{\"@type\":\"WebSite\",\"@id\":\"https:\/\/rad-pal.com.pl\/#website\",\"url\":\"https:\/\/rad-pal.com.pl\/\",\"name\":\"Rad-Pal\",\"description\":\"\",\"publisher\":{\"@id\":\"https:\/\/rad-pal.com.pl\/#organization\"},\"potentialAction\":[{\"@type\":\"SearchAction\",\"target\":{\"@type\":\"EntryPoint\",\"urlTemplate\":\"https:\/\/rad-pal.com.pl\/?s={search_term_string}\"},\"query-input\":{\"@type\":\"PropertyValueSpecification\",\"valueRequired\":true,\"valueName\":\"search_term_string\"}}],\"inLanguage\":\"en-GB\"},{\"@type\":\"Organization\",\"@id\":\"https:\/\/rad-pal.com.pl\/#organization\",\"name\":\"Rad-Pal\",\"url\":\"https:\/\/rad-pal.com.pl\/\",\"logo\":{\"@type\":\"ImageObject\",\"inLanguage\":\"en-GB\",\"@id\":\"https:\/\/rad-pal.com.pl\/#\/schema\/logo\/image\/\",\"url\":\"https:\/\/rad-pal.com.pl\/wp-content\/uploads\/2026\/03\/Projekt-bez-nazwy-30.webp\",\"contentUrl\":\"https:\/\/rad-pal.com.pl\/wp-content\/uploads\/2026\/03\/Projekt-bez-nazwy-30.webp\",\"width\":600,\"height\":210,\"caption\":\"Rad-Pal\"},\"image\":{\"@id\":\"https:\/\/rad-pal.com.pl\/#\/schema\/logo\/image\/\"}}]}<\/script>\n<!-- \/ Yoast SEO plugin. -->","yoast_head_json":{"title":"Stolik nocny do \u0142\u00f3\u017cka, akcesoria do sypialni - Rad-Pal","robots":{"index":"index","follow":"follow","max-snippet":"max-snippet:-1","max-image-preview":"max-image-preview:large","max-video-preview":"max-video-preview:-1"},"canonical":"https:\/\/rad-pal.com.pl\/en\/sklep\/bez-kategorii\/stolik-nocny-do-lozka-akcesoria-do-sypialni\/","og_locale":"en_GB","og_type":"article","og_title":"Stolik nocny do \u0142\u00f3\u017cka, akcesoria do sypialni - Rad-Pal","og_description":"Wysuwana p\u00f3\u0142ka nocna to dodatkowa opcja posiadania wszystkiego pod r\u0119k\u0105. Budziki, okulary, ksi\u0105\u017cki, a nawet kubki &#8211; akcesoria znajd\u0105 swoje","og_url":"https:\/\/rad-pal.com.pl\/en\/sklep\/bez-kategorii\/stolik-nocny-do-lozka-akcesoria-do-sypialni\/","og_site_name":"Rad-Pal","og_image":[{"url":"https:\/\/upload.cdn.baselinker.com\/products\/6014502\/934bb0f9e66b5fe4a535f8a538e08bfc.jpg","type":"","width":"","height":""}],"twitter_card":"summary_large_image","twitter_misc":{"Estimated reading time":"1 minute"},"schema":{"@context":"https:\/\/schema.org","@graph":[{"@type":"WebPage","@id":"https:\/\/rad-pal.com.pl\/sklep\/bez-kategorii\/stolik-nocny-do-lozka-akcesoria-do-sypialni\/","url":"https:\/\/rad-pal.com.pl\/sklep\/bez-kategorii\/stolik-nocny-do-lozka-akcesoria-do-sypialni\/","name":"Stolik nocny do \u0142\u00f3\u017cka, akcesoria do sypialni - Rad-Pal","isPartOf":{"@id":"https:\/\/rad-pal.com.pl\/#website"},"primaryImageOfPage":{"@id":"https:\/\/rad-pal.com.pl\/sklep\/bez-kategorii\/stolik-nocny-do-lozka-akcesoria-do-sypialni\/#primaryimage"},"image":{"@id":"https:\/\/rad-pal.com.pl\/sklep\/bez-kategorii\/stolik-nocny-do-lozka-akcesoria-do-sypialni\/#primaryimage"},"thumbnailUrl":"https:\/\/rad-pal.com.pl\/wp-content\/uploads\/2026\/02\/1372db9c7a82d5dca7d483fae6b088a6.jpg","datePublished":"2026-02-19T18:02:23+00:00","breadcrumb":{"@id":"https:\/\/rad-pal.com.pl\/sklep\/bez-kategorii\/stolik-nocny-do-lozka-akcesoria-do-sypialni\/#breadcrumb"},"inLanguage":"en-GB","potentialAction":[{"@type":"ReadAction","target":["https:\/\/rad-pal.com.pl\/sklep\/bez-kategorii\/stolik-nocny-do-lozka-akcesoria-do-sypialni\/"]}]},{"@type":"ImageObject","inLanguage":"en-GB","@id":"https:\/\/rad-pal.com.pl\/sklep\/bez-kategorii\/stolik-nocny-do-lozka-akcesoria-do-sypialni\/#primaryimage","url":"https:\/\/rad-pal.com.pl\/wp-content\/uploads\/2026\/02\/1372db9c7a82d5dca7d483fae6b088a6.jpg","contentUrl":"https:\/\/rad-pal.com.pl\/wp-content\/uploads\/2026\/02\/1372db9c7a82d5dca7d483fae6b088a6.jpg","width":2560,"height":2560,"caption":"775b88454d18b9bd14f7cdfa0adde2c6"},{"@type":"BreadcrumbList","@id":"https:\/\/rad-pal.com.pl\/sklep\/bez-kategorii\/stolik-nocny-do-lozka-akcesoria-do-sypialni\/#breadcrumb","itemListElement":[{"@type":"ListItem","position":1,"name":"Strona g\u0142\u00f3wna","item":"https:\/\/rad-pal.com.pl\/"},{"@type":"ListItem","position":2,"name":"Sklep","item":"https:\/\/rad-pal.com.pl\/sklep\/"},{"@type":"ListItem","position":3,"name":"Stolik nocny do \u0142\u00f3\u017cka, akcesoria do sypialni"}]},{"@type":"WebSite","@id":"https:\/\/rad-pal.com.pl\/#website","url":"https:\/\/rad-pal.com.pl\/","name":"Rad-Pal","description":"","publisher":{"@id":"https:\/\/rad-pal.com.pl\/#organization"},"potentialAction":[{"@type":"SearchAction","target":{"@type":"EntryPoint","urlTemplate":"https:\/\/rad-pal.com.pl\/?s={search_term_string}"},"query-input":{"@type":"PropertyValueSpecification","valueRequired":true,"valueName":"search_term_string"}}],"inLanguage":"en-GB"},{"@type":"Organization","@id":"https:\/\/rad-pal.com.pl\/#organization","name":"Rad-Pal","url":"https:\/\/rad-pal.com.pl\/","logo":{"@type":"ImageObject","inLanguage":"en-GB","@id":"https:\/\/rad-pal.com.pl\/#\/schema\/logo\/image\/","url":"https:\/\/rad-pal.com.pl\/wp-content\/uploads\/2026\/03\/Projekt-bez-nazwy-30.webp","contentUrl":"https:\/\/rad-pal.com.pl\/wp-content\/uploads\/2026\/03\/Projekt-bez-nazwy-30.webp","width":600,"height":210,"caption":"Rad-Pal"},"image":{"@id":"https:\/\/rad-pal.com.pl\/#\/schema\/logo\/image\/"}}]}},"_links":{"self":[{"href":"https:\/\/rad-pal.com.pl\/en\/wp-json\/wp\/v2\/product\/37133","targetHints":{"allow":["GET"]}}],"collection":[{"href":"https:\/\/rad-pal.com.pl\/en\/wp-json\/wp\/v2\/product"}],"about":[{"href":"https:\/\/rad-pal.com.pl\/en\/wp-json\/wp\/v2\/types\/product"}],"version-history":[{"count":0,"href":"https:\/\/rad-pal.com.pl\/en\/wp-json\/wp\/v2\/product\/37133\/revisions"}],"wp:featuredmedia":[{"embeddable":true,"href":"https:\/\/rad-pal.com.pl\/en\/wp-json\/wp\/v2\/media\/37120"}],"wp:attachment":[{"href":"https:\/\/rad-pal.com.pl\/en\/wp-json\/wp\/v2\/media?parent=37133"}],"wp:term":[{"taxonomy":"product_brand","embeddable":true,"href":"https:\/\/rad-pal.com.pl\/en\/wp-json\/wp\/v2\/product_brand?post=37133"},{"taxonomy":"product_cat","embeddable":true,"href":"https:\/\/rad-pal.com.pl\/en\/wp-json\/wp\/v2\/product_cat?post=37133"},{"taxonomy":"product_tag","embeddable":true,"href":"https:\/\/rad-pal.com.pl\/en\/wp-json\/wp\/v2\/product_tag?post=37133"}],"curies":[{"name":"wp","href":"https:\/\/api.w.org\/{rel}","templated":true}]}}