{"id":37366,"date":"2026-02-19T19:13:55","date_gmt":"2026-02-19T18:13:55","guid":{"rendered":"https:\/\/rad-pal.com.pl\/sklep\/bez-kategorii\/grill-weglowy-relaxdays-28-x-43-cm\/"},"modified":"2026-02-19T19:33:26","modified_gmt":"2026-02-19T18:33:26","slug":"grill-weglowy-relaxdays-28-x-43-cm","status":"publish","type":"product","link":"https:\/\/rad-pal.com.pl\/en\/sklep\/dom-i-ogrod\/ogrod\/grillowanie\/grille-weglowe\/grill-weglowy-relaxdays-28-x-43-cm\/","title":{"rendered":"Grill w\u0119glowy Relaxdays 28 x 43 cm"},"content":{"rendered":"<section class=\"section\">\n<div class=\"item item-6\">\n<section class=\"image-item\"><img decoding=\"async\" src=\"https:\/\/upload.cdn.baselinker.com\/products\/6014502\/239c1d75fe39a553b5a2a82bee16fa19.jpg\" \/><\/section>\n<\/p><\/div>\n<div class=\"item item-6\">\n<section class=\"text-item\">\n<h1>Oferowany przedmiot<\/h1>\n<h1>renomowanej firmy<\/h1>\n<h1>Relaxdays<\/h1>\n<\/section><\/div>\n<\/section>\n<section class=\"section\">\n<div class=\"item item-6\">\n<section class=\"text-item\">\n<h2>Sk\u0142adany grill z uchwytem do przenoszenia jest idealny do podr\u00f3\u017cy<\/h2>\n<p>Jedn\u0105 z najpi\u0119kniejszych rzeczy wiosn\u0105 i latem s\u0105 zapachy grilla, kt\u00f3re biegn\u0105 przez ogrody i osiedla.<\/p>\n<p>Nawet je\u015bli nie masz ani ogrodu, ani sta\u0142ego grilla, nie nale\u017cy odmawia\u0107 ci tej przyjemno\u015bci.<\/p>\n<p>Dzi\u0119ki praktycznemu sk\u0142adanemu grillowi mo\u017cesz teraz grillowa\u0107 spontanicznie, kiedy i gdzie chcesz.<\/p>\n<p>Mo\u017cna go z\u0142o\u017cy\u0107 do rozmiaru torby i dlatego jest super przeno\u015bny.<\/p>\n<\/section><\/div>\n<div class=\"item item-6\">\n<section class=\"image-item\"><img decoding=\"async\" src=\"https:\/\/upload.cdn.baselinker.com\/products\/6014502\/963f4c2289f89a438c5e45941fdc8d00.jpg\" \/><\/section>\n<\/p><\/div>\n<\/section>\n<section class=\"section\">\n<div class=\"item item-6\">\n<section class=\"image-item\"><img decoding=\"async\" src=\"https:\/\/upload.cdn.baselinker.com\/products\/6014502\/fdab3a46bdd744f3434f370344fef313.jpg\" \/><\/section>\n<\/p><\/div>\n<div class=\"item item-6\">\n<section class=\"text-item\">\n<h2>Grill kempingowy na spontaniczny piknik<\/h2>\n<ul>\n<li>Sk\u0142adany grill z uchwytem do przenoszenia<\/li>\n<li>Akcesoria mo\u017cna przechowywa\u0107 bezpo\u015brednio w z\u0142o\u017conym grillu<\/li>\n<li>W zestawie pow\u0142oka z w\u0142\u00f3kna w\u0119glowego z otworem wentylacyjnym<\/li>\n<li>Miska w\u0119glowa znajduje si\u0119 oko\u0142o 18 cm nad ziemi\u0105<\/li>\n<li>Sk\u0142adany ruszt grillowy, wyposa\u017cony w 2 uchwyty<\/li>\n<\/ul>\n<\/section><\/div>\n<\/section>","protected":false},"excerpt":{"rendered":"<p>Oferowany przedmiot renomowanej firmy Relaxdays Sk\u0142adany grill z uchwytem do przenoszenia jest idealny do podr\u00f3\u017cy Jedn\u0105 z najpi\u0119kniejszych rzeczy wiosn\u0105<\/p>","protected":false},"featured_media":37356,"template":"","meta":[],"product_brand":[],"product_cat":[86,196,193,111],"product_tag":[],"class_list":{"0":"post-37366","1":"product","2":"type-product","3":"status-publish","4":"has-post-thumbnail","6":"product_cat-dom-i-ogrod","7":"product_cat-grille-weglowe","8":"product_cat-grillowanie","9":"product_cat-ogrod","11":"first","12":"instock","13":"taxable","14":"shipping-taxable","15":"purchasable","16":"product-type-simple"},"yoast_head":"<!-- This site is optimized with the Yoast SEO plugin v25.7 - https:\/\/yoast.com\/wordpress\/plugins\/seo\/ -->\n<title>Grill w\u0119glowy Relaxdays 28 x 43 cm - Rad-Pal<\/title>\n<meta name=\"robots\" content=\"index, follow, max-snippet:-1, max-image-preview:large, max-video-preview:-1\" \/>\n<link rel=\"canonical\" href=\"https:\/\/rad-pal.com.pl\/en\/sklep\/bez-kategorii\/grill-weglowy-relaxdays-28-x-43-cm\/\" \/>\n<meta property=\"og:locale\" content=\"en_GB\" \/>\n<meta property=\"og:type\" content=\"article\" \/>\n<meta property=\"og:title\" content=\"Grill w\u0119glowy Relaxdays 28 x 43 cm - Rad-Pal\" \/>\n<meta property=\"og:description\" content=\"Oferowany przedmiot renomowanej firmy Relaxdays Sk\u0142adany grill z uchwytem do przenoszenia jest idealny do podr\u00f3\u017cy Jedn\u0105 z najpi\u0119kniejszych rzeczy wiosn\u0105\" \/>\n<meta property=\"og:url\" content=\"https:\/\/rad-pal.com.pl\/en\/sklep\/bez-kategorii\/grill-weglowy-relaxdays-28-x-43-cm\/\" \/>\n<meta property=\"og:site_name\" content=\"Rad-Pal\" \/>\n<meta property=\"article:modified_time\" content=\"2026-02-19T18:33:26+00:00\" \/>\n<meta property=\"og:image\" content=\"https:\/\/upload.cdn.baselinker.com\/products\/6014502\/239c1d75fe39a553b5a2a82bee16fa19.jpg\" \/>\n<meta name=\"twitter:card\" content=\"summary_large_image\" \/>\n<meta name=\"twitter:label1\" content=\"Estimated reading time\" \/>\n\t<meta name=\"twitter:data1\" content=\"1 minute\" \/>\n<script type=\"application\/ld+json\" class=\"yoast-schema-graph\">{\"@context\":\"https:\/\/schema.org\",\"@graph\":[{\"@type\":\"WebPage\",\"@id\":\"https:\/\/rad-pal.com.pl\/sklep\/bez-kategorii\/grill-weglowy-relaxdays-28-x-43-cm\/\",\"url\":\"https:\/\/rad-pal.com.pl\/sklep\/bez-kategorii\/grill-weglowy-relaxdays-28-x-43-cm\/\",\"name\":\"Grill w\u0119glowy Relaxdays 28 x 43 cm - Rad-Pal\",\"isPartOf\":{\"@id\":\"https:\/\/rad-pal.com.pl\/#website\"},\"primaryImageOfPage\":{\"@id\":\"https:\/\/rad-pal.com.pl\/sklep\/bez-kategorii\/grill-weglowy-relaxdays-28-x-43-cm\/#primaryimage\"},\"image\":{\"@id\":\"https:\/\/rad-pal.com.pl\/sklep\/bez-kategorii\/grill-weglowy-relaxdays-28-x-43-cm\/#primaryimage\"},\"thumbnailUrl\":\"https:\/\/rad-pal.com.pl\/wp-content\/uploads\/2026\/02\/239c1d75fe39a553b5a2a82bee16fa19.jpg\",\"datePublished\":\"2026-02-19T18:13:55+00:00\",\"dateModified\":\"2026-02-19T18:33:26+00:00\",\"breadcrumb\":{\"@id\":\"https:\/\/rad-pal.com.pl\/sklep\/bez-kategorii\/grill-weglowy-relaxdays-28-x-43-cm\/#breadcrumb\"},\"inLanguage\":\"en-GB\",\"potentialAction\":[{\"@type\":\"ReadAction\",\"target\":[\"https:\/\/rad-pal.com.pl\/sklep\/bez-kategorii\/grill-weglowy-relaxdays-28-x-43-cm\/\"]}]},{\"@type\":\"ImageObject\",\"inLanguage\":\"en-GB\",\"@id\":\"https:\/\/rad-pal.com.pl\/sklep\/bez-kategorii\/grill-weglowy-relaxdays-28-x-43-cm\/#primaryimage\",\"url\":\"https:\/\/rad-pal.com.pl\/wp-content\/uploads\/2026\/02\/239c1d75fe39a553b5a2a82bee16fa19.jpg\",\"contentUrl\":\"https:\/\/rad-pal.com.pl\/wp-content\/uploads\/2026\/02\/239c1d75fe39a553b5a2a82bee16fa19.jpg\",\"width\":1500,\"height\":1133,\"caption\":\"80ec1a7690f375de3ae06fe611043a85\"},{\"@type\":\"BreadcrumbList\",\"@id\":\"https:\/\/rad-pal.com.pl\/sklep\/bez-kategorii\/grill-weglowy-relaxdays-28-x-43-cm\/#breadcrumb\",\"itemListElement\":[{\"@type\":\"ListItem\",\"position\":1,\"name\":\"Strona g\u0142\u00f3wna\",\"item\":\"https:\/\/rad-pal.com.pl\/\"},{\"@type\":\"ListItem\",\"position\":2,\"name\":\"Sklep\",\"item\":\"https:\/\/rad-pal.com.pl\/sklep\/\"},{\"@type\":\"ListItem\",\"position\":3,\"name\":\"Grill w\u0119glowy Relaxdays 28 x 43 cm\"}]},{\"@type\":\"WebSite\",\"@id\":\"https:\/\/rad-pal.com.pl\/#website\",\"url\":\"https:\/\/rad-pal.com.pl\/\",\"name\":\"Rad-Pal\",\"description\":\"\",\"publisher\":{\"@id\":\"https:\/\/rad-pal.com.pl\/#organization\"},\"potentialAction\":[{\"@type\":\"SearchAction\",\"target\":{\"@type\":\"EntryPoint\",\"urlTemplate\":\"https:\/\/rad-pal.com.pl\/?s={search_term_string}\"},\"query-input\":{\"@type\":\"PropertyValueSpecification\",\"valueRequired\":true,\"valueName\":\"search_term_string\"}}],\"inLanguage\":\"en-GB\"},{\"@type\":\"Organization\",\"@id\":\"https:\/\/rad-pal.com.pl\/#organization\",\"name\":\"Rad-Pal\",\"url\":\"https:\/\/rad-pal.com.pl\/\",\"logo\":{\"@type\":\"ImageObject\",\"inLanguage\":\"en-GB\",\"@id\":\"https:\/\/rad-pal.com.pl\/#\/schema\/logo\/image\/\",\"url\":\"https:\/\/rad-pal.com.pl\/wp-content\/uploads\/2026\/03\/Projekt-bez-nazwy-30.webp\",\"contentUrl\":\"https:\/\/rad-pal.com.pl\/wp-content\/uploads\/2026\/03\/Projekt-bez-nazwy-30.webp\",\"width\":600,\"height\":210,\"caption\":\"Rad-Pal\"},\"image\":{\"@id\":\"https:\/\/rad-pal.com.pl\/#\/schema\/logo\/image\/\"}}]}<\/script>\n<!-- \/ Yoast SEO plugin. -->","yoast_head_json":{"title":"Grill w\u0119glowy Relaxdays 28 x 43 cm - Rad-Pal","robots":{"index":"index","follow":"follow","max-snippet":"max-snippet:-1","max-image-preview":"max-image-preview:large","max-video-preview":"max-video-preview:-1"},"canonical":"https:\/\/rad-pal.com.pl\/en\/sklep\/bez-kategorii\/grill-weglowy-relaxdays-28-x-43-cm\/","og_locale":"en_GB","og_type":"article","og_title":"Grill w\u0119glowy Relaxdays 28 x 43 cm - Rad-Pal","og_description":"Oferowany przedmiot renomowanej firmy Relaxdays Sk\u0142adany grill z uchwytem do przenoszenia jest idealny do podr\u00f3\u017cy Jedn\u0105 z najpi\u0119kniejszych rzeczy wiosn\u0105","og_url":"https:\/\/rad-pal.com.pl\/en\/sklep\/bez-kategorii\/grill-weglowy-relaxdays-28-x-43-cm\/","og_site_name":"Rad-Pal","article_modified_time":"2026-02-19T18:33:26+00:00","og_image":[{"url":"https:\/\/upload.cdn.baselinker.com\/products\/6014502\/239c1d75fe39a553b5a2a82bee16fa19.jpg","type":"","width":"","height":""}],"twitter_card":"summary_large_image","twitter_misc":{"Estimated reading time":"1 minute"},"schema":{"@context":"https:\/\/schema.org","@graph":[{"@type":"WebPage","@id":"https:\/\/rad-pal.com.pl\/sklep\/bez-kategorii\/grill-weglowy-relaxdays-28-x-43-cm\/","url":"https:\/\/rad-pal.com.pl\/sklep\/bez-kategorii\/grill-weglowy-relaxdays-28-x-43-cm\/","name":"Grill w\u0119glowy Relaxdays 28 x 43 cm - Rad-Pal","isPartOf":{"@id":"https:\/\/rad-pal.com.pl\/#website"},"primaryImageOfPage":{"@id":"https:\/\/rad-pal.com.pl\/sklep\/bez-kategorii\/grill-weglowy-relaxdays-28-x-43-cm\/#primaryimage"},"image":{"@id":"https:\/\/rad-pal.com.pl\/sklep\/bez-kategorii\/grill-weglowy-relaxdays-28-x-43-cm\/#primaryimage"},"thumbnailUrl":"https:\/\/rad-pal.com.pl\/wp-content\/uploads\/2026\/02\/239c1d75fe39a553b5a2a82bee16fa19.jpg","datePublished":"2026-02-19T18:13:55+00:00","dateModified":"2026-02-19T18:33:26+00:00","breadcrumb":{"@id":"https:\/\/rad-pal.com.pl\/sklep\/bez-kategorii\/grill-weglowy-relaxdays-28-x-43-cm\/#breadcrumb"},"inLanguage":"en-GB","potentialAction":[{"@type":"ReadAction","target":["https:\/\/rad-pal.com.pl\/sklep\/bez-kategorii\/grill-weglowy-relaxdays-28-x-43-cm\/"]}]},{"@type":"ImageObject","inLanguage":"en-GB","@id":"https:\/\/rad-pal.com.pl\/sklep\/bez-kategorii\/grill-weglowy-relaxdays-28-x-43-cm\/#primaryimage","url":"https:\/\/rad-pal.com.pl\/wp-content\/uploads\/2026\/02\/239c1d75fe39a553b5a2a82bee16fa19.jpg","contentUrl":"https:\/\/rad-pal.com.pl\/wp-content\/uploads\/2026\/02\/239c1d75fe39a553b5a2a82bee16fa19.jpg","width":1500,"height":1133,"caption":"80ec1a7690f375de3ae06fe611043a85"},{"@type":"BreadcrumbList","@id":"https:\/\/rad-pal.com.pl\/sklep\/bez-kategorii\/grill-weglowy-relaxdays-28-x-43-cm\/#breadcrumb","itemListElement":[{"@type":"ListItem","position":1,"name":"Strona g\u0142\u00f3wna","item":"https:\/\/rad-pal.com.pl\/"},{"@type":"ListItem","position":2,"name":"Sklep","item":"https:\/\/rad-pal.com.pl\/sklep\/"},{"@type":"ListItem","position":3,"name":"Grill w\u0119glowy Relaxdays 28 x 43 cm"}]},{"@type":"WebSite","@id":"https:\/\/rad-pal.com.pl\/#website","url":"https:\/\/rad-pal.com.pl\/","name":"Rad-Pal","description":"","publisher":{"@id":"https:\/\/rad-pal.com.pl\/#organization"},"potentialAction":[{"@type":"SearchAction","target":{"@type":"EntryPoint","urlTemplate":"https:\/\/rad-pal.com.pl\/?s={search_term_string}"},"query-input":{"@type":"PropertyValueSpecification","valueRequired":true,"valueName":"search_term_string"}}],"inLanguage":"en-GB"},{"@type":"Organization","@id":"https:\/\/rad-pal.com.pl\/#organization","name":"Rad-Pal","url":"https:\/\/rad-pal.com.pl\/","logo":{"@type":"ImageObject","inLanguage":"en-GB","@id":"https:\/\/rad-pal.com.pl\/#\/schema\/logo\/image\/","url":"https:\/\/rad-pal.com.pl\/wp-content\/uploads\/2026\/03\/Projekt-bez-nazwy-30.webp","contentUrl":"https:\/\/rad-pal.com.pl\/wp-content\/uploads\/2026\/03\/Projekt-bez-nazwy-30.webp","width":600,"height":210,"caption":"Rad-Pal"},"image":{"@id":"https:\/\/rad-pal.com.pl\/#\/schema\/logo\/image\/"}}]}},"_links":{"self":[{"href":"https:\/\/rad-pal.com.pl\/en\/wp-json\/wp\/v2\/product\/37366","targetHints":{"allow":["GET"]}}],"collection":[{"href":"https:\/\/rad-pal.com.pl\/en\/wp-json\/wp\/v2\/product"}],"about":[{"href":"https:\/\/rad-pal.com.pl\/en\/wp-json\/wp\/v2\/types\/product"}],"version-history":[{"count":0,"href":"https:\/\/rad-pal.com.pl\/en\/wp-json\/wp\/v2\/product\/37366\/revisions"}],"wp:featuredmedia":[{"embeddable":true,"href":"https:\/\/rad-pal.com.pl\/en\/wp-json\/wp\/v2\/media\/37356"}],"wp:attachment":[{"href":"https:\/\/rad-pal.com.pl\/en\/wp-json\/wp\/v2\/media?parent=37366"}],"wp:term":[{"taxonomy":"product_brand","embeddable":true,"href":"https:\/\/rad-pal.com.pl\/en\/wp-json\/wp\/v2\/product_brand?post=37366"},{"taxonomy":"product_cat","embeddable":true,"href":"https:\/\/rad-pal.com.pl\/en\/wp-json\/wp\/v2\/product_cat?post=37366"},{"taxonomy":"product_tag","embeddable":true,"href":"https:\/\/rad-pal.com.pl\/en\/wp-json\/wp\/v2\/product_tag?post=37366"}],"curies":[{"name":"wp","href":"https:\/\/api.w.org\/{rel}","templated":true}]}}