{"id":37500,"date":"2026-02-19T19:19:12","date_gmt":"2026-02-19T18:19:12","guid":{"rendered":"https:\/\/rad-pal.com.pl\/sklep\/bez-kategorii\/pufa-tapicerowana-relaxdays-szary\/"},"modified":"2026-02-19T19:34:13","modified_gmt":"2026-02-19T18:34:13","slug":"pufa-tapicerowana-relaxdays-szary","status":"publish","type":"product","link":"https:\/\/rad-pal.com.pl\/en\/sklep\/dom-i-ogrod\/meble\/salon\/pufy\/pufa-tapicerowana-relaxdays-szary\/","title":{"rendered":"Pufa tapicerowana Relaxdays szary"},"content":{"rendered":"<section class=\"section\">\n<div class=\"item item-6\">\n<section class=\"text-item\">\n<p>Udane po\u0142\u0105czenie pokrycia o wygl\u0105dzie lnu z naturalnym wygl\u0105dem drewnianych n\u00f3g sprawia,&nbsp; \u200b\u200btapicerowana \u0142awka przyci\u0105ga wzrok. Komoda z siedziskiem nie tylko wizualnie wzbogaca przedpok\u00f3j, sypialni\u0119 czy salon, ale pozwala tak\u017ce uzyska\u0107 dodatkow\u0105 przestrze\u0144 do przechowywania. Znajduje si\u0119 ono pod wy\u015bcie\u0142anym siedziskiem, kt\u00f3re mo\u017cna zdj\u0105\u0107 jedn\u0105 r\u0119k\u0105. Przestrze\u0144 mo\u017cna elastycznie wykorzysta\u0107 na poduszki, koce, zabawki, czasopisma itp.<\/p>\n<p>\u0141awka w szczeg\u00f3\u0142ach<\/p>\n<ul>\n<li>wymiary wys. x szer. x g\u0142.: ok. 39 x 77 x 39 cm, ok. 7,5 kg<\/li>\n<li>wymiary miejsca do przechowywania wys. x szer. x D: ok. 16 x 72 x 33,5 cm<\/li>\n<li>Pojemno\u015b\u0107 przestrzeni do przechowywania: ok. 40 l<\/li>\n<li>Grubo\u015b\u0107 siedziska: ok. 5 cm<\/li>\n<li>Maks. no\u015bno\u015b\u0107: ok. 130 kg &#8211;<\/li>\n<li>Materia\u0142: drewno, poliester, MDF, pianka<\/li>\n<li>Zapewnia dodatkow\u0105 przestrze\u0144 do przechowywania w Twoim domu<\/li>\n<li>Wygodne siedzisko wy\u015bcie\u0142ane piank\u0105<\/li>\n<li>Nogi z drewna sosnowego z ochraniaczami na pod\u0142og\u0119<\/li>\n<\/ul>\n<p>Prosty i nieskomplikowany monta\u017c<\/p>\n<ul>\n<li>1x \u0142awka w poszczeg\u00f3lnych cz\u0119\u015bciach<\/li>\n<li>instrukcj\u0105 &#8211;<\/li>\n<\/ul>\n<\/section><\/div>\n<div class=\"item item-6\">\n<section class=\"image-item\"><img decoding=\"async\" src=\"https:\/\/upload.cdn.baselinker.com\/products\/6014502\/1276d97f979a1cccf925763337c56168.jpg\" \/><\/section>\n<\/p><\/div>\n<\/section>\n<section class=\"section\">\n<div class=\"item item-6\">\n<section class=\"image-item\"><img decoding=\"async\" src=\"https:\/\/upload.cdn.baselinker.com\/products\/6014502\/17243779ed78d8cb60a5890c12d29ce1.jpg\" \/><\/section>\n<\/p><\/div>\n<div class=\"item item-6\">\n<section class=\"text-item\">\n<p><b>Materia\u0142<\/b><\/p>\n<p>Poliester, drewno, drewno sosnowe, p\u0142yta Mdf<\/p>\n<p><b>Szeroko\u015b\u0107<\/b><\/p>\n<p>77cm<\/p>\n<p><b>Wysoko\u015b\u0107<\/b><\/p>\n<p>39cm<\/p>\n<p><b>G\u0142\u0119boko\u015b\u0107<\/b><\/p>\n<p>39cm<\/p>\n<\/section><\/div>\n<\/section>\n<section class=\"section\">\n<div class=\"item item-6\">\n<section class=\"image-item\"><img decoding=\"async\" src=\"https:\/\/upload.cdn.baselinker.com\/products\/6014502\/25b25a49824793a72e7a017a9dc15ab9.jpg\" \/><\/section>\n<\/p><\/div>\n<div class=\"item item-6\">\n<section class=\"image-item\"><img decoding=\"async\" src=\"https:\/\/upload.cdn.baselinker.com\/products\/6014502\/ea4e20f46cfdafa60d9d9c823bb368e1.jpg\" \/><\/section>\n<\/p><\/div>\n<\/section>","protected":false},"excerpt":{"rendered":"<p>Udane po\u0142\u0105czenie pokrycia o wygl\u0105dzie lnu z naturalnym wygl\u0105dem drewnianych n\u00f3g sprawia,&nbsp; \u200b\u200btapicerowana \u0142awka przyci\u0105ga wzrok. Komoda z siedziskiem nie<\/p>","protected":false},"featured_media":37493,"template":"","meta":[],"product_brand":[],"product_cat":[86,94,416,95],"product_tag":[],"class_list":{"0":"post-37500","1":"product","2":"type-product","3":"status-publish","4":"has-post-thumbnail","6":"product_cat-dom-i-ogrod","7":"product_cat-meble","8":"product_cat-pufy","9":"product_cat-salon","11":"first","12":"instock","13":"taxable","14":"shipping-taxable","15":"purchasable","16":"product-type-simple"},"yoast_head":"<!-- This site is optimized with the Yoast SEO plugin v25.7 - https:\/\/yoast.com\/wordpress\/plugins\/seo\/ -->\n<title>Pufa tapicerowana Relaxdays szary - Rad-Pal<\/title>\n<meta name=\"robots\" content=\"index, follow, max-snippet:-1, max-image-preview:large, max-video-preview:-1\" \/>\n<link rel=\"canonical\" href=\"https:\/\/rad-pal.com.pl\/en\/sklep\/bez-kategorii\/pufa-tapicerowana-relaxdays-szary\/\" \/>\n<meta property=\"og:locale\" content=\"en_GB\" \/>\n<meta property=\"og:type\" content=\"article\" \/>\n<meta property=\"og:title\" content=\"Pufa tapicerowana Relaxdays szary - Rad-Pal\" \/>\n<meta property=\"og:description\" content=\"Udane po\u0142\u0105czenie pokrycia o wygl\u0105dzie lnu z naturalnym wygl\u0105dem drewnianych n\u00f3g sprawia,&nbsp; \u200b\u200btapicerowana \u0142awka przyci\u0105ga wzrok. Komoda z siedziskiem nie\" \/>\n<meta property=\"og:url\" content=\"https:\/\/rad-pal.com.pl\/en\/sklep\/bez-kategorii\/pufa-tapicerowana-relaxdays-szary\/\" \/>\n<meta property=\"og:site_name\" content=\"Rad-Pal\" \/>\n<meta property=\"article:modified_time\" content=\"2026-02-19T18:34:13+00:00\" \/>\n<meta property=\"og:image\" content=\"https:\/\/upload.cdn.baselinker.com\/products\/6014502\/1276d97f979a1cccf925763337c56168.jpg\" \/>\n<meta name=\"twitter:card\" content=\"summary_large_image\" \/>\n<meta name=\"twitter:label1\" content=\"Estimated reading time\" \/>\n\t<meta name=\"twitter:data1\" content=\"1 minute\" \/>\n<script type=\"application\/ld+json\" class=\"yoast-schema-graph\">{\"@context\":\"https:\/\/schema.org\",\"@graph\":[{\"@type\":\"WebPage\",\"@id\":\"https:\/\/rad-pal.com.pl\/sklep\/bez-kategorii\/pufa-tapicerowana-relaxdays-szary\/\",\"url\":\"https:\/\/rad-pal.com.pl\/sklep\/bez-kategorii\/pufa-tapicerowana-relaxdays-szary\/\",\"name\":\"Pufa tapicerowana Relaxdays szary - Rad-Pal\",\"isPartOf\":{\"@id\":\"https:\/\/rad-pal.com.pl\/#website\"},\"primaryImageOfPage\":{\"@id\":\"https:\/\/rad-pal.com.pl\/sklep\/bez-kategorii\/pufa-tapicerowana-relaxdays-szary\/#primaryimage\"},\"image\":{\"@id\":\"https:\/\/rad-pal.com.pl\/sklep\/bez-kategorii\/pufa-tapicerowana-relaxdays-szary\/#primaryimage\"},\"thumbnailUrl\":\"https:\/\/rad-pal.com.pl\/wp-content\/uploads\/2026\/02\/1276d97f979a1cccf925763337c56168.jpg\",\"datePublished\":\"2026-02-19T18:19:12+00:00\",\"dateModified\":\"2026-02-19T18:34:13+00:00\",\"breadcrumb\":{\"@id\":\"https:\/\/rad-pal.com.pl\/sklep\/bez-kategorii\/pufa-tapicerowana-relaxdays-szary\/#breadcrumb\"},\"inLanguage\":\"en-GB\",\"potentialAction\":[{\"@type\":\"ReadAction\",\"target\":[\"https:\/\/rad-pal.com.pl\/sklep\/bez-kategorii\/pufa-tapicerowana-relaxdays-szary\/\"]}]},{\"@type\":\"ImageObject\",\"inLanguage\":\"en-GB\",\"@id\":\"https:\/\/rad-pal.com.pl\/sklep\/bez-kategorii\/pufa-tapicerowana-relaxdays-szary\/#primaryimage\",\"url\":\"https:\/\/rad-pal.com.pl\/wp-content\/uploads\/2026\/02\/1276d97f979a1cccf925763337c56168.jpg\",\"contentUrl\":\"https:\/\/rad-pal.com.pl\/wp-content\/uploads\/2026\/02\/1276d97f979a1cccf925763337c56168.jpg\",\"width\":681,\"height\":681,\"caption\":\"4923217462a87330f7241bae75e30fc8\"},{\"@type\":\"BreadcrumbList\",\"@id\":\"https:\/\/rad-pal.com.pl\/sklep\/bez-kategorii\/pufa-tapicerowana-relaxdays-szary\/#breadcrumb\",\"itemListElement\":[{\"@type\":\"ListItem\",\"position\":1,\"name\":\"Strona g\u0142\u00f3wna\",\"item\":\"https:\/\/rad-pal.com.pl\/\"},{\"@type\":\"ListItem\",\"position\":2,\"name\":\"Sklep\",\"item\":\"https:\/\/rad-pal.com.pl\/sklep\/\"},{\"@type\":\"ListItem\",\"position\":3,\"name\":\"Pufa tapicerowana Relaxdays szary\"}]},{\"@type\":\"WebSite\",\"@id\":\"https:\/\/rad-pal.com.pl\/#website\",\"url\":\"https:\/\/rad-pal.com.pl\/\",\"name\":\"Rad-Pal\",\"description\":\"\",\"publisher\":{\"@id\":\"https:\/\/rad-pal.com.pl\/#organization\"},\"potentialAction\":[{\"@type\":\"SearchAction\",\"target\":{\"@type\":\"EntryPoint\",\"urlTemplate\":\"https:\/\/rad-pal.com.pl\/?s={search_term_string}\"},\"query-input\":{\"@type\":\"PropertyValueSpecification\",\"valueRequired\":true,\"valueName\":\"search_term_string\"}}],\"inLanguage\":\"en-GB\"},{\"@type\":\"Organization\",\"@id\":\"https:\/\/rad-pal.com.pl\/#organization\",\"name\":\"Rad-Pal\",\"url\":\"https:\/\/rad-pal.com.pl\/\",\"logo\":{\"@type\":\"ImageObject\",\"inLanguage\":\"en-GB\",\"@id\":\"https:\/\/rad-pal.com.pl\/#\/schema\/logo\/image\/\",\"url\":\"https:\/\/rad-pal.com.pl\/wp-content\/uploads\/2026\/03\/Projekt-bez-nazwy-30.webp\",\"contentUrl\":\"https:\/\/rad-pal.com.pl\/wp-content\/uploads\/2026\/03\/Projekt-bez-nazwy-30.webp\",\"width\":600,\"height\":210,\"caption\":\"Rad-Pal\"},\"image\":{\"@id\":\"https:\/\/rad-pal.com.pl\/#\/schema\/logo\/image\/\"}}]}<\/script>\n<!-- \/ Yoast SEO plugin. -->","yoast_head_json":{"title":"Pufa tapicerowana Relaxdays szary - Rad-Pal","robots":{"index":"index","follow":"follow","max-snippet":"max-snippet:-1","max-image-preview":"max-image-preview:large","max-video-preview":"max-video-preview:-1"},"canonical":"https:\/\/rad-pal.com.pl\/en\/sklep\/bez-kategorii\/pufa-tapicerowana-relaxdays-szary\/","og_locale":"en_GB","og_type":"article","og_title":"Pufa tapicerowana Relaxdays szary - Rad-Pal","og_description":"Udane po\u0142\u0105czenie pokrycia o wygl\u0105dzie lnu z naturalnym wygl\u0105dem drewnianych n\u00f3g sprawia,&nbsp; \u200b\u200btapicerowana \u0142awka przyci\u0105ga wzrok. Komoda z siedziskiem nie","og_url":"https:\/\/rad-pal.com.pl\/en\/sklep\/bez-kategorii\/pufa-tapicerowana-relaxdays-szary\/","og_site_name":"Rad-Pal","article_modified_time":"2026-02-19T18:34:13+00:00","og_image":[{"url":"https:\/\/upload.cdn.baselinker.com\/products\/6014502\/1276d97f979a1cccf925763337c56168.jpg","type":"","width":"","height":""}],"twitter_card":"summary_large_image","twitter_misc":{"Estimated reading time":"1 minute"},"schema":{"@context":"https:\/\/schema.org","@graph":[{"@type":"WebPage","@id":"https:\/\/rad-pal.com.pl\/sklep\/bez-kategorii\/pufa-tapicerowana-relaxdays-szary\/","url":"https:\/\/rad-pal.com.pl\/sklep\/bez-kategorii\/pufa-tapicerowana-relaxdays-szary\/","name":"Pufa tapicerowana Relaxdays szary - Rad-Pal","isPartOf":{"@id":"https:\/\/rad-pal.com.pl\/#website"},"primaryImageOfPage":{"@id":"https:\/\/rad-pal.com.pl\/sklep\/bez-kategorii\/pufa-tapicerowana-relaxdays-szary\/#primaryimage"},"image":{"@id":"https:\/\/rad-pal.com.pl\/sklep\/bez-kategorii\/pufa-tapicerowana-relaxdays-szary\/#primaryimage"},"thumbnailUrl":"https:\/\/rad-pal.com.pl\/wp-content\/uploads\/2026\/02\/1276d97f979a1cccf925763337c56168.jpg","datePublished":"2026-02-19T18:19:12+00:00","dateModified":"2026-02-19T18:34:13+00:00","breadcrumb":{"@id":"https:\/\/rad-pal.com.pl\/sklep\/bez-kategorii\/pufa-tapicerowana-relaxdays-szary\/#breadcrumb"},"inLanguage":"en-GB","potentialAction":[{"@type":"ReadAction","target":["https:\/\/rad-pal.com.pl\/sklep\/bez-kategorii\/pufa-tapicerowana-relaxdays-szary\/"]}]},{"@type":"ImageObject","inLanguage":"en-GB","@id":"https:\/\/rad-pal.com.pl\/sklep\/bez-kategorii\/pufa-tapicerowana-relaxdays-szary\/#primaryimage","url":"https:\/\/rad-pal.com.pl\/wp-content\/uploads\/2026\/02\/1276d97f979a1cccf925763337c56168.jpg","contentUrl":"https:\/\/rad-pal.com.pl\/wp-content\/uploads\/2026\/02\/1276d97f979a1cccf925763337c56168.jpg","width":681,"height":681,"caption":"4923217462a87330f7241bae75e30fc8"},{"@type":"BreadcrumbList","@id":"https:\/\/rad-pal.com.pl\/sklep\/bez-kategorii\/pufa-tapicerowana-relaxdays-szary\/#breadcrumb","itemListElement":[{"@type":"ListItem","position":1,"name":"Strona g\u0142\u00f3wna","item":"https:\/\/rad-pal.com.pl\/"},{"@type":"ListItem","position":2,"name":"Sklep","item":"https:\/\/rad-pal.com.pl\/sklep\/"},{"@type":"ListItem","position":3,"name":"Pufa tapicerowana Relaxdays szary"}]},{"@type":"WebSite","@id":"https:\/\/rad-pal.com.pl\/#website","url":"https:\/\/rad-pal.com.pl\/","name":"Rad-Pal","description":"","publisher":{"@id":"https:\/\/rad-pal.com.pl\/#organization"},"potentialAction":[{"@type":"SearchAction","target":{"@type":"EntryPoint","urlTemplate":"https:\/\/rad-pal.com.pl\/?s={search_term_string}"},"query-input":{"@type":"PropertyValueSpecification","valueRequired":true,"valueName":"search_term_string"}}],"inLanguage":"en-GB"},{"@type":"Organization","@id":"https:\/\/rad-pal.com.pl\/#organization","name":"Rad-Pal","url":"https:\/\/rad-pal.com.pl\/","logo":{"@type":"ImageObject","inLanguage":"en-GB","@id":"https:\/\/rad-pal.com.pl\/#\/schema\/logo\/image\/","url":"https:\/\/rad-pal.com.pl\/wp-content\/uploads\/2026\/03\/Projekt-bez-nazwy-30.webp","contentUrl":"https:\/\/rad-pal.com.pl\/wp-content\/uploads\/2026\/03\/Projekt-bez-nazwy-30.webp","width":600,"height":210,"caption":"Rad-Pal"},"image":{"@id":"https:\/\/rad-pal.com.pl\/#\/schema\/logo\/image\/"}}]}},"_links":{"self":[{"href":"https:\/\/rad-pal.com.pl\/en\/wp-json\/wp\/v2\/product\/37500","targetHints":{"allow":["GET"]}}],"collection":[{"href":"https:\/\/rad-pal.com.pl\/en\/wp-json\/wp\/v2\/product"}],"about":[{"href":"https:\/\/rad-pal.com.pl\/en\/wp-json\/wp\/v2\/types\/product"}],"version-history":[{"count":0,"href":"https:\/\/rad-pal.com.pl\/en\/wp-json\/wp\/v2\/product\/37500\/revisions"}],"wp:featuredmedia":[{"embeddable":true,"href":"https:\/\/rad-pal.com.pl\/en\/wp-json\/wp\/v2\/media\/37493"}],"wp:attachment":[{"href":"https:\/\/rad-pal.com.pl\/en\/wp-json\/wp\/v2\/media?parent=37500"}],"wp:term":[{"taxonomy":"product_brand","embeddable":true,"href":"https:\/\/rad-pal.com.pl\/en\/wp-json\/wp\/v2\/product_brand?post=37500"},{"taxonomy":"product_cat","embeddable":true,"href":"https:\/\/rad-pal.com.pl\/en\/wp-json\/wp\/v2\/product_cat?post=37500"},{"taxonomy":"product_tag","embeddable":true,"href":"https:\/\/rad-pal.com.pl\/en\/wp-json\/wp\/v2\/product_tag?post=37500"}],"curies":[{"name":"wp","href":"https:\/\/api.w.org\/{rel}","templated":true}]}}