{"id":37814,"date":"2026-02-19T19:34:56","date_gmt":"2026-02-19T18:34:56","guid":{"rendered":"https:\/\/rad-pal.com.pl\/sklep\/bez-kategorii\/lampa-wiszaca-eglo-3-punkty-swiatla-e27\/"},"modified":"2026-02-19T20:27:56","modified_gmt":"2026-02-19T19:27:56","slug":"lampa-wiszaca-eglo-3-punkty-swiatla-e27","status":"publish","type":"product","link":"https:\/\/rad-pal.com.pl\/en\/sklep\/dom-i-ogrod\/oswietlenie\/oswietlenie-wewnetrzne\/lampy-sufitowe\/lampy-wiszace\/lampa-wiszaca-eglo-3-punkty-swiatla-e27\/","title":{"rendered":"Lampa wisz\u0105ca EGLO 3 -punkty \u015bwiat\u0142a E27"},"content":{"rendered":"<section class=\"section\">\n<div class=\"item item-6\">\n<section class=\"image-item\"><img decoding=\"async\" src=\"https:\/\/upload.cdn.baselinker.com\/products\/6014502\/f91b3d9c20a3ef4f2208c1ee1afb38bb.jpg\" \/><\/section>\n<\/p><\/div>\n<div class=\"item item-6\">\n<section class=\"text-item\">\n<p><b>Producent: <\/b>Eglo<\/p>\n<p><b>Kod produktu: <\/b>95526<\/p>\n<p><b>Rodzaj produktu: <\/b>Wisz\u0105ce<\/p>\n<p><b>Wymiary:<\/b><\/p>\n<ul>\n<li>Wysoko\u015b\u0107 (cm): 150cm<\/li>\n<li>\u015arednica (cm): 25cm<\/li>\n<li>Waga (kg): 4,92kg<\/li>\n<\/ul>\n<p><b>Gwint \u017car\u00f3wki: <\/b>E27<\/p>\n<p><b>\u0179r\u00f3d\u0142o \u015bwiat\u0142a:<\/b><\/p>\n<ul>\n<li>Moc (W): 60W<\/li>\n<\/ul>\n<p><b>Lampa LED: <\/b>LED Ready<\/p>\n<p><b>Liczba \u017ar\u00f3de\u0142 \u015bwiat\u0142a: <\/b>3<\/p>\n<p><b>\u017bar\u00f3wka w zestawie: <\/b>NIE<\/p>\n<p><b>Zasilanie: <\/b>230V<\/p>\n<p><b>Kolor aba\u017cura\/klosza: <\/b>Szary<\/p>\n<p><b>Kolor oprawy\/mocowania: <\/b>Szary<\/p>\n<p><b>Materia\u0142: <\/b>Drewno, Beton<\/p>\n<p><b>Informacje dodatkowe:<\/b><\/p>\n<ul>\n<li>Kolor (opisowo): br\u0105zowy, szary<\/li>\n<li>Materia\u0142 (opisowo): drewno, beton, stal<\/li>\n<li>Informacje: bez prze\u0142\u0105cznika<\/li>\n<\/ul>\n<p><b>Regulacja wysoko\u015bci\/d\u0142ugo\u015bci: <\/b>TAK<\/p>\n<p><b>Ruchome \u017ar\u00f3d\u0142o \u015bwiat\u0142a: <\/b>NIE<\/p>\n<p><b>Klasa ochronno\u015bci: <\/b>IP20<\/p>\n<p><b>Styl: <\/b>Nowoczesny<\/p>\n<p><b>Zastosowanie: <\/b>Jadalnia, Nad st\u00f3\u0142\/barek<\/p>\n<\/section><\/div>\n<\/section>\n<section class=\"section\">\n<div class=\"item item-12\">\n<section class=\"text-item\">\n<p>Gdy poszukujesz wszechstronnego \u017ar\u00f3d\u0142a \u015bwiat\u0142a, kt\u00f3re pasuje do niemal ka\u017cdego pomieszczenia w mieszkaniu, korzystnym zakupem b\u0119dzie lampa wisz\u0105ca Eglo TAREGA. To o\u015bwietlenie zosta\u0142o finezyjnie zaprojektowane, przez co doda Twojej przestrzeni unikatowego wyrazu i pozwoli uzyska\u0107 przytuln\u0105 aur\u0119 tam, gdzie zostanie zawieszone.<\/p>\n<p>Kiedy tylko potrzebujesz czego\u015b, co wprowadzi ciep\u0142y, przyjazny \u015brodowisku klimat, kt\u00f3ry b\u0119dzie z Tob\u0105 na d\u0142ugie lata: wybierz lampk\u0119 Eglo TAREGA. Charakteryzuje si\u0119 ona oryginalnym designem i olbrzymi\u0105 trwa\u0142o\u015bci\u0105. Drewno w oferowanym artykule jest EKO-friendly.<\/p>\n<p>W prezentowanym produkcie zosta\u0142a zastosowana estetyka nawi\u0105zuj\u0105ca do stylu nowoczesnego. Z tego powodu oprawa b\u0119dzie fenomenalnie prezentowa\u0107 si\u0119 w minimalistycznych przestrzeniach o niejaskrawych barwach. To kluczowe walory, jakie wymieniaj\u0105 u\u017cytkownicy tego modelu.<\/p>\n<p>Przestrze\u0144 jadalni powinna by\u0107 dobrze o\u015bwietlona. Wszystko po to, \u017ceby w czasie spo\u017cywania wsp\u00f3lnych posi\u0142k\u00f3w z gronem najbli\u017cszych Ci os\u00f3b otacza\u0142\u0105 Was przyjazna atmosfera, korzystna dla zacie\u015bniania relacji mi\u0119dzy lud\u017ami. Lampka Eglo TAREGA zapewni Tobie i odwiedzaj\u0105cym Ci\u0119 osobom doskona\u0142e wra\u017cenia wzrokowe dzi\u0119ki unikalnemu wygl\u0105dowi, na kt\u00f3ry ka\u017cdy zwr\u00f3ci swoj\u0105 uwag\u0119.<\/p>\n<\/section><\/div>\n<\/section>\n<section class=\"section\">\n<div class=\"item item-12\">\n<section class=\"image-item\"><img decoding=\"async\" src=\"https:\/\/upload.cdn.baselinker.com\/products\/6014502\/872554767f9ed19357dbfbb65741e307.jpg\" \/><\/section>\n<\/p><\/div>\n<\/section>\n<section class=\"section\">\n<div class=\"item item-12\">\n<section class=\"image-item\"><img decoding=\"async\" src=\"https:\/\/upload.cdn.baselinker.com\/products\/6014502\/f91b3d9c20a3ef4f2208c1ee1afb38bb.jpg\" \/><\/section>\n<\/p><\/div>\n<\/section>","protected":false},"excerpt":{"rendered":"<p>Producent: Eglo Kod produktu: 95526 Rodzaj produktu: Wisz\u0105ce Wymiary: Wysoko\u015b\u0107 (cm): 150cm \u015arednica (cm): 25cm Waga (kg): 4,92kg Gwint \u017car\u00f3wki:<\/p>","protected":false},"featured_media":37809,"template":"","meta":[],"product_brand":[],"product_cat":[86,167,168,165,166],"product_tag":[],"class_list":{"0":"post-37814","1":"product","2":"type-product","3":"status-publish","4":"has-post-thumbnail","6":"product_cat-dom-i-ogrod","7":"product_cat-lampy-sufitowe","8":"product_cat-lampy-wiszace","9":"product_cat-oswietlenie","10":"product_cat-oswietlenie-wewnetrzne","12":"first","13":"instock","14":"taxable","15":"shipping-taxable","16":"purchasable","17":"product-type-simple"},"yoast_head":"<!-- This site is optimized with the Yoast SEO plugin v25.7 - https:\/\/yoast.com\/wordpress\/plugins\/seo\/ -->\n<title>Lampa wisz\u0105ca EGLO 3 -punkty \u015bwiat\u0142a E27 - Rad-Pal<\/title>\n<meta name=\"robots\" content=\"index, follow, max-snippet:-1, max-image-preview:large, max-video-preview:-1\" \/>\n<link rel=\"canonical\" href=\"https:\/\/rad-pal.com.pl\/en\/sklep\/bez-kategorii\/lampa-wiszaca-eglo-3-punkty-swiatla-e27\/\" \/>\n<meta property=\"og:locale\" content=\"en_GB\" \/>\n<meta property=\"og:type\" content=\"article\" \/>\n<meta property=\"og:title\" content=\"Lampa wisz\u0105ca EGLO 3 -punkty \u015bwiat\u0142a E27 - Rad-Pal\" \/>\n<meta property=\"og:description\" content=\"Producent: Eglo Kod produktu: 95526 Rodzaj produktu: Wisz\u0105ce Wymiary: Wysoko\u015b\u0107 (cm): 150cm \u015arednica (cm): 25cm Waga (kg): 4,92kg Gwint \u017car\u00f3wki:\" \/>\n<meta property=\"og:url\" content=\"https:\/\/rad-pal.com.pl\/en\/sklep\/bez-kategorii\/lampa-wiszaca-eglo-3-punkty-swiatla-e27\/\" \/>\n<meta property=\"og:site_name\" content=\"Rad-Pal\" \/>\n<meta property=\"article:modified_time\" content=\"2026-02-19T19:27:56+00:00\" \/>\n<meta property=\"og:image\" content=\"https:\/\/upload.cdn.baselinker.com\/products\/6014502\/f91b3d9c20a3ef4f2208c1ee1afb38bb.jpg\" \/>\n<meta name=\"twitter:card\" content=\"summary_large_image\" \/>\n<meta name=\"twitter:label1\" content=\"Estimated reading time\" \/>\n\t<meta name=\"twitter:data1\" content=\"1 minute\" \/>\n<script type=\"application\/ld+json\" class=\"yoast-schema-graph\">{\"@context\":\"https:\/\/schema.org\",\"@graph\":[{\"@type\":\"WebPage\",\"@id\":\"https:\/\/rad-pal.com.pl\/sklep\/bez-kategorii\/lampa-wiszaca-eglo-3-punkty-swiatla-e27\/\",\"url\":\"https:\/\/rad-pal.com.pl\/sklep\/bez-kategorii\/lampa-wiszaca-eglo-3-punkty-swiatla-e27\/\",\"name\":\"Lampa wisz\u0105ca EGLO 3 -punkty \u015bwiat\u0142a E27 - Rad-Pal\",\"isPartOf\":{\"@id\":\"https:\/\/rad-pal.com.pl\/#website\"},\"primaryImageOfPage\":{\"@id\":\"https:\/\/rad-pal.com.pl\/sklep\/bez-kategorii\/lampa-wiszaca-eglo-3-punkty-swiatla-e27\/#primaryimage\"},\"image\":{\"@id\":\"https:\/\/rad-pal.com.pl\/sklep\/bez-kategorii\/lampa-wiszaca-eglo-3-punkty-swiatla-e27\/#primaryimage\"},\"thumbnailUrl\":\"https:\/\/rad-pal.com.pl\/wp-content\/uploads\/2026\/02\/477e872926d313b104f6f30b4ba7d2af.jpg\",\"datePublished\":\"2026-02-19T18:34:56+00:00\",\"dateModified\":\"2026-02-19T19:27:56+00:00\",\"breadcrumb\":{\"@id\":\"https:\/\/rad-pal.com.pl\/sklep\/bez-kategorii\/lampa-wiszaca-eglo-3-punkty-swiatla-e27\/#breadcrumb\"},\"inLanguage\":\"en-GB\",\"potentialAction\":[{\"@type\":\"ReadAction\",\"target\":[\"https:\/\/rad-pal.com.pl\/sklep\/bez-kategorii\/lampa-wiszaca-eglo-3-punkty-swiatla-e27\/\"]}]},{\"@type\":\"ImageObject\",\"inLanguage\":\"en-GB\",\"@id\":\"https:\/\/rad-pal.com.pl\/sklep\/bez-kategorii\/lampa-wiszaca-eglo-3-punkty-swiatla-e27\/#primaryimage\",\"url\":\"https:\/\/rad-pal.com.pl\/wp-content\/uploads\/2026\/02\/477e872926d313b104f6f30b4ba7d2af.jpg\",\"contentUrl\":\"https:\/\/rad-pal.com.pl\/wp-content\/uploads\/2026\/02\/477e872926d313b104f6f30b4ba7d2af.jpg\",\"width\":922,\"height\":1500,\"caption\":\"bcc3bf33e26600516c457fb827dffa16\"},{\"@type\":\"BreadcrumbList\",\"@id\":\"https:\/\/rad-pal.com.pl\/sklep\/bez-kategorii\/lampa-wiszaca-eglo-3-punkty-swiatla-e27\/#breadcrumb\",\"itemListElement\":[{\"@type\":\"ListItem\",\"position\":1,\"name\":\"Strona g\u0142\u00f3wna\",\"item\":\"https:\/\/rad-pal.com.pl\/\"},{\"@type\":\"ListItem\",\"position\":2,\"name\":\"Sklep\",\"item\":\"https:\/\/rad-pal.com.pl\/sklep\/\"},{\"@type\":\"ListItem\",\"position\":3,\"name\":\"Lampa wisz\u0105ca EGLO 3 -punkty \u015bwiat\u0142a E27\"}]},{\"@type\":\"WebSite\",\"@id\":\"https:\/\/rad-pal.com.pl\/#website\",\"url\":\"https:\/\/rad-pal.com.pl\/\",\"name\":\"Rad-Pal\",\"description\":\"\",\"publisher\":{\"@id\":\"https:\/\/rad-pal.com.pl\/#organization\"},\"potentialAction\":[{\"@type\":\"SearchAction\",\"target\":{\"@type\":\"EntryPoint\",\"urlTemplate\":\"https:\/\/rad-pal.com.pl\/?s={search_term_string}\"},\"query-input\":{\"@type\":\"PropertyValueSpecification\",\"valueRequired\":true,\"valueName\":\"search_term_string\"}}],\"inLanguage\":\"en-GB\"},{\"@type\":\"Organization\",\"@id\":\"https:\/\/rad-pal.com.pl\/#organization\",\"name\":\"Rad-Pal\",\"url\":\"https:\/\/rad-pal.com.pl\/\",\"logo\":{\"@type\":\"ImageObject\",\"inLanguage\":\"en-GB\",\"@id\":\"https:\/\/rad-pal.com.pl\/#\/schema\/logo\/image\/\",\"url\":\"https:\/\/rad-pal.com.pl\/wp-content\/uploads\/2026\/03\/Projekt-bez-nazwy-30.webp\",\"contentUrl\":\"https:\/\/rad-pal.com.pl\/wp-content\/uploads\/2026\/03\/Projekt-bez-nazwy-30.webp\",\"width\":600,\"height\":210,\"caption\":\"Rad-Pal\"},\"image\":{\"@id\":\"https:\/\/rad-pal.com.pl\/#\/schema\/logo\/image\/\"}}]}<\/script>\n<!-- \/ Yoast SEO plugin. -->","yoast_head_json":{"title":"Lampa wisz\u0105ca EGLO 3 -punkty \u015bwiat\u0142a E27 - Rad-Pal","robots":{"index":"index","follow":"follow","max-snippet":"max-snippet:-1","max-image-preview":"max-image-preview:large","max-video-preview":"max-video-preview:-1"},"canonical":"https:\/\/rad-pal.com.pl\/en\/sklep\/bez-kategorii\/lampa-wiszaca-eglo-3-punkty-swiatla-e27\/","og_locale":"en_GB","og_type":"article","og_title":"Lampa wisz\u0105ca EGLO 3 -punkty \u015bwiat\u0142a E27 - Rad-Pal","og_description":"Producent: Eglo Kod produktu: 95526 Rodzaj produktu: Wisz\u0105ce Wymiary: Wysoko\u015b\u0107 (cm): 150cm \u015arednica (cm): 25cm Waga (kg): 4,92kg Gwint \u017car\u00f3wki:","og_url":"https:\/\/rad-pal.com.pl\/en\/sklep\/bez-kategorii\/lampa-wiszaca-eglo-3-punkty-swiatla-e27\/","og_site_name":"Rad-Pal","article_modified_time":"2026-02-19T19:27:56+00:00","og_image":[{"url":"https:\/\/upload.cdn.baselinker.com\/products\/6014502\/f91b3d9c20a3ef4f2208c1ee1afb38bb.jpg","type":"","width":"","height":""}],"twitter_card":"summary_large_image","twitter_misc":{"Estimated reading time":"1 minute"},"schema":{"@context":"https:\/\/schema.org","@graph":[{"@type":"WebPage","@id":"https:\/\/rad-pal.com.pl\/sklep\/bez-kategorii\/lampa-wiszaca-eglo-3-punkty-swiatla-e27\/","url":"https:\/\/rad-pal.com.pl\/sklep\/bez-kategorii\/lampa-wiszaca-eglo-3-punkty-swiatla-e27\/","name":"Lampa wisz\u0105ca EGLO 3 -punkty \u015bwiat\u0142a E27 - Rad-Pal","isPartOf":{"@id":"https:\/\/rad-pal.com.pl\/#website"},"primaryImageOfPage":{"@id":"https:\/\/rad-pal.com.pl\/sklep\/bez-kategorii\/lampa-wiszaca-eglo-3-punkty-swiatla-e27\/#primaryimage"},"image":{"@id":"https:\/\/rad-pal.com.pl\/sklep\/bez-kategorii\/lampa-wiszaca-eglo-3-punkty-swiatla-e27\/#primaryimage"},"thumbnailUrl":"https:\/\/rad-pal.com.pl\/wp-content\/uploads\/2026\/02\/477e872926d313b104f6f30b4ba7d2af.jpg","datePublished":"2026-02-19T18:34:56+00:00","dateModified":"2026-02-19T19:27:56+00:00","breadcrumb":{"@id":"https:\/\/rad-pal.com.pl\/sklep\/bez-kategorii\/lampa-wiszaca-eglo-3-punkty-swiatla-e27\/#breadcrumb"},"inLanguage":"en-GB","potentialAction":[{"@type":"ReadAction","target":["https:\/\/rad-pal.com.pl\/sklep\/bez-kategorii\/lampa-wiszaca-eglo-3-punkty-swiatla-e27\/"]}]},{"@type":"ImageObject","inLanguage":"en-GB","@id":"https:\/\/rad-pal.com.pl\/sklep\/bez-kategorii\/lampa-wiszaca-eglo-3-punkty-swiatla-e27\/#primaryimage","url":"https:\/\/rad-pal.com.pl\/wp-content\/uploads\/2026\/02\/477e872926d313b104f6f30b4ba7d2af.jpg","contentUrl":"https:\/\/rad-pal.com.pl\/wp-content\/uploads\/2026\/02\/477e872926d313b104f6f30b4ba7d2af.jpg","width":922,"height":1500,"caption":"bcc3bf33e26600516c457fb827dffa16"},{"@type":"BreadcrumbList","@id":"https:\/\/rad-pal.com.pl\/sklep\/bez-kategorii\/lampa-wiszaca-eglo-3-punkty-swiatla-e27\/#breadcrumb","itemListElement":[{"@type":"ListItem","position":1,"name":"Strona g\u0142\u00f3wna","item":"https:\/\/rad-pal.com.pl\/"},{"@type":"ListItem","position":2,"name":"Sklep","item":"https:\/\/rad-pal.com.pl\/sklep\/"},{"@type":"ListItem","position":3,"name":"Lampa wisz\u0105ca EGLO 3 -punkty \u015bwiat\u0142a E27"}]},{"@type":"WebSite","@id":"https:\/\/rad-pal.com.pl\/#website","url":"https:\/\/rad-pal.com.pl\/","name":"Rad-Pal","description":"","publisher":{"@id":"https:\/\/rad-pal.com.pl\/#organization"},"potentialAction":[{"@type":"SearchAction","target":{"@type":"EntryPoint","urlTemplate":"https:\/\/rad-pal.com.pl\/?s={search_term_string}"},"query-input":{"@type":"PropertyValueSpecification","valueRequired":true,"valueName":"search_term_string"}}],"inLanguage":"en-GB"},{"@type":"Organization","@id":"https:\/\/rad-pal.com.pl\/#organization","name":"Rad-Pal","url":"https:\/\/rad-pal.com.pl\/","logo":{"@type":"ImageObject","inLanguage":"en-GB","@id":"https:\/\/rad-pal.com.pl\/#\/schema\/logo\/image\/","url":"https:\/\/rad-pal.com.pl\/wp-content\/uploads\/2026\/03\/Projekt-bez-nazwy-30.webp","contentUrl":"https:\/\/rad-pal.com.pl\/wp-content\/uploads\/2026\/03\/Projekt-bez-nazwy-30.webp","width":600,"height":210,"caption":"Rad-Pal"},"image":{"@id":"https:\/\/rad-pal.com.pl\/#\/schema\/logo\/image\/"}}]}},"_links":{"self":[{"href":"https:\/\/rad-pal.com.pl\/en\/wp-json\/wp\/v2\/product\/37814","targetHints":{"allow":["GET"]}}],"collection":[{"href":"https:\/\/rad-pal.com.pl\/en\/wp-json\/wp\/v2\/product"}],"about":[{"href":"https:\/\/rad-pal.com.pl\/en\/wp-json\/wp\/v2\/types\/product"}],"version-history":[{"count":0,"href":"https:\/\/rad-pal.com.pl\/en\/wp-json\/wp\/v2\/product\/37814\/revisions"}],"wp:featuredmedia":[{"embeddable":true,"href":"https:\/\/rad-pal.com.pl\/en\/wp-json\/wp\/v2\/media\/37809"}],"wp:attachment":[{"href":"https:\/\/rad-pal.com.pl\/en\/wp-json\/wp\/v2\/media?parent=37814"}],"wp:term":[{"taxonomy":"product_brand","embeddable":true,"href":"https:\/\/rad-pal.com.pl\/en\/wp-json\/wp\/v2\/product_brand?post=37814"},{"taxonomy":"product_cat","embeddable":true,"href":"https:\/\/rad-pal.com.pl\/en\/wp-json\/wp\/v2\/product_cat?post=37814"},{"taxonomy":"product_tag","embeddable":true,"href":"https:\/\/rad-pal.com.pl\/en\/wp-json\/wp\/v2\/product_tag?post=37814"}],"curies":[{"name":"wp","href":"https:\/\/api.w.org\/{rel}","templated":true}]}}