{"id":37825,"date":"2026-02-19T19:35:34","date_gmt":"2026-02-19T18:35:34","guid":{"rendered":"https:\/\/rad-pal.com.pl\/sklep\/bez-kategorii\/reflektor-scienny-prostokatny-eglo-czarny\/"},"modified":"2026-02-19T20:28:04","modified_gmt":"2026-02-19T19:28:04","slug":"reflektor-scienny-prostokatny-eglo-czarny","status":"publish","type":"product","link":"https:\/\/rad-pal.com.pl\/en\/sklep\/dom-i-ogrod\/oswietlenie\/oswietlenie-wewnetrzne\/lampy-scienne\/reflektory-scienne\/reflektor-scienny-prostokatny-eglo-czarny\/","title":{"rendered":"Reflektor \u015bcienny prostok\u0105tny Eglo czarny"},"content":{"rendered":"<section class=\"section\">\n<div class=\"item item-12\">\n<section class=\"text-item\">\n<h1>Kinkiet PASSA czarny (95373 &#8211; EGLO)<\/h1>\n<\/section><\/div>\n<\/section>\n<section class=\"section\">\n<div class=\"item item-6\">\n<section class=\"text-item\">\n<p>Lampa \u015bcienna PASSA charakteryzuj\u0105ca si\u0119 prostym i modnym designem. Idealne o\u015bwietlenie do klasycznych jak i modernistycznych wn\u0119trz. Kinkiet sprawdzi si\u0119 wsz\u0119dzie tam gdzie istnieje potrzeba zastosowania dobrej jako\u015bci o\u015bwietlenia.&nbsp;<\/p>\n<\/section><\/div>\n<div class=\"item item-6\">\n<section class=\"image-item\"><img decoding=\"async\" src=\"https:\/\/upload.cdn.baselinker.com\/products\/6014502\/709928546d88ab070d9865f03e1b9923.jpg\" \/><\/section>\n<\/p><\/div>\n<\/section>\n<section class=\"section\">\n<div class=\"item item-6\">\n<section class=\"text-item\">\n<h1>Parametry:<\/h1>\n<ul>\n<li><b>Kod producenta:<\/b> 95373<\/li>\n<li><b>Kolor:<\/b> Czarny, Z\u0142oty<\/li>\n<li><b>Materia\u0142:<\/b> Stal<\/li>\n<li><b>Pomieszczenie:<\/b> Kuchnia, Jadalnia, Salon, Sypialnia, Korytarz<\/li>\n<li><b>Styl:<\/b> Nowoczesny<\/li>\n<li><b>Stopie\u0144 ochrony [IP]:<\/b> IP20<\/li>\n<li><b>Wysoko\u015b\u0107 [cm]:<\/b> 17<\/li>\n<li><b>Ilo\u015b\u0107 \u017ar\u00f3de\u0142 \u015bwiat\u0142a:<\/b> 2<\/li>\n<li><b>Trzonek:<\/b> GU10<\/li>\n<li><b>\u0179r\u00f3d\u0142o \u015bwiat\u0142a :<\/b> LED<\/li>\n<li><b>Napi\u0119cie [V]:<\/b> 230<\/li>\n<li><b>Maksymalna moc [W]:<\/b> 3.3<\/li>\n<li><b>Strumie\u0144 \u015bwiat\u0142a [lm]:<\/b> 480<\/li>\n<li><b>Temperatura barwy [K]:<\/b> 3000<\/li>\n<li><b>Barwa \u015bwiat\u0142a:<\/b> Ciep\u0142a<\/li>\n<li><b>Klasa energetyczna:<\/b> od A++ do E<\/li>\n<li><b>Typ Oprawy:<\/b> Kinkiety Wewn\u0119trzne<\/li>\n<li><b>Rodzaj:<\/b> Podw\u00f3jne, Punktowe, Tuba<\/li>\n<li><b>Typ Oprawy wg Kategorii:<\/b> Kinkiety Czarne<\/li>\n<li><b>Do obr\u00f3bki:<\/b> false<\/li>\n<\/ul>\n<\/section><\/div>\n<div class=\"item item-6\">\n<section class=\"image-item\"><img decoding=\"async\" src=\"https:\/\/upload.cdn.baselinker.com\/products\/6014502\/709928546d88ab070d9865f03e1b9923.jpg\" \/><\/section>\n<\/p><\/div>\n<\/section>","protected":false},"excerpt":{"rendered":"<p>Kinkiet PASSA czarny (95373 &#8211; EGLO) Lampa \u015bcienna PASSA charakteryzuj\u0105ca si\u0119 prostym i modnym designem. Idealne o\u015bwietlenie do klasycznych jak<\/p>","protected":false},"featured_media":37823,"template":"","meta":[],"product_brand":[],"product_cat":[86,340,165,166,631],"product_tag":[],"class_list":{"0":"post-37825","1":"product","2":"type-product","3":"status-publish","4":"has-post-thumbnail","6":"product_cat-dom-i-ogrod","7":"product_cat-lampy-scienne","8":"product_cat-oswietlenie","9":"product_cat-oswietlenie-wewnetrzne","10":"product_cat-reflektory-scienne","12":"first","13":"instock","14":"taxable","15":"shipping-taxable","16":"purchasable","17":"product-type-simple"},"yoast_head":"<!-- This site is optimized with the Yoast SEO plugin v25.7 - https:\/\/yoast.com\/wordpress\/plugins\/seo\/ -->\n<title>Reflektor \u015bcienny prostok\u0105tny Eglo czarny - Rad-Pal<\/title>\n<meta name=\"robots\" content=\"index, follow, max-snippet:-1, max-image-preview:large, max-video-preview:-1\" \/>\n<link rel=\"canonical\" href=\"https:\/\/rad-pal.com.pl\/en\/sklep\/bez-kategorii\/reflektor-scienny-prostokatny-eglo-czarny\/\" \/>\n<meta property=\"og:locale\" content=\"en_GB\" \/>\n<meta property=\"og:type\" content=\"article\" \/>\n<meta property=\"og:title\" content=\"Reflektor \u015bcienny prostok\u0105tny Eglo czarny - Rad-Pal\" \/>\n<meta property=\"og:description\" content=\"Kinkiet PASSA czarny (95373 &#8211; EGLO) Lampa \u015bcienna PASSA charakteryzuj\u0105ca si\u0119 prostym i modnym designem. Idealne o\u015bwietlenie do klasycznych jak\" \/>\n<meta property=\"og:url\" content=\"https:\/\/rad-pal.com.pl\/en\/sklep\/bez-kategorii\/reflektor-scienny-prostokatny-eglo-czarny\/\" \/>\n<meta property=\"og:site_name\" content=\"Rad-Pal\" \/>\n<meta property=\"article:modified_time\" content=\"2026-02-19T19:28:04+00:00\" \/>\n<meta property=\"og:image\" content=\"https:\/\/upload.cdn.baselinker.com\/products\/6014502\/709928546d88ab070d9865f03e1b9923.jpg\" \/>\n<meta name=\"twitter:card\" content=\"summary_large_image\" \/>\n<meta name=\"twitter:label1\" content=\"Estimated reading time\" \/>\n\t<meta name=\"twitter:data1\" content=\"1 minute\" \/>\n<script type=\"application\/ld+json\" class=\"yoast-schema-graph\">{\"@context\":\"https:\/\/schema.org\",\"@graph\":[{\"@type\":\"WebPage\",\"@id\":\"https:\/\/rad-pal.com.pl\/sklep\/bez-kategorii\/reflektor-scienny-prostokatny-eglo-czarny\/\",\"url\":\"https:\/\/rad-pal.com.pl\/sklep\/bez-kategorii\/reflektor-scienny-prostokatny-eglo-czarny\/\",\"name\":\"Reflektor \u015bcienny prostok\u0105tny Eglo czarny - Rad-Pal\",\"isPartOf\":{\"@id\":\"https:\/\/rad-pal.com.pl\/#website\"},\"primaryImageOfPage\":{\"@id\":\"https:\/\/rad-pal.com.pl\/sklep\/bez-kategorii\/reflektor-scienny-prostokatny-eglo-czarny\/#primaryimage\"},\"image\":{\"@id\":\"https:\/\/rad-pal.com.pl\/sklep\/bez-kategorii\/reflektor-scienny-prostokatny-eglo-czarny\/#primaryimage\"},\"thumbnailUrl\":\"https:\/\/rad-pal.com.pl\/wp-content\/uploads\/2026\/02\/709928546d88ab070d9865f03e1b9923.jpg\",\"datePublished\":\"2026-02-19T18:35:34+00:00\",\"dateModified\":\"2026-02-19T19:28:04+00:00\",\"breadcrumb\":{\"@id\":\"https:\/\/rad-pal.com.pl\/sklep\/bez-kategorii\/reflektor-scienny-prostokatny-eglo-czarny\/#breadcrumb\"},\"inLanguage\":\"en-GB\",\"potentialAction\":[{\"@type\":\"ReadAction\",\"target\":[\"https:\/\/rad-pal.com.pl\/sklep\/bez-kategorii\/reflektor-scienny-prostokatny-eglo-czarny\/\"]}]},{\"@type\":\"ImageObject\",\"inLanguage\":\"en-GB\",\"@id\":\"https:\/\/rad-pal.com.pl\/sklep\/bez-kategorii\/reflektor-scienny-prostokatny-eglo-czarny\/#primaryimage\",\"url\":\"https:\/\/rad-pal.com.pl\/wp-content\/uploads\/2026\/02\/709928546d88ab070d9865f03e1b9923.jpg\",\"contentUrl\":\"https:\/\/rad-pal.com.pl\/wp-content\/uploads\/2026\/02\/709928546d88ab070d9865f03e1b9923.jpg\",\"width\":2500,\"height\":2500,\"caption\":\"1565efb25ed7f89f3bec9c7b4d4dc834\"},{\"@type\":\"BreadcrumbList\",\"@id\":\"https:\/\/rad-pal.com.pl\/sklep\/bez-kategorii\/reflektor-scienny-prostokatny-eglo-czarny\/#breadcrumb\",\"itemListElement\":[{\"@type\":\"ListItem\",\"position\":1,\"name\":\"Strona g\u0142\u00f3wna\",\"item\":\"https:\/\/rad-pal.com.pl\/\"},{\"@type\":\"ListItem\",\"position\":2,\"name\":\"Sklep\",\"item\":\"https:\/\/rad-pal.com.pl\/sklep\/\"},{\"@type\":\"ListItem\",\"position\":3,\"name\":\"Reflektor \u015bcienny prostok\u0105tny Eglo czarny\"}]},{\"@type\":\"WebSite\",\"@id\":\"https:\/\/rad-pal.com.pl\/#website\",\"url\":\"https:\/\/rad-pal.com.pl\/\",\"name\":\"Rad-Pal\",\"description\":\"\",\"publisher\":{\"@id\":\"https:\/\/rad-pal.com.pl\/#organization\"},\"potentialAction\":[{\"@type\":\"SearchAction\",\"target\":{\"@type\":\"EntryPoint\",\"urlTemplate\":\"https:\/\/rad-pal.com.pl\/?s={search_term_string}\"},\"query-input\":{\"@type\":\"PropertyValueSpecification\",\"valueRequired\":true,\"valueName\":\"search_term_string\"}}],\"inLanguage\":\"en-GB\"},{\"@type\":\"Organization\",\"@id\":\"https:\/\/rad-pal.com.pl\/#organization\",\"name\":\"Rad-Pal\",\"url\":\"https:\/\/rad-pal.com.pl\/\",\"logo\":{\"@type\":\"ImageObject\",\"inLanguage\":\"en-GB\",\"@id\":\"https:\/\/rad-pal.com.pl\/#\/schema\/logo\/image\/\",\"url\":\"https:\/\/rad-pal.com.pl\/wp-content\/uploads\/2026\/03\/Projekt-bez-nazwy-30.webp\",\"contentUrl\":\"https:\/\/rad-pal.com.pl\/wp-content\/uploads\/2026\/03\/Projekt-bez-nazwy-30.webp\",\"width\":600,\"height\":210,\"caption\":\"Rad-Pal\"},\"image\":{\"@id\":\"https:\/\/rad-pal.com.pl\/#\/schema\/logo\/image\/\"}}]}<\/script>\n<!-- \/ Yoast SEO plugin. -->","yoast_head_json":{"title":"Reflektor \u015bcienny prostok\u0105tny Eglo czarny - Rad-Pal","robots":{"index":"index","follow":"follow","max-snippet":"max-snippet:-1","max-image-preview":"max-image-preview:large","max-video-preview":"max-video-preview:-1"},"canonical":"https:\/\/rad-pal.com.pl\/en\/sklep\/bez-kategorii\/reflektor-scienny-prostokatny-eglo-czarny\/","og_locale":"en_GB","og_type":"article","og_title":"Reflektor \u015bcienny prostok\u0105tny Eglo czarny - Rad-Pal","og_description":"Kinkiet PASSA czarny (95373 &#8211; EGLO) Lampa \u015bcienna PASSA charakteryzuj\u0105ca si\u0119 prostym i modnym designem. Idealne o\u015bwietlenie do klasycznych jak","og_url":"https:\/\/rad-pal.com.pl\/en\/sklep\/bez-kategorii\/reflektor-scienny-prostokatny-eglo-czarny\/","og_site_name":"Rad-Pal","article_modified_time":"2026-02-19T19:28:04+00:00","og_image":[{"url":"https:\/\/upload.cdn.baselinker.com\/products\/6014502\/709928546d88ab070d9865f03e1b9923.jpg","type":"","width":"","height":""}],"twitter_card":"summary_large_image","twitter_misc":{"Estimated reading time":"1 minute"},"schema":{"@context":"https:\/\/schema.org","@graph":[{"@type":"WebPage","@id":"https:\/\/rad-pal.com.pl\/sklep\/bez-kategorii\/reflektor-scienny-prostokatny-eglo-czarny\/","url":"https:\/\/rad-pal.com.pl\/sklep\/bez-kategorii\/reflektor-scienny-prostokatny-eglo-czarny\/","name":"Reflektor \u015bcienny prostok\u0105tny Eglo czarny - Rad-Pal","isPartOf":{"@id":"https:\/\/rad-pal.com.pl\/#website"},"primaryImageOfPage":{"@id":"https:\/\/rad-pal.com.pl\/sklep\/bez-kategorii\/reflektor-scienny-prostokatny-eglo-czarny\/#primaryimage"},"image":{"@id":"https:\/\/rad-pal.com.pl\/sklep\/bez-kategorii\/reflektor-scienny-prostokatny-eglo-czarny\/#primaryimage"},"thumbnailUrl":"https:\/\/rad-pal.com.pl\/wp-content\/uploads\/2026\/02\/709928546d88ab070d9865f03e1b9923.jpg","datePublished":"2026-02-19T18:35:34+00:00","dateModified":"2026-02-19T19:28:04+00:00","breadcrumb":{"@id":"https:\/\/rad-pal.com.pl\/sklep\/bez-kategorii\/reflektor-scienny-prostokatny-eglo-czarny\/#breadcrumb"},"inLanguage":"en-GB","potentialAction":[{"@type":"ReadAction","target":["https:\/\/rad-pal.com.pl\/sklep\/bez-kategorii\/reflektor-scienny-prostokatny-eglo-czarny\/"]}]},{"@type":"ImageObject","inLanguage":"en-GB","@id":"https:\/\/rad-pal.com.pl\/sklep\/bez-kategorii\/reflektor-scienny-prostokatny-eglo-czarny\/#primaryimage","url":"https:\/\/rad-pal.com.pl\/wp-content\/uploads\/2026\/02\/709928546d88ab070d9865f03e1b9923.jpg","contentUrl":"https:\/\/rad-pal.com.pl\/wp-content\/uploads\/2026\/02\/709928546d88ab070d9865f03e1b9923.jpg","width":2500,"height":2500,"caption":"1565efb25ed7f89f3bec9c7b4d4dc834"},{"@type":"BreadcrumbList","@id":"https:\/\/rad-pal.com.pl\/sklep\/bez-kategorii\/reflektor-scienny-prostokatny-eglo-czarny\/#breadcrumb","itemListElement":[{"@type":"ListItem","position":1,"name":"Strona g\u0142\u00f3wna","item":"https:\/\/rad-pal.com.pl\/"},{"@type":"ListItem","position":2,"name":"Sklep","item":"https:\/\/rad-pal.com.pl\/sklep\/"},{"@type":"ListItem","position":3,"name":"Reflektor \u015bcienny prostok\u0105tny Eglo czarny"}]},{"@type":"WebSite","@id":"https:\/\/rad-pal.com.pl\/#website","url":"https:\/\/rad-pal.com.pl\/","name":"Rad-Pal","description":"","publisher":{"@id":"https:\/\/rad-pal.com.pl\/#organization"},"potentialAction":[{"@type":"SearchAction","target":{"@type":"EntryPoint","urlTemplate":"https:\/\/rad-pal.com.pl\/?s={search_term_string}"},"query-input":{"@type":"PropertyValueSpecification","valueRequired":true,"valueName":"search_term_string"}}],"inLanguage":"en-GB"},{"@type":"Organization","@id":"https:\/\/rad-pal.com.pl\/#organization","name":"Rad-Pal","url":"https:\/\/rad-pal.com.pl\/","logo":{"@type":"ImageObject","inLanguage":"en-GB","@id":"https:\/\/rad-pal.com.pl\/#\/schema\/logo\/image\/","url":"https:\/\/rad-pal.com.pl\/wp-content\/uploads\/2026\/03\/Projekt-bez-nazwy-30.webp","contentUrl":"https:\/\/rad-pal.com.pl\/wp-content\/uploads\/2026\/03\/Projekt-bez-nazwy-30.webp","width":600,"height":210,"caption":"Rad-Pal"},"image":{"@id":"https:\/\/rad-pal.com.pl\/#\/schema\/logo\/image\/"}}]}},"_links":{"self":[{"href":"https:\/\/rad-pal.com.pl\/en\/wp-json\/wp\/v2\/product\/37825","targetHints":{"allow":["GET"]}}],"collection":[{"href":"https:\/\/rad-pal.com.pl\/en\/wp-json\/wp\/v2\/product"}],"about":[{"href":"https:\/\/rad-pal.com.pl\/en\/wp-json\/wp\/v2\/types\/product"}],"version-history":[{"count":0,"href":"https:\/\/rad-pal.com.pl\/en\/wp-json\/wp\/v2\/product\/37825\/revisions"}],"wp:featuredmedia":[{"embeddable":true,"href":"https:\/\/rad-pal.com.pl\/en\/wp-json\/wp\/v2\/media\/37823"}],"wp:attachment":[{"href":"https:\/\/rad-pal.com.pl\/en\/wp-json\/wp\/v2\/media?parent=37825"}],"wp:term":[{"taxonomy":"product_brand","embeddable":true,"href":"https:\/\/rad-pal.com.pl\/en\/wp-json\/wp\/v2\/product_brand?post=37825"},{"taxonomy":"product_cat","embeddable":true,"href":"https:\/\/rad-pal.com.pl\/en\/wp-json\/wp\/v2\/product_cat?post=37825"},{"taxonomy":"product_tag","embeddable":true,"href":"https:\/\/rad-pal.com.pl\/en\/wp-json\/wp\/v2\/product_tag?post=37825"}],"curies":[{"name":"wp","href":"https:\/\/api.w.org\/{rel}","templated":true}]}}